{"id":1939,"date":"2019-09-26T09:40:59","date_gmt":"2019-09-26T09:40:59","guid":{"rendered":"https:\/\/congressohvm.com\/2022\/?page_id=1939"},"modified":"2022-12-15T16:25:11","modified_gmt":"2022-12-15T16:25:11","slug":"education","status":"publish","type":"page","link":"https:\/\/congressohvm.com\/2022\/education\/","title":{"rendered":"HOME"},"content":{"rendered":"\t\t<div data-elementor-type=\"wp-post\" data-elementor-id=\"1939\" class=\"elementor elementor-1939\">\n\t\t\t\t\t\t<div class=\"elementor-inner\">\n\t\t\t\t<div class=\"elementor-section-wrap\">\n\t\t\t\t\t\t\t\t\t<section class=\"elementor-section elementor-top-section elementor-element elementor-element-82fa8f5 elementor-section-boxed elementor-section-height-default elementor-section-height-default\" data-id=\"82fa8f5\" data-element_type=\"section\" data-settings=\"{&quot;background_background&quot;:&quot;video&quot;,&quot;background_video_link&quot;:&quot;https:\\\/\\\/youtu.be\\\/BBzn9eJHgBI&quot;,&quot;background_video_start&quot;:32,&quot;background_video_end&quot;:100,&quot;background_play_on_mobile&quot;:&quot;yes&quot;}\">\n\t\t\t\t\t\t\t\t<div class=\"elementor-background-video-container\">\n\t\t\t\t\t\t\t\t\t\t\t\t\t<div class=\"elementor-background-video-embed\"><\/div>\n\t\t\t\t\t\t\t\t\t\t\t\t<\/div>\n\t\t\t\t\t\t\t\t\t<div class=\"elementor-background-overlay\"><\/div>\n\t\t\t\t\t\t\t<div class=\"elementor-container elementor-column-gap-default\">\n\t\t\t\t\t\t\t<div class=\"elementor-row\">\n\t\t\t\t\t<div class=\"elementor-column elementor-col-33 elementor-top-column elementor-element elementor-element-885c050 event-date\" data-id=\"885c050\" data-element_type=\"column\">\n\t\t\t<div class=\"elementor-column-wrap elementor-element-populated\">\n\t\t\t\t\t\t\t<div class=\"elementor-widget-wrap\">\n\t\t\t\t\t\t<section class=\"elementor-section elementor-inner-section elementor-element elementor-element-178164d elementor-section-boxed elementor-section-height-default elementor-section-height-default\" data-id=\"178164d\" data-element_type=\"section\">\n\t\t\t\t\t\t<div class=\"elementor-container elementor-column-gap-default\">\n\t\t\t\t\t\t\t<div class=\"elementor-row\">\n\t\t\t\t\t<div class=\"elementor-column elementor-col-100 elementor-inner-column elementor-element elementor-element-6af0eb9\" data-id=\"6af0eb9\" data-element_type=\"column\">\n\t\t\t<div class=\"elementor-column-wrap elementor-element-populated\">\n\t\t\t\t\t\t\t<div class=\"elementor-widget-wrap\">\n\t\t\t\t\t\t<div class=\"elementor-element elementor-element-b4950cd elementor-widget elementor-widget-heading\" data-id=\"b4950cd\" data-element_type=\"widget\" data-settings=\"{&quot;ekit_we_effect_on&quot;:&quot;none&quot;}\" data-widget_type=\"heading.default\">\n\t\t\t\t<div class=\"elementor-widget-container\">\n\t\t\t<h2 class=\"elementor-heading-title elementor-size-default\">04<\/h2>\t\t<\/div>\n\t\t\t\t<\/div>\n\t\t\t\t<div class=\"elementor-element elementor-element-8dda7e4 elementor-widget-divider--view-line elementor-widget elementor-widget-divider\" data-id=\"8dda7e4\" data-element_type=\"widget\" data-settings=\"{&quot;ekit_we_effect_on&quot;:&quot;none&quot;}\" data-widget_type=\"divider.default\">\n\t\t\t\t<div class=\"elementor-widget-container\">\n\t\t\t\t\t<div class=\"elementor-divider\">\n\t\t\t<span class=\"elementor-divider-separator\">\n\t\t\t\t\t\t<\/span>\n\t\t<\/div>\n\t\t\t\t<\/div>\n\t\t\t\t<\/div>\n\t\t\t\t<div class=\"elementor-element elementor-element-b023caf elementor-widget elementor-widget-heading\" data-id=\"b023caf\" data-element_type=\"widget\" data-settings=\"{&quot;ekit_we_effect_on&quot;:&quot;none&quot;}\" data-widget_type=\"heading.default\">\n\t\t\t\t<div class=\"elementor-widget-container\">\n\t\t\t<h2 class=\"elementor-heading-title elementor-size-default\">05<\/h2>\t\t<\/div>\n\t\t\t\t<\/div>\n\t\t\t\t<div class=\"elementor-element elementor-element-27247bb elementor-widget elementor-widget-exhibz-date\" data-id=\"27247bb\" data-element_type=\"widget\" data-settings=\"{&quot;ekit_we_effect_on&quot;:&quot;none&quot;}\" data-widget_type=\"exhibz-date.default\">\n\t\t\t\t<div class=\"elementor-widget-container\">\n\t\t\t        <div class=\"date-item\">\n            <span class=\"event-day\"><\/span>\n            <span class=\"event-month\">NOV<\/span>\n            <span class=\"event-year\">2022<\/span>\n        <\/div>\n\n\t\t<\/div>\n\t\t\t\t<\/div>\n\t\t\t\t\t\t<\/div>\n\t\t\t\t\t<\/div>\n\t\t<\/div>\n\t\t\t\t\t\t\t\t<\/div>\n\t\t\t\t\t<\/div>\n\t\t<\/section>\n\t\t\t\t\t\t<\/div>\n\t\t\t\t\t<\/div>\n\t\t<\/div>\n\t\t\t\t<div class=\"elementor-column elementor-col-33 elementor-top-column elementor-element elementor-element-440a43a\" data-id=\"440a43a\" data-element_type=\"column\">\n\t\t\t<div class=\"elementor-column-wrap elementor-element-populated\">\n\t\t\t\t\t\t\t<div class=\"elementor-widget-wrap\">\n\t\t\t\t\t\t<div class=\"elementor-element elementor-element-fb8df1f elementor-invisible elementor-widget elementor-widget-heading\" data-id=\"fb8df1f\" data-element_type=\"widget\" data-settings=\"{&quot;_animation&quot;:&quot;fadeInUp&quot;,&quot;ekit_we_effect_on&quot;:&quot;none&quot;}\" data-widget_type=\"heading.default\">\n\t\t\t\t<div class=\"elementor-widget-container\">\n\t\t\t<p class=\"elementor-heading-title elementor-size-default\">CONGRESSO INTERNACIONAL VETERIN\u00c1RIO MONTENEGRO<\/p>\t\t<\/div>\n\t\t\t\t<\/div>\n\t\t\t\t<div class=\"elementor-element elementor-element-1d41a6c elementor-invisible elementor-widget elementor-widget-heading\" data-id=\"1d41a6c\" data-element_type=\"widget\" data-settings=\"{&quot;_animation&quot;:&quot;fadeInUp&quot;,&quot;_animation_delay&quot;:350,&quot;ekit_we_effect_on&quot;:&quot;none&quot;}\" data-widget_type=\"heading.default\">\n\t\t\t\t<div class=\"elementor-widget-container\">\n\t\t\t<h1 class=\"elementor-heading-title elementor-size-default\">IMAGIOLOGIA SEM SEGREDOS<\/h1>\t\t<\/div>\n\t\t\t\t<\/div>\n\t\t\t\t<div class=\"elementor-element elementor-element-5b4286a elementor-widget elementor-widget-text-editor\" data-id=\"5b4286a\" data-element_type=\"widget\" data-settings=\"{&quot;ekit_we_effect_on&quot;:&quot;none&quot;}\" data-widget_type=\"text-editor.default\">\n\t\t\t\t<div class=\"elementor-widget-container\">\n\t\t\t\t\t\t\t\t<div class=\"elementor-text-editor elementor-clearfix\">\n\t\t\t\t<p>XVIII\u00ba. CONGRESSO DE MEDICINA | XII\u00ba. CONGRESSO DE ENFERMAGEM<\/p>\t\t\t\t\t<\/div>\n\t\t\t\t\t\t<\/div>\n\t\t\t\t<\/div>\n\t\t\t\t<div class=\"elementor-element elementor-element-64dd4e5 elementor-icon-list--layout-traditional elementor-list-item-link-full_width elementor-widget elementor-widget-icon-list\" data-id=\"64dd4e5\" data-element_type=\"widget\" data-settings=\"{&quot;ekit_we_effect_on&quot;:&quot;none&quot;}\" data-widget_type=\"icon-list.default\">\n\t\t\t\t<div class=\"elementor-widget-container\">\n\t\t\t\t\t<ul class=\"elementor-icon-list-items\">\n\t\t\t\t\t\t\t<li class=\"elementor-icon-list-item\">\n\t\t\t\t\t\t\t\t\t\t\t<span class=\"elementor-icon-list-icon\">\n\t\t\t\t\t\t\t<i aria-hidden=\"true\" class=\"icon icon-tsplace\"><\/i>\t\t\t\t\t\t<\/span>\n\t\t\t\t\t\t\t\t\t\t<span class=\"elementor-icon-list-text\">Europarque, Santa Maria da Feira<\/span>\n\t\t\t\t\t\t\t\t\t<\/li>\n\t\t\t\t\t\t<\/ul>\n\t\t\t\t<\/div>\n\t\t\t\t<\/div>\n\t\t\t\t<section class=\"elementor-section elementor-inner-section elementor-element elementor-element-4a18a4f elementor-section-boxed elementor-section-height-default elementor-section-height-default\" data-id=\"4a18a4f\" data-element_type=\"section\">\n\t\t\t\t\t\t<div class=\"elementor-container elementor-column-gap-default\">\n\t\t\t\t\t\t\t<div class=\"elementor-row\">\n\t\t\t\t\t<div class=\"elementor-column elementor-col-50 elementor-inner-column elementor-element elementor-element-55948a4\" data-id=\"55948a4\" data-element_type=\"column\">\n\t\t\t<div class=\"elementor-column-wrap elementor-element-populated\">\n\t\t\t\t\t\t\t<div class=\"elementor-widget-wrap\">\n\t\t\t\t\t\t<div class=\"elementor-element elementor-element-0cab8e2 elementor-align-left elementor-invisible elementor-widget elementor-widget-button\" data-id=\"0cab8e2\" data-element_type=\"widget\" data-settings=\"{&quot;_animation&quot;:&quot;fadeInUp&quot;,&quot;ekit_we_effect_on&quot;:&quot;none&quot;}\" data-widget_type=\"button.default\">\n\t\t\t\t<div class=\"elementor-widget-container\">\n\t\t\t\t\t<div class=\"elementor-button-wrapper\">\n\t\t\t<a href=\"https:\/\/xviiicongressohospitalveterinariomontenegro.admeus.pt\/forms\/index?menu=yes#page_emo_form\" class=\"elementor-button-link elementor-button elementor-size-md\" role=\"button\">\n\t\t\t\t\t\t<span class=\"elementor-button-content-wrapper\">\n\t\t\t\t\t\t\t<span class=\"elementor-button-icon elementor-align-icon-left\">\n\t\t\t\t<i aria-hidden=\"true\" class=\"icon icon-tsseat2\"><\/i>\t\t\t<\/span>\n\t\t\t\t\t\t<span class=\"elementor-button-text\">Comprar ingresso<\/span>\n\t\t<\/span>\n\t\t\t\t\t<\/a>\n\t\t<\/div>\n\t\t\t\t<\/div>\n\t\t\t\t<\/div>\n\t\t\t\t\t\t<\/div>\n\t\t\t\t\t<\/div>\n\t\t<\/div>\n\t\t\t\t<div class=\"elementor-column elementor-col-50 elementor-inner-column elementor-element elementor-element-e46ce37\" data-id=\"e46ce37\" data-element_type=\"column\">\n\t\t\t<div class=\"elementor-column-wrap elementor-element-populated\">\n\t\t\t\t\t\t\t<div class=\"elementor-widget-wrap\">\n\t\t\t\t\t\t<div class=\"elementor-element elementor-element-f4f3603 elementor-align-left elementor-invisible elementor-widget elementor-widget-button\" data-id=\"f4f3603\" data-element_type=\"widget\" data-settings=\"{&quot;_animation&quot;:&quot;fadeInUp&quot;,&quot;ekit_we_effect_on&quot;:&quot;none&quot;}\" data-widget_type=\"button.default\">\n\t\t\t\t<div class=\"elementor-widget-container\">\n\t\t\t\t\t<div class=\"elementor-button-wrapper\">\n\t\t\t<a href=\"https:\/\/congressohvm.com\/2022\/wp-content\/uploads\/2022\/09\/Programa-XVIII-Congresso-Vet.-Montenegro.pdf\" target=\"_blank\" class=\"elementor-button-link elementor-button elementor-size-md\" role=\"button\">\n\t\t\t\t\t\t<span class=\"elementor-button-content-wrapper\">\n\t\t\t\t\t\t\t<span class=\"elementor-button-icon elementor-align-icon-left\">\n\t\t\t\t<i aria-hidden=\"true\" class=\"far fa-calendar\"><\/i>\t\t\t<\/span>\n\t\t\t\t\t\t<span class=\"elementor-button-text\">Download Programa<\/span>\n\t\t<\/span>\n\t\t\t\t\t<\/a>\n\t\t<\/div>\n\t\t\t\t<\/div>\n\t\t\t\t<\/div>\n\t\t\t\t\t\t<\/div>\n\t\t\t\t\t<\/div>\n\t\t<\/div>\n\t\t\t\t\t\t\t\t<\/div>\n\t\t\t\t\t<\/div>\n\t\t<\/section>\n\t\t\t\t\t\t<\/div>\n\t\t\t\t\t<\/div>\n\t\t<\/div>\n\t\t\t\t<div class=\"elementor-column elementor-col-33 elementor-top-column elementor-element elementor-element-55d00d1\" data-id=\"55d00d1\" data-element_type=\"column\" data-settings=\"{&quot;background_background&quot;:&quot;classic&quot;}\">\n\t\t\t<div class=\"elementor-column-wrap elementor-element-populated\">\n\t\t\t\t\t\t\t<div class=\"elementor-widget-wrap\">\n\t\t\t\t\t\t<div class=\"elementor-element elementor-element-c397e90 elementor-widget elementor-widget-heading\" data-id=\"c397e90\" data-element_type=\"widget\" data-settings=\"{&quot;ekit_we_effect_on&quot;:&quot;none&quot;}\" data-widget_type=\"heading.default\">\n\t\t\t\t<div class=\"elementor-widget-container\">\n\t\t\t<p class=\"elementor-heading-title elementor-size-default\">Come\u00e7a em:<\/p>\t\t<\/div>\n\t\t\t\t<\/div>\n\t\t\t\t<div class=\"elementor-element elementor-element-2119902 elementor-widget elementor-widget-exhibz-countdown\" data-id=\"2119902\" data-element_type=\"widget\" data-settings=\"{&quot;ekit_we_effect_on&quot;:&quot;none&quot;}\" data-widget_type=\"exhibz-countdown.default\">\n\t\t\t\t<div class=\"elementor-widget-container\">\n\t\t\t       \n    <div class=\"ts-count-down block-count-down\">\n        <div data-start-date=\"04 Nov 2022 09:00:00\"  class=\"countdown etn-countdown-wrap clearfix \">\n            <div class=\"counter-item\">\n                <span class=\"day-count days countdown-number\">00<\/span>\n                <span class=\"smalltext\">d<\/span>\n            <\/div>\n            <div class=\"counter-item\">\n            <span class=\"hr-count hours countdown-number\">00<\/span>\n            <span class=\"smalltext\">h<\/span>\n            \n            <\/div>\n            <div class=\"counter-item\">\n            <span class=\"min-count minutes countdown-number\">00<\/span>\n            <span class=\"smalltext\">m<\/span>\n            \n            <\/div>\n            <div class=\"counter-item\">\n            <span class=\"sec-count seconds countdown-number\">00 <\/span>\n            \n            <span class=\"smalltext\">s<\/span>\n            <\/div>\n        <\/div>\n    <\/div>\n\n      \n\n    \t\t<\/div>\n\t\t\t\t<\/div>\n\t\t\t\t\t\t<\/div>\n\t\t\t\t\t<\/div>\n\t\t<\/div>\n\t\t\t\t\t\t\t\t<\/div>\n\t\t\t\t\t<\/div>\n\t\t<\/section>\n\t\t\t\t<section class=\"elementor-section elementor-top-section elementor-element elementor-element-88e3804 elementor-section-boxed elementor-section-height-default elementor-section-height-default\" data-id=\"88e3804\" data-element_type=\"section\">\n\t\t\t\t\t\t<div class=\"elementor-container elementor-column-gap-default\">\n\t\t\t\t\t\t\t<div class=\"elementor-row\">\n\t\t\t\t\t<div class=\"elementor-column elementor-col-50 elementor-top-column elementor-element elementor-element-7d29186 edu-con\" data-id=\"7d29186\" data-element_type=\"column\">\n\t\t\t<div class=\"elementor-column-wrap elementor-element-populated\">\n\t\t\t\t\t\t\t<div class=\"elementor-widget-wrap\">\n\t\t\t\t\t\t<div class=\"elementor-element elementor-element-df4d164 elementor-widget elementor-widget-exhibz-title\" data-id=\"df4d164\" data-element_type=\"widget\" data-settings=\"{&quot;ekit_we_effect_on&quot;:&quot;none&quot;}\" data-widget_type=\"exhibz-title.default\">\n\t\t\t\t<div class=\"elementor-widget-container\">\n\t\t\t\n    <div class=\"title-section-area\">\n        <h2 class=\"section-title\">\n            <span class=\"sub-title\"><\/span>\n\t\t\tSobre o <em class=\"title-bar-shap\">Congresso<\/em>        <\/h2>\n\t\t                    <\/div><!-- Section title -->\n    \n    \n\n    \t\t<\/div>\n\t\t\t\t<\/div>\n\t\t\t\t<div class=\"elementor-element elementor-element-ac715ad elementor-widget elementor-widget-text-editor\" data-id=\"ac715ad\" data-element_type=\"widget\" data-settings=\"{&quot;ekit_we_effect_on&quot;:&quot;none&quot;}\" data-widget_type=\"text-editor.default\">\n\t\t\t\t<div class=\"elementor-widget-container\">\n\t\t\t\t\t\t\t\t<div class=\"elementor-text-editor elementor-clearfix\">\n\t\t\t\t<p>O tema desta edi\u00e7\u00e3o \u00e9 a <strong>Imagiologia<\/strong>. Esta \u00e1rea tem cada vez mais impacto e import\u00e2ncia na veterin\u00e1ria, usada cada vez mais de forma rotineira, quer para diagn\u00f3stico quer para profilaxia.<\/p><p>Como \u00e9 habitual, teremos 2 salas dedicadas a esta tem\u00e1tica, a <b>Sala de Medicina Veterin\u00e1ria e a Sala de Enfermagem<\/b><\/p><div>\u00a0<\/div>\t\t\t\t\t<\/div>\n\t\t\t\t\t\t<\/div>\n\t\t\t\t<\/div>\n\t\t\t\t<section class=\"elementor-section elementor-inner-section elementor-element elementor-element-785fe3d elementor-section-boxed elementor-section-height-default elementor-section-height-default\" data-id=\"785fe3d\" data-element_type=\"section\">\n\t\t\t\t\t\t<div class=\"elementor-container elementor-column-gap-default\">\n\t\t\t\t\t\t\t<div class=\"elementor-row\">\n\t\t\t\t\t<div class=\"elementor-column elementor-col-50 elementor-inner-column elementor-element elementor-element-9fa5ca4\" data-id=\"9fa5ca4\" data-element_type=\"column\">\n\t\t\t<div class=\"elementor-column-wrap elementor-element-populated\">\n\t\t\t\t\t\t\t<div class=\"elementor-widget-wrap\">\n\t\t\t\t\t\t<div class=\"elementor-element elementor-element-5ab95d6 elementor-icon-list--layout-inline elementor-align-left elementor-list-item-link-full_width elementor-widget elementor-widget-icon-list\" data-id=\"5ab95d6\" data-element_type=\"widget\" data-settings=\"{&quot;ekit_we_effect_on&quot;:&quot;none&quot;}\" data-widget_type=\"icon-list.default\">\n\t\t\t\t<div class=\"elementor-widget-container\">\n\t\t\t\t\t<ul class=\"elementor-icon-list-items elementor-inline-items\">\n\t\t\t\t\t\t\t<li class=\"elementor-icon-list-item elementor-inline-item\">\n\t\t\t\t\t\t\t\t\t\t\t<a href=\"https:\/\/xviiicongressohospitalveterinariomontenegro.admeus.pt\/forms\/index?menu=yes#page_emo_form\">\n\n\t\t\t\t\t\t\t\t\t\t\t\t<span class=\"elementor-icon-list-icon\">\n\t\t\t\t\t\t\t<i aria-hidden=\"true\" class=\"icon icon-tsseat2\"><\/i>\t\t\t\t\t\t<\/span>\n\t\t\t\t\t\t\t\t\t\t<span class=\"elementor-icon-list-text\">Comprar  INGRESSO<\/span>\n\t\t\t\t\t\t\t\t\t\t\t<\/a>\n\t\t\t\t\t\t\t\t\t<\/li>\n\t\t\t\t\t\t<\/ul>\n\t\t\t\t<\/div>\n\t\t\t\t<\/div>\n\t\t\t\t\t\t<\/div>\n\t\t\t\t\t<\/div>\n\t\t<\/div>\n\t\t\t\t<div class=\"elementor-column elementor-col-50 elementor-inner-column elementor-element elementor-element-40af185\" data-id=\"40af185\" data-element_type=\"column\">\n\t\t\t<div class=\"elementor-column-wrap elementor-element-populated\">\n\t\t\t\t\t\t\t<div class=\"elementor-widget-wrap\">\n\t\t\t\t\t\t<div class=\"elementor-element elementor-element-7037f2a elementor-icon-list--layout-inline elementor-align-left elementor-list-item-link-full_width elementor-widget elementor-widget-icon-list\" data-id=\"7037f2a\" data-element_type=\"widget\" data-settings=\"{&quot;ekit_we_effect_on&quot;:&quot;none&quot;}\" data-widget_type=\"icon-list.default\">\n\t\t\t\t<div class=\"elementor-widget-container\">\n\t\t\t\t\t<ul class=\"elementor-icon-list-items elementor-inline-items\">\n\t\t\t\t\t\t\t<li class=\"elementor-icon-list-item elementor-inline-item\">\n\t\t\t\t\t\t\t\t\t\t\t<a href=\"https:\/\/www.google.com\/maps\/place\/Europarque+-+Cidade+dos+Eventos\/@40.9358646,-8.5779298,15z\/data=!4m5!3m4!1s0x0:0x144749f08db2b05c!8m2!3d40.9358646!4d-8.5779298\">\n\n\t\t\t\t\t\t\t\t\t\t\t\t<span class=\"elementor-icon-list-icon\">\n\t\t\t\t\t\t\t<i aria-hidden=\"true\" class=\"fas fa-map-marker-alt\"><\/i>\t\t\t\t\t\t<\/span>\n\t\t\t\t\t\t\t\t\t\t<span class=\"elementor-icon-list-text\">Ver localiza\u00e7\u00e3o<\/span>\n\t\t\t\t\t\t\t\t\t\t\t<\/a>\n\t\t\t\t\t\t\t\t\t<\/li>\n\t\t\t\t\t\t<\/ul>\n\t\t\t\t<\/div>\n\t\t\t\t<\/div>\n\t\t\t\t\t\t<\/div>\n\t\t\t\t\t<\/div>\n\t\t<\/div>\n\t\t\t\t\t\t\t\t<\/div>\n\t\t\t\t\t<\/div>\n\t\t<\/section>\n\t\t\t\t\t\t<\/div>\n\t\t\t\t\t<\/div>\n\t\t<\/div>\n\t\t\t\t<div class=\"elementor-column elementor-col-50 elementor-top-column elementor-element elementor-element-d091889\" data-id=\"d091889\" data-element_type=\"column\">\n\t\t\t<div class=\"elementor-column-wrap elementor-element-populated\">\n\t\t\t\t\t\t\t<div class=\"elementor-widget-wrap\">\n\t\t\t\t\t\t<div class=\"elementor-element elementor-element-03f0d0b image-box elementor-widget elementor-widget-image\" data-id=\"03f0d0b\" data-element_type=\"widget\" data-settings=\"{&quot;ekit_we_effect_on&quot;:&quot;none&quot;}\" data-widget_type=\"image.default\">\n\t\t\t\t<div class=\"elementor-widget-container\">\n\t\t\t\t\t\t\t\t<div class=\"elementor-image\">\n\t\t\t\t\t\t\t\t\t\t\t\t<img width=\"795\" height=\"597\" src=\"https:\/\/congressohvm.com\/2022\/wp-content\/uploads\/2022\/05\/Ca\u0303o.png\" class=\"attachment-large size-large wp-image-2499\" alt=\"\" loading=\"lazy\" srcset=\"https:\/\/congressohvm.com\/2022\/wp-content\/uploads\/2022\/05\/Ca\u0303o.png 795w, https:\/\/congressohvm.com\/2022\/wp-content\/uploads\/2022\/05\/Ca\u0303o-300x225.png 300w, https:\/\/congressohvm.com\/2022\/wp-content\/uploads\/2022\/05\/Ca\u0303o-768x577.png 768w\" sizes=\"(max-width: 795px) 100vw, 795px\" \/>\t\t\t\t\t\t\t\t\t\t\t\t\t\t<\/div>\n\t\t\t\t\t\t<\/div>\n\t\t\t\t<\/div>\n\t\t\t\t\t\t<\/div>\n\t\t\t\t\t<\/div>\n\t\t<\/div>\n\t\t\t\t\t\t\t\t<\/div>\n\t\t\t\t\t<\/div>\n\t\t<\/section>\n\t\t\t\t<section class=\"elementor-section elementor-top-section elementor-element elementor-element-32bf60d meetup elementor-section-boxed elementor-section-height-default elementor-section-height-default\" data-id=\"32bf60d\" data-element_type=\"section\">\n\t\t\t\t\t\t<div class=\"elementor-container elementor-column-gap-default\">\n\t\t\t\t\t\t\t<div class=\"elementor-row\">\n\t\t\t\t\t<div class=\"elementor-column elementor-col-50 elementor-top-column elementor-element elementor-element-f806259\" data-id=\"f806259\" data-element_type=\"column\">\n\t\t\t<div class=\"elementor-column-wrap elementor-element-populated\">\n\t\t\t\t\t\t\t<div class=\"elementor-widget-wrap\">\n\t\t\t\t\t\t<div class=\"elementor-element elementor-element-cb59e71 elementor-widget elementor-widget-exhibz-meetup\" data-id=\"cb59e71\" data-element_type=\"widget\" data-settings=\"{&quot;ekit_we_effect_on&quot;:&quot;none&quot;}\" data-widget_type=\"exhibz-meetup.default\">\n\t\t\t\t<div class=\"elementor-widget-container\">\n\t\t\t\n\t\t<div class=\"meetup-wrap\">\n\t\t\t<div class=\"meetup-image\">\n\t\t\t\t<img src=\"https:\/\/congressohvm.com\/2022\/wp-content\/uploads\/2022\/07\/251390917_4534691523295881_3045163199125179800_n-e1657295842503.jpeg\" alt=\"meetup-image\">\n\t\t\t\t<div class=\"meetup-box left\">\n\t\t\t\t\t<h4 class=\"ts-title\"><\/h4>\n\t\t\t\t\t<p>\n\t\t\t\t\t\t\t\t\t\t\t<\/p>\n\t\t\t\t<\/div><!-- single intro text end-->\n\t\t\t<\/div>\n\t\t<\/div>\n\n\t\t<\/div>\n\t\t\t\t<\/div>\n\t\t\t\t<div class=\"elementor-element elementor-element-73402a5 left-item elementor-widget__width-initial elementor-widget-tablet__width-initial elementor-absolute elementor-widget elementor-widget-exhibz-meetup\" data-id=\"73402a5\" data-element_type=\"widget\" data-settings=\"{&quot;_position&quot;:&quot;absolute&quot;,&quot;ekit_we_effect_on&quot;:&quot;none&quot;}\" data-widget_type=\"exhibz-meetup.default\">\n\t\t\t\t<div class=\"elementor-widget-container\">\n\t\t\t\n\t\t<div class=\"meetup-wrap\">\n\t\t\t<div class=\"meetup-image\">\n\t\t\t\t<img src=\"https:\/\/congressohvm.com\/2022\/wp-content\/uploads\/2022\/07\/251801694_4534690836629283_6400496011760876793_n-e1657295813581.jpeg\" alt=\"meetup-image\">\n\t\t\t\t<div class=\"meetup-box right\">\n\t\t\t\t\t<h4 class=\"ts-title\"><\/h4>\n\t\t\t\t\t<p>\n\t\t\t\t\t\t\t\t\t\t\t<\/p>\n\t\t\t\t<\/div><!-- single intro text end-->\n\t\t\t<\/div>\n\t\t<\/div>\n\n\t\t<\/div>\n\t\t\t\t<\/div>\n\t\t\t\t<div class=\"elementor-element elementor-element-31470c6 item-c elementor-widget__width-initial elementor-absolute elementor-widget elementor-widget-exhibz-meetup\" data-id=\"31470c6\" data-element_type=\"widget\" data-settings=\"{&quot;_position&quot;:&quot;absolute&quot;,&quot;ekit_we_effect_on&quot;:&quot;none&quot;}\" data-widget_type=\"exhibz-meetup.default\">\n\t\t\t\t<div class=\"elementor-widget-container\">\n\t\t\t\n\t\t<div class=\"meetup-wrap\">\n\t\t\t<div class=\"meetup-image\">\n\t\t\t\t<img src=\"https:\/\/congressohvm.com\/2022\/wp-content\/uploads\/2022\/07\/251818501_4534689706629396_4713136757886372610_n-e1657295789988.jpeg\" alt=\"meetup-image\">\n\t\t\t\t<div class=\"meetup-box right\">\n\t\t\t\t\t<h4 class=\"ts-title\"><\/h4>\n\t\t\t\t\t<p>\n\t\t\t\t\t\t\t\t\t\t\t<\/p>\n\t\t\t\t<\/div><!-- single intro text end-->\n\t\t\t<\/div>\n\t\t<\/div>\n\n\t\t<\/div>\n\t\t\t\t<\/div>\n\t\t\t\t\t\t<\/div>\n\t\t\t\t\t<\/div>\n\t\t<\/div>\n\t\t\t\t<div class=\"elementor-column elementor-col-50 elementor-top-column elementor-element elementor-element-a66a6ee\" data-id=\"a66a6ee\" data-element_type=\"column\">\n\t\t\t<div class=\"elementor-column-wrap elementor-element-populated\">\n\t\t\t\t\t\t\t<div class=\"elementor-widget-wrap\">\n\t\t\t\t\t\t<div class=\"elementor-element elementor-element-08b67e0 elementor-widget elementor-widget-exhibz-title\" data-id=\"08b67e0\" data-element_type=\"widget\" data-settings=\"{&quot;ekit_we_effect_on&quot;:&quot;none&quot;}\" data-widget_type=\"exhibz-title.default\">\n\t\t\t\t<div class=\"elementor-widget-container\">\n\t\t\t\n    <div class=\"title-section-area\">\n        <h2 class=\"section-title\">\n            <span class=\"sub-title\"><\/span>\n\t\t\tDois dias de <em class=\"title-bar-shap\">partilha<\/em>        <\/h2>\n\t\t                    <\/div><!-- Section title -->\n    \n    \n\n    \t\t<\/div>\n\t\t\t\t<\/div>\n\t\t\t\t<div class=\"elementor-element elementor-element-e69cbf9 elementor-widget elementor-widget-text-editor\" data-id=\"e69cbf9\" data-element_type=\"widget\" data-settings=\"{&quot;ekit_we_effect_on&quot;:&quot;none&quot;}\" data-widget_type=\"text-editor.default\">\n\t\t\t\t<div class=\"elementor-widget-container\">\n\t\t\t\t\t\t\t\t<div class=\"elementor-text-editor elementor-clearfix\">\n\t\t\t\t<p>Um regresso esperado a este congresso \u00e9 a <strong>Sala de Gest\u00e3o<\/strong>, dando muito foco \u00e0 moderniza\u00e7\u00e3o e digitaliza\u00e7\u00e3o da veterin\u00e1ria, passando pela gest\u00e3o de recursos humanos e redes sociais.\u00a0<\/p><p><strong>Mais de 30 oradores<\/strong>, passar\u00e3o pelas v\u00e1rias salas desta edi\u00e7\u00e3o para partilhar conhecimento.<\/p>\t\t\t\t\t<\/div>\n\t\t\t\t\t\t<\/div>\n\t\t\t\t<\/div>\n\t\t\t\t<section class=\"elementor-section elementor-inner-section elementor-element elementor-element-6ed11f5 elementor-section-boxed elementor-section-height-default elementor-section-height-default\" data-id=\"6ed11f5\" data-element_type=\"section\">\n\t\t\t\t\t\t<div class=\"elementor-container elementor-column-gap-default\">\n\t\t\t\t\t\t\t<div class=\"elementor-row\">\n\t\t\t\t\t<div class=\"elementor-column elementor-col-50 elementor-inner-column elementor-element elementor-element-6196854\" data-id=\"6196854\" data-element_type=\"column\">\n\t\t\t<div class=\"elementor-column-wrap elementor-element-populated\">\n\t\t\t\t\t\t\t<div class=\"elementor-widget-wrap\">\n\t\t\t\t\t\t<div class=\"elementor-element elementor-element-0a98ea9 elementor-icon-list--layout-inline elementor-align-left elementor-list-item-link-full_width elementor-widget elementor-widget-icon-list\" data-id=\"0a98ea9\" data-element_type=\"widget\" data-settings=\"{&quot;ekit_we_effect_on&quot;:&quot;none&quot;}\" data-widget_type=\"icon-list.default\">\n\t\t\t\t<div class=\"elementor-widget-container\">\n\t\t\t\t\t<ul class=\"elementor-icon-list-items elementor-inline-items\">\n\t\t\t\t\t\t\t<li class=\"elementor-icon-list-item elementor-inline-item\">\n\t\t\t\t\t\t\t\t\t\t\t<a href=\"https:\/\/xviiicongressohospitalveterinariomontenegro.admeus.pt\/forms\/index?menu=yes#page_emo_form\">\n\n\t\t\t\t\t\t\t\t\t\t\t\t<span class=\"elementor-icon-list-icon\">\n\t\t\t\t\t\t\t<i aria-hidden=\"true\" class=\"icon icon-tsseat2\"><\/i>\t\t\t\t\t\t<\/span>\n\t\t\t\t\t\t\t\t\t\t<span class=\"elementor-icon-list-text\">Comprar  INGRESSO<\/span>\n\t\t\t\t\t\t\t\t\t\t\t<\/a>\n\t\t\t\t\t\t\t\t\t<\/li>\n\t\t\t\t\t\t<\/ul>\n\t\t\t\t<\/div>\n\t\t\t\t<\/div>\n\t\t\t\t\t\t<\/div>\n\t\t\t\t\t<\/div>\n\t\t<\/div>\n\t\t\t\t<div class=\"elementor-column elementor-col-50 elementor-inner-column elementor-element elementor-element-457421d\" data-id=\"457421d\" data-element_type=\"column\">\n\t\t\t<div class=\"elementor-column-wrap elementor-element-populated\">\n\t\t\t\t\t\t\t<div class=\"elementor-widget-wrap\">\n\t\t\t\t\t\t<div class=\"elementor-element elementor-element-b683a07 elementor-icon-list--layout-inline elementor-align-left elementor-list-item-link-full_width elementor-widget elementor-widget-icon-list\" data-id=\"b683a07\" data-element_type=\"widget\" data-settings=\"{&quot;ekit_we_effect_on&quot;:&quot;none&quot;}\" data-widget_type=\"icon-list.default\">\n\t\t\t\t<div class=\"elementor-widget-container\">\n\t\t\t\t\t<ul class=\"elementor-icon-list-items elementor-inline-items\">\n\t\t\t\t\t\t\t<li class=\"elementor-icon-list-item elementor-inline-item\">\n\t\t\t\t\t\t\t\t\t\t\t<a href=\"https:\/\/congressohvm.com\/2022\/sobre\">\n\n\t\t\t\t\t\t\t\t\t\t\t\t<span class=\"elementor-icon-list-icon\">\n\t\t\t\t\t\t\t<i aria-hidden=\"true\" class=\"icon icon-tsplus\"><\/i>\t\t\t\t\t\t<\/span>\n\t\t\t\t\t\t\t\t\t\t<span class=\"elementor-icon-list-text\">Saber mais<\/span>\n\t\t\t\t\t\t\t\t\t\t\t<\/a>\n\t\t\t\t\t\t\t\t\t<\/li>\n\t\t\t\t\t\t<\/ul>\n\t\t\t\t<\/div>\n\t\t\t\t<\/div>\n\t\t\t\t\t\t<\/div>\n\t\t\t\t\t<\/div>\n\t\t<\/div>\n\t\t\t\t\t\t\t\t<\/div>\n\t\t\t\t\t<\/div>\n\t\t<\/section>\n\t\t\t\t\t\t<\/div>\n\t\t\t\t\t<\/div>\n\t\t<\/div>\n\t\t\t\t\t\t\t\t<\/div>\n\t\t\t\t\t<\/div>\n\t\t<\/section>\n\t\t\t\t<section class=\"elementor-section elementor-top-section elementor-element elementor-element-6093993 cta elementor-section-boxed elementor-section-height-default elementor-section-height-default\" data-id=\"6093993\" data-element_type=\"section\" data-settings=\"{&quot;background_background&quot;:&quot;classic&quot;}\">\n\t\t\t\t\t\t<div class=\"elementor-container elementor-column-gap-default\">\n\t\t\t\t\t\t\t<div class=\"elementor-row\">\n\t\t\t\t\t<div class=\"elementor-column elementor-col-50 elementor-top-column elementor-element elementor-element-bf4cadf edu-con\" data-id=\"bf4cadf\" data-element_type=\"column\">\n\t\t\t<div class=\"elementor-column-wrap elementor-element-populated\">\n\t\t\t\t\t\t\t<div class=\"elementor-widget-wrap\">\n\t\t\t\t\t\t<div class=\"elementor-element elementor-element-3535127 elementor-widget elementor-widget-exhibz-title\" data-id=\"3535127\" data-element_type=\"widget\" data-settings=\"{&quot;ekit_we_effect_on&quot;:&quot;none&quot;}\" data-widget_type=\"exhibz-title.default\">\n\t\t\t\t<div class=\"elementor-widget-container\">\n\t\t\t\n    <div class=\"title-section-area\">\n        <h2 class=\"section-title\">\n            <span class=\"sub-title\"><\/span>\n\t\t\tReserve j\u00e1 o seu lugar        <\/h2>\n\t\t                    <\/div><!-- Section title -->\n    \n    \n\n    \t\t<\/div>\n\t\t\t\t<\/div>\n\t\t\t\t\t\t<\/div>\n\t\t\t\t\t<\/div>\n\t\t<\/div>\n\t\t\t\t<div class=\"elementor-column elementor-col-50 elementor-top-column elementor-element elementor-element-46e43ae\" data-id=\"46e43ae\" data-element_type=\"column\">\n\t\t\t<div class=\"elementor-column-wrap elementor-element-populated\">\n\t\t\t\t\t\t\t<div class=\"elementor-widget-wrap\">\n\t\t\t\t\t\t<div class=\"elementor-element elementor-element-f3f0035 elementor-align-left elementor-invisible elementor-widget elementor-widget-button\" data-id=\"f3f0035\" data-element_type=\"widget\" data-settings=\"{&quot;_animation&quot;:&quot;fadeInUp&quot;,&quot;ekit_we_effect_on&quot;:&quot;none&quot;}\" data-widget_type=\"button.default\">\n\t\t\t\t<div class=\"elementor-widget-container\">\n\t\t\t\t\t<div class=\"elementor-button-wrapper\">\n\t\t\t<a href=\"https:\/\/xviiicongressohospitalveterinariomontenegro.admeus.pt\/forms\/index?menu=yes#page_emo_form\" class=\"elementor-button-link elementor-button elementor-size-md\" role=\"button\">\n\t\t\t\t\t\t<span class=\"elementor-button-content-wrapper\">\n\t\t\t\t\t\t\t<span class=\"elementor-button-icon elementor-align-icon-left\">\n\t\t\t\t<i aria-hidden=\"true\" class=\"icon icon-tsseat2\"><\/i>\t\t\t<\/span>\n\t\t\t\t\t\t<span class=\"elementor-button-text\">Comprar ingresso<\/span>\n\t\t<\/span>\n\t\t\t\t\t<\/a>\n\t\t<\/div>\n\t\t\t\t<\/div>\n\t\t\t\t<\/div>\n\t\t\t\t\t\t<\/div>\n\t\t\t\t\t<\/div>\n\t\t<\/div>\n\t\t\t\t\t\t\t\t<\/div>\n\t\t\t\t\t<\/div>\n\t\t<\/section>\n\t\t\t\t<section class=\"elementor-section elementor-top-section elementor-element elementor-element-ab4b4d7 elementor-section-boxed elementor-section-height-default elementor-section-height-default\" data-id=\"ab4b4d7\" data-element_type=\"section\">\n\t\t\t\t\t\t<div class=\"elementor-container elementor-column-gap-default\">\n\t\t\t\t\t\t\t<div class=\"elementor-row\">\n\t\t\t\t\t<div class=\"elementor-column elementor-col-100 elementor-top-column elementor-element elementor-element-0d5cbd3\" data-id=\"0d5cbd3\" data-element_type=\"column\">\n\t\t\t<div class=\"elementor-column-wrap elementor-element-populated\">\n\t\t\t\t\t\t\t<div class=\"elementor-widget-wrap\">\n\t\t\t\t\t\t<section class=\"elementor-section elementor-inner-section elementor-element elementor-element-da230cf elementor-section-boxed elementor-section-height-default elementor-section-height-default\" data-id=\"da230cf\" data-element_type=\"section\">\n\t\t\t\t\t\t<div class=\"elementor-container elementor-column-gap-default\">\n\t\t\t\t\t\t\t<div class=\"elementor-row\">\n\t\t\t\t\t<div class=\"elementor-column elementor-col-100 elementor-inner-column elementor-element elementor-element-be8d31c\" data-id=\"be8d31c\" data-element_type=\"column\">\n\t\t\t<div class=\"elementor-column-wrap elementor-element-populated\">\n\t\t\t\t\t\t\t<div class=\"elementor-widget-wrap\">\n\t\t\t\t\t\t<div class=\"elementor-element elementor-element-cdc8f0d elementor-widget elementor-widget-exhibz-title\" data-id=\"cdc8f0d\" data-element_type=\"widget\" data-settings=\"{&quot;ekit_we_effect_on&quot;:&quot;none&quot;}\" data-widget_type=\"exhibz-title.default\">\n\t\t\t\t<div class=\"elementor-widget-container\">\n\t\t\t\n    <div class=\"title-section-area\">\n        <h2 class=\"section-title\">\n            <span class=\"sub-title\"><\/span>\n\t\t\tV\u00e1rias <em class=\"title-bar-shap\">salas<\/em>\nem simult\u00e2neo        <\/h2>\n\t\t                            <span class=\"title-border\">&nbsp;<\/span>\n            <\/div><!-- Section title -->\n    \n    \n\n    \t\t<\/div>\n\t\t\t\t<\/div>\n\t\t\t\t\t\t<\/div>\n\t\t\t\t\t<\/div>\n\t\t<\/div>\n\t\t\t\t\t\t\t\t<\/div>\n\t\t\t\t\t<\/div>\n\t\t<\/section>\n\t\t\t\t<section class=\"elementor-section elementor-inner-section elementor-element elementor-element-8c10cdb elementor-section-boxed elementor-section-height-default elementor-section-height-default\" data-id=\"8c10cdb\" data-element_type=\"section\">\n\t\t\t\t\t\t<div class=\"elementor-container elementor-column-gap-default\">\n\t\t\t\t\t\t\t<div class=\"elementor-row\">\n\t\t\t\t\t<div class=\"elementor-column elementor-col-33 elementor-inner-column elementor-element elementor-element-3e248e6\" data-id=\"3e248e6\" data-element_type=\"column\">\n\t\t\t<div class=\"elementor-column-wrap elementor-element-populated\">\n\t\t\t\t\t\t\t<div class=\"elementor-widget-wrap\">\n\t\t\t\t\t\t<div class=\"elementor-element elementor-element-daa4d2d elementor-widget elementor-widget-exhibz-topics\" data-id=\"daa4d2d\" data-element_type=\"widget\" data-settings=\"{&quot;ekit_we_effect_on&quot;:&quot;none&quot;}\" data-widget_type=\"exhibz-topics.default\">\n\t\t\t\t<div class=\"elementor-widget-container\">\n\t\t\t \n    <div class=\"single-topics\">\n        <h3 class=\"ts-title\">Sala Medicina<\/h3>\n        <p>\n             <a href=\"https:\/\/congressohvm.com\/2022\/sala-medicina\/\">Programa<\/a>        <\/p>\n        <a href=\"https:\/\/congressohvm.com\/2022\/sala-medicina\/\" rel=\"noreferrer\" class=\"topics-link\">\n            <i class=\"icon icon-medical1\"><\/i>\n        <\/a>\n    <\/div><!-- single intro text end-->\n    \n    \t\t<\/div>\n\t\t\t\t<\/div>\n\t\t\t\t\t\t<\/div>\n\t\t\t\t\t<\/div>\n\t\t<\/div>\n\t\t\t\t<div class=\"elementor-column elementor-col-33 elementor-inner-column elementor-element elementor-element-901d70e\" data-id=\"901d70e\" data-element_type=\"column\">\n\t\t\t<div class=\"elementor-column-wrap elementor-element-populated\">\n\t\t\t\t\t\t\t<div class=\"elementor-widget-wrap\">\n\t\t\t\t\t\t<div class=\"elementor-element elementor-element-e2786f5 feature-active elementor-widget elementor-widget-exhibz-topics\" data-id=\"e2786f5\" data-element_type=\"widget\" data-settings=\"{&quot;ekit_we_effect_on&quot;:&quot;none&quot;}\" data-widget_type=\"exhibz-topics.default\">\n\t\t\t\t<div class=\"elementor-widget-container\">\n\t\t\t \n    <div class=\"single-topics\">\n        <h3 class=\"ts-title\">Sala Enfermagem<\/h3>\n        <p>\n            <a href=\"https:\/\/congressohvm.com\/2022\/sala-enfermagem\/\">Programa<\/a>        <\/p>\n        <a href=\"https:\/\/congressohvm.com\/2022\/sala-enfermagem\/\" rel=\"noreferrer\" class=\"topics-link\">\n            <i class=\"icon icon-medical1\"><\/i>\n        <\/a>\n    <\/div><!-- single intro text end-->\n    \n    \t\t<\/div>\n\t\t\t\t<\/div>\n\t\t\t\t\t\t<\/div>\n\t\t\t\t\t<\/div>\n\t\t<\/div>\n\t\t\t\t<div class=\"elementor-column elementor-col-33 elementor-inner-column elementor-element elementor-element-937e71c\" data-id=\"937e71c\" data-element_type=\"column\">\n\t\t\t<div class=\"elementor-column-wrap elementor-element-populated\">\n\t\t\t\t\t\t\t<div class=\"elementor-widget-wrap\">\n\t\t\t\t\t\t<div class=\"elementor-element elementor-element-48c9da7 elementor-widget elementor-widget-exhibz-topics\" data-id=\"48c9da7\" data-element_type=\"widget\" data-settings=\"{&quot;ekit_we_effect_on&quot;:&quot;none&quot;}\" data-widget_type=\"exhibz-topics.default\">\n\t\t\t\t<div class=\"elementor-widget-container\">\n\t\t\t \n    <div class=\"single-topics\">\n        <h3 class=\"ts-title\">Sala Gest\u00e3o<\/h3>\n        <p>\n            <a href=\"https:\/\/congressohvm.com\/2022\/sala-gestao\/\">Programa<\/a>        <\/p>\n        <a href=\"https:\/\/congressohvm.com\/2022\/sala-gestao\/\" rel=\"noreferrer\" class=\"topics-link\">\n            <i class=\"icon icon-medical1\"><\/i>\n        <\/a>\n    <\/div><!-- single intro text end-->\n    \n    \t\t<\/div>\n\t\t\t\t<\/div>\n\t\t\t\t\t\t<\/div>\n\t\t\t\t\t<\/div>\n\t\t<\/div>\n\t\t\t\t\t\t\t\t<\/div>\n\t\t\t\t\t<\/div>\n\t\t<\/section>\n\t\t\t\t\t\t<\/div>\n\t\t\t\t\t<\/div>\n\t\t<\/div>\n\t\t\t\t\t\t\t\t<\/div>\n\t\t\t\t\t<\/div>\n\t\t<\/section>\n\t\t\t\t<section class=\"elementor-section elementor-top-section elementor-element elementor-element-7509e18 elementor-section-boxed elementor-section-height-default elementor-section-height-default\" data-id=\"7509e18\" data-element_type=\"section\">\n\t\t\t\t\t\t<div class=\"elementor-container elementor-column-gap-default\">\n\t\t\t\t\t\t\t<div class=\"elementor-row\">\n\t\t\t\t\t<div class=\"elementor-column elementor-col-100 elementor-top-column elementor-element elementor-element-585b175\" data-id=\"585b175\" data-element_type=\"column\">\n\t\t\t<div class=\"elementor-column-wrap\">\n\t\t\t\t\t\t\t<div class=\"elementor-widget-wrap\">\n\t\t\t\t\t\t\t\t<\/div>\n\t\t\t\t\t<\/div>\n\t\t<\/div>\n\t\t\t\t\t\t\t\t<\/div>\n\t\t\t\t\t<\/div>\n\t\t<\/section>\n\t\t\t\t<section class=\"elementor-section elementor-top-section elementor-element elementor-element-9e08e9f elementor-section-boxed elementor-section-height-default elementor-section-height-default\" data-id=\"9e08e9f\" data-element_type=\"section\" data-settings=\"{&quot;background_background&quot;:&quot;classic&quot;}\">\n\t\t\t\t\t\t<div class=\"elementor-container elementor-column-gap-default\">\n\t\t\t\t\t\t\t<div class=\"elementor-row\">\n\t\t\t\t\t<div class=\"elementor-column elementor-col-100 elementor-top-column elementor-element elementor-element-899fc7f\" data-id=\"899fc7f\" data-element_type=\"column\">\n\t\t\t<div class=\"elementor-column-wrap elementor-element-populated\">\n\t\t\t\t\t\t\t<div class=\"elementor-widget-wrap\">\n\t\t\t\t\t\t<section class=\"elementor-section elementor-inner-section elementor-element elementor-element-ee0fe9f elementor-section-boxed elementor-section-height-default elementor-section-height-default\" data-id=\"ee0fe9f\" data-element_type=\"section\">\n\t\t\t\t\t\t<div class=\"elementor-container elementor-column-gap-default\">\n\t\t\t\t\t\t\t<div class=\"elementor-row\">\n\t\t\t\t\t<div class=\"elementor-column elementor-col-100 elementor-inner-column elementor-element elementor-element-3494a48\" data-id=\"3494a48\" data-element_type=\"column\">\n\t\t\t<div class=\"elementor-column-wrap elementor-element-populated\">\n\t\t\t\t\t\t\t<div class=\"elementor-widget-wrap\">\n\t\t\t\t\t\t<div class=\"elementor-element elementor-element-5f6145d elementor-widget elementor-widget-exhibz-title\" data-id=\"5f6145d\" data-element_type=\"widget\" data-settings=\"{&quot;ekit_we_effect_on&quot;:&quot;none&quot;}\" data-widget_type=\"exhibz-title.default\">\n\t\t\t\t<div class=\"elementor-widget-container\">\n\t\t\t\n    <div class=\"title-section-area\">\n        <h2 class=\"section-title\">\n            <span class=\"sub-title\"><\/span>\n\t\t\t<em class=\"title-bar-shap\">Speakers<\/em>        <\/h2>\n\t\t                            <span class=\"title-border\">&nbsp;<\/span>\n            <\/div><!-- Section title -->\n    \n    \n\n    \t\t<\/div>\n\t\t\t\t<\/div>\n\t\t\t\t\t\t<\/div>\n\t\t\t\t\t<\/div>\n\t\t<\/div>\n\t\t\t\t\t\t\t\t<\/div>\n\t\t\t\t\t<\/div>\n\t\t<\/section>\n\t\t\t\t<div class=\"elementor-element elementor-element-26036c4 elementor-widget elementor-widget-exhibz-speaker-slider\" data-id=\"26036c4\" data-element_type=\"widget\" data-settings=\"{&quot;ekit_we_effect_on&quot;:&quot;none&quot;}\" data-widget_type=\"exhibz-speaker-slider.default\">\n\t\t\t\t<div class=\"elementor-widget-container\">\n\t\t\t        <div class=\"ts-speaker-slider\" data-controls=\"{&quot;speaker_slider_speed&quot;:1500,&quot;ts_slider_arrow_nav_show&quot;:&quot;no&quot;,&quot;slider_count&quot;:4,&quot;speaker_slider_autoplay&quot;:&quot;no&quot;}\">\n            <div class=\"swiper-container\">\n                <div class=\"swiper-wrapper\">\n                                            <div class=\"swiper-slide\"> \n                            <div class=\"ts-speaker\">\n                                <div class=\"speaker-img\">\n                                                                            <img width=\"213\" height=\"213\" src=\"https:\/\/congressohvm.com\/2022\/wp-content\/uploads\/2022\/05\/Va\u0302nia-Evaristo-e1654711901998.jpg\" class=\"img-fluid\" alt=\"\" loading=\"lazy\" srcset=\"https:\/\/congressohvm.com\/2022\/wp-content\/uploads\/2022\/05\/Va\u0302nia-Evaristo-e1654711901998.jpg 213w, https:\/\/congressohvm.com\/2022\/wp-content\/uploads\/2022\/05\/Va\u0302nia-Evaristo-e1654711901998-150x150.jpg 150w\" sizes=\"(max-width: 213px) 100vw, 213px\" \/>                                                                        <a href=\"#popup_26036c42697\" class=\"view-speaker ts-image-popup\" data-effect=\"mfp-zoom-in\">\n                                        <!-- <i class=\"icon icon-plus\"><\/i> -->\n                                    <\/a>\n                                <\/div>\n                                <div class=\"ts-speaker-info\">\n                                    <h3 class=\"ts-title\">V\u00e2nia Evaristo<\/h3>\n                                    <p>\n                                        M\u00e9dica Veterin\u00e1ria                                    <\/p>\n                                <\/div>\n                                <!--- speaker info end -->\n                                <!-- popup start-->\n                                <div id=\"popup_26036c42697\" class=\"container ts-speaker-popup mfp-hide\">\n                                    <div class=\"row\">\n                                        <div class=\"col-lg-6\">\n                                            <div class=\"ts-speaker-popup-img\">\n                                                                                                    <img width=\"213\" height=\"213\" src=\"https:\/\/congressohvm.com\/2022\/wp-content\/uploads\/2022\/05\/Va\u0302nia-Evaristo-e1654711901998.jpg\" class=\"attachment-full size-full\" alt=\"\" loading=\"lazy\" srcset=\"https:\/\/congressohvm.com\/2022\/wp-content\/uploads\/2022\/05\/Va\u0302nia-Evaristo-e1654711901998.jpg 213w, https:\/\/congressohvm.com\/2022\/wp-content\/uploads\/2022\/05\/Va\u0302nia-Evaristo-e1654711901998-150x150.jpg 150w\" sizes=\"(max-width: 213px) 100vw, 213px\" \/>                                                                                            <\/div>\n                                        <\/div>\n                                        <!-- col end-->\n                                        <div class=\"col-lg-6\">\n                                            <div class=\"ts-speaker-popup-content\">\n                                                <h3 class=\"ts-title\">V\u00e2nia Evaristo <\/h3>\n                                                <span class=\"speakder-designation\"> M\u00e9dica Veterin\u00e1ria<\/span>\n                                                                                                <p>\n                                                    <p><span style=\"font-weight: 400\">Mestre em Medicina Veterin\u00e1ria pela Universidade de Tr\u00e1s-os-Montes e Alto Douro (UTAD) em Novembro de 2014. Realizou est\u00e1gio curricular no Centro Veterin\u00e1rio Arca Real em Valladolid (Espanha) e no Hospital de Refer\u00eancia Veterin\u00e1ria Montenegro (Porto)<\/span><span style=\"font-weight: 400\"><br \/><\/span><span style=\"font-weight: 400\">Iniciou a sua actividade profissional em Outubro de 2014 no Centro de Imagem Montenegro no qual realiza TACs e RMs.<\/span><span style=\"font-weight: 400\"><br \/><\/span><span style=\"font-weight: 400\">Tem como principais \u00e1reas de interesse a Imagiologia, Neurologia e Medicina de Urg\u00eancia.<\/span><span style=\"font-weight: 400\"><br \/><\/span><span style=\"font-weight: 400\">Tem realizado v\u00e1rios cursos nacionais e internacionais na \u00e1rea de TAC e Neurologia tendo frequentado a P\u00f3s Gradua\u00e7\u00e3o de Progama Avan\u00e7ado em Diagn\u00f3stico por Imagem \u2013 Tomografia Computorizada (GPAdv) da ESVPS<\/span><\/p>                                                <\/p>\n\n                                                <div class=\"ts-speakers-social\">\n                                                                                                    <\/div>\n\n                                            <\/div>\n                                            <!-- ts-speaker-popup-content end-->\n                                        <\/div>\n                                        <!-- col end-->\n                                    <\/div>\n                                    <!-- row end-->\n                                <\/div>\n                                <!-- popup end-->\n                            <\/div>\n                            <!-- ts-speaker end  -->\n                        <\/div>                                    \n                                                <div class=\"swiper-slide\"> \n                            <div class=\"ts-speaker\">\n                                <div class=\"speaker-img\">\n                                                                            <img width=\"1335\" height=\"1335\" src=\"https:\/\/congressohvm.com\/2022\/wp-content\/uploads\/2022\/05\/Telmo-Fernandes-e1654711960153.jpg\" class=\"img-fluid\" alt=\"\" loading=\"lazy\" srcset=\"https:\/\/congressohvm.com\/2022\/wp-content\/uploads\/2022\/05\/Telmo-Fernandes-e1654711960153.jpg 1335w, https:\/\/congressohvm.com\/2022\/wp-content\/uploads\/2022\/05\/Telmo-Fernandes-e1654711960153-300x300.jpg 300w, https:\/\/congressohvm.com\/2022\/wp-content\/uploads\/2022\/05\/Telmo-Fernandes-e1654711960153-1024x1024.jpg 1024w, https:\/\/congressohvm.com\/2022\/wp-content\/uploads\/2022\/05\/Telmo-Fernandes-e1654711960153-150x150.jpg 150w, https:\/\/congressohvm.com\/2022\/wp-content\/uploads\/2022\/05\/Telmo-Fernandes-e1654711960153-768x768.jpg 768w\" sizes=\"(max-width: 1335px) 100vw, 1335px\" \/>                                                                        <a href=\"#popup_26036c42694\" class=\"view-speaker ts-image-popup\" data-effect=\"mfp-zoom-in\">\n                                        <!-- <i class=\"icon icon-plus\"><\/i> -->\n                                    <\/a>\n                                <\/div>\n                                <div class=\"ts-speaker-info\">\n                                    <h3 class=\"ts-title\">Telmo Fernandes<\/h3>\n                                    <p>\n                                        M\u00e9dico Veterin\u00e1rio                                    <\/p>\n                                <\/div>\n                                <!--- speaker info end -->\n                                <!-- popup start-->\n                                <div id=\"popup_26036c42694\" class=\"container ts-speaker-popup mfp-hide\">\n                                    <div class=\"row\">\n                                        <div class=\"col-lg-6\">\n                                            <div class=\"ts-speaker-popup-img\">\n                                                                                                    <img width=\"1335\" height=\"1335\" src=\"https:\/\/congressohvm.com\/2022\/wp-content\/uploads\/2022\/05\/Telmo-Fernandes-e1654711960153.jpg\" class=\"attachment-full size-full\" alt=\"\" loading=\"lazy\" srcset=\"https:\/\/congressohvm.com\/2022\/wp-content\/uploads\/2022\/05\/Telmo-Fernandes-e1654711960153.jpg 1335w, https:\/\/congressohvm.com\/2022\/wp-content\/uploads\/2022\/05\/Telmo-Fernandes-e1654711960153-300x300.jpg 300w, https:\/\/congressohvm.com\/2022\/wp-content\/uploads\/2022\/05\/Telmo-Fernandes-e1654711960153-1024x1024.jpg 1024w, https:\/\/congressohvm.com\/2022\/wp-content\/uploads\/2022\/05\/Telmo-Fernandes-e1654711960153-150x150.jpg 150w, https:\/\/congressohvm.com\/2022\/wp-content\/uploads\/2022\/05\/Telmo-Fernandes-e1654711960153-768x768.jpg 768w\" sizes=\"(max-width: 1335px) 100vw, 1335px\" \/>                                                                                            <\/div>\n                                        <\/div>\n                                        <!-- col end-->\n                                        <div class=\"col-lg-6\">\n                                            <div class=\"ts-speaker-popup-content\">\n                                                <h3 class=\"ts-title\">Telmo Fernandes <\/h3>\n                                                <span class=\"speakder-designation\"> M\u00e9dico Veterin\u00e1rio<\/span>\n                                                                                                <p>\n                                                    <p>Licenciado em Medicina Veterin\u00e1ria em 2006. Trabalhou de 2007 a 2012 no Hospital Veterin\u00e1rio de Gaia sendo respons\u00e1vel pelo departamento de ecografia. Diversas forma\u00e7\u00f5es nacionais e internacionais em ecografia abdominal avan\u00e7ada, e est\u00e2ncias em Universidades do Reino Unido, Espanha e It\u00e1lia. Palestrante em diversos cursos de ecografia b\u00e1sica e avan\u00e7ada em Portugal e Espanha. Atualmente membro da Sociedade Internacional de Ultrasonografia Veterin\u00e1ria e a cumprir o programa de certificado pela mesma. P\u00f3s gradua\u00e7\u00e3o em Medicina Laboratorial pela Universidade do Porto. Colaborador com a empresa ECOVM em 2012 \/2013. De 2013 at\u00e9 \u00e0 data trabalha na empresa INSIDEVET da qual \u00e9 propriet\u00e1rio executando ecografia ambulat\u00f3ria.<\/p>                                                <\/p>\n\n                                                <div class=\"ts-speakers-social\">\n                                                                                                    <\/div>\n\n                                            <\/div>\n                                            <!-- ts-speaker-popup-content end-->\n                                        <\/div>\n                                        <!-- col end-->\n                                    <\/div>\n                                    <!-- row end-->\n                                <\/div>\n                                <!-- popup end-->\n                            <\/div>\n                            <!-- ts-speaker end  -->\n                        <\/div>                                    \n                                                <div class=\"swiper-slide\"> \n                            <div class=\"ts-speaker\">\n                                <div class=\"speaker-img\">\n                                                                            <img width=\"1708\" height=\"1708\" src=\"https:\/\/congressohvm.com\/2022\/wp-content\/uploads\/2022\/05\/Rui-Pereira-scaled-e1654712026347.jpg\" class=\"img-fluid\" alt=\"\" loading=\"lazy\" srcset=\"https:\/\/congressohvm.com\/2022\/wp-content\/uploads\/2022\/05\/Rui-Pereira-scaled-e1654712026347.jpg 1708w, https:\/\/congressohvm.com\/2022\/wp-content\/uploads\/2022\/05\/Rui-Pereira-scaled-e1654712026347-300x300.jpg 300w, https:\/\/congressohvm.com\/2022\/wp-content\/uploads\/2022\/05\/Rui-Pereira-scaled-e1654712026347-1024x1024.jpg 1024w, https:\/\/congressohvm.com\/2022\/wp-content\/uploads\/2022\/05\/Rui-Pereira-scaled-e1654712026347-150x150.jpg 150w, https:\/\/congressohvm.com\/2022\/wp-content\/uploads\/2022\/05\/Rui-Pereira-scaled-e1654712026347-768x768.jpg 768w, https:\/\/congressohvm.com\/2022\/wp-content\/uploads\/2022\/05\/Rui-Pereira-scaled-e1654712026347-1536x1536.jpg 1536w\" sizes=\"(max-width: 1708px) 100vw, 1708px\" \/>                                                                        <a href=\"#popup_26036c42690\" class=\"view-speaker ts-image-popup\" data-effect=\"mfp-zoom-in\">\n                                        <!-- <i class=\"icon icon-plus\"><\/i> -->\n                                    <\/a>\n                                <\/div>\n                                <div class=\"ts-speaker-info\">\n                                    <h3 class=\"ts-title\">Rui Pereira<\/h3>\n                                    <p>\n                                        M\u00e9dico Veterin\u00e1rio                                    <\/p>\n                                <\/div>\n                                <!--- speaker info end -->\n                                <!-- popup start-->\n                                <div id=\"popup_26036c42690\" class=\"container ts-speaker-popup mfp-hide\">\n                                    <div class=\"row\">\n                                        <div class=\"col-lg-6\">\n                                            <div class=\"ts-speaker-popup-img\">\n                                                                                                    <img width=\"1708\" height=\"1708\" src=\"https:\/\/congressohvm.com\/2022\/wp-content\/uploads\/2022\/05\/Rui-Pereira-scaled-e1654712026347.jpg\" class=\"attachment-full size-full\" alt=\"\" loading=\"lazy\" srcset=\"https:\/\/congressohvm.com\/2022\/wp-content\/uploads\/2022\/05\/Rui-Pereira-scaled-e1654712026347.jpg 1708w, https:\/\/congressohvm.com\/2022\/wp-content\/uploads\/2022\/05\/Rui-Pereira-scaled-e1654712026347-300x300.jpg 300w, https:\/\/congressohvm.com\/2022\/wp-content\/uploads\/2022\/05\/Rui-Pereira-scaled-e1654712026347-1024x1024.jpg 1024w, https:\/\/congressohvm.com\/2022\/wp-content\/uploads\/2022\/05\/Rui-Pereira-scaled-e1654712026347-150x150.jpg 150w, https:\/\/congressohvm.com\/2022\/wp-content\/uploads\/2022\/05\/Rui-Pereira-scaled-e1654712026347-768x768.jpg 768w, https:\/\/congressohvm.com\/2022\/wp-content\/uploads\/2022\/05\/Rui-Pereira-scaled-e1654712026347-1536x1536.jpg 1536w\" sizes=\"(max-width: 1708px) 100vw, 1708px\" \/>                                                                                            <\/div>\n                                        <\/div>\n                                        <!-- col end-->\n                                        <div class=\"col-lg-6\">\n                                            <div class=\"ts-speaker-popup-content\">\n                                                <h3 class=\"ts-title\">Rui Pereira <\/h3>\n                                                <span class=\"speakder-designation\"> M\u00e9dico Veterin\u00e1rio<\/span>\n                                                                                                <p>\n                                                    <p><span style=\"font-weight: 400\">Licenciado pelo\u00a0<\/span><b>ICBAS-UP<\/b><span style=\"font-weight: 400\">\u00a0em 2000, efetuou o seu est\u00e1gio curricular na \u00e1rea de animais de companhia em Portugal e na Universidade de Davis \u2013 Calif\u00f3rnia (EUA). Exerceu cl\u00ednica de animais de companhia durante 15 anos no Hospital Veterin\u00e1rio Montenegro. Em 2008 realizou uma p\u00f3s-gradua\u00e7\u00e3o em \u201cImagiologia em animais de companhia\u201d na Universidade Lus\u00f3fona em Lisboa. Em 2015 inicia a sua colabora\u00e7\u00e3o com o servi\u00e7o ambulat\u00f3rio de cardiologia, sendo um dos s\u00f3cios fundadores da Cardio4vets, dedicando-se desde ent\u00e3o \u00e0 \u00e1rea de cardiologia de animais de companhia. Foi membro da direc\u00e7\u00e3o e presidente da mesa da assembleia-geral da SPCAV \u2013 Sociedade Portuguesa de Cardiologia Veterin\u00e1ria entre 2011 e 2015. <\/span><\/p>                                                <\/p>\n\n                                                <div class=\"ts-speakers-social\">\n                                                                                                    <\/div>\n\n                                            <\/div>\n                                            <!-- ts-speaker-popup-content end-->\n                                        <\/div>\n                                        <!-- col end-->\n                                    <\/div>\n                                    <!-- row end-->\n                                <\/div>\n                                <!-- popup end-->\n                            <\/div>\n                            <!-- ts-speaker end  -->\n                        <\/div>                                    \n                                                <div class=\"swiper-slide\"> \n                            <div class=\"ts-speaker\">\n                                <div class=\"speaker-img\">\n                                                                            <img width=\"225\" height=\"225\" src=\"https:\/\/congressohvm.com\/2022\/wp-content\/uploads\/2022\/05\/Rodolfo-Oliveira-Leal.jpg\" class=\"img-fluid\" alt=\"\" loading=\"lazy\" srcset=\"https:\/\/congressohvm.com\/2022\/wp-content\/uploads\/2022\/05\/Rodolfo-Oliveira-Leal.jpg 225w, https:\/\/congressohvm.com\/2022\/wp-content\/uploads\/2022\/05\/Rodolfo-Oliveira-Leal-150x150.jpg 150w\" sizes=\"(max-width: 225px) 100vw, 225px\" \/>                                                                        <a href=\"#popup_26036c42686\" class=\"view-speaker ts-image-popup\" data-effect=\"mfp-zoom-in\">\n                                        <!-- <i class=\"icon icon-plus\"><\/i> -->\n                                    <\/a>\n                                <\/div>\n                                <div class=\"ts-speaker-info\">\n                                    <h3 class=\"ts-title\">Rodolfo Oliveira Leal<\/h3>\n                                    <p>\n                                        Professor e coordenador do servi\u00e7o de Medicina Interna do Hospital Escolar da FMV-ULisboa                                    <\/p>\n                                <\/div>\n                                <!--- speaker info end -->\n                                <!-- popup start-->\n                                <div id=\"popup_26036c42686\" class=\"container ts-speaker-popup mfp-hide\">\n                                    <div class=\"row\">\n                                        <div class=\"col-lg-6\">\n                                            <div class=\"ts-speaker-popup-img\">\n                                                                                                    <img width=\"225\" height=\"225\" src=\"https:\/\/congressohvm.com\/2022\/wp-content\/uploads\/2022\/05\/Rodolfo-Oliveira-Leal.jpg\" class=\"attachment-full size-full\" alt=\"\" loading=\"lazy\" srcset=\"https:\/\/congressohvm.com\/2022\/wp-content\/uploads\/2022\/05\/Rodolfo-Oliveira-Leal.jpg 225w, https:\/\/congressohvm.com\/2022\/wp-content\/uploads\/2022\/05\/Rodolfo-Oliveira-Leal-150x150.jpg 150w\" sizes=\"(max-width: 225px) 100vw, 225px\" \/>                                                                                            <\/div>\n                                        <\/div>\n                                        <!-- col end-->\n                                        <div class=\"col-lg-6\">\n                                            <div class=\"ts-speaker-popup-content\">\n                                                <h3 class=\"ts-title\">Rodolfo Oliveira Leal <\/h3>\n                                                <span class=\"speakder-designation\"> Professor e coordenador do servi\u00e7o de Medicina Interna do Hospital Escolar da FMV-ULisboa<\/span>\n                                                                                                <p>\n                                                    <p><span style=\"font-weight: 400\">Graduado com o Mestrado Integrado em Medicina Veterin\u00e1ria pela Faculdade de Medicina Veterin\u00e1ria \u2013 Universidade T\u00e9cnica de Lisboa em 2008. Realizou um internato geral no Centre Hospitalier V\u00e9t\u00e9rinaire Fregis (Paris) em 2008\/2009. Entre 2009 e 2014, fez um doutoramento no CIISA\/FMV-ULisboa no \u00e2mbito da imunologia felina. Entre Janeiro de 2014 e Dezembro de 2016, voltou ao CHV Fregis (Paris) e completou uma residencia em Medicina Interna tendo obtido\u00a0 o diploma de especialista europeu pelo European College of Veterinary Internal Medicine (ECVIM-CA) em Mar\u00e7o de 2017. Desde Abril do mesmo ano, integra o corpo clinico do Hospital Escolar da FMV-ULisboa onde, actualmente, \u00e9 coordenador do servi\u00e7o de Medicina Interna. Desde Abril de 2018, \u00e9 Professor Auxiliar Convidado na mesma universidade, lecionando as disciplinas de Clinica de Animais de Companhia I e II. Desde Janeiro de 2020 supervisiona o programa de Resid\u00eancia em Medicina Interna, certificado pelo ECVIM-CA, em curso no Hospital Escolar Veterin\u00e1rio\/ACIVET \u2013 Faculdade de Medicina veterin\u00e1ria (FMV) \u2013 Universidade de Lisboa. Orador em congressos nacionais e internacionais, tem v\u00e1rios artigos publicados em revistas peer-reviewed, \u00e9 consultor de medicina interna da plataforma VIN (Veterinary Information Network) e secret\u00e1rio da Sociedade Europeia de Endocrinologia Veterin\u00e1ria (ESVE). Dentro da Medicina Interna, tem especial interesse por Endocrinologia, Gastroenterologia\/Hepatologia e Leishmaniose, desenvolvendo investiga\u00e7\u00e3o cl\u00ednica nestas \u00e1reas.\u00a0<\/span><\/p>                                                <\/p>\n\n                                                <div class=\"ts-speakers-social\">\n                                                                                                    <\/div>\n\n                                            <\/div>\n                                            <!-- ts-speaker-popup-content end-->\n                                        <\/div>\n                                        <!-- col end-->\n                                    <\/div>\n                                    <!-- row end-->\n                                <\/div>\n                                <!-- popup end-->\n                            <\/div>\n                            <!-- ts-speaker end  -->\n                        <\/div>                                    \n                                                <div class=\"swiper-slide\"> \n                            <div class=\"ts-speaker\">\n                                <div class=\"speaker-img\">\n                                                                            <img width=\"539\" height=\"539\" src=\"https:\/\/congressohvm.com\/2022\/wp-content\/uploads\/2022\/05\/Pete-Mantis-e1654712146599.jpg\" class=\"img-fluid\" alt=\"\" loading=\"lazy\" srcset=\"https:\/\/congressohvm.com\/2022\/wp-content\/uploads\/2022\/05\/Pete-Mantis-e1654712146599.jpg 539w, https:\/\/congressohvm.com\/2022\/wp-content\/uploads\/2022\/05\/Pete-Mantis-e1654712146599-300x300.jpg 300w, https:\/\/congressohvm.com\/2022\/wp-content\/uploads\/2022\/05\/Pete-Mantis-e1654712146599-150x150.jpg 150w\" sizes=\"(max-width: 539px) 100vw, 539px\" \/>                                                                        <a href=\"#popup_26036c42682\" class=\"view-speaker ts-image-popup\" data-effect=\"mfp-zoom-in\">\n                                        <!-- <i class=\"icon icon-plus\"><\/i> -->\n                                    <\/a>\n                                <\/div>\n                                <div class=\"ts-speaker-info\">\n                                    <h3 class=\"ts-title\">Pete Mantis<\/h3>\n                                    <p>\n                                        DVM, DipECVDI, FHEA, FRCVS                                    <\/p>\n                                <\/div>\n                                <!--- speaker info end -->\n                                <!-- popup start-->\n                                <div id=\"popup_26036c42682\" class=\"container ts-speaker-popup mfp-hide\">\n                                    <div class=\"row\">\n                                        <div class=\"col-lg-6\">\n                                            <div class=\"ts-speaker-popup-img\">\n                                                                                                    <img width=\"539\" height=\"539\" src=\"https:\/\/congressohvm.com\/2022\/wp-content\/uploads\/2022\/05\/Pete-Mantis-e1654712146599.jpg\" class=\"attachment-full size-full\" alt=\"\" loading=\"lazy\" srcset=\"https:\/\/congressohvm.com\/2022\/wp-content\/uploads\/2022\/05\/Pete-Mantis-e1654712146599.jpg 539w, https:\/\/congressohvm.com\/2022\/wp-content\/uploads\/2022\/05\/Pete-Mantis-e1654712146599-300x300.jpg 300w, https:\/\/congressohvm.com\/2022\/wp-content\/uploads\/2022\/05\/Pete-Mantis-e1654712146599-150x150.jpg 150w\" sizes=\"(max-width: 539px) 100vw, 539px\" \/>                                                                                            <\/div>\n                                        <\/div>\n                                        <!-- col end-->\n                                        <div class=\"col-lg-6\">\n                                            <div class=\"ts-speaker-popup-content\">\n                                                <h3 class=\"ts-title\">Pete Mantis <\/h3>\n                                                <span class=\"speakder-designation\"> DVM, DipECVDI, FHEA, FRCVS<\/span>\n                                                                                                <p>\n                                                    <p><span style=\"font-weight: 400\">DVM, DipECVDI, FHEA, FRCVS<\/span><\/p><p><span style=\"font-weight: 400\">Panagiotis (Pete) Mantis graduated from the Faculty of Veterinary Medicine of the Aristotle University of Thessaloniki, Greece in 1994. He completed a Diagnostic Imaging Residency at the Royal Veterinary College and then worked in first opinion practices and referral hospitals in\u00a0London and at the Swedish Agricultural University in Uppsala and in 2000 he moved to the Royal Veterinary College. He\u00a0became Senior Lecturer in Radiology and remained at RVC until joining DWR in 2017 where he is currently Head of Diagnostic Imaging. Pete is a\u00a0European and RCVS Specialist in Veterinary Diagnostic Imaging, Fellow of the Higher Education Academy and Fellow of the Royal College of Veterinary Surgeons. He is a regular author, speaker and CPD tutor on small animal radiology, ultrasonography, computed tomography and magnetic resonance imaging.<\/span><\/p>                                                <\/p>\n\n                                                <div class=\"ts-speakers-social\">\n                                                                                                    <\/div>\n\n                                            <\/div>\n                                            <!-- ts-speaker-popup-content end-->\n                                        <\/div>\n                                        <!-- col end-->\n                                    <\/div>\n                                    <!-- row end-->\n                                <\/div>\n                                <!-- popup end-->\n                            <\/div>\n                            <!-- ts-speaker end  -->\n                        <\/div>                                    \n                                                <div class=\"swiper-slide\"> \n                            <div class=\"ts-speaker\">\n                                <div class=\"speaker-img\">\n                                                                            <img width=\"975\" height=\"975\" src=\"https:\/\/congressohvm.com\/2022\/wp-content\/uploads\/2022\/05\/Pedro-Celeste-e1654712220745.jpg\" class=\"img-fluid\" alt=\"\" loading=\"lazy\" srcset=\"https:\/\/congressohvm.com\/2022\/wp-content\/uploads\/2022\/05\/Pedro-Celeste-e1654712220745.jpg 975w, https:\/\/congressohvm.com\/2022\/wp-content\/uploads\/2022\/05\/Pedro-Celeste-e1654712220745-300x300.jpg 300w, https:\/\/congressohvm.com\/2022\/wp-content\/uploads\/2022\/05\/Pedro-Celeste-e1654712220745-150x150.jpg 150w, https:\/\/congressohvm.com\/2022\/wp-content\/uploads\/2022\/05\/Pedro-Celeste-e1654712220745-768x768.jpg 768w\" sizes=\"(max-width: 975px) 100vw, 975px\" \/>                                                                        <a href=\"#popup_26036c42678\" class=\"view-speaker ts-image-popup\" data-effect=\"mfp-zoom-in\">\n                                        <!-- <i class=\"icon icon-plus\"><\/i> -->\n                                    <\/a>\n                                <\/div>\n                                <div class=\"ts-speaker-info\">\n                                    <h3 class=\"ts-title\">Pedro Celeste<\/h3>\n                                    <p>\n                                        Diretor Geral da PC&amp;A                                     <\/p>\n                                <\/div>\n                                <!--- speaker info end -->\n                                <!-- popup start-->\n                                <div id=\"popup_26036c42678\" class=\"container ts-speaker-popup mfp-hide\">\n                                    <div class=\"row\">\n                                        <div class=\"col-lg-6\">\n                                            <div class=\"ts-speaker-popup-img\">\n                                                                                                    <img width=\"975\" height=\"975\" src=\"https:\/\/congressohvm.com\/2022\/wp-content\/uploads\/2022\/05\/Pedro-Celeste-e1654712220745.jpg\" class=\"attachment-full size-full\" alt=\"\" loading=\"lazy\" srcset=\"https:\/\/congressohvm.com\/2022\/wp-content\/uploads\/2022\/05\/Pedro-Celeste-e1654712220745.jpg 975w, https:\/\/congressohvm.com\/2022\/wp-content\/uploads\/2022\/05\/Pedro-Celeste-e1654712220745-300x300.jpg 300w, https:\/\/congressohvm.com\/2022\/wp-content\/uploads\/2022\/05\/Pedro-Celeste-e1654712220745-150x150.jpg 150w, https:\/\/congressohvm.com\/2022\/wp-content\/uploads\/2022\/05\/Pedro-Celeste-e1654712220745-768x768.jpg 768w\" sizes=\"(max-width: 975px) 100vw, 975px\" \/>                                                                                            <\/div>\n                                        <\/div>\n                                        <!-- col end-->\n                                        <div class=\"col-lg-6\">\n                                            <div class=\"ts-speaker-popup-content\">\n                                                <h3 class=\"ts-title\">Pedro Celeste <\/h3>\n                                                <span class=\"speakder-designation\"> Diretor Geral da PC&amp;A <\/span>\n                                                                                                <p>\n                                                    <p>Doutorado em Gest\u00e3o pela Universidade Complutense de Madrid.<br \/>P\u00f3s Graduado por Harvard Business School, INSEAD, MIT Management Sloan<br \/>Management London Business School, Imperial College of London University of<br \/>Virginia, Wharton School, Kellogg School of Management de Chicago e IESE Business<br \/>School.<br \/>Na Cat\u00f3lica Lisbon School of Business &amp; Economics \u00e9 Diretor dos Executive Master in<br \/>Strategic Marketing e coordenador dos seguintes cursos de forma\u00e7\u00e3o para executivos:<br \/>\uf0b7 Strategic Marketing Advanced Program<br \/>\uf0b7 Sales Management Executive Program<br \/>\uf0b7 Programa de Gest\u00e3o em Marketing Digital<\/p><p>Diretor Geral da PC&amp;A \u2013 Consultores de Marketing Estrat\u00e9gico. Tem trabalhado com<br \/>empresas do ramo veterin\u00e1rio, da ind\u00fastria ao hospital e cl\u00ednica, na vertente<br \/>consultoria e forma\u00e7\u00e3o.<br \/>Membro do IMD World Competitiveness Center.<br \/>Autor dos livros Marketing Performance, Estrat\u00e9gias de Marketing \u2013 Colect\u00e2nea de<br \/>Casos Portugueses e Comunicaci\u00f3n Empresarial.<br \/>Colabora com v\u00e1rios \u00f3rg\u00e3os de comunica\u00e7\u00e3o social, como o Expresso, Exame,<br \/>Observador, Revista Do It, Link to Leaders e Executiva.<\/p>                                                <\/p>\n\n                                                <div class=\"ts-speakers-social\">\n                                                                                                    <\/div>\n\n                                            <\/div>\n                                            <!-- ts-speaker-popup-content end-->\n                                        <\/div>\n                                        <!-- col end-->\n                                    <\/div>\n                                    <!-- row end-->\n                                <\/div>\n                                <!-- popup end-->\n                            <\/div>\n                            <!-- ts-speaker end  -->\n                        <\/div>                                    \n                                                <div class=\"swiper-slide\"> \n                            <div class=\"ts-speaker\">\n                                <div class=\"speaker-img\">\n                                                                            <img width=\"223\" height=\"226\" src=\"https:\/\/congressohvm.com\/2022\/wp-content\/uploads\/2022\/05\/Pedro-Carreira.jpg\" class=\"img-fluid\" alt=\"\" loading=\"lazy\" \/>                                                                        <a href=\"#popup_26036c42675\" class=\"view-speaker ts-image-popup\" data-effect=\"mfp-zoom-in\">\n                                        <!-- <i class=\"icon icon-plus\"><\/i> -->\n                                    <\/a>\n                                <\/div>\n                                <div class=\"ts-speaker-info\">\n                                    <h3 class=\"ts-title\">Pedro Carreira<\/h3>\n                                    <p>\n                                                                            <\/p>\n                                <\/div>\n                                <!--- speaker info end -->\n                                <!-- popup start-->\n                                <div id=\"popup_26036c42675\" class=\"container ts-speaker-popup mfp-hide\">\n                                    <div class=\"row\">\n                                        <div class=\"col-lg-6\">\n                                            <div class=\"ts-speaker-popup-img\">\n                                                                                                    <img width=\"223\" height=\"226\" src=\"https:\/\/congressohvm.com\/2022\/wp-content\/uploads\/2022\/05\/Pedro-Carreira.jpg\" class=\"attachment-full size-full\" alt=\"\" loading=\"lazy\" \/>                                                                                            <\/div>\n                                        <\/div>\n                                        <!-- col end-->\n                                        <div class=\"col-lg-6\">\n                                            <div class=\"ts-speaker-popup-content\">\n                                                <h3 class=\"ts-title\">Pedro Carreira <\/h3>\n                                                <span class=\"speakder-designation\"> <\/span>\n                                                                                                <p>\n                                                    1                                                <\/p>\n\n                                                <div class=\"ts-speakers-social\">\n                                                                                                    <\/div>\n\n                                            <\/div>\n                                            <!-- ts-speaker-popup-content end-->\n                                        <\/div>\n                                        <!-- col end-->\n                                    <\/div>\n                                    <!-- row end-->\n                                <\/div>\n                                <!-- popup end-->\n                            <\/div>\n                            <!-- ts-speaker end  -->\n                        <\/div>                                    \n                                                <div class=\"swiper-slide\"> \n                            <div class=\"ts-speaker\">\n                                <div class=\"speaker-img\">\n                                                                            <img width=\"1817\" height=\"1817\" src=\"https:\/\/congressohvm.com\/2022\/wp-content\/uploads\/2022\/05\/Patricia-Poeta-scaled-e1654712257729.jpg\" class=\"img-fluid\" alt=\"\" loading=\"lazy\" srcset=\"https:\/\/congressohvm.com\/2022\/wp-content\/uploads\/2022\/05\/Patricia-Poeta-scaled-e1654712257729.jpg 1817w, https:\/\/congressohvm.com\/2022\/wp-content\/uploads\/2022\/05\/Patricia-Poeta-scaled-e1654712257729-300x300.jpg 300w, https:\/\/congressohvm.com\/2022\/wp-content\/uploads\/2022\/05\/Patricia-Poeta-scaled-e1654712257729-1024x1024.jpg 1024w, https:\/\/congressohvm.com\/2022\/wp-content\/uploads\/2022\/05\/Patricia-Poeta-scaled-e1654712257729-150x150.jpg 150w, https:\/\/congressohvm.com\/2022\/wp-content\/uploads\/2022\/05\/Patricia-Poeta-scaled-e1654712257729-768x768.jpg 768w, https:\/\/congressohvm.com\/2022\/wp-content\/uploads\/2022\/05\/Patricia-Poeta-scaled-e1654712257729-1536x1536.jpg 1536w\" sizes=\"(max-width: 1817px) 100vw, 1817px\" \/>                                                                        <a href=\"#popup_26036c42672\" class=\"view-speaker ts-image-popup\" data-effect=\"mfp-zoom-in\">\n                                        <!-- <i class=\"icon icon-plus\"><\/i> -->\n                                    <\/a>\n                                <\/div>\n                                <div class=\"ts-speaker-info\">\n                                    <h3 class=\"ts-title\">Patr\u00edcia Poeta<\/h3>\n                                    <p>\n                                        Professora Catedr\u00e1tica na UTAD                                    <\/p>\n                                <\/div>\n                                <!--- speaker info end -->\n                                <!-- popup start-->\n                                <div id=\"popup_26036c42672\" class=\"container ts-speaker-popup mfp-hide\">\n                                    <div class=\"row\">\n                                        <div class=\"col-lg-6\">\n                                            <div class=\"ts-speaker-popup-img\">\n                                                                                                    <img width=\"1817\" height=\"1817\" src=\"https:\/\/congressohvm.com\/2022\/wp-content\/uploads\/2022\/05\/Patricia-Poeta-scaled-e1654712257729.jpg\" class=\"attachment-full size-full\" alt=\"\" loading=\"lazy\" srcset=\"https:\/\/congressohvm.com\/2022\/wp-content\/uploads\/2022\/05\/Patricia-Poeta-scaled-e1654712257729.jpg 1817w, https:\/\/congressohvm.com\/2022\/wp-content\/uploads\/2022\/05\/Patricia-Poeta-scaled-e1654712257729-300x300.jpg 300w, https:\/\/congressohvm.com\/2022\/wp-content\/uploads\/2022\/05\/Patricia-Poeta-scaled-e1654712257729-1024x1024.jpg 1024w, https:\/\/congressohvm.com\/2022\/wp-content\/uploads\/2022\/05\/Patricia-Poeta-scaled-e1654712257729-150x150.jpg 150w, https:\/\/congressohvm.com\/2022\/wp-content\/uploads\/2022\/05\/Patricia-Poeta-scaled-e1654712257729-768x768.jpg 768w, https:\/\/congressohvm.com\/2022\/wp-content\/uploads\/2022\/05\/Patricia-Poeta-scaled-e1654712257729-1536x1536.jpg 1536w\" sizes=\"(max-width: 1817px) 100vw, 1817px\" \/>                                                                                            <\/div>\n                                        <\/div>\n                                        <!-- col end-->\n                                        <div class=\"col-lg-6\">\n                                            <div class=\"ts-speaker-popup-content\">\n                                                <h3 class=\"ts-title\">Patr\u00edcia Poeta <\/h3>\n                                                <span class=\"speakder-designation\"> Professora Catedr\u00e1tica na UTAD<\/span>\n                                                                                                <p>\n                                                    <p><span style=\"font-weight: 400\">Patr\u00edcia Alexandra Curado Quintas Diniz Poeta \u00e9 Professora Catedr\u00e1tica na Universidade de Tr\u00e1s-os-Montes e Alto Douro, Membro do CECAV-UTAD e colaborador do LAVQ-REQUIMTE, Faculdade de Ci\u00eancias e Tecnologia - Universidade Nova de Lisboa. Doutorada em Medicina Veterin\u00e1ria pela UTAD com investiga\u00e7\u00e3o em Microbiologia M\u00e9dica. Coordenadora do Grupo de Resist\u00eancia a Antibi\u00f3ticos MicroART e Respons\u00e1vel pelo Laborat\u00f3rio de Microbiologia M\u00e9dica da UTAD. Especialista Europeia em Microbiologia Veterin\u00e1ria pelo Col\u00e9gio Europeu. Presidente do Conselho Cient\u00edfico da Escola das Ci\u00eancias Agr\u00e1rias e Veterin\u00e1rias. Membro do Conselho Acad\u00e9mico e do Col\u00e9gio Doutoral da UTAD. Tem como principal interesse a pesquisa e caracteriza\u00e7\u00e3o de mecanismos de resist\u00eancia a antibi\u00f3ticos em bact\u00e9rias de diferentes origens numa perspetiva de \u201cUma s\u00f3 sa\u00fade\u201d bem como estudos de epidemiologia molecular para caracterizar linhagens gen\u00e9ticas de bact\u00e9rias resistentes. Orienta v\u00e1rias teses de doutoramento e mestrado. Respons\u00e1vel por projetos de investiga\u00e7\u00e3o financiados por empresas privadas e projetos interuniversit\u00e1rios. Leciona cursos nacionais e internacionais de doutoramento e mestrado e mant\u00e9m protocolos de coopera\u00e7\u00e3o com v\u00e1rias entidades nacionais e internacionais. Respons\u00e1vel pelo programa Ci\u00eancia Viva no Laborat\u00f3rio no Departamento de Ci\u00eancias Veterin\u00e1rias. Publicou mais de 500 trabalhos em revistas do SCI, cap\u00edtulos de livros, comunica\u00e7\u00f5es em encontros cient\u00edficos internacionais, apresenta\u00e7\u00f5es em reuni\u00f5es cient\u00edficas nacionais ou ib\u00e9ricas, posteres em reuni\u00f5es cient\u00edficas, publica\u00e7\u00f5es em GenBank, publica\u00e7\u00f5es em UniProt, registros em MLST, revistas t\u00e9cnicas e cient\u00edficas e s\u00e9ries ou trabalhos educacionais. Recebeu 40 pr\u00e9mios. Opera na \u00e1rea das Ci\u00eancias Veterin\u00e1rias a na sua atividade profissional interage com 175 investigadores em autoria e coautoria de trabalhos cient\u00edficos.<\/span><\/p>                                                <\/p>\n\n                                                <div class=\"ts-speakers-social\">\n                                                                                                    <\/div>\n\n                                            <\/div>\n                                            <!-- ts-speaker-popup-content end-->\n                                        <\/div>\n                                        <!-- col end-->\n                                    <\/div>\n                                    <!-- row end-->\n                                <\/div>\n                                <!-- popup end-->\n                            <\/div>\n                            <!-- ts-speaker end  -->\n                        <\/div>                                    \n                                                <div class=\"swiper-slide\"> \n                            <div class=\"ts-speaker\">\n                                <div class=\"speaker-img\">\n                                                                            <img width=\"213\" height=\"237\" src=\"https:\/\/congressohvm.com\/2022\/wp-content\/uploads\/2022\/05\/Pablo-Gomes-Ochoa-1.jpg\" class=\"img-fluid\" alt=\"\" loading=\"lazy\" \/>                                                                        <a href=\"#popup_26036c42668\" class=\"view-speaker ts-image-popup\" data-effect=\"mfp-zoom-in\">\n                                        <!-- <i class=\"icon icon-plus\"><\/i> -->\n                                    <\/a>\n                                <\/div>\n                                <div class=\"ts-speaker-info\">\n                                    <h3 class=\"ts-title\">Pablo Gomes Ochoa<\/h3>\n                                    <p>\n                                        M\u00e9dico Veterin\u00e1rio                                    <\/p>\n                                <\/div>\n                                <!--- speaker info end -->\n                                <!-- popup start-->\n                                <div id=\"popup_26036c42668\" class=\"container ts-speaker-popup mfp-hide\">\n                                    <div class=\"row\">\n                                        <div class=\"col-lg-6\">\n                                            <div class=\"ts-speaker-popup-img\">\n                                                                                                    <img width=\"213\" height=\"237\" src=\"https:\/\/congressohvm.com\/2022\/wp-content\/uploads\/2022\/05\/Pablo-Gomes-Ochoa-1.jpg\" class=\"attachment-full size-full\" alt=\"\" loading=\"lazy\" \/>                                                                                            <\/div>\n                                        <\/div>\n                                        <!-- col end-->\n                                        <div class=\"col-lg-6\">\n                                            <div class=\"ts-speaker-popup-content\">\n                                                <h3 class=\"ts-title\">Pablo Gomes Ochoa <\/h3>\n                                                <span class=\"speakder-designation\"> M\u00e9dico Veterin\u00e1rio<\/span>\n                                                                                                <p>\n                                                    <p><span style=\"font-weight: 400\">Licenciado en 2000 en la Universidad de Zaragoza y Doctor en 2004 por la misma Universidad. Durante la tesis doctoral secuencio la prolactina canina e invent\u00f3 y describi\u00f3 el uso de la domperidona como tratamiento y profil\u00e1ctico frente a la leishmaniosis canina, que le valieron un premio nacional de investigaci\u00f3n y el premio internacional 3M en avances significativos en medicina. Ha publicado m\u00e1s de una treintena de art\u00edculos internacionales, as\u00ed como numerosos art\u00edculos de divulgaci\u00f3n y comunicaciones a congresos nacionales e internacionales. En el campo de la ecograf\u00eda ha realizado estancias en hospitales de medicina humana, adem\u00e1s de en el Animal Health Trust. En el 2006 fue profesor invitado en las Universidades de Ohio State y en Kansas State. En el 2010 ha sido profesor visitante en el servicio de cardiolog\u00eda de la Ohio State University y en la Universita di Sassari en Italia. En este campo ha realizado avances significativos con el desarrollo de una prueba de contraste para el diagn\u00f3stico de las derivaciones portosist\u00e9micos y la aplicaci\u00f3n de los \u00edndices semicuantitativos Doppler en los linfonodos abdominales. Ha sido ponente en m\u00e1s de 100 cursos y congresos nacionales e internacionales, y ha publicado el primer libro con realidad aumentada en medicina veterinaria, traducido 7 idiomas. En la actualidad es Profesor Titular a tiempo parcial de la Universidad de Zaragoza y desde 2012 trabaja en VetCorner Unavets, un centro diagn\u00f3stico pionero en ecograf\u00eda y radiofrecuencia.<\/span><\/p>                                                <\/p>\n\n                                                <div class=\"ts-speakers-social\">\n                                                                                                    <\/div>\n\n                                            <\/div>\n                                            <!-- ts-speaker-popup-content end-->\n                                        <\/div>\n                                        <!-- col end-->\n                                    <\/div>\n                                    <!-- row end-->\n                                <\/div>\n                                <!-- popup end-->\n                            <\/div>\n                            <!-- ts-speaker end  -->\n                        <\/div>                                    \n                                                <div class=\"swiper-slide\"> \n                            <div class=\"ts-speaker\">\n                                <div class=\"speaker-img\">\n                                                                            <img width=\"227\" height=\"222\" src=\"https:\/\/congressohvm.com\/2022\/wp-content\/uploads\/2022\/05\/Miguel-A\u0302ngelo.jpg\" class=\"img-fluid\" alt=\"\" loading=\"lazy\" \/>                                                                        <a href=\"#popup_26036c42665\" class=\"view-speaker ts-image-popup\" data-effect=\"mfp-zoom-in\">\n                                        <!-- <i class=\"icon icon-plus\"><\/i> -->\n                                    <\/a>\n                                <\/div>\n                                <div class=\"ts-speaker-info\">\n                                    <h3 class=\"ts-title\">Miguel \u00c2ngelo<\/h3>\n                                    <p>\n                                        National Account Manager na MARS                                    <\/p>\n                                <\/div>\n                                <!--- speaker info end -->\n                                <!-- popup start-->\n                                <div id=\"popup_26036c42665\" class=\"container ts-speaker-popup mfp-hide\">\n                                    <div class=\"row\">\n                                        <div class=\"col-lg-6\">\n                                            <div class=\"ts-speaker-popup-img\">\n                                                                                                    <img width=\"227\" height=\"222\" src=\"https:\/\/congressohvm.com\/2022\/wp-content\/uploads\/2022\/05\/Miguel-A\u0302ngelo.jpg\" class=\"attachment-full size-full\" alt=\"\" loading=\"lazy\" \/>                                                                                            <\/div>\n                                        <\/div>\n                                        <!-- col end-->\n                                        <div class=\"col-lg-6\">\n                                            <div class=\"ts-speaker-popup-content\">\n                                                <h3 class=\"ts-title\">Miguel \u00c2ngelo <\/h3>\n                                                <span class=\"speakder-designation\"> National Account Manager na MARS<\/span>\n                                                                                                <p>\n                                                    <p><span style=\"font-weight: 400\">Come\u00e7ou como Trainee na MARS<\/span><span style=\"font-weight: 400\">:<\/span><\/p><p><span style=\"font-weight: 400\">De vendedor de impulso a National Account Manager.<\/span><\/p><p><span style=\"font-weight: 400\">Partner da Excelforma\u00e7\u00e3o<\/span><\/p><p><span style=\"font-weight: 400\">Foco na \u00e1rea comercial: Vendas, Negocia\u00e7\u00e3o e Gest\u00e3o Equipas<\/span><\/p><p><span style=\"font-weight: 400\">22 anos de experi\u00eancia com muitas ind\u00fastrias: Grande consumo, retalho, farmac\u00eautica, Tecnologia, Banca e Seguros.<\/span><\/p><p><span style=\"font-weight: 400\">Professor na Educa\u00e7\u00e3o de Executivos, da Universidade Cat\u00f3lica Portuguesa desde 2008<\/span><\/p><p><span style=\"font-weight: 400\">Negocia\u00e7\u00e3o, Gest\u00e3o de Equipas Comerciais, Processo de venda, entre outros.<\/span><\/p><p><span style=\"font-weight: 400\">Um eterno Otimista e orgulhoso s\u00f3cio do SPORTING\u00a0<\/span><\/p>                                                <\/p>\n\n                                                <div class=\"ts-speakers-social\">\n                                                                                                    <\/div>\n\n                                            <\/div>\n                                            <!-- ts-speaker-popup-content end-->\n                                        <\/div>\n                                        <!-- col end-->\n                                    <\/div>\n                                    <!-- row end-->\n                                <\/div>\n                                <!-- popup end-->\n                            <\/div>\n                            <!-- ts-speaker end  -->\n                        <\/div>                                    \n                                                <div class=\"swiper-slide\"> \n                            <div class=\"ts-speaker\">\n                                <div class=\"speaker-img\">\n                                                                            <img width=\"140\" height=\"140\" src=\"https:\/\/congressohvm.com\/2022\/wp-content\/uploads\/2022\/05\/Marta-Pinto.jpg\" class=\"img-fluid\" alt=\"\" loading=\"lazy\" \/>                                                                        <a href=\"#popup_26036c42662\" class=\"view-speaker ts-image-popup\" data-effect=\"mfp-zoom-in\">\n                                        <!-- <i class=\"icon icon-plus\"><\/i> -->\n                                    <\/a>\n                                <\/div>\n                                <div class=\"ts-speaker-info\">\n                                    <h3 class=\"ts-title\">Marta Pinto<\/h3>\n                                    <p>\n                                        M\u00e9dica Veterin\u00e1ria                                    <\/p>\n                                <\/div>\n                                <!--- speaker info end -->\n                                <!-- popup start-->\n                                <div id=\"popup_26036c42662\" class=\"container ts-speaker-popup mfp-hide\">\n                                    <div class=\"row\">\n                                        <div class=\"col-lg-6\">\n                                            <div class=\"ts-speaker-popup-img\">\n                                                                                                    <img width=\"140\" height=\"140\" src=\"https:\/\/congressohvm.com\/2022\/wp-content\/uploads\/2022\/05\/Marta-Pinto.jpg\" class=\"attachment-full size-full\" alt=\"\" loading=\"lazy\" \/>                                                                                            <\/div>\n                                        <\/div>\n                                        <!-- col end-->\n                                        <div class=\"col-lg-6\">\n                                            <div class=\"ts-speaker-popup-content\">\n                                                <h3 class=\"ts-title\">Marta Pinto <\/h3>\n                                                <span class=\"speakder-designation\"> M\u00e9dica Veterin\u00e1ria<\/span>\n                                                                                                <p>\n                                                    <p><span style=\"font-weight: 400\">Licenciada em Medicina Veterin\u00e1ria pela faculdade de Medicina Veterin\u00e1ria da Universidade do Porto \u2013 ICBAS, desde 2000. Realizou parte do seu est\u00e1gio curricular na Universidade Aut\u00f3noma de Barcelona. Trabalha com M\u00e9dica Veterin\u00e1ria, no Hospital Refer\u00eancia Veterin\u00e1ria Montenegro desde 2000, onde \u00e9 respons\u00e1vel pela \u00e1rea de cirurgia geral,\u00a0 neurocirurgia e t\u00e9cnicas endoscopia. Realizou v\u00e1rios cursos de p\u00f3s- gradua\u00e7\u00e3o na \u00e1rea da cirurgia geral, da cirurgia minimamente invasiva e na \u00e1rea das t\u00e9cnicas endosc\u00f3picas. Obteve em 2013 o <\/span><i><span style=\"font-weight: 400\">General Practitioner in Small Animal Surgery <\/span><\/i><span style=\"font-weight: 400\">e em2014 o <\/span><i><span style=\"font-weight: 400\">General Practitioner in Small Animal Endoscopy<\/span><\/i><span style=\"font-weight: 400\">, pela <\/span><i><span style=\"font-weight: 400\">European School of Veterinary Postgraduate Studies.\u00a0<\/span><\/i><\/p>                                                <\/p>\n\n                                                <div class=\"ts-speakers-social\">\n                                                                                                    <\/div>\n\n                                            <\/div>\n                                            <!-- ts-speaker-popup-content end-->\n                                        <\/div>\n                                        <!-- col end-->\n                                    <\/div>\n                                    <!-- row end-->\n                                <\/div>\n                                <!-- popup end-->\n                            <\/div>\n                            <!-- ts-speaker end  -->\n                        <\/div>                                    \n                                                <div class=\"swiper-slide\"> \n                            <div class=\"ts-speaker\">\n                                <div class=\"speaker-img\">\n                                                                            <img width=\"1536\" height=\"1536\" src=\"https:\/\/congressohvm.com\/2022\/wp-content\/uploads\/2022\/05\/Maria-Martins-e1654712299605.jpg\" class=\"img-fluid\" alt=\"\" loading=\"lazy\" srcset=\"https:\/\/congressohvm.com\/2022\/wp-content\/uploads\/2022\/05\/Maria-Martins-e1654712299605.jpg 1536w, https:\/\/congressohvm.com\/2022\/wp-content\/uploads\/2022\/05\/Maria-Martins-e1654712299605-300x300.jpg 300w, https:\/\/congressohvm.com\/2022\/wp-content\/uploads\/2022\/05\/Maria-Martins-e1654712299605-1024x1024.jpg 1024w, https:\/\/congressohvm.com\/2022\/wp-content\/uploads\/2022\/05\/Maria-Martins-e1654712299605-150x150.jpg 150w, https:\/\/congressohvm.com\/2022\/wp-content\/uploads\/2022\/05\/Maria-Martins-e1654712299605-768x768.jpg 768w\" sizes=\"(max-width: 1536px) 100vw, 1536px\" \/>                                                                        <a href=\"#popup_26036c42659\" class=\"view-speaker ts-image-popup\" data-effect=\"mfp-zoom-in\">\n                                        <!-- <i class=\"icon icon-plus\"><\/i> -->\n                                    <\/a>\n                                <\/div>\n                                <div class=\"ts-speaker-info\">\n                                    <h3 class=\"ts-title\">Maria Martins<\/h3>\n                                    <p>\n                                        M\u00e9dica Veterin\u00e1ria                                    <\/p>\n                                <\/div>\n                                <!--- speaker info end -->\n                                <!-- popup start-->\n                                <div id=\"popup_26036c42659\" class=\"container ts-speaker-popup mfp-hide\">\n                                    <div class=\"row\">\n                                        <div class=\"col-lg-6\">\n                                            <div class=\"ts-speaker-popup-img\">\n                                                                                                    <img width=\"1536\" height=\"1536\" src=\"https:\/\/congressohvm.com\/2022\/wp-content\/uploads\/2022\/05\/Maria-Martins-e1654712299605.jpg\" class=\"attachment-full size-full\" alt=\"\" loading=\"lazy\" srcset=\"https:\/\/congressohvm.com\/2022\/wp-content\/uploads\/2022\/05\/Maria-Martins-e1654712299605.jpg 1536w, https:\/\/congressohvm.com\/2022\/wp-content\/uploads\/2022\/05\/Maria-Martins-e1654712299605-300x300.jpg 300w, https:\/\/congressohvm.com\/2022\/wp-content\/uploads\/2022\/05\/Maria-Martins-e1654712299605-1024x1024.jpg 1024w, https:\/\/congressohvm.com\/2022\/wp-content\/uploads\/2022\/05\/Maria-Martins-e1654712299605-150x150.jpg 150w, https:\/\/congressohvm.com\/2022\/wp-content\/uploads\/2022\/05\/Maria-Martins-e1654712299605-768x768.jpg 768w\" sizes=\"(max-width: 1536px) 100vw, 1536px\" \/>                                                                                            <\/div>\n                                        <\/div>\n                                        <!-- col end-->\n                                        <div class=\"col-lg-6\">\n                                            <div class=\"ts-speaker-popup-content\">\n                                                <h3 class=\"ts-title\">Maria Martins <\/h3>\n                                                <span class=\"speakder-designation\"> M\u00e9dica Veterin\u00e1ria<\/span>\n                                                                                                <p>\n                                                    <p><span style=\"font-weight: 400\">Mestre em Medicina Veterin\u00e1ria pela Universidade de \u00c9vora em fevereiro de 2022.\u00a0<\/span><\/p><p>&nbsp;<\/p><p><span style=\"font-weight: 400\">Realizou est\u00e1gios extracurriculares em animais de companhia numa cl\u00ednica em Castelo Branco, no Hospital Animal Bluecare (Mijas, M\u00e1laga) e no Hospital Refer\u00eancia Veterin\u00e1ria Montenegro (Porto). Neste \u00faltimo realizou tamb\u00e9m o seu est\u00e1gio curricular e iniciou atividade profissional em abril de 2021.\u00a0<\/span><\/p><p>&nbsp;<\/p><p><span style=\"font-weight: 400\">Tem principal interesse nas \u00e1reas de urg\u00eancias e cuidados intensivos, medicina interna e endoscopia e cirurgia de m\u00ednima invas\u00e3o.<\/span><\/p>                                                <\/p>\n\n                                                <div class=\"ts-speakers-social\">\n                                                                                                    <\/div>\n\n                                            <\/div>\n                                            <!-- ts-speaker-popup-content end-->\n                                        <\/div>\n                                        <!-- col end-->\n                                    <\/div>\n                                    <!-- row end-->\n                                <\/div>\n                                <!-- popup end-->\n                            <\/div>\n                            <!-- ts-speaker end  -->\n                        <\/div>                                    \n                                                <div class=\"swiper-slide\"> \n                            <div class=\"ts-speaker\">\n                                <div class=\"speaker-img\">\n                                                                            <img width=\"1168\" height=\"1168\" src=\"https:\/\/congressohvm.com\/2022\/wp-content\/uploads\/2022\/09\/Mallet-e1664841558600.jpg\" class=\"img-fluid\" alt=\"\" loading=\"lazy\" srcset=\"https:\/\/congressohvm.com\/2022\/wp-content\/uploads\/2022\/09\/Mallet-e1664841558600.jpg 1168w, https:\/\/congressohvm.com\/2022\/wp-content\/uploads\/2022\/09\/Mallet-e1664841558600-300x300.jpg 300w, https:\/\/congressohvm.com\/2022\/wp-content\/uploads\/2022\/09\/Mallet-e1664841558600-1024x1024.jpg 1024w, https:\/\/congressohvm.com\/2022\/wp-content\/uploads\/2022\/09\/Mallet-e1664841558600-150x150.jpg 150w, https:\/\/congressohvm.com\/2022\/wp-content\/uploads\/2022\/09\/Mallet-e1664841558600-768x768.jpg 768w, https:\/\/congressohvm.com\/2022\/wp-content\/uploads\/2022\/09\/Mallet-e1664841558600-12x12.jpg 12w\" sizes=\"(max-width: 1168px) 100vw, 1168px\" \/>                                                                        <a href=\"#popup_26036c43132\" class=\"view-speaker ts-image-popup\" data-effect=\"mfp-zoom-in\">\n                                        <!-- <i class=\"icon icon-plus\"><\/i> -->\n                                    <\/a>\n                                <\/div>\n                                <div class=\"ts-speaker-info\">\n                                    <h3 class=\"ts-title\">Mallet Del Barrio<\/h3>\n                                    <p>\n                                        M\u00e9dica Veterin\u00e1ria                                    <\/p>\n                                <\/div>\n                                <!--- speaker info end -->\n                                <!-- popup start-->\n                                <div id=\"popup_26036c43132\" class=\"container ts-speaker-popup mfp-hide\">\n                                    <div class=\"row\">\n                                        <div class=\"col-lg-6\">\n                                            <div class=\"ts-speaker-popup-img\">\n                                                                                                    <img width=\"1168\" height=\"1168\" src=\"https:\/\/congressohvm.com\/2022\/wp-content\/uploads\/2022\/09\/Mallet-e1664841558600.jpg\" class=\"attachment-full size-full\" alt=\"\" loading=\"lazy\" srcset=\"https:\/\/congressohvm.com\/2022\/wp-content\/uploads\/2022\/09\/Mallet-e1664841558600.jpg 1168w, https:\/\/congressohvm.com\/2022\/wp-content\/uploads\/2022\/09\/Mallet-e1664841558600-300x300.jpg 300w, https:\/\/congressohvm.com\/2022\/wp-content\/uploads\/2022\/09\/Mallet-e1664841558600-1024x1024.jpg 1024w, https:\/\/congressohvm.com\/2022\/wp-content\/uploads\/2022\/09\/Mallet-e1664841558600-150x150.jpg 150w, https:\/\/congressohvm.com\/2022\/wp-content\/uploads\/2022\/09\/Mallet-e1664841558600-768x768.jpg 768w, https:\/\/congressohvm.com\/2022\/wp-content\/uploads\/2022\/09\/Mallet-e1664841558600-12x12.jpg 12w\" sizes=\"(max-width: 1168px) 100vw, 1168px\" \/>                                                                                            <\/div>\n                                        <\/div>\n                                        <!-- col end-->\n                                        <div class=\"col-lg-6\">\n                                            <div class=\"ts-speaker-popup-content\">\n                                                <h3 class=\"ts-title\">Mallet Del Barrio <\/h3>\n                                                <span class=\"speakder-designation\"> M\u00e9dica Veterin\u00e1ria<\/span>\n                                                                                                <p>\n                                                    <ul><li><span style=\"font-weight: 400\">M\u00e9dica Veterin\u00e1ria graduada pela FMVZ-USP\/SP, onde concluiu o Programa de Resid\u00eancia em Cl\u00ednica e Cirurgia de Pequenos Animais e obteve t\u00edtulo de Mestre em Cl\u00ednica Veterin\u00e1ria<\/span><\/li><\/ul><p>&nbsp;<\/p><ul><li><span style=\"font-weight: 400\">Cl\u00ednica aut\u00f4noma com \u00eanfase em Medicina Felina, tendo trabalhado por 10 anos junto ao<\/span><\/li><\/ul><p><span style=\"font-weight: 400\">Professor Dr. Archivaldo Reche Jr<\/span><\/p><p>&nbsp;<\/p><ul><li><span style=\"font-weight: 400\">Docente da PUC-MG, das disciplinas Patologia Cl\u00ednica, Cl\u00ednica e Doen\u00e7as de Pequenos<\/span><span style=\"font-weight: 400\"><br \/><\/span><span style=\"font-weight: 400\">Animais<\/span><\/li><\/ul><p><span style=\"font-weight: 400\">.<\/span><\/p><ul><li><span style=\"font-weight: 400\">Autora de cap\u00edtulos de livros de Medicina Interna de Pequenos Animais, Medicina Felina,<\/span><\/li><\/ul><p><span style=\"font-weight: 400\">Infectologia, Nefrologia e Parasitologia<\/span><\/p><p>&nbsp;<\/p><ul><li><span style=\"font-weight: 400\">Professora de Cursos de Imers\u00e3o, Aprimoramento e Especializa\u00e7\u00e3o de Medicina Interna de<\/span><span style=\"font-weight: 400\"><br \/><\/span><span style=\"font-weight: 400\">Pequenos Animais e Medicina Felina, por todo o pa\u00eds<\/span><\/li><\/ul><p>&nbsp;<\/p><ul><li><span style=\"font-weight: 400\">Speaker de v\u00e1rias empresas de medicamentos e alimentos para Pequenos Animais<\/span><\/li><\/ul><p>&nbsp;<\/p><ul><li><span style=\"font-weight: 400\">Palestrante nacional e internacional<\/span><\/li><\/ul><p>&nbsp;<\/p><ul><li><span style=\"font-weight: 400\">Membro de Boardings de infectologia, parasitologia e nefrologia<\/span><\/li><\/ul><p>&nbsp;<\/p><ul><li><span style=\"font-weight: 400\">Vencedora do Pr\u00eamio Veterin\u00e1ria do Ano de 2012, promovido pela Vetnil, no Congresso<\/span><span style=\"font-weight: 400\"><br \/><\/span><span style=\"font-weight: 400\">Brasileiro da ANCLIVEPA 2013<\/span><\/li><\/ul><p>&nbsp;<\/p><ul><li><span style=\"font-weight: 400\">Diretora cl\u00ednica do Hospital Veterin\u00e1rio Santa In\u00eas<\/span><\/li><\/ul><p>&nbsp;<\/p>                                                <\/p>\n\n                                                <div class=\"ts-speakers-social\">\n                                                                                                    <\/div>\n\n                                            <\/div>\n                                            <!-- ts-speaker-popup-content end-->\n                                        <\/div>\n                                        <!-- col end-->\n                                    <\/div>\n                                    <!-- row end-->\n                                <\/div>\n                                <!-- popup end-->\n                            <\/div>\n                            <!-- ts-speaker end  -->\n                        <\/div>                                    \n                                                <div class=\"swiper-slide\"> \n                            <div class=\"ts-speaker\">\n                                <div class=\"speaker-img\">\n                                                                            <img width=\"1548\" height=\"1548\" src=\"https:\/\/congressohvm.com\/2022\/wp-content\/uploads\/2022\/05\/Jose-Grac\u0327a-e1655935297786.jpg\" class=\"img-fluid\" alt=\"\" loading=\"lazy\" srcset=\"https:\/\/congressohvm.com\/2022\/wp-content\/uploads\/2022\/05\/Jose-Grac\u0327a-e1655935297786.jpg 1548w, https:\/\/congressohvm.com\/2022\/wp-content\/uploads\/2022\/05\/Jose-Grac\u0327a-e1655935297786-300x300.jpg 300w, https:\/\/congressohvm.com\/2022\/wp-content\/uploads\/2022\/05\/Jose-Grac\u0327a-e1655935297786-1024x1024.jpg 1024w, https:\/\/congressohvm.com\/2022\/wp-content\/uploads\/2022\/05\/Jose-Grac\u0327a-e1655935297786-150x150.jpg 150w, https:\/\/congressohvm.com\/2022\/wp-content\/uploads\/2022\/05\/Jose-Grac\u0327a-e1655935297786-768x768.jpg 768w, https:\/\/congressohvm.com\/2022\/wp-content\/uploads\/2022\/05\/Jose-Grac\u0327a-e1655935297786-1536x1536.jpg 1536w\" sizes=\"(max-width: 1548px) 100vw, 1548px\" \/>                                                                        <a href=\"#popup_26036c42656\" class=\"view-speaker ts-image-popup\" data-effect=\"mfp-zoom-in\">\n                                        <!-- <i class=\"icon icon-plus\"><\/i> -->\n                                    <\/a>\n                                <\/div>\n                                <div class=\"ts-speaker-info\">\n                                    <h3 class=\"ts-title\">Jos\u00e9 Gra\u00e7a<\/h3>\n                                    <p>\n                                        M\u00e9dico Veterin\u00e1rio                                    <\/p>\n                                <\/div>\n                                <!--- speaker info end -->\n                                <!-- popup start-->\n                                <div id=\"popup_26036c42656\" class=\"container ts-speaker-popup mfp-hide\">\n                                    <div class=\"row\">\n                                        <div class=\"col-lg-6\">\n                                            <div class=\"ts-speaker-popup-img\">\n                                                                                                    <img width=\"1548\" height=\"1548\" src=\"https:\/\/congressohvm.com\/2022\/wp-content\/uploads\/2022\/05\/Jose-Grac\u0327a-e1655935297786.jpg\" class=\"attachment-full size-full\" alt=\"\" loading=\"lazy\" srcset=\"https:\/\/congressohvm.com\/2022\/wp-content\/uploads\/2022\/05\/Jose-Grac\u0327a-e1655935297786.jpg 1548w, https:\/\/congressohvm.com\/2022\/wp-content\/uploads\/2022\/05\/Jose-Grac\u0327a-e1655935297786-300x300.jpg 300w, https:\/\/congressohvm.com\/2022\/wp-content\/uploads\/2022\/05\/Jose-Grac\u0327a-e1655935297786-1024x1024.jpg 1024w, https:\/\/congressohvm.com\/2022\/wp-content\/uploads\/2022\/05\/Jose-Grac\u0327a-e1655935297786-150x150.jpg 150w, https:\/\/congressohvm.com\/2022\/wp-content\/uploads\/2022\/05\/Jose-Grac\u0327a-e1655935297786-768x768.jpg 768w, https:\/\/congressohvm.com\/2022\/wp-content\/uploads\/2022\/05\/Jose-Grac\u0327a-e1655935297786-1536x1536.jpg 1536w\" sizes=\"(max-width: 1548px) 100vw, 1548px\" \/>                                                                                            <\/div>\n                                        <\/div>\n                                        <!-- col end-->\n                                        <div class=\"col-lg-6\">\n                                            <div class=\"ts-speaker-popup-content\">\n                                                <h3 class=\"ts-title\">Jos\u00e9 Gra\u00e7a <\/h3>\n                                                <span class=\"speakder-designation\"> M\u00e9dico Veterin\u00e1rio<\/span>\n                                                                                                <p>\n                                                    <ul><li>2001-2006- M\u00e9dico Veterin\u00e1rio no Hospital Veterin\u00e1rio Montenegro, respons\u00e1vel pelo servi\u00e7o de ecografia.<\/li><\/ul><p>&nbsp;<\/p><ul><li>2001\u2013 Est\u00e1gios curriculares no Hospital Veterin\u00e1rio Los Madrazo (Madrid \u2013 Espanha), no Hospital Veterin\u00e1rio Anubi (Torino \u2013 It\u00e1lia) e na Universidade Complutense de Madrid.<\/li><\/ul><p>&nbsp;<\/p><ul><li>Diretor da Empresa Ecovm - Ecografia Veterin\u00e1ria M\u00f3vel LDA<\/li><\/ul><p>&nbsp;<\/p><ul><li>Diretor Cl\u00ednico de Imagiologia Veterin\u00e1ria do Porto e Centro de Cardiologia Veterin\u00e1ria<\/li><\/ul><p>&nbsp;<\/p><ul><li>Formador em v\u00e1rios cursos de Ecografia Abdominal b\u00e1sica e avan\u00e7ada.<\/li><\/ul><p>&nbsp;<\/p><ul><li>Participa\u00e7\u00e3o em cursos de Contraste em ecografia abdominal com a realiza\u00e7\u00e3o de estudos, elastografia.<\/li><\/ul><ul><li>Participa\u00e7\u00e3o em v\u00e1rias comunica\u00e7\u00f5es livres, Posters e co-autor em artigos cient\u00edficos.<\/li><\/ul><ul><li>Coopera\u00e7\u00e3o com mais de 80 cl\u00ednicas na \u00c1rea do Grande Porto.<\/li><\/ul><p>&nbsp;<\/p><ul><li>Coopera\u00e7\u00e3o com o Jardim Zool\u00f3gico da Maia na Ecografia de animais selvagens<\/li><\/ul><p>&nbsp;<\/p>                                                <\/p>\n\n                                                <div class=\"ts-speakers-social\">\n                                                                                                    <\/div>\n\n                                            <\/div>\n                                            <!-- ts-speaker-popup-content end-->\n                                        <\/div>\n                                        <!-- col end-->\n                                    <\/div>\n                                    <!-- row end-->\n                                <\/div>\n                                <!-- popup end-->\n                            <\/div>\n                            <!-- ts-speaker end  -->\n                        <\/div>                                    \n                                                <div class=\"swiper-slide\"> \n                            <div class=\"ts-speaker\">\n                                <div class=\"speaker-img\">\n                                                                            <img width=\"282\" height=\"296\" src=\"https:\/\/congressohvm.com\/2022\/wp-content\/uploads\/2022\/05\/Jose-Daniel-Vasquez.png\" class=\"img-fluid\" alt=\"\" loading=\"lazy\" \/>                                                                        <a href=\"#popup_26036c42653\" class=\"view-speaker ts-image-popup\" data-effect=\"mfp-zoom-in\">\n                                        <!-- <i class=\"icon icon-plus\"><\/i> -->\n                                    <\/a>\n                                <\/div>\n                                <div class=\"ts-speaker-info\">\n                                    <h3 class=\"ts-title\">Jos\u00e9 Daniel Vasquez<\/h3>\n                                    <p>\n                                        M\u00e9dico Veterin\u00e1rio e Professor                                    <\/p>\n                                <\/div>\n                                <!--- speaker info end -->\n                                <!-- popup start-->\n                                <div id=\"popup_26036c42653\" class=\"container ts-speaker-popup mfp-hide\">\n                                    <div class=\"row\">\n                                        <div class=\"col-lg-6\">\n                                            <div class=\"ts-speaker-popup-img\">\n                                                                                                    <img width=\"282\" height=\"296\" src=\"https:\/\/congressohvm.com\/2022\/wp-content\/uploads\/2022\/05\/Jose-Daniel-Vasquez.png\" class=\"attachment-full size-full\" alt=\"\" loading=\"lazy\" \/>                                                                                            <\/div>\n                                        <\/div>\n                                        <!-- col end-->\n                                        <div class=\"col-lg-6\">\n                                            <div class=\"ts-speaker-popup-content\">\n                                                <h3 class=\"ts-title\">Jos\u00e9 Daniel Vasquez <\/h3>\n                                                <span class=\"speakder-designation\"> M\u00e9dico Veterin\u00e1rio e Professor<\/span>\n                                                                                                <p>\n                                                    <p><span style=\"font-weight: 400\">Doutor en Veterinaria pola Universidade de Santiago de Compostela, Profesor Asociado de Diagn\u00f3stico por Imaxe na Facultade de Veterinaria de Lugo dende o ano 2009 e acreditado por AVEPA en Diagn\u00f3stico por Imaxe dende 2013. Son Facultativo Veterinario do Servizo de Diagn\u00f3stico por Imaxe do HVU Rof Codina dende o 2007.<\/span><\/p>                                                <\/p>\n\n                                                <div class=\"ts-speakers-social\">\n                                                                                                    <\/div>\n\n                                            <\/div>\n                                            <!-- ts-speaker-popup-content end-->\n                                        <\/div>\n                                        <!-- col end-->\n                                    <\/div>\n                                    <!-- row end-->\n                                <\/div>\n                                <!-- popup end-->\n                            <\/div>\n                            <!-- ts-speaker end  -->\n                        <\/div>                                    \n                                                <div class=\"swiper-slide\"> \n                            <div class=\"ts-speaker\">\n                                <div class=\"speaker-img\">\n                                                                            <img width=\"1822\" height=\"1822\" src=\"https:\/\/congressohvm.com\/2022\/wp-content\/uploads\/2022\/10\/Jorge-Pereira-da-Silva.png\" class=\"img-fluid\" alt=\"\" loading=\"lazy\" srcset=\"https:\/\/congressohvm.com\/2022\/wp-content\/uploads\/2022\/10\/Jorge-Pereira-da-Silva.png 1822w, https:\/\/congressohvm.com\/2022\/wp-content\/uploads\/2022\/10\/Jorge-Pereira-da-Silva-300x300.png 300w, https:\/\/congressohvm.com\/2022\/wp-content\/uploads\/2022\/10\/Jorge-Pereira-da-Silva-1024x1024.png 1024w, https:\/\/congressohvm.com\/2022\/wp-content\/uploads\/2022\/10\/Jorge-Pereira-da-Silva-150x150.png 150w, https:\/\/congressohvm.com\/2022\/wp-content\/uploads\/2022\/10\/Jorge-Pereira-da-Silva-768x768.png 768w, https:\/\/congressohvm.com\/2022\/wp-content\/uploads\/2022\/10\/Jorge-Pereira-da-Silva-1536x1536.png 1536w, https:\/\/congressohvm.com\/2022\/wp-content\/uploads\/2022\/10\/Jorge-Pereira-da-Silva-12x12.png 12w\" sizes=\"(max-width: 1822px) 100vw, 1822px\" \/>                                                                        <a href=\"#popup_26036c43331\" class=\"view-speaker ts-image-popup\" data-effect=\"mfp-zoom-in\">\n                                        <!-- <i class=\"icon icon-plus\"><\/i> -->\n                                    <\/a>\n                                <\/div>\n                                <div class=\"ts-speaker-info\">\n                                    <h3 class=\"ts-title\">Jorge Pereira da Silva<\/h3>\n                                    <p>\n                                        Product Manager do Fidelidade Pets                                    <\/p>\n                                <\/div>\n                                <!--- speaker info end -->\n                                <!-- popup start-->\n                                <div id=\"popup_26036c43331\" class=\"container ts-speaker-popup mfp-hide\">\n                                    <div class=\"row\">\n                                        <div class=\"col-lg-6\">\n                                            <div class=\"ts-speaker-popup-img\">\n                                                                                                    <img width=\"1822\" height=\"1822\" src=\"https:\/\/congressohvm.com\/2022\/wp-content\/uploads\/2022\/10\/Jorge-Pereira-da-Silva.png\" class=\"attachment-full size-full\" alt=\"\" loading=\"lazy\" srcset=\"https:\/\/congressohvm.com\/2022\/wp-content\/uploads\/2022\/10\/Jorge-Pereira-da-Silva.png 1822w, https:\/\/congressohvm.com\/2022\/wp-content\/uploads\/2022\/10\/Jorge-Pereira-da-Silva-300x300.png 300w, https:\/\/congressohvm.com\/2022\/wp-content\/uploads\/2022\/10\/Jorge-Pereira-da-Silva-1024x1024.png 1024w, https:\/\/congressohvm.com\/2022\/wp-content\/uploads\/2022\/10\/Jorge-Pereira-da-Silva-150x150.png 150w, https:\/\/congressohvm.com\/2022\/wp-content\/uploads\/2022\/10\/Jorge-Pereira-da-Silva-768x768.png 768w, https:\/\/congressohvm.com\/2022\/wp-content\/uploads\/2022\/10\/Jorge-Pereira-da-Silva-1536x1536.png 1536w, https:\/\/congressohvm.com\/2022\/wp-content\/uploads\/2022\/10\/Jorge-Pereira-da-Silva-12x12.png 12w\" sizes=\"(max-width: 1822px) 100vw, 1822px\" \/>                                                                                            <\/div>\n                                        <\/div>\n                                        <!-- col end-->\n                                        <div class=\"col-lg-6\">\n                                            <div class=\"ts-speaker-popup-content\">\n                                                <h3 class=\"ts-title\">Jorge Pereira da Silva <\/h3>\n                                                <span class=\"speakder-designation\"> Product Manager do Fidelidade Pets<\/span>\n                                                                                                <p>\n                                                    <p><span style=\"font-weight: 400\">Licenciado em Direito pela Universidade Aut\u00f3noma de Lisboa. P\u00f3s-Graduado em Prospetiva, Estrat\u00e9gia e Inova\u00e7\u00e3o pelo ISEG - Lisbon School of Economics &amp; Management. Forma\u00e7\u00e3o complementar em Gest\u00e3o de Sa\u00fade pela UCP - Cat\u00f3lica Lisbon School of Business and Economics. Forma\u00e7\u00e3o complementar em Gest\u00e3o de Projetos pela George Washington University School of Business.<\/span><\/p><p><span style=\"font-weight: 400\">Mais de 20 anos de\u00a0experi\u00eancia\u00a0no setor segurador, com exerc\u00edcio de fun\u00e7\u00f5es em \u00e1reas comerciais e t\u00e9cnicas, assim como de marketing e inova\u00e7\u00e3o. Dedicado desde 2017 ao projeto Fidelidade Pets, tendo participado ativamente na cria\u00e7\u00e3o, lan\u00e7amento e desenvolvimento dos planos de seguro, assim como da rede de Centros de Atendimento M\u00e9dico-Veterin\u00e1rio que \u00e9 j\u00e1 uma refer\u00eancia de qualidade na presta\u00e7\u00e3o de servi\u00e7os aos animais de companhia.<\/span><\/p>                                                <\/p>\n\n                                                <div class=\"ts-speakers-social\">\n                                                                                                    <\/div>\n\n                                            <\/div>\n                                            <!-- ts-speaker-popup-content end-->\n                                        <\/div>\n                                        <!-- col end-->\n                                    <\/div>\n                                    <!-- row end-->\n                                <\/div>\n                                <!-- popup end-->\n                            <\/div>\n                            <!-- ts-speaker end  -->\n                        <\/div>                                    \n                                                <div class=\"swiper-slide\"> \n                            <div class=\"ts-speaker\">\n                                <div class=\"speaker-img\">\n                                                                            <img width=\"800\" height=\"800\" src=\"https:\/\/congressohvm.com\/2022\/wp-content\/uploads\/2022\/05\/Jorge-Leite.jpeg\" class=\"img-fluid\" alt=\"\" loading=\"lazy\" srcset=\"https:\/\/congressohvm.com\/2022\/wp-content\/uploads\/2022\/05\/Jorge-Leite.jpeg 800w, https:\/\/congressohvm.com\/2022\/wp-content\/uploads\/2022\/05\/Jorge-Leite-300x300.jpeg 300w, https:\/\/congressohvm.com\/2022\/wp-content\/uploads\/2022\/05\/Jorge-Leite-150x150.jpeg 150w, https:\/\/congressohvm.com\/2022\/wp-content\/uploads\/2022\/05\/Jorge-Leite-768x768.jpeg 768w\" sizes=\"(max-width: 800px) 100vw, 800px\" \/>                                                                        <a href=\"#popup_26036c42650\" class=\"view-speaker ts-image-popup\" data-effect=\"mfp-zoom-in\">\n                                        <!-- <i class=\"icon icon-plus\"><\/i> -->\n                                    <\/a>\n                                <\/div>\n                                <div class=\"ts-speaker-info\">\n                                    <h3 class=\"ts-title\">Jorge Leite<\/h3>\n                                    <p>\n                                        M\u00e9dico Veterin\u00e1rio                                    <\/p>\n                                <\/div>\n                                <!--- speaker info end -->\n                                <!-- popup start-->\n                                <div id=\"popup_26036c42650\" class=\"container ts-speaker-popup mfp-hide\">\n                                    <div class=\"row\">\n                                        <div class=\"col-lg-6\">\n                                            <div class=\"ts-speaker-popup-img\">\n                                                                                                    <img width=\"800\" height=\"800\" src=\"https:\/\/congressohvm.com\/2022\/wp-content\/uploads\/2022\/05\/Jorge-Leite.jpeg\" class=\"attachment-full size-full\" alt=\"\" loading=\"lazy\" srcset=\"https:\/\/congressohvm.com\/2022\/wp-content\/uploads\/2022\/05\/Jorge-Leite.jpeg 800w, https:\/\/congressohvm.com\/2022\/wp-content\/uploads\/2022\/05\/Jorge-Leite-300x300.jpeg 300w, https:\/\/congressohvm.com\/2022\/wp-content\/uploads\/2022\/05\/Jorge-Leite-150x150.jpeg 150w, https:\/\/congressohvm.com\/2022\/wp-content\/uploads\/2022\/05\/Jorge-Leite-768x768.jpeg 768w\" sizes=\"(max-width: 800px) 100vw, 800px\" \/>                                                                                            <\/div>\n                                        <\/div>\n                                        <!-- col end-->\n                                        <div class=\"col-lg-6\">\n                                            <div class=\"ts-speaker-popup-content\">\n                                                <h3 class=\"ts-title\">Jorge Leite <\/h3>\n                                                <span class=\"speakder-designation\"> M\u00e9dico Veterin\u00e1rio<\/span>\n                                                                                                <p>\n                                                    <p><span style=\"font-weight: 400\">- Licenciado na Utad em 2005<\/span><\/p><p><span style=\"font-weight: 400\">- Trabalha full time em cirurgia ortop\u00e9dica, neuro-cirurgia y artroscopia desde 2009<\/span><\/p><p><span style=\"font-weight: 400\">-Frequentou 5 cursos AOvet e 18 cursos internacionais, todos relacionados com a cirurgia ortop\u00e9dica, artroscopia e neurocirurgia.\u00a0<\/span><\/p><p><span style=\"font-weight: 400\">Frequentou todos os congressos mundiais e europeus de ortopedia desde 2010<\/span><\/p><p><span style=\"font-weight: 400\">- Em 2012 fundou BONEMATRIX, empresa de cirurgia ortop\u00e9dica ambulat\u00f3ria.<\/span><\/p><p><span style=\"font-weight: 400\">- Em 2020 inaugurou o Centro de Cirurgia Veterinaria Avanzada, a nova casa da Bonematrix e o local onde dedica actualmente todo o seu tempo de trabalho, colaborando com mais de 60 clinicas de Portugal continental, ilhas e Espanha<\/span><\/p><p><span style=\"font-weight: 400\">- Palestrante frequente em diversos cursos e congressos nacionais e internacionais de ortopedia veterin\u00e1ria.<\/span><\/p><p><span style=\"font-weight: 400\">- Inventor do m\u00e9todo biomec\u00e2nico para medi\u00e7\u00e3o de tor\u00e7\u00e3o total de tibia e tarso<\/span><\/p><p><span style=\"font-weight: 400\">- Desenvolveu metodologia para a correc\u00e7\u00e3o simult\u00e2nea de tor\u00e7\u00e3o tibial e medializa\u00e7\u00e3o da TT<\/span><\/p><p><span style=\"font-weight: 400\">- Autor de um capitulo de um livro sobre corre\u00e7\u00e3o de deformidades angulares<\/span><\/p><p><span style=\"font-weight: 400\">- Envolvido directamente no desenho de novos implantes e seus ensaios cl\u00ednicos\u00a0 (pr\u00f3tese de troclea TRA INNOPLANT, sistema poliaxial CARMELO, placa h\u00edbrida de pan-artrodese INTRAUMA)<\/span><\/p><p><span style=\"font-weight: 400\">- instructor de la t\u00e9cnica TTTT, junto com o seu inventor, o Dr Massimo Petazzoni<\/span><\/p><p><span style=\"font-weight: 400\">- Especial interesse em t\u00e9cnicas MIO e MIPO, \u201climb aligment\u201d, artroscopia, \u201c3d planning\u201d e desenho de implantes<\/span><\/p><p><span style=\"font-weight: 400\">- Membro de GEVO, AVORE, AOvet e ESVOT<\/span><\/p>                                                <\/p>\n\n                                                <div class=\"ts-speakers-social\">\n                                                                                                    <\/div>\n\n                                            <\/div>\n                                            <!-- ts-speaker-popup-content end-->\n                                        <\/div>\n                                        <!-- col end-->\n                                    <\/div>\n                                    <!-- row end-->\n                                <\/div>\n                                <!-- popup end-->\n                            <\/div>\n                            <!-- ts-speaker end  -->\n                        <\/div>                                    \n                                                <div class=\"swiper-slide\"> \n                            <div class=\"ts-speaker\">\n                                <div class=\"speaker-img\">\n                                                                            <img width=\"222\" height=\"227\" src=\"https:\/\/congressohvm.com\/2022\/wp-content\/uploads\/2022\/05\/Joa\u0303o-Abel-Buck.jpg\" class=\"img-fluid\" alt=\"\" loading=\"lazy\" \/>                                                                        <a href=\"#popup_26036c42646\" class=\"view-speaker ts-image-popup\" data-effect=\"mfp-zoom-in\">\n                                        <!-- <i class=\"icon icon-plus\"><\/i> -->\n                                    <\/a>\n                                <\/div>\n                                <div class=\"ts-speaker-info\">\n                                    <h3 class=\"ts-title\">Jo\u00e3o Abel Buck<\/h3>\n                                    <p>\n                                        Presidente da Associa\u00e7\u00e3o Brasileira de Hospitais Veterin\u00e1rios                                    <\/p>\n                                <\/div>\n                                <!--- speaker info end -->\n                                <!-- popup start-->\n                                <div id=\"popup_26036c42646\" class=\"container ts-speaker-popup mfp-hide\">\n                                    <div class=\"row\">\n                                        <div class=\"col-lg-6\">\n                                            <div class=\"ts-speaker-popup-img\">\n                                                                                                    <img width=\"222\" height=\"227\" src=\"https:\/\/congressohvm.com\/2022\/wp-content\/uploads\/2022\/05\/Joa\u0303o-Abel-Buck.jpg\" class=\"attachment-full size-full\" alt=\"\" loading=\"lazy\" \/>                                                                                            <\/div>\n                                        <\/div>\n                                        <!-- col end-->\n                                        <div class=\"col-lg-6\">\n                                            <div class=\"ts-speaker-popup-content\">\n                                                <h3 class=\"ts-title\">Jo\u00e3o Abel Buck <\/h3>\n                                                <span class=\"speakder-designation\"> Presidente da Associa\u00e7\u00e3o Brasileira de Hospitais Veterin\u00e1rios<\/span>\n                                                                                                <p>\n                                                    <p><span style=\"font-weight: 400\">Graduado em Medicina Veterin\u00e1ria pela UNIFENAS \u2013 MG, especializado em radiologia pela IVI \u2013 Instituto Veterin\u00e1rio de Imagem. Cursou Gest\u00e3o e Inova\u00e7\u00e3o pela FGV.<\/span><\/p><p><span style=\"font-weight: 400\">Atualmente \u00e9 o Presidente da Associa\u00e7\u00e3o Brasileira de Hospitais Veterin\u00e1rios, e s\u00f3cio-propriet\u00e1rio do Hospital Veterin\u00e1rio Santa In\u00eas \u2013 SP<\/span><\/p>                                                <\/p>\n\n                                                <div class=\"ts-speakers-social\">\n                                                                                                    <\/div>\n\n                                            <\/div>\n                                            <!-- ts-speaker-popup-content end-->\n                                        <\/div>\n                                        <!-- col end-->\n                                    <\/div>\n                                    <!-- row end-->\n                                <\/div>\n                                <!-- popup end-->\n                            <\/div>\n                            <!-- ts-speaker end  -->\n                        <\/div>                                    \n                                                <div class=\"swiper-slide\"> \n                            <div class=\"ts-speaker\">\n                                <div class=\"speaker-img\">\n                                                                            <img width=\"183\" height=\"183\" src=\"https:\/\/congressohvm.com\/2022\/wp-content\/uploads\/2022\/05\/Joana-Alegrete-e1655935368940.jpg\" class=\"img-fluid\" alt=\"\" loading=\"lazy\" srcset=\"https:\/\/congressohvm.com\/2022\/wp-content\/uploads\/2022\/05\/Joana-Alegrete-e1655935368940.jpg 183w, https:\/\/congressohvm.com\/2022\/wp-content\/uploads\/2022\/05\/Joana-Alegrete-e1655935368940-150x150.jpg 150w\" sizes=\"(max-width: 183px) 100vw, 183px\" \/>                                                                        <a href=\"#popup_26036c42642\" class=\"view-speaker ts-image-popup\" data-effect=\"mfp-zoom-in\">\n                                        <!-- <i class=\"icon icon-plus\"><\/i> -->\n                                    <\/a>\n                                <\/div>\n                                <div class=\"ts-speaker-info\">\n                                    <h3 class=\"ts-title\">Joana Alegrete<\/h3>\n                                    <p>\n                                        M\u00e9dica Veterin\u00e1ria                                    <\/p>\n                                <\/div>\n                                <!--- speaker info end -->\n                                <!-- popup start-->\n                                <div id=\"popup_26036c42642\" class=\"container ts-speaker-popup mfp-hide\">\n                                    <div class=\"row\">\n                                        <div class=\"col-lg-6\">\n                                            <div class=\"ts-speaker-popup-img\">\n                                                                                                    <img width=\"183\" height=\"183\" src=\"https:\/\/congressohvm.com\/2022\/wp-content\/uploads\/2022\/05\/Joana-Alegrete-e1655935368940.jpg\" class=\"attachment-full size-full\" alt=\"\" loading=\"lazy\" srcset=\"https:\/\/congressohvm.com\/2022\/wp-content\/uploads\/2022\/05\/Joana-Alegrete-e1655935368940.jpg 183w, https:\/\/congressohvm.com\/2022\/wp-content\/uploads\/2022\/05\/Joana-Alegrete-e1655935368940-150x150.jpg 150w\" sizes=\"(max-width: 183px) 100vw, 183px\" \/>                                                                                            <\/div>\n                                        <\/div>\n                                        <!-- col end-->\n                                        <div class=\"col-lg-6\">\n                                            <div class=\"ts-speaker-popup-content\">\n                                                <h3 class=\"ts-title\">Joana Alegrete <\/h3>\n                                                <span class=\"speakder-designation\"> M\u00e9dica Veterin\u00e1ria<\/span>\n                                                                                                <p>\n                                                    <p><span style=\"font-weight: 400\">Licenciada pela UTAD em 1996, fundadora da clinica veterin\u00e1ria do eucalipto em 1999, e do Hospital Veterin\u00e1rio de Aveiro em 2011.<\/span><\/p><p><span style=\"font-weight: 400\">Tem como principais \u00e1reas de interesse cirurgia, anestesia e gest\u00e3o.<\/span><\/p><p><span style=\"font-weight: 400\">Master de Ortopedia e traumatologia pela Universidade Complutense de Madrid.<\/span><\/p><p><span style=\"font-weight: 400\">Frequentou v\u00e1rios cursos de cirurgia e anestesia da ESAVS.<\/span><\/p><p><span style=\"font-weight: 400\">Actualmente a frequentar o MBA Executive na Porto Business School.<\/span><\/p>                                                <\/p>\n\n                                                <div class=\"ts-speakers-social\">\n                                                                                                    <\/div>\n\n                                            <\/div>\n                                            <!-- ts-speaker-popup-content end-->\n                                        <\/div>\n                                        <!-- col end-->\n                                    <\/div>\n                                    <!-- row end-->\n                                <\/div>\n                                <!-- popup end-->\n                            <\/div>\n                            <!-- ts-speaker end  -->\n                        <\/div>                                    \n                                                <div class=\"swiper-slide\"> \n                            <div class=\"ts-speaker\">\n                                <div class=\"speaker-img\">\n                                                                            <img width=\"204\" height=\"204\" src=\"https:\/\/congressohvm.com\/2022\/wp-content\/uploads\/2022\/05\/Jaime-Viscasillas-e1655935393457.jpg\" class=\"img-fluid\" alt=\"\" loading=\"lazy\" srcset=\"https:\/\/congressohvm.com\/2022\/wp-content\/uploads\/2022\/05\/Jaime-Viscasillas-e1655935393457.jpg 204w, https:\/\/congressohvm.com\/2022\/wp-content\/uploads\/2022\/05\/Jaime-Viscasillas-e1655935393457-150x150.jpg 150w\" sizes=\"(max-width: 204px) 100vw, 204px\" \/>                                                                        <a href=\"#popup_26036c42639\" class=\"view-speaker ts-image-popup\" data-effect=\"mfp-zoom-in\">\n                                        <!-- <i class=\"icon icon-plus\"><\/i> -->\n                                    <\/a>\n                                <\/div>\n                                <div class=\"ts-speaker-info\">\n                                    <h3 class=\"ts-title\">Jaime Viscasillas<\/h3>\n                                    <p>\n                                        M\u00e9dico Veterin\u00e1rio                                    <\/p>\n                                <\/div>\n                                <!--- speaker info end -->\n                                <!-- popup start-->\n                                <div id=\"popup_26036c42639\" class=\"container ts-speaker-popup mfp-hide\">\n                                    <div class=\"row\">\n                                        <div class=\"col-lg-6\">\n                                            <div class=\"ts-speaker-popup-img\">\n                                                                                                    <img width=\"204\" height=\"204\" src=\"https:\/\/congressohvm.com\/2022\/wp-content\/uploads\/2022\/05\/Jaime-Viscasillas-e1655935393457.jpg\" class=\"attachment-full size-full\" alt=\"\" loading=\"lazy\" srcset=\"https:\/\/congressohvm.com\/2022\/wp-content\/uploads\/2022\/05\/Jaime-Viscasillas-e1655935393457.jpg 204w, https:\/\/congressohvm.com\/2022\/wp-content\/uploads\/2022\/05\/Jaime-Viscasillas-e1655935393457-150x150.jpg 150w\" sizes=\"(max-width: 204px) 100vw, 204px\" \/>                                                                                            <\/div>\n                                        <\/div>\n                                        <!-- col end-->\n                                        <div class=\"col-lg-6\">\n                                            <div class=\"ts-speaker-popup-content\">\n                                                <h3 class=\"ts-title\">Jaime Viscasillas <\/h3>\n                                                <span class=\"speakder-designation\"> M\u00e9dico Veterin\u00e1rio<\/span>\n                                                                                                <p>\n                                                    <p><span style=\"font-weight: 400\">Licenciado en la Facultad de Veterinaria de Zaragoza. Ha trabajado en diversos centros y hospitales veterinarios en Espa\u00f1a y Reino Unido, tanto en el \u00e1mbito de la cl\u00ednica privada como de universidad.<\/span><\/p><p><span style=\"font-weight: 400\">Posee el Master de Anestesia Veterinaria de la Universidad Complutense de Madrid, es Acreditado en Anestesia de Peque\u00f1os Animales por la Asociaci\u00f3n de Veterinarios Especialistas en Peque\u00f1os Animales (AVEPA) y Diplomado Europeo en Anestesia y Analgesia Veterinaria (DECVAA). Es actualmente miembro del comit\u00e9 de acreditaci\u00f3n en anestesia de AVEPA y secretario de la Sociedad Espa\u00f1ola de Anestesia y Analgesia Veterinaria (SEAAV).\u00a0<\/span><\/p><p><span style=\"font-weight: 400\">Tiene publicaciones y ponencias a nivel nacional e internacional y sus principales campos de inter\u00e9s son la anestesia locorregional tanto para dolor perioperatorio como dolor cr\u00f3nico y la anestesia en pacientes con patolog\u00eda card\u00edaca.<\/span><\/p>                                                <\/p>\n\n                                                <div class=\"ts-speakers-social\">\n                                                                                                    <\/div>\n\n                                            <\/div>\n                                            <!-- ts-speaker-popup-content end-->\n                                        <\/div>\n                                        <!-- col end-->\n                                    <\/div>\n                                    <!-- row end-->\n                                <\/div>\n                                <!-- popup end-->\n                            <\/div>\n                            <!-- ts-speaker end  -->\n                        <\/div>                                    \n                                                <div class=\"swiper-slide\"> \n                            <div class=\"ts-speaker\">\n                                <div class=\"speaker-img\">\n                                                                            <img width=\"960\" height=\"960\" src=\"https:\/\/congressohvm.com\/2022\/wp-content\/uploads\/2022\/05\/ISA-CALADO-e1655935432592.jpg\" class=\"img-fluid\" alt=\"\" loading=\"lazy\" srcset=\"https:\/\/congressohvm.com\/2022\/wp-content\/uploads\/2022\/05\/ISA-CALADO-e1655935432592.jpg 960w, https:\/\/congressohvm.com\/2022\/wp-content\/uploads\/2022\/05\/ISA-CALADO-e1655935432592-300x300.jpg 300w, https:\/\/congressohvm.com\/2022\/wp-content\/uploads\/2022\/05\/ISA-CALADO-e1655935432592-150x150.jpg 150w, https:\/\/congressohvm.com\/2022\/wp-content\/uploads\/2022\/05\/ISA-CALADO-e1655935432592-768x768.jpg 768w\" sizes=\"(max-width: 960px) 100vw, 960px\" \/>                                                                        <a href=\"#popup_26036c42635\" class=\"view-speaker ts-image-popup\" data-effect=\"mfp-zoom-in\">\n                                        <!-- <i class=\"icon icon-plus\"><\/i> -->\n                                    <\/a>\n                                <\/div>\n                                <div class=\"ts-speaker-info\">\n                                    <h3 class=\"ts-title\">Isa Calado<\/h3>\n                                    <p>\n                                        M\u00e9dica Veterin\u00e1ria                                    <\/p>\n                                <\/div>\n                                <!--- speaker info end -->\n                                <!-- popup start-->\n                                <div id=\"popup_26036c42635\" class=\"container ts-speaker-popup mfp-hide\">\n                                    <div class=\"row\">\n                                        <div class=\"col-lg-6\">\n                                            <div class=\"ts-speaker-popup-img\">\n                                                                                                    <img width=\"960\" height=\"960\" src=\"https:\/\/congressohvm.com\/2022\/wp-content\/uploads\/2022\/05\/ISA-CALADO-e1655935432592.jpg\" class=\"attachment-full size-full\" alt=\"\" loading=\"lazy\" srcset=\"https:\/\/congressohvm.com\/2022\/wp-content\/uploads\/2022\/05\/ISA-CALADO-e1655935432592.jpg 960w, https:\/\/congressohvm.com\/2022\/wp-content\/uploads\/2022\/05\/ISA-CALADO-e1655935432592-300x300.jpg 300w, https:\/\/congressohvm.com\/2022\/wp-content\/uploads\/2022\/05\/ISA-CALADO-e1655935432592-150x150.jpg 150w, https:\/\/congressohvm.com\/2022\/wp-content\/uploads\/2022\/05\/ISA-CALADO-e1655935432592-768x768.jpg 768w\" sizes=\"(max-width: 960px) 100vw, 960px\" \/>                                                                                            <\/div>\n                                        <\/div>\n                                        <!-- col end-->\n                                        <div class=\"col-lg-6\">\n                                            <div class=\"ts-speaker-popup-content\">\n                                                <h3 class=\"ts-title\">Isa Calado <\/h3>\n                                                <span class=\"speakder-designation\"> M\u00e9dica Veterin\u00e1ria<\/span>\n                                                                                                <p>\n                                                    <p><span style=\"font-weight: 400\">Licenciatura em Medicina Veterin\u00e1ria em 2003 pela Universidade \u00c9vora. Est\u00e1gio rotat\u00f3rios no HVP (Porto) e mais tarde da UAB (Barcelona), pelos servi\u00e7os De Oftalmologia e Ecografia. Diversas forma\u00e7\u00f5es em Ecografia abdominal b\u00e1sica e avan\u00e7ada e acompanhamento de colegas em Ecografia de refer\u00eancia em ambulat\u00f3rio (ECOVET).<\/span><\/p><p><span style=\"font-weight: 400\">Frequ\u00eancia em diversas forma\u00e7\u00f5es de gest\u00e3o veterin\u00e1ria e gest\u00e3o de recursos\u00a0humanos.<\/span><\/p><p><span style=\"font-weight: 400\">S\u00f3cia gerente do Hospital Veterin\u00e1rio do Baixo Alentejo desde 2005 onde desempenha fun\u00e7\u00f5es de gest\u00e3o dos recursos humanos e coordena\u00e7\u00e3o do servi\u00e7o de ecografia abdominal.<\/span><\/p><p><span style=\"font-weight: 400\">Especial interesse em Imagiologia, Medicina Interna e forma\u00e7\u00e3o de equipas.\u00a0<\/span><\/p><p><span style=\"font-weight: 400\">Formadora em cursos de auxiliar de veterin\u00e1ria e workshops para enfermagem veterin\u00e1ria.<\/span><\/p><p>&nbsp;<\/p>                                                <\/p>\n\n                                                <div class=\"ts-speakers-social\">\n                                                                                                    <\/div>\n\n                                            <\/div>\n                                            <!-- ts-speaker-popup-content end-->\n                                        <\/div>\n                                        <!-- col end-->\n                                    <\/div>\n                                    <!-- row end-->\n                                <\/div>\n                                <!-- popup end-->\n                            <\/div>\n                            <!-- ts-speaker end  -->\n                        <\/div>                                    \n                                                <div class=\"swiper-slide\"> \n                            <div class=\"ts-speaker\">\n                                <div class=\"speaker-img\">\n                                                                            <img width=\"191\" height=\"191\" src=\"https:\/\/congressohvm.com\/2022\/wp-content\/uploads\/2022\/05\/Hugo-Pereira-e1655935454970.jpg\" class=\"img-fluid\" alt=\"\" loading=\"lazy\" srcset=\"https:\/\/congressohvm.com\/2022\/wp-content\/uploads\/2022\/05\/Hugo-Pereira-e1655935454970.jpg 191w, https:\/\/congressohvm.com\/2022\/wp-content\/uploads\/2022\/05\/Hugo-Pereira-e1655935454970-150x150.jpg 150w\" sizes=\"(max-width: 191px) 100vw, 191px\" \/>                                                                        <a href=\"#popup_26036c42632\" class=\"view-speaker ts-image-popup\" data-effect=\"mfp-zoom-in\">\n                                        <!-- <i class=\"icon icon-plus\"><\/i> -->\n                                    <\/a>\n                                <\/div>\n                                <div class=\"ts-speaker-info\">\n                                    <h3 class=\"ts-title\">Hugo Pereira<\/h3>\n                                    <p>\n                                        M\u00e9dico Veterin\u00e1rio                                    <\/p>\n                                <\/div>\n                                <!--- speaker info end -->\n                                <!-- popup start-->\n                                <div id=\"popup_26036c42632\" class=\"container ts-speaker-popup mfp-hide\">\n                                    <div class=\"row\">\n                                        <div class=\"col-lg-6\">\n                                            <div class=\"ts-speaker-popup-img\">\n                                                                                                    <img width=\"191\" height=\"191\" src=\"https:\/\/congressohvm.com\/2022\/wp-content\/uploads\/2022\/05\/Hugo-Pereira-e1655935454970.jpg\" class=\"attachment-full size-full\" alt=\"\" loading=\"lazy\" srcset=\"https:\/\/congressohvm.com\/2022\/wp-content\/uploads\/2022\/05\/Hugo-Pereira-e1655935454970.jpg 191w, https:\/\/congressohvm.com\/2022\/wp-content\/uploads\/2022\/05\/Hugo-Pereira-e1655935454970-150x150.jpg 150w\" sizes=\"(max-width: 191px) 100vw, 191px\" \/>                                                                                            <\/div>\n                                        <\/div>\n                                        <!-- col end-->\n                                        <div class=\"col-lg-6\">\n                                            <div class=\"ts-speaker-popup-content\">\n                                                <h3 class=\"ts-title\">Hugo Pereira <\/h3>\n                                                <span class=\"speakder-designation\"> M\u00e9dico Veterin\u00e1rio<\/span>\n                                                                                                <p>\n                                                    <p><span style=\"font-weight: 400\">M\u00e9dico Veterin\u00e1rio, licenciado em 2002 pela Faculdade de Medicina Veterin\u00e1ria da Universidade de Lisboa.<\/span><\/p><p><span style=\"font-weight: 400\">Exerce atividade profissional em cl\u00ednica de animais de companhia desde ent\u00e3o. Em 2012 iniciou servi\u00e7o de tele-diagn\u00f3stico de tomografia computorizada, ao qual se dedica atualmente em exclusividade, trabalhando com diversos Hospitais Veterin\u00e1rios do continente e ilhas. Colabora no ensino na Faculdade de Medicina Veterin\u00e1ria da Universidade Lus\u00f3fona de Humanidades e Tecnologias desde 2007.<\/span><\/p>                                                <\/p>\n\n                                                <div class=\"ts-speakers-social\">\n                                                                                                    <\/div>\n\n                                            <\/div>\n                                            <!-- ts-speaker-popup-content end-->\n                                        <\/div>\n                                        <!-- col end-->\n                                    <\/div>\n                                    <!-- row end-->\n                                <\/div>\n                                <!-- popup end-->\n                            <\/div>\n                            <!-- ts-speaker end  -->\n                        <\/div>                                    \n                                                <div class=\"swiper-slide\"> \n                            <div class=\"ts-speaker\">\n                                <div class=\"speaker-img\">\n                                                                            <img width=\"960\" height=\"960\" src=\"https:\/\/congressohvm.com\/2022\/wp-content\/uploads\/2022\/05\/Gustavo-Vicente--e1655935479593.jpeg\" class=\"img-fluid\" alt=\"\" loading=\"lazy\" srcset=\"https:\/\/congressohvm.com\/2022\/wp-content\/uploads\/2022\/05\/Gustavo-Vicente--e1655935479593.jpeg 960w, https:\/\/congressohvm.com\/2022\/wp-content\/uploads\/2022\/05\/Gustavo-Vicente--e1655935479593-300x300.jpeg 300w, https:\/\/congressohvm.com\/2022\/wp-content\/uploads\/2022\/05\/Gustavo-Vicente--e1655935479593-150x150.jpeg 150w, https:\/\/congressohvm.com\/2022\/wp-content\/uploads\/2022\/05\/Gustavo-Vicente--e1655935479593-768x768.jpeg 768w\" sizes=\"(max-width: 960px) 100vw, 960px\" \/>                                                                        <a href=\"#popup_26036c42629\" class=\"view-speaker ts-image-popup\" data-effect=\"mfp-zoom-in\">\n                                        <!-- <i class=\"icon icon-plus\"><\/i> -->\n                                    <\/a>\n                                <\/div>\n                                <div class=\"ts-speaker-info\">\n                                    <h3 class=\"ts-title\">Gustavo Vicente<\/h3>\n                                    <p>\n                                        CEO da Mundo \u00e0 Parte                                    <\/p>\n                                <\/div>\n                                <!--- speaker info end -->\n                                <!-- popup start-->\n                                <div id=\"popup_26036c42629\" class=\"container ts-speaker-popup mfp-hide\">\n                                    <div class=\"row\">\n                                        <div class=\"col-lg-6\">\n                                            <div class=\"ts-speaker-popup-img\">\n                                                                                                    <img width=\"960\" height=\"960\" src=\"https:\/\/congressohvm.com\/2022\/wp-content\/uploads\/2022\/05\/Gustavo-Vicente--e1655935479593.jpeg\" class=\"attachment-full size-full\" alt=\"\" loading=\"lazy\" srcset=\"https:\/\/congressohvm.com\/2022\/wp-content\/uploads\/2022\/05\/Gustavo-Vicente--e1655935479593.jpeg 960w, https:\/\/congressohvm.com\/2022\/wp-content\/uploads\/2022\/05\/Gustavo-Vicente--e1655935479593-300x300.jpeg 300w, https:\/\/congressohvm.com\/2022\/wp-content\/uploads\/2022\/05\/Gustavo-Vicente--e1655935479593-150x150.jpeg 150w, https:\/\/congressohvm.com\/2022\/wp-content\/uploads\/2022\/05\/Gustavo-Vicente--e1655935479593-768x768.jpeg 768w\" sizes=\"(max-width: 960px) 100vw, 960px\" \/>                                                                                            <\/div>\n                                        <\/div>\n                                        <!-- col end-->\n                                        <div class=\"col-lg-6\">\n                                            <div class=\"ts-speaker-popup-content\">\n                                                <h3 class=\"ts-title\">Gustavo Vicente <\/h3>\n                                                <span class=\"speakder-designation\"> CEO da Mundo \u00e0 Parte<\/span>\n                                                                                                <p>\n                                                    <p><span style=\"font-weight: 400\">CEO da Mundo \u00e0 Parte, franquia de fisioterapia veterinaria.<\/span><\/p><p><span style=\"font-weight: 400\">Socio diretor da VH equipamentos\u00a0<\/span><\/p><p><span style=\"font-weight: 400\">Autor do livro Tratado de Fisioterapia e Fisiatria em pequenos animais\u00a0<\/span><\/p><p><span style=\"font-weight: 400\">Autor do livro Veterin\u00e1rio de Sorte\u00a0<\/span><\/p><p><span style=\"font-weight: 400\">Especializa\u00e7\u00e3o em ortopedia pela USP e UMESP<\/span><\/p>                                                <\/p>\n\n                                                <div class=\"ts-speakers-social\">\n                                                                                                    <\/div>\n\n                                            <\/div>\n                                            <!-- ts-speaker-popup-content end-->\n                                        <\/div>\n                                        <!-- col end-->\n                                    <\/div>\n                                    <!-- row end-->\n                                <\/div>\n                                <!-- popup end-->\n                            <\/div>\n                            <!-- ts-speaker end  -->\n                        <\/div>                                    \n                                                <div class=\"swiper-slide\"> \n                            <div class=\"ts-speaker\">\n                                <div class=\"speaker-img\">\n                                                                            <img width=\"1068\" height=\"1068\" src=\"https:\/\/congressohvm.com\/2022\/wp-content\/uploads\/2022\/09\/Filipa-Bernardino-e1664841479989.jpg\" class=\"img-fluid\" alt=\"\" loading=\"lazy\" srcset=\"https:\/\/congressohvm.com\/2022\/wp-content\/uploads\/2022\/09\/Filipa-Bernardino-e1664841479989.jpg 1068w, https:\/\/congressohvm.com\/2022\/wp-content\/uploads\/2022\/09\/Filipa-Bernardino-e1664841479989-300x300.jpg 300w, https:\/\/congressohvm.com\/2022\/wp-content\/uploads\/2022\/09\/Filipa-Bernardino-e1664841479989-1024x1024.jpg 1024w, https:\/\/congressohvm.com\/2022\/wp-content\/uploads\/2022\/09\/Filipa-Bernardino-e1664841479989-150x150.jpg 150w, https:\/\/congressohvm.com\/2022\/wp-content\/uploads\/2022\/09\/Filipa-Bernardino-e1664841479989-768x768.jpg 768w, https:\/\/congressohvm.com\/2022\/wp-content\/uploads\/2022\/09\/Filipa-Bernardino-e1664841479989-12x12.jpg 12w\" sizes=\"(max-width: 1068px) 100vw, 1068px\" \/>                                                                        <a href=\"#popup_26036c43143\" class=\"view-speaker ts-image-popup\" data-effect=\"mfp-zoom-in\">\n                                        <!-- <i class=\"icon icon-plus\"><\/i> -->\n                                    <\/a>\n                                <\/div>\n                                <div class=\"ts-speaker-info\">\n                                    <h3 class=\"ts-title\">Filipa Bernardino<\/h3>\n                                    <p>\n                                        M\u00e9dica Veterin\u00e1ria                                    <\/p>\n                                <\/div>\n                                <!--- speaker info end -->\n                                <!-- popup start-->\n                                <div id=\"popup_26036c43143\" class=\"container ts-speaker-popup mfp-hide\">\n                                    <div class=\"row\">\n                                        <div class=\"col-lg-6\">\n                                            <div class=\"ts-speaker-popup-img\">\n                                                                                                    <img width=\"1068\" height=\"1068\" src=\"https:\/\/congressohvm.com\/2022\/wp-content\/uploads\/2022\/09\/Filipa-Bernardino-e1664841479989.jpg\" class=\"attachment-full size-full\" alt=\"\" loading=\"lazy\" srcset=\"https:\/\/congressohvm.com\/2022\/wp-content\/uploads\/2022\/09\/Filipa-Bernardino-e1664841479989.jpg 1068w, https:\/\/congressohvm.com\/2022\/wp-content\/uploads\/2022\/09\/Filipa-Bernardino-e1664841479989-300x300.jpg 300w, https:\/\/congressohvm.com\/2022\/wp-content\/uploads\/2022\/09\/Filipa-Bernardino-e1664841479989-1024x1024.jpg 1024w, https:\/\/congressohvm.com\/2022\/wp-content\/uploads\/2022\/09\/Filipa-Bernardino-e1664841479989-150x150.jpg 150w, https:\/\/congressohvm.com\/2022\/wp-content\/uploads\/2022\/09\/Filipa-Bernardino-e1664841479989-768x768.jpg 768w, https:\/\/congressohvm.com\/2022\/wp-content\/uploads\/2022\/09\/Filipa-Bernardino-e1664841479989-12x12.jpg 12w\" sizes=\"(max-width: 1068px) 100vw, 1068px\" \/>                                                                                            <\/div>\n                                        <\/div>\n                                        <!-- col end-->\n                                        <div class=\"col-lg-6\">\n                                            <div class=\"ts-speaker-popup-content\">\n                                                <h3 class=\"ts-title\">Filipa Bernardino <\/h3>\n                                                <span class=\"speakder-designation\"> M\u00e9dica Veterin\u00e1ria<\/span>\n                                                                                                <p>\n                                                    <p>Licenciada em Medicina Veterin\u00e1ria pelo Instituto de Ci\u00eancias Biom\u00e9dicas Abel Salazar<br \/>da Universidade do Porto em 2006. A sua \u00e1rea de interesse foi sempre a cirurgia.<br \/>Ap\u00f3s tr\u00eas anos a trabalhar num centro m\u00e9dico-veterin\u00e1rio de animais de companhia de<br \/>1a opini\u00e3o, conseguiu uma posi\u00e7\u00e3o para o \u201cInternship\u201d na \u201cClinic for Surgery and<\/p><p>Gynecology in Small Animals at the Faculty of Veterinary Medicine at Ludwig-<br \/>Maximilians-Universitaet LMU Munich\u201d. Ap\u00f3s o internato, foi convidada a ficar como<\/p><p>m\u00e9dica veterin\u00e1ria assistente durante o per\u00edodo de um ano. Findo este ano, iniciou em<br \/>2011 o seu Doutoramento na \u00e1rea de Neurologia na \u201cClinic of Small Animal Internal<br \/>Medicine at the Faculty of Veterinary Medicine at Ludwig-Maximilians-Universitaet LMU<br \/>Munich\u201d, que terminou em 2015.<br \/>Regressou em 2014 a Portugal, e deu in\u00edcio a um servi\u00e7o de consultoria na \u00e1rea da<br \/>ortopedia e neurologia. Foi respons\u00e1vel pela \u00e1rea de cirurgia no Centro de Imagiologia<br \/>de Gondomar at\u00e9 2015. Em 2015 iniciou a sua colabora\u00e7\u00e3o na \u00e1rea da cirurgia, ortopedia<br \/>e da neurologia com o Hospital de Refer\u00eancia Veterin\u00e1ria Montenegro que terminou em<br \/>2019.<br \/>De 2016 a 2020 foi Professora Adjunta convidada no curso de Licenciatura de<br \/>Enfermagem Veterin\u00e1ria na Escola Superior Agr\u00e1ria do Instituto Polit\u00e9cnico de Viana do<br \/>Castelo. Exerceu ainda, de 2016 a 2019, a fun\u00e7\u00e3o de coordenadora do curso de<br \/>licenciatura de Enfermagem Veterin\u00e1ria.<br \/>Exerce desde 2021 at\u00e9 ao momento fun\u00e7\u00f5es de Professora Auxiliar Convidada no<br \/>Instituto de Ci\u00eancias Biom\u00e9dicas Abel Salazar da Universidade do Porto.<br \/>\u00c9 a CEO e a fundadora da empresa Vetexpertise, empresa pioneira na \u00e1rea da<br \/>teleconsultoria e telemedicina veterin\u00e1ria, respons\u00e1vel pela cria\u00e7\u00e3o da plataforma<br \/>digital Vetexpertise e das aplica\u00e7\u00f5es Wisevet Live e Wisevet Pro.<\/p>                                                <\/p>\n\n                                                <div class=\"ts-speakers-social\">\n                                                                                                    <\/div>\n\n                                            <\/div>\n                                            <!-- ts-speaker-popup-content end-->\n                                        <\/div>\n                                        <!-- col end-->\n                                    <\/div>\n                                    <!-- row end-->\n                                <\/div>\n                                <!-- popup end-->\n                            <\/div>\n                            <!-- ts-speaker end  -->\n                        <\/div>                                    \n                                                <div class=\"swiper-slide\"> \n                            <div class=\"ts-speaker\">\n                                <div class=\"speaker-img\">\n                                                                            <img width=\"211\" height=\"211\" src=\"https:\/\/congressohvm.com\/2022\/wp-content\/uploads\/2022\/05\/Felisbina-Queiroga-e1655935531916.jpg\" class=\"img-fluid\" alt=\"\" loading=\"lazy\" srcset=\"https:\/\/congressohvm.com\/2022\/wp-content\/uploads\/2022\/05\/Felisbina-Queiroga-e1655935531916.jpg 211w, https:\/\/congressohvm.com\/2022\/wp-content\/uploads\/2022\/05\/Felisbina-Queiroga-e1655935531916-150x150.jpg 150w\" sizes=\"(max-width: 211px) 100vw, 211px\" \/>                                                                        <a href=\"#popup_26036c42626\" class=\"view-speaker ts-image-popup\" data-effect=\"mfp-zoom-in\">\n                                        <!-- <i class=\"icon icon-plus\"><\/i> -->\n                                    <\/a>\n                                <\/div>\n                                <div class=\"ts-speaker-info\">\n                                    <h3 class=\"ts-title\">Felisbina Queiroga<\/h3>\n                                    <p>\n                                        M\u00e9dica Veterin\u00e1ria e Professora na UTAD                                    <\/p>\n                                <\/div>\n                                <!--- speaker info end -->\n                                <!-- popup start-->\n                                <div id=\"popup_26036c42626\" class=\"container ts-speaker-popup mfp-hide\">\n                                    <div class=\"row\">\n                                        <div class=\"col-lg-6\">\n                                            <div class=\"ts-speaker-popup-img\">\n                                                                                                    <img width=\"211\" height=\"211\" src=\"https:\/\/congressohvm.com\/2022\/wp-content\/uploads\/2022\/05\/Felisbina-Queiroga-e1655935531916.jpg\" class=\"attachment-full size-full\" alt=\"\" loading=\"lazy\" srcset=\"https:\/\/congressohvm.com\/2022\/wp-content\/uploads\/2022\/05\/Felisbina-Queiroga-e1655935531916.jpg 211w, https:\/\/congressohvm.com\/2022\/wp-content\/uploads\/2022\/05\/Felisbina-Queiroga-e1655935531916-150x150.jpg 150w\" sizes=\"(max-width: 211px) 100vw, 211px\" \/>                                                                                            <\/div>\n                                        <\/div>\n                                        <!-- col end-->\n                                        <div class=\"col-lg-6\">\n                                            <div class=\"ts-speaker-popup-content\">\n                                                <h3 class=\"ts-title\">Felisbina Queiroga <\/h3>\n                                                <span class=\"speakder-designation\"> M\u00e9dica Veterin\u00e1ria e Professora na UTAD<\/span>\n                                                                                                <p>\n                                                    <p><span style=\"font-weight: 400\">M\u00e9dica Veterin\u00e1ria e Professora na Universidade de Tr\u00e1s-os-Montes e Alto Douro (UTAD), Vila Real, Portugal em Medicina Interna e Oncologia.<\/span><\/p><p><span style=\"font-weight: 400\">Licenciatura em Medicina Veterin\u00e1ria em 1994, Mestre em Oncologia pelo ICBAS em 2000 e Doutoramento em Ci\u00eancias Veterin\u00e1rias\/Oncologia em 2005 (UTAD). Curso ESAVS em Oncologia (2008).\u00a0<\/span><\/p><p><span style=\"font-weight: 400\">Diretora Cl\u00ednica do Servi\u00e7o de Pequenos Animais do Hospital Veterin\u00e1rio da UTAD (2007-2010) e Diretora do Mestrado Integrado em Medicina Veterin\u00e1ria (2011-2013). Membro do Conselho Pedag\u00f3gico (2011-2013) e do Conselho Cient\u00edfico (2013-2016) da Escola Ci\u00eancias Agr\u00e1rias e veterin\u00e1rias da UTAD.<\/span><\/p><p><span style=\"font-weight: 400\">\u00c9 Vice-Presidente da mesa da Assembleia Geral da Ordem dos M\u00e9dicos Veterin\u00e1rios (desde 2019) e Presidente da Sec\u00e7\u00e3o Regional do Norte da APMVEAC (desde 2016) e Presidente da Comiss\u00e3o Cient\u00edfica da APMVEAC (2020-atual).<\/span><\/p><p><span style=\"font-weight: 400\">Membro do grupo internacional \u201cVeterinary Cancer Study Group\u201d, promovido pela Boheringer-ingelheim (2018-presente). Membro fundador da rede Vet-Onconet em 2019.<\/span><\/p><p><span style=\"font-weight: 400\">Editora Associada dos jornais cient\u00edficos indexados (BMC Vet Research; Frontiers in Veterinary Science e Ci\u00eancia Rural).\u00a0<\/span><\/p><p><span style=\"font-weight: 400\">Membro do Comit\u00e9 Cient\u00edfico da World Small Animal Veterinary Association (WSAVA) (2020 -presente).<\/span><\/p><p><span style=\"font-weight: 400\">Membro do Conselho Executivo da World Small Animal Veterinary Association (WSAVA) (2019-presente). Na fun\u00e7\u00e3o de membro do Conselho Executivo da WSAVA, participou na cria\u00e7\u00e3o do recente Comit\u00e9 de Oncologia e de Guidelines de Reprodu\u00e7\u00e3o. Integra e tem sido respons\u00e1vel pelas atividades de Liaison de v\u00e1rios Comit\u00e9s cientifico\/t\u00e9cnicos (WOW \u2013 Oncology committee; TGG \u2013 Terapeutic Guidelines Committee; HDD \u2013 Hereditary Diseases Committee; Scientific Committee; One Health Committee).\u00a0<\/span><\/p>                                                <\/p>\n\n                                                <div class=\"ts-speakers-social\">\n                                                                                                    <\/div>\n\n                                            <\/div>\n                                            <!-- ts-speaker-popup-content end-->\n                                        <\/div>\n                                        <!-- col end-->\n                                    <\/div>\n                                    <!-- row end-->\n                                <\/div>\n                                <!-- popup end-->\n                            <\/div>\n                            <!-- ts-speaker end  -->\n                        <\/div>                                    \n                                                <div class=\"swiper-slide\"> \n                            <div class=\"ts-speaker\">\n                                <div class=\"speaker-img\">\n                                                                            <img width=\"683\" height=\"683\" src=\"https:\/\/congressohvm.com\/2022\/wp-content\/uploads\/2022\/05\/Duarte-Costa.jpg\" class=\"img-fluid\" alt=\"\" loading=\"lazy\" srcset=\"https:\/\/congressohvm.com\/2022\/wp-content\/uploads\/2022\/05\/Duarte-Costa.jpg 683w, https:\/\/congressohvm.com\/2022\/wp-content\/uploads\/2022\/05\/Duarte-Costa-300x300.jpg 300w, https:\/\/congressohvm.com\/2022\/wp-content\/uploads\/2022\/05\/Duarte-Costa-150x150.jpg 150w\" sizes=\"(max-width: 683px) 100vw, 683px\" \/>                                                                        <a href=\"#popup_26036c42622\" class=\"view-speaker ts-image-popup\" data-effect=\"mfp-zoom-in\">\n                                        <!-- <i class=\"icon icon-plus\"><\/i> -->\n                                    <\/a>\n                                <\/div>\n                                <div class=\"ts-speaker-info\">\n                                    <h3 class=\"ts-title\">Duarte Costa<\/h3>\n                                    <p>\n                                        M\u00e9dico Veterin\u00e1rio                                    <\/p>\n                                <\/div>\n                                <!--- speaker info end -->\n                                <!-- popup start-->\n                                <div id=\"popup_26036c42622\" class=\"container ts-speaker-popup mfp-hide\">\n                                    <div class=\"row\">\n                                        <div class=\"col-lg-6\">\n                                            <div class=\"ts-speaker-popup-img\">\n                                                                                                    <img width=\"683\" height=\"683\" src=\"https:\/\/congressohvm.com\/2022\/wp-content\/uploads\/2022\/05\/Duarte-Costa.jpg\" class=\"attachment-full size-full\" alt=\"\" loading=\"lazy\" srcset=\"https:\/\/congressohvm.com\/2022\/wp-content\/uploads\/2022\/05\/Duarte-Costa.jpg 683w, https:\/\/congressohvm.com\/2022\/wp-content\/uploads\/2022\/05\/Duarte-Costa-300x300.jpg 300w, https:\/\/congressohvm.com\/2022\/wp-content\/uploads\/2022\/05\/Duarte-Costa-150x150.jpg 150w\" sizes=\"(max-width: 683px) 100vw, 683px\" \/>                                                                                            <\/div>\n                                        <\/div>\n                                        <!-- col end-->\n                                        <div class=\"col-lg-6\">\n                                            <div class=\"ts-speaker-popup-content\">\n                                                <h3 class=\"ts-title\">Duarte Costa <\/h3>\n                                                <span class=\"speakder-designation\"> M\u00e9dico Veterin\u00e1rio<\/span>\n                                                                                                <p>\n                                                    <p><span style=\"font-weight: 400\">Finalizou o Mestrado Integrado em Medicina Veterin\u00e1ria pela UTAD em 2019. Realizou o est\u00e1gio curricular no Hospital de Refer\u00eancia Veterin\u00e1ria Montenegro no Porto.<\/span><span style=\"font-weight: 400\"><br \/><\/span><span style=\"font-weight: 400\">Tem como principais interesses a \u00e1rea da neurologia, imagem, doen\u00e7as parasit\u00e1rias e ex\u00f3ticos.<\/span><\/p>                                                <\/p>\n\n                                                <div class=\"ts-speakers-social\">\n                                                                                                    <\/div>\n\n                                            <\/div>\n                                            <!-- ts-speaker-popup-content end-->\n                                        <\/div>\n                                        <!-- col end-->\n                                    <\/div>\n                                    <!-- row end-->\n                                <\/div>\n                                <!-- popup end-->\n                            <\/div>\n                            <!-- ts-speaker end  -->\n                        <\/div>                                    \n                                                <div class=\"swiper-slide\"> \n                            <div class=\"ts-speaker\">\n                                <div class=\"speaker-img\">\n                                                                            <img width=\"283\" height=\"283\" src=\"https:\/\/congressohvm.com\/2022\/wp-content\/uploads\/2022\/05\/Dilen-Ratanji-e1655935597136.png\" class=\"img-fluid\" alt=\"\" loading=\"lazy\" srcset=\"https:\/\/congressohvm.com\/2022\/wp-content\/uploads\/2022\/05\/Dilen-Ratanji-e1655935597136.png 283w, https:\/\/congressohvm.com\/2022\/wp-content\/uploads\/2022\/05\/Dilen-Ratanji-e1655935597136-150x150.png 150w\" sizes=\"(max-width: 283px) 100vw, 283px\" \/>                                                                        <a href=\"#popup_26036c42618\" class=\"view-speaker ts-image-popup\" data-effect=\"mfp-zoom-in\">\n                                        <!-- <i class=\"icon icon-plus\"><\/i> -->\n                                    <\/a>\n                                <\/div>\n                                <div class=\"ts-speaker-info\">\n                                    <h3 class=\"ts-title\">Dilen-Ratanji<\/h3>\n                                    <p>\n                                        CEO da VetBizz Consulting                                    <\/p>\n                                <\/div>\n                                <!--- speaker info end -->\n                                <!-- popup start-->\n                                <div id=\"popup_26036c42618\" class=\"container ts-speaker-popup mfp-hide\">\n                                    <div class=\"row\">\n                                        <div class=\"col-lg-6\">\n                                            <div class=\"ts-speaker-popup-img\">\n                                                                                                    <img width=\"283\" height=\"283\" src=\"https:\/\/congressohvm.com\/2022\/wp-content\/uploads\/2022\/05\/Dilen-Ratanji-e1655935597136.png\" class=\"attachment-full size-full\" alt=\"\" loading=\"lazy\" srcset=\"https:\/\/congressohvm.com\/2022\/wp-content\/uploads\/2022\/05\/Dilen-Ratanji-e1655935597136.png 283w, https:\/\/congressohvm.com\/2022\/wp-content\/uploads\/2022\/05\/Dilen-Ratanji-e1655935597136-150x150.png 150w\" sizes=\"(max-width: 283px) 100vw, 283px\" \/>                                                                                            <\/div>\n                                        <\/div>\n                                        <!-- col end-->\n                                        <div class=\"col-lg-6\">\n                                            <div class=\"ts-speaker-popup-content\">\n                                                <h3 class=\"ts-title\">Dilen-Ratanji <\/h3>\n                                                <span class=\"speakder-designation\"> CEO da VetBizz Consulting<\/span>\n                                                                                                <p>\n                                                    <p><span style=\"font-weight: 400\">Consultor de Gest\u00e3o Estrat\u00e9gica e Marketing de v\u00e1rias cl\u00ednicas\u00a0 veterin\u00e1rias e de medicina dent\u00e1ria em Portugal<\/span><\/p><p><span style=\"font-weight: 400\">Licenciado em Marketing pelo ISCAP<\/span><\/p><p><span style=\"font-weight: 400\">MBA em Finan\u00e7as na Universidade Cat\u00f3lica do Porto<\/span><\/p><p><span style=\"font-weight: 400\">Mini-MBA em Recursos Humanos pela Academia PME<\/span><\/p><p><span style=\"font-weight: 400\">Experi\u00eancia na doc\u00eancia em Marketing Estrat\u00e9gico e Marketing Relacional do IESF e ISCAP (MBA, Mestrado e P\u00f3s-Gradua\u00e7\u00e3o)<\/span><\/p><p><span style=\"font-weight: 400\">Experi\u00eancia de 19 anos de Consultoria e Forma\u00e7\u00e3o nas \u00e1reas de Marketing e Controlo de Gest\u00e3o em diversos setores de atividade<\/span><\/p><p><span style=\"font-weight: 400\">Orador convidado em in\u00fameras confer\u00eancias em Portugal e Espanha<\/span><\/p><p><span style=\"font-weight: 400\">Cronista nas revistas \u201cVeterin\u00e1ria Actual\u201c e \u201cSa\u00fade Oral\u201c, com temas relacionados com a Gest\u00e3o e Marketing<\/span><\/p><p><span style=\"font-weight: 400\">12 anos de experi\u00eancia no setor banc\u00e1rio, onde assumiu cargos de chefia nas \u00e1reas de Controlo de Gest\u00e3o e Planeamento e Estrat\u00e9gia de Marketing<\/span><\/p><p><span style=\"font-weight: 400\">Louvores e men\u00e7\u00f5es honrosas: Pr\u00e9mio ALUMNI (ISCAP, 2015), Vencedor do concurso \u201cIdeias Excelentes\u201d (Banif, 2006) e Pr\u00e9mio \u201cDignitas- Labor Omnia Vincit\u201d (Banif, 2005)<\/span><\/p>                                                <\/p>\n\n                                                <div class=\"ts-speakers-social\">\n                                                                                                    <\/div>\n\n                                            <\/div>\n                                            <!-- ts-speaker-popup-content end-->\n                                        <\/div>\n                                        <!-- col end-->\n                                    <\/div>\n                                    <!-- row end-->\n                                <\/div>\n                                <!-- popup end-->\n                            <\/div>\n                            <!-- ts-speaker end  -->\n                        <\/div>                                    \n                                                <div class=\"swiper-slide\"> \n                            <div class=\"ts-speaker\">\n                                <div class=\"speaker-img\">\n                                                                            <img width=\"511\" height=\"511\" src=\"https:\/\/congressohvm.com\/2022\/wp-content\/uploads\/2022\/05\/Daniela-Santos-e1655935626380.jpg\" class=\"img-fluid\" alt=\"\" loading=\"lazy\" srcset=\"https:\/\/congressohvm.com\/2022\/wp-content\/uploads\/2022\/05\/Daniela-Santos-e1655935626380.jpg 511w, https:\/\/congressohvm.com\/2022\/wp-content\/uploads\/2022\/05\/Daniela-Santos-e1655935626380-300x300.jpg 300w, https:\/\/congressohvm.com\/2022\/wp-content\/uploads\/2022\/05\/Daniela-Santos-e1655935626380-150x150.jpg 150w\" sizes=\"(max-width: 511px) 100vw, 511px\" \/>                                                                        <a href=\"#popup_26036c42615\" class=\"view-speaker ts-image-popup\" data-effect=\"mfp-zoom-in\">\n                                        <!-- <i class=\"icon icon-plus\"><\/i> -->\n                                    <\/a>\n                                <\/div>\n                                <div class=\"ts-speaker-info\">\n                                    <h3 class=\"ts-title\">Daniela Santos<\/h3>\n                                    <p>\n                                        Enfermeira Veterin\u00e1ria                                    <\/p>\n                                <\/div>\n                                <!--- speaker info end -->\n                                <!-- popup start-->\n                                <div id=\"popup_26036c42615\" class=\"container ts-speaker-popup mfp-hide\">\n                                    <div class=\"row\">\n                                        <div class=\"col-lg-6\">\n                                            <div class=\"ts-speaker-popup-img\">\n                                                                                                    <img width=\"511\" height=\"511\" src=\"https:\/\/congressohvm.com\/2022\/wp-content\/uploads\/2022\/05\/Daniela-Santos-e1655935626380.jpg\" class=\"attachment-full size-full\" alt=\"\" loading=\"lazy\" srcset=\"https:\/\/congressohvm.com\/2022\/wp-content\/uploads\/2022\/05\/Daniela-Santos-e1655935626380.jpg 511w, https:\/\/congressohvm.com\/2022\/wp-content\/uploads\/2022\/05\/Daniela-Santos-e1655935626380-300x300.jpg 300w, https:\/\/congressohvm.com\/2022\/wp-content\/uploads\/2022\/05\/Daniela-Santos-e1655935626380-150x150.jpg 150w\" sizes=\"(max-width: 511px) 100vw, 511px\" \/>                                                                                            <\/div>\n                                        <\/div>\n                                        <!-- col end-->\n                                        <div class=\"col-lg-6\">\n                                            <div class=\"ts-speaker-popup-content\">\n                                                <h3 class=\"ts-title\">Daniela Santos <\/h3>\n                                                <span class=\"speakder-designation\"> Enfermeira Veterin\u00e1ria<\/span>\n                                                                                                <p>\n                                                    <p><span style=\"font-weight: 400\">Licenciatura (2005) e mestrado em L\u00ednguas e Rela\u00e7\u00f5es Empresariais (2009), pela Universidade de Aveiro. Frequentou o curso de Auxiliar de Veterin\u00e1ria em 2009, no Hospital Veterin\u00e1rio do Porto, tendo posteriormente ingressado na Licenciatura em Enfermagem Veterin\u00e1ria entre 2012- 2015, na Escola Superior Agr\u00e1ria de Viseu, com acredita\u00e7\u00e3o da ACOVENE.\u00a0<\/span><\/p><p><span style=\"font-weight: 400\">Entre mar\u00e7o e julho de 2015, realizou o Est\u00e1gio Curricular no Hospital Veterin\u00e1rio Universit\u00e1rio Did\u00e1tico da Faculdade de Medicina Veterin\u00e1ria de Perugia, It\u00e1lia.\u00a0<\/span><\/p><p><span style=\"font-weight: 400\">Iniciou a sua atividade profissional como enfermeira veterin\u00e1ria em fevereiro de 2016, no Hospital Veterin\u00e1rio do Oeste, na Lourinh\u00e3, onde permaneceu durante 2 anos.\u00a0<\/span><\/p><p><span style=\"font-weight: 400\">Desde mar\u00e7o de 2018, integra a equipa do Hospital Veterin\u00e1rio de Aveiro.<\/span><\/p><p><span style=\"font-weight: 400\">Em maio de 2019, frequentou o curso de Especializa\u00e7\u00e3o em Anestesia e Ventila\u00e7\u00e3o Mec\u00e2nica para Enfermeiros Veterin\u00e1rios<\/span><i><span style=\"font-weight: 400\">, <\/span><\/i><span style=\"font-weight: 400\">da Healthcare Solutions &amp; Courses<\/span><i><span style=\"font-weight: 400\">, <\/span><\/i><span style=\"font-weight: 400\">em Toledo, Espanha.<\/span><\/p><p><span style=\"font-weight: 400\">Em junho de 2021 concluiu a p\u00f3s-gradua\u00e7\u00e3o em Fisioterapia Veterin\u00e1ria, pela Improve International.\u00a0<\/span><\/p><p><span style=\"font-weight: 400\">Principais \u00e1reas de interesse: anestesia, cirurgia, urg\u00eancias, cuidados intensivos, fisioterapia e reabilita\u00e7\u00e3o animal.<\/span><\/p>                                                <\/p>\n\n                                                <div class=\"ts-speakers-social\">\n                                                                                                    <\/div>\n\n                                            <\/div>\n                                            <!-- ts-speaker-popup-content end-->\n                                        <\/div>\n                                        <!-- col end-->\n                                    <\/div>\n                                    <!-- row end-->\n                                <\/div>\n                                <!-- popup end-->\n                            <\/div>\n                            <!-- ts-speaker end  -->\n                        <\/div>                                    \n                                                <div class=\"swiper-slide\"> \n                            <div class=\"ts-speaker\">\n                                <div class=\"speaker-img\">\n                                                                            <img width=\"683\" height=\"683\" src=\"https:\/\/congressohvm.com\/2022\/wp-content\/uploads\/2022\/05\/Carla-Leite.jpg\" class=\"img-fluid\" alt=\"\" loading=\"lazy\" srcset=\"https:\/\/congressohvm.com\/2022\/wp-content\/uploads\/2022\/05\/Carla-Leite.jpg 683w, https:\/\/congressohvm.com\/2022\/wp-content\/uploads\/2022\/05\/Carla-Leite-300x300.jpg 300w, https:\/\/congressohvm.com\/2022\/wp-content\/uploads\/2022\/05\/Carla-Leite-150x150.jpg 150w\" sizes=\"(max-width: 683px) 100vw, 683px\" \/>                                                                        <a href=\"#popup_26036c42612\" class=\"view-speaker ts-image-popup\" data-effect=\"mfp-zoom-in\">\n                                        <!-- <i class=\"icon icon-plus\"><\/i> -->\n                                    <\/a>\n                                <\/div>\n                                <div class=\"ts-speaker-info\">\n                                    <h3 class=\"ts-title\">Carla Leite<\/h3>\n                                    <p>\n                                        Enfermeira Veterin\u00e1ria                                    <\/p>\n                                <\/div>\n                                <!--- speaker info end -->\n                                <!-- popup start-->\n                                <div id=\"popup_26036c42612\" class=\"container ts-speaker-popup mfp-hide\">\n                                    <div class=\"row\">\n                                        <div class=\"col-lg-6\">\n                                            <div class=\"ts-speaker-popup-img\">\n                                                                                                    <img width=\"683\" height=\"683\" src=\"https:\/\/congressohvm.com\/2022\/wp-content\/uploads\/2022\/05\/Carla-Leite.jpg\" class=\"attachment-full size-full\" alt=\"\" loading=\"lazy\" srcset=\"https:\/\/congressohvm.com\/2022\/wp-content\/uploads\/2022\/05\/Carla-Leite.jpg 683w, https:\/\/congressohvm.com\/2022\/wp-content\/uploads\/2022\/05\/Carla-Leite-300x300.jpg 300w, https:\/\/congressohvm.com\/2022\/wp-content\/uploads\/2022\/05\/Carla-Leite-150x150.jpg 150w\" sizes=\"(max-width: 683px) 100vw, 683px\" \/>                                                                                            <\/div>\n                                        <\/div>\n                                        <!-- col end-->\n                                        <div class=\"col-lg-6\">\n                                            <div class=\"ts-speaker-popup-content\">\n                                                <h3 class=\"ts-title\">Carla Leite <\/h3>\n                                                <span class=\"speakder-designation\"> Enfermeira Veterin\u00e1ria<\/span>\n                                                                                                <p>\n                                                    <p>Licenciada em Enfermagem Veterin\u00e1ria pela Escola Superior Agr\u00e1ria de Ponte<br \/>de Lima. Realizou o seu est\u00e1gio curricular no Hospital Veterin\u00e1rio Montenegro<br \/>onde iniciou a sua actividade profissional em Janeiro de 2013.<br \/>Frequentou a p\u00f3s-gradu\u00e7\u00e3o NCert PracTec (Nurse Certificate in Practical<br \/>Techniques) em 2015 e a NCert Physio (Fisioterapia) em 2017.<br \/>Trabalhou em cl\u00ednica em 2019 e em abril de 2020 iniciou actividade no Centro<br \/>de Imagem Montenegro.<br \/>Tem como principais \u00e1reas de interesse a odontologia, a fisioterapia e a<br \/>neurologia.<\/p>                                                <\/p>\n\n                                                <div class=\"ts-speakers-social\">\n                                                                                                    <\/div>\n\n                                            <\/div>\n                                            <!-- ts-speaker-popup-content end-->\n                                        <\/div>\n                                        <!-- col end-->\n                                    <\/div>\n                                    <!-- row end-->\n                                <\/div>\n                                <!-- popup end-->\n                            <\/div>\n                            <!-- ts-speaker end  -->\n                        <\/div>                                    \n                                                <div class=\"swiper-slide\"> \n                            <div class=\"ts-speaker\">\n                                <div class=\"speaker-img\">\n                                                                            <img width=\"1708\" height=\"1708\" src=\"https:\/\/congressohvm.com\/2022\/wp-content\/uploads\/2022\/05\/Bruno-Tavares-scaled-e1655935668519.jpg\" class=\"img-fluid\" alt=\"\" loading=\"lazy\" srcset=\"https:\/\/congressohvm.com\/2022\/wp-content\/uploads\/2022\/05\/Bruno-Tavares-scaled-e1655935668519.jpg 1708w, https:\/\/congressohvm.com\/2022\/wp-content\/uploads\/2022\/05\/Bruno-Tavares-scaled-e1655935668519-300x300.jpg 300w, https:\/\/congressohvm.com\/2022\/wp-content\/uploads\/2022\/05\/Bruno-Tavares-scaled-e1655935668519-1024x1024.jpg 1024w, https:\/\/congressohvm.com\/2022\/wp-content\/uploads\/2022\/05\/Bruno-Tavares-scaled-e1655935668519-150x150.jpg 150w, https:\/\/congressohvm.com\/2022\/wp-content\/uploads\/2022\/05\/Bruno-Tavares-scaled-e1655935668519-768x768.jpg 768w, https:\/\/congressohvm.com\/2022\/wp-content\/uploads\/2022\/05\/Bruno-Tavares-scaled-e1655935668519-1536x1536.jpg 1536w\" sizes=\"(max-width: 1708px) 100vw, 1708px\" \/>                                                                        <a href=\"#popup_26036c42599\" class=\"view-speaker ts-image-popup\" data-effect=\"mfp-zoom-in\">\n                                        <!-- <i class=\"icon icon-plus\"><\/i> -->\n                                    <\/a>\n                                <\/div>\n                                <div class=\"ts-speaker-info\">\n                                    <h3 class=\"ts-title\">Bruno Tavares<\/h3>\n                                    <p>\n                                        Diretor Cl\u00ednico da Cl\u00ednica Veterin\u00e1ria Boa Nova                                    <\/p>\n                                <\/div>\n                                <!--- speaker info end -->\n                                <!-- popup start-->\n                                <div id=\"popup_26036c42599\" class=\"container ts-speaker-popup mfp-hide\">\n                                    <div class=\"row\">\n                                        <div class=\"col-lg-6\">\n                                            <div class=\"ts-speaker-popup-img\">\n                                                                                                    <img width=\"1708\" height=\"1708\" src=\"https:\/\/congressohvm.com\/2022\/wp-content\/uploads\/2022\/05\/Bruno-Tavares-scaled-e1655935668519.jpg\" class=\"attachment-full size-full\" alt=\"\" loading=\"lazy\" srcset=\"https:\/\/congressohvm.com\/2022\/wp-content\/uploads\/2022\/05\/Bruno-Tavares-scaled-e1655935668519.jpg 1708w, https:\/\/congressohvm.com\/2022\/wp-content\/uploads\/2022\/05\/Bruno-Tavares-scaled-e1655935668519-300x300.jpg 300w, https:\/\/congressohvm.com\/2022\/wp-content\/uploads\/2022\/05\/Bruno-Tavares-scaled-e1655935668519-1024x1024.jpg 1024w, https:\/\/congressohvm.com\/2022\/wp-content\/uploads\/2022\/05\/Bruno-Tavares-scaled-e1655935668519-150x150.jpg 150w, https:\/\/congressohvm.com\/2022\/wp-content\/uploads\/2022\/05\/Bruno-Tavares-scaled-e1655935668519-768x768.jpg 768w, https:\/\/congressohvm.com\/2022\/wp-content\/uploads\/2022\/05\/Bruno-Tavares-scaled-e1655935668519-1536x1536.jpg 1536w\" sizes=\"(max-width: 1708px) 100vw, 1708px\" \/>                                                                                            <\/div>\n                                        <\/div>\n                                        <!-- col end-->\n                                        <div class=\"col-lg-6\">\n                                            <div class=\"ts-speaker-popup-content\">\n                                                <h3 class=\"ts-title\">Bruno Tavares <\/h3>\n                                                <span class=\"speakder-designation\"> Diretor Cl\u00ednico da Cl\u00ednica Veterin\u00e1ria Boa Nova<\/span>\n                                                                                                <p>\n                                                    <p><span style=\"font-weight: 400\">Licenciado com mestrado integrado pela faculdade de Medicina Veterin\u00e1ria da Universidade Lus\u00f3fona em 2011.<\/span><\/p><p><span style=\"font-weight: 400\">Fez parte integrante da equipa do Hospital de Refer\u00eancia Veterin\u00e1ria Montenegro desde 2011, onde ficou respons\u00e1vel pelo servi\u00e7o de Estomatologia Veterin\u00e1ria.<\/span><\/p><p><span style=\"font-weight: 400\">Atualmente \u00e9 Diretor Cl\u00ednico da Cl\u00ednica Veterin\u00e1ria Boa Nova desde 2016, tendo vindo a desenvolver a gest\u00e3o de processos cl\u00ednicos e financeiros com CRM de reconhecimento internacional \u2013 Salesforce<\/span><\/p><p><span style=\"font-weight: 400\">Ganhou pr\u00e9mio de distin\u00e7\u00e3o pela Salesforce em 2019, pelas boas pr\u00e1ticas de gest\u00e3o, inova\u00e7\u00e3o, adapta\u00e7\u00e3o da tecnologia, foco no cliente, bem estar dos animais e colaboradores.<\/span><\/p><p><span style=\"font-weight: 400\">Adapta\u00e7\u00e3o de Omnichannel e Salesforce Einstein Artificial Intelligence \u00e0 Medicina Veterin\u00e1ria para tratamento de Machine learning e Big Data Health Care, desde 2020.<\/span><\/p><p><span style=\"font-weight: 400\">Continua a desenvolver a Estomatologia Veterin\u00e1ria Avan\u00e7ada, na Cl\u00ednica Veterin\u00e1ria Boa Nova, sendo uma refer\u00eancia na \u00e1rea.<\/span><\/p><p><span style=\"font-weight: 400\">Tem uma vasta experi\u00eancia pr\u00e1tica em Periodontologia, Endodontia, Ortodontia e Implantologia adaptadas aos pequenos animais, adquirida em v\u00e1rias forma\u00e7\u00f5es Internacionais de Veterin\u00e1ria e de Medicina Humana.<\/span><\/p><p><span style=\"font-weight: 400\">Foi pioneiro na Ortopantomografia Digital Veterin\u00e1ria \u2013 Radiografia Panor\u00e2mica da Cavidade Oral, tendo instalado o 1\u00ba Ortopantom\u00f3grafo Veterin\u00e1rio da Pen\u00ednsula Ib\u00e9rica no final de 2019.<\/span><\/p><p><span style=\"font-weight: 400\">Com forma\u00e7\u00e3o de base em Anestesia, introduziu na sua pr\u00e1tica di\u00e1ria a monitoriza\u00e7\u00e3o anest\u00e9sica Bispectral index (EEG) e INVOS Oxymetry ( Oximetria cerebral e som\u00e1tica)<\/span><\/p><p><span style=\"font-weight: 400\">Professor auxiliar convidado da Universidade Lus\u00f3fona, respons\u00e1vel pela disciplina de Medicina Estomatol\u00f3gico Dent\u00e1ria de 5\u00ba Ano.<\/span><\/p><p><span style=\"font-weight: 400\">Orador em diversas palestras sobre a \u00e1rea de Estomatologia e Gest\u00e3o de Dados Cl\u00ednicos. \u00c9 atual orador em eventos da Salesforce e formador aprovado pela ISVPS - International School Of Veterinary Postgraduate Studies.<\/span><\/p><p><span style=\"font-weight: 400\">Tem como \u00e1reas de interesse: Anestesia, Estomatologia e Cirurgia Maxilo-facial.<\/span><\/p>                                                <\/p>\n\n                                                <div class=\"ts-speakers-social\">\n                                                                                                    <\/div>\n\n                                            <\/div>\n                                            <!-- ts-speaker-popup-content end-->\n                                        <\/div>\n                                        <!-- col end-->\n                                    <\/div>\n                                    <!-- row end-->\n                                <\/div>\n                                <!-- popup end-->\n                            <\/div>\n                            <!-- ts-speaker end  -->\n                        <\/div>                                    \n                                                <div class=\"swiper-slide\"> \n                            <div class=\"ts-speaker\">\n                                <div class=\"speaker-img\">\n                                                                            <img width=\"1000\" height=\"1000\" src=\"https:\/\/congressohvm.com\/2022\/wp-content\/uploads\/2022\/09\/Bruno-Lopes-e1664841531697.jpg\" class=\"img-fluid\" alt=\"\" loading=\"lazy\" srcset=\"https:\/\/congressohvm.com\/2022\/wp-content\/uploads\/2022\/09\/Bruno-Lopes-e1664841531697.jpg 1000w, https:\/\/congressohvm.com\/2022\/wp-content\/uploads\/2022\/09\/Bruno-Lopes-e1664841531697-300x300.jpg 300w, https:\/\/congressohvm.com\/2022\/wp-content\/uploads\/2022\/09\/Bruno-Lopes-e1664841531697-150x150.jpg 150w, https:\/\/congressohvm.com\/2022\/wp-content\/uploads\/2022\/09\/Bruno-Lopes-e1664841531697-768x768.jpg 768w, https:\/\/congressohvm.com\/2022\/wp-content\/uploads\/2022\/09\/Bruno-Lopes-e1664841531697-12x12.jpg 12w\" sizes=\"(max-width: 1000px) 100vw, 1000px\" \/>                                                                        <a href=\"#popup_26036c43135\" class=\"view-speaker ts-image-popup\" data-effect=\"mfp-zoom-in\">\n                                        <!-- <i class=\"icon icon-plus\"><\/i> -->\n                                    <\/a>\n                                <\/div>\n                                <div class=\"ts-speaker-info\">\n                                    <h3 class=\"ts-title\">Bruno Lopes<\/h3>\n                                    <p>\n                                        M\u00e9dico Veterin\u00e1rio                                    <\/p>\n                                <\/div>\n                                <!--- speaker info end -->\n                                <!-- popup start-->\n                                <div id=\"popup_26036c43135\" class=\"container ts-speaker-popup mfp-hide\">\n                                    <div class=\"row\">\n                                        <div class=\"col-lg-6\">\n                                            <div class=\"ts-speaker-popup-img\">\n                                                                                                    <img width=\"1000\" height=\"1000\" src=\"https:\/\/congressohvm.com\/2022\/wp-content\/uploads\/2022\/09\/Bruno-Lopes-e1664841531697.jpg\" class=\"attachment-full size-full\" alt=\"\" loading=\"lazy\" srcset=\"https:\/\/congressohvm.com\/2022\/wp-content\/uploads\/2022\/09\/Bruno-Lopes-e1664841531697.jpg 1000w, https:\/\/congressohvm.com\/2022\/wp-content\/uploads\/2022\/09\/Bruno-Lopes-e1664841531697-300x300.jpg 300w, https:\/\/congressohvm.com\/2022\/wp-content\/uploads\/2022\/09\/Bruno-Lopes-e1664841531697-150x150.jpg 150w, https:\/\/congressohvm.com\/2022\/wp-content\/uploads\/2022\/09\/Bruno-Lopes-e1664841531697-768x768.jpg 768w, https:\/\/congressohvm.com\/2022\/wp-content\/uploads\/2022\/09\/Bruno-Lopes-e1664841531697-12x12.jpg 12w\" sizes=\"(max-width: 1000px) 100vw, 1000px\" \/>                                                                                            <\/div>\n                                        <\/div>\n                                        <!-- col end-->\n                                        <div class=\"col-lg-6\">\n                                            <div class=\"ts-speaker-popup-content\">\n                                                <h3 class=\"ts-title\">Bruno Lopes <\/h3>\n                                                <span class=\"speakder-designation\"> M\u00e9dico Veterin\u00e1rio<\/span>\n                                                                                                <p>\n                                                    <p><span style=\"font-weight: 400\">\"Licenciado pelo ICBAS - Universidade do Porto em 2013. Trabalhou na zona do grande Porto at\u00e9 Abril 2017, antes de se mudar para o Reino Unido e trabalhar enquanto veterin\u00e1rio de primeira opini\u00e3o. Completou o certificado em Neurologia Veterin\u00e1ria (GPCert Neuro). Come\u00e7ou a trabalhar em servi\u00e7o de refer\u00eancia enquanto interno especifico em Neurologia e Neurocirurgia, em Novembro 2018, seguido de residente do col\u00e9gio europeu de neurologia veterin\u00e1ria (ECVN) desde Novembro 2018, o qual termina em Novembro 2022.\"<\/span><\/p><p>&nbsp;<\/p>                                                <\/p>\n\n                                                <div class=\"ts-speakers-social\">\n                                                                                                    <\/div>\n\n                                            <\/div>\n                                            <!-- ts-speaker-popup-content end-->\n                                        <\/div>\n                                        <!-- col end-->\n                                    <\/div>\n                                    <!-- row end-->\n                                <\/div>\n                                <!-- popup end-->\n                            <\/div>\n                            <!-- ts-speaker end  -->\n                        <\/div>                                    \n                                                <div class=\"swiper-slide\"> \n                            <div class=\"ts-speaker\">\n                                <div class=\"speaker-img\">\n                                                                            <img width=\"320\" height=\"320\" src=\"https:\/\/congressohvm.com\/2022\/wp-content\/uploads\/2022\/09\/Lacreta.jpg\" class=\"img-fluid\" alt=\"\" loading=\"lazy\" srcset=\"https:\/\/congressohvm.com\/2022\/wp-content\/uploads\/2022\/09\/Lacreta.jpg 320w, https:\/\/congressohvm.com\/2022\/wp-content\/uploads\/2022\/09\/Lacreta-300x300.jpg 300w, https:\/\/congressohvm.com\/2022\/wp-content\/uploads\/2022\/09\/Lacreta-150x150.jpg 150w, https:\/\/congressohvm.com\/2022\/wp-content\/uploads\/2022\/09\/Lacreta-12x12.jpg 12w\" sizes=\"(max-width: 320px) 100vw, 320px\" \/>                                                                        <a href=\"#popup_26036c43130\" class=\"view-speaker ts-image-popup\" data-effect=\"mfp-zoom-in\">\n                                        <!-- <i class=\"icon icon-plus\"><\/i> -->\n                                    <\/a>\n                                <\/div>\n                                <div class=\"ts-speaker-info\">\n                                    <h3 class=\"ts-title\">Antonio Lacreta Junior<\/h3>\n                                    <p>\n                                                                            <\/p>\n                                <\/div>\n                                <!--- speaker info end -->\n                                <!-- popup start-->\n                                <div id=\"popup_26036c43130\" class=\"container ts-speaker-popup mfp-hide\">\n                                    <div class=\"row\">\n                                        <div class=\"col-lg-6\">\n                                            <div class=\"ts-speaker-popup-img\">\n                                                                                                    <img width=\"320\" height=\"320\" src=\"https:\/\/congressohvm.com\/2022\/wp-content\/uploads\/2022\/09\/Lacreta.jpg\" class=\"attachment-full size-full\" alt=\"\" loading=\"lazy\" srcset=\"https:\/\/congressohvm.com\/2022\/wp-content\/uploads\/2022\/09\/Lacreta.jpg 320w, https:\/\/congressohvm.com\/2022\/wp-content\/uploads\/2022\/09\/Lacreta-300x300.jpg 300w, https:\/\/congressohvm.com\/2022\/wp-content\/uploads\/2022\/09\/Lacreta-150x150.jpg 150w, https:\/\/congressohvm.com\/2022\/wp-content\/uploads\/2022\/09\/Lacreta-12x12.jpg 12w\" sizes=\"(max-width: 320px) 100vw, 320px\" \/>                                                                                            <\/div>\n                                        <\/div>\n                                        <!-- col end-->\n                                        <div class=\"col-lg-6\">\n                                            <div class=\"ts-speaker-popup-content\">\n                                                <h3 class=\"ts-title\">Antonio Lacreta Junior <\/h3>\n                                                <span class=\"speakder-designation\"> <\/span>\n                                                                                                <p>\n                                                    <p><span style=\"font-weight: 400\">Mestrado e Doutoramento pela UNESP (Universidade Estadual Paulista \"J\u00falio de Mesquita Filho\")<\/span><\/p><p><span style=\"font-weight: 400\">Professor de Radiologia em Animais na <\/span><span style=\"font-weight: 400\">Universidade Federal de Lavra desde 2010.<\/span><\/p><p><span style=\"font-weight: 400\">Conselheiro Suplente do Conselho Regional de Medicina Veterin\u00e1ria do Estado de Minas Gerais desde 2018.<\/span><\/p><p>&nbsp;<\/p><p><span style=\"font-weight: 400\">Presidente do Col\u00e9gio Brasileiro de Radiologia Veterin\u00e1ria desde 2019.<\/span><\/p><p><span style=\"font-weight: 400\">Diretor Executivo da Funda\u00e7\u00e3o de Desenvolvimento Cient\u00edfico e Cultura (FUNDECC) desde 2020.<\/span><\/p><p><span style=\"font-weight: 400\">Diretor executivo da <\/span><span style=\"font-weight: 400\">Funda\u00e7\u00e3o de Apoio ao Ensino, Pesquisa e Extens\u00e3o (<\/span><span style=\"font-weight: 400\">FAEPE) desde 2020.<\/span><\/p>                                                <\/p>\n\n                                                <div class=\"ts-speakers-social\">\n                                                                                                    <\/div>\n\n                                            <\/div>\n                                            <!-- ts-speaker-popup-content end-->\n                                        <\/div>\n                                        <!-- col end-->\n                                    <\/div>\n                                    <!-- row end-->\n                                <\/div>\n                                <!-- popup end-->\n                            <\/div>\n                            <!-- ts-speaker end  -->\n                        <\/div>                                    \n                                                <div class=\"swiper-slide\"> \n                            <div class=\"ts-speaker\">\n                                <div class=\"speaker-img\">\n                                                                            <img width=\"225\" height=\"225\" src=\"https:\/\/congressohvm.com\/2022\/wp-content\/uploads\/2022\/05\/Ane-Uriarte.jpg\" class=\"img-fluid\" alt=\"\" loading=\"lazy\" srcset=\"https:\/\/congressohvm.com\/2022\/wp-content\/uploads\/2022\/05\/Ane-Uriarte.jpg 225w, https:\/\/congressohvm.com\/2022\/wp-content\/uploads\/2022\/05\/Ane-Uriarte-150x150.jpg 150w\" sizes=\"(max-width: 225px) 100vw, 225px\" \/>                                                                        <a href=\"#popup_26036c42609\" class=\"view-speaker ts-image-popup\" data-effect=\"mfp-zoom-in\">\n                                        <!-- <i class=\"icon icon-plus\"><\/i> -->\n                                    <\/a>\n                                <\/div>\n                                <div class=\"ts-speaker-info\">\n                                    <h3 class=\"ts-title\">Ane Uriarte<\/h3>\n                                    <p>\n                                        M\u00e9dica Veterin\u00e1ria                                    <\/p>\n                                <\/div>\n                                <!--- speaker info end -->\n                                <!-- popup start-->\n                                <div id=\"popup_26036c42609\" class=\"container ts-speaker-popup mfp-hide\">\n                                    <div class=\"row\">\n                                        <div class=\"col-lg-6\">\n                                            <div class=\"ts-speaker-popup-img\">\n                                                                                                    <img width=\"225\" height=\"225\" src=\"https:\/\/congressohvm.com\/2022\/wp-content\/uploads\/2022\/05\/Ane-Uriarte.jpg\" class=\"attachment-full size-full\" alt=\"\" loading=\"lazy\" srcset=\"https:\/\/congressohvm.com\/2022\/wp-content\/uploads\/2022\/05\/Ane-Uriarte.jpg 225w, https:\/\/congressohvm.com\/2022\/wp-content\/uploads\/2022\/05\/Ane-Uriarte-150x150.jpg 150w\" sizes=\"(max-width: 225px) 100vw, 225px\" \/>                                                                                            <\/div>\n                                        <\/div>\n                                        <!-- col end-->\n                                        <div class=\"col-lg-6\">\n                                            <div class=\"ts-speaker-popup-content\">\n                                                <h3 class=\"ts-title\">Ane Uriarte <\/h3>\n                                                <span class=\"speakder-designation\"> M\u00e9dica Veterin\u00e1ria<\/span>\n                                                                                                <p>\n                                                    <p><span style=\"font-weight: 400\">Ane Uriarte es diplomada del colegio europeo en Neurolog\u00eda. Ane realiz\u00f3 sus estudios en Zaragoza, pero se gradu\u00f3 como veterinaria en la universidad de Alfort en Par\u00eds, donde realiz\u00f3 su internado general y residencia europea.<\/span><\/p><p><span style=\"font-weight: 400\">Tras obtener su diploma ECVN, trabaj\u00f3 durante 8 a\u00f1os en un hospital privado a las afueras de Londres y de ah\u00ed\u00a0se mud\u00f3 a Boston (USA), donde durante 3 a\u00f1os fue profesora, investigadora y cl\u00ednica en la Universidad veterinaria de Tufts.\u00a0<\/span><\/p><p><span style=\"font-weight: 400\">\u00a0<\/span><\/p><p><span style=\"font-weight: 400\">Ane ha publicado numerosos art\u00edculos en revistas internacionales, as\u00ed como cap\u00edtulos de neurocirug\u00eda en\u00a0libros de referencia. Ane mantiene una gran actividad de ense\u00f1anza en modo de webinars, congresos y Medios sociales: \"Ane.neuro\" cuelga casos de neurolog\u00eda diarios en instagram, tiktok,\u00a0youtube y facebook.<\/span><\/p><p><span style=\"font-weight: 400\">Ane trabaja ahora en UK donde es la jefa del servicio de Neurolog\u00eda-neurocirugia a\u00a0 Southfields Veterinary specialist, un centro de referencia al norte de Londres<\/span><\/p>                                                <\/p>\n\n                                                <div class=\"ts-speakers-social\">\n                                                                                                    <\/div>\n\n                                            <\/div>\n                                            <!-- ts-speaker-popup-content end-->\n                                        <\/div>\n                                        <!-- col end-->\n                                    <\/div>\n                                    <!-- row end-->\n                                <\/div>\n                                <!-- popup end-->\n                            <\/div>\n                            <!-- ts-speaker end  -->\n                        <\/div>                                    \n                                                <div class=\"swiper-slide\"> \n                            <div class=\"ts-speaker\">\n                                <div class=\"speaker-img\">\n                                                                            <img width=\"1536\" height=\"1536\" src=\"https:\/\/congressohvm.com\/2022\/wp-content\/uploads\/2022\/10\/Andre\u0301-Santos-e1664843919115.jpeg\" class=\"img-fluid\" alt=\"\" loading=\"lazy\" srcset=\"https:\/\/congressohvm.com\/2022\/wp-content\/uploads\/2022\/10\/Andre\u0301-Santos-e1664843919115.jpeg 1536w, https:\/\/congressohvm.com\/2022\/wp-content\/uploads\/2022\/10\/Andre\u0301-Santos-e1664843919115-300x300.jpeg 300w, https:\/\/congressohvm.com\/2022\/wp-content\/uploads\/2022\/10\/Andre\u0301-Santos-e1664843919115-1024x1024.jpeg 1024w, https:\/\/congressohvm.com\/2022\/wp-content\/uploads\/2022\/10\/Andre\u0301-Santos-e1664843919115-150x150.jpeg 150w, https:\/\/congressohvm.com\/2022\/wp-content\/uploads\/2022\/10\/Andre\u0301-Santos-e1664843919115-768x768.jpeg 768w, https:\/\/congressohvm.com\/2022\/wp-content\/uploads\/2022\/10\/Andre\u0301-Santos-e1664843919115-12x12.jpeg 12w\" sizes=\"(max-width: 1536px) 100vw, 1536px\" \/>                                                                        <a href=\"#popup_26036c43327\" class=\"view-speaker ts-image-popup\" data-effect=\"mfp-zoom-in\">\n                                        <!-- <i class=\"icon icon-plus\"><\/i> -->\n                                    <\/a>\n                                <\/div>\n                                <div class=\"ts-speaker-info\">\n                                    <h3 class=\"ts-title\">Andr\u00e9 Santos<\/h3>\n                                    <p>\n                                        M\u00e9dico Veterin\u00e1rio                                    <\/p>\n                                <\/div>\n                                <!--- speaker info end -->\n                                <!-- popup start-->\n                                <div id=\"popup_26036c43327\" class=\"container ts-speaker-popup mfp-hide\">\n                                    <div class=\"row\">\n                                        <div class=\"col-lg-6\">\n                                            <div class=\"ts-speaker-popup-img\">\n                                                                                                    <img width=\"1536\" height=\"1536\" src=\"https:\/\/congressohvm.com\/2022\/wp-content\/uploads\/2022\/10\/Andre\u0301-Santos-e1664843919115.jpeg\" class=\"attachment-full size-full\" alt=\"\" loading=\"lazy\" srcset=\"https:\/\/congressohvm.com\/2022\/wp-content\/uploads\/2022\/10\/Andre\u0301-Santos-e1664843919115.jpeg 1536w, https:\/\/congressohvm.com\/2022\/wp-content\/uploads\/2022\/10\/Andre\u0301-Santos-e1664843919115-300x300.jpeg 300w, https:\/\/congressohvm.com\/2022\/wp-content\/uploads\/2022\/10\/Andre\u0301-Santos-e1664843919115-1024x1024.jpeg 1024w, https:\/\/congressohvm.com\/2022\/wp-content\/uploads\/2022\/10\/Andre\u0301-Santos-e1664843919115-150x150.jpeg 150w, https:\/\/congressohvm.com\/2022\/wp-content\/uploads\/2022\/10\/Andre\u0301-Santos-e1664843919115-768x768.jpeg 768w, https:\/\/congressohvm.com\/2022\/wp-content\/uploads\/2022\/10\/Andre\u0301-Santos-e1664843919115-12x12.jpeg 12w\" sizes=\"(max-width: 1536px) 100vw, 1536px\" \/>                                                                                            <\/div>\n                                        <\/div>\n                                        <!-- col end-->\n                                        <div class=\"col-lg-6\">\n                                            <div class=\"ts-speaker-popup-content\">\n                                                <h3 class=\"ts-title\">Andr\u00e9 Santos <\/h3>\n                                                <span class=\"speakder-designation\"> M\u00e9dico Veterin\u00e1rio<\/span>\n                                                                                                <p>\n                                                    <p><span style=\"font-weight: 400\">Mestrado pela Universidade Lus\u00f3fona de Humanidades e Tecnologias no ano de 2009, logo desde o in\u00edcio assumiu o gosto pela Cardiologia e Medicina Interna de pequenos animais. Fez um est\u00e1gio curricular de um ano no Hospital Veterin\u00e1rio do Porto orientado \u00e0 cardiologia.<\/span><\/p><p><span style=\"font-weight: 400\">No ano de 2011 ingressou a equipa t\u00e9cnica do Hospital Veterin\u00e1rio das Laranjeiras, colaborando na mesma altura com o Hospital Veterin\u00e1rio da Universidade Lus\u00f3fona. Em 2012 passou a tempo inteiro para a Universidade que o formou, sendo M\u00e9dico Veterin\u00e1rio no Hospital nas \u00e1reas da Cardiologia e Medicina Interna e sendo professor assistente nas disciplinas de Proped\u00eautica Cl\u00ednica M\u00e9dica, Cardiologia, Atividades Pr\u00e1ticas Hospitalares e Parasitologia Veterin\u00e1ria.<\/span><\/p><p><span style=\"font-weight: 400\">Completou a P\u00f3s-Gradua\u00e7\u00e3o de Medicina Interna de Animais de Companhia no ano de 2013 pela ULHT e fez v\u00e1rias forma\u00e7\u00f5es na \u00e1rea da Cardiologia.<\/span><\/p><p><span style=\"font-weight: 400\">Em mar\u00e7o de 2015 ingressou o \"Anicura Restelo Hospital Veterin\u00e1rio\" nas \u00e1reas da Cardiologia e Medicina Interna de Pequenos Animais at\u00e9 ao presente dia. Para al\u00e9m da vertente m\u00e9dica cl\u00ednica tem tamb\u00e9m interesse nas \u00e1reas de Marketing Digital adaptado \u00e0 Medicina Veterin\u00e1ria e Estrutura\u00e7\u00e3o do m\u00e9dico veterin\u00e1rio na sua vertente emocional e emp\u00e1tica na pr\u00e1tica cl\u00ednica.<\/span><\/p>                                                <\/p>\n\n                                                <div class=\"ts-speakers-social\">\n                                                                                                    <\/div>\n\n                                            <\/div>\n                                            <!-- ts-speaker-popup-content end-->\n                                        <\/div>\n                                        <!-- col end-->\n                                    <\/div>\n                                    <!-- row end-->\n                                <\/div>\n                                <!-- popup end-->\n                            <\/div>\n                            <!-- ts-speaker end  -->\n                        <\/div>                                    \n                                                <div class=\"swiper-slide\"> \n                            <div class=\"ts-speaker\">\n                                <div class=\"speaker-img\">\n                                                                            <img width=\"539\" height=\"539\" src=\"https:\/\/congressohvm.com\/2022\/wp-content\/uploads\/2022\/05\/Ana-Rita-Furtado-e1655935699700.jpeg\" class=\"img-fluid\" alt=\"\" loading=\"lazy\" srcset=\"https:\/\/congressohvm.com\/2022\/wp-content\/uploads\/2022\/05\/Ana-Rita-Furtado-e1655935699700.jpeg 539w, https:\/\/congressohvm.com\/2022\/wp-content\/uploads\/2022\/05\/Ana-Rita-Furtado-e1655935699700-300x300.jpeg 300w, https:\/\/congressohvm.com\/2022\/wp-content\/uploads\/2022\/05\/Ana-Rita-Furtado-e1655935699700-150x150.jpeg 150w\" sizes=\"(max-width: 539px) 100vw, 539px\" \/>                                                                        <a href=\"#popup_26036c42591\" class=\"view-speaker ts-image-popup\" data-effect=\"mfp-zoom-in\">\n                                        <!-- <i class=\"icon icon-plus\"><\/i> -->\n                                    <\/a>\n                                <\/div>\n                                <div class=\"ts-speaker-info\">\n                                    <h3 class=\"ts-title\">Ana Rita Furtado<\/h3>\n                                    <p>\n                                        M\u00e9dica Veterin\u00e1ria                                    <\/p>\n                                <\/div>\n                                <!--- speaker info end -->\n                                <!-- popup start-->\n                                <div id=\"popup_26036c42591\" class=\"container ts-speaker-popup mfp-hide\">\n                                    <div class=\"row\">\n                                        <div class=\"col-lg-6\">\n                                            <div class=\"ts-speaker-popup-img\">\n                                                                                                    <img width=\"539\" height=\"539\" src=\"https:\/\/congressohvm.com\/2022\/wp-content\/uploads\/2022\/05\/Ana-Rita-Furtado-e1655935699700.jpeg\" class=\"attachment-full size-full\" alt=\"\" loading=\"lazy\" srcset=\"https:\/\/congressohvm.com\/2022\/wp-content\/uploads\/2022\/05\/Ana-Rita-Furtado-e1655935699700.jpeg 539w, https:\/\/congressohvm.com\/2022\/wp-content\/uploads\/2022\/05\/Ana-Rita-Furtado-e1655935699700-300x300.jpeg 300w, https:\/\/congressohvm.com\/2022\/wp-content\/uploads\/2022\/05\/Ana-Rita-Furtado-e1655935699700-150x150.jpeg 150w\" sizes=\"(max-width: 539px) 100vw, 539px\" \/>                                                                                            <\/div>\n                                        <\/div>\n                                        <!-- col end-->\n                                        <div class=\"col-lg-6\">\n                                            <div class=\"ts-speaker-popup-content\">\n                                                <h3 class=\"ts-title\">Ana Rita Furtado <\/h3>\n                                                <span class=\"speakder-designation\"> M\u00e9dica Veterin\u00e1ria<\/span>\n                                                                                                <p>\n                                                    <p><span style=\"font-weight: 400\">Licenciei-me em 2010 pela Universidade de Lisboa e desde 2012 que trabalho no Reino Unido. Trabalhei 3 anos como veterin\u00e1ria de primeira opini\u00e3o e completei 2 internatos gerais em hospitais de refer\u00eancia antes de come\u00e7ar a trabalhar no Dick White Referrals, em 2017, como interna de imagiologia. Em 2018, recebi pelo RCVS o estatuto de Advanced Practitioner in Diagnostic Imaging e no mesmo ano comecei a resid\u00eancia de imagiologia no Dick White Referrals. Em 2019, terminei o Mestrado em Veterinary Professional Studies pela Universidade de Liverpool e desde 2021 que trabalho no Dick White como clinical fellow em imagiologia.<\/span><\/p><p><span style=\"font-weight: 400\">Gosto de todos os aspetos de imagiologia mas tenho especial interesse em TAC e RM.\u00a0<\/span><\/p>                                                <\/p>\n\n                                                <div class=\"ts-speakers-social\">\n                                                                                                    <\/div>\n\n                                            <\/div>\n                                            <!-- ts-speaker-popup-content end-->\n                                        <\/div>\n                                        <!-- col end-->\n                                    <\/div>\n                                    <!-- row end-->\n                                <\/div>\n                                <!-- popup end-->\n                            <\/div>\n                            <!-- ts-speaker end  -->\n                        <\/div>                                    \n                                                <div class=\"swiper-slide\"> \n                            <div class=\"ts-speaker\">\n                                <div class=\"speaker-img\">\n                                                                            <img width=\"600\" height=\"600\" src=\"https:\/\/congressohvm.com\/2022\/wp-content\/uploads\/2022\/09\/Ana-Luisa-Amaral.png\" class=\"img-fluid\" alt=\"\" loading=\"lazy\" srcset=\"https:\/\/congressohvm.com\/2022\/wp-content\/uploads\/2022\/09\/Ana-Luisa-Amaral.png 600w, https:\/\/congressohvm.com\/2022\/wp-content\/uploads\/2022\/09\/Ana-Luisa-Amaral-300x300.png 300w, https:\/\/congressohvm.com\/2022\/wp-content\/uploads\/2022\/09\/Ana-Luisa-Amaral-150x150.png 150w, https:\/\/congressohvm.com\/2022\/wp-content\/uploads\/2022\/09\/Ana-Luisa-Amaral-12x12.png 12w\" sizes=\"(max-width: 600px) 100vw, 600px\" \/>                                                                        <a href=\"#popup_26036c43140\" class=\"view-speaker ts-image-popup\" data-effect=\"mfp-zoom-in\">\n                                        <!-- <i class=\"icon icon-plus\"><\/i> -->\n                                    <\/a>\n                                <\/div>\n                                <div class=\"ts-speaker-info\">\n                                    <h3 class=\"ts-title\">Ana Lu\u00edsa Amaral<\/h3>\n                                    <p>\n                                        COO e Consultora de Gest\u00e3o e Neg\u00f3cios na\u00a0VetBizz Consulting                                    <\/p>\n                                <\/div>\n                                <!--- speaker info end -->\n                                <!-- popup start-->\n                                <div id=\"popup_26036c43140\" class=\"container ts-speaker-popup mfp-hide\">\n                                    <div class=\"row\">\n                                        <div class=\"col-lg-6\">\n                                            <div class=\"ts-speaker-popup-img\">\n                                                                                                    <img width=\"600\" height=\"600\" src=\"https:\/\/congressohvm.com\/2022\/wp-content\/uploads\/2022\/09\/Ana-Luisa-Amaral.png\" class=\"attachment-full size-full\" alt=\"\" loading=\"lazy\" srcset=\"https:\/\/congressohvm.com\/2022\/wp-content\/uploads\/2022\/09\/Ana-Luisa-Amaral.png 600w, https:\/\/congressohvm.com\/2022\/wp-content\/uploads\/2022\/09\/Ana-Luisa-Amaral-300x300.png 300w, https:\/\/congressohvm.com\/2022\/wp-content\/uploads\/2022\/09\/Ana-Luisa-Amaral-150x150.png 150w, https:\/\/congressohvm.com\/2022\/wp-content\/uploads\/2022\/09\/Ana-Luisa-Amaral-12x12.png 12w\" sizes=\"(max-width: 600px) 100vw, 600px\" \/>                                                                                            <\/div>\n                                        <\/div>\n                                        <!-- col end-->\n                                        <div class=\"col-lg-6\">\n                                            <div class=\"ts-speaker-popup-content\">\n                                                <h3 class=\"ts-title\">Ana Lu\u00edsa Amaral <\/h3>\n                                                <span class=\"speakder-designation\"> COO e Consultora de Gest\u00e3o e Neg\u00f3cios na\u00a0VetBizz Consulting<\/span>\n                                                                                                <p>\n                                                    <ul><li><span style=\"font-weight: 400\">COO e Consultora de Gest\u00e3o e Neg\u00f3cios na\u00a0<\/span><b>VetBizz Consulting<\/b><\/li><li><span style=\"font-weight: 400\">Mestre em Medicina Veterin\u00e1ria na\u00a0<\/span><b>UTAD<\/b><\/li><li><span style=\"font-weight: 400\">MBA Pr\u00e9-executivo em Gest\u00e3o, parceria entre<\/span><b>\u00a0ISCAP (Porto Executive Academy) e\u00a0 a Consultora PWC\u00a0<\/b><\/li><li><span style=\"font-weight: 400\">P\u00f3s-gradua\u00e7\u00e3o em Gest\u00e3o, na\u00a0<\/span><b>ANJE Porto<\/b><\/li><li><span style=\"font-weight: 400\">Experi\u00eancia em forma\u00e7\u00e3o em\u00a0<\/span><b>Gest\u00e3o Veterin\u00e1ria<\/b><\/li><li><span style=\"font-weight: 400\">Experi\u00eancia adquirida em hospitais veterin\u00e1rios na\u00a0<\/span><b>B\u00e9lgica<\/b><span style=\"font-weight: 400\">\u00a0e\u00a0<\/span><b>Kentucky (EUA)<\/b><\/li><li><span style=\"font-weight: 400\">Experi\u00eancia em gest\u00e3o de equipas durante 3 anos<\/span><\/li><li><span style=\"font-weight: 400\">Experi\u00eancia na \u00e1rea da\u00a0<\/span><b>gest\u00e3o de tesouraria<\/b><\/li><li><span style=\"font-weight: 400\">Experi\u00eancia em\u00a0<\/span><b>organiza\u00e7\u00e3o de congressos internacionais<\/b><span style=\"font-weight: 400\">\u00a0e\u00a0<\/span><b>workshops<\/b><span style=\"font-weight: 400\">\u00a0durante 4 anos<\/span><\/li><li><span style=\"font-weight: 400\">Vice-Presidente da\u00a0<\/span><b>Federa\u00e7\u00e3o Acad\u00e9mica de Medicina Veterin\u00e1ria \u2013 FAMVet<\/b><\/li><li><span style=\"font-weight: 400\">Presidente, Tesoureira e Colaboradora da\u00a0<\/span><b>Associa\u00e7\u00e3o de Estudantes de Medicina Veterin\u00e1ria da UTAD<\/b><\/li><li><span style=\"font-weight: 400\">Participa\u00e7\u00e3o em v\u00e1rios congressos e workshops de\u00a0<\/span><b>Medicina Veterin\u00e1ria<\/b><span style=\"font-weight: 400\">\u00a0e\u00a0<\/span><b>Gest\u00e3o de Equipas<\/b><\/li><\/ul>                                                <\/p>\n\n                                                <div class=\"ts-speakers-social\">\n                                                                                                    <\/div>\n\n                                            <\/div>\n                                            <!-- ts-speaker-popup-content end-->\n                                        <\/div>\n                                        <!-- col end-->\n                                    <\/div>\n                                    <!-- row end-->\n                                <\/div>\n                                <!-- popup end-->\n                            <\/div>\n                            <!-- ts-speaker end  -->\n                        <\/div>                                    \n                                        <\/div>\n\n                            <\/div>\n        <\/div>\n\t\t<\/div>\n\t\t\t\t<\/div>\n\t\t\t\t\t\t<\/div>\n\t\t\t\t\t<\/div>\n\t\t<\/div>\n\t\t\t\t\t\t\t\t<\/div>\n\t\t\t\t\t<\/div>\n\t\t<\/section>\n\t\t\t\t<section class=\"elementor-section elementor-top-section elementor-element elementor-element-041f3be elementor-section-boxed elementor-section-height-default elementor-section-height-default\" data-id=\"041f3be\" data-element_type=\"section\">\n\t\t\t\t\t\t<div class=\"elementor-container elementor-column-gap-default\">\n\t\t\t\t\t\t\t<div class=\"elementor-row\">\n\t\t\t\t\t<div class=\"elementor-column elementor-col-100 elementor-top-column elementor-element elementor-element-69807f8\" data-id=\"69807f8\" data-element_type=\"column\">\n\t\t\t<div class=\"elementor-column-wrap elementor-element-populated\">\n\t\t\t\t\t\t\t<div class=\"elementor-widget-wrap\">\n\t\t\t\t\t\t<div class=\"elementor-element elementor-element-5ade36c elementor-widget__width-inherit elementor-widget elementor-widget-image\" data-id=\"5ade36c\" data-element_type=\"widget\" data-settings=\"{&quot;ekit_we_effect_on&quot;:&quot;none&quot;}\" data-widget_type=\"image.default\">\n\t\t\t\t<div class=\"elementor-widget-container\">\n\t\t\t\t\t\t\t\t<div class=\"elementor-image\">\n\t\t\t\t\t\t\t\t\t\t\t\t\t<a href=\"https:\/\/xviiicongressohospitalveterinariomontenegro.admeus.pt\/\">\n\t\t\t\t\t\t\t<img width=\"1140\" height=\"200\" src=\"https:\/\/congressohvm.com\/2022\/wp-content\/uploads\/2022\/10\/AUTOCARRO-CONGRESSO-banner-site-1140-\u00d7-200-px.png\" class=\"attachment-full size-full wp-image-3392\" alt=\"\" loading=\"lazy\" srcset=\"https:\/\/congressohvm.com\/2022\/wp-content\/uploads\/2022\/10\/AUTOCARRO-CONGRESSO-banner-site-1140-\u00d7-200-px.png 1140w, https:\/\/congressohvm.com\/2022\/wp-content\/uploads\/2022\/10\/AUTOCARRO-CONGRESSO-banner-site-1140-\u00d7-200-px-300x53.png 300w, https:\/\/congressohvm.com\/2022\/wp-content\/uploads\/2022\/10\/AUTOCARRO-CONGRESSO-banner-site-1140-\u00d7-200-px-1024x180.png 1024w, https:\/\/congressohvm.com\/2022\/wp-content\/uploads\/2022\/10\/AUTOCARRO-CONGRESSO-banner-site-1140-\u00d7-200-px-768x135.png 768w, https:\/\/congressohvm.com\/2022\/wp-content\/uploads\/2022\/10\/AUTOCARRO-CONGRESSO-banner-site-1140-\u00d7-200-px-18x3.png 18w\" sizes=\"(max-width: 1140px) 100vw, 1140px\" \/>\t\t\t\t\t\t\t\t<\/a>\n\t\t\t\t\t\t\t\t\t\t\t\t\t\t<\/div>\n\t\t\t\t\t\t<\/div>\n\t\t\t\t<\/div>\n\t\t\t\t\t\t<\/div>\n\t\t\t\t\t<\/div>\n\t\t<\/div>\n\t\t\t\t\t\t\t\t<\/div>\n\t\t\t\t\t<\/div>\n\t\t<\/section>\n\t\t\t\t<section class=\"elementor-section elementor-top-section elementor-element elementor-element-e48b81c elementor-section-boxed elementor-section-height-default elementor-section-height-default\" data-id=\"e48b81c\" data-element_type=\"section\" data-settings=\"{&quot;background_background&quot;:&quot;classic&quot;}\">\n\t\t\t\t\t\t<div class=\"elementor-container elementor-column-gap-default\">\n\t\t\t\t\t\t\t<div class=\"elementor-row\">\n\t\t\t\t\t<div class=\"elementor-column elementor-col-100 elementor-top-column elementor-element elementor-element-5913c4a\" data-id=\"5913c4a\" data-element_type=\"column\">\n\t\t\t<div class=\"elementor-column-wrap elementor-element-populated\">\n\t\t\t\t\t\t\t<div class=\"elementor-widget-wrap\">\n\t\t\t\t\t\t<div class=\"elementor-element elementor-element-4a832b4 elementor-widget elementor-widget-exhibz-title\" data-id=\"4a832b4\" data-element_type=\"widget\" data-settings=\"{&quot;ekit_we_effect_on&quot;:&quot;none&quot;}\" data-widget_type=\"exhibz-title.default\">\n\t\t\t\t<div class=\"elementor-widget-container\">\n\t\t\t\n    <div class=\"title-section-area\">\n        <h2 class=\"section-title\">\n            <span class=\"sub-title\"><\/span>\n\t\t\t<em class=\"title-bar-shap\">Sponsors<\/em>\n        <\/h2>\n\t\t                            <span class=\"title-border\">&nbsp;<\/span>\n            <\/div><!-- Section title -->\n    \n    \n\n    \t\t<\/div>\n\t\t\t\t<\/div>\n\t\t\t\t<section class=\"elementor-section elementor-inner-section elementor-element elementor-element-6771075 elementor-section-content-middle elementor-section-boxed elementor-section-height-default elementor-section-height-default elementor-invisible\" data-id=\"6771075\" data-element_type=\"section\" data-settings=\"{&quot;animation&quot;:&quot;fadeInUp&quot;,&quot;animation_delay&quot;:400}\">\n\t\t\t\t\t\t<div class=\"elementor-container elementor-column-gap-default\">\n\t\t\t\t\t\t\t<div class=\"elementor-row\">\n\t\t\t\t\t<div class=\"elementor-column elementor-col-14 elementor-inner-column elementor-element elementor-element-5bd02f2\" data-id=\"5bd02f2\" data-element_type=\"column\">\n\t\t\t<div class=\"elementor-column-wrap elementor-element-populated\">\n\t\t\t\t\t\t\t<div class=\"elementor-widget-wrap\">\n\t\t\t\t\t\t<div class=\"elementor-element elementor-element-a33963b elementor-widget elementor-widget-image\" data-id=\"a33963b\" data-element_type=\"widget\" data-settings=\"{&quot;ekit_we_effect_on&quot;:&quot;none&quot;}\" data-widget_type=\"image.default\">\n\t\t\t\t<div class=\"elementor-widget-container\">\n\t\t\t\t\t\t\t\t<div class=\"elementor-image\">\n\t\t\t\t\t\t\t\t\t\t\t\t\t<a href=\"#\">\n\t\t\t\t\t\t\t<img width=\"150\" height=\"44\" src=\"https:\/\/congressohvm.com\/2022\/wp-content\/uploads\/2022\/09\/LOGO-BLUE-SURGICAL-B.png\" class=\"attachment-large size-large wp-image-3289\" alt=\"\" loading=\"lazy\" srcset=\"https:\/\/congressohvm.com\/2022\/wp-content\/uploads\/2022\/09\/LOGO-BLUE-SURGICAL-B.png 150w, https:\/\/congressohvm.com\/2022\/wp-content\/uploads\/2022\/09\/LOGO-BLUE-SURGICAL-B-18x5.png 18w\" sizes=\"(max-width: 150px) 100vw, 150px\" \/>\t\t\t\t\t\t\t\t<\/a>\n\t\t\t\t\t\t\t\t\t\t\t\t\t\t<\/div>\n\t\t\t\t\t\t<\/div>\n\t\t\t\t<\/div>\n\t\t\t\t\t\t<\/div>\n\t\t\t\t\t<\/div>\n\t\t<\/div>\n\t\t\t\t<div class=\"elementor-column elementor-col-14 elementor-inner-column elementor-element elementor-element-380dd1e\" data-id=\"380dd1e\" data-element_type=\"column\">\n\t\t\t<div class=\"elementor-column-wrap elementor-element-populated\">\n\t\t\t\t\t\t\t<div class=\"elementor-widget-wrap\">\n\t\t\t\t\t\t<div class=\"elementor-element elementor-element-a758087 elementor-widget elementor-widget-image\" data-id=\"a758087\" data-element_type=\"widget\" data-settings=\"{&quot;ekit_we_effect_on&quot;:&quot;none&quot;}\" data-widget_type=\"image.default\">\n\t\t\t\t<div class=\"elementor-widget-container\">\n\t\t\t\t\t\t\t\t<div class=\"elementor-image\">\n\t\t\t\t\t\t\t\t\t\t\t\t\t<a href=\"#\">\n\t\t\t\t\t\t\t<img width=\"150\" height=\"49\" src=\"https:\/\/congressohvm.com\/2022\/wp-content\/uploads\/2022\/09\/Logo_Siloal.png\" class=\"attachment-large size-large wp-image-3288\" alt=\"\" loading=\"lazy\" srcset=\"https:\/\/congressohvm.com\/2022\/wp-content\/uploads\/2022\/09\/Logo_Siloal.png 150w, https:\/\/congressohvm.com\/2022\/wp-content\/uploads\/2022\/09\/Logo_Siloal-18x6.png 18w\" sizes=\"(max-width: 150px) 100vw, 150px\" \/>\t\t\t\t\t\t\t\t<\/a>\n\t\t\t\t\t\t\t\t\t\t\t\t\t\t<\/div>\n\t\t\t\t\t\t<\/div>\n\t\t\t\t<\/div>\n\t\t\t\t\t\t<\/div>\n\t\t\t\t\t<\/div>\n\t\t<\/div>\n\t\t\t\t<div class=\"elementor-column elementor-col-14 elementor-inner-column elementor-element elementor-element-465f17b\" data-id=\"465f17b\" data-element_type=\"column\">\n\t\t\t<div class=\"elementor-column-wrap elementor-element-populated\">\n\t\t\t\t\t\t\t<div class=\"elementor-widget-wrap\">\n\t\t\t\t\t\t<div class=\"elementor-element elementor-element-234d6d8 elementor-widget elementor-widget-image\" data-id=\"234d6d8\" data-element_type=\"widget\" data-settings=\"{&quot;ekit_we_effect_on&quot;:&quot;none&quot;}\" data-widget_type=\"image.default\">\n\t\t\t\t<div class=\"elementor-widget-container\">\n\t\t\t\t\t\t\t\t<div class=\"elementor-image\">\n\t\t\t\t\t\t\t\t\t\t\t\t\t<a href=\"#\">\n\t\t\t\t\t\t\t<img width=\"150\" height=\"53\" src=\"https:\/\/congressohvm.com\/2022\/wp-content\/uploads\/2022\/09\/Logo_KimiPharma_GRD.png\" class=\"attachment-large size-large wp-image-3287\" alt=\"\" loading=\"lazy\" srcset=\"https:\/\/congressohvm.com\/2022\/wp-content\/uploads\/2022\/09\/Logo_KimiPharma_GRD.png 150w, https:\/\/congressohvm.com\/2022\/wp-content\/uploads\/2022\/09\/Logo_KimiPharma_GRD-18x6.png 18w\" sizes=\"(max-width: 150px) 100vw, 150px\" \/>\t\t\t\t\t\t\t\t<\/a>\n\t\t\t\t\t\t\t\t\t\t\t\t\t\t<\/div>\n\t\t\t\t\t\t<\/div>\n\t\t\t\t<\/div>\n\t\t\t\t\t\t<\/div>\n\t\t\t\t\t<\/div>\n\t\t<\/div>\n\t\t\t\t<div class=\"elementor-column elementor-col-14 elementor-inner-column elementor-element elementor-element-b518cba\" data-id=\"b518cba\" data-element_type=\"column\">\n\t\t\t<div class=\"elementor-column-wrap elementor-element-populated\">\n\t\t\t\t\t\t\t<div class=\"elementor-widget-wrap\">\n\t\t\t\t\t\t<div class=\"elementor-element elementor-element-3e75bd5 elementor-widget elementor-widget-image\" data-id=\"3e75bd5\" data-element_type=\"widget\" data-settings=\"{&quot;ekit_we_effect_on&quot;:&quot;none&quot;}\" data-widget_type=\"image.default\">\n\t\t\t\t<div class=\"elementor-widget-container\">\n\t\t\t\t\t\t\t\t<div class=\"elementor-image\">\n\t\t\t\t\t\t\t\t\t\t\t\t\t<a href=\"#\">\n\t\t\t\t\t\t\t<img width=\"150\" height=\"84\" src=\"https:\/\/congressohvm.com\/2022\/wp-content\/uploads\/2022\/09\/logo-eq4t-01.png\" class=\"attachment-large size-large wp-image-3286\" alt=\"\" loading=\"lazy\" srcset=\"https:\/\/congressohvm.com\/2022\/wp-content\/uploads\/2022\/09\/logo-eq4t-01.png 150w, https:\/\/congressohvm.com\/2022\/wp-content\/uploads\/2022\/09\/logo-eq4t-01-18x10.png 18w\" sizes=\"(max-width: 150px) 100vw, 150px\" \/>\t\t\t\t\t\t\t\t<\/a>\n\t\t\t\t\t\t\t\t\t\t\t\t\t\t<\/div>\n\t\t\t\t\t\t<\/div>\n\t\t\t\t<\/div>\n\t\t\t\t\t\t<\/div>\n\t\t\t\t\t<\/div>\n\t\t<\/div>\n\t\t\t\t<div class=\"elementor-column elementor-col-14 elementor-inner-column elementor-element elementor-element-62e505d\" data-id=\"62e505d\" data-element_type=\"column\">\n\t\t\t<div class=\"elementor-column-wrap elementor-element-populated\">\n\t\t\t\t\t\t\t<div class=\"elementor-widget-wrap\">\n\t\t\t\t\t\t<div class=\"elementor-element elementor-element-68b4646 elementor-widget elementor-widget-image\" data-id=\"68b4646\" data-element_type=\"widget\" data-settings=\"{&quot;ekit_we_effect_on&quot;:&quot;none&quot;}\" data-widget_type=\"image.default\">\n\t\t\t\t<div class=\"elementor-widget-container\">\n\t\t\t\t\t\t\t\t<div class=\"elementor-image\">\n\t\t\t\t\t\t\t\t\t\t\t\t\t<a href=\"#\">\n\t\t\t\t\t\t\t<img width=\"150\" height=\"53\" src=\"https:\/\/congressohvm.com\/2022\/wp-content\/uploads\/2022\/09\/laboklin-8.png\" class=\"attachment-large size-large wp-image-3285\" alt=\"\" loading=\"lazy\" srcset=\"https:\/\/congressohvm.com\/2022\/wp-content\/uploads\/2022\/09\/laboklin-8.png 150w, https:\/\/congressohvm.com\/2022\/wp-content\/uploads\/2022\/09\/laboklin-8-18x6.png 18w\" sizes=\"(max-width: 150px) 100vw, 150px\" \/>\t\t\t\t\t\t\t\t<\/a>\n\t\t\t\t\t\t\t\t\t\t\t\t\t\t<\/div>\n\t\t\t\t\t\t<\/div>\n\t\t\t\t<\/div>\n\t\t\t\t\t\t<\/div>\n\t\t\t\t\t<\/div>\n\t\t<\/div>\n\t\t\t\t<div class=\"elementor-column elementor-col-14 elementor-inner-column elementor-element elementor-element-20390e5\" data-id=\"20390e5\" data-element_type=\"column\">\n\t\t\t<div class=\"elementor-column-wrap elementor-element-populated\">\n\t\t\t\t\t\t\t<div class=\"elementor-widget-wrap\">\n\t\t\t\t\t\t<div class=\"elementor-element elementor-element-e1afab5 elementor-widget elementor-widget-image\" data-id=\"e1afab5\" data-element_type=\"widget\" data-settings=\"{&quot;ekit_we_effect_on&quot;:&quot;none&quot;}\" data-widget_type=\"image.default\">\n\t\t\t\t<div class=\"elementor-widget-container\">\n\t\t\t\t\t\t\t\t<div class=\"elementor-image\">\n\t\t\t\t\t\t\t\t\t\t\t\t\t<a href=\"#\">\n\t\t\t\t\t\t\t<img width=\"150\" height=\"55\" src=\"https:\/\/congressohvm.com\/2022\/wp-content\/uploads\/2022\/10\/logo-servive.jpg\" class=\"attachment-large size-large wp-image-3420\" alt=\"\" loading=\"lazy\" srcset=\"https:\/\/congressohvm.com\/2022\/wp-content\/uploads\/2022\/10\/logo-servive.jpg 150w, https:\/\/congressohvm.com\/2022\/wp-content\/uploads\/2022\/10\/logo-servive-18x7.jpg 18w\" sizes=\"(max-width: 150px) 100vw, 150px\" \/>\t\t\t\t\t\t\t\t<\/a>\n\t\t\t\t\t\t\t\t\t\t\t\t\t\t<\/div>\n\t\t\t\t\t\t<\/div>\n\t\t\t\t<\/div>\n\t\t\t\t\t\t<\/div>\n\t\t\t\t\t<\/div>\n\t\t<\/div>\n\t\t\t\t<div class=\"elementor-column elementor-col-14 elementor-inner-column elementor-element elementor-element-c34c820\" data-id=\"c34c820\" data-element_type=\"column\">\n\t\t\t<div class=\"elementor-column-wrap elementor-element-populated\">\n\t\t\t\t\t\t\t<div class=\"elementor-widget-wrap\">\n\t\t\t\t\t\t<div class=\"elementor-element elementor-element-b6040f2 elementor-widget elementor-widget-image\" data-id=\"b6040f2\" data-element_type=\"widget\" data-settings=\"{&quot;ekit_we_effect_on&quot;:&quot;none&quot;}\" data-widget_type=\"image.default\">\n\t\t\t\t<div class=\"elementor-widget-container\">\n\t\t\t\t\t\t\t\t<div class=\"elementor-image\">\n\t\t\t\t\t\t\t\t\t\t\t\t\t<a href=\"#\">\n\t\t\t\t\t\t\t<img width=\"150\" height=\"75\" src=\"https:\/\/congressohvm.com\/2022\/wp-content\/uploads\/2022\/10\/logoVet.jpeg\" class=\"attachment-large size-large wp-image-3384\" alt=\"\" loading=\"lazy\" srcset=\"https:\/\/congressohvm.com\/2022\/wp-content\/uploads\/2022\/10\/logoVet.jpeg 150w, https:\/\/congressohvm.com\/2022\/wp-content\/uploads\/2022\/10\/logoVet-18x9.jpeg 18w\" sizes=\"(max-width: 150px) 100vw, 150px\" \/>\t\t\t\t\t\t\t\t<\/a>\n\t\t\t\t\t\t\t\t\t\t\t\t\t\t<\/div>\n\t\t\t\t\t\t<\/div>\n\t\t\t\t<\/div>\n\t\t\t\t\t\t<\/div>\n\t\t\t\t\t<\/div>\n\t\t<\/div>\n\t\t\t\t\t\t\t\t<\/div>\n\t\t\t\t\t<\/div>\n\t\t<\/section>\n\t\t\t\t<section class=\"elementor-section elementor-inner-section elementor-element elementor-element-f297649 elementor-section-content-middle elementor-section-boxed elementor-section-height-default elementor-section-height-default elementor-invisible\" data-id=\"f297649\" data-element_type=\"section\" data-settings=\"{&quot;animation&quot;:&quot;fadeInUp&quot;,&quot;animation_delay&quot;:400}\">\n\t\t\t\t\t\t<div class=\"elementor-container elementor-column-gap-default\">\n\t\t\t\t\t\t\t<div class=\"elementor-row\">\n\t\t\t\t\t<div class=\"elementor-column elementor-col-14 elementor-inner-column elementor-element elementor-element-2d69512\" data-id=\"2d69512\" data-element_type=\"column\">\n\t\t\t<div class=\"elementor-column-wrap elementor-element-populated\">\n\t\t\t\t\t\t\t<div class=\"elementor-widget-wrap\">\n\t\t\t\t\t\t<div class=\"elementor-element elementor-element-1aa1798 elementor-widget elementor-widget-image\" data-id=\"1aa1798\" data-element_type=\"widget\" data-settings=\"{&quot;ekit_we_effect_on&quot;:&quot;none&quot;}\" data-widget_type=\"image.default\">\n\t\t\t\t<div class=\"elementor-widget-container\">\n\t\t\t\t\t\t\t\t<div class=\"elementor-image\">\n\t\t\t\t\t\t\t\t\t\t\t\t\t<a href=\"#\">\n\t\t\t\t\t\t\t<img width=\"150\" height=\"47\" src=\"https:\/\/congressohvm.com\/2022\/wp-content\/uploads\/2022\/10\/VetplusP-Logo-BLUE_1-.png\" class=\"attachment-medium size-medium wp-image-3444\" alt=\"\" loading=\"lazy\" srcset=\"https:\/\/congressohvm.com\/2022\/wp-content\/uploads\/2022\/10\/VetplusP-Logo-BLUE_1-.png 150w, https:\/\/congressohvm.com\/2022\/wp-content\/uploads\/2022\/10\/VetplusP-Logo-BLUE_1--18x6.png 18w\" sizes=\"(max-width: 150px) 100vw, 150px\" \/>\t\t\t\t\t\t\t\t<\/a>\n\t\t\t\t\t\t\t\t\t\t\t\t\t\t<\/div>\n\t\t\t\t\t\t<\/div>\n\t\t\t\t<\/div>\n\t\t\t\t\t\t<\/div>\n\t\t\t\t\t<\/div>\n\t\t<\/div>\n\t\t\t\t<div class=\"elementor-column elementor-col-14 elementor-inner-column elementor-element elementor-element-d492edc\" data-id=\"d492edc\" data-element_type=\"column\">\n\t\t\t<div class=\"elementor-column-wrap elementor-element-populated\">\n\t\t\t\t\t\t\t<div class=\"elementor-widget-wrap\">\n\t\t\t\t\t\t<div class=\"elementor-element elementor-element-1bcfcba elementor-widget elementor-widget-image\" data-id=\"1bcfcba\" data-element_type=\"widget\" data-settings=\"{&quot;ekit_we_effect_on&quot;:&quot;none&quot;}\" data-widget_type=\"image.default\">\n\t\t\t\t<div class=\"elementor-widget-container\">\n\t\t\t\t\t\t\t\t<div class=\"elementor-image\">\n\t\t\t\t\t\t\t\t\t\t\t\t\t<a href=\"#\">\n\t\t\t\t\t\t\t<img width=\"150\" height=\"79\" src=\"https:\/\/congressohvm.com\/2022\/wp-content\/uploads\/2022\/10\/SPECIFIC_Tagline_Logo_CMYK_Pos_1._png.png\" class=\"attachment-medium size-medium wp-image-3443\" alt=\"\" loading=\"lazy\" srcset=\"https:\/\/congressohvm.com\/2022\/wp-content\/uploads\/2022\/10\/SPECIFIC_Tagline_Logo_CMYK_Pos_1._png.png 150w, https:\/\/congressohvm.com\/2022\/wp-content\/uploads\/2022\/10\/SPECIFIC_Tagline_Logo_CMYK_Pos_1._png-18x9.png 18w\" sizes=\"(max-width: 150px) 100vw, 150px\" \/>\t\t\t\t\t\t\t\t<\/a>\n\t\t\t\t\t\t\t\t\t\t\t\t\t\t<\/div>\n\t\t\t\t\t\t<\/div>\n\t\t\t\t<\/div>\n\t\t\t\t\t\t<\/div>\n\t\t\t\t\t<\/div>\n\t\t<\/div>\n\t\t\t\t<div class=\"elementor-column elementor-col-14 elementor-inner-column elementor-element elementor-element-13012fb\" data-id=\"13012fb\" data-element_type=\"column\">\n\t\t\t<div class=\"elementor-column-wrap elementor-element-populated\">\n\t\t\t\t\t\t\t<div class=\"elementor-widget-wrap\">\n\t\t\t\t\t\t<div class=\"elementor-element elementor-element-fb49fb8 elementor-widget elementor-widget-image\" data-id=\"fb49fb8\" data-element_type=\"widget\" data-settings=\"{&quot;ekit_we_effect_on&quot;:&quot;none&quot;}\" data-widget_type=\"image.default\">\n\t\t\t\t<div class=\"elementor-widget-container\">\n\t\t\t\t\t\t\t\t<div class=\"elementor-image\">\n\t\t\t\t\t\t\t\t\t\t\t\t\t<a href=\"#\">\n\t\t\t\t\t\t\t<img width=\"150\" height=\"120\" src=\"https:\/\/congressohvm.com\/2022\/wp-content\/uploads\/2022\/10\/VetManager-Logo_1.png\" class=\"attachment-medium size-medium wp-image-3442\" alt=\"\" loading=\"lazy\" srcset=\"https:\/\/congressohvm.com\/2022\/wp-content\/uploads\/2022\/10\/VetManager-Logo_1.png 150w, https:\/\/congressohvm.com\/2022\/wp-content\/uploads\/2022\/10\/VetManager-Logo_1-15x12.png 15w\" sizes=\"(max-width: 150px) 100vw, 150px\" \/>\t\t\t\t\t\t\t\t<\/a>\n\t\t\t\t\t\t\t\t\t\t\t\t\t\t<\/div>\n\t\t\t\t\t\t<\/div>\n\t\t\t\t<\/div>\n\t\t\t\t\t\t<\/div>\n\t\t\t\t\t<\/div>\n\t\t<\/div>\n\t\t\t\t<div class=\"elementor-column elementor-col-14 elementor-inner-column elementor-element elementor-element-0f80f72\" data-id=\"0f80f72\" data-element_type=\"column\">\n\t\t\t<div class=\"elementor-column-wrap elementor-element-populated\">\n\t\t\t\t\t\t\t<div class=\"elementor-widget-wrap\">\n\t\t\t\t\t\t<div class=\"elementor-element elementor-element-63fae6d elementor-widget elementor-widget-image\" data-id=\"63fae6d\" data-element_type=\"widget\" data-settings=\"{&quot;ekit_we_effect_on&quot;:&quot;none&quot;}\" data-widget_type=\"image.default\">\n\t\t\t\t<div class=\"elementor-widget-container\">\n\t\t\t\t\t\t\t\t<div class=\"elementor-image\">\n\t\t\t\t\t\t\t\t\t\t\t\t\t<a href=\"#\">\n\t\t\t\t\t\t\t<img width=\"150\" height=\"43\" src=\"https:\/\/congressohvm.com\/2022\/wp-content\/uploads\/2022\/10\/Novavet.png\" class=\"attachment-large size-large wp-image-3546\" alt=\"\" loading=\"lazy\" srcset=\"https:\/\/congressohvm.com\/2022\/wp-content\/uploads\/2022\/10\/Novavet.png 150w, https:\/\/congressohvm.com\/2022\/wp-content\/uploads\/2022\/10\/Novavet-18x5.png 18w\" sizes=\"(max-width: 150px) 100vw, 150px\" \/>\t\t\t\t\t\t\t\t<\/a>\n\t\t\t\t\t\t\t\t\t\t\t\t\t\t<\/div>\n\t\t\t\t\t\t<\/div>\n\t\t\t\t<\/div>\n\t\t\t\t\t\t<\/div>\n\t\t\t\t\t<\/div>\n\t\t<\/div>\n\t\t\t\t<div class=\"elementor-column elementor-col-14 elementor-inner-column elementor-element elementor-element-2b41cf9\" data-id=\"2b41cf9\" data-element_type=\"column\">\n\t\t\t<div class=\"elementor-column-wrap elementor-element-populated\">\n\t\t\t\t\t\t\t<div class=\"elementor-widget-wrap\">\n\t\t\t\t\t\t<div class=\"elementor-element elementor-element-0abe1f9 elementor-widget elementor-widget-image\" data-id=\"0abe1f9\" data-element_type=\"widget\" data-settings=\"{&quot;ekit_we_effect_on&quot;:&quot;none&quot;}\" data-widget_type=\"image.default\">\n\t\t\t\t<div class=\"elementor-widget-container\">\n\t\t\t\t\t\t\t\t<div class=\"elementor-image\">\n\t\t\t\t\t\t\t\t\t\t\t\t\t<a href=\"#\">\n\t\t\t\t\t\t\t<img width=\"150\" height=\"57\" src=\"https:\/\/congressohvm.com\/2022\/wp-content\/uploads\/2022\/10\/Medjournal-logo_MEDIA-PARTNER_1.png\" class=\"attachment-medium size-medium wp-image-3441\" alt=\"\" loading=\"lazy\" srcset=\"https:\/\/congressohvm.com\/2022\/wp-content\/uploads\/2022\/10\/Medjournal-logo_MEDIA-PARTNER_1.png 150w, https:\/\/congressohvm.com\/2022\/wp-content\/uploads\/2022\/10\/Medjournal-logo_MEDIA-PARTNER_1-18x7.png 18w\" sizes=\"(max-width: 150px) 100vw, 150px\" \/>\t\t\t\t\t\t\t\t<\/a>\n\t\t\t\t\t\t\t\t\t\t\t\t\t\t<\/div>\n\t\t\t\t\t\t<\/div>\n\t\t\t\t<\/div>\n\t\t\t\t\t\t<\/div>\n\t\t\t\t\t<\/div>\n\t\t<\/div>\n\t\t\t\t<div class=\"elementor-column elementor-col-14 elementor-inner-column elementor-element elementor-element-a1df071\" data-id=\"a1df071\" data-element_type=\"column\">\n\t\t\t<div class=\"elementor-column-wrap elementor-element-populated\">\n\t\t\t\t\t\t\t<div class=\"elementor-widget-wrap\">\n\t\t\t\t\t\t<div class=\"elementor-element elementor-element-7f8e42d elementor-widget elementor-widget-image\" data-id=\"7f8e42d\" data-element_type=\"widget\" data-settings=\"{&quot;ekit_we_effect_on&quot;:&quot;none&quot;}\" data-widget_type=\"image.default\">\n\t\t\t\t<div class=\"elementor-widget-container\">\n\t\t\t\t\t\t\t\t<div class=\"elementor-image\">\n\t\t\t\t\t\t\t\t\t\t\t\t\t<a href=\"#\">\n\t\t\t\t\t\t\t<img width=\"150\" height=\"75\" src=\"https:\/\/congressohvm.com\/2022\/wp-content\/uploads\/2022\/10\/msd_ah_rgb_pos_1.jpg\" class=\"attachment-large size-large wp-image-3440\" alt=\"\" loading=\"lazy\" srcset=\"https:\/\/congressohvm.com\/2022\/wp-content\/uploads\/2022\/10\/msd_ah_rgb_pos_1.jpg 150w, https:\/\/congressohvm.com\/2022\/wp-content\/uploads\/2022\/10\/msd_ah_rgb_pos_1-18x9.jpg 18w\" sizes=\"(max-width: 150px) 100vw, 150px\" \/>\t\t\t\t\t\t\t\t<\/a>\n\t\t\t\t\t\t\t\t\t\t\t\t\t\t<\/div>\n\t\t\t\t\t\t<\/div>\n\t\t\t\t<\/div>\n\t\t\t\t\t\t<\/div>\n\t\t\t\t\t<\/div>\n\t\t<\/div>\n\t\t\t\t<div class=\"elementor-column elementor-col-14 elementor-inner-column elementor-element elementor-element-e799e2f\" data-id=\"e799e2f\" data-element_type=\"column\">\n\t\t\t<div class=\"elementor-column-wrap elementor-element-populated\">\n\t\t\t\t\t\t\t<div class=\"elementor-widget-wrap\">\n\t\t\t\t\t\t<div class=\"elementor-element elementor-element-b6eaf96 elementor-widget elementor-widget-image\" data-id=\"b6eaf96\" data-element_type=\"widget\" data-settings=\"{&quot;ekit_we_effect_on&quot;:&quot;none&quot;}\" data-widget_type=\"image.default\">\n\t\t\t\t<div class=\"elementor-widget-container\">\n\t\t\t\t\t\t\t\t<div class=\"elementor-image\">\n\t\t\t\t\t\t\t\t\t\t\t\t\t<a href=\"#\">\n\t\t\t\t\t\t\t<img width=\"150\" height=\"150\" src=\"https:\/\/congressohvm.com\/2022\/wp-content\/uploads\/2022\/10\/RoyalCanin_1.png\" class=\"attachment-large size-large wp-image-3471\" alt=\"\" loading=\"lazy\" srcset=\"https:\/\/congressohvm.com\/2022\/wp-content\/uploads\/2022\/10\/RoyalCanin_1.png 150w, https:\/\/congressohvm.com\/2022\/wp-content\/uploads\/2022\/10\/RoyalCanin_1-12x12.png 12w\" sizes=\"(max-width: 150px) 100vw, 150px\" \/>\t\t\t\t\t\t\t\t<\/a>\n\t\t\t\t\t\t\t\t\t\t\t\t\t\t<\/div>\n\t\t\t\t\t\t<\/div>\n\t\t\t\t<\/div>\n\t\t\t\t\t\t<\/div>\n\t\t\t\t\t<\/div>\n\t\t<\/div>\n\t\t\t\t\t\t\t\t<\/div>\n\t\t\t\t\t<\/div>\n\t\t<\/section>\n\t\t\t\t<section class=\"elementor-section elementor-inner-section elementor-element elementor-element-f3cad9f elementor-section-content-middle elementor-section-boxed elementor-section-height-default elementor-section-height-default elementor-invisible\" data-id=\"f3cad9f\" data-element_type=\"section\" data-settings=\"{&quot;animation&quot;:&quot;fadeInUp&quot;,&quot;animation_delay&quot;:400}\">\n\t\t\t\t\t\t<div class=\"elementor-container elementor-column-gap-default\">\n\t\t\t\t\t\t\t<div class=\"elementor-row\">\n\t\t\t\t\t<div class=\"elementor-column elementor-col-14 elementor-inner-column elementor-element elementor-element-49ff4fa\" data-id=\"49ff4fa\" data-element_type=\"column\">\n\t\t\t<div class=\"elementor-column-wrap elementor-element-populated\">\n\t\t\t\t\t\t\t<div class=\"elementor-widget-wrap\">\n\t\t\t\t\t\t<div class=\"elementor-element elementor-element-92fb7e5 elementor-widget elementor-widget-image\" data-id=\"92fb7e5\" data-element_type=\"widget\" data-settings=\"{&quot;ekit_we_effect_on&quot;:&quot;none&quot;}\" data-widget_type=\"image.default\">\n\t\t\t\t<div class=\"elementor-widget-container\">\n\t\t\t\t\t\t\t\t<div class=\"elementor-image\">\n\t\t\t\t\t\t\t\t\t\t\t\t\t<a href=\"#\">\n\t\t\t\t\t\t\t<img width=\"150\" height=\"53\" src=\"https:\/\/congressohvm.com\/2022\/wp-content\/uploads\/2022\/10\/LOGO-LETIPHARMA-CMYK_1.jpg\" class=\"attachment-large size-large wp-image-3439\" alt=\"\" loading=\"lazy\" srcset=\"https:\/\/congressohvm.com\/2022\/wp-content\/uploads\/2022\/10\/LOGO-LETIPHARMA-CMYK_1.jpg 150w, https:\/\/congressohvm.com\/2022\/wp-content\/uploads\/2022\/10\/LOGO-LETIPHARMA-CMYK_1-18x6.jpg 18w\" sizes=\"(max-width: 150px) 100vw, 150px\" \/>\t\t\t\t\t\t\t\t<\/a>\n\t\t\t\t\t\t\t\t\t\t\t\t\t\t<\/div>\n\t\t\t\t\t\t<\/div>\n\t\t\t\t<\/div>\n\t\t\t\t\t\t<\/div>\n\t\t\t\t\t<\/div>\n\t\t<\/div>\n\t\t\t\t<div class=\"elementor-column elementor-col-14 elementor-inner-column elementor-element elementor-element-85183ab\" data-id=\"85183ab\" data-element_type=\"column\">\n\t\t\t<div class=\"elementor-column-wrap elementor-element-populated\">\n\t\t\t\t\t\t\t<div class=\"elementor-widget-wrap\">\n\t\t\t\t\t\t<div class=\"elementor-element elementor-element-7d1294d elementor-widget elementor-widget-image\" data-id=\"7d1294d\" data-element_type=\"widget\" data-settings=\"{&quot;ekit_we_effect_on&quot;:&quot;none&quot;}\" data-widget_type=\"image.default\">\n\t\t\t\t<div class=\"elementor-widget-container\">\n\t\t\t\t\t\t\t\t<div class=\"elementor-image\">\n\t\t\t\t\t\t\t\t\t\t\t\t\t<a href=\"#\">\n\t\t\t\t\t\t\t<img width=\"150\" height=\"103\" src=\"https:\/\/congressohvm.com\/2022\/wp-content\/uploads\/2022\/10\/Logotipo-PRO-PLAN-2020_1.png\" class=\"attachment-large size-large wp-image-3472\" alt=\"\" loading=\"lazy\" srcset=\"https:\/\/congressohvm.com\/2022\/wp-content\/uploads\/2022\/10\/Logotipo-PRO-PLAN-2020_1.png 150w, https:\/\/congressohvm.com\/2022\/wp-content\/uploads\/2022\/10\/Logotipo-PRO-PLAN-2020_1-18x12.png 18w\" sizes=\"(max-width: 150px) 100vw, 150px\" \/>\t\t\t\t\t\t\t\t<\/a>\n\t\t\t\t\t\t\t\t\t\t\t\t\t\t<\/div>\n\t\t\t\t\t\t<\/div>\n\t\t\t\t<\/div>\n\t\t\t\t\t\t<\/div>\n\t\t\t\t\t<\/div>\n\t\t<\/div>\n\t\t\t\t<div class=\"elementor-column elementor-col-14 elementor-inner-column elementor-element elementor-element-728fa11\" data-id=\"728fa11\" data-element_type=\"column\">\n\t\t\t<div class=\"elementor-column-wrap elementor-element-populated\">\n\t\t\t\t\t\t\t<div class=\"elementor-widget-wrap\">\n\t\t\t\t\t\t<div class=\"elementor-element elementor-element-0affaa0 elementor-widget elementor-widget-image\" data-id=\"0affaa0\" data-element_type=\"widget\" data-settings=\"{&quot;ekit_we_effect_on&quot;:&quot;none&quot;}\" data-widget_type=\"image.default\">\n\t\t\t\t<div class=\"elementor-widget-container\">\n\t\t\t\t\t\t\t\t<div class=\"elementor-image\">\n\t\t\t\t\t\t\t\t\t\t\t\t\t<a href=\"#\">\n\t\t\t\t\t\t\t<img width=\"800\" height=\"450\" src=\"https:\/\/congressohvm.com\/2022\/wp-content\/uploads\/2022\/07\/Logo_Bio2_Gradient-1024x576.png\" class=\"attachment-large size-large wp-image-2959\" alt=\"\" loading=\"lazy\" srcset=\"https:\/\/congressohvm.com\/2022\/wp-content\/uploads\/2022\/07\/Logo_Bio2_Gradient-1024x576.png 1024w, https:\/\/congressohvm.com\/2022\/wp-content\/uploads\/2022\/07\/Logo_Bio2_Gradient-300x169.png 300w, https:\/\/congressohvm.com\/2022\/wp-content\/uploads\/2022\/07\/Logo_Bio2_Gradient-768x432.png 768w, https:\/\/congressohvm.com\/2022\/wp-content\/uploads\/2022\/07\/Logo_Bio2_Gradient-1536x864.png 1536w, https:\/\/congressohvm.com\/2022\/wp-content\/uploads\/2022\/07\/Logo_Bio2_Gradient-2048x1152.png 2048w, https:\/\/congressohvm.com\/2022\/wp-content\/uploads\/2022\/07\/Logo_Bio2_Gradient-e1657297144113.png 150w\" sizes=\"(max-width: 800px) 100vw, 800px\" \/>\t\t\t\t\t\t\t\t<\/a>\n\t\t\t\t\t\t\t\t\t\t\t\t\t\t<\/div>\n\t\t\t\t\t\t<\/div>\n\t\t\t\t<\/div>\n\t\t\t\t\t\t<\/div>\n\t\t\t\t\t<\/div>\n\t\t<\/div>\n\t\t\t\t<div class=\"elementor-column elementor-col-14 elementor-inner-column elementor-element elementor-element-5869204\" data-id=\"5869204\" data-element_type=\"column\">\n\t\t\t<div class=\"elementor-column-wrap elementor-element-populated\">\n\t\t\t\t\t\t\t<div class=\"elementor-widget-wrap\">\n\t\t\t\t\t\t<div class=\"elementor-element elementor-element-9477cd8 elementor-widget elementor-widget-image\" data-id=\"9477cd8\" data-element_type=\"widget\" data-settings=\"{&quot;ekit_we_effect_on&quot;:&quot;none&quot;}\" data-widget_type=\"image.default\">\n\t\t\t\t<div class=\"elementor-widget-container\">\n\t\t\t\t\t\t\t\t<div class=\"elementor-image\">\n\t\t\t\t\t\t\t\t\t\t\t\t\t<a href=\"#\">\n\t\t\t\t\t\t\t<img width=\"150\" height=\"106\" src=\"https:\/\/congressohvm.com\/2022\/wp-content\/uploads\/2022\/10\/logo-medi-know-how_1.png\" class=\"attachment-large size-large wp-image-3438\" alt=\"\" loading=\"lazy\" srcset=\"https:\/\/congressohvm.com\/2022\/wp-content\/uploads\/2022\/10\/logo-medi-know-how_1.png 150w, https:\/\/congressohvm.com\/2022\/wp-content\/uploads\/2022\/10\/logo-medi-know-how_1-18x12.png 18w\" sizes=\"(max-width: 150px) 100vw, 150px\" \/>\t\t\t\t\t\t\t\t<\/a>\n\t\t\t\t\t\t\t\t\t\t\t\t\t\t<\/div>\n\t\t\t\t\t\t<\/div>\n\t\t\t\t<\/div>\n\t\t\t\t\t\t<\/div>\n\t\t\t\t\t<\/div>\n\t\t<\/div>\n\t\t\t\t<div class=\"elementor-column elementor-col-14 elementor-inner-column elementor-element elementor-element-ed9b724\" data-id=\"ed9b724\" data-element_type=\"column\">\n\t\t\t<div class=\"elementor-column-wrap elementor-element-populated\">\n\t\t\t\t\t\t\t<div class=\"elementor-widget-wrap\">\n\t\t\t\t\t\t<div class=\"elementor-element elementor-element-3e8bfa8 elementor-widget elementor-widget-image\" data-id=\"3e8bfa8\" data-element_type=\"widget\" data-settings=\"{&quot;ekit_we_effect_on&quot;:&quot;none&quot;}\" data-widget_type=\"image.default\">\n\t\t\t\t<div class=\"elementor-widget-container\">\n\t\t\t\t\t\t\t\t<div class=\"elementor-image\">\n\t\t\t\t\t\t\t\t\t\t\t\t\t<a href=\"#\">\n\t\t\t\t\t\t\t<img width=\"150\" height=\"110\" src=\"https:\/\/congressohvm.com\/2022\/wp-content\/uploads\/2022\/07\/Logo-qvet-e1657297176599.png\" class=\"attachment-large size-large wp-image-2957\" alt=\"\" loading=\"lazy\" \/>\t\t\t\t\t\t\t\t<\/a>\n\t\t\t\t\t\t\t\t\t\t\t\t\t\t<\/div>\n\t\t\t\t\t\t<\/div>\n\t\t\t\t<\/div>\n\t\t\t\t\t\t<\/div>\n\t\t\t\t\t<\/div>\n\t\t<\/div>\n\t\t\t\t<div class=\"elementor-column elementor-col-14 elementor-inner-column elementor-element elementor-element-88dd0cb\" data-id=\"88dd0cb\" data-element_type=\"column\">\n\t\t\t<div class=\"elementor-column-wrap elementor-element-populated\">\n\t\t\t\t\t\t\t<div class=\"elementor-widget-wrap\">\n\t\t\t\t\t\t<div class=\"elementor-element elementor-element-dbfd14d elementor-widget elementor-widget-image\" data-id=\"dbfd14d\" data-element_type=\"widget\" data-settings=\"{&quot;ekit_we_effect_on&quot;:&quot;none&quot;}\" data-widget_type=\"image.default\">\n\t\t\t\t<div class=\"elementor-widget-container\">\n\t\t\t\t\t\t\t\t<div class=\"elementor-image\">\n\t\t\t\t\t\t\t\t\t\t\t\t\t<a href=\"#\">\n\t\t\t\t\t\t\t<img width=\"150\" height=\"28\" src=\"https:\/\/congressohvm.com\/2022\/wp-content\/uploads\/2022\/10\/Logo-VETNOVA_1.png\" class=\"attachment-large size-large wp-image-3437\" alt=\"\" loading=\"lazy\" srcset=\"https:\/\/congressohvm.com\/2022\/wp-content\/uploads\/2022\/10\/Logo-VETNOVA_1.png 150w, https:\/\/congressohvm.com\/2022\/wp-content\/uploads\/2022\/10\/Logo-VETNOVA_1-18x3.png 18w\" sizes=\"(max-width: 150px) 100vw, 150px\" \/>\t\t\t\t\t\t\t\t<\/a>\n\t\t\t\t\t\t\t\t\t\t\t\t\t\t<\/div>\n\t\t\t\t\t\t<\/div>\n\t\t\t\t<\/div>\n\t\t\t\t\t\t<\/div>\n\t\t\t\t\t<\/div>\n\t\t<\/div>\n\t\t\t\t<div class=\"elementor-column elementor-col-14 elementor-inner-column elementor-element elementor-element-b59675c\" data-id=\"b59675c\" data-element_type=\"column\">\n\t\t\t<div class=\"elementor-column-wrap elementor-element-populated\">\n\t\t\t\t\t\t\t<div class=\"elementor-widget-wrap\">\n\t\t\t\t\t\t<div class=\"elementor-element elementor-element-1d7926e elementor-widget elementor-widget-image\" data-id=\"1d7926e\" data-element_type=\"widget\" data-settings=\"{&quot;ekit_we_effect_on&quot;:&quot;none&quot;}\" data-widget_type=\"image.default\">\n\t\t\t\t<div class=\"elementor-widget-container\">\n\t\t\t\t\t\t\t\t<div class=\"elementor-image\">\n\t\t\t\t\t\t\t\t\t\t\t\t\t<a href=\"#\">\n\t\t\t\t\t\t\t<img width=\"150\" height=\"150\" src=\"https:\/\/congressohvm.com\/2022\/wp-content\/uploads\/2022\/07\/LOGO-ELANCO-BLANK-e1657297219433.png\" class=\"attachment-large size-large wp-image-2954\" alt=\"\" loading=\"lazy\" \/>\t\t\t\t\t\t\t\t<\/a>\n\t\t\t\t\t\t\t\t\t\t\t\t\t\t<\/div>\n\t\t\t\t\t\t<\/div>\n\t\t\t\t<\/div>\n\t\t\t\t\t\t<\/div>\n\t\t\t\t\t<\/div>\n\t\t<\/div>\n\t\t\t\t\t\t\t\t<\/div>\n\t\t\t\t\t<\/div>\n\t\t<\/section>\n\t\t\t\t<section class=\"elementor-section elementor-inner-section elementor-element elementor-element-776910c elementor-section-content-middle elementor-section-boxed elementor-section-height-default elementor-section-height-default elementor-invisible\" data-id=\"776910c\" data-element_type=\"section\" data-settings=\"{&quot;animation&quot;:&quot;fadeInUp&quot;,&quot;animation_delay&quot;:400}\">\n\t\t\t\t\t\t<div class=\"elementor-container elementor-column-gap-default\">\n\t\t\t\t\t\t\t<div class=\"elementor-row\">\n\t\t\t\t\t<div class=\"elementor-column elementor-col-14 elementor-inner-column elementor-element elementor-element-185d377\" data-id=\"185d377\" data-element_type=\"column\">\n\t\t\t<div class=\"elementor-column-wrap elementor-element-populated\">\n\t\t\t\t\t\t\t<div class=\"elementor-widget-wrap\">\n\t\t\t\t\t\t<div class=\"elementor-element elementor-element-0c506cc elementor-widget elementor-widget-image\" data-id=\"0c506cc\" data-element_type=\"widget\" data-settings=\"{&quot;ekit_we_effect_on&quot;:&quot;none&quot;}\" data-widget_type=\"image.default\">\n\t\t\t\t<div class=\"elementor-widget-container\">\n\t\t\t\t\t\t\t\t<div class=\"elementor-image\">\n\t\t\t\t\t\t\t\t\t\t\t\t\t<a href=\"#\">\n\t\t\t\t\t\t\t<img width=\"150\" height=\"100\" src=\"https:\/\/congressohvm.com\/2022\/wp-content\/uploads\/2022\/09\/farmacodietica.png\" class=\"attachment-large size-large wp-image-3269\" alt=\"\" loading=\"lazy\" srcset=\"https:\/\/congressohvm.com\/2022\/wp-content\/uploads\/2022\/09\/farmacodietica.png 150w, https:\/\/congressohvm.com\/2022\/wp-content\/uploads\/2022\/09\/farmacodietica-18x12.png 18w\" sizes=\"(max-width: 150px) 100vw, 150px\" \/>\t\t\t\t\t\t\t\t<\/a>\n\t\t\t\t\t\t\t\t\t\t\t\t\t\t<\/div>\n\t\t\t\t\t\t<\/div>\n\t\t\t\t<\/div>\n\t\t\t\t\t\t<\/div>\n\t\t\t\t\t<\/div>\n\t\t<\/div>\n\t\t\t\t<div class=\"elementor-column elementor-col-14 elementor-inner-column elementor-element elementor-element-28448c7\" data-id=\"28448c7\" data-element_type=\"column\">\n\t\t\t<div class=\"elementor-column-wrap elementor-element-populated\">\n\t\t\t\t\t\t\t<div class=\"elementor-widget-wrap\">\n\t\t\t\t\t\t<div class=\"elementor-element elementor-element-eadf2d9 elementor-widget elementor-widget-image\" data-id=\"eadf2d9\" data-element_type=\"widget\" data-settings=\"{&quot;ekit_we_effect_on&quot;:&quot;none&quot;}\" data-widget_type=\"image.default\">\n\t\t\t\t<div class=\"elementor-widget-container\">\n\t\t\t\t\t\t\t\t<div class=\"elementor-image\">\n\t\t\t\t\t\t\t\t\t\t\t\t\t<a href=\"#\">\n\t\t\t\t\t\t\t<img width=\"150\" height=\"90\" src=\"https:\/\/congressohvm.com\/2022\/wp-content\/uploads\/2022\/09\/logomarca-02.jpg\" class=\"attachment-large size-large wp-image-3266\" alt=\"\" loading=\"lazy\" srcset=\"https:\/\/congressohvm.com\/2022\/wp-content\/uploads\/2022\/09\/logomarca-02.jpg 150w, https:\/\/congressohvm.com\/2022\/wp-content\/uploads\/2022\/09\/logomarca-02-18x12.jpg 18w\" sizes=\"(max-width: 150px) 100vw, 150px\" \/>\t\t\t\t\t\t\t\t<\/a>\n\t\t\t\t\t\t\t\t\t\t\t\t\t\t<\/div>\n\t\t\t\t\t\t<\/div>\n\t\t\t\t<\/div>\n\t\t\t\t\t\t<\/div>\n\t\t\t\t\t<\/div>\n\t\t<\/div>\n\t\t\t\t<div class=\"elementor-column elementor-col-14 elementor-inner-column elementor-element elementor-element-6aa8035\" data-id=\"6aa8035\" data-element_type=\"column\">\n\t\t\t<div class=\"elementor-column-wrap elementor-element-populated\">\n\t\t\t\t\t\t\t<div class=\"elementor-widget-wrap\">\n\t\t\t\t\t\t<div class=\"elementor-element elementor-element-2e66095 elementor-widget elementor-widget-image\" data-id=\"2e66095\" data-element_type=\"widget\" data-settings=\"{&quot;ekit_we_effect_on&quot;:&quot;none&quot;}\" data-widget_type=\"image.default\">\n\t\t\t\t<div class=\"elementor-widget-container\">\n\t\t\t\t\t\t\t\t<div class=\"elementor-image\">\n\t\t\t\t\t\t\t\t\t\t\t\t\t<a href=\"#\">\n\t\t\t\t\t\t\t<img width=\"100\" height=\"100\" src=\"https:\/\/congressohvm.com\/2022\/wp-content\/uploads\/2022\/09\/inaba.png\" class=\"attachment-large size-large wp-image-3275\" alt=\"\" loading=\"lazy\" srcset=\"https:\/\/congressohvm.com\/2022\/wp-content\/uploads\/2022\/09\/inaba.png 100w, https:\/\/congressohvm.com\/2022\/wp-content\/uploads\/2022\/09\/inaba-12x12.png 12w\" sizes=\"(max-width: 100px) 100vw, 100px\" \/>\t\t\t\t\t\t\t\t<\/a>\n\t\t\t\t\t\t\t\t\t\t\t\t\t\t<\/div>\n\t\t\t\t\t\t<\/div>\n\t\t\t\t<\/div>\n\t\t\t\t\t\t<\/div>\n\t\t\t\t\t<\/div>\n\t\t<\/div>\n\t\t\t\t<div class=\"elementor-column elementor-col-14 elementor-inner-column elementor-element elementor-element-c10ad50\" data-id=\"c10ad50\" data-element_type=\"column\">\n\t\t\t<div class=\"elementor-column-wrap elementor-element-populated\">\n\t\t\t\t\t\t\t<div class=\"elementor-widget-wrap\">\n\t\t\t\t\t\t<div class=\"elementor-element elementor-element-0d405fc elementor-widget elementor-widget-image\" data-id=\"0d405fc\" data-element_type=\"widget\" data-settings=\"{&quot;ekit_we_effect_on&quot;:&quot;none&quot;}\" data-widget_type=\"image.default\">\n\t\t\t\t<div class=\"elementor-widget-container\">\n\t\t\t\t\t\t\t\t<div class=\"elementor-image\">\n\t\t\t\t\t\t\t\t\t\t\t\t\t<a href=\"#\">\n\t\t\t\t\t\t\t<img width=\"69\" height=\"80\" src=\"https:\/\/congressohvm.com\/2022\/wp-content\/uploads\/2022\/09\/Hills_TransformingLives.png\" class=\"attachment-large size-large wp-image-3283\" alt=\"\" loading=\"lazy\" srcset=\"https:\/\/congressohvm.com\/2022\/wp-content\/uploads\/2022\/09\/Hills_TransformingLives.png 69w, https:\/\/congressohvm.com\/2022\/wp-content\/uploads\/2022\/09\/Hills_TransformingLives-10x12.png 10w\" sizes=\"(max-width: 69px) 100vw, 69px\" \/>\t\t\t\t\t\t\t\t<\/a>\n\t\t\t\t\t\t\t\t\t\t\t\t\t\t<\/div>\n\t\t\t\t\t\t<\/div>\n\t\t\t\t<\/div>\n\t\t\t\t\t\t<\/div>\n\t\t\t\t\t<\/div>\n\t\t<\/div>\n\t\t\t\t<div class=\"elementor-column elementor-col-14 elementor-inner-column elementor-element elementor-element-c568141\" data-id=\"c568141\" data-element_type=\"column\">\n\t\t\t<div class=\"elementor-column-wrap elementor-element-populated\">\n\t\t\t\t\t\t\t<div class=\"elementor-widget-wrap\">\n\t\t\t\t\t\t<div class=\"elementor-element elementor-element-6db31d4 elementor-widget elementor-widget-image\" data-id=\"6db31d4\" data-element_type=\"widget\" data-settings=\"{&quot;ekit_we_effect_on&quot;:&quot;none&quot;}\" data-widget_type=\"image.default\">\n\t\t\t\t<div class=\"elementor-widget-container\">\n\t\t\t\t\t\t\t\t<div class=\"elementor-image\">\n\t\t\t\t\t\t\t\t\t\t\t\t\t<a href=\"#\">\n\t\t\t\t\t\t\t<img width=\"150\" height=\"45\" src=\"https:\/\/congressohvm.com\/2022\/wp-content\/uploads\/2022\/09\/KRKA_logo_RGB.png\" class=\"attachment-large size-large wp-image-3273\" alt=\"\" loading=\"lazy\" srcset=\"https:\/\/congressohvm.com\/2022\/wp-content\/uploads\/2022\/09\/KRKA_logo_RGB.png 150w, https:\/\/congressohvm.com\/2022\/wp-content\/uploads\/2022\/09\/KRKA_logo_RGB-18x5.png 18w\" sizes=\"(max-width: 150px) 100vw, 150px\" \/>\t\t\t\t\t\t\t\t<\/a>\n\t\t\t\t\t\t\t\t\t\t\t\t\t\t<\/div>\n\t\t\t\t\t\t<\/div>\n\t\t\t\t<\/div>\n\t\t\t\t\t\t<\/div>\n\t\t\t\t\t<\/div>\n\t\t<\/div>\n\t\t\t\t<div class=\"elementor-column elementor-col-14 elementor-inner-column elementor-element elementor-element-3c627f2\" data-id=\"3c627f2\" data-element_type=\"column\">\n\t\t\t<div class=\"elementor-column-wrap elementor-element-populated\">\n\t\t\t\t\t\t\t<div class=\"elementor-widget-wrap\">\n\t\t\t\t\t\t<div class=\"elementor-element elementor-element-01d734a elementor-widget elementor-widget-image\" data-id=\"01d734a\" data-element_type=\"widget\" data-settings=\"{&quot;ekit_we_effect_on&quot;:&quot;none&quot;}\" data-widget_type=\"image.default\">\n\t\t\t\t<div class=\"elementor-widget-container\">\n\t\t\t\t\t\t\t\t<div class=\"elementor-image\">\n\t\t\t\t\t\t\t\t\t\t\t\t\t<a href=\"#\">\n\t\t\t\t\t\t\t<img width=\"150\" height=\"40\" src=\"https:\/\/congressohvm.com\/2022\/wp-content\/uploads\/2022\/09\/IVC-Evidensia-Logo-RGB.png\" class=\"attachment-large size-large wp-image-3272\" alt=\"\" loading=\"lazy\" srcset=\"https:\/\/congressohvm.com\/2022\/wp-content\/uploads\/2022\/09\/IVC-Evidensia-Logo-RGB.png 150w, https:\/\/congressohvm.com\/2022\/wp-content\/uploads\/2022\/09\/IVC-Evidensia-Logo-RGB-18x5.png 18w\" sizes=\"(max-width: 150px) 100vw, 150px\" \/>\t\t\t\t\t\t\t\t<\/a>\n\t\t\t\t\t\t\t\t\t\t\t\t\t\t<\/div>\n\t\t\t\t\t\t<\/div>\n\t\t\t\t<\/div>\n\t\t\t\t\t\t<\/div>\n\t\t\t\t\t<\/div>\n\t\t<\/div>\n\t\t\t\t<div class=\"elementor-column elementor-col-14 elementor-inner-column elementor-element elementor-element-bbc5bb0\" data-id=\"bbc5bb0\" data-element_type=\"column\">\n\t\t\t<div class=\"elementor-column-wrap elementor-element-populated\">\n\t\t\t\t\t\t\t<div class=\"elementor-widget-wrap\">\n\t\t\t\t\t\t<div class=\"elementor-element elementor-element-1c9d974 elementor-widget elementor-widget-image\" data-id=\"1c9d974\" data-element_type=\"widget\" data-settings=\"{&quot;ekit_we_effect_on&quot;:&quot;none&quot;}\" data-widget_type=\"image.default\">\n\t\t\t\t<div class=\"elementor-widget-container\">\n\t\t\t\t\t\t\t\t<div class=\"elementor-image\">\n\t\t\t\t\t\t\t\t\t\t\t\t\t<a href=\"#\">\n\t\t\t\t\t\t\t<img width=\"100\" height=\"90\" src=\"https:\/\/congressohvm.com\/2022\/wp-content\/uploads\/2022\/09\/LOOKCOOL.jpeg\" class=\"attachment-large size-large wp-image-3284\" alt=\"\" loading=\"lazy\" srcset=\"https:\/\/congressohvm.com\/2022\/wp-content\/uploads\/2022\/09\/LOOKCOOL.jpeg 100w, https:\/\/congressohvm.com\/2022\/wp-content\/uploads\/2022\/09\/LOOKCOOL-13x12.jpeg 13w\" sizes=\"(max-width: 100px) 100vw, 100px\" \/>\t\t\t\t\t\t\t\t<\/a>\n\t\t\t\t\t\t\t\t\t\t\t\t\t\t<\/div>\n\t\t\t\t\t\t<\/div>\n\t\t\t\t<\/div>\n\t\t\t\t\t\t<\/div>\n\t\t\t\t\t<\/div>\n\t\t<\/div>\n\t\t\t\t\t\t\t\t<\/div>\n\t\t\t\t\t<\/div>\n\t\t<\/section>\n\t\t\t\t<section class=\"elementor-section elementor-inner-section elementor-element elementor-element-f5f50b0 elementor-section-content-middle elementor-section-boxed elementor-section-height-default elementor-section-height-default elementor-invisible\" data-id=\"f5f50b0\" data-element_type=\"section\" data-settings=\"{&quot;animation&quot;:&quot;fadeInUp&quot;,&quot;animation_delay&quot;:400}\">\n\t\t\t\t\t\t<div class=\"elementor-container elementor-column-gap-default\">\n\t\t\t\t\t\t\t<div class=\"elementor-row\">\n\t\t\t\t\t<div class=\"elementor-column elementor-col-14 elementor-inner-column elementor-element elementor-element-f747c15\" data-id=\"f747c15\" data-element_type=\"column\">\n\t\t\t<div class=\"elementor-column-wrap elementor-element-populated\">\n\t\t\t\t\t\t\t<div class=\"elementor-widget-wrap\">\n\t\t\t\t\t\t<div class=\"elementor-element elementor-element-a52cf54 elementor-widget elementor-widget-image\" data-id=\"a52cf54\" data-element_type=\"widget\" data-settings=\"{&quot;ekit_we_effect_on&quot;:&quot;none&quot;}\" data-widget_type=\"image.default\">\n\t\t\t\t<div class=\"elementor-widget-container\">\n\t\t\t\t\t\t\t\t<div class=\"elementor-image\">\n\t\t\t\t\t\t\t\t\t\t\t\t\t<a href=\"#\">\n\t\t\t\t\t\t\t<img width=\"150\" height=\"80\" src=\"https:\/\/congressohvm.com\/2022\/wp-content\/uploads\/2022\/10\/Logo-Cesman_1.jpg\" class=\"attachment-large size-large wp-image-3436\" alt=\"\" loading=\"lazy\" srcset=\"https:\/\/congressohvm.com\/2022\/wp-content\/uploads\/2022\/10\/Logo-Cesman_1.jpg 150w, https:\/\/congressohvm.com\/2022\/wp-content\/uploads\/2022\/10\/Logo-Cesman_1-18x10.jpg 18w\" sizes=\"(max-width: 150px) 100vw, 150px\" \/>\t\t\t\t\t\t\t\t<\/a>\n\t\t\t\t\t\t\t\t\t\t\t\t\t\t<\/div>\n\t\t\t\t\t\t<\/div>\n\t\t\t\t<\/div>\n\t\t\t\t\t\t<\/div>\n\t\t\t\t\t<\/div>\n\t\t<\/div>\n\t\t\t\t<div class=\"elementor-column elementor-col-14 elementor-inner-column elementor-element elementor-element-99852d9\" data-id=\"99852d9\" data-element_type=\"column\">\n\t\t\t<div class=\"elementor-column-wrap elementor-element-populated\">\n\t\t\t\t\t\t\t<div class=\"elementor-widget-wrap\">\n\t\t\t\t\t\t<div class=\"elementor-element elementor-element-8d94076 elementor-widget elementor-widget-image\" data-id=\"8d94076\" data-element_type=\"widget\" data-settings=\"{&quot;ekit_we_effect_on&quot;:&quot;none&quot;}\" data-widget_type=\"image.default\">\n\t\t\t\t<div class=\"elementor-widget-container\">\n\t\t\t\t\t\t\t\t<div class=\"elementor-image\">\n\t\t\t\t\t\t\t\t\t\t\t\t\t<a href=\"#\">\n\t\t\t\t\t\t\t<img width=\"150\" height=\"33\" src=\"https:\/\/congressohvm.com\/2022\/wp-content\/uploads\/2022\/07\/logo-CANIAGUEDA-e1657297246577.jpg\" class=\"attachment-large size-large wp-image-2952\" alt=\"\" loading=\"lazy\" \/>\t\t\t\t\t\t\t\t<\/a>\n\t\t\t\t\t\t\t\t\t\t\t\t\t\t<\/div>\n\t\t\t\t\t\t<\/div>\n\t\t\t\t<\/div>\n\t\t\t\t\t\t<\/div>\n\t\t\t\t\t<\/div>\n\t\t<\/div>\n\t\t\t\t<div class=\"elementor-column elementor-col-14 elementor-inner-column elementor-element elementor-element-6cb766f\" data-id=\"6cb766f\" data-element_type=\"column\">\n\t\t\t<div class=\"elementor-column-wrap elementor-element-populated\">\n\t\t\t\t\t\t\t<div class=\"elementor-widget-wrap\">\n\t\t\t\t\t\t<div class=\"elementor-element elementor-element-c3367c4 elementor-widget elementor-widget-image\" data-id=\"c3367c4\" data-element_type=\"widget\" data-settings=\"{&quot;ekit_we_effect_on&quot;:&quot;none&quot;}\" data-widget_type=\"image.default\">\n\t\t\t\t<div class=\"elementor-widget-container\">\n\t\t\t\t\t\t\t\t<div class=\"elementor-image\">\n\t\t\t\t\t\t\t\t\t\t\t\t\t<a href=\"#\">\n\t\t\t\t\t\t\t<img width=\"150\" height=\"110\" src=\"https:\/\/congressohvm.com\/2022\/wp-content\/uploads\/2022\/07\/LOGO-CAMPIFARMA_Vert-excentric-id-e1657297259467.jpg\" class=\"attachment-large size-large wp-image-2951\" alt=\"\" loading=\"lazy\" \/>\t\t\t\t\t\t\t\t<\/a>\n\t\t\t\t\t\t\t\t\t\t\t\t\t\t<\/div>\n\t\t\t\t\t\t<\/div>\n\t\t\t\t<\/div>\n\t\t\t\t\t\t<\/div>\n\t\t\t\t\t<\/div>\n\t\t<\/div>\n\t\t\t\t<div class=\"elementor-column elementor-col-14 elementor-inner-column elementor-element elementor-element-d1bb78f\" data-id=\"d1bb78f\" data-element_type=\"column\">\n\t\t\t<div class=\"elementor-column-wrap elementor-element-populated\">\n\t\t\t\t\t\t\t<div class=\"elementor-widget-wrap\">\n\t\t\t\t\t\t<div class=\"elementor-element elementor-element-5ca0889 elementor-widget elementor-widget-image\" data-id=\"5ca0889\" data-element_type=\"widget\" data-settings=\"{&quot;ekit_we_effect_on&quot;:&quot;none&quot;}\" data-widget_type=\"image.default\">\n\t\t\t\t<div class=\"elementor-widget-container\">\n\t\t\t\t\t\t\t\t<div class=\"elementor-image\">\n\t\t\t\t\t\t\t\t\t\t\t\t\t<a href=\"#\">\n\t\t\t\t\t\t\t<img width=\"150\" height=\"39\" src=\"https:\/\/congressohvm.com\/2022\/wp-content\/uploads\/2022\/07\/Logo-Braun-e1657296411311.jpg\" class=\"attachment-large size-large wp-image-2950\" alt=\"\" loading=\"lazy\" \/>\t\t\t\t\t\t\t\t<\/a>\n\t\t\t\t\t\t\t\t\t\t\t\t\t\t<\/div>\n\t\t\t\t\t\t<\/div>\n\t\t\t\t<\/div>\n\t\t\t\t\t\t<\/div>\n\t\t\t\t\t<\/div>\n\t\t<\/div>\n\t\t\t\t<div class=\"elementor-column elementor-col-14 elementor-inner-column elementor-element elementor-element-55fda9b\" data-id=\"55fda9b\" data-element_type=\"column\">\n\t\t\t<div class=\"elementor-column-wrap elementor-element-populated\">\n\t\t\t\t\t\t\t<div class=\"elementor-widget-wrap\">\n\t\t\t\t\t\t<div class=\"elementor-element elementor-element-98d0ef2 elementor-widget elementor-widget-image\" data-id=\"98d0ef2\" data-element_type=\"widget\" data-settings=\"{&quot;ekit_we_effect_on&quot;:&quot;none&quot;}\" data-widget_type=\"image.default\">\n\t\t\t\t<div class=\"elementor-widget-container\">\n\t\t\t\t\t\t\t\t<div class=\"elementor-image\">\n\t\t\t\t\t\t\t\t\t\t\t\t\t<a href=\"#\">\n\t\t\t\t\t\t\t<img width=\"150\" height=\"52\" src=\"https:\/\/congressohvm.com\/2022\/wp-content\/uploads\/2022\/10\/Hifarmax-Veterinary-Innovation-1536x532-1.png\" class=\"attachment-large size-large wp-image-3427\" alt=\"\" loading=\"lazy\" srcset=\"https:\/\/congressohvm.com\/2022\/wp-content\/uploads\/2022\/10\/Hifarmax-Veterinary-Innovation-1536x532-1.png 150w, https:\/\/congressohvm.com\/2022\/wp-content\/uploads\/2022\/10\/Hifarmax-Veterinary-Innovation-1536x532-1-18x6.png 18w\" sizes=\"(max-width: 150px) 100vw, 150px\" \/>\t\t\t\t\t\t\t\t<\/a>\n\t\t\t\t\t\t\t\t\t\t\t\t\t\t<\/div>\n\t\t\t\t\t\t<\/div>\n\t\t\t\t<\/div>\n\t\t\t\t\t\t<\/div>\n\t\t\t\t\t<\/div>\n\t\t<\/div>\n\t\t\t\t<div class=\"elementor-column elementor-col-14 elementor-inner-column elementor-element elementor-element-9f6de0a\" data-id=\"9f6de0a\" data-element_type=\"column\">\n\t\t\t<div class=\"elementor-column-wrap elementor-element-populated\">\n\t\t\t\t\t\t\t<div class=\"elementor-widget-wrap\">\n\t\t\t\t\t\t<div class=\"elementor-element elementor-element-f3b565e elementor-widget elementor-widget-image\" data-id=\"f3b565e\" data-element_type=\"widget\" data-settings=\"{&quot;ekit_we_effect_on&quot;:&quot;none&quot;}\" data-widget_type=\"image.default\">\n\t\t\t\t<div class=\"elementor-widget-container\">\n\t\t\t\t\t\t\t\t<div class=\"elementor-image\">\n\t\t\t\t\t\t\t\t\t\t\t\t\t<a href=\"#\">\n\t\t\t\t\t\t\t<img width=\"92\" height=\"100\" src=\"https:\/\/congressohvm.com\/2022\/wp-content\/uploads\/2022\/10\/Logo-B-Co\u0301pia_1.png\" class=\"attachment-large size-large wp-image-3431\" alt=\"\" loading=\"lazy\" srcset=\"https:\/\/congressohvm.com\/2022\/wp-content\/uploads\/2022\/10\/Logo-B-Co\u0301pia_1.png 92w, https:\/\/congressohvm.com\/2022\/wp-content\/uploads\/2022\/10\/Logo-B-Co\u0301pia_1-11x12.png 11w\" sizes=\"(max-width: 92px) 100vw, 92px\" \/>\t\t\t\t\t\t\t\t<\/a>\n\t\t\t\t\t\t\t\t\t\t\t\t\t\t<\/div>\n\t\t\t\t\t\t<\/div>\n\t\t\t\t<\/div>\n\t\t\t\t\t\t<\/div>\n\t\t\t\t\t<\/div>\n\t\t<\/div>\n\t\t\t\t<div class=\"elementor-column elementor-col-14 elementor-inner-column elementor-element elementor-element-b0e931b\" data-id=\"b0e931b\" data-element_type=\"column\">\n\t\t\t<div class=\"elementor-column-wrap elementor-element-populated\">\n\t\t\t\t\t\t\t<div class=\"elementor-widget-wrap\">\n\t\t\t\t\t\t<div class=\"elementor-element elementor-element-66c50c4 elementor-widget elementor-widget-image\" data-id=\"66c50c4\" data-element_type=\"widget\" data-settings=\"{&quot;ekit_we_effect_on&quot;:&quot;none&quot;}\" data-widget_type=\"image.default\">\n\t\t\t\t<div class=\"elementor-widget-container\">\n\t\t\t\t\t\t\t\t<div class=\"elementor-image\">\n\t\t\t\t\t\t\t\t\t\t\t\t\t<a href=\"#\">\n\t\t\t\t\t\t\t<img width=\"150\" height=\"55\" src=\"https:\/\/congressohvm.com\/2022\/wp-content\/uploads\/2022\/10\/GEHEALTHCARE_1-.jpg\" class=\"attachment-large size-large wp-image-3476\" alt=\"\" loading=\"lazy\" srcset=\"https:\/\/congressohvm.com\/2022\/wp-content\/uploads\/2022\/10\/GEHEALTHCARE_1-.jpg 150w, https:\/\/congressohvm.com\/2022\/wp-content\/uploads\/2022\/10\/GEHEALTHCARE_1--18x7.jpg 18w\" sizes=\"(max-width: 150px) 100vw, 150px\" \/>\t\t\t\t\t\t\t\t<\/a>\n\t\t\t\t\t\t\t\t\t\t\t\t\t\t<\/div>\n\t\t\t\t\t\t<\/div>\n\t\t\t\t<\/div>\n\t\t\t\t\t\t<\/div>\n\t\t\t\t\t<\/div>\n\t\t<\/div>\n\t\t\t\t\t\t\t\t<\/div>\n\t\t\t\t\t<\/div>\n\t\t<\/section>\n\t\t\t\t<section class=\"elementor-section elementor-inner-section elementor-element elementor-element-0457d3c elementor-section-content-middle elementor-section-boxed elementor-section-height-default elementor-section-height-default elementor-invisible\" data-id=\"0457d3c\" data-element_type=\"section\" data-settings=\"{&quot;animation&quot;:&quot;fadeInUp&quot;,&quot;animation_delay&quot;:400}\">\n\t\t\t\t\t\t<div class=\"elementor-container elementor-column-gap-default\">\n\t\t\t\t\t\t\t<div class=\"elementor-row\">\n\t\t\t\t\t<div class=\"elementor-column elementor-col-14 elementor-inner-column elementor-element elementor-element-d6f2af6\" data-id=\"d6f2af6\" data-element_type=\"column\">\n\t\t\t<div class=\"elementor-column-wrap elementor-element-populated\">\n\t\t\t\t\t\t\t<div class=\"elementor-widget-wrap\">\n\t\t\t\t\t\t<div class=\"elementor-element elementor-element-eb6f947 elementor-widget elementor-widget-image\" data-id=\"eb6f947\" data-element_type=\"widget\" data-settings=\"{&quot;ekit_we_effect_on&quot;:&quot;none&quot;}\" data-widget_type=\"image.default\">\n\t\t\t\t<div class=\"elementor-widget-container\">\n\t\t\t\t\t\t\t\t<div class=\"elementor-image\">\n\t\t\t\t\t\t\t\t\t\t\t\t\t<a href=\"#\">\n\t\t\t\t\t\t\t<img width=\"150\" height=\"41\" src=\"https:\/\/congressohvm.com\/2022\/wp-content\/uploads\/2022\/10\/fujifilm_1.png\" class=\"attachment-large size-large wp-image-3435\" alt=\"\" loading=\"lazy\" srcset=\"https:\/\/congressohvm.com\/2022\/wp-content\/uploads\/2022\/10\/fujifilm_1.png 150w, https:\/\/congressohvm.com\/2022\/wp-content\/uploads\/2022\/10\/fujifilm_1-18x5.png 18w\" sizes=\"(max-width: 150px) 100vw, 150px\" \/>\t\t\t\t\t\t\t\t<\/a>\n\t\t\t\t\t\t\t\t\t\t\t\t\t\t<\/div>\n\t\t\t\t\t\t<\/div>\n\t\t\t\t<\/div>\n\t\t\t\t\t\t<\/div>\n\t\t\t\t\t<\/div>\n\t\t<\/div>\n\t\t\t\t<div class=\"elementor-column elementor-col-14 elementor-inner-column elementor-element elementor-element-3cbeec0\" data-id=\"3cbeec0\" data-element_type=\"column\">\n\t\t\t<div class=\"elementor-column-wrap elementor-element-populated\">\n\t\t\t\t\t\t\t<div class=\"elementor-widget-wrap\">\n\t\t\t\t\t\t<div class=\"elementor-element elementor-element-3afce3d elementor-widget elementor-widget-image\" data-id=\"3afce3d\" data-element_type=\"widget\" data-settings=\"{&quot;ekit_we_effect_on&quot;:&quot;none&quot;}\" data-widget_type=\"image.default\">\n\t\t\t\t<div class=\"elementor-widget-container\">\n\t\t\t\t\t\t\t\t<div class=\"elementor-image\">\n\t\t\t\t\t\t\t\t\t\t\t\t\t<a href=\"#\">\n\t\t\t\t\t\t\t<img width=\"150\" height=\"150\" src=\"https:\/\/congressohvm.com\/2022\/wp-content\/uploads\/2022\/07\/Farmina_Logo-transparente-e1657297278725.png\" class=\"attachment-large size-large wp-image-2945\" alt=\"\" loading=\"lazy\" \/>\t\t\t\t\t\t\t\t<\/a>\n\t\t\t\t\t\t\t\t\t\t\t\t\t\t<\/div>\n\t\t\t\t\t\t<\/div>\n\t\t\t\t<\/div>\n\t\t\t\t\t\t<\/div>\n\t\t\t\t\t<\/div>\n\t\t<\/div>\n\t\t\t\t<div class=\"elementor-column elementor-col-14 elementor-inner-column elementor-element elementor-element-619554c\" data-id=\"619554c\" data-element_type=\"column\">\n\t\t\t<div class=\"elementor-column-wrap elementor-element-populated\">\n\t\t\t\t\t\t\t<div class=\"elementor-widget-wrap\">\n\t\t\t\t\t\t<div class=\"elementor-element elementor-element-5a84b60 elementor-widget elementor-widget-image\" data-id=\"5a84b60\" data-element_type=\"widget\" data-settings=\"{&quot;ekit_we_effect_on&quot;:&quot;none&quot;}\" data-widget_type=\"image.default\">\n\t\t\t\t<div class=\"elementor-widget-container\">\n\t\t\t\t\t\t\t\t<div class=\"elementor-image\">\n\t\t\t\t\t\t\t\t\t\t\t\t\t<a href=\"#\">\n\t\t\t\t\t\t\t<img width=\"150\" height=\"134\" src=\"https:\/\/congressohvm.com\/2022\/wp-content\/uploads\/2022\/10\/Dechra-Veterinary-Products1.png\" class=\"attachment-large size-large wp-image-3434\" alt=\"\" loading=\"lazy\" srcset=\"https:\/\/congressohvm.com\/2022\/wp-content\/uploads\/2022\/10\/Dechra-Veterinary-Products1.png 150w, https:\/\/congressohvm.com\/2022\/wp-content\/uploads\/2022\/10\/Dechra-Veterinary-Products1-13x12.png 13w\" sizes=\"(max-width: 150px) 100vw, 150px\" \/>\t\t\t\t\t\t\t\t<\/a>\n\t\t\t\t\t\t\t\t\t\t\t\t\t\t<\/div>\n\t\t\t\t\t\t<\/div>\n\t\t\t\t<\/div>\n\t\t\t\t\t\t<\/div>\n\t\t\t\t\t<\/div>\n\t\t<\/div>\n\t\t\t\t<div class=\"elementor-column elementor-col-14 elementor-inner-column elementor-element elementor-element-f632899\" data-id=\"f632899\" data-element_type=\"column\">\n\t\t\t<div class=\"elementor-column-wrap elementor-element-populated\">\n\t\t\t\t\t\t\t<div class=\"elementor-widget-wrap\">\n\t\t\t\t\t\t<div class=\"elementor-element elementor-element-17689d7 elementor-widget elementor-widget-image\" data-id=\"17689d7\" data-element_type=\"widget\" data-settings=\"{&quot;ekit_we_effect_on&quot;:&quot;none&quot;}\" data-widget_type=\"image.default\">\n\t\t\t\t<div class=\"elementor-widget-container\">\n\t\t\t\t\t\t\t\t<div class=\"elementor-image\">\n\t\t\t\t\t\t\t\t\t\t\t\t\t<a href=\"#\">\n\t\t\t\t\t\t\t<img width=\"150\" height=\"84\" src=\"https:\/\/congressohvm.com\/2022\/wp-content\/uploads\/2022\/10\/codivet-versao-original-1.png\" class=\"attachment-large size-large wp-image-3433\" alt=\"\" loading=\"lazy\" srcset=\"https:\/\/congressohvm.com\/2022\/wp-content\/uploads\/2022\/10\/codivet-versao-original-1.png 150w, https:\/\/congressohvm.com\/2022\/wp-content\/uploads\/2022\/10\/codivet-versao-original-1-18x10.png 18w\" sizes=\"(max-width: 150px) 100vw, 150px\" \/>\t\t\t\t\t\t\t\t<\/a>\n\t\t\t\t\t\t\t\t\t\t\t\t\t\t<\/div>\n\t\t\t\t\t\t<\/div>\n\t\t\t\t<\/div>\n\t\t\t\t\t\t<\/div>\n\t\t\t\t\t<\/div>\n\t\t<\/div>\n\t\t\t\t<div class=\"elementor-column elementor-col-14 elementor-inner-column elementor-element elementor-element-96b2e4e\" data-id=\"96b2e4e\" data-element_type=\"column\">\n\t\t\t<div class=\"elementor-column-wrap elementor-element-populated\">\n\t\t\t\t\t\t\t<div class=\"elementor-widget-wrap\">\n\t\t\t\t\t\t<div class=\"elementor-element elementor-element-6dfbc5d elementor-widget elementor-widget-image\" data-id=\"6dfbc5d\" data-element_type=\"widget\" data-settings=\"{&quot;ekit_we_effect_on&quot;:&quot;none&quot;}\" data-widget_type=\"image.default\">\n\t\t\t\t<div class=\"elementor-widget-container\">\n\t\t\t\t\t\t\t\t<div class=\"elementor-image\">\n\t\t\t\t\t\t\t\t\t\t\t\t\t<a href=\"#\">\n\t\t\t\t\t\t\t<img width=\"150\" height=\"133\" src=\"https:\/\/congressohvm.com\/2022\/wp-content\/uploads\/2022\/07\/CIM-e1657296124814.jpg\" class=\"attachment-large size-large wp-image-2940\" alt=\"\" loading=\"lazy\" \/>\t\t\t\t\t\t\t\t<\/a>\n\t\t\t\t\t\t\t\t\t\t\t\t\t\t<\/div>\n\t\t\t\t\t\t<\/div>\n\t\t\t\t<\/div>\n\t\t\t\t\t\t<\/div>\n\t\t\t\t\t<\/div>\n\t\t<\/div>\n\t\t\t\t<div class=\"elementor-column elementor-col-14 elementor-inner-column elementor-element elementor-element-fb8b7a0\" data-id=\"fb8b7a0\" data-element_type=\"column\">\n\t\t\t<div class=\"elementor-column-wrap elementor-element-populated\">\n\t\t\t\t\t\t\t<div class=\"elementor-widget-wrap\">\n\t\t\t\t\t\t<div class=\"elementor-element elementor-element-b28b364 elementor-widget elementor-widget-image\" data-id=\"b28b364\" data-element_type=\"widget\" data-settings=\"{&quot;ekit_we_effect_on&quot;:&quot;none&quot;}\" data-widget_type=\"image.default\">\n\t\t\t\t<div class=\"elementor-widget-container\">\n\t\t\t\t\t\t\t\t<div class=\"elementor-image\">\n\t\t\t\t\t\t\t\t\t\t\t\t\t<a href=\"#\">\n\t\t\t\t\t\t\t<img width=\"150\" height=\"145\" src=\"https:\/\/congressohvm.com\/2022\/wp-content\/uploads\/2022\/07\/CIM-ZN-e1657296114423.png\" class=\"attachment-large size-large wp-image-2939\" alt=\"\" loading=\"lazy\" \/>\t\t\t\t\t\t\t\t<\/a>\n\t\t\t\t\t\t\t\t\t\t\t\t\t\t<\/div>\n\t\t\t\t\t\t<\/div>\n\t\t\t\t<\/div>\n\t\t\t\t\t\t<\/div>\n\t\t\t\t\t<\/div>\n\t\t<\/div>\n\t\t\t\t<div class=\"elementor-column elementor-col-14 elementor-inner-column elementor-element elementor-element-ccf4130\" data-id=\"ccf4130\" data-element_type=\"column\">\n\t\t\t<div class=\"elementor-column-wrap elementor-element-populated\">\n\t\t\t\t\t\t\t<div class=\"elementor-widget-wrap\">\n\t\t\t\t\t\t<div class=\"elementor-element elementor-element-00aeb2f elementor-widget elementor-widget-image\" data-id=\"00aeb2f\" data-element_type=\"widget\" data-settings=\"{&quot;ekit_we_effect_on&quot;:&quot;none&quot;}\" data-widget_type=\"image.default\">\n\t\t\t\t<div class=\"elementor-widget-container\">\n\t\t\t\t\t\t\t\t<div class=\"elementor-image\">\n\t\t\t\t\t\t\t\t\t\t\t\t\t<a href=\"#\">\n\t\t\t\t\t\t\t<img width=\"150\" height=\"129\" src=\"https:\/\/congressohvm.com\/2022\/wp-content\/uploads\/2022\/07\/CIM-ZC-e1657296097704.png\" class=\"attachment-large size-large wp-image-2938\" alt=\"\" loading=\"lazy\" \/>\t\t\t\t\t\t\t\t<\/a>\n\t\t\t\t\t\t\t\t\t\t\t\t\t\t<\/div>\n\t\t\t\t\t\t<\/div>\n\t\t\t\t<\/div>\n\t\t\t\t\t\t<\/div>\n\t\t\t\t\t<\/div>\n\t\t<\/div>\n\t\t\t\t\t\t\t\t<\/div>\n\t\t\t\t\t<\/div>\n\t\t<\/section>\n\t\t\t\t<section class=\"elementor-section elementor-inner-section elementor-element elementor-element-e725594 elementor-section-content-middle elementor-section-boxed elementor-section-height-default elementor-section-height-default elementor-invisible\" data-id=\"e725594\" data-element_type=\"section\" data-settings=\"{&quot;animation&quot;:&quot;fadeInUp&quot;,&quot;animation_delay&quot;:400}\">\n\t\t\t\t\t\t<div class=\"elementor-container elementor-column-gap-default\">\n\t\t\t\t\t\t\t<div class=\"elementor-row\">\n\t\t\t\t\t<div class=\"elementor-column elementor-col-14 elementor-inner-column elementor-element elementor-element-f21dc45\" data-id=\"f21dc45\" data-element_type=\"column\">\n\t\t\t<div class=\"elementor-column-wrap elementor-element-populated\">\n\t\t\t\t\t\t\t<div class=\"elementor-widget-wrap\">\n\t\t\t\t\t\t<div class=\"elementor-element elementor-element-8826eb3 elementor-widget elementor-widget-image\" data-id=\"8826eb3\" data-element_type=\"widget\" data-settings=\"{&quot;ekit_we_effect_on&quot;:&quot;none&quot;}\" data-widget_type=\"image.default\">\n\t\t\t\t<div class=\"elementor-widget-container\">\n\t\t\t\t\t\t\t\t<div class=\"elementor-image\">\n\t\t\t\t\t\t\t\t\t\t\t\t\t<a href=\"#\">\n\t\t\t\t\t\t\t<img width=\"150\" height=\"127\" src=\"https:\/\/congressohvm.com\/2022\/wp-content\/uploads\/2022\/07\/CI-Baixo-Alentejo-e1664540516314.jpg\" class=\"attachment-large size-large wp-image-2937\" alt=\"\" loading=\"lazy\" srcset=\"https:\/\/congressohvm.com\/2022\/wp-content\/uploads\/2022\/07\/CI-Baixo-Alentejo-e1664540516314.jpg 150w, https:\/\/congressohvm.com\/2022\/wp-content\/uploads\/2022\/07\/CI-Baixo-Alentejo-e1664540516314-14x12.jpg 14w\" sizes=\"(max-width: 150px) 100vw, 150px\" \/>\t\t\t\t\t\t\t\t<\/a>\n\t\t\t\t\t\t\t\t\t\t\t\t\t\t<\/div>\n\t\t\t\t\t\t<\/div>\n\t\t\t\t<\/div>\n\t\t\t\t\t\t<\/div>\n\t\t\t\t\t<\/div>\n\t\t<\/div>\n\t\t\t\t<div class=\"elementor-column elementor-col-14 elementor-inner-column elementor-element elementor-element-ffb6730\" data-id=\"ffb6730\" data-element_type=\"column\">\n\t\t\t<div class=\"elementor-column-wrap elementor-element-populated\">\n\t\t\t\t\t\t\t<div class=\"elementor-widget-wrap\">\n\t\t\t\t\t\t<div class=\"elementor-element elementor-element-9e4a81d elementor-widget elementor-widget-image\" data-id=\"9e4a81d\" data-element_type=\"widget\" data-settings=\"{&quot;ekit_we_effect_on&quot;:&quot;none&quot;}\" data-widget_type=\"image.default\">\n\t\t\t\t<div class=\"elementor-widget-container\">\n\t\t\t\t\t\t\t\t<div class=\"elementor-image\">\n\t\t\t\t\t\t\t\t\t\t\t\t\t<a href=\"#\">\n\t\t\t\t\t\t\t<img width=\"150\" height=\"80\" src=\"https:\/\/congressohvm.com\/2022\/wp-content\/uploads\/2022\/07\/Cedivet_LOGO_AF_w-signature_RGB_master_logo_positive_72ppi-e1657297354987.jpg\" class=\"attachment-large size-large wp-image-2936\" alt=\"\" loading=\"lazy\" \/>\t\t\t\t\t\t\t\t<\/a>\n\t\t\t\t\t\t\t\t\t\t\t\t\t\t<\/div>\n\t\t\t\t\t\t<\/div>\n\t\t\t\t<\/div>\n\t\t\t\t\t\t<\/div>\n\t\t\t\t\t<\/div>\n\t\t<\/div>\n\t\t\t\t<div class=\"elementor-column elementor-col-14 elementor-inner-column elementor-element elementor-element-f677112\" data-id=\"f677112\" data-element_type=\"column\">\n\t\t\t<div class=\"elementor-column-wrap elementor-element-populated\">\n\t\t\t\t\t\t\t<div class=\"elementor-widget-wrap\">\n\t\t\t\t\t\t<div class=\"elementor-element elementor-element-7501803 elementor-widget elementor-widget-image\" data-id=\"7501803\" data-element_type=\"widget\" data-settings=\"{&quot;ekit_we_effect_on&quot;:&quot;none&quot;}\" data-widget_type=\"image.default\">\n\t\t\t\t<div class=\"elementor-widget-container\">\n\t\t\t\t\t\t\t\t<div class=\"elementor-image\">\n\t\t\t\t\t\t\t\t\t\t\t\t\t<a href=\"#\">\n\t\t\t\t\t\t\t<img width=\"150\" height=\"45\" src=\"https:\/\/congressohvm.com\/2022\/wp-content\/uploads\/2022\/09\/BI_Logo_PMS288.jpg\" class=\"attachment-large size-large wp-image-3260\" alt=\"\" loading=\"lazy\" srcset=\"https:\/\/congressohvm.com\/2022\/wp-content\/uploads\/2022\/09\/BI_Logo_PMS288.jpg 150w, https:\/\/congressohvm.com\/2022\/wp-content\/uploads\/2022\/09\/BI_Logo_PMS288-18x5.jpg 18w\" sizes=\"(max-width: 150px) 100vw, 150px\" \/>\t\t\t\t\t\t\t\t<\/a>\n\t\t\t\t\t\t\t\t\t\t\t\t\t\t<\/div>\n\t\t\t\t\t\t<\/div>\n\t\t\t\t<\/div>\n\t\t\t\t\t\t<\/div>\n\t\t\t\t\t<\/div>\n\t\t<\/div>\n\t\t\t\t<div class=\"elementor-column elementor-col-14 elementor-inner-column elementor-element elementor-element-54673ba\" data-id=\"54673ba\" data-element_type=\"column\">\n\t\t\t<div class=\"elementor-column-wrap elementor-element-populated\">\n\t\t\t\t\t\t\t<div class=\"elementor-widget-wrap\">\n\t\t\t\t\t\t<div class=\"elementor-element elementor-element-bc0e4f3 elementor-widget elementor-widget-image\" data-id=\"bc0e4f3\" data-element_type=\"widget\" data-settings=\"{&quot;ekit_we_effect_on&quot;:&quot;none&quot;}\" data-widget_type=\"image.default\">\n\t\t\t\t<div class=\"elementor-widget-container\">\n\t\t\t\t\t\t\t\t<div class=\"elementor-image\">\n\t\t\t\t\t\t\t\t\t\t\t\t\t<a href=\"#\">\n\t\t\t\t\t\t\t<img width=\"150\" height=\"40\" src=\"https:\/\/congressohvm.com\/2022\/wp-content\/uploads\/2022\/09\/examion_logo_mitclaim_pt.png\" class=\"attachment-large size-large wp-image-3267\" alt=\"\" loading=\"lazy\" srcset=\"https:\/\/congressohvm.com\/2022\/wp-content\/uploads\/2022\/09\/examion_logo_mitclaim_pt.png 150w, https:\/\/congressohvm.com\/2022\/wp-content\/uploads\/2022\/09\/examion_logo_mitclaim_pt-18x5.png 18w\" sizes=\"(max-width: 150px) 100vw, 150px\" \/>\t\t\t\t\t\t\t\t<\/a>\n\t\t\t\t\t\t\t\t\t\t\t\t\t\t<\/div>\n\t\t\t\t\t\t<\/div>\n\t\t\t\t<\/div>\n\t\t\t\t\t\t<\/div>\n\t\t\t\t\t<\/div>\n\t\t<\/div>\n\t\t\t\t<div class=\"elementor-column elementor-col-14 elementor-inner-column elementor-element elementor-element-3894a5a\" data-id=\"3894a5a\" data-element_type=\"column\">\n\t\t\t<div class=\"elementor-column-wrap elementor-element-populated\">\n\t\t\t\t\t\t\t<div class=\"elementor-widget-wrap\">\n\t\t\t\t\t\t<div class=\"elementor-element elementor-element-2af64b5 elementor-widget elementor-widget-image\" data-id=\"2af64b5\" data-element_type=\"widget\" data-settings=\"{&quot;ekit_we_effect_on&quot;:&quot;none&quot;}\" data-widget_type=\"image.default\">\n\t\t\t\t<div class=\"elementor-widget-container\">\n\t\t\t\t\t\t\t\t<div class=\"elementor-image\">\n\t\t\t\t\t\t\t\t\t\t\t\t\t<a href=\"#\">\n\t\t\t\t\t\t\t<img width=\"150\" height=\"51\" src=\"https:\/\/congressohvm.com\/2022\/wp-content\/uploads\/2022\/09\/Farm-Couto-8.png\" class=\"attachment-large size-large wp-image-3268\" alt=\"\" loading=\"lazy\" srcset=\"https:\/\/congressohvm.com\/2022\/wp-content\/uploads\/2022\/09\/Farm-Couto-8.png 150w, https:\/\/congressohvm.com\/2022\/wp-content\/uploads\/2022\/09\/Farm-Couto-8-18x6.png 18w\" sizes=\"(max-width: 150px) 100vw, 150px\" \/>\t\t\t\t\t\t\t\t<\/a>\n\t\t\t\t\t\t\t\t\t\t\t\t\t\t<\/div>\n\t\t\t\t\t\t<\/div>\n\t\t\t\t<\/div>\n\t\t\t\t\t\t<\/div>\n\t\t\t\t\t<\/div>\n\t\t<\/div>\n\t\t\t\t<div class=\"elementor-column elementor-col-14 elementor-inner-column elementor-element elementor-element-cc42d9b\" data-id=\"cc42d9b\" data-element_type=\"column\">\n\t\t\t<div class=\"elementor-column-wrap elementor-element-populated\">\n\t\t\t\t\t\t\t<div class=\"elementor-widget-wrap\">\n\t\t\t\t\t\t<div class=\"elementor-element elementor-element-79a2453 elementor-widget elementor-widget-image\" data-id=\"79a2453\" data-element_type=\"widget\" data-settings=\"{&quot;ekit_we_effect_on&quot;:&quot;none&quot;}\" data-widget_type=\"image.default\">\n\t\t\t\t<div class=\"elementor-widget-container\">\n\t\t\t\t\t\t\t\t<div class=\"elementor-image\">\n\t\t\t\t\t\t\t\t\t\t\t\t\t<a href=\"#\">\n\t\t\t\t\t\t\t<img width=\"150\" height=\"58\" src=\"https:\/\/congressohvm.com\/2022\/wp-content\/uploads\/2022\/09\/Logo-Crefar.jpg\" class=\"attachment-large size-large wp-image-3263\" alt=\"\" loading=\"lazy\" srcset=\"https:\/\/congressohvm.com\/2022\/wp-content\/uploads\/2022\/09\/Logo-Crefar.jpg 150w, https:\/\/congressohvm.com\/2022\/wp-content\/uploads\/2022\/09\/Logo-Crefar-18x7.jpg 18w\" sizes=\"(max-width: 150px) 100vw, 150px\" \/>\t\t\t\t\t\t\t\t<\/a>\n\t\t\t\t\t\t\t\t\t\t\t\t\t\t<\/div>\n\t\t\t\t\t\t<\/div>\n\t\t\t\t<\/div>\n\t\t\t\t\t\t<\/div>\n\t\t\t\t\t<\/div>\n\t\t<\/div>\n\t\t\t\t<div class=\"elementor-column elementor-col-14 elementor-inner-column elementor-element elementor-element-3a5f0f1\" data-id=\"3a5f0f1\" data-element_type=\"column\">\n\t\t\t<div class=\"elementor-column-wrap elementor-element-populated\">\n\t\t\t\t\t\t\t<div class=\"elementor-widget-wrap\">\n\t\t\t\t\t\t<div class=\"elementor-element elementor-element-96ca13a elementor-widget elementor-widget-image\" data-id=\"96ca13a\" data-element_type=\"widget\" data-settings=\"{&quot;ekit_we_effect_on&quot;:&quot;none&quot;}\" data-widget_type=\"image.default\">\n\t\t\t\t<div class=\"elementor-widget-container\">\n\t\t\t\t\t\t\t\t<div class=\"elementor-image\">\n\t\t\t\t\t\t\t\t\t\t\t\t\t<a href=\"#\">\n\t\t\t\t\t\t\t<img width=\"150\" height=\"81\" src=\"https:\/\/congressohvm.com\/2022\/wp-content\/uploads\/2022\/09\/LOGO_VAPP.jpg\" class=\"attachment-large size-large wp-image-3264\" alt=\"\" loading=\"lazy\" srcset=\"https:\/\/congressohvm.com\/2022\/wp-content\/uploads\/2022\/09\/LOGO_VAPP.jpg 150w, https:\/\/congressohvm.com\/2022\/wp-content\/uploads\/2022\/09\/LOGO_VAPP-18x10.jpg 18w\" sizes=\"(max-width: 150px) 100vw, 150px\" \/>\t\t\t\t\t\t\t\t<\/a>\n\t\t\t\t\t\t\t\t\t\t\t\t\t\t<\/div>\n\t\t\t\t\t\t<\/div>\n\t\t\t\t<\/div>\n\t\t\t\t\t\t<\/div>\n\t\t\t\t\t<\/div>\n\t\t<\/div>\n\t\t\t\t\t\t\t\t<\/div>\n\t\t\t\t\t<\/div>\n\t\t<\/section>\n\t\t\t\t<section class=\"elementor-section elementor-inner-section elementor-element elementor-element-944d723 elementor-section-content-middle elementor-section-boxed elementor-section-height-default elementor-section-height-default elementor-invisible\" data-id=\"944d723\" data-element_type=\"section\" data-settings=\"{&quot;animation&quot;:&quot;fadeInUp&quot;,&quot;animation_delay&quot;:400}\">\n\t\t\t\t\t\t<div class=\"elementor-container elementor-column-gap-default\">\n\t\t\t\t\t\t\t<div class=\"elementor-row\">\n\t\t\t\t\t<div class=\"elementor-column elementor-col-14 elementor-inner-column elementor-element elementor-element-a640fbe\" data-id=\"a640fbe\" data-element_type=\"column\">\n\t\t\t<div class=\"elementor-column-wrap elementor-element-populated\">\n\t\t\t\t\t\t\t<div class=\"elementor-widget-wrap\">\n\t\t\t\t\t\t<div class=\"elementor-element elementor-element-e5d27da elementor-widget elementor-widget-image\" data-id=\"e5d27da\" data-element_type=\"widget\" data-settings=\"{&quot;ekit_we_effect_on&quot;:&quot;none&quot;}\" data-widget_type=\"image.default\">\n\t\t\t\t<div class=\"elementor-widget-container\">\n\t\t\t\t\t\t\t\t<div class=\"elementor-image\">\n\t\t\t\t\t\t\t\t\t\t\t\t\t<a href=\"#\">\n\t\t\t\t\t\t\t<img width=\"150\" height=\"57\" src=\"https:\/\/congressohvm.com\/2022\/wp-content\/uploads\/2022\/10\/Guruvet.png\" class=\"attachment-large size-large wp-image-3416\" alt=\"\" loading=\"lazy\" srcset=\"https:\/\/congressohvm.com\/2022\/wp-content\/uploads\/2022\/10\/Guruvet.png 150w, https:\/\/congressohvm.com\/2022\/wp-content\/uploads\/2022\/10\/Guruvet-18x7.png 18w\" sizes=\"(max-width: 150px) 100vw, 150px\" \/>\t\t\t\t\t\t\t\t<\/a>\n\t\t\t\t\t\t\t\t\t\t\t\t\t\t<\/div>\n\t\t\t\t\t\t<\/div>\n\t\t\t\t<\/div>\n\t\t\t\t\t\t<\/div>\n\t\t\t\t\t<\/div>\n\t\t<\/div>\n\t\t\t\t<div class=\"elementor-column elementor-col-14 elementor-inner-column elementor-element elementor-element-16b2dea\" data-id=\"16b2dea\" data-element_type=\"column\">\n\t\t\t<div class=\"elementor-column-wrap elementor-element-populated\">\n\t\t\t\t\t\t\t<div class=\"elementor-widget-wrap\">\n\t\t\t\t\t\t<div class=\"elementor-element elementor-element-60e9392 elementor-widget elementor-widget-image\" data-id=\"60e9392\" data-element_type=\"widget\" data-settings=\"{&quot;ekit_we_effect_on&quot;:&quot;none&quot;}\" data-widget_type=\"image.default\">\n\t\t\t\t<div class=\"elementor-widget-container\">\n\t\t\t\t\t\t\t\t<div class=\"elementor-image\">\n\t\t\t\t\t\t\t\t\t\t\t\t\t<a href=\"#\">\n\t\t\t\t\t\t\t<img width=\"150\" height=\"30\" src=\"https:\/\/congressohvm.com\/2022\/wp-content\/uploads\/2022\/10\/logotipo-petfilling.png\" class=\"attachment-large size-large wp-image-3415\" alt=\"\" loading=\"lazy\" srcset=\"https:\/\/congressohvm.com\/2022\/wp-content\/uploads\/2022\/10\/logotipo-petfilling.png 150w, https:\/\/congressohvm.com\/2022\/wp-content\/uploads\/2022\/10\/logotipo-petfilling-18x4.png 18w\" sizes=\"(max-width: 150px) 100vw, 150px\" \/>\t\t\t\t\t\t\t\t<\/a>\n\t\t\t\t\t\t\t\t\t\t\t\t\t\t<\/div>\n\t\t\t\t\t\t<\/div>\n\t\t\t\t<\/div>\n\t\t\t\t\t\t<\/div>\n\t\t\t\t\t<\/div>\n\t\t<\/div>\n\t\t\t\t<div class=\"elementor-column elementor-col-14 elementor-inner-column elementor-element elementor-element-ed6ccf3\" data-id=\"ed6ccf3\" data-element_type=\"column\">\n\t\t\t<div class=\"elementor-column-wrap elementor-element-populated\">\n\t\t\t\t\t\t\t<div class=\"elementor-widget-wrap\">\n\t\t\t\t\t\t<div class=\"elementor-element elementor-element-19aae32 elementor-widget elementor-widget-image\" data-id=\"19aae32\" data-element_type=\"widget\" data-settings=\"{&quot;ekit_we_effect_on&quot;:&quot;none&quot;}\" data-widget_type=\"image.default\">\n\t\t\t\t<div class=\"elementor-widget-container\">\n\t\t\t\t\t\t\t\t<div class=\"elementor-image\">\n\t\t\t\t\t\t\t\t\t\t\t\t\t<a href=\"#\">\n\t\t\t\t\t\t\t<img width=\"150\" height=\"42\" src=\"https:\/\/congressohvm.com\/2022\/wp-content\/uploads\/2022\/10\/Winvet.png\" class=\"attachment-large size-large wp-image-3414\" alt=\"\" loading=\"lazy\" srcset=\"https:\/\/congressohvm.com\/2022\/wp-content\/uploads\/2022\/10\/Winvet.png 150w, https:\/\/congressohvm.com\/2022\/wp-content\/uploads\/2022\/10\/Winvet-18x5.png 18w\" sizes=\"(max-width: 150px) 100vw, 150px\" \/>\t\t\t\t\t\t\t\t<\/a>\n\t\t\t\t\t\t\t\t\t\t\t\t\t\t<\/div>\n\t\t\t\t\t\t<\/div>\n\t\t\t\t<\/div>\n\t\t\t\t\t\t<\/div>\n\t\t\t\t\t<\/div>\n\t\t<\/div>\n\t\t\t\t<div class=\"elementor-column elementor-col-14 elementor-inner-column elementor-element elementor-element-b2ff148\" data-id=\"b2ff148\" data-element_type=\"column\">\n\t\t\t<div class=\"elementor-column-wrap elementor-element-populated\">\n\t\t\t\t\t\t\t<div class=\"elementor-widget-wrap\">\n\t\t\t\t\t\t<div class=\"elementor-element elementor-element-213cd91 elementor-widget elementor-widget-image\" data-id=\"213cd91\" data-element_type=\"widget\" data-settings=\"{&quot;ekit_we_effect_on&quot;:&quot;none&quot;}\" data-widget_type=\"image.default\">\n\t\t\t\t<div class=\"elementor-widget-container\">\n\t\t\t\t\t\t\t\t<div class=\"elementor-image\">\n\t\t\t\t\t\t\t\t\t\t\t\t\t<a href=\"#\">\n\t\t\t\t\t\t\t<img width=\"150\" height=\"79\" src=\"https:\/\/congressohvm.com\/2022\/wp-content\/uploads\/2022\/10\/Filsat.png\" class=\"attachment-large size-large wp-image-3547\" alt=\"\" loading=\"lazy\" srcset=\"https:\/\/congressohvm.com\/2022\/wp-content\/uploads\/2022\/10\/Filsat.png 150w, https:\/\/congressohvm.com\/2022\/wp-content\/uploads\/2022\/10\/Filsat-18x9.png 18w\" sizes=\"(max-width: 150px) 100vw, 150px\" \/>\t\t\t\t\t\t\t\t<\/a>\n\t\t\t\t\t\t\t\t\t\t\t\t\t\t<\/div>\n\t\t\t\t\t\t<\/div>\n\t\t\t\t<\/div>\n\t\t\t\t\t\t<\/div>\n\t\t\t\t\t<\/div>\n\t\t<\/div>\n\t\t\t\t<div class=\"elementor-column elementor-col-14 elementor-inner-column elementor-element elementor-element-ff7e7ad\" data-id=\"ff7e7ad\" data-element_type=\"column\">\n\t\t\t<div class=\"elementor-column-wrap elementor-element-populated\">\n\t\t\t\t\t\t\t<div class=\"elementor-widget-wrap\">\n\t\t\t\t\t\t<div class=\"elementor-element elementor-element-b721f2d elementor-widget elementor-widget-image\" data-id=\"b721f2d\" data-element_type=\"widget\" data-settings=\"{&quot;ekit_we_effect_on&quot;:&quot;none&quot;}\" data-widget_type=\"image.default\">\n\t\t\t\t<div class=\"elementor-widget-container\">\n\t\t\t\t\t\t\t\t<div class=\"elementor-image\">\n\t\t\t\t\t\t\t\t\t\t\t\t\t<a href=\"#\">\n\t\t\t\t\t\t\t<img width=\"100\" height=\"104\" src=\"https:\/\/congressohvm.com\/2022\/wp-content\/uploads\/2022\/10\/2M-Vet-logo.png\" class=\"attachment-large size-large wp-image-3550\" alt=\"\" loading=\"lazy\" srcset=\"https:\/\/congressohvm.com\/2022\/wp-content\/uploads\/2022\/10\/2M-Vet-logo.png 100w, https:\/\/congressohvm.com\/2022\/wp-content\/uploads\/2022\/10\/2M-Vet-logo-12x12.png 12w\" sizes=\"(max-width: 100px) 100vw, 100px\" \/>\t\t\t\t\t\t\t\t<\/a>\n\t\t\t\t\t\t\t\t\t\t\t\t\t\t<\/div>\n\t\t\t\t\t\t<\/div>\n\t\t\t\t<\/div>\n\t\t\t\t\t\t<\/div>\n\t\t\t\t\t<\/div>\n\t\t<\/div>\n\t\t\t\t<div class=\"elementor-column elementor-col-14 elementor-inner-column elementor-element elementor-element-011d109\" data-id=\"011d109\" data-element_type=\"column\">\n\t\t\t<div class=\"elementor-column-wrap elementor-element-populated\">\n\t\t\t\t\t\t\t<div class=\"elementor-widget-wrap\">\n\t\t\t\t\t\t<div class=\"elementor-element elementor-element-965d4e4 elementor-widget elementor-widget-image\" data-id=\"965d4e4\" data-element_type=\"widget\" data-settings=\"{&quot;ekit_we_effect_on&quot;:&quot;none&quot;}\" data-widget_type=\"image.default\">\n\t\t\t\t<div class=\"elementor-widget-container\">\n\t\t\t\t\t\t\t\t<div class=\"elementor-image\">\n\t\t\t\t\t\t\t\t\t\t\t\t\t<a href=\"#\">\n\t\t\t\t\t\t\t<img width=\"150\" height=\"30\" src=\"https:\/\/congressohvm.com\/2022\/wp-content\/uploads\/2022\/10\/Veterinary-Education-logo_Colour1.png\" class=\"attachment-large size-large wp-image-3548\" alt=\"\" loading=\"lazy\" srcset=\"https:\/\/congressohvm.com\/2022\/wp-content\/uploads\/2022\/10\/Veterinary-Education-logo_Colour1.png 150w, https:\/\/congressohvm.com\/2022\/wp-content\/uploads\/2022\/10\/Veterinary-Education-logo_Colour1-18x4.png 18w\" sizes=\"(max-width: 150px) 100vw, 150px\" \/>\t\t\t\t\t\t\t\t<\/a>\n\t\t\t\t\t\t\t\t\t\t\t\t\t\t<\/div>\n\t\t\t\t\t\t<\/div>\n\t\t\t\t<\/div>\n\t\t\t\t\t\t<\/div>\n\t\t\t\t\t<\/div>\n\t\t<\/div>\n\t\t\t\t<div class=\"elementor-column elementor-col-14 elementor-inner-column elementor-element elementor-element-e112a2e\" data-id=\"e112a2e\" data-element_type=\"column\">\n\t\t\t<div class=\"elementor-column-wrap elementor-element-populated\">\n\t\t\t\t\t\t\t<div class=\"elementor-widget-wrap\">\n\t\t\t\t\t\t<div class=\"elementor-element elementor-element-eba5cf3 elementor-widget elementor-widget-image\" data-id=\"eba5cf3\" data-element_type=\"widget\" data-settings=\"{&quot;ekit_we_effect_on&quot;:&quot;none&quot;}\" data-widget_type=\"image.default\">\n\t\t\t\t<div class=\"elementor-widget-container\">\n\t\t\t\t\t\t\t\t<div class=\"elementor-image\">\n\t\t\t\t\t\t\t\t\t\t\t\t\t<a href=\"#\">\n\t\t\t\t\t\t\t<img width=\"150\" height=\"35\" src=\"https:\/\/congressohvm.com\/2022\/wp-content\/uploads\/2022\/10\/Siemens-Healthcare.png\" class=\"attachment-large size-large wp-image-3549\" alt=\"\" loading=\"lazy\" srcset=\"https:\/\/congressohvm.com\/2022\/wp-content\/uploads\/2022\/10\/Siemens-Healthcare.png 150w, https:\/\/congressohvm.com\/2022\/wp-content\/uploads\/2022\/10\/Siemens-Healthcare-18x4.png 18w\" sizes=\"(max-width: 150px) 100vw, 150px\" \/>\t\t\t\t\t\t\t\t<\/a>\n\t\t\t\t\t\t\t\t\t\t\t\t\t\t<\/div>\n\t\t\t\t\t\t<\/div>\n\t\t\t\t<\/div>\n\t\t\t\t\t\t<\/div>\n\t\t\t\t\t<\/div>\n\t\t<\/div>\n\t\t\t\t\t\t\t\t<\/div>\n\t\t\t\t\t<\/div>\n\t\t<\/section>\n\t\t\t\t<section class=\"elementor-section elementor-inner-section elementor-element elementor-element-3a73087 elementor-section-content-middle elementor-section-boxed elementor-section-height-default elementor-section-height-default elementor-invisible\" data-id=\"3a73087\" data-element_type=\"section\" data-settings=\"{&quot;animation&quot;:&quot;fadeInUp&quot;,&quot;animation_delay&quot;:400}\">\n\t\t\t\t\t\t<div class=\"elementor-container elementor-column-gap-default\">\n\t\t\t\t\t\t\t<div class=\"elementor-row\">\n\t\t\t\t\t<div class=\"elementor-column elementor-col-14 elementor-inner-column elementor-element elementor-element-81c5593\" data-id=\"81c5593\" data-element_type=\"column\">\n\t\t\t<div class=\"elementor-column-wrap elementor-element-populated\">\n\t\t\t\t\t\t\t<div class=\"elementor-widget-wrap\">\n\t\t\t\t\t\t<div class=\"elementor-element elementor-element-e8b0a4a elementor-widget elementor-widget-image\" data-id=\"e8b0a4a\" data-element_type=\"widget\" data-settings=\"{&quot;ekit_we_effect_on&quot;:&quot;none&quot;}\" data-widget_type=\"image.default\">\n\t\t\t\t<div class=\"elementor-widget-container\">\n\t\t\t\t\t\t\t\t<div class=\"elementor-image\">\n\t\t\t\t\t\t\t\t\t\t\t\t\t<a href=\"#\">\n\t\t\t\t\t\t\t<img width=\"150\" height=\"99\" src=\"https:\/\/congressohvm.com\/2022\/wp-content\/uploads\/2022\/10\/thumbnail_Corac\u0327a\u0303o-Doce-Alto-2018.jpeg\" class=\"attachment-large size-large wp-image-3555\" alt=\"\" loading=\"lazy\" srcset=\"https:\/\/congressohvm.com\/2022\/wp-content\/uploads\/2022\/10\/thumbnail_Corac\u0327a\u0303o-Doce-Alto-2018.jpeg 150w, https:\/\/congressohvm.com\/2022\/wp-content\/uploads\/2022\/10\/thumbnail_Corac\u0327a\u0303o-Doce-Alto-2018-18x12.jpeg 18w\" sizes=\"(max-width: 150px) 100vw, 150px\" \/>\t\t\t\t\t\t\t\t<\/a>\n\t\t\t\t\t\t\t\t\t\t\t\t\t\t<\/div>\n\t\t\t\t\t\t<\/div>\n\t\t\t\t<\/div>\n\t\t\t\t\t\t<\/div>\n\t\t\t\t\t<\/div>\n\t\t<\/div>\n\t\t\t\t<div class=\"elementor-column elementor-col-14 elementor-inner-column elementor-element elementor-element-1ca724e\" data-id=\"1ca724e\" data-element_type=\"column\">\n\t\t\t<div class=\"elementor-column-wrap elementor-element-populated\">\n\t\t\t\t\t\t\t<div class=\"elementor-widget-wrap\">\n\t\t\t\t\t\t<div class=\"elementor-element elementor-element-47c98b6 elementor-widget elementor-widget-image\" data-id=\"47c98b6\" data-element_type=\"widget\" data-settings=\"{&quot;ekit_we_effect_on&quot;:&quot;none&quot;}\" data-widget_type=\"image.default\">\n\t\t\t\t<div class=\"elementor-widget-container\">\n\t\t\t\t\t\t\t\t<div class=\"elementor-image\">\n\t\t\t\t\t\t\t\t\t\t\t\t\t<a href=\"#\">\n\t\t\t\t\t\t\t<img width=\"150\" height=\"38\" src=\"https:\/\/congressohvm.com\/2022\/wp-content\/uploads\/2022\/10\/design4vet.png\" class=\"attachment-large size-large wp-image-3556\" alt=\"\" loading=\"lazy\" srcset=\"https:\/\/congressohvm.com\/2022\/wp-content\/uploads\/2022\/10\/design4vet.png 150w, https:\/\/congressohvm.com\/2022\/wp-content\/uploads\/2022\/10\/design4vet-18x5.png 18w\" sizes=\"(max-width: 150px) 100vw, 150px\" \/>\t\t\t\t\t\t\t\t<\/a>\n\t\t\t\t\t\t\t\t\t\t\t\t\t\t<\/div>\n\t\t\t\t\t\t<\/div>\n\t\t\t\t<\/div>\n\t\t\t\t\t\t<\/div>\n\t\t\t\t\t<\/div>\n\t\t<\/div>\n\t\t\t\t<div class=\"elementor-column elementor-col-14 elementor-inner-column elementor-element elementor-element-c5a0e53\" data-id=\"c5a0e53\" data-element_type=\"column\">\n\t\t\t<div class=\"elementor-column-wrap elementor-element-populated\">\n\t\t\t\t\t\t\t<div class=\"elementor-widget-wrap\">\n\t\t\t\t\t\t<div class=\"elementor-element elementor-element-9d53723 elementor-widget elementor-widget-image\" data-id=\"9d53723\" data-element_type=\"widget\" data-settings=\"{&quot;ekit_we_effect_on&quot;:&quot;none&quot;}\" data-widget_type=\"image.default\">\n\t\t\t\t<div class=\"elementor-widget-container\">\n\t\t\t\t\t\t\t\t<div class=\"elementor-image\">\n\t\t\t\t\t\t\t\t\t\t\t\t\t<a href=\"#\">\n\t\t\t\t\t\t\t<img width=\"150\" height=\"94\" src=\"https:\/\/congressohvm.com\/2022\/wp-content\/uploads\/2022\/10\/Main-Vet-Op.21.jpeg\" class=\"attachment-large size-large wp-image-3591\" alt=\"\" loading=\"lazy\" srcset=\"https:\/\/congressohvm.com\/2022\/wp-content\/uploads\/2022\/10\/Main-Vet-Op.21.jpeg 150w, https:\/\/congressohvm.com\/2022\/wp-content\/uploads\/2022\/10\/Main-Vet-Op.21-18x12.jpeg 18w\" sizes=\"(max-width: 150px) 100vw, 150px\" \/>\t\t\t\t\t\t\t\t<\/a>\n\t\t\t\t\t\t\t\t\t\t\t\t\t\t<\/div>\n\t\t\t\t\t\t<\/div>\n\t\t\t\t<\/div>\n\t\t\t\t\t\t<\/div>\n\t\t\t\t\t<\/div>\n\t\t<\/div>\n\t\t\t\t<div class=\"elementor-column elementor-col-14 elementor-inner-column elementor-element elementor-element-42ca783\" data-id=\"42ca783\" data-element_type=\"column\">\n\t\t\t<div class=\"elementor-column-wrap elementor-element-populated\">\n\t\t\t\t\t\t\t<div class=\"elementor-widget-wrap\">\n\t\t\t\t\t\t<div class=\"elementor-element elementor-element-7368015 elementor-widget elementor-widget-image\" data-id=\"7368015\" data-element_type=\"widget\" data-settings=\"{&quot;ekit_we_effect_on&quot;:&quot;none&quot;}\" data-widget_type=\"image.default\">\n\t\t\t\t<div class=\"elementor-widget-container\">\n\t\t\t\t\t\t\t\t<div class=\"elementor-image\">\n\t\t\t\t\t\t\t\t\t\t\t\t\t<a href=\"#\">\n\t\t\t\t\t\t\t<img width=\"150\" height=\"33\" src=\"https:\/\/congressohvm.com\/2022\/wp-content\/uploads\/2022\/10\/logo_nasamotor_preto.png\" class=\"attachment-large size-large wp-image-3590\" alt=\"\" loading=\"lazy\" srcset=\"https:\/\/congressohvm.com\/2022\/wp-content\/uploads\/2022\/10\/logo_nasamotor_preto.png 150w, https:\/\/congressohvm.com\/2022\/wp-content\/uploads\/2022\/10\/logo_nasamotor_preto-18x4.png 18w\" sizes=\"(max-width: 150px) 100vw, 150px\" \/>\t\t\t\t\t\t\t\t<\/a>\n\t\t\t\t\t\t\t\t\t\t\t\t\t\t<\/div>\n\t\t\t\t\t\t<\/div>\n\t\t\t\t<\/div>\n\t\t\t\t\t\t<\/div>\n\t\t\t\t\t<\/div>\n\t\t<\/div>\n\t\t\t\t<div class=\"elementor-column elementor-col-14 elementor-inner-column elementor-element elementor-element-0809ee7\" data-id=\"0809ee7\" data-element_type=\"column\">\n\t\t\t<div class=\"elementor-column-wrap elementor-element-populated\">\n\t\t\t\t\t\t\t<div class=\"elementor-widget-wrap\">\n\t\t\t\t\t\t<div class=\"elementor-element elementor-element-75c3621 elementor-widget elementor-widget-image\" data-id=\"75c3621\" data-element_type=\"widget\" data-settings=\"{&quot;ekit_we_effect_on&quot;:&quot;none&quot;}\" data-widget_type=\"image.default\">\n\t\t\t\t<div class=\"elementor-widget-container\">\n\t\t\t\t\t\t\t\t<div class=\"elementor-image\">\n\t\t\t\t\t\t\t\t\t\t\t\t\t<a href=\"#\">\n\t\t\t\t\t\t\t<img width=\"150\" height=\"76\" src=\"https:\/\/congressohvm.com\/2022\/wp-content\/uploads\/2022\/11\/ABHV.png\" class=\"attachment-large size-large wp-image-3619\" alt=\"\" loading=\"lazy\" srcset=\"https:\/\/congressohvm.com\/2022\/wp-content\/uploads\/2022\/11\/ABHV.png 150w, https:\/\/congressohvm.com\/2022\/wp-content\/uploads\/2022\/11\/ABHV-18x9.png 18w\" sizes=\"(max-width: 150px) 100vw, 150px\" \/>\t\t\t\t\t\t\t\t<\/a>\n\t\t\t\t\t\t\t\t\t\t\t\t\t\t<\/div>\n\t\t\t\t\t\t<\/div>\n\t\t\t\t<\/div>\n\t\t\t\t\t\t<\/div>\n\t\t\t\t\t<\/div>\n\t\t<\/div>\n\t\t\t\t<div class=\"elementor-column elementor-col-14 elementor-inner-column elementor-element elementor-element-7b65040\" data-id=\"7b65040\" data-element_type=\"column\">\n\t\t\t<div class=\"elementor-column-wrap elementor-element-populated\">\n\t\t\t\t\t\t\t<div class=\"elementor-widget-wrap\">\n\t\t\t\t\t\t<div class=\"elementor-element elementor-element-51c990b elementor-widget elementor-widget-image\" data-id=\"51c990b\" data-element_type=\"widget\" data-settings=\"{&quot;ekit_we_effect_on&quot;:&quot;none&quot;}\" data-widget_type=\"image.default\">\n\t\t\t\t<div class=\"elementor-widget-container\">\n\t\t\t\t\t\t\t\t<div class=\"elementor-image\">\n\t\t\t\t\t\t\t\t\t\t\t\t\t<a href=\"#\">\n\t\t\t\t\t\t\t<img width=\"150\" height=\"75\" src=\"https:\/\/congressohvm.com\/2022\/wp-content\/uploads\/2022\/11\/APMVAC.png\" class=\"attachment-large size-large wp-image-3618\" alt=\"\" loading=\"lazy\" srcset=\"https:\/\/congressohvm.com\/2022\/wp-content\/uploads\/2022\/11\/APMVAC.png 150w, https:\/\/congressohvm.com\/2022\/wp-content\/uploads\/2022\/11\/APMVAC-18x9.png 18w\" sizes=\"(max-width: 150px) 100vw, 150px\" \/>\t\t\t\t\t\t\t\t<\/a>\n\t\t\t\t\t\t\t\t\t\t\t\t\t\t<\/div>\n\t\t\t\t\t\t<\/div>\n\t\t\t\t<\/div>\n\t\t\t\t\t\t<\/div>\n\t\t\t\t\t<\/div>\n\t\t<\/div>\n\t\t\t\t<div class=\"elementor-column elementor-col-14 elementor-inner-column elementor-element elementor-element-53fe48f\" data-id=\"53fe48f\" data-element_type=\"column\">\n\t\t\t<div class=\"elementor-column-wrap elementor-element-populated\">\n\t\t\t\t\t\t\t<div class=\"elementor-widget-wrap\">\n\t\t\t\t\t\t<div class=\"elementor-element elementor-element-319cb86 elementor-widget elementor-widget-image\" data-id=\"319cb86\" data-element_type=\"widget\" data-settings=\"{&quot;ekit_we_effect_on&quot;:&quot;none&quot;}\" data-widget_type=\"image.default\">\n\t\t\t\t<div class=\"elementor-widget-container\">\n\t\t\t\t\t\t\t\t<div class=\"elementor-image\">\n\t\t\t\t\t\t\t\t\t\t\t\t\t<a href=\"#\">\n\t\t\t\t\t\t\t<img width=\"150\" height=\"75\" src=\"https:\/\/congressohvm.com\/2022\/wp-content\/uploads\/2022\/11\/VetPartners-logo.png\" class=\"attachment-large size-large wp-image-3617\" alt=\"\" loading=\"lazy\" srcset=\"https:\/\/congressohvm.com\/2022\/wp-content\/uploads\/2022\/11\/VetPartners-logo.png 150w, https:\/\/congressohvm.com\/2022\/wp-content\/uploads\/2022\/11\/VetPartners-logo-18x9.png 18w\" sizes=\"(max-width: 150px) 100vw, 150px\" \/>\t\t\t\t\t\t\t\t<\/a>\n\t\t\t\t\t\t\t\t\t\t\t\t\t\t<\/div>\n\t\t\t\t\t\t<\/div>\n\t\t\t\t<\/div>\n\t\t\t\t\t\t<\/div>\n\t\t\t\t\t<\/div>\n\t\t<\/div>\n\t\t\t\t\t\t\t\t<\/div>\n\t\t\t\t\t<\/div>\n\t\t<\/section>\n\t\t\t\t<section class=\"elementor-section elementor-inner-section elementor-element elementor-element-6cfdcf6 elementor-section-content-middle elementor-section-boxed elementor-section-height-default elementor-section-height-default elementor-invisible\" data-id=\"6cfdcf6\" data-element_type=\"section\" data-settings=\"{&quot;animation&quot;:&quot;fadeInUp&quot;,&quot;animation_delay&quot;:400}\">\n\t\t\t\t\t\t<div class=\"elementor-container elementor-column-gap-default\">\n\t\t\t\t\t\t\t<div class=\"elementor-row\">\n\t\t\t\t\t<div class=\"elementor-column elementor-col-14 elementor-inner-column elementor-element elementor-element-e206c54\" data-id=\"e206c54\" data-element_type=\"column\">\n\t\t\t<div class=\"elementor-column-wrap elementor-element-populated\">\n\t\t\t\t\t\t\t<div class=\"elementor-widget-wrap\">\n\t\t\t\t\t\t<div class=\"elementor-element elementor-element-b5be627 elementor-widget elementor-widget-image\" data-id=\"b5be627\" data-element_type=\"widget\" data-settings=\"{&quot;ekit_we_effect_on&quot;:&quot;none&quot;}\" data-widget_type=\"image.default\">\n\t\t\t\t<div class=\"elementor-widget-container\">\n\t\t\t\t\t\t\t\t<div class=\"elementor-image\">\n\t\t\t\t\t\t\t\t\t\t\t\t\t<a href=\"#\">\n\t\t\t\t\t\t\t<img width=\"125\" height=\"125\" src=\"https:\/\/congressohvm.com\/2022\/wp-content\/uploads\/2022\/11\/Ronaldo-Hertel.png\" class=\"attachment-large size-large wp-image-3616\" alt=\"\" loading=\"lazy\" srcset=\"https:\/\/congressohvm.com\/2022\/wp-content\/uploads\/2022\/11\/Ronaldo-Hertel.png 125w, https:\/\/congressohvm.com\/2022\/wp-content\/uploads\/2022\/11\/Ronaldo-Hertel-12x12.png 12w\" sizes=\"(max-width: 125px) 100vw, 125px\" \/>\t\t\t\t\t\t\t\t<\/a>\n\t\t\t\t\t\t\t\t\t\t\t\t\t\t<\/div>\n\t\t\t\t\t\t<\/div>\n\t\t\t\t<\/div>\n\t\t\t\t\t\t<\/div>\n\t\t\t\t\t<\/div>\n\t\t<\/div>\n\t\t\t\t<div class=\"elementor-column elementor-col-14 elementor-inner-column elementor-element elementor-element-0248d0a\" data-id=\"0248d0a\" data-element_type=\"column\">\n\t\t\t<div class=\"elementor-column-wrap elementor-element-populated\">\n\t\t\t\t\t\t\t<div class=\"elementor-widget-wrap\">\n\t\t\t\t\t\t<div class=\"elementor-element elementor-element-42dd49e elementor-widget elementor-widget-image\" data-id=\"42dd49e\" data-element_type=\"widget\" data-settings=\"{&quot;ekit_we_effect_on&quot;:&quot;none&quot;}\" data-widget_type=\"image.default\">\n\t\t\t\t<div class=\"elementor-widget-container\">\n\t\t\t\t\t\t\t\t<div class=\"elementor-image\">\n\t\t\t\t\t\t\t\t\t\t\t\t\t<a href=\"#\">\n\t\t\t\t\t\t\t<img width=\"100\" height=\"88\" src=\"https:\/\/congressohvm.com\/2022\/wp-content\/uploads\/2022\/11\/formacaoHVM.png\" class=\"attachment-large size-large wp-image-3646\" alt=\"\" loading=\"lazy\" srcset=\"https:\/\/congressohvm.com\/2022\/wp-content\/uploads\/2022\/11\/formacaoHVM.png 100w, https:\/\/congressohvm.com\/2022\/wp-content\/uploads\/2022\/11\/formacaoHVM-14x12.png 14w\" sizes=\"(max-width: 100px) 100vw, 100px\" \/>\t\t\t\t\t\t\t\t<\/a>\n\t\t\t\t\t\t\t\t\t\t\t\t\t\t<\/div>\n\t\t\t\t\t\t<\/div>\n\t\t\t\t<\/div>\n\t\t\t\t\t\t<\/div>\n\t\t\t\t\t<\/div>\n\t\t<\/div>\n\t\t\t\t<div class=\"elementor-column elementor-col-14 elementor-inner-column elementor-element elementor-element-78206a7\" data-id=\"78206a7\" data-element_type=\"column\">\n\t\t\t<div class=\"elementor-column-wrap elementor-element-populated\">\n\t\t\t\t\t\t\t<div class=\"elementor-widget-wrap\">\n\t\t\t\t\t\t<div class=\"elementor-element elementor-element-46783ef elementor-widget elementor-widget-image\" data-id=\"46783ef\" data-element_type=\"widget\" data-settings=\"{&quot;ekit_we_effect_on&quot;:&quot;none&quot;}\" data-widget_type=\"image.default\">\n\t\t\t\t<div class=\"elementor-widget-container\">\n\t\t\t\t\t\t\t\t<div class=\"elementor-image\">\n\t\t\t\t\t\t\t\t\t\t\t\t\t<a href=\"#\">\n\t\t\t\t\t\t\t<img width=\"100\" height=\"91\" src=\"https:\/\/congressohvm.com\/2022\/wp-content\/uploads\/2022\/11\/HospVM.jpeg\" class=\"attachment-large size-large wp-image-3645\" alt=\"\" loading=\"lazy\" srcset=\"https:\/\/congressohvm.com\/2022\/wp-content\/uploads\/2022\/11\/HospVM.jpeg 100w, https:\/\/congressohvm.com\/2022\/wp-content\/uploads\/2022\/11\/HospVM-13x12.jpeg 13w\" sizes=\"(max-width: 100px) 100vw, 100px\" \/>\t\t\t\t\t\t\t\t<\/a>\n\t\t\t\t\t\t\t\t\t\t\t\t\t\t<\/div>\n\t\t\t\t\t\t<\/div>\n\t\t\t\t<\/div>\n\t\t\t\t\t\t<\/div>\n\t\t\t\t\t<\/div>\n\t\t<\/div>\n\t\t\t\t<div class=\"elementor-column elementor-col-14 elementor-inner-column elementor-element elementor-element-0460b27\" data-id=\"0460b27\" data-element_type=\"column\">\n\t\t\t<div class=\"elementor-column-wrap elementor-element-populated\">\n\t\t\t\t\t\t\t<div class=\"elementor-widget-wrap\">\n\t\t\t\t\t\t<div class=\"elementor-element elementor-element-4263e20 elementor-widget elementor-widget-image\" data-id=\"4263e20\" data-element_type=\"widget\" data-settings=\"{&quot;ekit_we_effect_on&quot;:&quot;none&quot;}\" data-widget_type=\"image.default\">\n\t\t\t\t<div class=\"elementor-widget-container\">\n\t\t\t\t\t\t\t\t<div class=\"elementor-image\">\n\t\t\t\t\t\t\t\t\t\t\t\t\t<a href=\"#\">\n\t\t\t\t\t\t\t<img width=\"150\" height=\"50\" src=\"https:\/\/congressohvm.com\/2022\/wp-content\/uploads\/2022\/11\/onevet_.png\" class=\"attachment-large size-large wp-image-3652\" alt=\"\" loading=\"lazy\" srcset=\"https:\/\/congressohvm.com\/2022\/wp-content\/uploads\/2022\/11\/onevet_.png 150w, https:\/\/congressohvm.com\/2022\/wp-content\/uploads\/2022\/11\/onevet_-18x6.png 18w\" sizes=\"(max-width: 150px) 100vw, 150px\" \/>\t\t\t\t\t\t\t\t<\/a>\n\t\t\t\t\t\t\t\t\t\t\t\t\t\t<\/div>\n\t\t\t\t\t\t<\/div>\n\t\t\t\t<\/div>\n\t\t\t\t\t\t<\/div>\n\t\t\t\t\t<\/div>\n\t\t<\/div>\n\t\t\t\t<div class=\"elementor-column elementor-col-14 elementor-inner-column elementor-element elementor-element-40afe00\" data-id=\"40afe00\" data-element_type=\"column\">\n\t\t\t<div class=\"elementor-column-wrap elementor-element-populated\">\n\t\t\t\t\t\t\t<div class=\"elementor-widget-wrap\">\n\t\t\t\t\t\t<div class=\"elementor-element elementor-element-bb7abd7 elementor-widget elementor-widget-image\" data-id=\"bb7abd7\" data-element_type=\"widget\" data-settings=\"{&quot;ekit_we_effect_on&quot;:&quot;none&quot;}\" data-widget_type=\"image.default\">\n\t\t\t\t<div class=\"elementor-widget-container\">\n\t\t\t\t\t\t\t\t<div class=\"elementor-image\">\n\t\t\t\t\t\t\t\t\t\t\t\t\t<a href=\"#\">\n\t\t\t\t\t\t\t<img width=\"150\" height=\"62\" src=\"https:\/\/congressohvm.com\/2022\/wp-content\/uploads\/2022\/11\/unavets_logo.png\" class=\"attachment-large size-large wp-image-3651\" alt=\"\" loading=\"lazy\" srcset=\"https:\/\/congressohvm.com\/2022\/wp-content\/uploads\/2022\/11\/unavets_logo.png 150w, https:\/\/congressohvm.com\/2022\/wp-content\/uploads\/2022\/11\/unavets_logo-18x7.png 18w\" sizes=\"(max-width: 150px) 100vw, 150px\" \/>\t\t\t\t\t\t\t\t<\/a>\n\t\t\t\t\t\t\t\t\t\t\t\t\t\t<\/div>\n\t\t\t\t\t\t<\/div>\n\t\t\t\t<\/div>\n\t\t\t\t\t\t<\/div>\n\t\t\t\t\t<\/div>\n\t\t<\/div>\n\t\t\t\t<div class=\"elementor-column elementor-col-14 elementor-inner-column elementor-element elementor-element-8e8074e\" data-id=\"8e8074e\" data-element_type=\"column\">\n\t\t\t<div class=\"elementor-column-wrap elementor-element-populated\">\n\t\t\t\t\t\t\t<div class=\"elementor-widget-wrap\">\n\t\t\t\t\t\t<div class=\"elementor-element elementor-element-1506664 elementor-widget elementor-widget-image\" data-id=\"1506664\" data-element_type=\"widget\" data-settings=\"{&quot;ekit_we_effect_on&quot;:&quot;none&quot;}\" data-widget_type=\"image.default\">\n\t\t\t\t<div class=\"elementor-widget-container\">\n\t\t\t\t\t\t\t\t<div class=\"elementor-image\">\n\t\t\t\t\t\t\t\t\t\t\t\t\t<a href=\"#\">\n\t\t\t\t\t\t\t<img width=\"150\" height=\"53\" src=\"https:\/\/congressohvm.com\/2022\/wp-content\/uploads\/2022\/11\/logo-01.png\" class=\"attachment-large size-large wp-image-3664\" alt=\"\" loading=\"lazy\" srcset=\"https:\/\/congressohvm.com\/2022\/wp-content\/uploads\/2022\/11\/logo-01.png 150w, https:\/\/congressohvm.com\/2022\/wp-content\/uploads\/2022\/11\/logo-01-18x6.png 18w\" sizes=\"(max-width: 150px) 100vw, 150px\" \/>\t\t\t\t\t\t\t\t<\/a>\n\t\t\t\t\t\t\t\t\t\t\t\t\t\t<\/div>\n\t\t\t\t\t\t<\/div>\n\t\t\t\t<\/div>\n\t\t\t\t\t\t<\/div>\n\t\t\t\t\t<\/div>\n\t\t<\/div>\n\t\t\t\t<div class=\"elementor-column elementor-col-14 elementor-inner-column elementor-element elementor-element-45a929b\" data-id=\"45a929b\" data-element_type=\"column\">\n\t\t\t<div class=\"elementor-column-wrap elementor-element-populated\">\n\t\t\t\t\t\t\t<div class=\"elementor-widget-wrap\">\n\t\t\t\t\t\t\t\t<\/div>\n\t\t\t\t\t<\/div>\n\t\t<\/div>\n\t\t\t\t\t\t\t\t<\/div>\n\t\t\t\t\t<\/div>\n\t\t<\/section>\n\t\t\t\t<div class=\"elementor-element elementor-element-50ecb04 elementor-align-center elementor-invisible elementor-widget elementor-widget-button\" data-id=\"50ecb04\" data-element_type=\"widget\" data-settings=\"{&quot;_animation&quot;:&quot;fadeInUp&quot;,&quot;ekit_we_effect_on&quot;:&quot;none&quot;}\" data-widget_type=\"button.default\">\n\t\t\t\t<div class=\"elementor-widget-container\">\n\t\t\t\t\t<div class=\"elementor-button-wrapper\">\n\t\t\t<a href=\"https:\/\/congressohvm.com\/2022\/contactos\/\" class=\"elementor-button-link elementor-button elementor-size-md elementor-animation-bob\" role=\"button\">\n\t\t\t\t\t\t<span class=\"elementor-button-content-wrapper\">\n\t\t\t\t\t\t<span class=\"elementor-button-text\">Ser Patrocinador <\/span>\n\t\t<\/span>\n\t\t\t\t\t<\/a>\n\t\t<\/div>\n\t\t\t\t<\/div>\n\t\t\t\t<\/div>\n\t\t\t\t\t\t<\/div>\n\t\t\t\t\t<\/div>\n\t\t<\/div>\n\t\t\t\t\t\t\t\t<\/div>\n\t\t\t\t\t<\/div>\n\t\t<\/section>\n\t\t\t\t<section class=\"elementor-section elementor-top-section elementor-element elementor-element-d41c567 elementor-section-height-min-height elementor-section-boxed elementor-section-height-default elementor-section-items-middle\" data-id=\"d41c567\" data-element_type=\"section\" data-settings=\"{&quot;background_background&quot;:&quot;classic&quot;}\">\n\t\t\t\t\t\t<div class=\"elementor-container elementor-column-gap-default\">\n\t\t\t\t\t\t\t<div class=\"elementor-row\">\n\t\t\t\t\t<div class=\"elementor-column elementor-col-100 elementor-top-column elementor-element elementor-element-ca502f5\" data-id=\"ca502f5\" data-element_type=\"column\">\n\t\t\t<div class=\"elementor-column-wrap\">\n\t\t\t\t\t\t\t<div class=\"elementor-widget-wrap\">\n\t\t\t\t\t\t\t\t<\/div>\n\t\t\t\t\t<\/div>\n\t\t<\/div>\n\t\t\t\t\t\t\t\t<\/div>\n\t\t\t\t\t<\/div>\n\t\t<\/section>\n\t\t\t\t<section class=\"elementor-section elementor-top-section elementor-element elementor-element-d2280ab elementor-section-boxed elementor-section-height-default elementor-section-height-default\" data-id=\"d2280ab\" data-element_type=\"section\">\n\t\t\t\t\t\t<div class=\"elementor-container elementor-column-gap-default\">\n\t\t\t\t\t\t\t<div class=\"elementor-row\">\n\t\t\t\t\t<div class=\"elementor-column elementor-col-100 elementor-top-column elementor-element elementor-element-7a2ddad\" data-id=\"7a2ddad\" data-element_type=\"column\">\n\t\t\t<div class=\"elementor-column-wrap elementor-element-populated\">\n\t\t\t\t\t\t\t<div class=\"elementor-widget-wrap\">\n\t\t\t\t\t\t<section class=\"elementor-section elementor-inner-section elementor-element elementor-element-7041ae1 elementor-section-boxed elementor-section-height-default elementor-section-height-default\" data-id=\"7041ae1\" data-element_type=\"section\">\n\t\t\t\t\t\t<div class=\"elementor-container elementor-column-gap-default\">\n\t\t\t\t\t\t\t<div class=\"elementor-row\">\n\t\t\t\t\t<div class=\"elementor-column elementor-col-100 elementor-inner-column elementor-element elementor-element-b759ba0\" data-id=\"b759ba0\" data-element_type=\"column\">\n\t\t\t<div class=\"elementor-column-wrap elementor-element-populated\">\n\t\t\t\t\t\t\t<div class=\"elementor-widget-wrap\">\n\t\t\t\t\t\t<div class=\"elementor-element elementor-element-2ad209d elementor-widget elementor-widget-exhibz-title\" data-id=\"2ad209d\" data-element_type=\"widget\" data-settings=\"{&quot;ekit_we_effect_on&quot;:&quot;none&quot;}\" data-widget_type=\"exhibz-title.default\">\n\t\t\t\t<div class=\"elementor-widget-container\">\n\t\t\t\n    <div class=\"title-section-area\">\n        <h2 class=\"section-title\">\n            <span class=\"sub-title\"><\/span>\n\t\t\tArtigos        <\/h2>\n\t\t                            <span class=\"title-border\">&nbsp;<\/span>\n            <\/div><!-- Section title -->\n    \n    \n\n    \t\t<\/div>\n\t\t\t\t<\/div>\n\t\t\t\t\t\t<\/div>\n\t\t\t\t\t<\/div>\n\t\t<\/div>\n\t\t\t\t\t\t\t\t<\/div>\n\t\t\t\t\t<\/div>\n\t\t<\/section>\n\t\t\t\t<section class=\"elementor-section elementor-inner-section elementor-element elementor-element-cffeaac elementor-section-boxed elementor-section-height-default elementor-section-height-default\" data-id=\"cffeaac\" data-element_type=\"section\">\n\t\t\t\t\t\t<div class=\"elementor-container elementor-column-gap-default\">\n\t\t\t\t\t\t\t<div class=\"elementor-row\">\n\t\t\t\t\t<div class=\"elementor-column elementor-col-100 elementor-inner-column elementor-element elementor-element-20c1a47\" data-id=\"20c1a47\" data-element_type=\"column\">\n\t\t\t<div class=\"elementor-column-wrap elementor-element-populated\">\n\t\t\t\t\t\t\t<div class=\"elementor-widget-wrap\">\n\t\t\t\t\t\t<div class=\"elementor-element elementor-element-409f380 elementor-hidden-desktop elementor-hidden-tablet elementor-hidden-mobile elementor-widget elementor-widget-exhibz-latestnews\" data-id=\"409f380\" data-element_type=\"widget\" data-settings=\"{&quot;ekit_we_effect_on&quot;:&quot;none&quot;}\" data-widget_type=\"exhibz-latestnews.default\">\n\t\t\t\t<div class=\"elementor-widget-container\">\n\t\t\t<div class=\"row\">\n     <div class=\"col-lg-4 fadeInUp\">\n      <div class=\"post\">\n                  <div class=\"post-media post-image\">\n            <a href=\"https:\/\/congressohvm.com\/2022\/blog\/2019\/01\/01\/met-gala-planner-to-the-oversee-inauguration-events-why-virtual-reality\/\">\n               <img loading=\"lazy\" width=\"360\" height=\"202\" src=\"https:\/\/congressohvm.com\/2022\/wp-content\/uploads\/2019\/01\/blog1.jpg\" class=\"img-fluid\" alt=\"https:\/\/congressohvm.com\/2022\/blog\/author\/congressohvm\/\">\n            <\/a>\n         <\/div>\n                 <div class=\"post-body\">\n            <div class=\"post-meta\">\n                              <span class=\"post-author\">\n               <i class=\"icon icon-user\"><\/i> \n               <a href=\"https:\/\/congressohvm.com\/2022\/blog\/author\/congressohvm\/\"> congressohvm<\/a>\n               <\/span>\n                \n               <span class=\"post-meta-date\">\n                <i class=\"icon icon-calendar\"><\/i>\n                  1 de Janeiro, 2019 \n               <\/span>\n            <\/div>\n            <div class=\"entry-header\">\n               <h2 class=\"entry-title\">\n                  <a href=\"https:\/\/congressohvm.com\/2022\/?post_type=post&p=352\">Met Gala planner <\/a>\n               <\/h2>\n            <\/div>\n            <!-- header end -->\n            <div class=\"entry-content\">\n                              <p> There\u2019s such a thing as \u201ctoo much information\u201d, especially for   <\/p>\n                \n            <\/div>\n            <div class=\"post-footer\">\n                              <a href=\"https:\/\/congressohvm.com\/2022\/?post_type=post&p=352\" class=\"btn-link\"> Continue <i class=\"icon icon-arrow-right\"><\/i><\/a>\n                \n            <\/div>\n         <\/div>\n         <!-- post-body end -->\n      <\/div>\n      <!-- post end-->\n   <\/div>\n      <div class=\"col-lg-4 fadeInUp\">\n      <div class=\"post\">\n                  <div class=\"post-media post-image\">\n            <a href=\"https:\/\/congressohvm.com\/2022\/blog\/2019\/01\/01\/west-elm-at-evantor\/\">\n               <img loading=\"lazy\" width=\"360\" height=\"202\" src=\"https:\/\/congressohvm.com\/2022\/wp-content\/uploads\/2019\/01\/blog2.jpg\" class=\"img-fluid\" alt=\"https:\/\/congressohvm.com\/2022\/blog\/author\/congressohvm\/\">\n            <\/a>\n         <\/div>\n                 <div class=\"post-body\">\n            <div class=\"post-meta\">\n                              <span class=\"post-author\">\n               <i class=\"icon icon-user\"><\/i> \n               <a href=\"https:\/\/congressohvm.com\/2022\/blog\/author\/congressohvm\/\"> congressohvm<\/a>\n               <\/span>\n                \n               <span class=\"post-meta-date\">\n                <i class=\"icon icon-calendar\"><\/i>\n                  1 de Janeiro, 2019 \n               <\/span>\n            <\/div>\n            <div class=\"entry-header\">\n               <h2 class=\"entry-title\">\n                  <a href=\"https:\/\/congressohvm.com\/2022\/?post_type=post&p=361\">West Elm Exhibz <\/a>\n               <\/h2>\n            <\/div>\n            <!-- header end -->\n            <div class=\"entry-content\">\n                              <p> There\u2019s such a thing as \u201ctoo much information\u201d, especially for   <\/p>\n                \n            <\/div>\n            <div class=\"post-footer\">\n                              <a href=\"https:\/\/congressohvm.com\/2022\/?post_type=post&p=361\" class=\"btn-link\"> Continue <i class=\"icon icon-arrow-right\"><\/i><\/a>\n                \n            <\/div>\n         <\/div>\n         <!-- post-body end -->\n      <\/div>\n      <!-- post end-->\n   <\/div>\n      <div class=\"col-lg-4 fadeInUp\">\n      <div class=\"post\">\n                  <div class=\"post-media post-image\">\n            <a href=\"https:\/\/congressohvm.com\/2022\/blog\/2019\/01\/01\/adding-a-new-digital\/\">\n               <img loading=\"lazy\" width=\"360\" height=\"202\" src=\"https:\/\/congressohvm.com\/2022\/wp-content\/uploads\/2019\/01\/blog3.jpg\" class=\"img-fluid\" alt=\"https:\/\/congressohvm.com\/2022\/blog\/author\/congressohvm\/\">\n            <\/a>\n         <\/div>\n                 <div class=\"post-body\">\n            <div class=\"post-meta\">\n                              <span class=\"post-author\">\n               <i class=\"icon icon-user\"><\/i> \n               <a href=\"https:\/\/congressohvm.com\/2022\/blog\/author\/congressohvm\/\"> congressohvm<\/a>\n               <\/span>\n                \n               <span class=\"post-meta-date\">\n                <i class=\"icon icon-calendar\"><\/i>\n                  1 de Janeiro, 2019 \n               <\/span>\n            <\/div>\n            <div class=\"entry-header\">\n               <h2 class=\"entry-title\">\n                  <a href=\"https:\/\/congressohvm.com\/2022\/?post_type=post&p=359\">New Digital Man <\/a>\n               <\/h2>\n            <\/div>\n            <!-- header end -->\n            <div class=\"entry-content\">\n                              <p> There\u2019s such a thing as \u201ctoo much information\u201d, especially for   <\/p>\n                \n            <\/div>\n            <div class=\"post-footer\">\n                              <a href=\"https:\/\/congressohvm.com\/2022\/?post_type=post&p=359\" class=\"btn-link\"> Continue <i class=\"icon icon-arrow-right\"><\/i><\/a>\n                \n            <\/div>\n         <\/div>\n         <!-- post-body end -->\n      <\/div>\n      <!-- post end-->\n   <\/div>\n    \n<\/div> <!-- row end -->\n   \t\t<\/div>\n\t\t\t\t<\/div>\n\t\t\t\t\t\t<\/div>\n\t\t\t\t\t<\/div>\n\t\t<\/div>\n\t\t\t\t\t\t\t\t<\/div>\n\t\t\t\t\t<\/div>\n\t\t<\/section>\n\t\t\t\t\t\t<\/div>\n\t\t\t\t\t<\/div>\n\t\t<\/div>\n\t\t\t\t\t\t\t\t<\/div>\n\t\t\t\t\t<\/div>\n\t\t<\/section>\n\t\t\t\t<section class=\"elementor-section elementor-top-section elementor-element elementor-element-ac52ae4 elementor-section-boxed elementor-section-height-default elementor-section-height-default\" data-id=\"ac52ae4\" data-element_type=\"section\" data-settings=\"{&quot;background_background&quot;:&quot;classic&quot;}\">\n\t\t\t\t\t\t\t<div class=\"elementor-background-overlay\"><\/div>\n\t\t\t\t\t\t\t<div class=\"elementor-container elementor-column-gap-default\">\n\t\t\t\t\t\t\t<div class=\"elementor-row\">\n\t\t\t\t\t<div class=\"elementor-column elementor-col-50 elementor-top-column elementor-element elementor-element-2ad6add\" data-id=\"2ad6add\" data-element_type=\"column\">\n\t\t\t<div class=\"elementor-column-wrap elementor-element-populated\">\n\t\t\t\t\t\t\t<div class=\"elementor-widget-wrap\">\n\t\t\t\t\t\t<div class=\"elementor-element elementor-element-f6f6bae elementor-widget elementor-widget-exhibz-title\" data-id=\"f6f6bae\" data-element_type=\"widget\" data-settings=\"{&quot;ekit_we_effect_on&quot;:&quot;none&quot;}\" data-widget_type=\"exhibz-title.default\">\n\t\t\t\t<div class=\"elementor-widget-container\">\n\t\t\t\n    <div class=\"title-section-area\">\n        <h2 class=\"section-title\">\n            <span class=\"sub-title\"><\/span>\n\t\t\t<em class=\"title-bar-shap\">Localiza\u00e7\u00e3o<\/em>        <\/h2>\n\t\t                    <\/div><!-- Section title -->\n    \n    \n\n    \t\t<\/div>\n\t\t\t\t<\/div>\n\t\t\t\t<div class=\"elementor-element elementor-element-093e55a ts-map-tabs elementor-tabs-view-horizontal elementor-invisible elementor-widget elementor-widget-tabs\" data-id=\"093e55a\" data-element_type=\"widget\" data-settings=\"{&quot;_animation&quot;:&quot;fadeIn&quot;,&quot;ekit_we_effect_on&quot;:&quot;none&quot;}\" data-widget_type=\"tabs.default\">\n\t\t\t\t<div class=\"elementor-widget-container\">\n\t\t\t\t\t<div class=\"elementor-tabs\">\n\t\t\t<div class=\"elementor-tabs-wrapper\" role=\"tablist\" >\n\t\t\t\t\t\t\t\t\t<div id=\"elementor-tab-title-9691\" class=\"elementor-tab-title elementor-tab-desktop-title\" aria-selected=\"true\" data-tab=\"1\" role=\"tab\" tabindex=\"0\" aria-controls=\"elementor-tab-content-9691\" aria-expanded=\"false\"><\/div>\n\t\t\t\t\t\t\t<\/div>\n\t\t\t<div class=\"elementor-tabs-content-wrapper\" role=\"tablist\" aria-orientation=\"vertical\">\n\t\t\t\t\t\t\t\t\t<div class=\"elementor-tab-title elementor-tab-mobile-title\" aria-selected=\"true\" data-tab=\"1\" role=\"tab\" tabindex=\"0\" aria-controls=\"elementor-tab-content-9691\" aria-expanded=\"false\"><\/div>\n\t\t\t\t\t<div id=\"elementor-tab-content-9691\" class=\"elementor-tab-content elementor-clearfix\" data-tab=\"1\" role=\"tabpanel\" aria-labelledby=\"elementor-tab-title-9691\" tabindex=\"0\" hidden=\"false\"><h4>EUROPARQUE, Rua Interior do Europarque<\/h4>\n<h4>4520-153 Santa Maria da Feira<\/h4>\n<div>&nbsp;<\/div>\n<div>\n<div>\n<div>\n<h3>Informa\u00e7\u00f5es:<\/h3>\n<p><strong>Tel.:<\/strong>&nbsp; +351 967 785 298<\/p><p><span class=\"JsGRdQ\" style=\"color: rgb(54, 54, 54);\">(Chamada para rede m\u00f3vel nacional)<\/span><br><\/p>\n<p><span style=\"font-weight: bold; color: #222222; font-family: Roboto, sans-serif;\">Email:&nbsp;<\/span><span style=\"font-family: Roboto, sans-serif;\">congresso@hospvetmontenegro.com<\/span><\/p>\n<\/div>\n<\/div>\n<\/div><\/div>\n\t\t\t\t\t\t\t<\/div>\n\t\t<\/div>\n\t\t\t\t<\/div>\n\t\t\t\t<\/div>\n\t\t\t\t\t\t<\/div>\n\t\t\t\t\t<\/div>\n\t\t<\/div>\n\t\t\t\t<div class=\"elementor-column elementor-col-50 elementor-top-column elementor-element elementor-element-2a5827a ts-tab-map\" data-id=\"2a5827a\" data-element_type=\"column\">\n\t\t\t<div class=\"elementor-column-wrap elementor-element-populated\">\n\t\t\t\t\t\t\t<div class=\"elementor-widget-wrap\">\n\t\t\t\t\t\t<div class=\"elementor-element elementor-element-4a38d2d elementor-widget elementor-widget-google_maps\" data-id=\"4a38d2d\" data-element_type=\"widget\" data-settings=\"{&quot;ekit_we_effect_on&quot;:&quot;none&quot;}\" data-widget_type=\"google_maps.default\">\n\t\t\t\t<div class=\"elementor-widget-container\">\n\t\t\t\t\t<div class=\"elementor-custom-embed\">\n\t\t\t<iframe loading=\"lazy\"\n\t\t\t\t\tsrc=\"https:\/\/maps.google.com\/maps?q=EUROPARQUE%2C%20Rua%20Interior%20do%20Europarque%2C%204520-153%20Santa%20Maria%20da%20Feira&#038;t=m&#038;z=13&#038;output=embed&#038;iwloc=near\"\n\t\t\t\t\ttitle=\"EUROPARQUE, Rua Interior do Europarque, 4520-153 Santa Maria da Feira\"\n\t\t\t\t\taria-label=\"EUROPARQUE, Rua Interior do Europarque, 4520-153 Santa Maria da Feira\"\n\t\t\t><\/iframe>\n\t\t<\/div>\n\t\t\t\t<\/div>\n\t\t\t\t<\/div>\n\t\t\t\t\t\t<\/div>\n\t\t\t\t\t<\/div>\n\t\t<\/div>\n\t\t\t\t\t\t\t\t<\/div>\n\t\t\t\t\t<\/div>\n\t\t<\/section>\n\t\t\t\t<section class=\"elementor-section elementor-top-section elementor-element elementor-element-1a4940a elementor-section-boxed elementor-section-height-default elementor-section-height-default\" data-id=\"1a4940a\" data-element_type=\"section\">\n\t\t\t\t\t\t<div class=\"elementor-container elementor-column-gap-default\">\n\t\t\t\t\t\t\t<div class=\"elementor-row\">\n\t\t\t\t\t<div class=\"elementor-column elementor-col-100 elementor-top-column elementor-element elementor-element-1cdeb9a4\" data-id=\"1cdeb9a4\" data-element_type=\"column\">\n\t\t\t<div class=\"elementor-column-wrap elementor-element-populated\">\n\t\t\t\t\t\t\t<div class=\"elementor-widget-wrap\">\n\t\t\t\t\t\t<div class=\"elementor-element elementor-element-415bd631 elementor-arrows-position-inside elementor-pagination-position-outside elementor-widget elementor-widget-image-carousel\" data-id=\"415bd631\" data-element_type=\"widget\" data-settings=\"{&quot;slides_to_show&quot;:&quot;1&quot;,&quot;navigation&quot;:&quot;both&quot;,&quot;autoplay&quot;:&quot;yes&quot;,&quot;pause_on_hover&quot;:&quot;yes&quot;,&quot;pause_on_interaction&quot;:&quot;yes&quot;,&quot;autoplay_speed&quot;:5000,&quot;infinite&quot;:&quot;yes&quot;,&quot;effect&quot;:&quot;slide&quot;,&quot;speed&quot;:500,&quot;ekit_we_effect_on&quot;:&quot;none&quot;}\" data-widget_type=\"image-carousel.default\">\n\t\t\t\t<div class=\"elementor-widget-container\">\n\t\t\t\t\t<div class=\"elementor-image-carousel-wrapper swiper-container\" dir=\"ltr\">\n\t\t\t<div class=\"elementor-image-carousel swiper-wrapper\">\n\t\t\t\t\t\t\t\t<div class=\"swiper-slide\"><figure class=\"swiper-slide-inner\"><img class=\"swiper-slide-image\" src=\"https:\/\/congressohvm.com\/2022\/wp-content\/uploads\/2022\/09\/QVET-1140x250-1.png\" alt=\"QVET - 1140x250\" \/><\/figure><\/div><div class=\"swiper-slide\"><figure class=\"swiper-slide-inner\"><img class=\"swiper-slide-image\" src=\"https:\/\/congressohvm.com\/2022\/wp-content\/uploads\/2022\/11\/BannerOmnicondro.jpg\" alt=\"Web\" \/><\/figure><\/div>\t\t\t<\/div>\n\t\t\t\t\t\t\t\t\t\t\t\t<div class=\"swiper-pagination\"><\/div>\n\t\t\t\t\t\t\t\t\t\t\t\t\t<div class=\"elementor-swiper-button elementor-swiper-button-prev\">\n\t\t\t\t\t\t<i aria-hidden=\"true\" class=\"eicon-chevron-left\"><\/i>\t\t\t\t\t\t<span class=\"elementor-screen-only\">Anterior<\/span>\n\t\t\t\t\t<\/div>\n\t\t\t\t\t<div class=\"elementor-swiper-button elementor-swiper-button-next\">\n\t\t\t\t\t\t<i aria-hidden=\"true\" class=\"eicon-chevron-right\"><\/i>\t\t\t\t\t\t<span class=\"elementor-screen-only\">Seguinte<\/span>\n\t\t\t\t\t<\/div>\n\t\t\t\t\t\t\t\t\t<\/div>\n\t\t\t\t<\/div>\n\t\t\t\t<\/div>\n\t\t\t\t\t\t<\/div>\n\t\t\t\t\t<\/div>\n\t\t<\/div>\n\t\t\t\t\t\t\t\t<\/div>\n\t\t\t\t\t<\/div>\n\t\t<\/section>\n\t\t\t\t\t\t\t\t\t<\/div>\n\t\t\t<\/div>\n\t\t\t\t\t<\/div>\n\t\t","protected":false},"excerpt":{"rendered":"<p>04 05 NOV 2022 CONGRESSO INTERNACIONAL VETERIN\u00c1RIO MONTENEGRO IMAGIOLOGIA SEM SEGREDOS XVIII\u00ba. CONGRESSO DE MEDICINA | XII\u00ba. CONGRESSO DE ENFERMAGEM Europarque, Santa Maria da Feira Comprar ingresso Download Programa Come\u00e7a em: 00 d 00 h 00 m 00 s Sobre o Congresso O tema desta edi\u00e7\u00e3o \u00e9 a Imagiologia. Esta \u00e1rea tem cada vez mais [&hellip;]<\/p>\n","protected":false},"author":1,"featured_media":0,"parent":0,"menu_order":0,"comment_status":"closed","ping_status":"closed","template":"elementor_header_footer","meta":[],"yoast_head":"<!-- This site is optimized with the Yoast SEO plugin v19.7.1 - https:\/\/yoast.com\/wordpress\/plugins\/seo\/ -->\n<title>XVIII CONGRESSO INTERNACIONAL VETERIN\u00c1RIO MONTENEGRO<\/title>\n<meta name=\"description\" content=\"O tema desta edi\u00e7\u00e3o \u00e9 a Imagiologia. Teremos 2 salas dedicadas a esta tem\u00e1tica, a Sala de Medicina Veterin\u00e1ria e a Sala de Enfermagem\" \/>\n<meta name=\"robots\" content=\"noindex, follow, max-snippet:-1, max-image-preview:large, max-video-preview:-1\" \/>\n<meta property=\"og:locale\" content=\"pt_PT\" \/>\n<meta property=\"og:type\" content=\"article\" \/>\n<meta property=\"og:title\" content=\"XVIII CONGRESSO INTERNACIONAL VETERIN\u00c1RIO MONTENEGRO\" \/>\n<meta property=\"og:description\" content=\"O tema desta edi\u00e7\u00e3o \u00e9 a Imagiologia. Teremos 2 salas dedicadas a esta tem\u00e1tica, a Sala de Medicina Veterin\u00e1ria e a Sala de Enfermagem\" \/>\n<meta property=\"og:url\" content=\"https:\/\/congressohvm.com\/2022\/education\/\" \/>\n<meta property=\"og:site_name\" content=\"XVIII CONGRESSO INTERNACIONAL VETERIN\u00c1RIO MONTENEGRO\" \/>\n<meta property=\"article:modified_time\" content=\"2022-12-15T16:25:11+00:00\" \/>\n<meta property=\"og:image\" content=\"https:\/\/congressohvm.com\/2022\/wp-content\/uploads\/2022\/09\/redes-Congresso_Prancheta-1.png\" \/>\n\t<meta property=\"og:image:width\" content=\"2250\" \/>\n\t<meta property=\"og:image:height\" content=\"2250\" \/>\n\t<meta property=\"og:image:type\" content=\"image\/png\" \/>\n<meta name=\"twitter:card\" content=\"summary_large_image\" \/>\n<meta name=\"twitter:image\" content=\"https:\/\/congressohvm.com\/2022\/wp-content\/uploads\/2022\/09\/redes-Congresso_Prancheta-1.png\" \/>\n<meta name=\"twitter:label1\" content=\"Tempo estimado de leitura\" \/>\n\t<meta name=\"twitter:data1\" content=\"69 minutos\" \/>\n<script type=\"application\/ld+json\" class=\"yoast-schema-graph\">{\"@context\":\"https:\/\/schema.org\",\"@graph\":[{\"@type\":\"WebPage\",\"@id\":\"https:\/\/congressohvm.com\/2022\/education\/\",\"url\":\"https:\/\/congressohvm.com\/2022\/education\/\",\"name\":\"XVIII CONGRESSO INTERNACIONAL VETERIN\u00c1RIO MONTENEGRO\",\"isPartOf\":{\"@id\":\"https:\/\/congressohvm.com\/2022\/#website\"},\"datePublished\":\"2019-09-26T09:40:59+00:00\",\"dateModified\":\"2022-12-15T16:25:11+00:00\",\"description\":\"O tema desta edi\u00e7\u00e3o \u00e9 a Imagiologia. Teremos 2 salas dedicadas a esta tem\u00e1tica, a Sala de Medicina Veterin\u00e1ria e a Sala de Enfermagem\",\"breadcrumb\":{\"@id\":\"https:\/\/congressohvm.com\/2022\/education\/#breadcrumb\"},\"inLanguage\":\"pt-PT\",\"potentialAction\":[{\"@type\":\"ReadAction\",\"target\":[\"https:\/\/congressohvm.com\/2022\/education\/\"]}]},{\"@type\":\"BreadcrumbList\",\"@id\":\"https:\/\/congressohvm.com\/2022\/education\/#breadcrumb\",\"itemListElement\":[{\"@type\":\"ListItem\",\"position\":1,\"name\":\"In\u00edcio\",\"item\":\"https:\/\/congressohvm.com\/2022\/\"},{\"@type\":\"ListItem\",\"position\":2,\"name\":\"HOME\"}]},{\"@type\":\"WebSite\",\"@id\":\"https:\/\/congressohvm.com\/2022\/#website\",\"url\":\"https:\/\/congressohvm.com\/2022\/\",\"name\":\"XVIII CONGRESSO INTERNACIONAL VETERIN\u00c1RIO MONTENEGRO\",\"description\":\"XVIII CONGRESSO INTERNACIONAL VETERIN\u00c1RIO MONTENEGRO\",\"potentialAction\":[{\"@type\":\"SearchAction\",\"target\":{\"@type\":\"EntryPoint\",\"urlTemplate\":\"https:\/\/congressohvm.com\/2022\/?s={search_term_string}\"},\"query-input\":\"required name=search_term_string\"}],\"inLanguage\":\"pt-PT\"}]}<\/script>\n<!-- \/ Yoast SEO plugin. -->","yoast_head_json":{"title":"XVIII CONGRESSO INTERNACIONAL VETERIN\u00c1RIO MONTENEGRO","description":"O tema desta edi\u00e7\u00e3o \u00e9 a Imagiologia. Teremos 2 salas dedicadas a esta tem\u00e1tica, a Sala de Medicina Veterin\u00e1ria e a Sala de Enfermagem","robots":{"index":"noindex","follow":"follow","max-snippet":"max-snippet:-1","max-image-preview":"max-image-preview:large","max-video-preview":"max-video-preview:-1"},"og_locale":"pt_PT","og_type":"article","og_title":"XVIII CONGRESSO INTERNACIONAL VETERIN\u00c1RIO MONTENEGRO","og_description":"O tema desta edi\u00e7\u00e3o \u00e9 a Imagiologia. Teremos 2 salas dedicadas a esta tem\u00e1tica, a Sala de Medicina Veterin\u00e1ria e a Sala de Enfermagem","og_url":"https:\/\/congressohvm.com\/2022\/education\/","og_site_name":"XVIII CONGRESSO INTERNACIONAL VETERIN\u00c1RIO MONTENEGRO","article_modified_time":"2022-12-15T16:25:11+00:00","og_image":[{"width":2250,"height":2250,"url":"https:\/\/congressohvm.com\/2022\/wp-content\/uploads\/2022\/09\/redes-Congresso_Prancheta-1.png","type":"image\/png"}],"twitter_card":"summary_large_image","twitter_image":"https:\/\/congressohvm.com\/2022\/wp-content\/uploads\/2022\/09\/redes-Congresso_Prancheta-1.png","twitter_misc":{"Tempo estimado de leitura":"69 minutos"},"schema":{"@context":"https:\/\/schema.org","@graph":[{"@type":"WebPage","@id":"https:\/\/congressohvm.com\/2022\/education\/","url":"https:\/\/congressohvm.com\/2022\/education\/","name":"XVIII CONGRESSO INTERNACIONAL VETERIN\u00c1RIO MONTENEGRO","isPartOf":{"@id":"https:\/\/congressohvm.com\/2022\/#website"},"datePublished":"2019-09-26T09:40:59+00:00","dateModified":"2022-12-15T16:25:11+00:00","description":"O tema desta edi\u00e7\u00e3o \u00e9 a Imagiologia. Teremos 2 salas dedicadas a esta tem\u00e1tica, a Sala de Medicina Veterin\u00e1ria e a Sala de Enfermagem","breadcrumb":{"@id":"https:\/\/congressohvm.com\/2022\/education\/#breadcrumb"},"inLanguage":"pt-PT","potentialAction":[{"@type":"ReadAction","target":["https:\/\/congressohvm.com\/2022\/education\/"]}]},{"@type":"BreadcrumbList","@id":"https:\/\/congressohvm.com\/2022\/education\/#breadcrumb","itemListElement":[{"@type":"ListItem","position":1,"name":"In\u00edcio","item":"https:\/\/congressohvm.com\/2022\/"},{"@type":"ListItem","position":2,"name":"HOME"}]},{"@type":"WebSite","@id":"https:\/\/congressohvm.com\/2022\/#website","url":"https:\/\/congressohvm.com\/2022\/","name":"XVIII CONGRESSO INTERNACIONAL VETERIN\u00c1RIO MONTENEGRO","description":"XVIII CONGRESSO INTERNACIONAL VETERIN\u00c1RIO MONTENEGRO","potentialAction":[{"@type":"SearchAction","target":{"@type":"EntryPoint","urlTemplate":"https:\/\/congressohvm.com\/2022\/?s={search_term_string}"},"query-input":"required name=search_term_string"}],"inLanguage":"pt-PT"}]}},"_links":{"self":[{"href":"https:\/\/congressohvm.com\/2022\/wp-json\/wp\/v2\/pages\/1939"}],"collection":[{"href":"https:\/\/congressohvm.com\/2022\/wp-json\/wp\/v2\/pages"}],"about":[{"href":"https:\/\/congressohvm.com\/2022\/wp-json\/wp\/v2\/types\/page"}],"author":[{"embeddable":true,"href":"https:\/\/congressohvm.com\/2022\/wp-json\/wp\/v2\/users\/1"}],"replies":[{"embeddable":true,"href":"https:\/\/congressohvm.com\/2022\/wp-json\/wp\/v2\/comments?post=1939"}],"version-history":[{"count":320,"href":"https:\/\/congressohvm.com\/2022\/wp-json\/wp\/v2\/pages\/1939\/revisions"}],"predecessor-version":[{"id":3767,"href":"https:\/\/congressohvm.com\/2022\/wp-json\/wp\/v2\/pages\/1939\/revisions\/3767"}],"wp:attachment":[{"href":"https:\/\/congressohvm.com\/2022\/wp-json\/wp\/v2\/media?parent=1939"}],"curies":[{"name":"wp","href":"https:\/\/api.w.org\/{rel}","templated":true}]}}