{"id":3349,"date":"2022-10-09T15:04:10","date_gmt":"2022-10-09T15:04:10","guid":{"rendered":"https:\/\/congressohvm.com\/2022\/?page_id=3349"},"modified":"2022-11-04T17:09:55","modified_gmt":"2022-11-04T17:09:55","slug":"jantares","status":"publish","type":"page","link":"https:\/\/congressohvm.com\/2022\/es\/jantares\/","title":{"rendered":"Jantares"},"content":{"rendered":"<div data-elementor-type=\"wp-page\" data-elementor-id=\"3349\" class=\"elementor elementor-3349\">\n\t\t\t\t\t\t<div class=\"elementor-inner\">\n\t\t\t\t<div class=\"elementor-section-wrap\">\n\t\t\t\t\t\t\t\t\t<section class=\"elementor-section elementor-top-section elementor-element elementor-element-6609a3d1 elementor-section-boxed elementor-section-height-default elementor-section-height-default\" data-id=\"6609a3d1\" data-element_type=\"section\" data-settings=\"{&quot;background_background&quot;:&quot;classic&quot;}\">\n\t\t\t\t\t\t<div class=\"elementor-container elementor-column-gap-default\">\n\t\t\t\t\t\t\t<div class=\"elementor-row\">\n\t\t\t\t\t<div class=\"elementor-column elementor-col-100 elementor-top-column elementor-element elementor-element-5bba1913\" data-id=\"5bba1913\" data-element_type=\"column\">\n\t\t\t<div class=\"elementor-column-wrap elementor-element-populated\">\n\t\t\t\t\t\t\t<div class=\"elementor-widget-wrap\">\n\t\t\t\t\t\t<div class=\"elementor-element elementor-element-1ec73e20 elementor-widget elementor-widget-exhibz-title\" data-id=\"1ec73e20\" data-element_type=\"widget\" data-settings=\"{&quot;ekit_we_effect_on&quot;:&quot;none&quot;}\" data-widget_type=\"exhibz-title.default\">\n\t\t\t\t<div class=\"elementor-widget-container\">\n\t\t\t\n    <div class=\"title-section-area\">\n        <h2 class=\"section-title\">\n            <span class=\"sub-title\"><\/span>\n\t\t\t<em class=\"title-bar-shap\">Jantares<\/em>\n        <\/h2>\n\t\t                            <span class=\"title-border\">&nbsp;<\/span>\n            <\/div><!-- Section title -->\n    \n    \n\n    \t\t<\/div>\n\t\t\t\t<\/div>\n\t\t\t\t\t\t<\/div>\n\t\t\t\t\t<\/div>\n\t\t<\/div>\n\t\t\t\t\t\t\t\t<\/div>\n\t\t\t\t\t<\/div>\n\t\t<\/section>\n\t\t\t\t<section class=\"elementor-section elementor-top-section elementor-element elementor-element-ddf164e elementor-section-boxed elementor-section-height-default elementor-section-height-default\" data-id=\"ddf164e\" data-element_type=\"section\">\n\t\t\t\t\t\t<div class=\"elementor-container elementor-column-gap-default\">\n\t\t\t\t\t\t\t<div class=\"elementor-row\">\n\t\t\t\t\t<div class=\"elementor-column elementor-col-50 elementor-top-column elementor-element elementor-element-6a1431d\" data-id=\"6a1431d\" data-element_type=\"column\">\n\t\t\t<div class=\"elementor-column-wrap elementor-element-populated\">\n\t\t\t\t\t\t\t<div class=\"elementor-widget-wrap\">\n\t\t\t\t\t\t<div class=\"elementor-element elementor-element-564d990 elementor-widget elementor-widget-image\" data-id=\"564d990\" data-element_type=\"widget\" data-settings=\"{&quot;ekit_we_effect_on&quot;:&quot;none&quot;}\" data-widget_type=\"image.default\">\n\t\t\t\t<div class=\"elementor-widget-container\">\n\t\t\t\t\t\t\t\t<div class=\"elementor-image\">\n\t\t\t\t\t\t\t\t\t\t\t\t<img width=\"800\" height=\"600\" src=\"https:\/\/congressohvm.com\/2022\/wp-content\/uploads\/2022\/10\/feira_tasting.jpeg\" class=\"attachment-large size-large wp-image-3368\" alt=\"\" loading=\"lazy\" srcset=\"https:\/\/congressohvm.com\/2022\/wp-content\/uploads\/2022\/10\/feira_tasting.jpeg 1024w, https:\/\/congressohvm.com\/2022\/wp-content\/uploads\/2022\/10\/feira_tasting-300x225.jpeg 300w, https:\/\/congressohvm.com\/2022\/wp-content\/uploads\/2022\/10\/feira_tasting-768x576.jpeg 768w, https:\/\/congressohvm.com\/2022\/wp-content\/uploads\/2022\/10\/feira_tasting-16x12.jpeg 16w\" sizes=\"(max-width: 800px) 100vw, 800px\" \/>\t\t\t\t\t\t\t\t\t\t\t\t\t\t<\/div>\n\t\t\t\t\t\t<\/div>\n\t\t\t\t<\/div>\n\t\t\t\t<div class=\"elementor-element elementor-element-fb1e507 elementor-widget elementor-widget-heading\" data-id=\"fb1e507\" data-element_type=\"widget\" data-settings=\"{&quot;ekit_we_effect_on&quot;:&quot;none&quot;}\" data-widget_type=\"heading.default\">\n\t\t\t\t<div class=\"elementor-widget-container\">\n\t\t\t<h2 class=\"elementor-heading-title elementor-size-default\">Jantar Oradores<\/h2>\t\t<\/div>\n\t\t\t\t<\/div>\n\t\t\t\t<div class=\"elementor-element elementor-element-d1fb042 elementor-widget elementor-widget-exhibz-date\" data-id=\"d1fb042\" data-element_type=\"widget\" data-settings=\"{&quot;ekit_we_effect_on&quot;:&quot;none&quot;}\" data-widget_type=\"exhibz-date.default\">\n\t\t\t\t<div class=\"elementor-widget-container\">\n\t\t\t        <div class=\"date-item\">\n            <span class=\"event-day\">04<\/span>\n            <span class=\"event-month\">Novembro<\/span>\n            <span class=\"event-year\">2022<\/span>\n        <\/div>\n\n\t\t<\/div>\n\t\t\t\t<\/div>\n\t\t\t\t<div class=\"elementor-element elementor-element-47ecc4a elementor-widget elementor-widget-text-editor\" data-id=\"47ecc4a\" data-element_type=\"widget\" data-settings=\"{&quot;ekit_we_effect_on&quot;:&quot;none&quot;}\" data-widget_type=\"text-editor.default\">\n\t\t\t\t<div class=\"elementor-widget-container\">\n\t\t\t\t\t\t\t\t<div class=\"elementor-text-editor elementor-clearfix\">\n\t\t\t\t<p>Local:\u00a0<strong> Feira Tasting Life<\/strong><br \/>Hor\u00e1rio: <strong>20h<\/strong><\/p><p>Pre\u00e7o: <strong>42\u20ac<\/strong><\/p>\t\t\t\t\t<\/div>\n\t\t\t\t\t\t<\/div>\n\t\t\t\t<\/div>\n\t\t\t\t<div class=\"elementor-element elementor-element-1cb58bdf elementor-invisible elementor-widget elementor-widget-button\" data-id=\"1cb58bdf\" data-element_type=\"widget\" data-settings=\"{&quot;_animation&quot;:&quot;fadeInUp&quot;,&quot;ekit_we_effect_on&quot;:&quot;none&quot;}\" data-widget_type=\"button.default\">\n\t\t\t\t<div class=\"elementor-widget-container\">\n\t\t\t\t\t<div class=\"elementor-button-wrapper\">\n\t\t\t<a href=\"https:\/\/congressohvm.com\/2022\/wp-content\/uploads\/2022\/10\/JANTAR-CONGRESSO-F.pdf\" target=\"_blank\" class=\"elementor-button-link elementor-button elementor-size-md elementor-animation-bob\" role=\"button\">\n\t\t\t\t\t\t<span class=\"elementor-button-content-wrapper\">\n\t\t\t\t\t\t<span class=\"elementor-button-text\">Ementa<\/span>\n\t\t<\/span>\n\t\t\t\t\t<\/a>\n\t\t<\/div>\n\t\t\t\t<\/div>\n\t\t\t\t<\/div>\n\t\t\t\t<div class=\"elementor-element elementor-element-3c0293f elementor-widget elementor-widget-google_maps\" data-id=\"3c0293f\" data-element_type=\"widget\" data-settings=\"{&quot;ekit_we_effect_on&quot;:&quot;none&quot;}\" data-widget_type=\"google_maps.default\">\n\t\t\t\t<div class=\"elementor-widget-container\">\n\t\t\t\t\t<div class=\"elementor-custom-embed\">\n\t\t\t<iframe loading=\"lazy\"\n\t\t\t\t\tsrc=\"https:\/\/maps.google.com\/maps?q=Rua%20de%20Macieira%2C%2067%2C%204520-707%20Feira%2C%20Portuga&#038;t=m&#038;z=10&#038;output=embed&#038;iwloc=near\"\n\t\t\t\t\ttitle=\"Rua de Macieira, 67, 4520-707 Feira, Portuga\"\n\t\t\t\t\taria-label=\"Rua de Macieira, 67, 4520-707 Feira, Portuga\"\n\t\t\t><\/iframe>\n\t\t<\/div>\n\t\t\t\t<\/div>\n\t\t\t\t<\/div>\n\t\t\t\t\t\t<\/div>\n\t\t\t\t\t<\/div>\n\t\t<\/div>\n\t\t\t\t<div class=\"elementor-column elementor-col-50 elementor-top-column elementor-element elementor-element-d8548c3\" data-id=\"d8548c3\" data-element_type=\"column\">\n\t\t\t<div class=\"elementor-column-wrap elementor-element-populated\">\n\t\t\t\t\t\t\t<div class=\"elementor-widget-wrap\">\n\t\t\t\t\t\t<div class=\"elementor-element elementor-element-b95f1ff elementor-widget elementor-widget-image\" data-id=\"b95f1ff\" data-element_type=\"widget\" data-settings=\"{&quot;ekit_we_effect_on&quot;:&quot;none&quot;}\" data-widget_type=\"image.default\">\n\t\t\t\t<div class=\"elementor-widget-container\">\n\t\t\t\t\t\t\t\t<div class=\"elementor-image\">\n\t\t\t\t\t\t\t\t\t\t\t\t<img width=\"550\" height=\"373\" src=\"https:\/\/congressohvm.com\/2022\/wp-content\/uploads\/2022\/11\/Av.-Combatentes-da-Grande-Guerra-50-4450-639-Lec\u0327a-da-Palmeira.jpeg\" class=\"attachment-large size-large wp-image-3683\" alt=\"\" loading=\"lazy\" srcset=\"https:\/\/congressohvm.com\/2022\/wp-content\/uploads\/2022\/11\/Av.-Combatentes-da-Grande-Guerra-50-4450-639-Lec\u0327a-da-Palmeira.jpeg 550w, https:\/\/congressohvm.com\/2022\/wp-content\/uploads\/2022\/11\/Av.-Combatentes-da-Grande-Guerra-50-4450-639-Lec\u0327a-da-Palmeira-300x203.jpeg 300w, https:\/\/congressohvm.com\/2022\/wp-content\/uploads\/2022\/11\/Av.-Combatentes-da-Grande-Guerra-50-4450-639-Lec\u0327a-da-Palmeira-18x12.jpeg 18w\" sizes=\"(max-width: 550px) 100vw, 550px\" \/>\t\t\t\t\t\t\t\t\t\t\t\t\t\t<\/div>\n\t\t\t\t\t\t<\/div>\n\t\t\t\t<\/div>\n\t\t\t\t<div class=\"elementor-element elementor-element-444f82e elementor-widget elementor-widget-heading\" data-id=\"444f82e\" data-element_type=\"widget\" data-settings=\"{&quot;ekit_we_effect_on&quot;:&quot;none&quot;}\" data-widget_type=\"heading.default\">\n\t\t\t\t<div class=\"elementor-widget-container\">\n\t\t\t<h2 class=\"elementor-heading-title elementor-size-default\">Jantar Congresso<\/h2>\t\t<\/div>\n\t\t\t\t<\/div>\n\t\t\t\t<div class=\"elementor-element elementor-element-90bbb66 elementor-widget elementor-widget-exhibz-date\" data-id=\"90bbb66\" data-element_type=\"widget\" data-settings=\"{&quot;ekit_we_effect_on&quot;:&quot;none&quot;}\" data-widget_type=\"exhibz-date.default\">\n\t\t\t\t<div class=\"elementor-widget-container\">\n\t\t\t        <div class=\"date-item\">\n            <span class=\"event-day\">05<\/span>\n            <span class=\"event-month\">Novembro<\/span>\n            <span class=\"event-year\">2022<\/span>\n        <\/div>\n\n\t\t<\/div>\n\t\t\t\t<\/div>\n\t\t\t\t<div class=\"elementor-element elementor-element-977f398 elementor-widget elementor-widget-text-editor\" data-id=\"977f398\" data-element_type=\"widget\" data-settings=\"{&quot;ekit_we_effect_on&quot;:&quot;none&quot;}\" data-widget_type=\"text-editor.default\">\n\t\t\t\t<div class=\"elementor-widget-container\">\n\t\t\t\t\t\t\t\t<div class=\"elementor-text-editor elementor-clearfix\">\n\t\t\t\t<p>Local: Maurit\u00e2nia Grill &#8211; Le\u00e7a da Palmeira<br \/>Hor\u00e1rio: <strong>21h15<\/strong><\/p><p>Pre\u00e7o: <strong>45\u20ac<\/strong><\/p>\t\t\t\t\t<\/div>\n\t\t\t\t\t\t<\/div>\n\t\t\t\t<\/div>\n\t\t\t\t<div class=\"elementor-element elementor-element-b400d1a elementor-align-left elementor-invisible elementor-widget elementor-widget-button\" data-id=\"b400d1a\" data-element_type=\"widget\" data-settings=\"{&quot;_animation&quot;:&quot;fadeInUp&quot;,&quot;ekit_we_effect_on&quot;:&quot;none&quot;}\" data-widget_type=\"button.default\">\n\t\t\t\t<div class=\"elementor-widget-container\">\n\t\t\t\t\t<div class=\"elementor-button-wrapper\">\n\t\t\t<a href=\"https:\/\/congressohvm.com\/2022\/wp-content\/uploads\/2022\/10\/Jantar-Final-Congresso-HVM-2022.pdf\" target=\"_blank\" class=\"elementor-button-link elementor-button elementor-size-md elementor-animation-bob\" role=\"button\">\n\t\t\t\t\t\t<span class=\"elementor-button-content-wrapper\">\n\t\t\t\t\t\t<span class=\"elementor-button-text\">Ementa<\/span>\n\t\t<\/span>\n\t\t\t\t\t<\/a>\n\t\t<\/div>\n\t\t\t\t<\/div>\n\t\t\t\t<\/div>\n\t\t\t\t<div class=\"elementor-element elementor-element-ef8875b elementor-widget elementor-widget-google_maps\" data-id=\"ef8875b\" data-element_type=\"widget\" data-settings=\"{&quot;ekit_we_effect_on&quot;:&quot;none&quot;}\" data-widget_type=\"google_maps.default\">\n\t\t\t\t<div class=\"elementor-widget-container\">\n\t\t\t\t\t<div class=\"elementor-custom-embed\">\n\t\t\t<iframe loading=\"lazy\"\n\t\t\t\t\tsrc=\"https:\/\/maps.google.com\/maps?q=Av.%20Combatentes%20da%20Grande%20Guerra%2050%2C%204450-639%20Le%C3%A7a%20da%20Palmeira&#038;t=m&#038;z=10&#038;output=embed&#038;iwloc=near\"\n\t\t\t\t\ttitle=\"Av. Combatentes da Grande Guerra 50, 4450-639 Le\u00e7a da Palmeira\"\n\t\t\t\t\taria-label=\"Av. Combatentes da Grande Guerra 50, 4450-639 Le\u00e7a da Palmeira\"\n\t\t\t><\/iframe>\n\t\t<\/div>\n\t\t\t\t<\/div>\n\t\t\t\t<\/div>\n\t\t\t\t\t\t<\/div>\n\t\t\t\t\t<\/div>\n\t\t<\/div>\n\t\t\t\t\t\t\t\t<\/div>\n\t\t\t\t\t<\/div>\n\t\t<\/section>\n\t\t\t\t<section class=\"elementor-section elementor-top-section elementor-element elementor-element-698664bf cta elementor-section-boxed elementor-section-height-default elementor-section-height-default\" data-id=\"698664bf\" data-element_type=\"section\" data-settings=\"{&quot;background_background&quot;:&quot;classic&quot;}\">\n\t\t\t\t\t\t<div class=\"elementor-container elementor-column-gap-default\">\n\t\t\t\t\t\t\t<div class=\"elementor-row\">\n\t\t\t\t\t<div class=\"elementor-column elementor-col-50 elementor-top-column elementor-element elementor-element-23cb25a9 edu-con\" data-id=\"23cb25a9\" data-element_type=\"column\">\n\t\t\t<div class=\"elementor-column-wrap elementor-element-populated\">\n\t\t\t\t\t\t\t<div class=\"elementor-widget-wrap\">\n\t\t\t\t\t\t<div class=\"elementor-element elementor-element-5632cd5b elementor-widget elementor-widget-exhibz-title\" data-id=\"5632cd5b\" data-element_type=\"widget\" data-settings=\"{&quot;ekit_we_effect_on&quot;:&quot;none&quot;}\" data-widget_type=\"exhibz-title.default\">\n\t\t\t\t<div class=\"elementor-widget-container\">\n\t\t\t\n    <div class=\"title-section-area\">\n        <h2 class=\"section-title\">\n            <span class=\"sub-title\"><\/span>\n\t\t\tReserve j\u00e1 o seu lugar        <\/h2>\n\t\t                    <\/div><!-- Section title -->\n    \n    \n\n    \t\t<\/div>\n\t\t\t\t<\/div>\n\t\t\t\t\t\t<\/div>\n\t\t\t\t\t<\/div>\n\t\t<\/div>\n\t\t\t\t<div class=\"elementor-column elementor-col-50 elementor-top-column elementor-element elementor-element-6b851ad3\" data-id=\"6b851ad3\" data-element_type=\"column\">\n\t\t\t<div class=\"elementor-column-wrap elementor-element-populated\">\n\t\t\t\t\t\t\t<div class=\"elementor-widget-wrap\">\n\t\t\t\t\t\t<div class=\"elementor-element elementor-element-62fe9072 elementor-align-left elementor-invisible elementor-widget elementor-widget-button\" data-id=\"62fe9072\" data-element_type=\"widget\" data-settings=\"{&quot;_animation&quot;:&quot;fadeInUp&quot;,&quot;ekit_we_effect_on&quot;:&quot;none&quot;}\" data-widget_type=\"button.default\">\n\t\t\t\t<div class=\"elementor-widget-container\">\n\t\t\t\t\t<div class=\"elementor-button-wrapper\">\n\t\t\t<a href=\"https:\/\/xviiicongressohospitalveterinariomontenegro.admeus.pt\/forms\/index?menu=yes#page_emo_form\" class=\"elementor-button-link elementor-button elementor-size-md\" role=\"button\">\n\t\t\t\t\t\t<span class=\"elementor-button-content-wrapper\">\n\t\t\t\t\t\t\t<span class=\"elementor-button-icon elementor-align-icon-left\">\n\t\t\t\t<i aria-hidden=\"true\" class=\"icon icon-tsseat2\"><\/i>\t\t\t<\/span>\n\t\t\t\t\t\t<span class=\"elementor-button-text\">Comprar ingresso<\/span>\n\t\t<\/span>\n\t\t\t\t\t<\/a>\n\t\t<\/div>\n\t\t\t\t<\/div>\n\t\t\t\t<\/div>\n\t\t\t\t\t\t<\/div>\n\t\t\t\t\t<\/div>\n\t\t<\/div>\n\t\t\t\t\t\t\t\t<\/div>\n\t\t\t\t\t<\/div>\n\t\t<\/section>\n\t\t\t\t\t\t\t\t\t<\/div>\n\t\t\t<\/div>\n\t\t\t\t\t<\/div>","protected":false},"excerpt":{"rendered":"<p>Jantares &nbsp; Jantar Oradores 04 Novembro 2022 Local:\u00a0 Feira Tasting LifeHor\u00e1rio: 20h Pre\u00e7o: 42\u20ac Ementa Jantar Congresso 05 Novembro 2022 Local: Maurit\u00e2nia Grill &#8211; Le\u00e7a da PalmeiraHor\u00e1rio: 21h15 Pre\u00e7o: 45\u20ac Ementa Reserve j\u00e1 o seu lugar Comprar ingresso<\/p>","protected":false},"author":1,"featured_media":0,"parent":0,"menu_order":0,"comment_status":"closed","ping_status":"closed","template":"elementor_header_footer","meta":[],"yoast_head":"<!-- This site is optimized with the Yoast SEO plugin v19.7.1 - https:\/\/yoast.com\/wordpress\/plugins\/seo\/ -->\n<title>Congresso Internacional Veterin\u00e1rio Montenegro - Jantares<\/title>\n<meta name=\"description\" content=\"Informa\u00e7\u00e3o sobre o jantar de oradores e jantar congresso Internacional veterin\u00e1rio montenegro 2022.\" \/>\n<meta name=\"robots\" content=\"noindex, follow, max-snippet:-1, max-image-preview:large, max-video-preview:-1\" \/>\n<meta property=\"og:locale\" content=\"es_ES\" \/>\n<meta property=\"og:type\" content=\"article\" \/>\n<meta property=\"og:title\" content=\"Congresso Internacional Veterin\u00e1rio Montenegro - Jantares\" \/>\n<meta property=\"og:description\" content=\"Informa\u00e7\u00e3o sobre o jantar de oradores e jantar congresso Internacional veterin\u00e1rio montenegro 2022.\" \/>\n<meta property=\"og:url\" content=\"https:\/\/congressohvm.com\/2022\/es\/jantares\/\" \/>\n<meta property=\"og:site_name\" content=\"XVIII CONGRESSO INTERNACIONAL VETERIN\u00c1RIO MONTENEGRO\" \/>\n<meta property=\"article:modified_time\" content=\"2022-11-04T17:09:55+00:00\" \/>\n<meta property=\"og:image\" content=\"https:\/\/congressohvm.com\/2022\/wp-content\/uploads\/2022\/10\/feira_tasting.jpeg\" \/>\n<meta name=\"twitter:card\" content=\"summary_large_image\" \/>\n<meta name=\"twitter:label1\" content=\"Tiempo de lectura\" \/>\n\t<meta name=\"twitter:data1\" content=\"1 minuto\" \/>\n<script type=\"application\/ld+json\" class=\"yoast-schema-graph\">{\"@context\":\"https:\/\/schema.org\",\"@graph\":[{\"@type\":\"WebPage\",\"@id\":\"https:\/\/congressohvm.com\/2022\/jantares\/\",\"url\":\"https:\/\/congressohvm.com\/2022\/jantares\/\",\"name\":\"Congresso Internacional Veterin\u00e1rio Montenegro - Jantares\",\"isPartOf\":{\"@id\":\"https:\/\/congressohvm.com\/2022\/#website\"},\"datePublished\":\"2022-10-09T15:04:10+00:00\",\"dateModified\":\"2022-11-04T17:09:55+00:00\",\"description\":\"Informa\u00e7\u00e3o sobre o jantar de oradores e jantar congresso Internacional veterin\u00e1rio montenegro 2022.\",\"breadcrumb\":{\"@id\":\"https:\/\/congressohvm.com\/2022\/jantares\/#breadcrumb\"},\"inLanguage\":\"es\",\"potentialAction\":[{\"@type\":\"ReadAction\",\"target\":[\"https:\/\/congressohvm.com\/2022\/jantares\/\"]}]},{\"@type\":\"BreadcrumbList\",\"@id\":\"https:\/\/congressohvm.com\/2022\/jantares\/#breadcrumb\",\"itemListElement\":[{\"@type\":\"ListItem\",\"position\":1,\"name\":\"In\u00edcio\",\"item\":\"https:\/\/congressohvm.com\/2022\/\"},{\"@type\":\"ListItem\",\"position\":2,\"name\":\"Jantares\"}]},{\"@type\":\"WebSite\",\"@id\":\"https:\/\/congressohvm.com\/2022\/#website\",\"url\":\"https:\/\/congressohvm.com\/2022\/\",\"name\":\"XVIII CONGRESSO INTERNACIONAL VETERIN\u00c1RIO MONTENEGRO\",\"description\":\"XVIII CONGRESSO INTERNACIONAL VETERIN\u00c1RIO MONTENEGRO\",\"potentialAction\":[{\"@type\":\"SearchAction\",\"target\":{\"@type\":\"EntryPoint\",\"urlTemplate\":\"https:\/\/congressohvm.com\/2022\/?s={search_term_string}\"},\"query-input\":\"required name=search_term_string\"}],\"inLanguage\":\"es\"}]}<\/script>\n<!-- \/ Yoast SEO plugin. -->","yoast_head_json":{"title":"Congresso Internacional Veterin\u00e1rio Montenegro - Jantares","description":"Informa\u00e7\u00e3o sobre o jantar de oradores e jantar congresso Internacional veterin\u00e1rio montenegro 2022.","robots":{"index":"noindex","follow":"follow","max-snippet":"max-snippet:-1","max-image-preview":"max-image-preview:large","max-video-preview":"max-video-preview:-1"},"og_locale":"es_ES","og_type":"article","og_title":"Congresso Internacional Veterin\u00e1rio Montenegro - Jantares","og_description":"Informa\u00e7\u00e3o sobre o jantar de oradores e jantar congresso Internacional veterin\u00e1rio montenegro 2022.","og_url":"https:\/\/congressohvm.com\/2022\/es\/jantares\/","og_site_name":"XVIII CONGRESSO INTERNACIONAL VETERIN\u00c1RIO MONTENEGRO","article_modified_time":"2022-11-04T17:09:55+00:00","og_image":[{"url":"https:\/\/congressohvm.com\/2022\/wp-content\/uploads\/2022\/10\/feira_tasting.jpeg"}],"twitter_card":"summary_large_image","twitter_misc":{"Tiempo de lectura":"1 minuto"},"schema":{"@context":"https:\/\/schema.org","@graph":[{"@type":"WebPage","@id":"https:\/\/congressohvm.com\/2022\/jantares\/","url":"https:\/\/congressohvm.com\/2022\/jantares\/","name":"Congresso Internacional Veterin\u00e1rio Montenegro - Jantares","isPartOf":{"@id":"https:\/\/congressohvm.com\/2022\/#website"},"datePublished":"2022-10-09T15:04:10+00:00","dateModified":"2022-11-04T17:09:55+00:00","description":"Informa\u00e7\u00e3o sobre o jantar de oradores e jantar congresso Internacional veterin\u00e1rio montenegro 2022.","breadcrumb":{"@id":"https:\/\/congressohvm.com\/2022\/jantares\/#breadcrumb"},"inLanguage":"es","potentialAction":[{"@type":"ReadAction","target":["https:\/\/congressohvm.com\/2022\/jantares\/"]}]},{"@type":"BreadcrumbList","@id":"https:\/\/congressohvm.com\/2022\/jantares\/#breadcrumb","itemListElement":[{"@type":"ListItem","position":1,"name":"In\u00edcio","item":"https:\/\/congressohvm.com\/2022\/"},{"@type":"ListItem","position":2,"name":"Jantares"}]},{"@type":"WebSite","@id":"https:\/\/congressohvm.com\/2022\/#website","url":"https:\/\/congressohvm.com\/2022\/","name":"XVIII CONGRESSO INTERNACIONAL VETERIN\u00c1RIO MONTENEGRO","description":"XVIII CONGRESSO INTERNACIONAL VETERIN\u00c1RIO MONTENEGRO","potentialAction":[{"@type":"SearchAction","target":{"@type":"EntryPoint","urlTemplate":"https:\/\/congressohvm.com\/2022\/?s={search_term_string}"},"query-input":"required name=search_term_string"}],"inLanguage":"es"}]}},"_links":{"self":[{"href":"https:\/\/congressohvm.com\/2022\/es\/wp-json\/wp\/v2\/pages\/3349"}],"collection":[{"href":"https:\/\/congressohvm.com\/2022\/es\/wp-json\/wp\/v2\/pages"}],"about":[{"href":"https:\/\/congressohvm.com\/2022\/es\/wp-json\/wp\/v2\/types\/page"}],"author":[{"embeddable":true,"href":"https:\/\/congressohvm.com\/2022\/es\/wp-json\/wp\/v2\/users\/1"}],"replies":[{"embeddable":true,"href":"https:\/\/congressohvm.com\/2022\/es\/wp-json\/wp\/v2\/comments?post=3349"}],"version-history":[{"count":31,"href":"https:\/\/congressohvm.com\/2022\/es\/wp-json\/wp\/v2\/pages\/3349\/revisions"}],"predecessor-version":[{"id":3687,"href":"https:\/\/congressohvm.com\/2022\/es\/wp-json\/wp\/v2\/pages\/3349\/revisions\/3687"}],"wp:attachment":[{"href":"https:\/\/congressohvm.com\/2022\/es\/wp-json\/wp\/v2\/media?parent=3349"}],"curies":[{"name":"wp","href":"https:\/\/api.w.org\/{rel}","templated":true}]}}