{"id":1289,"date":"2019-01-08T10:58:32","date_gmt":"2019-01-08T10:58:32","guid":{"rendered":"http:\/\/localhost\/Exhibz\/?page_id=1289"},"modified":"2022-11-04T01:05:06","modified_gmt":"2022-11-04T01:05:06","slug":"oradores","status":"publish","type":"page","link":"https:\/\/congressohvm.com\/2022\/es\/oradores\/","title":{"rendered":"Oradores"},"content":{"rendered":"<div data-elementor-type=\"wp-post\" data-elementor-id=\"1289\" class=\"elementor elementor-1289\">\n\t\t\t\t\t\t<div class=\"elementor-inner\">\n\t\t\t\t<div class=\"elementor-section-wrap\">\n\t\t\t\t\t\t\t\t\t<section class=\"elementor-section elementor-top-section elementor-element elementor-element-5cda elementor-section-boxed elementor-section-height-default elementor-section-height-default\" data-id=\"5cda\" data-element_type=\"section\" data-settings=\"{&quot;background_background&quot;:&quot;classic&quot;}\">\n\t\t\t\t\t\t\t<div class=\"elementor-background-overlay\"><\/div>\n\t\t\t\t\t\t\t<div class=\"elementor-container elementor-column-gap-default\">\n\t\t\t\t\t\t\t<div class=\"elementor-row\">\n\t\t\t\t\t<div class=\"elementor-column elementor-col-100 elementor-top-column elementor-element elementor-element-6685\" data-id=\"6685\" data-element_type=\"column\">\n\t\t\t<div class=\"elementor-column-wrap elementor-element-populated\">\n\t\t\t\t\t\t\t<div class=\"elementor-widget-wrap\">\n\t\t\t\t\t\t<section class=\"elementor-section elementor-inner-section elementor-element elementor-element-51e elementor-section-boxed elementor-section-height-default elementor-section-height-default\" data-id=\"51e\" data-element_type=\"section\">\n\t\t\t\t\t\t<div class=\"elementor-container elementor-column-gap-default\">\n\t\t\t\t\t\t\t<div class=\"elementor-row\">\n\t\t\t\t\t<div class=\"elementor-column elementor-col-100 elementor-inner-column elementor-element elementor-element-3559\" data-id=\"3559\" data-element_type=\"column\">\n\t\t\t<div class=\"elementor-column-wrap elementor-element-populated\">\n\t\t\t\t\t\t\t<div class=\"elementor-widget-wrap\">\n\t\t\t\t\t\t<div class=\"elementor-element elementor-element-65a0 elementor-widget elementor-widget-exhibz-title\" data-id=\"65a0\" data-element_type=\"widget\" data-settings=\"{&quot;ekit_we_effect_on&quot;:&quot;none&quot;}\" data-widget_type=\"exhibz-title.default\">\n\t\t\t\t<div class=\"elementor-widget-container\">\n\t\t\t\n    <div class=\"title-section-area\">\n        <h2 class=\"section-title\">\n            <span class=\"sub-title\"><\/span>\n\t\t\t <em class=\"title-bar-shap\">Oradores<\/em>        <\/h2>\n\t\t                            <span class=\"title-border\">&nbsp;<\/span>\n            <\/div><!-- Section title -->\n    \n    \n\n    \t\t<\/div>\n\t\t\t\t<\/div>\n\t\t\t\t\t\t<\/div>\n\t\t\t\t\t<\/div>\n\t\t<\/div>\n\t\t\t\t\t\t\t\t<\/div>\n\t\t\t\t\t<\/div>\n\t\t<\/section>\n\t\t\t\t<section class=\"elementor-section elementor-inner-section elementor-element elementor-element-5057 elementor-section-boxed elementor-section-height-default elementor-section-height-default\" data-id=\"5057\" data-element_type=\"section\">\n\t\t\t\t\t\t<div class=\"elementor-container elementor-column-gap-default\">\n\t\t\t\t\t\t\t<div class=\"elementor-row\">\n\t\t\t\t\t<div class=\"elementor-column elementor-col-25 elementor-inner-column elementor-element elementor-element-6eac\" data-id=\"6eac\" data-element_type=\"column\">\n\t\t\t<div class=\"elementor-column-wrap elementor-element-populated\">\n\t\t\t\t\t\t\t<div class=\"elementor-widget-wrap\">\n\t\t\t\t\t\t<div class=\"elementor-element elementor-element-345f elementor-widget elementor-widget-exhibz-speaker\" data-id=\"345f\" data-element_type=\"widget\" data-settings=\"{&quot;ekit_we_effect_on&quot;:&quot;none&quot;}\" data-widget_type=\"exhibz-speaker.default\">\n\t\t\t\t<div class=\"elementor-widget-container\">\n\t\t\t            \n\n                        <section class=\"ts-speakers-standard ts-speakers speaker-classic section-bg\">\n                <div class=\"ts-speaker\" style=\"--speaker-color: #25cd44\">\n                    <div class=\"speaker-img\">\n                                                    <img width=\"539\" height=\"539\" src=\"https:\/\/congressohvm.com\/2022\/wp-content\/uploads\/2022\/05\/Ana-Rita-Furtado-e1655935699700.jpeg\" class=\"img-fluid\" alt=\"\" loading=\"lazy\" srcset=\"https:\/\/congressohvm.com\/2022\/wp-content\/uploads\/2022\/05\/Ana-Rita-Furtado-e1655935699700.jpeg 539w, https:\/\/congressohvm.com\/2022\/wp-content\/uploads\/2022\/05\/Ana-Rita-Furtado-e1655935699700-300x300.jpeg 300w, https:\/\/congressohvm.com\/2022\/wp-content\/uploads\/2022\/05\/Ana-Rita-Furtado-e1655935699700-150x150.jpeg 150w\" sizes=\"(max-width: 539px) 100vw, 539px\" \/>                                                <a href=\"#popup_345f2591\"\n                           class=\"view-speaker ts-image-popup\" data-effect=\"mfp-zoom-in\">\n                            <i class=\"icon icon-plus\"><\/i>\n                        <\/a>\n                    <\/div>\n                    <div class=\"ts-speaker-info\">\n                        <h3 class=\"ts-title\"><a\n                                    href=\"https:\/\/congressohvm.com\/2022\/es\/blog\/speaker\/ana-rita-furtado\/\"> Ana Rita Furtado <\/a>\n                        <\/h3>\n                        <p>\n                            M\u00e9dica Veterin\u00e1ria                        <\/p>\n                    <\/div>\n                    <!--- speaker info end -->\n                    <!-- popup start-->\n                    <div id=\"popup_345f2591\"\n                         class=\"container ts-speaker-popup mfp-hide\">\n                        <div class=\"row\">\n                            <div class=\"col-lg-6\">\n                                <div class=\"ts-speaker-popup-img\">\n                                                                            <img width=\"539\" height=\"539\" src=\"https:\/\/congressohvm.com\/2022\/wp-content\/uploads\/2022\/05\/Ana-Rita-Furtado-e1655935699700.jpeg\" class=\"attachment-full size-full\" alt=\"\" loading=\"lazy\" srcset=\"https:\/\/congressohvm.com\/2022\/wp-content\/uploads\/2022\/05\/Ana-Rita-Furtado-e1655935699700.jpeg 539w, https:\/\/congressohvm.com\/2022\/wp-content\/uploads\/2022\/05\/Ana-Rita-Furtado-e1655935699700-300x300.jpeg 300w, https:\/\/congressohvm.com\/2022\/wp-content\/uploads\/2022\/05\/Ana-Rita-Furtado-e1655935699700-150x150.jpeg 150w\" sizes=\"(max-width: 539px) 100vw, 539px\" \/>                                                                    <\/div>\n                            <\/div>\n                            <!-- col end-->\n                            <div class=\"col-lg-6\">\n                                <div class=\"ts-speaker-popup-content\">\n                                    <h3 class=\"ts-title\"><a\n                                                href=\"https:\/\/congressohvm.com\/2022\/es\/blog\/speaker\/ana-rita-furtado\/\"> Ana Rita Furtado <\/a>\n                                    <\/h3>\n                                    <span class=\"speakder-designation\"> M\u00e9dica Veterin\u00e1ria<\/span>\n                                                                        <p>\n                                        <p><span style=\"font-weight: 400\">Licenciei-me em 2010 pela Universidade de Lisboa e desde 2012 que trabalho no Reino Unido. Trabalhei 3 anos como veterin\u00e1ria de primeira opini\u00e3o e completei 2 internatos gerais em hospitais de refer\u00eancia antes de come\u00e7ar a trabalhar no Dick White Referrals, em 2017, como interna de imagiologia. Em 2018, recebi pelo RCVS o estatuto de Advanced Practitioner in Diagnostic Imaging e no mesmo ano comecei a resid\u00eancia de imagiologia no Dick White Referrals. Em 2019, terminei o Mestrado em Veterinary Professional Studies pela Universidade de Liverpool e desde 2021 que trabalho no Dick White como clinical fellow em imagiologia.<\/span><\/p><p><span style=\"font-weight: 400\">Gosto de todos os aspetos de imagiologia mas tenho especial interesse em TAC e RM.\u00a0<\/span><\/p>                                    <\/p>\n                                    <div class=\"ts-speakers-social\">\n                                                                                                                                                                <\/div>\n                                <\/div>\n                                <!-- ts-speaker-popup-content end-->\n                            <\/div>\n                            <!-- col end-->\n                        <\/div>\n                        <!-- row end-->\n                    <\/div>\n                    <!-- popup end-->\n                <\/div>\n            <\/section>\n            <!-- ts-speaker end  -->\n        \n            \n            \n\n        \t\t<\/div>\n\t\t\t\t<\/div>\n\t\t\t\t\t\t<\/div>\n\t\t\t\t\t<\/div>\n\t\t<\/div>\n\t\t\t\t<div class=\"elementor-column elementor-col-25 elementor-inner-column elementor-element elementor-element-730a\" data-id=\"730a\" data-element_type=\"column\">\n\t\t\t<div class=\"elementor-column-wrap elementor-element-populated\">\n\t\t\t\t\t\t\t<div class=\"elementor-widget-wrap\">\n\t\t\t\t\t\t<div class=\"elementor-element elementor-element-3775 elementor-widget elementor-widget-exhibz-speaker\" data-id=\"3775\" data-element_type=\"widget\" data-settings=\"{&quot;ekit_we_effect_on&quot;:&quot;none&quot;}\" data-widget_type=\"exhibz-speaker.default\">\n\t\t\t\t<div class=\"elementor-widget-container\">\n\t\t\t            \n\n                        <section class=\"ts-speakers-standard ts-speakers speaker-classic section-bg\">\n                <div class=\"ts-speaker\" style=\"--speaker-color: #25cd44\">\n                    <div class=\"speaker-img\">\n                                                    <img width=\"1708\" height=\"1708\" src=\"https:\/\/congressohvm.com\/2022\/wp-content\/uploads\/2022\/05\/Bruno-Tavares-scaled-e1655935668519.jpg\" class=\"img-fluid\" alt=\"\" loading=\"lazy\" srcset=\"https:\/\/congressohvm.com\/2022\/wp-content\/uploads\/2022\/05\/Bruno-Tavares-scaled-e1655935668519.jpg 1708w, https:\/\/congressohvm.com\/2022\/wp-content\/uploads\/2022\/05\/Bruno-Tavares-scaled-e1655935668519-300x300.jpg 300w, https:\/\/congressohvm.com\/2022\/wp-content\/uploads\/2022\/05\/Bruno-Tavares-scaled-e1655935668519-1024x1024.jpg 1024w, https:\/\/congressohvm.com\/2022\/wp-content\/uploads\/2022\/05\/Bruno-Tavares-scaled-e1655935668519-150x150.jpg 150w, https:\/\/congressohvm.com\/2022\/wp-content\/uploads\/2022\/05\/Bruno-Tavares-scaled-e1655935668519-768x768.jpg 768w, https:\/\/congressohvm.com\/2022\/wp-content\/uploads\/2022\/05\/Bruno-Tavares-scaled-e1655935668519-1536x1536.jpg 1536w\" sizes=\"(max-width: 1708px) 100vw, 1708px\" \/>                                                <a href=\"#popup_37752599\"\n                           class=\"view-speaker ts-image-popup\" data-effect=\"mfp-zoom-in\">\n                            <i class=\"icon icon-plus\"><\/i>\n                        <\/a>\n                    <\/div>\n                    <div class=\"ts-speaker-info\">\n                        <h3 class=\"ts-title\"><a\n                                    href=\"https:\/\/congressohvm.com\/2022\/es\/blog\/speaker\/bruno-tavares\/\"> Bruno Tavares <\/a>\n                        <\/h3>\n                        <p>\n                            Diretor Cl\u00ednico da Cl\u00ednica Veterin\u00e1ria Boa Nova                        <\/p>\n                    <\/div>\n                    <!--- speaker info end -->\n                    <!-- popup start-->\n                    <div id=\"popup_37752599\"\n                         class=\"container ts-speaker-popup mfp-hide\">\n                        <div class=\"row\">\n                            <div class=\"col-lg-6\">\n                                <div class=\"ts-speaker-popup-img\">\n                                                                            <img width=\"1708\" height=\"1708\" src=\"https:\/\/congressohvm.com\/2022\/wp-content\/uploads\/2022\/05\/Bruno-Tavares-scaled-e1655935668519.jpg\" class=\"attachment-full size-full\" alt=\"\" loading=\"lazy\" srcset=\"https:\/\/congressohvm.com\/2022\/wp-content\/uploads\/2022\/05\/Bruno-Tavares-scaled-e1655935668519.jpg 1708w, https:\/\/congressohvm.com\/2022\/wp-content\/uploads\/2022\/05\/Bruno-Tavares-scaled-e1655935668519-300x300.jpg 300w, https:\/\/congressohvm.com\/2022\/wp-content\/uploads\/2022\/05\/Bruno-Tavares-scaled-e1655935668519-1024x1024.jpg 1024w, https:\/\/congressohvm.com\/2022\/wp-content\/uploads\/2022\/05\/Bruno-Tavares-scaled-e1655935668519-150x150.jpg 150w, https:\/\/congressohvm.com\/2022\/wp-content\/uploads\/2022\/05\/Bruno-Tavares-scaled-e1655935668519-768x768.jpg 768w, https:\/\/congressohvm.com\/2022\/wp-content\/uploads\/2022\/05\/Bruno-Tavares-scaled-e1655935668519-1536x1536.jpg 1536w\" sizes=\"(max-width: 1708px) 100vw, 1708px\" \/>                                                                    <\/div>\n                            <\/div>\n                            <!-- col end-->\n                            <div class=\"col-lg-6\">\n                                <div class=\"ts-speaker-popup-content\">\n                                    <h3 class=\"ts-title\"><a\n                                                href=\"https:\/\/congressohvm.com\/2022\/es\/blog\/speaker\/bruno-tavares\/\"> Bruno Tavares <\/a>\n                                    <\/h3>\n                                    <span class=\"speakder-designation\"> Diretor Cl\u00ednico da Cl\u00ednica Veterin\u00e1ria Boa Nova<\/span>\n                                                                        <p>\n                                        <p><span style=\"font-weight: 400\">Licenciado com mestrado integrado pela faculdade de Medicina Veterin\u00e1ria da Universidade Lus\u00f3fona em 2011.<\/span><\/p><p><span style=\"font-weight: 400\">Fez parte integrante da equipa do Hospital de Refer\u00eancia Veterin\u00e1ria Montenegro desde 2011, onde ficou respons\u00e1vel pelo servi\u00e7o de Estomatologia Veterin\u00e1ria.<\/span><\/p><p><span style=\"font-weight: 400\">Atualmente \u00e9 Diretor Cl\u00ednico da Cl\u00ednica Veterin\u00e1ria Boa Nova desde 2016, tendo vindo a desenvolver a gest\u00e3o de processos cl\u00ednicos e financeiros com CRM de reconhecimento internacional \u2013 Salesforce<\/span><\/p><p><span style=\"font-weight: 400\">Ganhou pr\u00e9mio de distin\u00e7\u00e3o pela Salesforce em 2019, pelas boas pr\u00e1ticas de gest\u00e3o, inova\u00e7\u00e3o, adapta\u00e7\u00e3o da tecnologia, foco no cliente, bem estar dos animais e colaboradores.<\/span><\/p><p><span style=\"font-weight: 400\">Adapta\u00e7\u00e3o de Omnichannel e Salesforce Einstein Artificial Intelligence \u00e0 Medicina Veterin\u00e1ria para tratamento de Machine learning e Big Data Health Care, desde 2020.<\/span><\/p><p><span style=\"font-weight: 400\">Continua a desenvolver a Estomatologia Veterin\u00e1ria Avan\u00e7ada, na Cl\u00ednica Veterin\u00e1ria Boa Nova, sendo uma refer\u00eancia na \u00e1rea.<\/span><\/p><p><span style=\"font-weight: 400\">Tem uma vasta experi\u00eancia pr\u00e1tica em Periodontologia, Endodontia, Ortodontia e Implantologia adaptadas aos pequenos animais, adquirida em v\u00e1rias forma\u00e7\u00f5es Internacionais de Veterin\u00e1ria e de Medicina Humana.<\/span><\/p><p><span style=\"font-weight: 400\">Foi pioneiro na Ortopantomografia Digital Veterin\u00e1ria \u2013 Radiografia Panor\u00e2mica da Cavidade Oral, tendo instalado o 1\u00ba Ortopantom\u00f3grafo Veterin\u00e1rio da Pen\u00ednsula Ib\u00e9rica no final de 2019.<\/span><\/p><p><span style=\"font-weight: 400\">Com forma\u00e7\u00e3o de base em Anestesia, introduziu na sua pr\u00e1tica di\u00e1ria a monitoriza\u00e7\u00e3o anest\u00e9sica Bispectral index (EEG) e INVOS Oxymetry ( Oximetria cerebral e som\u00e1tica)<\/span><\/p><p><span style=\"font-weight: 400\">Professor auxiliar convidado da Universidade Lus\u00f3fona, respons\u00e1vel pela disciplina de Medicina Estomatol\u00f3gico Dent\u00e1ria de 5\u00ba Ano.<\/span><\/p><p><span style=\"font-weight: 400\">Orador em diversas palestras sobre a \u00e1rea de Estomatologia e Gest\u00e3o de Dados Cl\u00ednicos. \u00c9 atual orador em eventos da Salesforce e formador aprovado pela ISVPS - International School Of Veterinary Postgraduate Studies.<\/span><\/p><p><span style=\"font-weight: 400\">Tem como \u00e1reas de interesse: Anestesia, Estomatologia e Cirurgia Maxilo-facial.<\/span><\/p>                                    <\/p>\n                                    <div class=\"ts-speakers-social\">\n                                                                                                                                                                <\/div>\n                                <\/div>\n                                <!-- ts-speaker-popup-content end-->\n                            <\/div>\n                            <!-- col end-->\n                        <\/div>\n                        <!-- row end-->\n                    <\/div>\n                    <!-- popup end-->\n                <\/div>\n            <\/section>\n            <!-- ts-speaker end  -->\n        \n            \n            \n\n        \t\t<\/div>\n\t\t\t\t<\/div>\n\t\t\t\t\t\t<\/div>\n\t\t\t\t\t<\/div>\n\t\t<\/div>\n\t\t\t\t<div class=\"elementor-column elementor-col-25 elementor-inner-column elementor-element elementor-element-4998\" data-id=\"4998\" data-element_type=\"column\">\n\t\t\t<div class=\"elementor-column-wrap elementor-element-populated\">\n\t\t\t\t\t\t\t<div class=\"elementor-widget-wrap\">\n\t\t\t\t\t\t<div class=\"elementor-element elementor-element-377b elementor-widget elementor-widget-exhibz-speaker\" data-id=\"377b\" data-element_type=\"widget\" data-settings=\"{&quot;ekit_we_effect_on&quot;:&quot;none&quot;}\" data-widget_type=\"exhibz-speaker.default\">\n\t\t\t\t<div class=\"elementor-widget-container\">\n\t\t\t            \n\n                        <section class=\"ts-speakers-standard ts-speakers speaker-classic section-bg\">\n                <div class=\"ts-speaker\" style=\"--speaker-color: #25cd44\">\n                    <div class=\"speaker-img\">\n                                                    <img width=\"225\" height=\"225\" src=\"https:\/\/congressohvm.com\/2022\/wp-content\/uploads\/2022\/05\/Ane-Uriarte.jpg\" class=\"img-fluid\" alt=\"\" loading=\"lazy\" srcset=\"https:\/\/congressohvm.com\/2022\/wp-content\/uploads\/2022\/05\/Ane-Uriarte.jpg 225w, https:\/\/congressohvm.com\/2022\/wp-content\/uploads\/2022\/05\/Ane-Uriarte-150x150.jpg 150w\" sizes=\"(max-width: 225px) 100vw, 225px\" \/>                                                <a href=\"#popup_377b2609\"\n                           class=\"view-speaker ts-image-popup\" data-effect=\"mfp-zoom-in\">\n                            <i class=\"icon icon-plus\"><\/i>\n                        <\/a>\n                    <\/div>\n                    <div class=\"ts-speaker-info\">\n                        <h3 class=\"ts-title\"><a\n                                    href=\"https:\/\/congressohvm.com\/2022\/es\/blog\/speaker\/ane-uriarte\/\"> Ane Uriarte <\/a>\n                        <\/h3>\n                        <p>\n                            M\u00e9dica Veterin\u00e1ria                        <\/p>\n                    <\/div>\n                    <!--- speaker info end -->\n                    <!-- popup start-->\n                    <div id=\"popup_377b2609\"\n                         class=\"container ts-speaker-popup mfp-hide\">\n                        <div class=\"row\">\n                            <div class=\"col-lg-6\">\n                                <div class=\"ts-speaker-popup-img\">\n                                                                            <img width=\"225\" height=\"225\" src=\"https:\/\/congressohvm.com\/2022\/wp-content\/uploads\/2022\/05\/Ane-Uriarte.jpg\" class=\"attachment-full size-full\" alt=\"\" loading=\"lazy\" srcset=\"https:\/\/congressohvm.com\/2022\/wp-content\/uploads\/2022\/05\/Ane-Uriarte.jpg 225w, https:\/\/congressohvm.com\/2022\/wp-content\/uploads\/2022\/05\/Ane-Uriarte-150x150.jpg 150w\" sizes=\"(max-width: 225px) 100vw, 225px\" \/>                                                                    <\/div>\n                            <\/div>\n                            <!-- col end-->\n                            <div class=\"col-lg-6\">\n                                <div class=\"ts-speaker-popup-content\">\n                                    <h3 class=\"ts-title\"><a\n                                                href=\"https:\/\/congressohvm.com\/2022\/es\/blog\/speaker\/ane-uriarte\/\"> Ane Uriarte <\/a>\n                                    <\/h3>\n                                    <span class=\"speakder-designation\"> M\u00e9dica Veterin\u00e1ria<\/span>\n                                                                        <p>\n                                        <p><span style=\"font-weight: 400\">Ane Uriarte es diplomada del colegio europeo en Neurolog\u00eda. Ane realiz\u00f3 sus estudios en Zaragoza, pero se gradu\u00f3 como veterinaria en la universidad de Alfort en Par\u00eds, donde realiz\u00f3 su internado general y residencia europea.<\/span><\/p><p><span style=\"font-weight: 400\">Tras obtener su diploma ECVN, trabaj\u00f3 durante 8 a\u00f1os en un hospital privado a las afueras de Londres y de ah\u00ed\u00a0se mud\u00f3 a Boston (USA), donde durante 3 a\u00f1os fue profesora, investigadora y cl\u00ednica en la Universidad veterinaria de Tufts.\u00a0<\/span><\/p><p><span style=\"font-weight: 400\">\u00a0<\/span><\/p><p><span style=\"font-weight: 400\">Ane ha publicado numerosos art\u00edculos en revistas internacionales, as\u00ed como cap\u00edtulos de neurocirug\u00eda en\u00a0libros de referencia. Ane mantiene una gran actividad de ense\u00f1anza en modo de webinars, congresos y Medios sociales: \"Ane.neuro\" cuelga casos de neurolog\u00eda diarios en instagram, tiktok,\u00a0youtube y facebook.<\/span><\/p><p><span style=\"font-weight: 400\">Ane trabaja ahora en UK donde es la jefa del servicio de Neurolog\u00eda-neurocirugia a\u00a0 Southfields Veterinary specialist, un centro de referencia al norte de Londres<\/span><\/p>                                    <\/p>\n                                    <div class=\"ts-speakers-social\">\n                                                                                                                                                                <\/div>\n                                <\/div>\n                                <!-- ts-speaker-popup-content end-->\n                            <\/div>\n                            <!-- col end-->\n                        <\/div>\n                        <!-- row end-->\n                    <\/div>\n                    <!-- popup end-->\n                <\/div>\n            <\/section>\n            <!-- ts-speaker end  -->\n        \n            \n            \n\n        \t\t<\/div>\n\t\t\t\t<\/div>\n\t\t\t\t\t\t<\/div>\n\t\t\t\t\t<\/div>\n\t\t<\/div>\n\t\t\t\t<div class=\"elementor-column elementor-col-25 elementor-inner-column elementor-element elementor-element-35d6\" data-id=\"35d6\" data-element_type=\"column\">\n\t\t\t<div class=\"elementor-column-wrap elementor-element-populated\">\n\t\t\t\t\t\t\t<div class=\"elementor-widget-wrap\">\n\t\t\t\t\t\t<div class=\"elementor-element elementor-element-55f1 elementor-widget elementor-widget-exhibz-speaker\" data-id=\"55f1\" data-element_type=\"widget\" data-settings=\"{&quot;ekit_we_effect_on&quot;:&quot;none&quot;}\" data-widget_type=\"exhibz-speaker.default\">\n\t\t\t\t<div class=\"elementor-widget-container\">\n\t\t\t            \n\n                        <section class=\"ts-speakers-standard ts-speakers speaker-classic section-bg\">\n                <div class=\"ts-speaker\" style=\"--speaker-color: #25cd44\">\n                    <div class=\"speaker-img\">\n                                                    <img width=\"683\" height=\"683\" src=\"https:\/\/congressohvm.com\/2022\/wp-content\/uploads\/2022\/05\/Carla-Leite.jpg\" class=\"img-fluid\" alt=\"\" loading=\"lazy\" srcset=\"https:\/\/congressohvm.com\/2022\/wp-content\/uploads\/2022\/05\/Carla-Leite.jpg 683w, https:\/\/congressohvm.com\/2022\/wp-content\/uploads\/2022\/05\/Carla-Leite-300x300.jpg 300w, https:\/\/congressohvm.com\/2022\/wp-content\/uploads\/2022\/05\/Carla-Leite-150x150.jpg 150w\" sizes=\"(max-width: 683px) 100vw, 683px\" \/>                                                <a href=\"#popup_55f12612\"\n                           class=\"view-speaker ts-image-popup\" data-effect=\"mfp-zoom-in\">\n                            <i class=\"icon icon-plus\"><\/i>\n                        <\/a>\n                    <\/div>\n                    <div class=\"ts-speaker-info\">\n                        <h3 class=\"ts-title\"><a\n                                    href=\"https:\/\/congressohvm.com\/2022\/es\/blog\/speaker\/carla-leite\/\"> Carla Leite <\/a>\n                        <\/h3>\n                        <p>\n                            Enfermeira Veterin\u00e1ria                        <\/p>\n                    <\/div>\n                    <!--- speaker info end -->\n                    <!-- popup start-->\n                    <div id=\"popup_55f12612\"\n                         class=\"container ts-speaker-popup mfp-hide\">\n                        <div class=\"row\">\n                            <div class=\"col-lg-6\">\n                                <div class=\"ts-speaker-popup-img\">\n                                                                            <img width=\"683\" height=\"683\" src=\"https:\/\/congressohvm.com\/2022\/wp-content\/uploads\/2022\/05\/Carla-Leite.jpg\" class=\"attachment-full size-full\" alt=\"\" loading=\"lazy\" srcset=\"https:\/\/congressohvm.com\/2022\/wp-content\/uploads\/2022\/05\/Carla-Leite.jpg 683w, https:\/\/congressohvm.com\/2022\/wp-content\/uploads\/2022\/05\/Carla-Leite-300x300.jpg 300w, https:\/\/congressohvm.com\/2022\/wp-content\/uploads\/2022\/05\/Carla-Leite-150x150.jpg 150w\" sizes=\"(max-width: 683px) 100vw, 683px\" \/>                                                                    <\/div>\n                            <\/div>\n                            <!-- col end-->\n                            <div class=\"col-lg-6\">\n                                <div class=\"ts-speaker-popup-content\">\n                                    <h3 class=\"ts-title\"><a\n                                                href=\"https:\/\/congressohvm.com\/2022\/es\/blog\/speaker\/carla-leite\/\"> Carla Leite <\/a>\n                                    <\/h3>\n                                    <span class=\"speakder-designation\"> Enfermeira Veterin\u00e1ria<\/span>\n                                                                        <p>\n                                        <p>Licenciada em Enfermagem Veterin\u00e1ria pela Escola Superior Agr\u00e1ria de Ponte<br \/>de Lima. Realizou o seu est\u00e1gio curricular no Hospital Veterin\u00e1rio Montenegro<br \/>onde iniciou a sua actividade profissional em Janeiro de 2013.<br \/>Frequentou a p\u00f3s-gradu\u00e7\u00e3o NCert PracTec (Nurse Certificate in Practical<br \/>Techniques) em 2015 e a NCert Physio (Fisioterapia) em 2017.<br \/>Trabalhou em cl\u00ednica em 2019 e em abril de 2020 iniciou actividade no Centro<br \/>de Imagem Montenegro.<br \/>Tem como principais \u00e1reas de interesse a odontologia, a fisioterapia e a<br \/>neurologia.<\/p>                                    <\/p>\n                                    <div class=\"ts-speakers-social\">\n                                                                                                                                                                <\/div>\n                                <\/div>\n                                <!-- ts-speaker-popup-content end-->\n                            <\/div>\n                            <!-- col end-->\n                        <\/div>\n                        <!-- row end-->\n                    <\/div>\n                    <!-- popup end-->\n                <\/div>\n            <\/section>\n            <!-- ts-speaker end  -->\n        \n            \n            \n\n        \t\t<\/div>\n\t\t\t\t<\/div>\n\t\t\t\t\t\t<\/div>\n\t\t\t\t\t<\/div>\n\t\t<\/div>\n\t\t\t\t\t\t\t\t<\/div>\n\t\t\t\t\t<\/div>\n\t\t<\/section>\n\t\t\t\t<section class=\"elementor-section elementor-inner-section elementor-element elementor-element-9f0e187 elementor-section-boxed elementor-section-height-default elementor-section-height-default\" data-id=\"9f0e187\" data-element_type=\"section\">\n\t\t\t\t\t\t<div class=\"elementor-container elementor-column-gap-default\">\n\t\t\t\t\t\t\t<div class=\"elementor-row\">\n\t\t\t\t\t<div class=\"elementor-column elementor-col-25 elementor-inner-column elementor-element elementor-element-1632d89\" data-id=\"1632d89\" data-element_type=\"column\">\n\t\t\t<div class=\"elementor-column-wrap elementor-element-populated\">\n\t\t\t\t\t\t\t<div class=\"elementor-widget-wrap\">\n\t\t\t\t\t\t<div class=\"elementor-element elementor-element-cbb7c48 elementor-widget elementor-widget-exhibz-speaker\" data-id=\"cbb7c48\" data-element_type=\"widget\" data-settings=\"{&quot;ekit_we_effect_on&quot;:&quot;none&quot;}\" data-widget_type=\"exhibz-speaker.default\">\n\t\t\t\t<div class=\"elementor-widget-container\">\n\t\t\t            \n\n                        <section class=\"ts-speakers-standard ts-speakers speaker-classic section-bg\">\n                <div class=\"ts-speaker\" style=\"--speaker-color: #25cd44\">\n                    <div class=\"speaker-img\">\n                                                    <img width=\"511\" height=\"511\" src=\"https:\/\/congressohvm.com\/2022\/wp-content\/uploads\/2022\/05\/Daniela-Santos-e1655935626380.jpg\" class=\"img-fluid\" alt=\"\" loading=\"lazy\" srcset=\"https:\/\/congressohvm.com\/2022\/wp-content\/uploads\/2022\/05\/Daniela-Santos-e1655935626380.jpg 511w, https:\/\/congressohvm.com\/2022\/wp-content\/uploads\/2022\/05\/Daniela-Santos-e1655935626380-300x300.jpg 300w, https:\/\/congressohvm.com\/2022\/wp-content\/uploads\/2022\/05\/Daniela-Santos-e1655935626380-150x150.jpg 150w\" sizes=\"(max-width: 511px) 100vw, 511px\" \/>                                                <a href=\"#popup_cbb7c482615\"\n                           class=\"view-speaker ts-image-popup\" data-effect=\"mfp-zoom-in\">\n                            <i class=\"icon icon-plus\"><\/i>\n                        <\/a>\n                    <\/div>\n                    <div class=\"ts-speaker-info\">\n                        <h3 class=\"ts-title\"><a\n                                    href=\"https:\/\/congressohvm.com\/2022\/es\/blog\/speaker\/daniela-santos\/\"> Daniela Santos <\/a>\n                        <\/h3>\n                        <p>\n                            Enfermeira Veterin\u00e1ria                        <\/p>\n                    <\/div>\n                    <!--- speaker info end -->\n                    <!-- popup start-->\n                    <div id=\"popup_cbb7c482615\"\n                         class=\"container ts-speaker-popup mfp-hide\">\n                        <div class=\"row\">\n                            <div class=\"col-lg-6\">\n                                <div class=\"ts-speaker-popup-img\">\n                                                                            <img width=\"511\" height=\"511\" src=\"https:\/\/congressohvm.com\/2022\/wp-content\/uploads\/2022\/05\/Daniela-Santos-e1655935626380.jpg\" class=\"attachment-full size-full\" alt=\"\" loading=\"lazy\" srcset=\"https:\/\/congressohvm.com\/2022\/wp-content\/uploads\/2022\/05\/Daniela-Santos-e1655935626380.jpg 511w, https:\/\/congressohvm.com\/2022\/wp-content\/uploads\/2022\/05\/Daniela-Santos-e1655935626380-300x300.jpg 300w, https:\/\/congressohvm.com\/2022\/wp-content\/uploads\/2022\/05\/Daniela-Santos-e1655935626380-150x150.jpg 150w\" sizes=\"(max-width: 511px) 100vw, 511px\" \/>                                                                    <\/div>\n                            <\/div>\n                            <!-- col end-->\n                            <div class=\"col-lg-6\">\n                                <div class=\"ts-speaker-popup-content\">\n                                    <h3 class=\"ts-title\"><a\n                                                href=\"https:\/\/congressohvm.com\/2022\/es\/blog\/speaker\/daniela-santos\/\"> Daniela Santos <\/a>\n                                    <\/h3>\n                                    <span class=\"speakder-designation\"> Enfermeira Veterin\u00e1ria<\/span>\n                                                                        <p>\n                                        <p><span style=\"font-weight: 400\">Licenciatura (2005) e mestrado em L\u00ednguas e Rela\u00e7\u00f5es Empresariais (2009), pela Universidade de Aveiro. Frequentou o curso de Auxiliar de Veterin\u00e1ria em 2009, no Hospital Veterin\u00e1rio do Porto, tendo posteriormente ingressado na Licenciatura em Enfermagem Veterin\u00e1ria entre 2012- 2015, na Escola Superior Agr\u00e1ria de Viseu, com acredita\u00e7\u00e3o da ACOVENE.\u00a0<\/span><\/p><p><span style=\"font-weight: 400\">Entre mar\u00e7o e julho de 2015, realizou o Est\u00e1gio Curricular no Hospital Veterin\u00e1rio Universit\u00e1rio Did\u00e1tico da Faculdade de Medicina Veterin\u00e1ria de Perugia, It\u00e1lia.\u00a0<\/span><\/p><p><span style=\"font-weight: 400\">Iniciou a sua atividade profissional como enfermeira veterin\u00e1ria em fevereiro de 2016, no Hospital Veterin\u00e1rio do Oeste, na Lourinh\u00e3, onde permaneceu durante 2 anos.\u00a0<\/span><\/p><p><span style=\"font-weight: 400\">Desde mar\u00e7o de 2018, integra a equipa do Hospital Veterin\u00e1rio de Aveiro.<\/span><\/p><p><span style=\"font-weight: 400\">Em maio de 2019, frequentou o curso de Especializa\u00e7\u00e3o em Anestesia e Ventila\u00e7\u00e3o Mec\u00e2nica para Enfermeiros Veterin\u00e1rios<\/span><i><span style=\"font-weight: 400\">, <\/span><\/i><span style=\"font-weight: 400\">da Healthcare Solutions &amp; Courses<\/span><i><span style=\"font-weight: 400\">, <\/span><\/i><span style=\"font-weight: 400\">em Toledo, Espanha.<\/span><\/p><p><span style=\"font-weight: 400\">Em junho de 2021 concluiu a p\u00f3s-gradua\u00e7\u00e3o em Fisioterapia Veterin\u00e1ria, pela Improve International.\u00a0<\/span><\/p><p><span style=\"font-weight: 400\">Principais \u00e1reas de interesse: anestesia, cirurgia, urg\u00eancias, cuidados intensivos, fisioterapia e reabilita\u00e7\u00e3o animal.<\/span><\/p>                                    <\/p>\n                                    <div class=\"ts-speakers-social\">\n                                                                                                                                                                <\/div>\n                                <\/div>\n                                <!-- ts-speaker-popup-content end-->\n                            <\/div>\n                            <!-- col end-->\n                        <\/div>\n                        <!-- row end-->\n                    <\/div>\n                    <!-- popup end-->\n                <\/div>\n            <\/section>\n            <!-- ts-speaker end  -->\n        \n            \n            \n\n        \t\t<\/div>\n\t\t\t\t<\/div>\n\t\t\t\t\t\t<\/div>\n\t\t\t\t\t<\/div>\n\t\t<\/div>\n\t\t\t\t<div class=\"elementor-column elementor-col-25 elementor-inner-column elementor-element elementor-element-bd5df0c\" data-id=\"bd5df0c\" data-element_type=\"column\">\n\t\t\t<div class=\"elementor-column-wrap elementor-element-populated\">\n\t\t\t\t\t\t\t<div class=\"elementor-widget-wrap\">\n\t\t\t\t\t\t<div class=\"elementor-element elementor-element-44c7b46 elementor-widget elementor-widget-exhibz-speaker\" data-id=\"44c7b46\" data-element_type=\"widget\" data-settings=\"{&quot;ekit_we_effect_on&quot;:&quot;none&quot;}\" data-widget_type=\"exhibz-speaker.default\">\n\t\t\t\t<div class=\"elementor-widget-container\">\n\t\t\t            \n\n                        <section class=\"ts-speakers-standard ts-speakers speaker-classic section-bg\">\n                <div class=\"ts-speaker\" style=\"--speaker-color: #25cd44\">\n                    <div class=\"speaker-img\">\n                                                    <img width=\"283\" height=\"283\" src=\"https:\/\/congressohvm.com\/2022\/wp-content\/uploads\/2022\/05\/Dilen-Ratanji-e1655935597136.png\" class=\"img-fluid\" alt=\"\" loading=\"lazy\" srcset=\"https:\/\/congressohvm.com\/2022\/wp-content\/uploads\/2022\/05\/Dilen-Ratanji-e1655935597136.png 283w, https:\/\/congressohvm.com\/2022\/wp-content\/uploads\/2022\/05\/Dilen-Ratanji-e1655935597136-150x150.png 150w\" sizes=\"(max-width: 283px) 100vw, 283px\" \/>                                                <a href=\"#popup_44c7b462618\"\n                           class=\"view-speaker ts-image-popup\" data-effect=\"mfp-zoom-in\">\n                            <i class=\"icon icon-plus\"><\/i>\n                        <\/a>\n                    <\/div>\n                    <div class=\"ts-speaker-info\">\n                        <h3 class=\"ts-title\"><a\n                                    href=\"https:\/\/congressohvm.com\/2022\/es\/blog\/speaker\/dilen-ratanji\/\"> Dilen-Ratanji <\/a>\n                        <\/h3>\n                        <p>\n                            CEO da VetBizz Consulting                        <\/p>\n                    <\/div>\n                    <!--- speaker info end -->\n                    <!-- popup start-->\n                    <div id=\"popup_44c7b462618\"\n                         class=\"container ts-speaker-popup mfp-hide\">\n                        <div class=\"row\">\n                            <div class=\"col-lg-6\">\n                                <div class=\"ts-speaker-popup-img\">\n                                                                            <img width=\"283\" height=\"283\" src=\"https:\/\/congressohvm.com\/2022\/wp-content\/uploads\/2022\/05\/Dilen-Ratanji-e1655935597136.png\" class=\"attachment-full size-full\" alt=\"\" loading=\"lazy\" srcset=\"https:\/\/congressohvm.com\/2022\/wp-content\/uploads\/2022\/05\/Dilen-Ratanji-e1655935597136.png 283w, https:\/\/congressohvm.com\/2022\/wp-content\/uploads\/2022\/05\/Dilen-Ratanji-e1655935597136-150x150.png 150w\" sizes=\"(max-width: 283px) 100vw, 283px\" \/>                                                                    <\/div>\n                            <\/div>\n                            <!-- col end-->\n                            <div class=\"col-lg-6\">\n                                <div class=\"ts-speaker-popup-content\">\n                                    <h3 class=\"ts-title\"><a\n                                                href=\"https:\/\/congressohvm.com\/2022\/es\/blog\/speaker\/dilen-ratanji\/\"> Dilen-Ratanji <\/a>\n                                    <\/h3>\n                                    <span class=\"speakder-designation\"> CEO da VetBizz Consulting<\/span>\n                                                                        <p>\n                                        <p><span style=\"font-weight: 400\">Consultor de Gest\u00e3o Estrat\u00e9gica e Marketing de v\u00e1rias cl\u00ednicas\u00a0 veterin\u00e1rias e de medicina dent\u00e1ria em Portugal<\/span><\/p><p><span style=\"font-weight: 400\">Licenciado em Marketing pelo ISCAP<\/span><\/p><p><span style=\"font-weight: 400\">MBA em Finan\u00e7as na Universidade Cat\u00f3lica do Porto<\/span><\/p><p><span style=\"font-weight: 400\">Mini-MBA em Recursos Humanos pela Academia PME<\/span><\/p><p><span style=\"font-weight: 400\">Experi\u00eancia na doc\u00eancia em Marketing Estrat\u00e9gico e Marketing Relacional do IESF e ISCAP (MBA, Mestrado e P\u00f3s-Gradua\u00e7\u00e3o)<\/span><\/p><p><span style=\"font-weight: 400\">Experi\u00eancia de 19 anos de Consultoria e Forma\u00e7\u00e3o nas \u00e1reas de Marketing e Controlo de Gest\u00e3o em diversos setores de atividade<\/span><\/p><p><span style=\"font-weight: 400\">Orador convidado em in\u00fameras confer\u00eancias em Portugal e Espanha<\/span><\/p><p><span style=\"font-weight: 400\">Cronista nas revistas \u201cVeterin\u00e1ria Actual\u201c e \u201cSa\u00fade Oral\u201c, com temas relacionados com a Gest\u00e3o e Marketing<\/span><\/p><p><span style=\"font-weight: 400\">12 anos de experi\u00eancia no setor banc\u00e1rio, onde assumiu cargos de chefia nas \u00e1reas de Controlo de Gest\u00e3o e Planeamento e Estrat\u00e9gia de Marketing<\/span><\/p><p><span style=\"font-weight: 400\">Louvores e men\u00e7\u00f5es honrosas: Pr\u00e9mio ALUMNI (ISCAP, 2015), Vencedor do concurso \u201cIdeias Excelentes\u201d (Banif, 2006) e Pr\u00e9mio \u201cDignitas- Labor Omnia Vincit\u201d (Banif, 2005)<\/span><\/p>                                    <\/p>\n                                    <div class=\"ts-speakers-social\">\n                                                                                                                                                                <\/div>\n                                <\/div>\n                                <!-- ts-speaker-popup-content end-->\n                            <\/div>\n                            <!-- col end-->\n                        <\/div>\n                        <!-- row end-->\n                    <\/div>\n                    <!-- popup end-->\n                <\/div>\n            <\/section>\n            <!-- ts-speaker end  -->\n        \n            \n            \n\n        \t\t<\/div>\n\t\t\t\t<\/div>\n\t\t\t\t\t\t<\/div>\n\t\t\t\t\t<\/div>\n\t\t<\/div>\n\t\t\t\t<div class=\"elementor-column elementor-col-25 elementor-inner-column elementor-element elementor-element-122aa9d\" data-id=\"122aa9d\" data-element_type=\"column\">\n\t\t\t<div class=\"elementor-column-wrap elementor-element-populated\">\n\t\t\t\t\t\t\t<div class=\"elementor-widget-wrap\">\n\t\t\t\t\t\t<div class=\"elementor-element elementor-element-e478796 elementor-widget elementor-widget-exhibz-speaker\" data-id=\"e478796\" data-element_type=\"widget\" data-settings=\"{&quot;ekit_we_effect_on&quot;:&quot;none&quot;}\" data-widget_type=\"exhibz-speaker.default\">\n\t\t\t\t<div class=\"elementor-widget-container\">\n\t\t\t            \n\n                        <section class=\"ts-speakers-standard ts-speakers speaker-classic section-bg\">\n                <div class=\"ts-speaker\" style=\"--speaker-color: #25cd44\">\n                    <div class=\"speaker-img\">\n                                                    <img width=\"683\" height=\"683\" src=\"https:\/\/congressohvm.com\/2022\/wp-content\/uploads\/2022\/05\/Duarte-Costa.jpg\" class=\"img-fluid\" alt=\"\" loading=\"lazy\" srcset=\"https:\/\/congressohvm.com\/2022\/wp-content\/uploads\/2022\/05\/Duarte-Costa.jpg 683w, https:\/\/congressohvm.com\/2022\/wp-content\/uploads\/2022\/05\/Duarte-Costa-300x300.jpg 300w, https:\/\/congressohvm.com\/2022\/wp-content\/uploads\/2022\/05\/Duarte-Costa-150x150.jpg 150w\" sizes=\"(max-width: 683px) 100vw, 683px\" \/>                                                <a href=\"#popup_e4787962622\"\n                           class=\"view-speaker ts-image-popup\" data-effect=\"mfp-zoom-in\">\n                            <i class=\"icon icon-plus\"><\/i>\n                        <\/a>\n                    <\/div>\n                    <div class=\"ts-speaker-info\">\n                        <h3 class=\"ts-title\"><a\n                                    href=\"https:\/\/congressohvm.com\/2022\/es\/blog\/speaker\/duarte-costa\/\"> Duarte Costa <\/a>\n                        <\/h3>\n                        <p>\n                            M\u00e9dico Veterin\u00e1rio                        <\/p>\n                    <\/div>\n                    <!--- speaker info end -->\n                    <!-- popup start-->\n                    <div id=\"popup_e4787962622\"\n                         class=\"container ts-speaker-popup mfp-hide\">\n                        <div class=\"row\">\n                            <div class=\"col-lg-6\">\n                                <div class=\"ts-speaker-popup-img\">\n                                                                            <img width=\"683\" height=\"683\" src=\"https:\/\/congressohvm.com\/2022\/wp-content\/uploads\/2022\/05\/Duarte-Costa.jpg\" class=\"attachment-full size-full\" alt=\"\" loading=\"lazy\" srcset=\"https:\/\/congressohvm.com\/2022\/wp-content\/uploads\/2022\/05\/Duarte-Costa.jpg 683w, https:\/\/congressohvm.com\/2022\/wp-content\/uploads\/2022\/05\/Duarte-Costa-300x300.jpg 300w, https:\/\/congressohvm.com\/2022\/wp-content\/uploads\/2022\/05\/Duarte-Costa-150x150.jpg 150w\" sizes=\"(max-width: 683px) 100vw, 683px\" \/>                                                                    <\/div>\n                            <\/div>\n                            <!-- col end-->\n                            <div class=\"col-lg-6\">\n                                <div class=\"ts-speaker-popup-content\">\n                                    <h3 class=\"ts-title\"><a\n                                                href=\"https:\/\/congressohvm.com\/2022\/es\/blog\/speaker\/duarte-costa\/\"> Duarte Costa <\/a>\n                                    <\/h3>\n                                    <span class=\"speakder-designation\"> M\u00e9dico Veterin\u00e1rio<\/span>\n                                                                        <p>\n                                        <p><span style=\"font-weight: 400\">Finalizou o Mestrado Integrado em Medicina Veterin\u00e1ria pela UTAD em 2019. Realizou o est\u00e1gio curricular no Hospital de Refer\u00eancia Veterin\u00e1ria Montenegro no Porto.<\/span><span style=\"font-weight: 400\"><br \/><\/span><span style=\"font-weight: 400\">Tem como principais interesses a \u00e1rea da neurologia, imagem, doen\u00e7as parasit\u00e1rias e ex\u00f3ticos.<\/span><\/p>                                    <\/p>\n                                    <div class=\"ts-speakers-social\">\n                                                                                                                                                                <\/div>\n                                <\/div>\n                                <!-- ts-speaker-popup-content end-->\n                            <\/div>\n                            <!-- col end-->\n                        <\/div>\n                        <!-- row end-->\n                    <\/div>\n                    <!-- popup end-->\n                <\/div>\n            <\/section>\n            <!-- ts-speaker end  -->\n        \n            \n            \n\n        \t\t<\/div>\n\t\t\t\t<\/div>\n\t\t\t\t\t\t<\/div>\n\t\t\t\t\t<\/div>\n\t\t<\/div>\n\t\t\t\t<div class=\"elementor-column elementor-col-25 elementor-inner-column elementor-element elementor-element-f45d920\" data-id=\"f45d920\" data-element_type=\"column\">\n\t\t\t<div class=\"elementor-column-wrap elementor-element-populated\">\n\t\t\t\t\t\t\t<div class=\"elementor-widget-wrap\">\n\t\t\t\t\t\t<div class=\"elementor-element elementor-element-4c4774b elementor-widget elementor-widget-exhibz-speaker\" data-id=\"4c4774b\" data-element_type=\"widget\" data-settings=\"{&quot;ekit_we_effect_on&quot;:&quot;none&quot;}\" data-widget_type=\"exhibz-speaker.default\">\n\t\t\t\t<div class=\"elementor-widget-container\">\n\t\t\t            \n\n                        <section class=\"ts-speakers-standard ts-speakers speaker-classic section-bg\">\n                <div class=\"ts-speaker\" style=\"--speaker-color: #25cd44\">\n                    <div class=\"speaker-img\">\n                                                    <img width=\"211\" height=\"211\" src=\"https:\/\/congressohvm.com\/2022\/wp-content\/uploads\/2022\/05\/Felisbina-Queiroga-e1655935531916.jpg\" class=\"img-fluid\" alt=\"\" loading=\"lazy\" srcset=\"https:\/\/congressohvm.com\/2022\/wp-content\/uploads\/2022\/05\/Felisbina-Queiroga-e1655935531916.jpg 211w, https:\/\/congressohvm.com\/2022\/wp-content\/uploads\/2022\/05\/Felisbina-Queiroga-e1655935531916-150x150.jpg 150w\" sizes=\"(max-width: 211px) 100vw, 211px\" \/>                                                <a href=\"#popup_4c4774b2626\"\n                           class=\"view-speaker ts-image-popup\" data-effect=\"mfp-zoom-in\">\n                            <i class=\"icon icon-plus\"><\/i>\n                        <\/a>\n                    <\/div>\n                    <div class=\"ts-speaker-info\">\n                        <h3 class=\"ts-title\"><a\n                                    href=\"https:\/\/congressohvm.com\/2022\/es\/blog\/speaker\/felisbina-queiroga\/\"> Felisbina Queiroga <\/a>\n                        <\/h3>\n                        <p>\n                            M\u00e9dica Veterin\u00e1ria e Professora na UTAD                        <\/p>\n                    <\/div>\n                    <!--- speaker info end -->\n                    <!-- popup start-->\n                    <div id=\"popup_4c4774b2626\"\n                         class=\"container ts-speaker-popup mfp-hide\">\n                        <div class=\"row\">\n                            <div class=\"col-lg-6\">\n                                <div class=\"ts-speaker-popup-img\">\n                                                                            <img width=\"211\" height=\"211\" src=\"https:\/\/congressohvm.com\/2022\/wp-content\/uploads\/2022\/05\/Felisbina-Queiroga-e1655935531916.jpg\" class=\"attachment-full size-full\" alt=\"\" loading=\"lazy\" srcset=\"https:\/\/congressohvm.com\/2022\/wp-content\/uploads\/2022\/05\/Felisbina-Queiroga-e1655935531916.jpg 211w, https:\/\/congressohvm.com\/2022\/wp-content\/uploads\/2022\/05\/Felisbina-Queiroga-e1655935531916-150x150.jpg 150w\" sizes=\"(max-width: 211px) 100vw, 211px\" \/>                                                                    <\/div>\n                            <\/div>\n                            <!-- col end-->\n                            <div class=\"col-lg-6\">\n                                <div class=\"ts-speaker-popup-content\">\n                                    <h3 class=\"ts-title\"><a\n                                                href=\"https:\/\/congressohvm.com\/2022\/es\/blog\/speaker\/felisbina-queiroga\/\"> Felisbina Queiroga <\/a>\n                                    <\/h3>\n                                    <span class=\"speakder-designation\"> M\u00e9dica Veterin\u00e1ria e Professora na UTAD<\/span>\n                                                                        <p>\n                                        <p><span style=\"font-weight: 400\">M\u00e9dica Veterin\u00e1ria e Professora na Universidade de Tr\u00e1s-os-Montes e Alto Douro (UTAD), Vila Real, Portugal em Medicina Interna e Oncologia.<\/span><\/p><p><span style=\"font-weight: 400\">Licenciatura em Medicina Veterin\u00e1ria em 1994, Mestre em Oncologia pelo ICBAS em 2000 e Doutoramento em Ci\u00eancias Veterin\u00e1rias\/Oncologia em 2005 (UTAD). Curso ESAVS em Oncologia (2008).\u00a0<\/span><\/p><p><span style=\"font-weight: 400\">Diretora Cl\u00ednica do Servi\u00e7o de Pequenos Animais do Hospital Veterin\u00e1rio da UTAD (2007-2010) e Diretora do Mestrado Integrado em Medicina Veterin\u00e1ria (2011-2013). Membro do Conselho Pedag\u00f3gico (2011-2013) e do Conselho Cient\u00edfico (2013-2016) da Escola Ci\u00eancias Agr\u00e1rias e veterin\u00e1rias da UTAD.<\/span><\/p><p><span style=\"font-weight: 400\">\u00c9 Vice-Presidente da mesa da Assembleia Geral da Ordem dos M\u00e9dicos Veterin\u00e1rios (desde 2019) e Presidente da Sec\u00e7\u00e3o Regional do Norte da APMVEAC (desde 2016) e Presidente da Comiss\u00e3o Cient\u00edfica da APMVEAC (2020-atual).<\/span><\/p><p><span style=\"font-weight: 400\">Membro do grupo internacional \u201cVeterinary Cancer Study Group\u201d, promovido pela Boheringer-ingelheim (2018-presente). Membro fundador da rede Vet-Onconet em 2019.<\/span><\/p><p><span style=\"font-weight: 400\">Editora Associada dos jornais cient\u00edficos indexados (BMC Vet Research; Frontiers in Veterinary Science e Ci\u00eancia Rural).\u00a0<\/span><\/p><p><span style=\"font-weight: 400\">Membro do Comit\u00e9 Cient\u00edfico da World Small Animal Veterinary Association (WSAVA) (2020 -presente).<\/span><\/p><p><span style=\"font-weight: 400\">Membro do Conselho Executivo da World Small Animal Veterinary Association (WSAVA) (2019-presente). Na fun\u00e7\u00e3o de membro do Conselho Executivo da WSAVA, participou na cria\u00e7\u00e3o do recente Comit\u00e9 de Oncologia e de Guidelines de Reprodu\u00e7\u00e3o. Integra e tem sido respons\u00e1vel pelas atividades de Liaison de v\u00e1rios Comit\u00e9s cientifico\/t\u00e9cnicos (WOW \u2013 Oncology committee; TGG \u2013 Terapeutic Guidelines Committee; HDD \u2013 Hereditary Diseases Committee; Scientific Committee; One Health Committee).\u00a0<\/span><\/p>                                    <\/p>\n                                    <div class=\"ts-speakers-social\">\n                                                                                                                                                                <\/div>\n                                <\/div>\n                                <!-- ts-speaker-popup-content end-->\n                            <\/div>\n                            <!-- col end-->\n                        <\/div>\n                        <!-- row end-->\n                    <\/div>\n                    <!-- popup end-->\n                <\/div>\n            <\/section>\n            <!-- ts-speaker end  -->\n        \n            \n            \n\n        \t\t<\/div>\n\t\t\t\t<\/div>\n\t\t\t\t\t\t<\/div>\n\t\t\t\t\t<\/div>\n\t\t<\/div>\n\t\t\t\t\t\t\t\t<\/div>\n\t\t\t\t\t<\/div>\n\t\t<\/section>\n\t\t\t\t<section class=\"elementor-section elementor-inner-section elementor-element elementor-element-c1da983 elementor-section-boxed elementor-section-height-default elementor-section-height-default\" data-id=\"c1da983\" data-element_type=\"section\">\n\t\t\t\t\t\t<div class=\"elementor-container elementor-column-gap-default\">\n\t\t\t\t\t\t\t<div class=\"elementor-row\">\n\t\t\t\t\t<div class=\"elementor-column elementor-col-25 elementor-inner-column elementor-element elementor-element-26c69ea\" data-id=\"26c69ea\" data-element_type=\"column\">\n\t\t\t<div class=\"elementor-column-wrap elementor-element-populated\">\n\t\t\t\t\t\t\t<div class=\"elementor-widget-wrap\">\n\t\t\t\t\t\t<div class=\"elementor-element elementor-element-cf545c5 elementor-widget elementor-widget-exhibz-speaker\" data-id=\"cf545c5\" data-element_type=\"widget\" data-settings=\"{&quot;ekit_we_effect_on&quot;:&quot;none&quot;}\" data-widget_type=\"exhibz-speaker.default\">\n\t\t\t\t<div class=\"elementor-widget-container\">\n\t\t\t            \n\n                        <section class=\"ts-speakers-standard ts-speakers speaker-classic section-bg\">\n                <div class=\"ts-speaker\" style=\"--speaker-color: #25cd44\">\n                    <div class=\"speaker-img\">\n                                                    <img width=\"960\" height=\"960\" src=\"https:\/\/congressohvm.com\/2022\/wp-content\/uploads\/2022\/05\/Gustavo-Vicente--e1655935479593.jpeg\" class=\"img-fluid\" alt=\"\" loading=\"lazy\" srcset=\"https:\/\/congressohvm.com\/2022\/wp-content\/uploads\/2022\/05\/Gustavo-Vicente--e1655935479593.jpeg 960w, https:\/\/congressohvm.com\/2022\/wp-content\/uploads\/2022\/05\/Gustavo-Vicente--e1655935479593-300x300.jpeg 300w, https:\/\/congressohvm.com\/2022\/wp-content\/uploads\/2022\/05\/Gustavo-Vicente--e1655935479593-150x150.jpeg 150w, https:\/\/congressohvm.com\/2022\/wp-content\/uploads\/2022\/05\/Gustavo-Vicente--e1655935479593-768x768.jpeg 768w\" sizes=\"(max-width: 960px) 100vw, 960px\" \/>                                                <a href=\"#popup_cf545c52629\"\n                           class=\"view-speaker ts-image-popup\" data-effect=\"mfp-zoom-in\">\n                            <i class=\"icon icon-plus\"><\/i>\n                        <\/a>\n                    <\/div>\n                    <div class=\"ts-speaker-info\">\n                        <h3 class=\"ts-title\"><a\n                                    href=\"https:\/\/congressohvm.com\/2022\/es\/blog\/speaker\/gustavo-vicente\/\"> Gustavo Vicente <\/a>\n                        <\/h3>\n                        <p>\n                            CEO da Mundo \u00e0 Parte                        <\/p>\n                    <\/div>\n                    <!--- speaker info end -->\n                    <!-- popup start-->\n                    <div id=\"popup_cf545c52629\"\n                         class=\"container ts-speaker-popup mfp-hide\">\n                        <div class=\"row\">\n                            <div class=\"col-lg-6\">\n                                <div class=\"ts-speaker-popup-img\">\n                                                                            <img width=\"960\" height=\"960\" src=\"https:\/\/congressohvm.com\/2022\/wp-content\/uploads\/2022\/05\/Gustavo-Vicente--e1655935479593.jpeg\" class=\"attachment-full size-full\" alt=\"\" loading=\"lazy\" srcset=\"https:\/\/congressohvm.com\/2022\/wp-content\/uploads\/2022\/05\/Gustavo-Vicente--e1655935479593.jpeg 960w, https:\/\/congressohvm.com\/2022\/wp-content\/uploads\/2022\/05\/Gustavo-Vicente--e1655935479593-300x300.jpeg 300w, https:\/\/congressohvm.com\/2022\/wp-content\/uploads\/2022\/05\/Gustavo-Vicente--e1655935479593-150x150.jpeg 150w, https:\/\/congressohvm.com\/2022\/wp-content\/uploads\/2022\/05\/Gustavo-Vicente--e1655935479593-768x768.jpeg 768w\" sizes=\"(max-width: 960px) 100vw, 960px\" \/>                                                                    <\/div>\n                            <\/div>\n                            <!-- col end-->\n                            <div class=\"col-lg-6\">\n                                <div class=\"ts-speaker-popup-content\">\n                                    <h3 class=\"ts-title\"><a\n                                                href=\"https:\/\/congressohvm.com\/2022\/es\/blog\/speaker\/gustavo-vicente\/\"> Gustavo Vicente <\/a>\n                                    <\/h3>\n                                    <span class=\"speakder-designation\"> CEO da Mundo \u00e0 Parte<\/span>\n                                                                        <p>\n                                        <p><span style=\"font-weight: 400\">CEO da Mundo \u00e0 Parte, franquia de fisioterapia veterinaria.<\/span><\/p><p><span style=\"font-weight: 400\">Socio diretor da VH equipamentos\u00a0<\/span><\/p><p><span style=\"font-weight: 400\">Autor do livro Tratado de Fisioterapia e Fisiatria em pequenos animais\u00a0<\/span><\/p><p><span style=\"font-weight: 400\">Autor do livro Veterin\u00e1rio de Sorte\u00a0<\/span><\/p><p><span style=\"font-weight: 400\">Especializa\u00e7\u00e3o em ortopedia pela USP e UMESP<\/span><\/p>                                    <\/p>\n                                    <div class=\"ts-speakers-social\">\n                                                                                                                                                                <\/div>\n                                <\/div>\n                                <!-- ts-speaker-popup-content end-->\n                            <\/div>\n                            <!-- col end-->\n                        <\/div>\n                        <!-- row end-->\n                    <\/div>\n                    <!-- popup end-->\n                <\/div>\n            <\/section>\n            <!-- ts-speaker end  -->\n        \n            \n            \n\n        \t\t<\/div>\n\t\t\t\t<\/div>\n\t\t\t\t\t\t<\/div>\n\t\t\t\t\t<\/div>\n\t\t<\/div>\n\t\t\t\t<div class=\"elementor-column elementor-col-25 elementor-inner-column elementor-element elementor-element-5b079d6\" data-id=\"5b079d6\" data-element_type=\"column\">\n\t\t\t<div class=\"elementor-column-wrap elementor-element-populated\">\n\t\t\t\t\t\t\t<div class=\"elementor-widget-wrap\">\n\t\t\t\t\t\t<div class=\"elementor-element elementor-element-860a382 elementor-widget elementor-widget-exhibz-speaker\" data-id=\"860a382\" data-element_type=\"widget\" data-settings=\"{&quot;ekit_we_effect_on&quot;:&quot;none&quot;}\" data-widget_type=\"exhibz-speaker.default\">\n\t\t\t\t<div class=\"elementor-widget-container\">\n\t\t\t            \n\n                        <section class=\"ts-speakers-standard ts-speakers speaker-classic section-bg\">\n                <div class=\"ts-speaker\" style=\"--speaker-color: #25cd44\">\n                    <div class=\"speaker-img\">\n                                                    <img width=\"191\" height=\"191\" src=\"https:\/\/congressohvm.com\/2022\/wp-content\/uploads\/2022\/05\/Hugo-Pereira-e1655935454970.jpg\" class=\"img-fluid\" alt=\"\" loading=\"lazy\" srcset=\"https:\/\/congressohvm.com\/2022\/wp-content\/uploads\/2022\/05\/Hugo-Pereira-e1655935454970.jpg 191w, https:\/\/congressohvm.com\/2022\/wp-content\/uploads\/2022\/05\/Hugo-Pereira-e1655935454970-150x150.jpg 150w\" sizes=\"(max-width: 191px) 100vw, 191px\" \/>                                                <a href=\"#popup_860a3822632\"\n                           class=\"view-speaker ts-image-popup\" data-effect=\"mfp-zoom-in\">\n                            <i class=\"icon icon-plus\"><\/i>\n                        <\/a>\n                    <\/div>\n                    <div class=\"ts-speaker-info\">\n                        <h3 class=\"ts-title\"><a\n                                    href=\"https:\/\/congressohvm.com\/2022\/es\/blog\/speaker\/hugo-pereira\/\"> Hugo Pereira <\/a>\n                        <\/h3>\n                        <p>\n                            M\u00e9dico Veterin\u00e1rio                        <\/p>\n                    <\/div>\n                    <!--- speaker info end -->\n                    <!-- popup start-->\n                    <div id=\"popup_860a3822632\"\n                         class=\"container ts-speaker-popup mfp-hide\">\n                        <div class=\"row\">\n                            <div class=\"col-lg-6\">\n                                <div class=\"ts-speaker-popup-img\">\n                                                                            <img width=\"191\" height=\"191\" src=\"https:\/\/congressohvm.com\/2022\/wp-content\/uploads\/2022\/05\/Hugo-Pereira-e1655935454970.jpg\" class=\"attachment-full size-full\" alt=\"\" loading=\"lazy\" srcset=\"https:\/\/congressohvm.com\/2022\/wp-content\/uploads\/2022\/05\/Hugo-Pereira-e1655935454970.jpg 191w, https:\/\/congressohvm.com\/2022\/wp-content\/uploads\/2022\/05\/Hugo-Pereira-e1655935454970-150x150.jpg 150w\" sizes=\"(max-width: 191px) 100vw, 191px\" \/>                                                                    <\/div>\n                            <\/div>\n                            <!-- col end-->\n                            <div class=\"col-lg-6\">\n                                <div class=\"ts-speaker-popup-content\">\n                                    <h3 class=\"ts-title\"><a\n                                                href=\"https:\/\/congressohvm.com\/2022\/es\/blog\/speaker\/hugo-pereira\/\"> Hugo Pereira <\/a>\n                                    <\/h3>\n                                    <span class=\"speakder-designation\"> M\u00e9dico Veterin\u00e1rio<\/span>\n                                                                        <p>\n                                        <p><span style=\"font-weight: 400\">M\u00e9dico Veterin\u00e1rio, licenciado em 2002 pela Faculdade de Medicina Veterin\u00e1ria da Universidade de Lisboa.<\/span><\/p><p><span style=\"font-weight: 400\">Exerce atividade profissional em cl\u00ednica de animais de companhia desde ent\u00e3o. Em 2012 iniciou servi\u00e7o de tele-diagn\u00f3stico de tomografia computorizada, ao qual se dedica atualmente em exclusividade, trabalhando com diversos Hospitais Veterin\u00e1rios do continente e ilhas. Colabora no ensino na Faculdade de Medicina Veterin\u00e1ria da Universidade Lus\u00f3fona de Humanidades e Tecnologias desde 2007.<\/span><\/p>                                    <\/p>\n                                    <div class=\"ts-speakers-social\">\n                                                                                                                                                                <\/div>\n                                <\/div>\n                                <!-- ts-speaker-popup-content end-->\n                            <\/div>\n                            <!-- col end-->\n                        <\/div>\n                        <!-- row end-->\n                    <\/div>\n                    <!-- popup end-->\n                <\/div>\n            <\/section>\n            <!-- ts-speaker end  -->\n        \n            \n            \n\n        \t\t<\/div>\n\t\t\t\t<\/div>\n\t\t\t\t\t\t<\/div>\n\t\t\t\t\t<\/div>\n\t\t<\/div>\n\t\t\t\t<div class=\"elementor-column elementor-col-25 elementor-inner-column elementor-element elementor-element-54216d1\" data-id=\"54216d1\" data-element_type=\"column\">\n\t\t\t<div class=\"elementor-column-wrap elementor-element-populated\">\n\t\t\t\t\t\t\t<div class=\"elementor-widget-wrap\">\n\t\t\t\t\t\t<div class=\"elementor-element elementor-element-3ae8c9d elementor-widget elementor-widget-exhibz-speaker\" data-id=\"3ae8c9d\" data-element_type=\"widget\" data-settings=\"{&quot;ekit_we_effect_on&quot;:&quot;none&quot;}\" data-widget_type=\"exhibz-speaker.default\">\n\t\t\t\t<div class=\"elementor-widget-container\">\n\t\t\t            \n\n                        <section class=\"ts-speakers-standard ts-speakers speaker-classic section-bg\">\n                <div class=\"ts-speaker\" style=\"--speaker-color: #25cd44\">\n                    <div class=\"speaker-img\">\n                                                    <img width=\"960\" height=\"960\" src=\"https:\/\/congressohvm.com\/2022\/wp-content\/uploads\/2022\/05\/ISA-CALADO-e1655935432592.jpg\" class=\"img-fluid\" alt=\"\" loading=\"lazy\" srcset=\"https:\/\/congressohvm.com\/2022\/wp-content\/uploads\/2022\/05\/ISA-CALADO-e1655935432592.jpg 960w, https:\/\/congressohvm.com\/2022\/wp-content\/uploads\/2022\/05\/ISA-CALADO-e1655935432592-300x300.jpg 300w, https:\/\/congressohvm.com\/2022\/wp-content\/uploads\/2022\/05\/ISA-CALADO-e1655935432592-150x150.jpg 150w, https:\/\/congressohvm.com\/2022\/wp-content\/uploads\/2022\/05\/ISA-CALADO-e1655935432592-768x768.jpg 768w\" sizes=\"(max-width: 960px) 100vw, 960px\" \/>                                                <a href=\"#popup_3ae8c9d2635\"\n                           class=\"view-speaker ts-image-popup\" data-effect=\"mfp-zoom-in\">\n                            <i class=\"icon icon-plus\"><\/i>\n                        <\/a>\n                    <\/div>\n                    <div class=\"ts-speaker-info\">\n                        <h3 class=\"ts-title\"><a\n                                    href=\"https:\/\/congressohvm.com\/2022\/es\/blog\/speaker\/isa-calado\/\"> Isa Calado <\/a>\n                        <\/h3>\n                        <p>\n                            M\u00e9dica Veterin\u00e1ria                        <\/p>\n                    <\/div>\n                    <!--- speaker info end -->\n                    <!-- popup start-->\n                    <div id=\"popup_3ae8c9d2635\"\n                         class=\"container ts-speaker-popup mfp-hide\">\n                        <div class=\"row\">\n                            <div class=\"col-lg-6\">\n                                <div class=\"ts-speaker-popup-img\">\n                                                                            <img width=\"960\" height=\"960\" src=\"https:\/\/congressohvm.com\/2022\/wp-content\/uploads\/2022\/05\/ISA-CALADO-e1655935432592.jpg\" class=\"attachment-full size-full\" alt=\"\" loading=\"lazy\" srcset=\"https:\/\/congressohvm.com\/2022\/wp-content\/uploads\/2022\/05\/ISA-CALADO-e1655935432592.jpg 960w, https:\/\/congressohvm.com\/2022\/wp-content\/uploads\/2022\/05\/ISA-CALADO-e1655935432592-300x300.jpg 300w, https:\/\/congressohvm.com\/2022\/wp-content\/uploads\/2022\/05\/ISA-CALADO-e1655935432592-150x150.jpg 150w, https:\/\/congressohvm.com\/2022\/wp-content\/uploads\/2022\/05\/ISA-CALADO-e1655935432592-768x768.jpg 768w\" sizes=\"(max-width: 960px) 100vw, 960px\" \/>                                                                    <\/div>\n                            <\/div>\n                            <!-- col end-->\n                            <div class=\"col-lg-6\">\n                                <div class=\"ts-speaker-popup-content\">\n                                    <h3 class=\"ts-title\"><a\n                                                href=\"https:\/\/congressohvm.com\/2022\/es\/blog\/speaker\/isa-calado\/\"> Isa Calado <\/a>\n                                    <\/h3>\n                                    <span class=\"speakder-designation\"> M\u00e9dica Veterin\u00e1ria<\/span>\n                                                                        <p>\n                                        <p><span style=\"font-weight: 400\">Licenciatura em Medicina Veterin\u00e1ria em 2003 pela Universidade \u00c9vora. Est\u00e1gio rotat\u00f3rios no HVP (Porto) e mais tarde da UAB (Barcelona), pelos servi\u00e7os De Oftalmologia e Ecografia. Diversas forma\u00e7\u00f5es em Ecografia abdominal b\u00e1sica e avan\u00e7ada e acompanhamento de colegas em Ecografia de refer\u00eancia em ambulat\u00f3rio (ECOVET).<\/span><\/p><p><span style=\"font-weight: 400\">Frequ\u00eancia em diversas forma\u00e7\u00f5es de gest\u00e3o veterin\u00e1ria e gest\u00e3o de recursos\u00a0humanos.<\/span><\/p><p><span style=\"font-weight: 400\">S\u00f3cia gerente do Hospital Veterin\u00e1rio do Baixo Alentejo desde 2005 onde desempenha fun\u00e7\u00f5es de gest\u00e3o dos recursos humanos e coordena\u00e7\u00e3o do servi\u00e7o de ecografia abdominal.<\/span><\/p><p><span style=\"font-weight: 400\">Especial interesse em Imagiologia, Medicina Interna e forma\u00e7\u00e3o de equipas.\u00a0<\/span><\/p><p><span style=\"font-weight: 400\">Formadora em cursos de auxiliar de veterin\u00e1ria e workshops para enfermagem veterin\u00e1ria.<\/span><\/p><p>&nbsp;<\/p>                                    <\/p>\n                                    <div class=\"ts-speakers-social\">\n                                                                                                                                                                <\/div>\n                                <\/div>\n                                <!-- ts-speaker-popup-content end-->\n                            <\/div>\n                            <!-- col end-->\n                        <\/div>\n                        <!-- row end-->\n                    <\/div>\n                    <!-- popup end-->\n                <\/div>\n            <\/section>\n            <!-- ts-speaker end  -->\n        \n            \n            \n\n        \t\t<\/div>\n\t\t\t\t<\/div>\n\t\t\t\t\t\t<\/div>\n\t\t\t\t\t<\/div>\n\t\t<\/div>\n\t\t\t\t<div class=\"elementor-column elementor-col-25 elementor-inner-column elementor-element elementor-element-9b0133e\" data-id=\"9b0133e\" data-element_type=\"column\">\n\t\t\t<div class=\"elementor-column-wrap elementor-element-populated\">\n\t\t\t\t\t\t\t<div class=\"elementor-widget-wrap\">\n\t\t\t\t\t\t<div class=\"elementor-element elementor-element-39c0e33 elementor-widget elementor-widget-exhibz-speaker\" data-id=\"39c0e33\" data-element_type=\"widget\" data-settings=\"{&quot;ekit_we_effect_on&quot;:&quot;none&quot;}\" data-widget_type=\"exhibz-speaker.default\">\n\t\t\t\t<div class=\"elementor-widget-container\">\n\t\t\t            \n\n                        <section class=\"ts-speakers-standard ts-speakers speaker-classic section-bg\">\n                <div class=\"ts-speaker\" style=\"--speaker-color: #25cd44\">\n                    <div class=\"speaker-img\">\n                                                    <img width=\"204\" height=\"204\" src=\"https:\/\/congressohvm.com\/2022\/wp-content\/uploads\/2022\/05\/Jaime-Viscasillas-e1655935393457.jpg\" class=\"img-fluid\" alt=\"\" loading=\"lazy\" srcset=\"https:\/\/congressohvm.com\/2022\/wp-content\/uploads\/2022\/05\/Jaime-Viscasillas-e1655935393457.jpg 204w, https:\/\/congressohvm.com\/2022\/wp-content\/uploads\/2022\/05\/Jaime-Viscasillas-e1655935393457-150x150.jpg 150w\" sizes=\"(max-width: 204px) 100vw, 204px\" \/>                                                <a href=\"#popup_39c0e332639\"\n                           class=\"view-speaker ts-image-popup\" data-effect=\"mfp-zoom-in\">\n                            <i class=\"icon icon-plus\"><\/i>\n                        <\/a>\n                    <\/div>\n                    <div class=\"ts-speaker-info\">\n                        <h3 class=\"ts-title\"><a\n                                    href=\"https:\/\/congressohvm.com\/2022\/es\/blog\/speaker\/jaime-viscasillas\/\"> Jaime Viscasillas <\/a>\n                        <\/h3>\n                        <p>\n                            M\u00e9dico Veterin\u00e1rio                        <\/p>\n                    <\/div>\n                    <!--- speaker info end -->\n                    <!-- popup start-->\n                    <div id=\"popup_39c0e332639\"\n                         class=\"container ts-speaker-popup mfp-hide\">\n                        <div class=\"row\">\n                            <div class=\"col-lg-6\">\n                                <div class=\"ts-speaker-popup-img\">\n                                                                            <img width=\"204\" height=\"204\" src=\"https:\/\/congressohvm.com\/2022\/wp-content\/uploads\/2022\/05\/Jaime-Viscasillas-e1655935393457.jpg\" class=\"attachment-full size-full\" alt=\"\" loading=\"lazy\" srcset=\"https:\/\/congressohvm.com\/2022\/wp-content\/uploads\/2022\/05\/Jaime-Viscasillas-e1655935393457.jpg 204w, https:\/\/congressohvm.com\/2022\/wp-content\/uploads\/2022\/05\/Jaime-Viscasillas-e1655935393457-150x150.jpg 150w\" sizes=\"(max-width: 204px) 100vw, 204px\" \/>                                                                    <\/div>\n                            <\/div>\n                            <!-- col end-->\n                            <div class=\"col-lg-6\">\n                                <div class=\"ts-speaker-popup-content\">\n                                    <h3 class=\"ts-title\"><a\n                                                href=\"https:\/\/congressohvm.com\/2022\/es\/blog\/speaker\/jaime-viscasillas\/\"> Jaime Viscasillas <\/a>\n                                    <\/h3>\n                                    <span class=\"speakder-designation\"> M\u00e9dico Veterin\u00e1rio<\/span>\n                                                                        <p>\n                                        <p><span style=\"font-weight: 400\">Licenciado en la Facultad de Veterinaria de Zaragoza. Ha trabajado en diversos centros y hospitales veterinarios en Espa\u00f1a y Reino Unido, tanto en el \u00e1mbito de la cl\u00ednica privada como de universidad.<\/span><\/p><p><span style=\"font-weight: 400\">Posee el Master de Anestesia Veterinaria de la Universidad Complutense de Madrid, es Acreditado en Anestesia de Peque\u00f1os Animales por la Asociaci\u00f3n de Veterinarios Especialistas en Peque\u00f1os Animales (AVEPA) y Diplomado Europeo en Anestesia y Analgesia Veterinaria (DECVAA). Es actualmente miembro del comit\u00e9 de acreditaci\u00f3n en anestesia de AVEPA y secretario de la Sociedad Espa\u00f1ola de Anestesia y Analgesia Veterinaria (SEAAV).\u00a0<\/span><\/p><p><span style=\"font-weight: 400\">Tiene publicaciones y ponencias a nivel nacional e internacional y sus principales campos de inter\u00e9s son la anestesia locorregional tanto para dolor perioperatorio como dolor cr\u00f3nico y la anestesia en pacientes con patolog\u00eda card\u00edaca.<\/span><\/p>                                    <\/p>\n                                    <div class=\"ts-speakers-social\">\n                                                                                                                                                                <\/div>\n                                <\/div>\n                                <!-- ts-speaker-popup-content end-->\n                            <\/div>\n                            <!-- col end-->\n                        <\/div>\n                        <!-- row end-->\n                    <\/div>\n                    <!-- popup end-->\n                <\/div>\n            <\/section>\n            <!-- ts-speaker end  -->\n        \n            \n            \n\n        \t\t<\/div>\n\t\t\t\t<\/div>\n\t\t\t\t\t\t<\/div>\n\t\t\t\t\t<\/div>\n\t\t<\/div>\n\t\t\t\t\t\t\t\t<\/div>\n\t\t\t\t\t<\/div>\n\t\t<\/section>\n\t\t\t\t<section class=\"elementor-section elementor-inner-section elementor-element elementor-element-9057da2 elementor-section-boxed elementor-section-height-default elementor-section-height-default\" data-id=\"9057da2\" data-element_type=\"section\">\n\t\t\t\t\t\t<div class=\"elementor-container elementor-column-gap-default\">\n\t\t\t\t\t\t\t<div class=\"elementor-row\">\n\t\t\t\t\t<div class=\"elementor-column elementor-col-25 elementor-inner-column elementor-element elementor-element-24e7d04\" data-id=\"24e7d04\" data-element_type=\"column\">\n\t\t\t<div class=\"elementor-column-wrap elementor-element-populated\">\n\t\t\t\t\t\t\t<div class=\"elementor-widget-wrap\">\n\t\t\t\t\t\t<div class=\"elementor-element elementor-element-63987ba elementor-widget elementor-widget-exhibz-speaker\" data-id=\"63987ba\" data-element_type=\"widget\" data-settings=\"{&quot;ekit_we_effect_on&quot;:&quot;none&quot;}\" data-widget_type=\"exhibz-speaker.default\">\n\t\t\t\t<div class=\"elementor-widget-container\">\n\t\t\t            \n\n                        <section class=\"ts-speakers-standard ts-speakers speaker-classic section-bg\">\n                <div class=\"ts-speaker\" style=\"--speaker-color: #25cd44\">\n                    <div class=\"speaker-img\">\n                                                    <img width=\"183\" height=\"183\" src=\"https:\/\/congressohvm.com\/2022\/wp-content\/uploads\/2022\/05\/Joana-Alegrete-e1655935368940.jpg\" class=\"img-fluid\" alt=\"\" loading=\"lazy\" srcset=\"https:\/\/congressohvm.com\/2022\/wp-content\/uploads\/2022\/05\/Joana-Alegrete-e1655935368940.jpg 183w, https:\/\/congressohvm.com\/2022\/wp-content\/uploads\/2022\/05\/Joana-Alegrete-e1655935368940-150x150.jpg 150w\" sizes=\"(max-width: 183px) 100vw, 183px\" \/>                                                <a href=\"#popup_63987ba2642\"\n                           class=\"view-speaker ts-image-popup\" data-effect=\"mfp-zoom-in\">\n                            <i class=\"icon icon-plus\"><\/i>\n                        <\/a>\n                    <\/div>\n                    <div class=\"ts-speaker-info\">\n                        <h3 class=\"ts-title\"><a\n                                    href=\"https:\/\/congressohvm.com\/2022\/es\/blog\/speaker\/joana-alegrete\/\"> Joana Alegrete <\/a>\n                        <\/h3>\n                        <p>\n                            M\u00e9dica Veterin\u00e1ria                        <\/p>\n                    <\/div>\n                    <!--- speaker info end -->\n                    <!-- popup start-->\n                    <div id=\"popup_63987ba2642\"\n                         class=\"container ts-speaker-popup mfp-hide\">\n                        <div class=\"row\">\n                            <div class=\"col-lg-6\">\n                                <div class=\"ts-speaker-popup-img\">\n                                                                            <img width=\"183\" height=\"183\" src=\"https:\/\/congressohvm.com\/2022\/wp-content\/uploads\/2022\/05\/Joana-Alegrete-e1655935368940.jpg\" class=\"attachment-full size-full\" alt=\"\" loading=\"lazy\" srcset=\"https:\/\/congressohvm.com\/2022\/wp-content\/uploads\/2022\/05\/Joana-Alegrete-e1655935368940.jpg 183w, https:\/\/congressohvm.com\/2022\/wp-content\/uploads\/2022\/05\/Joana-Alegrete-e1655935368940-150x150.jpg 150w\" sizes=\"(max-width: 183px) 100vw, 183px\" \/>                                                                    <\/div>\n                            <\/div>\n                            <!-- col end-->\n                            <div class=\"col-lg-6\">\n                                <div class=\"ts-speaker-popup-content\">\n                                    <h3 class=\"ts-title\"><a\n                                                href=\"https:\/\/congressohvm.com\/2022\/es\/blog\/speaker\/joana-alegrete\/\"> Joana Alegrete <\/a>\n                                    <\/h3>\n                                    <span class=\"speakder-designation\"> M\u00e9dica Veterin\u00e1ria<\/span>\n                                                                        <p>\n                                        <p><span style=\"font-weight: 400\">Licenciada pela UTAD em 1996, fundadora da clinica veterin\u00e1ria do eucalipto em 1999, e do Hospital Veterin\u00e1rio de Aveiro em 2011.<\/span><\/p><p><span style=\"font-weight: 400\">Tem como principais \u00e1reas de interesse cirurgia, anestesia e gest\u00e3o.<\/span><\/p><p><span style=\"font-weight: 400\">Master de Ortopedia e traumatologia pela Universidade Complutense de Madrid.<\/span><\/p><p><span style=\"font-weight: 400\">Frequentou v\u00e1rios cursos de cirurgia e anestesia da ESAVS.<\/span><\/p><p><span style=\"font-weight: 400\">Actualmente a frequentar o MBA Executive na Porto Business School.<\/span><\/p>                                    <\/p>\n                                    <div class=\"ts-speakers-social\">\n                                                                                                                                                                <\/div>\n                                <\/div>\n                                <!-- ts-speaker-popup-content end-->\n                            <\/div>\n                            <!-- col end-->\n                        <\/div>\n                        <!-- row end-->\n                    <\/div>\n                    <!-- popup end-->\n                <\/div>\n            <\/section>\n            <!-- ts-speaker end  -->\n        \n            \n            \n\n        \t\t<\/div>\n\t\t\t\t<\/div>\n\t\t\t\t\t\t<\/div>\n\t\t\t\t\t<\/div>\n\t\t<\/div>\n\t\t\t\t<div class=\"elementor-column elementor-col-25 elementor-inner-column elementor-element elementor-element-f646d76\" data-id=\"f646d76\" data-element_type=\"column\">\n\t\t\t<div class=\"elementor-column-wrap elementor-element-populated\">\n\t\t\t\t\t\t\t<div class=\"elementor-widget-wrap\">\n\t\t\t\t\t\t<div class=\"elementor-element elementor-element-6fe1cff elementor-widget elementor-widget-exhibz-speaker\" data-id=\"6fe1cff\" data-element_type=\"widget\" data-settings=\"{&quot;ekit_we_effect_on&quot;:&quot;none&quot;}\" data-widget_type=\"exhibz-speaker.default\">\n\t\t\t\t<div class=\"elementor-widget-container\">\n\t\t\t            \n\n                        <section class=\"ts-speakers-standard ts-speakers speaker-classic section-bg\">\n                <div class=\"ts-speaker\" style=\"--speaker-color: #25cd44\">\n                    <div class=\"speaker-img\">\n                                                    <img width=\"222\" height=\"227\" src=\"https:\/\/congressohvm.com\/2022\/wp-content\/uploads\/2022\/05\/Joa\u0303o-Abel-Buck.jpg\" class=\"img-fluid\" alt=\"\" loading=\"lazy\" \/>                                                <a href=\"#popup_6fe1cff2646\"\n                           class=\"view-speaker ts-image-popup\" data-effect=\"mfp-zoom-in\">\n                            <i class=\"icon icon-plus\"><\/i>\n                        <\/a>\n                    <\/div>\n                    <div class=\"ts-speaker-info\">\n                        <h3 class=\"ts-title\"><a\n                                    href=\"https:\/\/congressohvm.com\/2022\/es\/blog\/speaker\/joao-abel-buck\/\"> Jo\u00e3o Abel Buck <\/a>\n                        <\/h3>\n                        <p>\n                            Presidente da Associa\u00e7\u00e3o Brasileira de Hospitais Veterin\u00e1rios                        <\/p>\n                    <\/div>\n                    <!--- speaker info end -->\n                    <!-- popup start-->\n                    <div id=\"popup_6fe1cff2646\"\n                         class=\"container ts-speaker-popup mfp-hide\">\n                        <div class=\"row\">\n                            <div class=\"col-lg-6\">\n                                <div class=\"ts-speaker-popup-img\">\n                                                                            <img width=\"222\" height=\"227\" src=\"https:\/\/congressohvm.com\/2022\/wp-content\/uploads\/2022\/05\/Joa\u0303o-Abel-Buck.jpg\" class=\"attachment-full size-full\" alt=\"\" loading=\"lazy\" \/>                                                                    <\/div>\n                            <\/div>\n                            <!-- col end-->\n                            <div class=\"col-lg-6\">\n                                <div class=\"ts-speaker-popup-content\">\n                                    <h3 class=\"ts-title\"><a\n                                                href=\"https:\/\/congressohvm.com\/2022\/es\/blog\/speaker\/joao-abel-buck\/\"> Jo\u00e3o Abel Buck <\/a>\n                                    <\/h3>\n                                    <span class=\"speakder-designation\"> Presidente da Associa\u00e7\u00e3o Brasileira de Hospitais Veterin\u00e1rios<\/span>\n                                                                        <p>\n                                        <p><span style=\"font-weight: 400\">Graduado em Medicina Veterin\u00e1ria pela UNIFENAS \u2013 MG, especializado em radiologia pela IVI \u2013 Instituto Veterin\u00e1rio de Imagem. Cursou Gest\u00e3o e Inova\u00e7\u00e3o pela FGV.<\/span><\/p><p><span style=\"font-weight: 400\">Atualmente \u00e9 o Presidente da Associa\u00e7\u00e3o Brasileira de Hospitais Veterin\u00e1rios, e s\u00f3cio-propriet\u00e1rio do Hospital Veterin\u00e1rio Santa In\u00eas \u2013 SP<\/span><\/p>                                    <\/p>\n                                    <div class=\"ts-speakers-social\">\n                                                                                                                                                                <\/div>\n                                <\/div>\n                                <!-- ts-speaker-popup-content end-->\n                            <\/div>\n                            <!-- col end-->\n                        <\/div>\n                        <!-- row end-->\n                    <\/div>\n                    <!-- popup end-->\n                <\/div>\n            <\/section>\n            <!-- ts-speaker end  -->\n        \n            \n            \n\n        \t\t<\/div>\n\t\t\t\t<\/div>\n\t\t\t\t\t\t<\/div>\n\t\t\t\t\t<\/div>\n\t\t<\/div>\n\t\t\t\t<div class=\"elementor-column elementor-col-25 elementor-inner-column elementor-element elementor-element-e6468cf\" data-id=\"e6468cf\" data-element_type=\"column\">\n\t\t\t<div class=\"elementor-column-wrap elementor-element-populated\">\n\t\t\t\t\t\t\t<div class=\"elementor-widget-wrap\">\n\t\t\t\t\t\t<div class=\"elementor-element elementor-element-26eb5f5 elementor-widget elementor-widget-exhibz-speaker\" data-id=\"26eb5f5\" data-element_type=\"widget\" data-settings=\"{&quot;ekit_we_effect_on&quot;:&quot;none&quot;}\" data-widget_type=\"exhibz-speaker.default\">\n\t\t\t\t<div class=\"elementor-widget-container\">\n\t\t\t            \n\n                        <section class=\"ts-speakers-standard ts-speakers speaker-classic section-bg\">\n                <div class=\"ts-speaker\" style=\"--speaker-color: #25cd44\">\n                    <div class=\"speaker-img\">\n                                                    <img width=\"800\" height=\"800\" src=\"https:\/\/congressohvm.com\/2022\/wp-content\/uploads\/2022\/05\/Jorge-Leite.jpeg\" class=\"img-fluid\" alt=\"\" loading=\"lazy\" srcset=\"https:\/\/congressohvm.com\/2022\/wp-content\/uploads\/2022\/05\/Jorge-Leite.jpeg 800w, https:\/\/congressohvm.com\/2022\/wp-content\/uploads\/2022\/05\/Jorge-Leite-300x300.jpeg 300w, https:\/\/congressohvm.com\/2022\/wp-content\/uploads\/2022\/05\/Jorge-Leite-150x150.jpeg 150w, https:\/\/congressohvm.com\/2022\/wp-content\/uploads\/2022\/05\/Jorge-Leite-768x768.jpeg 768w\" sizes=\"(max-width: 800px) 100vw, 800px\" \/>                                                <a href=\"#popup_26eb5f52650\"\n                           class=\"view-speaker ts-image-popup\" data-effect=\"mfp-zoom-in\">\n                            <i class=\"icon icon-plus\"><\/i>\n                        <\/a>\n                    <\/div>\n                    <div class=\"ts-speaker-info\">\n                        <h3 class=\"ts-title\"><a\n                                    href=\"https:\/\/congressohvm.com\/2022\/es\/blog\/speaker\/jorge-leite\/\"> Jorge Leite <\/a>\n                        <\/h3>\n                        <p>\n                            M\u00e9dico Veterin\u00e1rio                        <\/p>\n                    <\/div>\n                    <!--- speaker info end -->\n                    <!-- popup start-->\n                    <div id=\"popup_26eb5f52650\"\n                         class=\"container ts-speaker-popup mfp-hide\">\n                        <div class=\"row\">\n                            <div class=\"col-lg-6\">\n                                <div class=\"ts-speaker-popup-img\">\n                                                                            <img width=\"800\" height=\"800\" src=\"https:\/\/congressohvm.com\/2022\/wp-content\/uploads\/2022\/05\/Jorge-Leite.jpeg\" class=\"attachment-full size-full\" alt=\"\" loading=\"lazy\" srcset=\"https:\/\/congressohvm.com\/2022\/wp-content\/uploads\/2022\/05\/Jorge-Leite.jpeg 800w, https:\/\/congressohvm.com\/2022\/wp-content\/uploads\/2022\/05\/Jorge-Leite-300x300.jpeg 300w, https:\/\/congressohvm.com\/2022\/wp-content\/uploads\/2022\/05\/Jorge-Leite-150x150.jpeg 150w, https:\/\/congressohvm.com\/2022\/wp-content\/uploads\/2022\/05\/Jorge-Leite-768x768.jpeg 768w\" sizes=\"(max-width: 800px) 100vw, 800px\" \/>                                                                    <\/div>\n                            <\/div>\n                            <!-- col end-->\n                            <div class=\"col-lg-6\">\n                                <div class=\"ts-speaker-popup-content\">\n                                    <h3 class=\"ts-title\"><a\n                                                href=\"https:\/\/congressohvm.com\/2022\/es\/blog\/speaker\/jorge-leite\/\"> Jorge Leite <\/a>\n                                    <\/h3>\n                                    <span class=\"speakder-designation\"> M\u00e9dico Veterin\u00e1rio<\/span>\n                                                                        <p>\n                                        <p><span style=\"font-weight: 400\">- Licenciado na Utad em 2005<\/span><\/p><p><span style=\"font-weight: 400\">- Trabalha full time em cirurgia ortop\u00e9dica, neuro-cirurgia y artroscopia desde 2009<\/span><\/p><p><span style=\"font-weight: 400\">-Frequentou 5 cursos AOvet e 18 cursos internacionais, todos relacionados com a cirurgia ortop\u00e9dica, artroscopia e neurocirurgia.\u00a0<\/span><\/p><p><span style=\"font-weight: 400\">Frequentou todos os congressos mundiais e europeus de ortopedia desde 2010<\/span><\/p><p><span style=\"font-weight: 400\">- Em 2012 fundou BONEMATRIX, empresa de cirurgia ortop\u00e9dica ambulat\u00f3ria.<\/span><\/p><p><span style=\"font-weight: 400\">- Em 2020 inaugurou o Centro de Cirurgia Veterinaria Avanzada, a nova casa da Bonematrix e o local onde dedica actualmente todo o seu tempo de trabalho, colaborando com mais de 60 clinicas de Portugal continental, ilhas e Espanha<\/span><\/p><p><span style=\"font-weight: 400\">- Palestrante frequente em diversos cursos e congressos nacionais e internacionais de ortopedia veterin\u00e1ria.<\/span><\/p><p><span style=\"font-weight: 400\">- Inventor do m\u00e9todo biomec\u00e2nico para medi\u00e7\u00e3o de tor\u00e7\u00e3o total de tibia e tarso<\/span><\/p><p><span style=\"font-weight: 400\">- Desenvolveu metodologia para a correc\u00e7\u00e3o simult\u00e2nea de tor\u00e7\u00e3o tibial e medializa\u00e7\u00e3o da TT<\/span><\/p><p><span style=\"font-weight: 400\">- Autor de um capitulo de um livro sobre corre\u00e7\u00e3o de deformidades angulares<\/span><\/p><p><span style=\"font-weight: 400\">- Envolvido directamente no desenho de novos implantes e seus ensaios cl\u00ednicos\u00a0 (pr\u00f3tese de troclea TRA INNOPLANT, sistema poliaxial CARMELO, placa h\u00edbrida de pan-artrodese INTRAUMA)<\/span><\/p><p><span style=\"font-weight: 400\">- instructor de la t\u00e9cnica TTTT, junto com o seu inventor, o Dr Massimo Petazzoni<\/span><\/p><p><span style=\"font-weight: 400\">- Especial interesse em t\u00e9cnicas MIO e MIPO, \u201climb aligment\u201d, artroscopia, \u201c3d planning\u201d e desenho de implantes<\/span><\/p><p><span style=\"font-weight: 400\">- Membro de GEVO, AVORE, AOvet e ESVOT<\/span><\/p>                                    <\/p>\n                                    <div class=\"ts-speakers-social\">\n                                                                                                                                                                <\/div>\n                                <\/div>\n                                <!-- ts-speaker-popup-content end-->\n                            <\/div>\n                            <!-- col end-->\n                        <\/div>\n                        <!-- row end-->\n                    <\/div>\n                    <!-- popup end-->\n                <\/div>\n            <\/section>\n            <!-- ts-speaker end  -->\n        \n            \n            \n\n        \t\t<\/div>\n\t\t\t\t<\/div>\n\t\t\t\t\t\t<\/div>\n\t\t\t\t\t<\/div>\n\t\t<\/div>\n\t\t\t\t<div class=\"elementor-column elementor-col-25 elementor-inner-column elementor-element elementor-element-0208278\" data-id=\"0208278\" data-element_type=\"column\">\n\t\t\t<div class=\"elementor-column-wrap elementor-element-populated\">\n\t\t\t\t\t\t\t<div class=\"elementor-widget-wrap\">\n\t\t\t\t\t\t<div class=\"elementor-element elementor-element-377f082 elementor-widget elementor-widget-exhibz-speaker\" data-id=\"377f082\" data-element_type=\"widget\" data-settings=\"{&quot;ekit_we_effect_on&quot;:&quot;none&quot;}\" data-widget_type=\"exhibz-speaker.default\">\n\t\t\t\t<div class=\"elementor-widget-container\">\n\t\t\t            \n\n                        <section class=\"ts-speakers-standard ts-speakers speaker-classic section-bg\">\n                <div class=\"ts-speaker\" style=\"--speaker-color: #25cd44\">\n                    <div class=\"speaker-img\">\n                                                    <img width=\"282\" height=\"296\" src=\"https:\/\/congressohvm.com\/2022\/wp-content\/uploads\/2022\/05\/Jose-Daniel-Vasquez.png\" class=\"img-fluid\" alt=\"\" loading=\"lazy\" \/>                                                <a href=\"#popup_377f0822653\"\n                           class=\"view-speaker ts-image-popup\" data-effect=\"mfp-zoom-in\">\n                            <i class=\"icon icon-plus\"><\/i>\n                        <\/a>\n                    <\/div>\n                    <div class=\"ts-speaker-info\">\n                        <h3 class=\"ts-title\"><a\n                                    href=\"https:\/\/congressohvm.com\/2022\/es\/blog\/speaker\/jose-daniel-vasquez\/\"> Jos\u00e9 Daniel Vasquez <\/a>\n                        <\/h3>\n                        <p>\n                            M\u00e9dico Veterin\u00e1rio e Professor                        <\/p>\n                    <\/div>\n                    <!--- speaker info end -->\n                    <!-- popup start-->\n                    <div id=\"popup_377f0822653\"\n                         class=\"container ts-speaker-popup mfp-hide\">\n                        <div class=\"row\">\n                            <div class=\"col-lg-6\">\n                                <div class=\"ts-speaker-popup-img\">\n                                                                            <img width=\"282\" height=\"296\" src=\"https:\/\/congressohvm.com\/2022\/wp-content\/uploads\/2022\/05\/Jose-Daniel-Vasquez.png\" class=\"attachment-full size-full\" alt=\"\" loading=\"lazy\" \/>                                                                    <\/div>\n                            <\/div>\n                            <!-- col end-->\n                            <div class=\"col-lg-6\">\n                                <div class=\"ts-speaker-popup-content\">\n                                    <h3 class=\"ts-title\"><a\n                                                href=\"https:\/\/congressohvm.com\/2022\/es\/blog\/speaker\/jose-daniel-vasquez\/\"> Jos\u00e9 Daniel Vasquez <\/a>\n                                    <\/h3>\n                                    <span class=\"speakder-designation\"> M\u00e9dico Veterin\u00e1rio e Professor<\/span>\n                                                                        <p>\n                                        <p><span style=\"font-weight: 400\">Doutor en Veterinaria pola Universidade de Santiago de Compostela, Profesor Asociado de Diagn\u00f3stico por Imaxe na Facultade de Veterinaria de Lugo dende o ano 2009 e acreditado por AVEPA en Diagn\u00f3stico por Imaxe dende 2013. Son Facultativo Veterinario do Servizo de Diagn\u00f3stico por Imaxe do HVU Rof Codina dende o 2007.<\/span><\/p>                                    <\/p>\n                                    <div class=\"ts-speakers-social\">\n                                                                                                                                                                <\/div>\n                                <\/div>\n                                <!-- ts-speaker-popup-content end-->\n                            <\/div>\n                            <!-- col end-->\n                        <\/div>\n                        <!-- row end-->\n                    <\/div>\n                    <!-- popup end-->\n                <\/div>\n            <\/section>\n            <!-- ts-speaker end  -->\n        \n            \n            \n\n        \t\t<\/div>\n\t\t\t\t<\/div>\n\t\t\t\t\t\t<\/div>\n\t\t\t\t\t<\/div>\n\t\t<\/div>\n\t\t\t\t\t\t\t\t<\/div>\n\t\t\t\t\t<\/div>\n\t\t<\/section>\n\t\t\t\t<section class=\"elementor-section elementor-inner-section elementor-element elementor-element-466fd3c elementor-section-boxed elementor-section-height-default elementor-section-height-default\" data-id=\"466fd3c\" data-element_type=\"section\">\n\t\t\t\t\t\t<div class=\"elementor-container elementor-column-gap-default\">\n\t\t\t\t\t\t\t<div class=\"elementor-row\">\n\t\t\t\t\t<div class=\"elementor-column elementor-col-25 elementor-inner-column elementor-element elementor-element-692cc01\" data-id=\"692cc01\" data-element_type=\"column\">\n\t\t\t<div class=\"elementor-column-wrap elementor-element-populated\">\n\t\t\t\t\t\t\t<div class=\"elementor-widget-wrap\">\n\t\t\t\t\t\t<div class=\"elementor-element elementor-element-484fd2c elementor-widget elementor-widget-exhibz-speaker\" data-id=\"484fd2c\" data-element_type=\"widget\" data-settings=\"{&quot;ekit_we_effect_on&quot;:&quot;none&quot;}\" data-widget_type=\"exhibz-speaker.default\">\n\t\t\t\t<div class=\"elementor-widget-container\">\n\t\t\t            \n\n                        <section class=\"ts-speakers-standard ts-speakers speaker-classic section-bg\">\n                <div class=\"ts-speaker\" style=\"--speaker-color: #25cd44\">\n                    <div class=\"speaker-img\">\n                                                    <img width=\"1548\" height=\"1548\" src=\"https:\/\/congressohvm.com\/2022\/wp-content\/uploads\/2022\/05\/Jose-Grac\u0327a-e1655935297786.jpg\" class=\"img-fluid\" alt=\"\" loading=\"lazy\" srcset=\"https:\/\/congressohvm.com\/2022\/wp-content\/uploads\/2022\/05\/Jose-Grac\u0327a-e1655935297786.jpg 1548w, https:\/\/congressohvm.com\/2022\/wp-content\/uploads\/2022\/05\/Jose-Grac\u0327a-e1655935297786-300x300.jpg 300w, https:\/\/congressohvm.com\/2022\/wp-content\/uploads\/2022\/05\/Jose-Grac\u0327a-e1655935297786-1024x1024.jpg 1024w, https:\/\/congressohvm.com\/2022\/wp-content\/uploads\/2022\/05\/Jose-Grac\u0327a-e1655935297786-150x150.jpg 150w, https:\/\/congressohvm.com\/2022\/wp-content\/uploads\/2022\/05\/Jose-Grac\u0327a-e1655935297786-768x768.jpg 768w, https:\/\/congressohvm.com\/2022\/wp-content\/uploads\/2022\/05\/Jose-Grac\u0327a-e1655935297786-1536x1536.jpg 1536w\" sizes=\"(max-width: 1548px) 100vw, 1548px\" \/>                                                <a href=\"#popup_484fd2c2656\"\n                           class=\"view-speaker ts-image-popup\" data-effect=\"mfp-zoom-in\">\n                            <i class=\"icon icon-plus\"><\/i>\n                        <\/a>\n                    <\/div>\n                    <div class=\"ts-speaker-info\">\n                        <h3 class=\"ts-title\"><a\n                                    href=\"https:\/\/congressohvm.com\/2022\/es\/blog\/speaker\/jose-graca\/\"> Jos\u00e9 Gra\u00e7a <\/a>\n                        <\/h3>\n                        <p>\n                            M\u00e9dico Veterin\u00e1rio                        <\/p>\n                    <\/div>\n                    <!--- speaker info end -->\n                    <!-- popup start-->\n                    <div id=\"popup_484fd2c2656\"\n                         class=\"container ts-speaker-popup mfp-hide\">\n                        <div class=\"row\">\n                            <div class=\"col-lg-6\">\n                                <div class=\"ts-speaker-popup-img\">\n                                                                            <img width=\"1548\" height=\"1548\" src=\"https:\/\/congressohvm.com\/2022\/wp-content\/uploads\/2022\/05\/Jose-Grac\u0327a-e1655935297786.jpg\" class=\"attachment-full size-full\" alt=\"\" loading=\"lazy\" srcset=\"https:\/\/congressohvm.com\/2022\/wp-content\/uploads\/2022\/05\/Jose-Grac\u0327a-e1655935297786.jpg 1548w, https:\/\/congressohvm.com\/2022\/wp-content\/uploads\/2022\/05\/Jose-Grac\u0327a-e1655935297786-300x300.jpg 300w, https:\/\/congressohvm.com\/2022\/wp-content\/uploads\/2022\/05\/Jose-Grac\u0327a-e1655935297786-1024x1024.jpg 1024w, https:\/\/congressohvm.com\/2022\/wp-content\/uploads\/2022\/05\/Jose-Grac\u0327a-e1655935297786-150x150.jpg 150w, https:\/\/congressohvm.com\/2022\/wp-content\/uploads\/2022\/05\/Jose-Grac\u0327a-e1655935297786-768x768.jpg 768w, https:\/\/congressohvm.com\/2022\/wp-content\/uploads\/2022\/05\/Jose-Grac\u0327a-e1655935297786-1536x1536.jpg 1536w\" sizes=\"(max-width: 1548px) 100vw, 1548px\" \/>                                                                    <\/div>\n                            <\/div>\n                            <!-- col end-->\n                            <div class=\"col-lg-6\">\n                                <div class=\"ts-speaker-popup-content\">\n                                    <h3 class=\"ts-title\"><a\n                                                href=\"https:\/\/congressohvm.com\/2022\/es\/blog\/speaker\/jose-graca\/\"> Jos\u00e9 Gra\u00e7a <\/a>\n                                    <\/h3>\n                                    <span class=\"speakder-designation\"> M\u00e9dico Veterin\u00e1rio<\/span>\n                                                                        <p>\n                                        <ul><li>2001-2006- M\u00e9dico Veterin\u00e1rio no Hospital Veterin\u00e1rio Montenegro, respons\u00e1vel pelo servi\u00e7o de ecografia.<\/li><\/ul><p>&nbsp;<\/p><ul><li>2001\u2013 Est\u00e1gios curriculares no Hospital Veterin\u00e1rio Los Madrazo (Madrid \u2013 Espanha), no Hospital Veterin\u00e1rio Anubi (Torino \u2013 It\u00e1lia) e na Universidade Complutense de Madrid.<\/li><\/ul><p>&nbsp;<\/p><ul><li>Diretor da Empresa Ecovm - Ecografia Veterin\u00e1ria M\u00f3vel LDA<\/li><\/ul><p>&nbsp;<\/p><ul><li>Diretor Cl\u00ednico de Imagiologia Veterin\u00e1ria do Porto e Centro de Cardiologia Veterin\u00e1ria<\/li><\/ul><p>&nbsp;<\/p><ul><li>Formador em v\u00e1rios cursos de Ecografia Abdominal b\u00e1sica e avan\u00e7ada.<\/li><\/ul><p>&nbsp;<\/p><ul><li>Participa\u00e7\u00e3o em cursos de Contraste em ecografia abdominal com a realiza\u00e7\u00e3o de estudos, elastografia.<\/li><\/ul><ul><li>Participa\u00e7\u00e3o em v\u00e1rias comunica\u00e7\u00f5es livres, Posters e co-autor em artigos cient\u00edficos.<\/li><\/ul><ul><li>Coopera\u00e7\u00e3o com mais de 80 cl\u00ednicas na \u00c1rea do Grande Porto.<\/li><\/ul><p>&nbsp;<\/p><ul><li>Coopera\u00e7\u00e3o com o Jardim Zool\u00f3gico da Maia na Ecografia de animais selvagens<\/li><\/ul><p>&nbsp;<\/p>                                    <\/p>\n                                    <div class=\"ts-speakers-social\">\n                                                                                                                                                                <\/div>\n                                <\/div>\n                                <!-- ts-speaker-popup-content end-->\n                            <\/div>\n                            <!-- col end-->\n                        <\/div>\n                        <!-- row end-->\n                    <\/div>\n                    <!-- popup end-->\n                <\/div>\n            <\/section>\n            <!-- ts-speaker end  -->\n        \n            \n            \n\n        \t\t<\/div>\n\t\t\t\t<\/div>\n\t\t\t\t\t\t<\/div>\n\t\t\t\t\t<\/div>\n\t\t<\/div>\n\t\t\t\t<div class=\"elementor-column elementor-col-25 elementor-inner-column elementor-element elementor-element-ccef55d\" data-id=\"ccef55d\" data-element_type=\"column\">\n\t\t\t<div class=\"elementor-column-wrap elementor-element-populated\">\n\t\t\t\t\t\t\t<div class=\"elementor-widget-wrap\">\n\t\t\t\t\t\t<div class=\"elementor-element elementor-element-2dc6335 elementor-widget elementor-widget-exhibz-speaker\" data-id=\"2dc6335\" data-element_type=\"widget\" data-settings=\"{&quot;ekit_we_effect_on&quot;:&quot;none&quot;}\" data-widget_type=\"exhibz-speaker.default\">\n\t\t\t\t<div class=\"elementor-widget-container\">\n\t\t\t            \n\n                        <section class=\"ts-speakers-standard ts-speakers speaker-classic section-bg\">\n                <div class=\"ts-speaker\" style=\"--speaker-color: #25cd44\">\n                    <div class=\"speaker-img\">\n                                                    <img width=\"1536\" height=\"1536\" src=\"https:\/\/congressohvm.com\/2022\/wp-content\/uploads\/2022\/05\/Maria-Martins-e1654712299605.jpg\" class=\"img-fluid\" alt=\"\" loading=\"lazy\" srcset=\"https:\/\/congressohvm.com\/2022\/wp-content\/uploads\/2022\/05\/Maria-Martins-e1654712299605.jpg 1536w, https:\/\/congressohvm.com\/2022\/wp-content\/uploads\/2022\/05\/Maria-Martins-e1654712299605-300x300.jpg 300w, https:\/\/congressohvm.com\/2022\/wp-content\/uploads\/2022\/05\/Maria-Martins-e1654712299605-1024x1024.jpg 1024w, https:\/\/congressohvm.com\/2022\/wp-content\/uploads\/2022\/05\/Maria-Martins-e1654712299605-150x150.jpg 150w, https:\/\/congressohvm.com\/2022\/wp-content\/uploads\/2022\/05\/Maria-Martins-e1654712299605-768x768.jpg 768w\" sizes=\"(max-width: 1536px) 100vw, 1536px\" \/>                                                <a href=\"#popup_2dc63352659\"\n                           class=\"view-speaker ts-image-popup\" data-effect=\"mfp-zoom-in\">\n                            <i class=\"icon icon-plus\"><\/i>\n                        <\/a>\n                    <\/div>\n                    <div class=\"ts-speaker-info\">\n                        <h3 class=\"ts-title\"><a\n                                    href=\"https:\/\/congressohvm.com\/2022\/es\/blog\/speaker\/maria-martins\/\"> Maria Martins <\/a>\n                        <\/h3>\n                        <p>\n                            M\u00e9dica Veterin\u00e1ria                        <\/p>\n                    <\/div>\n                    <!--- speaker info end -->\n                    <!-- popup start-->\n                    <div id=\"popup_2dc63352659\"\n                         class=\"container ts-speaker-popup mfp-hide\">\n                        <div class=\"row\">\n                            <div class=\"col-lg-6\">\n                                <div class=\"ts-speaker-popup-img\">\n                                                                            <img width=\"1536\" height=\"1536\" src=\"https:\/\/congressohvm.com\/2022\/wp-content\/uploads\/2022\/05\/Maria-Martins-e1654712299605.jpg\" class=\"attachment-full size-full\" alt=\"\" loading=\"lazy\" srcset=\"https:\/\/congressohvm.com\/2022\/wp-content\/uploads\/2022\/05\/Maria-Martins-e1654712299605.jpg 1536w, https:\/\/congressohvm.com\/2022\/wp-content\/uploads\/2022\/05\/Maria-Martins-e1654712299605-300x300.jpg 300w, https:\/\/congressohvm.com\/2022\/wp-content\/uploads\/2022\/05\/Maria-Martins-e1654712299605-1024x1024.jpg 1024w, https:\/\/congressohvm.com\/2022\/wp-content\/uploads\/2022\/05\/Maria-Martins-e1654712299605-150x150.jpg 150w, https:\/\/congressohvm.com\/2022\/wp-content\/uploads\/2022\/05\/Maria-Martins-e1654712299605-768x768.jpg 768w\" sizes=\"(max-width: 1536px) 100vw, 1536px\" \/>                                                                    <\/div>\n                            <\/div>\n                            <!-- col end-->\n                            <div class=\"col-lg-6\">\n                                <div class=\"ts-speaker-popup-content\">\n                                    <h3 class=\"ts-title\"><a\n                                                href=\"https:\/\/congressohvm.com\/2022\/es\/blog\/speaker\/maria-martins\/\"> Maria Martins <\/a>\n                                    <\/h3>\n                                    <span class=\"speakder-designation\"> M\u00e9dica Veterin\u00e1ria<\/span>\n                                                                        <p>\n                                        <p><span style=\"font-weight: 400\">Mestre em Medicina Veterin\u00e1ria pela Universidade de \u00c9vora em fevereiro de 2022.\u00a0<\/span><\/p><p>&nbsp;<\/p><p><span style=\"font-weight: 400\">Realizou est\u00e1gios extracurriculares em animais de companhia numa cl\u00ednica em Castelo Branco, no Hospital Animal Bluecare (Mijas, M\u00e1laga) e no Hospital Refer\u00eancia Veterin\u00e1ria Montenegro (Porto). Neste \u00faltimo realizou tamb\u00e9m o seu est\u00e1gio curricular e iniciou atividade profissional em abril de 2021.\u00a0<\/span><\/p><p>&nbsp;<\/p><p><span style=\"font-weight: 400\">Tem principal interesse nas \u00e1reas de urg\u00eancias e cuidados intensivos, medicina interna e endoscopia e cirurgia de m\u00ednima invas\u00e3o.<\/span><\/p>                                    <\/p>\n                                    <div class=\"ts-speakers-social\">\n                                                                                                                                                                <\/div>\n                                <\/div>\n                                <!-- ts-speaker-popup-content end-->\n                            <\/div>\n                            <!-- col end-->\n                        <\/div>\n                        <!-- row end-->\n                    <\/div>\n                    <!-- popup end-->\n                <\/div>\n            <\/section>\n            <!-- ts-speaker end  -->\n        \n            \n            \n\n        \t\t<\/div>\n\t\t\t\t<\/div>\n\t\t\t\t\t\t<\/div>\n\t\t\t\t\t<\/div>\n\t\t<\/div>\n\t\t\t\t<div class=\"elementor-column elementor-col-25 elementor-inner-column elementor-element elementor-element-da1ab47\" data-id=\"da1ab47\" data-element_type=\"column\">\n\t\t\t<div class=\"elementor-column-wrap elementor-element-populated\">\n\t\t\t\t\t\t\t<div class=\"elementor-widget-wrap\">\n\t\t\t\t\t\t<div class=\"elementor-element elementor-element-66b2412 elementor-widget elementor-widget-exhibz-speaker\" data-id=\"66b2412\" data-element_type=\"widget\" data-settings=\"{&quot;ekit_we_effect_on&quot;:&quot;none&quot;}\" data-widget_type=\"exhibz-speaker.default\">\n\t\t\t\t<div class=\"elementor-widget-container\">\n\t\t\t            \n\n                        <section class=\"ts-speakers-standard ts-speakers speaker-classic section-bg\">\n                <div class=\"ts-speaker\" style=\"--speaker-color: #25cd44\">\n                    <div class=\"speaker-img\">\n                                                    <img width=\"140\" height=\"140\" src=\"https:\/\/congressohvm.com\/2022\/wp-content\/uploads\/2022\/05\/Marta-Pinto.jpg\" class=\"img-fluid\" alt=\"\" loading=\"lazy\" \/>                                                <a href=\"#popup_66b24122662\"\n                           class=\"view-speaker ts-image-popup\" data-effect=\"mfp-zoom-in\">\n                            <i class=\"icon icon-plus\"><\/i>\n                        <\/a>\n                    <\/div>\n                    <div class=\"ts-speaker-info\">\n                        <h3 class=\"ts-title\"><a\n                                    href=\"https:\/\/congressohvm.com\/2022\/es\/blog\/speaker\/marta-pinto\/\"> Marta Pinto <\/a>\n                        <\/h3>\n                        <p>\n                            M\u00e9dica Veterin\u00e1ria                        <\/p>\n                    <\/div>\n                    <!--- speaker info end -->\n                    <!-- popup start-->\n                    <div id=\"popup_66b24122662\"\n                         class=\"container ts-speaker-popup mfp-hide\">\n                        <div class=\"row\">\n                            <div class=\"col-lg-6\">\n                                <div class=\"ts-speaker-popup-img\">\n                                                                            <img width=\"140\" height=\"140\" src=\"https:\/\/congressohvm.com\/2022\/wp-content\/uploads\/2022\/05\/Marta-Pinto.jpg\" class=\"attachment-full size-full\" alt=\"\" loading=\"lazy\" \/>                                                                    <\/div>\n                            <\/div>\n                            <!-- col end-->\n                            <div class=\"col-lg-6\">\n                                <div class=\"ts-speaker-popup-content\">\n                                    <h3 class=\"ts-title\"><a\n                                                href=\"https:\/\/congressohvm.com\/2022\/es\/blog\/speaker\/marta-pinto\/\"> Marta Pinto <\/a>\n                                    <\/h3>\n                                    <span class=\"speakder-designation\"> M\u00e9dica Veterin\u00e1ria<\/span>\n                                                                        <p>\n                                        <p><span style=\"font-weight: 400\">Licenciada em Medicina Veterin\u00e1ria pela faculdade de Medicina Veterin\u00e1ria da Universidade do Porto \u2013 ICBAS, desde 2000. Realizou parte do seu est\u00e1gio curricular na Universidade Aut\u00f3noma de Barcelona. Trabalha com M\u00e9dica Veterin\u00e1ria, no Hospital Refer\u00eancia Veterin\u00e1ria Montenegro desde 2000, onde \u00e9 respons\u00e1vel pela \u00e1rea de cirurgia geral,\u00a0 neurocirurgia e t\u00e9cnicas endoscopia. Realizou v\u00e1rios cursos de p\u00f3s- gradua\u00e7\u00e3o na \u00e1rea da cirurgia geral, da cirurgia minimamente invasiva e na \u00e1rea das t\u00e9cnicas endosc\u00f3picas. Obteve em 2013 o <\/span><i><span style=\"font-weight: 400\">General Practitioner in Small Animal Surgery <\/span><\/i><span style=\"font-weight: 400\">e em2014 o <\/span><i><span style=\"font-weight: 400\">General Practitioner in Small Animal Endoscopy<\/span><\/i><span style=\"font-weight: 400\">, pela <\/span><i><span style=\"font-weight: 400\">European School of Veterinary Postgraduate Studies.\u00a0<\/span><\/i><\/p>                                    <\/p>\n                                    <div class=\"ts-speakers-social\">\n                                                                                                                                                                <\/div>\n                                <\/div>\n                                <!-- ts-speaker-popup-content end-->\n                            <\/div>\n                            <!-- col end-->\n                        <\/div>\n                        <!-- row end-->\n                    <\/div>\n                    <!-- popup end-->\n                <\/div>\n            <\/section>\n            <!-- ts-speaker end  -->\n        \n            \n            \n\n        \t\t<\/div>\n\t\t\t\t<\/div>\n\t\t\t\t\t\t<\/div>\n\t\t\t\t\t<\/div>\n\t\t<\/div>\n\t\t\t\t<div class=\"elementor-column elementor-col-25 elementor-inner-column elementor-element elementor-element-d5237ad\" data-id=\"d5237ad\" data-element_type=\"column\">\n\t\t\t<div class=\"elementor-column-wrap elementor-element-populated\">\n\t\t\t\t\t\t\t<div class=\"elementor-widget-wrap\">\n\t\t\t\t\t\t<div class=\"elementor-element elementor-element-94b4624 elementor-widget elementor-widget-exhibz-speaker\" data-id=\"94b4624\" data-element_type=\"widget\" data-settings=\"{&quot;ekit_we_effect_on&quot;:&quot;none&quot;}\" data-widget_type=\"exhibz-speaker.default\">\n\t\t\t\t<div class=\"elementor-widget-container\">\n\t\t\t            \n\n                        <section class=\"ts-speakers-standard ts-speakers speaker-classic section-bg\">\n                <div class=\"ts-speaker\" style=\"--speaker-color: #25cd44\">\n                    <div class=\"speaker-img\">\n                                                    <img width=\"227\" height=\"222\" src=\"https:\/\/congressohvm.com\/2022\/wp-content\/uploads\/2022\/05\/Miguel-A\u0302ngelo.jpg\" class=\"img-fluid\" alt=\"\" loading=\"lazy\" \/>                                                <a href=\"#popup_94b46242665\"\n                           class=\"view-speaker ts-image-popup\" data-effect=\"mfp-zoom-in\">\n                            <i class=\"icon icon-plus\"><\/i>\n                        <\/a>\n                    <\/div>\n                    <div class=\"ts-speaker-info\">\n                        <h3 class=\"ts-title\"><a\n                                    href=\"https:\/\/congressohvm.com\/2022\/es\/blog\/speaker\/miguel-angelo\/\"> Miguel \u00c2ngelo <\/a>\n                        <\/h3>\n                        <p>\n                            National Account Manager na MARS                        <\/p>\n                    <\/div>\n                    <!--- speaker info end -->\n                    <!-- popup start-->\n                    <div id=\"popup_94b46242665\"\n                         class=\"container ts-speaker-popup mfp-hide\">\n                        <div class=\"row\">\n                            <div class=\"col-lg-6\">\n                                <div class=\"ts-speaker-popup-img\">\n                                                                            <img width=\"227\" height=\"222\" src=\"https:\/\/congressohvm.com\/2022\/wp-content\/uploads\/2022\/05\/Miguel-A\u0302ngelo.jpg\" class=\"attachment-full size-full\" alt=\"\" loading=\"lazy\" \/>                                                                    <\/div>\n                            <\/div>\n                            <!-- col end-->\n                            <div class=\"col-lg-6\">\n                                <div class=\"ts-speaker-popup-content\">\n                                    <h3 class=\"ts-title\"><a\n                                                href=\"https:\/\/congressohvm.com\/2022\/es\/blog\/speaker\/miguel-angelo\/\"> Miguel \u00c2ngelo <\/a>\n                                    <\/h3>\n                                    <span class=\"speakder-designation\"> National Account Manager na MARS<\/span>\n                                                                        <p>\n                                        <p><span style=\"font-weight: 400\">Come\u00e7ou como Trainee na MARS<\/span><span style=\"font-weight: 400\">:<\/span><\/p><p><span style=\"font-weight: 400\">De vendedor de impulso a National Account Manager.<\/span><\/p><p><span style=\"font-weight: 400\">Partner da Excelforma\u00e7\u00e3o<\/span><\/p><p><span style=\"font-weight: 400\">Foco na \u00e1rea comercial: Vendas, Negocia\u00e7\u00e3o e Gest\u00e3o Equipas<\/span><\/p><p><span style=\"font-weight: 400\">22 anos de experi\u00eancia com muitas ind\u00fastrias: Grande consumo, retalho, farmac\u00eautica, Tecnologia, Banca e Seguros.<\/span><\/p><p><span style=\"font-weight: 400\">Professor na Educa\u00e7\u00e3o de Executivos, da Universidade Cat\u00f3lica Portuguesa desde 2008<\/span><\/p><p><span style=\"font-weight: 400\">Negocia\u00e7\u00e3o, Gest\u00e3o de Equipas Comerciais, Processo de venda, entre outros.<\/span><\/p><p><span style=\"font-weight: 400\">Um eterno Otimista e orgulhoso s\u00f3cio do SPORTING\u00a0<\/span><\/p>                                    <\/p>\n                                    <div class=\"ts-speakers-social\">\n                                                                                                                                                                <\/div>\n                                <\/div>\n                                <!-- ts-speaker-popup-content end-->\n                            <\/div>\n                            <!-- col end-->\n                        <\/div>\n                        <!-- row end-->\n                    <\/div>\n                    <!-- popup end-->\n                <\/div>\n            <\/section>\n            <!-- ts-speaker end  -->\n        \n            \n            \n\n        \t\t<\/div>\n\t\t\t\t<\/div>\n\t\t\t\t\t\t<\/div>\n\t\t\t\t\t<\/div>\n\t\t<\/div>\n\t\t\t\t\t\t\t\t<\/div>\n\t\t\t\t\t<\/div>\n\t\t<\/section>\n\t\t\t\t<section class=\"elementor-section elementor-inner-section elementor-element elementor-element-44eb0bd elementor-section-boxed elementor-section-height-default elementor-section-height-default\" data-id=\"44eb0bd\" data-element_type=\"section\">\n\t\t\t\t\t\t<div class=\"elementor-container elementor-column-gap-default\">\n\t\t\t\t\t\t\t<div class=\"elementor-row\">\n\t\t\t\t\t<div class=\"elementor-column elementor-col-25 elementor-inner-column elementor-element elementor-element-bad2fff\" data-id=\"bad2fff\" data-element_type=\"column\">\n\t\t\t<div class=\"elementor-column-wrap elementor-element-populated\">\n\t\t\t\t\t\t\t<div class=\"elementor-widget-wrap\">\n\t\t\t\t\t\t<div class=\"elementor-element elementor-element-4389c77 elementor-widget elementor-widget-exhibz-speaker\" data-id=\"4389c77\" data-element_type=\"widget\" data-settings=\"{&quot;ekit_we_effect_on&quot;:&quot;none&quot;}\" data-widget_type=\"exhibz-speaker.default\">\n\t\t\t\t<div class=\"elementor-widget-container\">\n\t\t\t            \n\n                        <section class=\"ts-speakers-standard ts-speakers speaker-classic section-bg\">\n                <div class=\"ts-speaker\" style=\"--speaker-color: #25cd44\">\n                    <div class=\"speaker-img\">\n                                                    <img width=\"213\" height=\"237\" src=\"https:\/\/congressohvm.com\/2022\/wp-content\/uploads\/2022\/05\/Pablo-Gomes-Ochoa-1.jpg\" class=\"img-fluid\" alt=\"\" loading=\"lazy\" \/>                                                <a href=\"#popup_4389c772668\"\n                           class=\"view-speaker ts-image-popup\" data-effect=\"mfp-zoom-in\">\n                            <i class=\"icon icon-plus\"><\/i>\n                        <\/a>\n                    <\/div>\n                    <div class=\"ts-speaker-info\">\n                        <h3 class=\"ts-title\"><a\n                                    href=\"https:\/\/congressohvm.com\/2022\/es\/blog\/speaker\/pablo-gomes-ochoa\/\"> Pablo Gomes Ochoa <\/a>\n                        <\/h3>\n                        <p>\n                            M\u00e9dico Veterin\u00e1rio                        <\/p>\n                    <\/div>\n                    <!--- speaker info end -->\n                    <!-- popup start-->\n                    <div id=\"popup_4389c772668\"\n                         class=\"container ts-speaker-popup mfp-hide\">\n                        <div class=\"row\">\n                            <div class=\"col-lg-6\">\n                                <div class=\"ts-speaker-popup-img\">\n                                                                            <img width=\"213\" height=\"237\" src=\"https:\/\/congressohvm.com\/2022\/wp-content\/uploads\/2022\/05\/Pablo-Gomes-Ochoa-1.jpg\" class=\"attachment-full size-full\" alt=\"\" loading=\"lazy\" \/>                                                                    <\/div>\n                            <\/div>\n                            <!-- col end-->\n                            <div class=\"col-lg-6\">\n                                <div class=\"ts-speaker-popup-content\">\n                                    <h3 class=\"ts-title\"><a\n                                                href=\"https:\/\/congressohvm.com\/2022\/es\/blog\/speaker\/pablo-gomes-ochoa\/\"> Pablo Gomes Ochoa <\/a>\n                                    <\/h3>\n                                    <span class=\"speakder-designation\"> M\u00e9dico Veterin\u00e1rio<\/span>\n                                                                        <p>\n                                        <p><span style=\"font-weight: 400\">Licenciado en 2000 en la Universidad de Zaragoza y Doctor en 2004 por la misma Universidad. Durante la tesis doctoral secuencio la prolactina canina e invent\u00f3 y describi\u00f3 el uso de la domperidona como tratamiento y profil\u00e1ctico frente a la leishmaniosis canina, que le valieron un premio nacional de investigaci\u00f3n y el premio internacional 3M en avances significativos en medicina. Ha publicado m\u00e1s de una treintena de art\u00edculos internacionales, as\u00ed como numerosos art\u00edculos de divulgaci\u00f3n y comunicaciones a congresos nacionales e internacionales. En el campo de la ecograf\u00eda ha realizado estancias en hospitales de medicina humana, adem\u00e1s de en el Animal Health Trust. En el 2006 fue profesor invitado en las Universidades de Ohio State y en Kansas State. En el 2010 ha sido profesor visitante en el servicio de cardiolog\u00eda de la Ohio State University y en la Universita di Sassari en Italia. En este campo ha realizado avances significativos con el desarrollo de una prueba de contraste para el diagn\u00f3stico de las derivaciones portosist\u00e9micos y la aplicaci\u00f3n de los \u00edndices semicuantitativos Doppler en los linfonodos abdominales. Ha sido ponente en m\u00e1s de 100 cursos y congresos nacionales e internacionales, y ha publicado el primer libro con realidad aumentada en medicina veterinaria, traducido 7 idiomas. En la actualidad es Profesor Titular a tiempo parcial de la Universidad de Zaragoza y desde 2012 trabaja en VetCorner Unavets, un centro diagn\u00f3stico pionero en ecograf\u00eda y radiofrecuencia.<\/span><\/p>                                    <\/p>\n                                    <div class=\"ts-speakers-social\">\n                                                                                                                                                                <\/div>\n                                <\/div>\n                                <!-- ts-speaker-popup-content end-->\n                            <\/div>\n                            <!-- col end-->\n                        <\/div>\n                        <!-- row end-->\n                    <\/div>\n                    <!-- popup end-->\n                <\/div>\n            <\/section>\n            <!-- ts-speaker end  -->\n        \n            \n            \n\n        \t\t<\/div>\n\t\t\t\t<\/div>\n\t\t\t\t\t\t<\/div>\n\t\t\t\t\t<\/div>\n\t\t<\/div>\n\t\t\t\t<div class=\"elementor-column elementor-col-25 elementor-inner-column elementor-element elementor-element-16d9dbd\" data-id=\"16d9dbd\" data-element_type=\"column\">\n\t\t\t<div class=\"elementor-column-wrap elementor-element-populated\">\n\t\t\t\t\t\t\t<div class=\"elementor-widget-wrap\">\n\t\t\t\t\t\t<div class=\"elementor-element elementor-element-1578dc8 elementor-widget elementor-widget-exhibz-speaker\" data-id=\"1578dc8\" data-element_type=\"widget\" data-settings=\"{&quot;ekit_we_effect_on&quot;:&quot;none&quot;}\" data-widget_type=\"exhibz-speaker.default\">\n\t\t\t\t<div class=\"elementor-widget-container\">\n\t\t\t            \n\n                        <section class=\"ts-speakers-standard ts-speakers speaker-classic section-bg\">\n                <div class=\"ts-speaker\" style=\"--speaker-color: #25cd44\">\n                    <div class=\"speaker-img\">\n                                                    <img width=\"1817\" height=\"1817\" src=\"https:\/\/congressohvm.com\/2022\/wp-content\/uploads\/2022\/05\/Patricia-Poeta-scaled-e1654712257729.jpg\" class=\"img-fluid\" alt=\"\" loading=\"lazy\" srcset=\"https:\/\/congressohvm.com\/2022\/wp-content\/uploads\/2022\/05\/Patricia-Poeta-scaled-e1654712257729.jpg 1817w, https:\/\/congressohvm.com\/2022\/wp-content\/uploads\/2022\/05\/Patricia-Poeta-scaled-e1654712257729-300x300.jpg 300w, https:\/\/congressohvm.com\/2022\/wp-content\/uploads\/2022\/05\/Patricia-Poeta-scaled-e1654712257729-1024x1024.jpg 1024w, https:\/\/congressohvm.com\/2022\/wp-content\/uploads\/2022\/05\/Patricia-Poeta-scaled-e1654712257729-150x150.jpg 150w, https:\/\/congressohvm.com\/2022\/wp-content\/uploads\/2022\/05\/Patricia-Poeta-scaled-e1654712257729-768x768.jpg 768w, https:\/\/congressohvm.com\/2022\/wp-content\/uploads\/2022\/05\/Patricia-Poeta-scaled-e1654712257729-1536x1536.jpg 1536w\" sizes=\"(max-width: 1817px) 100vw, 1817px\" \/>                                                <a href=\"#popup_1578dc82672\"\n                           class=\"view-speaker ts-image-popup\" data-effect=\"mfp-zoom-in\">\n                            <i class=\"icon icon-plus\"><\/i>\n                        <\/a>\n                    <\/div>\n                    <div class=\"ts-speaker-info\">\n                        <h3 class=\"ts-title\"><a\n                                    href=\"https:\/\/congressohvm.com\/2022\/es\/blog\/speaker\/patricia-poeta\/\"> Patr\u00edcia Poeta <\/a>\n                        <\/h3>\n                        <p>\n                            Professora Catedr\u00e1tica na UTAD                        <\/p>\n                    <\/div>\n                    <!--- speaker info end -->\n                    <!-- popup start-->\n                    <div id=\"popup_1578dc82672\"\n                         class=\"container ts-speaker-popup mfp-hide\">\n                        <div class=\"row\">\n                            <div class=\"col-lg-6\">\n                                <div class=\"ts-speaker-popup-img\">\n                                                                            <img width=\"1817\" height=\"1817\" src=\"https:\/\/congressohvm.com\/2022\/wp-content\/uploads\/2022\/05\/Patricia-Poeta-scaled-e1654712257729.jpg\" class=\"attachment-full size-full\" alt=\"\" loading=\"lazy\" srcset=\"https:\/\/congressohvm.com\/2022\/wp-content\/uploads\/2022\/05\/Patricia-Poeta-scaled-e1654712257729.jpg 1817w, https:\/\/congressohvm.com\/2022\/wp-content\/uploads\/2022\/05\/Patricia-Poeta-scaled-e1654712257729-300x300.jpg 300w, https:\/\/congressohvm.com\/2022\/wp-content\/uploads\/2022\/05\/Patricia-Poeta-scaled-e1654712257729-1024x1024.jpg 1024w, https:\/\/congressohvm.com\/2022\/wp-content\/uploads\/2022\/05\/Patricia-Poeta-scaled-e1654712257729-150x150.jpg 150w, https:\/\/congressohvm.com\/2022\/wp-content\/uploads\/2022\/05\/Patricia-Poeta-scaled-e1654712257729-768x768.jpg 768w, https:\/\/congressohvm.com\/2022\/wp-content\/uploads\/2022\/05\/Patricia-Poeta-scaled-e1654712257729-1536x1536.jpg 1536w\" sizes=\"(max-width: 1817px) 100vw, 1817px\" \/>                                                                    <\/div>\n                            <\/div>\n                            <!-- col end-->\n                            <div class=\"col-lg-6\">\n                                <div class=\"ts-speaker-popup-content\">\n                                    <h3 class=\"ts-title\"><a\n                                                href=\"https:\/\/congressohvm.com\/2022\/es\/blog\/speaker\/patricia-poeta\/\"> Patr\u00edcia Poeta <\/a>\n                                    <\/h3>\n                                    <span class=\"speakder-designation\"> Professora Catedr\u00e1tica na UTAD<\/span>\n                                                                        <p>\n                                        <p><span style=\"font-weight: 400\">Patr\u00edcia Alexandra Curado Quintas Diniz Poeta \u00e9 Professora Catedr\u00e1tica na Universidade de Tr\u00e1s-os-Montes e Alto Douro, Membro do CECAV-UTAD e colaborador do LAVQ-REQUIMTE, Faculdade de Ci\u00eancias e Tecnologia - Universidade Nova de Lisboa. Doutorada em Medicina Veterin\u00e1ria pela UTAD com investiga\u00e7\u00e3o em Microbiologia M\u00e9dica. Coordenadora do Grupo de Resist\u00eancia a Antibi\u00f3ticos MicroART e Respons\u00e1vel pelo Laborat\u00f3rio de Microbiologia M\u00e9dica da UTAD. Especialista Europeia em Microbiologia Veterin\u00e1ria pelo Col\u00e9gio Europeu. Presidente do Conselho Cient\u00edfico da Escola das Ci\u00eancias Agr\u00e1rias e Veterin\u00e1rias. Membro do Conselho Acad\u00e9mico e do Col\u00e9gio Doutoral da UTAD. Tem como principal interesse a pesquisa e caracteriza\u00e7\u00e3o de mecanismos de resist\u00eancia a antibi\u00f3ticos em bact\u00e9rias de diferentes origens numa perspetiva de \u201cUma s\u00f3 sa\u00fade\u201d bem como estudos de epidemiologia molecular para caracterizar linhagens gen\u00e9ticas de bact\u00e9rias resistentes. Orienta v\u00e1rias teses de doutoramento e mestrado. Respons\u00e1vel por projetos de investiga\u00e7\u00e3o financiados por empresas privadas e projetos interuniversit\u00e1rios. Leciona cursos nacionais e internacionais de doutoramento e mestrado e mant\u00e9m protocolos de coopera\u00e7\u00e3o com v\u00e1rias entidades nacionais e internacionais. Respons\u00e1vel pelo programa Ci\u00eancia Viva no Laborat\u00f3rio no Departamento de Ci\u00eancias Veterin\u00e1rias. Publicou mais de 500 trabalhos em revistas do SCI, cap\u00edtulos de livros, comunica\u00e7\u00f5es em encontros cient\u00edficos internacionais, apresenta\u00e7\u00f5es em reuni\u00f5es cient\u00edficas nacionais ou ib\u00e9ricas, posteres em reuni\u00f5es cient\u00edficas, publica\u00e7\u00f5es em GenBank, publica\u00e7\u00f5es em UniProt, registros em MLST, revistas t\u00e9cnicas e cient\u00edficas e s\u00e9ries ou trabalhos educacionais. Recebeu 40 pr\u00e9mios. Opera na \u00e1rea das Ci\u00eancias Veterin\u00e1rias a na sua atividade profissional interage com 175 investigadores em autoria e coautoria de trabalhos cient\u00edficos.<\/span><\/p>                                    <\/p>\n                                    <div class=\"ts-speakers-social\">\n                                                                                                                                                                <\/div>\n                                <\/div>\n                                <!-- ts-speaker-popup-content end-->\n                            <\/div>\n                            <!-- col end-->\n                        <\/div>\n                        <!-- row end-->\n                    <\/div>\n                    <!-- popup end-->\n                <\/div>\n            <\/section>\n            <!-- ts-speaker end  -->\n        \n            \n            \n\n        \t\t<\/div>\n\t\t\t\t<\/div>\n\t\t\t\t\t\t<\/div>\n\t\t\t\t\t<\/div>\n\t\t<\/div>\n\t\t\t\t<div class=\"elementor-column elementor-col-25 elementor-inner-column elementor-element elementor-element-6dcb4ad\" data-id=\"6dcb4ad\" data-element_type=\"column\">\n\t\t\t<div class=\"elementor-column-wrap elementor-element-populated\">\n\t\t\t\t\t\t\t<div class=\"elementor-widget-wrap\">\n\t\t\t\t\t\t<div class=\"elementor-element elementor-element-71dfa21 elementor-widget elementor-widget-exhibz-speaker\" data-id=\"71dfa21\" data-element_type=\"widget\" data-settings=\"{&quot;ekit_we_effect_on&quot;:&quot;none&quot;}\" data-widget_type=\"exhibz-speaker.default\">\n\t\t\t\t<div class=\"elementor-widget-container\">\n\t\t\t            \n\n                        <section class=\"ts-speakers-standard ts-speakers speaker-classic section-bg\">\n                <div class=\"ts-speaker\" style=\"--speaker-color: #25cd44\">\n                    <div class=\"speaker-img\">\n                                                    <img width=\"223\" height=\"226\" src=\"https:\/\/congressohvm.com\/2022\/wp-content\/uploads\/2022\/05\/Pedro-Carreira.jpg\" class=\"img-fluid\" alt=\"\" loading=\"lazy\" \/>                                                <a href=\"#popup_71dfa212675\"\n                           class=\"view-speaker ts-image-popup\" data-effect=\"mfp-zoom-in\">\n                            <i class=\"icon icon-plus\"><\/i>\n                        <\/a>\n                    <\/div>\n                    <div class=\"ts-speaker-info\">\n                        <h3 class=\"ts-title\"><a\n                                    href=\"https:\/\/congressohvm.com\/2022\/es\/blog\/speaker\/pedro-carreira\/\"> Pedro Carreira <\/a>\n                        <\/h3>\n                        <p>\n                                                    <\/p>\n                    <\/div>\n                    <!--- speaker info end -->\n                    <!-- popup start-->\n                    <div id=\"popup_71dfa212675\"\n                         class=\"container ts-speaker-popup mfp-hide\">\n                        <div class=\"row\">\n                            <div class=\"col-lg-6\">\n                                <div class=\"ts-speaker-popup-img\">\n                                                                            <img width=\"223\" height=\"226\" src=\"https:\/\/congressohvm.com\/2022\/wp-content\/uploads\/2022\/05\/Pedro-Carreira.jpg\" class=\"attachment-full size-full\" alt=\"\" loading=\"lazy\" \/>                                                                    <\/div>\n                            <\/div>\n                            <!-- col end-->\n                            <div class=\"col-lg-6\">\n                                <div class=\"ts-speaker-popup-content\">\n                                    <h3 class=\"ts-title\"><a\n                                                href=\"https:\/\/congressohvm.com\/2022\/es\/blog\/speaker\/pedro-carreira\/\"> Pedro Carreira <\/a>\n                                    <\/h3>\n                                    <span class=\"speakder-designation\"> <\/span>\n                                                                        <p>\n                                                                            <\/p>\n                                    <div class=\"ts-speakers-social\">\n                                                                                                                                                                <\/div>\n                                <\/div>\n                                <!-- ts-speaker-popup-content end-->\n                            <\/div>\n                            <!-- col end-->\n                        <\/div>\n                        <!-- row end-->\n                    <\/div>\n                    <!-- popup end-->\n                <\/div>\n            <\/section>\n            <!-- ts-speaker end  -->\n        \n            \n            \n\n        \t\t<\/div>\n\t\t\t\t<\/div>\n\t\t\t\t\t\t<\/div>\n\t\t\t\t\t<\/div>\n\t\t<\/div>\n\t\t\t\t<div class=\"elementor-column elementor-col-25 elementor-inner-column elementor-element elementor-element-7d6f20c\" data-id=\"7d6f20c\" data-element_type=\"column\">\n\t\t\t<div class=\"elementor-column-wrap elementor-element-populated\">\n\t\t\t\t\t\t\t<div class=\"elementor-widget-wrap\">\n\t\t\t\t\t\t<div class=\"elementor-element elementor-element-a6c58b5 elementor-widget elementor-widget-exhibz-speaker\" data-id=\"a6c58b5\" data-element_type=\"widget\" data-settings=\"{&quot;ekit_we_effect_on&quot;:&quot;none&quot;}\" data-widget_type=\"exhibz-speaker.default\">\n\t\t\t\t<div class=\"elementor-widget-container\">\n\t\t\t            \n\n                        <section class=\"ts-speakers-standard ts-speakers speaker-classic section-bg\">\n                <div class=\"ts-speaker\" style=\"--speaker-color: #25cd44\">\n                    <div class=\"speaker-img\">\n                                                    <img width=\"975\" height=\"975\" src=\"https:\/\/congressohvm.com\/2022\/wp-content\/uploads\/2022\/05\/Pedro-Celeste-e1654712220745.jpg\" class=\"img-fluid\" alt=\"\" loading=\"lazy\" srcset=\"https:\/\/congressohvm.com\/2022\/wp-content\/uploads\/2022\/05\/Pedro-Celeste-e1654712220745.jpg 975w, https:\/\/congressohvm.com\/2022\/wp-content\/uploads\/2022\/05\/Pedro-Celeste-e1654712220745-300x300.jpg 300w, https:\/\/congressohvm.com\/2022\/wp-content\/uploads\/2022\/05\/Pedro-Celeste-e1654712220745-150x150.jpg 150w, https:\/\/congressohvm.com\/2022\/wp-content\/uploads\/2022\/05\/Pedro-Celeste-e1654712220745-768x768.jpg 768w\" sizes=\"(max-width: 975px) 100vw, 975px\" \/>                                                <a href=\"#popup_a6c58b52678\"\n                           class=\"view-speaker ts-image-popup\" data-effect=\"mfp-zoom-in\">\n                            <i class=\"icon icon-plus\"><\/i>\n                        <\/a>\n                    <\/div>\n                    <div class=\"ts-speaker-info\">\n                        <h3 class=\"ts-title\"><a\n                                    href=\"https:\/\/congressohvm.com\/2022\/es\/blog\/speaker\/pedro-celeste\/\"> Pedro Celeste <\/a>\n                        <\/h3>\n                        <p>\n                            Diretor Geral da PC&amp;A                         <\/p>\n                    <\/div>\n                    <!--- speaker info end -->\n                    <!-- popup start-->\n                    <div id=\"popup_a6c58b52678\"\n                         class=\"container ts-speaker-popup mfp-hide\">\n                        <div class=\"row\">\n                            <div class=\"col-lg-6\">\n                                <div class=\"ts-speaker-popup-img\">\n                                                                            <img width=\"975\" height=\"975\" src=\"https:\/\/congressohvm.com\/2022\/wp-content\/uploads\/2022\/05\/Pedro-Celeste-e1654712220745.jpg\" class=\"attachment-full size-full\" alt=\"\" loading=\"lazy\" srcset=\"https:\/\/congressohvm.com\/2022\/wp-content\/uploads\/2022\/05\/Pedro-Celeste-e1654712220745.jpg 975w, https:\/\/congressohvm.com\/2022\/wp-content\/uploads\/2022\/05\/Pedro-Celeste-e1654712220745-300x300.jpg 300w, https:\/\/congressohvm.com\/2022\/wp-content\/uploads\/2022\/05\/Pedro-Celeste-e1654712220745-150x150.jpg 150w, https:\/\/congressohvm.com\/2022\/wp-content\/uploads\/2022\/05\/Pedro-Celeste-e1654712220745-768x768.jpg 768w\" sizes=\"(max-width: 975px) 100vw, 975px\" \/>                                                                    <\/div>\n                            <\/div>\n                            <!-- col end-->\n                            <div class=\"col-lg-6\">\n                                <div class=\"ts-speaker-popup-content\">\n                                    <h3 class=\"ts-title\"><a\n                                                href=\"https:\/\/congressohvm.com\/2022\/es\/blog\/speaker\/pedro-celeste\/\"> Pedro Celeste <\/a>\n                                    <\/h3>\n                                    <span class=\"speakder-designation\"> Diretor Geral da PC&amp;A <\/span>\n                                                                        <p>\n                                        <p>Doutorado em Gest\u00e3o pela Universidade Complutense de Madrid.<br \/>P\u00f3s Graduado por Harvard Business School, INSEAD, MIT Management Sloan<br \/>Management London Business School, Imperial College of London University of<br \/>Virginia, Wharton School, Kellogg School of Management de Chicago e IESE Business<br \/>School.<br \/>Na Cat\u00f3lica Lisbon School of Business &amp; Economics \u00e9 Diretor dos Executive Master in<br \/>Strategic Marketing e coordenador dos seguintes cursos de forma\u00e7\u00e3o para executivos:<br \/>\uf0b7 Strategic Marketing Advanced Program<br \/>\uf0b7 Sales Management Executive Program<br \/>\uf0b7 Programa de Gest\u00e3o em Marketing Digital<\/p><p>Diretor Geral da PC&amp;A \u2013 Consultores de Marketing Estrat\u00e9gico. Tem trabalhado com<br \/>empresas do ramo veterin\u00e1rio, da ind\u00fastria ao hospital e cl\u00ednica, na vertente<br \/>consultoria e forma\u00e7\u00e3o.<br \/>Membro do IMD World Competitiveness Center.<br \/>Autor dos livros Marketing Performance, Estrat\u00e9gias de Marketing \u2013 Colect\u00e2nea de<br \/>Casos Portugueses e Comunicaci\u00f3n Empresarial.<br \/>Colabora com v\u00e1rios \u00f3rg\u00e3os de comunica\u00e7\u00e3o social, como o Expresso, Exame,<br \/>Observador, Revista Do It, Link to Leaders e Executiva.<\/p>                                    <\/p>\n                                    <div class=\"ts-speakers-social\">\n                                                                                                                                                                <\/div>\n                                <\/div>\n                                <!-- ts-speaker-popup-content end-->\n                            <\/div>\n                            <!-- col end-->\n                        <\/div>\n                        <!-- row end-->\n                    <\/div>\n                    <!-- popup end-->\n                <\/div>\n            <\/section>\n            <!-- ts-speaker end  -->\n        \n            \n            \n\n        \t\t<\/div>\n\t\t\t\t<\/div>\n\t\t\t\t\t\t<\/div>\n\t\t\t\t\t<\/div>\n\t\t<\/div>\n\t\t\t\t\t\t\t\t<\/div>\n\t\t\t\t\t<\/div>\n\t\t<\/section>\n\t\t\t\t<section class=\"elementor-section elementor-inner-section elementor-element elementor-element-0885632 elementor-section-boxed elementor-section-height-default elementor-section-height-default\" data-id=\"0885632\" data-element_type=\"section\">\n\t\t\t\t\t\t<div class=\"elementor-container elementor-column-gap-default\">\n\t\t\t\t\t\t\t<div class=\"elementor-row\">\n\t\t\t\t\t<div class=\"elementor-column elementor-col-25 elementor-inner-column elementor-element elementor-element-ee73ab6\" data-id=\"ee73ab6\" data-element_type=\"column\">\n\t\t\t<div class=\"elementor-column-wrap elementor-element-populated\">\n\t\t\t\t\t\t\t<div class=\"elementor-widget-wrap\">\n\t\t\t\t\t\t<div class=\"elementor-element elementor-element-c4483e4 elementor-widget elementor-widget-exhibz-speaker\" data-id=\"c4483e4\" data-element_type=\"widget\" data-settings=\"{&quot;ekit_we_effect_on&quot;:&quot;none&quot;}\" data-widget_type=\"exhibz-speaker.default\">\n\t\t\t\t<div class=\"elementor-widget-container\">\n\t\t\t            \n\n                        <section class=\"ts-speakers-standard ts-speakers speaker-classic section-bg\">\n                <div class=\"ts-speaker\" style=\"--speaker-color: #25cd44\">\n                    <div class=\"speaker-img\">\n                                                    <img width=\"539\" height=\"539\" src=\"https:\/\/congressohvm.com\/2022\/wp-content\/uploads\/2022\/05\/Pete-Mantis-e1654712146599.jpg\" class=\"img-fluid\" alt=\"\" loading=\"lazy\" srcset=\"https:\/\/congressohvm.com\/2022\/wp-content\/uploads\/2022\/05\/Pete-Mantis-e1654712146599.jpg 539w, https:\/\/congressohvm.com\/2022\/wp-content\/uploads\/2022\/05\/Pete-Mantis-e1654712146599-300x300.jpg 300w, https:\/\/congressohvm.com\/2022\/wp-content\/uploads\/2022\/05\/Pete-Mantis-e1654712146599-150x150.jpg 150w\" sizes=\"(max-width: 539px) 100vw, 539px\" \/>                                                <a href=\"#popup_c4483e42682\"\n                           class=\"view-speaker ts-image-popup\" data-effect=\"mfp-zoom-in\">\n                            <i class=\"icon icon-plus\"><\/i>\n                        <\/a>\n                    <\/div>\n                    <div class=\"ts-speaker-info\">\n                        <h3 class=\"ts-title\"><a\n                                    href=\"https:\/\/congressohvm.com\/2022\/es\/blog\/speaker\/pete-mantis\/\"> Pete Mantis <\/a>\n                        <\/h3>\n                        <p>\n                            DVM, DipECVDI, FHEA, FRCVS                        <\/p>\n                    <\/div>\n                    <!--- speaker info end -->\n                    <!-- popup start-->\n                    <div id=\"popup_c4483e42682\"\n                         class=\"container ts-speaker-popup mfp-hide\">\n                        <div class=\"row\">\n                            <div class=\"col-lg-6\">\n                                <div class=\"ts-speaker-popup-img\">\n                                                                            <img width=\"539\" height=\"539\" src=\"https:\/\/congressohvm.com\/2022\/wp-content\/uploads\/2022\/05\/Pete-Mantis-e1654712146599.jpg\" class=\"attachment-full size-full\" alt=\"\" loading=\"lazy\" srcset=\"https:\/\/congressohvm.com\/2022\/wp-content\/uploads\/2022\/05\/Pete-Mantis-e1654712146599.jpg 539w, https:\/\/congressohvm.com\/2022\/wp-content\/uploads\/2022\/05\/Pete-Mantis-e1654712146599-300x300.jpg 300w, https:\/\/congressohvm.com\/2022\/wp-content\/uploads\/2022\/05\/Pete-Mantis-e1654712146599-150x150.jpg 150w\" sizes=\"(max-width: 539px) 100vw, 539px\" \/>                                                                    <\/div>\n                            <\/div>\n                            <!-- col end-->\n                            <div class=\"col-lg-6\">\n                                <div class=\"ts-speaker-popup-content\">\n                                    <h3 class=\"ts-title\"><a\n                                                href=\"https:\/\/congressohvm.com\/2022\/es\/blog\/speaker\/pete-mantis\/\"> Pete Mantis <\/a>\n                                    <\/h3>\n                                    <span class=\"speakder-designation\"> DVM, DipECVDI, FHEA, FRCVS<\/span>\n                                                                        <p>\n                                        <p><span style=\"font-weight: 400\">DVM, DipECVDI, FHEA, FRCVS<\/span><\/p><p><span style=\"font-weight: 400\">Panagiotis (Pete) Mantis graduated from the Faculty of Veterinary Medicine of the Aristotle University of Thessaloniki, Greece in 1994. He completed a Diagnostic Imaging Residency at the Royal Veterinary College and then worked in first opinion practices and referral hospitals in\u00a0London and at the Swedish Agricultural University in Uppsala and in 2000 he moved to the Royal Veterinary College. He\u00a0became Senior Lecturer in Radiology and remained at RVC until joining DWR in 2017 where he is currently Head of Diagnostic Imaging. Pete is a\u00a0European and RCVS Specialist in Veterinary Diagnostic Imaging, Fellow of the Higher Education Academy and Fellow of the Royal College of Veterinary Surgeons. He is a regular author, speaker and CPD tutor on small animal radiology, ultrasonography, computed tomography and magnetic resonance imaging.<\/span><\/p>                                    <\/p>\n                                    <div class=\"ts-speakers-social\">\n                                                                                                                                                                <\/div>\n                                <\/div>\n                                <!-- ts-speaker-popup-content end-->\n                            <\/div>\n                            <!-- col end-->\n                        <\/div>\n                        <!-- row end-->\n                    <\/div>\n                    <!-- popup end-->\n                <\/div>\n            <\/section>\n            <!-- ts-speaker end  -->\n        \n            \n            \n\n        \t\t<\/div>\n\t\t\t\t<\/div>\n\t\t\t\t\t\t<\/div>\n\t\t\t\t\t<\/div>\n\t\t<\/div>\n\t\t\t\t<div class=\"elementor-column elementor-col-25 elementor-inner-column elementor-element elementor-element-b4bc4b3\" data-id=\"b4bc4b3\" data-element_type=\"column\">\n\t\t\t<div class=\"elementor-column-wrap elementor-element-populated\">\n\t\t\t\t\t\t\t<div class=\"elementor-widget-wrap\">\n\t\t\t\t\t\t<div class=\"elementor-element elementor-element-864581e elementor-widget elementor-widget-exhibz-speaker\" data-id=\"864581e\" data-element_type=\"widget\" data-settings=\"{&quot;ekit_we_effect_on&quot;:&quot;none&quot;}\" data-widget_type=\"exhibz-speaker.default\">\n\t\t\t\t<div class=\"elementor-widget-container\">\n\t\t\t            \n\n                        <section class=\"ts-speakers-standard ts-speakers speaker-classic section-bg\">\n                <div class=\"ts-speaker\" style=\"--speaker-color: #25cd44\">\n                    <div class=\"speaker-img\">\n                                                    <img width=\"225\" height=\"225\" src=\"https:\/\/congressohvm.com\/2022\/wp-content\/uploads\/2022\/05\/Rodolfo-Oliveira-Leal.jpg\" class=\"img-fluid\" alt=\"\" loading=\"lazy\" srcset=\"https:\/\/congressohvm.com\/2022\/wp-content\/uploads\/2022\/05\/Rodolfo-Oliveira-Leal.jpg 225w, https:\/\/congressohvm.com\/2022\/wp-content\/uploads\/2022\/05\/Rodolfo-Oliveira-Leal-150x150.jpg 150w\" sizes=\"(max-width: 225px) 100vw, 225px\" \/>                                                <a href=\"#popup_864581e2686\"\n                           class=\"view-speaker ts-image-popup\" data-effect=\"mfp-zoom-in\">\n                            <i class=\"icon icon-plus\"><\/i>\n                        <\/a>\n                    <\/div>\n                    <div class=\"ts-speaker-info\">\n                        <h3 class=\"ts-title\"><a\n                                    href=\"https:\/\/congressohvm.com\/2022\/es\/blog\/speaker\/rodolfo-oliveira-leal\/\"> Rodolfo Oliveira Leal <\/a>\n                        <\/h3>\n                        <p>\n                            Professor e coordenador do servi\u00e7o de Medicina Interna do Hospital Escolar da FMV-ULisboa                        <\/p>\n                    <\/div>\n                    <!--- speaker info end -->\n                    <!-- popup start-->\n                    <div id=\"popup_864581e2686\"\n                         class=\"container ts-speaker-popup mfp-hide\">\n                        <div class=\"row\">\n                            <div class=\"col-lg-6\">\n                                <div class=\"ts-speaker-popup-img\">\n                                                                            <img width=\"225\" height=\"225\" src=\"https:\/\/congressohvm.com\/2022\/wp-content\/uploads\/2022\/05\/Rodolfo-Oliveira-Leal.jpg\" class=\"attachment-full size-full\" alt=\"\" loading=\"lazy\" srcset=\"https:\/\/congressohvm.com\/2022\/wp-content\/uploads\/2022\/05\/Rodolfo-Oliveira-Leal.jpg 225w, https:\/\/congressohvm.com\/2022\/wp-content\/uploads\/2022\/05\/Rodolfo-Oliveira-Leal-150x150.jpg 150w\" sizes=\"(max-width: 225px) 100vw, 225px\" \/>                                                                    <\/div>\n                            <\/div>\n                            <!-- col end-->\n                            <div class=\"col-lg-6\">\n                                <div class=\"ts-speaker-popup-content\">\n                                    <h3 class=\"ts-title\"><a\n                                                href=\"https:\/\/congressohvm.com\/2022\/es\/blog\/speaker\/rodolfo-oliveira-leal\/\"> Rodolfo Oliveira Leal <\/a>\n                                    <\/h3>\n                                    <span class=\"speakder-designation\"> Professor e coordenador do servi\u00e7o de Medicina Interna do Hospital Escolar da FMV-ULisboa<\/span>\n                                                                        <p>\n                                        <p><span style=\"font-weight: 400\">Graduado com o Mestrado Integrado em Medicina Veterin\u00e1ria pela Faculdade de Medicina Veterin\u00e1ria \u2013 Universidade T\u00e9cnica de Lisboa em 2008. Realizou um internato geral no Centre Hospitalier V\u00e9t\u00e9rinaire Fregis (Paris) em 2008\/2009. Entre 2009 e 2014, fez um doutoramento no CIISA\/FMV-ULisboa no \u00e2mbito da imunologia felina. Entre Janeiro de 2014 e Dezembro de 2016, voltou ao CHV Fregis (Paris) e completou uma residencia em Medicina Interna tendo obtido\u00a0 o diploma de especialista europeu pelo European College of Veterinary Internal Medicine (ECVIM-CA) em Mar\u00e7o de 2017. Desde Abril do mesmo ano, integra o corpo clinico do Hospital Escolar da FMV-ULisboa onde, actualmente, \u00e9 coordenador do servi\u00e7o de Medicina Interna. Desde Abril de 2018, \u00e9 Professor Auxiliar Convidado na mesma universidade, lecionando as disciplinas de Clinica de Animais de Companhia I e II. Desde Janeiro de 2020 supervisiona o programa de Resid\u00eancia em Medicina Interna, certificado pelo ECVIM-CA, em curso no Hospital Escolar Veterin\u00e1rio\/ACIVET \u2013 Faculdade de Medicina veterin\u00e1ria (FMV) \u2013 Universidade de Lisboa. Orador em congressos nacionais e internacionais, tem v\u00e1rios artigos publicados em revistas peer-reviewed, \u00e9 consultor de medicina interna da plataforma VIN (Veterinary Information Network) e secret\u00e1rio da Sociedade Europeia de Endocrinologia Veterin\u00e1ria (ESVE). Dentro da Medicina Interna, tem especial interesse por Endocrinologia, Gastroenterologia\/Hepatologia e Leishmaniose, desenvolvendo investiga\u00e7\u00e3o cl\u00ednica nestas \u00e1reas.\u00a0<\/span><\/p>                                    <\/p>\n                                    <div class=\"ts-speakers-social\">\n                                                                                                                                                                <\/div>\n                                <\/div>\n                                <!-- ts-speaker-popup-content end-->\n                            <\/div>\n                            <!-- col end-->\n                        <\/div>\n                        <!-- row end-->\n                    <\/div>\n                    <!-- popup end-->\n                <\/div>\n            <\/section>\n            <!-- ts-speaker end  -->\n        \n            \n            \n\n        \t\t<\/div>\n\t\t\t\t<\/div>\n\t\t\t\t\t\t<\/div>\n\t\t\t\t\t<\/div>\n\t\t<\/div>\n\t\t\t\t<div class=\"elementor-column elementor-col-25 elementor-inner-column elementor-element elementor-element-b643470\" data-id=\"b643470\" data-element_type=\"column\">\n\t\t\t<div class=\"elementor-column-wrap elementor-element-populated\">\n\t\t\t\t\t\t\t<div class=\"elementor-widget-wrap\">\n\t\t\t\t\t\t<div class=\"elementor-element elementor-element-5bf91cd elementor-widget elementor-widget-exhibz-speaker\" data-id=\"5bf91cd\" data-element_type=\"widget\" data-settings=\"{&quot;ekit_we_effect_on&quot;:&quot;none&quot;}\" data-widget_type=\"exhibz-speaker.default\">\n\t\t\t\t<div class=\"elementor-widget-container\">\n\t\t\t            \n\n                        <section class=\"ts-speakers-standard ts-speakers speaker-classic section-bg\">\n                <div class=\"ts-speaker\" style=\"--speaker-color: #25cd44\">\n                    <div class=\"speaker-img\">\n                                                    <img width=\"1708\" height=\"1708\" src=\"https:\/\/congressohvm.com\/2022\/wp-content\/uploads\/2022\/05\/Rui-Pereira-scaled-e1654712026347.jpg\" class=\"img-fluid\" alt=\"\" loading=\"lazy\" srcset=\"https:\/\/congressohvm.com\/2022\/wp-content\/uploads\/2022\/05\/Rui-Pereira-scaled-e1654712026347.jpg 1708w, https:\/\/congressohvm.com\/2022\/wp-content\/uploads\/2022\/05\/Rui-Pereira-scaled-e1654712026347-300x300.jpg 300w, https:\/\/congressohvm.com\/2022\/wp-content\/uploads\/2022\/05\/Rui-Pereira-scaled-e1654712026347-1024x1024.jpg 1024w, https:\/\/congressohvm.com\/2022\/wp-content\/uploads\/2022\/05\/Rui-Pereira-scaled-e1654712026347-150x150.jpg 150w, https:\/\/congressohvm.com\/2022\/wp-content\/uploads\/2022\/05\/Rui-Pereira-scaled-e1654712026347-768x768.jpg 768w, https:\/\/congressohvm.com\/2022\/wp-content\/uploads\/2022\/05\/Rui-Pereira-scaled-e1654712026347-1536x1536.jpg 1536w\" sizes=\"(max-width: 1708px) 100vw, 1708px\" \/>                                                <a href=\"#popup_5bf91cd2690\"\n                           class=\"view-speaker ts-image-popup\" data-effect=\"mfp-zoom-in\">\n                            <i class=\"icon icon-plus\"><\/i>\n                        <\/a>\n                    <\/div>\n                    <div class=\"ts-speaker-info\">\n                        <h3 class=\"ts-title\"><a\n                                    href=\"https:\/\/congressohvm.com\/2022\/es\/blog\/speaker\/rui-pereira\/\"> Rui Pereira <\/a>\n                        <\/h3>\n                        <p>\n                            M\u00e9dico Veterin\u00e1rio                        <\/p>\n                    <\/div>\n                    <!--- speaker info end -->\n                    <!-- popup start-->\n                    <div id=\"popup_5bf91cd2690\"\n                         class=\"container ts-speaker-popup mfp-hide\">\n                        <div class=\"row\">\n                            <div class=\"col-lg-6\">\n                                <div class=\"ts-speaker-popup-img\">\n                                                                            <img width=\"1708\" height=\"1708\" src=\"https:\/\/congressohvm.com\/2022\/wp-content\/uploads\/2022\/05\/Rui-Pereira-scaled-e1654712026347.jpg\" class=\"attachment-full size-full\" alt=\"\" loading=\"lazy\" srcset=\"https:\/\/congressohvm.com\/2022\/wp-content\/uploads\/2022\/05\/Rui-Pereira-scaled-e1654712026347.jpg 1708w, https:\/\/congressohvm.com\/2022\/wp-content\/uploads\/2022\/05\/Rui-Pereira-scaled-e1654712026347-300x300.jpg 300w, https:\/\/congressohvm.com\/2022\/wp-content\/uploads\/2022\/05\/Rui-Pereira-scaled-e1654712026347-1024x1024.jpg 1024w, https:\/\/congressohvm.com\/2022\/wp-content\/uploads\/2022\/05\/Rui-Pereira-scaled-e1654712026347-150x150.jpg 150w, https:\/\/congressohvm.com\/2022\/wp-content\/uploads\/2022\/05\/Rui-Pereira-scaled-e1654712026347-768x768.jpg 768w, https:\/\/congressohvm.com\/2022\/wp-content\/uploads\/2022\/05\/Rui-Pereira-scaled-e1654712026347-1536x1536.jpg 1536w\" sizes=\"(max-width: 1708px) 100vw, 1708px\" \/>                                                                    <\/div>\n                            <\/div>\n                            <!-- col end-->\n                            <div class=\"col-lg-6\">\n                                <div class=\"ts-speaker-popup-content\">\n                                    <h3 class=\"ts-title\"><a\n                                                href=\"https:\/\/congressohvm.com\/2022\/es\/blog\/speaker\/rui-pereira\/\"> Rui Pereira <\/a>\n                                    <\/h3>\n                                    <span class=\"speakder-designation\"> M\u00e9dico Veterin\u00e1rio<\/span>\n                                                                        <p>\n                                        <p><span style=\"font-weight: 400\">Licenciado pelo\u00a0<\/span><b>ICBAS-UP<\/b><span style=\"font-weight: 400\">\u00a0em 2000, efetuou o seu est\u00e1gio curricular na \u00e1rea de animais de companhia em Portugal e na Universidade de Davis \u2013 Calif\u00f3rnia (EUA). Exerceu cl\u00ednica de animais de companhia durante 15 anos no Hospital Veterin\u00e1rio Montenegro. Em 2008 realizou uma p\u00f3s-gradua\u00e7\u00e3o em \u201cImagiologia em animais de companhia\u201d na Universidade Lus\u00f3fona em Lisboa. Em 2015 inicia a sua colabora\u00e7\u00e3o com o servi\u00e7o ambulat\u00f3rio de cardiologia, sendo um dos s\u00f3cios fundadores da Cardio4vets, dedicando-se desde ent\u00e3o \u00e0 \u00e1rea de cardiologia de animais de companhia. Foi membro da direc\u00e7\u00e3o e presidente da mesa da assembleia-geral da SPCAV \u2013 Sociedade Portuguesa de Cardiologia Veterin\u00e1ria entre 2011 e 2015. <\/span><\/p>                                    <\/p>\n                                    <div class=\"ts-speakers-social\">\n                                                                                                                                                                <\/div>\n                                <\/div>\n                                <!-- ts-speaker-popup-content end-->\n                            <\/div>\n                            <!-- col end-->\n                        <\/div>\n                        <!-- row end-->\n                    <\/div>\n                    <!-- popup end-->\n                <\/div>\n            <\/section>\n            <!-- ts-speaker end  -->\n        \n            \n            \n\n        \t\t<\/div>\n\t\t\t\t<\/div>\n\t\t\t\t\t\t<\/div>\n\t\t\t\t\t<\/div>\n\t\t<\/div>\n\t\t\t\t<div class=\"elementor-column elementor-col-25 elementor-inner-column elementor-element elementor-element-4a835d4\" data-id=\"4a835d4\" data-element_type=\"column\">\n\t\t\t<div class=\"elementor-column-wrap elementor-element-populated\">\n\t\t\t\t\t\t\t<div class=\"elementor-widget-wrap\">\n\t\t\t\t\t\t<div class=\"elementor-element elementor-element-bcbfdd5 elementor-widget elementor-widget-exhibz-speaker\" data-id=\"bcbfdd5\" data-element_type=\"widget\" data-settings=\"{&quot;ekit_we_effect_on&quot;:&quot;none&quot;}\" data-widget_type=\"exhibz-speaker.default\">\n\t\t\t\t<div class=\"elementor-widget-container\">\n\t\t\t            \n\n                        <section class=\"ts-speakers-standard ts-speakers speaker-classic section-bg\">\n                <div class=\"ts-speaker\" style=\"--speaker-color: #25cd44\">\n                    <div class=\"speaker-img\">\n                                                    <img width=\"1335\" height=\"1335\" src=\"https:\/\/congressohvm.com\/2022\/wp-content\/uploads\/2022\/05\/Telmo-Fernandes-e1654711960153.jpg\" class=\"img-fluid\" alt=\"\" loading=\"lazy\" srcset=\"https:\/\/congressohvm.com\/2022\/wp-content\/uploads\/2022\/05\/Telmo-Fernandes-e1654711960153.jpg 1335w, https:\/\/congressohvm.com\/2022\/wp-content\/uploads\/2022\/05\/Telmo-Fernandes-e1654711960153-300x300.jpg 300w, https:\/\/congressohvm.com\/2022\/wp-content\/uploads\/2022\/05\/Telmo-Fernandes-e1654711960153-1024x1024.jpg 1024w, https:\/\/congressohvm.com\/2022\/wp-content\/uploads\/2022\/05\/Telmo-Fernandes-e1654711960153-150x150.jpg 150w, https:\/\/congressohvm.com\/2022\/wp-content\/uploads\/2022\/05\/Telmo-Fernandes-e1654711960153-768x768.jpg 768w\" sizes=\"(max-width: 1335px) 100vw, 1335px\" \/>                                                <a href=\"#popup_bcbfdd52694\"\n                           class=\"view-speaker ts-image-popup\" data-effect=\"mfp-zoom-in\">\n                            <i class=\"icon icon-plus\"><\/i>\n                        <\/a>\n                    <\/div>\n                    <div class=\"ts-speaker-info\">\n                        <h3 class=\"ts-title\"><a\n                                    href=\"https:\/\/congressohvm.com\/2022\/es\/blog\/speaker\/telmo-fernandes\/\"> Telmo Fernandes <\/a>\n                        <\/h3>\n                        <p>\n                            M\u00e9dico Veterin\u00e1rio                        <\/p>\n                    <\/div>\n                    <!--- speaker info end -->\n                    <!-- popup start-->\n                    <div id=\"popup_bcbfdd52694\"\n                         class=\"container ts-speaker-popup mfp-hide\">\n                        <div class=\"row\">\n                            <div class=\"col-lg-6\">\n                                <div class=\"ts-speaker-popup-img\">\n                                                                            <img width=\"1335\" height=\"1335\" src=\"https:\/\/congressohvm.com\/2022\/wp-content\/uploads\/2022\/05\/Telmo-Fernandes-e1654711960153.jpg\" class=\"attachment-full size-full\" alt=\"\" loading=\"lazy\" srcset=\"https:\/\/congressohvm.com\/2022\/wp-content\/uploads\/2022\/05\/Telmo-Fernandes-e1654711960153.jpg 1335w, https:\/\/congressohvm.com\/2022\/wp-content\/uploads\/2022\/05\/Telmo-Fernandes-e1654711960153-300x300.jpg 300w, https:\/\/congressohvm.com\/2022\/wp-content\/uploads\/2022\/05\/Telmo-Fernandes-e1654711960153-1024x1024.jpg 1024w, https:\/\/congressohvm.com\/2022\/wp-content\/uploads\/2022\/05\/Telmo-Fernandes-e1654711960153-150x150.jpg 150w, https:\/\/congressohvm.com\/2022\/wp-content\/uploads\/2022\/05\/Telmo-Fernandes-e1654711960153-768x768.jpg 768w\" sizes=\"(max-width: 1335px) 100vw, 1335px\" \/>                                                                    <\/div>\n                            <\/div>\n                            <!-- col end-->\n                            <div class=\"col-lg-6\">\n                                <div class=\"ts-speaker-popup-content\">\n                                    <h3 class=\"ts-title\"><a\n                                                href=\"https:\/\/congressohvm.com\/2022\/es\/blog\/speaker\/telmo-fernandes\/\"> Telmo Fernandes <\/a>\n                                    <\/h3>\n                                    <span class=\"speakder-designation\"> M\u00e9dico Veterin\u00e1rio<\/span>\n                                                                        <p>\n                                        <p>Licenciado em Medicina Veterin\u00e1ria em 2006. Trabalhou de 2007 a 2012 no Hospital Veterin\u00e1rio de Gaia sendo respons\u00e1vel pelo departamento de ecografia. Diversas forma\u00e7\u00f5es nacionais e internacionais em ecografia abdominal avan\u00e7ada, e est\u00e2ncias em Universidades do Reino Unido, Espanha e It\u00e1lia. Palestrante em diversos cursos de ecografia b\u00e1sica e avan\u00e7ada em Portugal e Espanha. Atualmente membro da Sociedade Internacional de Ultrasonografia Veterin\u00e1ria e a cumprir o programa de certificado pela mesma. P\u00f3s gradua\u00e7\u00e3o em Medicina Laboratorial pela Universidade do Porto. Colaborador com a empresa ECOVM em 2012 \/2013. De 2013 at\u00e9 \u00e0 data trabalha na empresa INSIDEVET da qual \u00e9 propriet\u00e1rio executando ecografia ambulat\u00f3ria.<\/p>                                    <\/p>\n                                    <div class=\"ts-speakers-social\">\n                                                                                                                                                                <\/div>\n                                <\/div>\n                                <!-- ts-speaker-popup-content end-->\n                            <\/div>\n                            <!-- col end-->\n                        <\/div>\n                        <!-- row end-->\n                    <\/div>\n                    <!-- popup end-->\n                <\/div>\n            <\/section>\n            <!-- ts-speaker end  -->\n        \n            \n            \n\n        \t\t<\/div>\n\t\t\t\t<\/div>\n\t\t\t\t\t\t<\/div>\n\t\t\t\t\t<\/div>\n\t\t<\/div>\n\t\t\t\t\t\t\t\t<\/div>\n\t\t\t\t\t<\/div>\n\t\t<\/section>\n\t\t\t\t<section class=\"elementor-section elementor-inner-section elementor-element elementor-element-4519dea elementor-section-boxed elementor-section-height-default elementor-section-height-default\" data-id=\"4519dea\" data-element_type=\"section\">\n\t\t\t\t\t\t<div class=\"elementor-container elementor-column-gap-default\">\n\t\t\t\t\t\t\t<div class=\"elementor-row\">\n\t\t\t\t\t<div class=\"elementor-column elementor-col-25 elementor-inner-column elementor-element elementor-element-ae7fa23\" data-id=\"ae7fa23\" data-element_type=\"column\">\n\t\t\t<div class=\"elementor-column-wrap elementor-element-populated\">\n\t\t\t\t\t\t\t<div class=\"elementor-widget-wrap\">\n\t\t\t\t\t\t<div class=\"elementor-element elementor-element-3b94bda elementor-widget elementor-widget-exhibz-speaker\" data-id=\"3b94bda\" data-element_type=\"widget\" data-settings=\"{&quot;ekit_we_effect_on&quot;:&quot;none&quot;}\" data-widget_type=\"exhibz-speaker.default\">\n\t\t\t\t<div class=\"elementor-widget-container\">\n\t\t\t            \n\n                        <section class=\"ts-speakers-standard ts-speakers speaker-classic section-bg\">\n                <div class=\"ts-speaker\" style=\"--speaker-color: #25cd44\">\n                    <div class=\"speaker-img\">\n                                                    <img width=\"213\" height=\"213\" src=\"https:\/\/congressohvm.com\/2022\/wp-content\/uploads\/2022\/05\/Va\u0302nia-Evaristo-e1654711901998.jpg\" class=\"img-fluid\" alt=\"\" loading=\"lazy\" srcset=\"https:\/\/congressohvm.com\/2022\/wp-content\/uploads\/2022\/05\/Va\u0302nia-Evaristo-e1654711901998.jpg 213w, https:\/\/congressohvm.com\/2022\/wp-content\/uploads\/2022\/05\/Va\u0302nia-Evaristo-e1654711901998-150x150.jpg 150w\" sizes=\"(max-width: 213px) 100vw, 213px\" \/>                                                <a href=\"#popup_3b94bda2697\"\n                           class=\"view-speaker ts-image-popup\" data-effect=\"mfp-zoom-in\">\n                            <i class=\"icon icon-plus\"><\/i>\n                        <\/a>\n                    <\/div>\n                    <div class=\"ts-speaker-info\">\n                        <h3 class=\"ts-title\"><a\n                                    href=\"https:\/\/congressohvm.com\/2022\/es\/blog\/speaker\/vania-evaristo\/\"> V\u00e2nia Evaristo <\/a>\n                        <\/h3>\n                        <p>\n                            M\u00e9dica Veterin\u00e1ria                        <\/p>\n                    <\/div>\n                    <!--- speaker info end -->\n                    <!-- popup start-->\n                    <div id=\"popup_3b94bda2697\"\n                         class=\"container ts-speaker-popup mfp-hide\">\n                        <div class=\"row\">\n                            <div class=\"col-lg-6\">\n                                <div class=\"ts-speaker-popup-img\">\n                                                                            <img width=\"213\" height=\"213\" src=\"https:\/\/congressohvm.com\/2022\/wp-content\/uploads\/2022\/05\/Va\u0302nia-Evaristo-e1654711901998.jpg\" class=\"attachment-full size-full\" alt=\"\" loading=\"lazy\" srcset=\"https:\/\/congressohvm.com\/2022\/wp-content\/uploads\/2022\/05\/Va\u0302nia-Evaristo-e1654711901998.jpg 213w, https:\/\/congressohvm.com\/2022\/wp-content\/uploads\/2022\/05\/Va\u0302nia-Evaristo-e1654711901998-150x150.jpg 150w\" sizes=\"(max-width: 213px) 100vw, 213px\" \/>                                                                    <\/div>\n                            <\/div>\n                            <!-- col end-->\n                            <div class=\"col-lg-6\">\n                                <div class=\"ts-speaker-popup-content\">\n                                    <h3 class=\"ts-title\"><a\n                                                href=\"https:\/\/congressohvm.com\/2022\/es\/blog\/speaker\/vania-evaristo\/\"> V\u00e2nia Evaristo <\/a>\n                                    <\/h3>\n                                    <span class=\"speakder-designation\"> M\u00e9dica Veterin\u00e1ria<\/span>\n                                                                        <p>\n                                        <p><span style=\"font-weight: 400\">Mestre em Medicina Veterin\u00e1ria pela Universidade de Tr\u00e1s-os-Montes e Alto Douro (UTAD) em Novembro de 2014. Realizou est\u00e1gio curricular no Centro Veterin\u00e1rio Arca Real em Valladolid (Espanha) e no Hospital de Refer\u00eancia Veterin\u00e1ria Montenegro (Porto)<\/span><span style=\"font-weight: 400\"><br \/><\/span><span style=\"font-weight: 400\">Iniciou a sua actividade profissional em Outubro de 2014 no Centro de Imagem Montenegro no qual realiza TACs e RMs.<\/span><span style=\"font-weight: 400\"><br \/><\/span><span style=\"font-weight: 400\">Tem como principais \u00e1reas de interesse a Imagiologia, Neurologia e Medicina de Urg\u00eancia.<\/span><span style=\"font-weight: 400\"><br \/><\/span><span style=\"font-weight: 400\">Tem realizado v\u00e1rios cursos nacionais e internacionais na \u00e1rea de TAC e Neurologia tendo frequentado a P\u00f3s Gradua\u00e7\u00e3o de Progama Avan\u00e7ado em Diagn\u00f3stico por Imagem \u2013 Tomografia Computorizada (GPAdv) da ESVPS<\/span><\/p>                                    <\/p>\n                                    <div class=\"ts-speakers-social\">\n                                                                                                                                                                <\/div>\n                                <\/div>\n                                <!-- ts-speaker-popup-content end-->\n                            <\/div>\n                            <!-- col end-->\n                        <\/div>\n                        <!-- row end-->\n                    <\/div>\n                    <!-- popup end-->\n                <\/div>\n            <\/section>\n            <!-- ts-speaker end  -->\n        \n            \n            \n\n        \t\t<\/div>\n\t\t\t\t<\/div>\n\t\t\t\t\t\t<\/div>\n\t\t\t\t\t<\/div>\n\t\t<\/div>\n\t\t\t\t<div class=\"elementor-column elementor-col-25 elementor-inner-column elementor-element elementor-element-88c2ba3\" data-id=\"88c2ba3\" data-element_type=\"column\">\n\t\t\t<div class=\"elementor-column-wrap elementor-element-populated\">\n\t\t\t\t\t\t\t<div class=\"elementor-widget-wrap\">\n\t\t\t\t\t\t<div class=\"elementor-element elementor-element-8853404 elementor-widget elementor-widget-exhibz-speaker\" data-id=\"8853404\" data-element_type=\"widget\" data-settings=\"{&quot;ekit_we_effect_on&quot;:&quot;none&quot;}\" data-widget_type=\"exhibz-speaker.default\">\n\t\t\t\t<div class=\"elementor-widget-container\">\n\t\t\t            \n\n                        <section class=\"ts-speakers-standard ts-speakers speaker-classic section-bg\">\n                <div class=\"ts-speaker\" style=\"--speaker-color: #25cd44\">\n                    <div class=\"speaker-img\">\n                                                    <img width=\"320\" height=\"320\" src=\"https:\/\/congressohvm.com\/2022\/wp-content\/uploads\/2022\/09\/Lacreta.jpg\" class=\"img-fluid\" alt=\"\" loading=\"lazy\" srcset=\"https:\/\/congressohvm.com\/2022\/wp-content\/uploads\/2022\/09\/Lacreta.jpg 320w, https:\/\/congressohvm.com\/2022\/wp-content\/uploads\/2022\/09\/Lacreta-300x300.jpg 300w, https:\/\/congressohvm.com\/2022\/wp-content\/uploads\/2022\/09\/Lacreta-150x150.jpg 150w, https:\/\/congressohvm.com\/2022\/wp-content\/uploads\/2022\/09\/Lacreta-12x12.jpg 12w\" sizes=\"(max-width: 320px) 100vw, 320px\" \/>                                                <a href=\"#popup_88534043130\"\n                           class=\"view-speaker ts-image-popup\" data-effect=\"mfp-zoom-in\">\n                            <i class=\"icon icon-plus\"><\/i>\n                        <\/a>\n                    <\/div>\n                    <div class=\"ts-speaker-info\">\n                        <h3 class=\"ts-title\"><a\n                                    href=\"https:\/\/congressohvm.com\/2022\/es\/blog\/speaker\/lacretta\/\"> Antonio Lacreta Junior <\/a>\n                        <\/h3>\n                        <p>\n                                                    <\/p>\n                    <\/div>\n                    <!--- speaker info end -->\n                    <!-- popup start-->\n                    <div id=\"popup_88534043130\"\n                         class=\"container ts-speaker-popup mfp-hide\">\n                        <div class=\"row\">\n                            <div class=\"col-lg-6\">\n                                <div class=\"ts-speaker-popup-img\">\n                                                                            <img width=\"320\" height=\"320\" src=\"https:\/\/congressohvm.com\/2022\/wp-content\/uploads\/2022\/09\/Lacreta.jpg\" class=\"attachment-full size-full\" alt=\"\" loading=\"lazy\" srcset=\"https:\/\/congressohvm.com\/2022\/wp-content\/uploads\/2022\/09\/Lacreta.jpg 320w, https:\/\/congressohvm.com\/2022\/wp-content\/uploads\/2022\/09\/Lacreta-300x300.jpg 300w, https:\/\/congressohvm.com\/2022\/wp-content\/uploads\/2022\/09\/Lacreta-150x150.jpg 150w, https:\/\/congressohvm.com\/2022\/wp-content\/uploads\/2022\/09\/Lacreta-12x12.jpg 12w\" sizes=\"(max-width: 320px) 100vw, 320px\" \/>                                                                    <\/div>\n                            <\/div>\n                            <!-- col end-->\n                            <div class=\"col-lg-6\">\n                                <div class=\"ts-speaker-popup-content\">\n                                    <h3 class=\"ts-title\"><a\n                                                href=\"https:\/\/congressohvm.com\/2022\/es\/blog\/speaker\/lacretta\/\"> Antonio Lacreta Junior <\/a>\n                                    <\/h3>\n                                    <span class=\"speakder-designation\"> <\/span>\n                                                                        <p>\n                                        <p><span style=\"font-weight: 400\">Mestrado e Doutoramento pela UNESP (Universidade Estadual Paulista \"J\u00falio de Mesquita Filho\")<\/span><\/p><p><span style=\"font-weight: 400\">Professor de Radiologia em Animais na <\/span><span style=\"font-weight: 400\">Universidade Federal de Lavra desde 2010.<\/span><\/p><p><span style=\"font-weight: 400\">Conselheiro Suplente do Conselho Regional de Medicina Veterin\u00e1ria do Estado de Minas Gerais desde 2018.<\/span><\/p><p>&nbsp;<\/p><p><span style=\"font-weight: 400\">Presidente do Col\u00e9gio Brasileiro de Radiologia Veterin\u00e1ria desde 2019.<\/span><\/p><p><span style=\"font-weight: 400\">Diretor Executivo da Funda\u00e7\u00e3o de Desenvolvimento Cient\u00edfico e Cultura (FUNDECC) desde 2020.<\/span><\/p><p><span style=\"font-weight: 400\">Diretor executivo da <\/span><span style=\"font-weight: 400\">Funda\u00e7\u00e3o de Apoio ao Ensino, Pesquisa e Extens\u00e3o (<\/span><span style=\"font-weight: 400\">FAEPE) desde 2020.<\/span><\/p>                                    <\/p>\n                                    <div class=\"ts-speakers-social\">\n                                                                                                                                                                <\/div>\n                                <\/div>\n                                <!-- ts-speaker-popup-content end-->\n                            <\/div>\n                            <!-- col end-->\n                        <\/div>\n                        <!-- row end-->\n                    <\/div>\n                    <!-- popup end-->\n                <\/div>\n            <\/section>\n            <!-- ts-speaker end  -->\n        \n            \n            \n\n        \t\t<\/div>\n\t\t\t\t<\/div>\n\t\t\t\t\t\t<\/div>\n\t\t\t\t\t<\/div>\n\t\t<\/div>\n\t\t\t\t<div class=\"elementor-column elementor-col-25 elementor-inner-column elementor-element elementor-element-6d877aa\" data-id=\"6d877aa\" data-element_type=\"column\">\n\t\t\t<div class=\"elementor-column-wrap elementor-element-populated\">\n\t\t\t\t\t\t\t<div class=\"elementor-widget-wrap\">\n\t\t\t\t\t\t<div class=\"elementor-element elementor-element-cf80eaa elementor-widget elementor-widget-exhibz-speaker\" data-id=\"cf80eaa\" data-element_type=\"widget\" data-settings=\"{&quot;ekit_we_effect_on&quot;:&quot;none&quot;}\" data-widget_type=\"exhibz-speaker.default\">\n\t\t\t\t<div class=\"elementor-widget-container\">\n\t\t\t            \n\n                        <section class=\"ts-speakers-standard ts-speakers speaker-classic section-bg\">\n                <div class=\"ts-speaker\" style=\"--speaker-color: #25cd44\">\n                    <div class=\"speaker-img\">\n                                                    <img width=\"1168\" height=\"1168\" src=\"https:\/\/congressohvm.com\/2022\/wp-content\/uploads\/2022\/09\/Mallet-e1664841558600.jpg\" class=\"img-fluid\" alt=\"\" loading=\"lazy\" srcset=\"https:\/\/congressohvm.com\/2022\/wp-content\/uploads\/2022\/09\/Mallet-e1664841558600.jpg 1168w, https:\/\/congressohvm.com\/2022\/wp-content\/uploads\/2022\/09\/Mallet-e1664841558600-300x300.jpg 300w, https:\/\/congressohvm.com\/2022\/wp-content\/uploads\/2022\/09\/Mallet-e1664841558600-1024x1024.jpg 1024w, https:\/\/congressohvm.com\/2022\/wp-content\/uploads\/2022\/09\/Mallet-e1664841558600-150x150.jpg 150w, https:\/\/congressohvm.com\/2022\/wp-content\/uploads\/2022\/09\/Mallet-e1664841558600-768x768.jpg 768w, https:\/\/congressohvm.com\/2022\/wp-content\/uploads\/2022\/09\/Mallet-e1664841558600-12x12.jpg 12w\" sizes=\"(max-width: 1168px) 100vw, 1168px\" \/>                                                <a href=\"#popup_cf80eaa3132\"\n                           class=\"view-speaker ts-image-popup\" data-effect=\"mfp-zoom-in\">\n                            <i class=\"icon icon-plus\"><\/i>\n                        <\/a>\n                    <\/div>\n                    <div class=\"ts-speaker-info\">\n                        <h3 class=\"ts-title\"><a\n                                    href=\"https:\/\/congressohvm.com\/2022\/es\/blog\/speaker\/mallet\/\"> Mallet Del Barrio <\/a>\n                        <\/h3>\n                        <p>\n                            M\u00e9dica Veterin\u00e1ria                        <\/p>\n                    <\/div>\n                    <!--- speaker info end -->\n                    <!-- popup start-->\n                    <div id=\"popup_cf80eaa3132\"\n                         class=\"container ts-speaker-popup mfp-hide\">\n                        <div class=\"row\">\n                            <div class=\"col-lg-6\">\n                                <div class=\"ts-speaker-popup-img\">\n                                                                            <img width=\"1168\" height=\"1168\" src=\"https:\/\/congressohvm.com\/2022\/wp-content\/uploads\/2022\/09\/Mallet-e1664841558600.jpg\" class=\"attachment-full size-full\" alt=\"\" loading=\"lazy\" srcset=\"https:\/\/congressohvm.com\/2022\/wp-content\/uploads\/2022\/09\/Mallet-e1664841558600.jpg 1168w, https:\/\/congressohvm.com\/2022\/wp-content\/uploads\/2022\/09\/Mallet-e1664841558600-300x300.jpg 300w, https:\/\/congressohvm.com\/2022\/wp-content\/uploads\/2022\/09\/Mallet-e1664841558600-1024x1024.jpg 1024w, https:\/\/congressohvm.com\/2022\/wp-content\/uploads\/2022\/09\/Mallet-e1664841558600-150x150.jpg 150w, https:\/\/congressohvm.com\/2022\/wp-content\/uploads\/2022\/09\/Mallet-e1664841558600-768x768.jpg 768w, https:\/\/congressohvm.com\/2022\/wp-content\/uploads\/2022\/09\/Mallet-e1664841558600-12x12.jpg 12w\" sizes=\"(max-width: 1168px) 100vw, 1168px\" \/>                                                                    <\/div>\n                            <\/div>\n                            <!-- col end-->\n                            <div class=\"col-lg-6\">\n                                <div class=\"ts-speaker-popup-content\">\n                                    <h3 class=\"ts-title\"><a\n                                                href=\"https:\/\/congressohvm.com\/2022\/es\/blog\/speaker\/mallet\/\"> Mallet Del Barrio <\/a>\n                                    <\/h3>\n                                    <span class=\"speakder-designation\"> M\u00e9dica Veterin\u00e1ria<\/span>\n                                                                        <p>\n                                        <ul><li><span style=\"font-weight: 400\">M\u00e9dica Veterin\u00e1ria graduada pela FMVZ-USP\/SP, onde concluiu o Programa de Resid\u00eancia em Cl\u00ednica e Cirurgia de Pequenos Animais e obteve t\u00edtulo de Mestre em Cl\u00ednica Veterin\u00e1ria<\/span><\/li><\/ul><p>&nbsp;<\/p><ul><li><span style=\"font-weight: 400\">Cl\u00ednica aut\u00f4noma com \u00eanfase em Medicina Felina, tendo trabalhado por 10 anos junto ao<\/span><\/li><\/ul><p><span style=\"font-weight: 400\">Professor Dr. Archivaldo Reche Jr<\/span><\/p><p>&nbsp;<\/p><ul><li><span style=\"font-weight: 400\">Docente da PUC-MG, das disciplinas Patologia Cl\u00ednica, Cl\u00ednica e Doen\u00e7as de Pequenos<\/span><span style=\"font-weight: 400\"><br \/><\/span><span style=\"font-weight: 400\">Animais<\/span><\/li><\/ul><p><span style=\"font-weight: 400\">.<\/span><\/p><ul><li><span style=\"font-weight: 400\">Autora de cap\u00edtulos de livros de Medicina Interna de Pequenos Animais, Medicina Felina,<\/span><\/li><\/ul><p><span style=\"font-weight: 400\">Infectologia, Nefrologia e Parasitologia<\/span><\/p><p>&nbsp;<\/p><ul><li><span style=\"font-weight: 400\">Professora de Cursos de Imers\u00e3o, Aprimoramento e Especializa\u00e7\u00e3o de Medicina Interna de<\/span><span style=\"font-weight: 400\"><br \/><\/span><span style=\"font-weight: 400\">Pequenos Animais e Medicina Felina, por todo o pa\u00eds<\/span><\/li><\/ul><p>&nbsp;<\/p><ul><li><span style=\"font-weight: 400\">Speaker de v\u00e1rias empresas de medicamentos e alimentos para Pequenos Animais<\/span><\/li><\/ul><p>&nbsp;<\/p><ul><li><span style=\"font-weight: 400\">Palestrante nacional e internacional<\/span><\/li><\/ul><p>&nbsp;<\/p><ul><li><span style=\"font-weight: 400\">Membro de Boardings de infectologia, parasitologia e nefrologia<\/span><\/li><\/ul><p>&nbsp;<\/p><ul><li><span style=\"font-weight: 400\">Vencedora do Pr\u00eamio Veterin\u00e1ria do Ano de 2012, promovido pela Vetnil, no Congresso<\/span><span style=\"font-weight: 400\"><br \/><\/span><span style=\"font-weight: 400\">Brasileiro da ANCLIVEPA 2013<\/span><\/li><\/ul><p>&nbsp;<\/p><ul><li><span style=\"font-weight: 400\">Diretora cl\u00ednica do Hospital Veterin\u00e1rio Santa In\u00eas<\/span><\/li><\/ul><p>&nbsp;<\/p>                                    <\/p>\n                                    <div class=\"ts-speakers-social\">\n                                                                                                                                                                <\/div>\n                                <\/div>\n                                <!-- ts-speaker-popup-content end-->\n                            <\/div>\n                            <!-- col end-->\n                        <\/div>\n                        <!-- row end-->\n                    <\/div>\n                    <!-- popup end-->\n                <\/div>\n            <\/section>\n            <!-- ts-speaker end  -->\n        \n            \n            \n\n        \t\t<\/div>\n\t\t\t\t<\/div>\n\t\t\t\t\t\t<\/div>\n\t\t\t\t\t<\/div>\n\t\t<\/div>\n\t\t\t\t<div class=\"elementor-column elementor-col-25 elementor-inner-column elementor-element elementor-element-6876705\" data-id=\"6876705\" data-element_type=\"column\">\n\t\t\t<div class=\"elementor-column-wrap elementor-element-populated\">\n\t\t\t\t\t\t\t<div class=\"elementor-widget-wrap\">\n\t\t\t\t\t\t<div class=\"elementor-element elementor-element-095a853 elementor-widget elementor-widget-exhibz-speaker\" data-id=\"095a853\" data-element_type=\"widget\" data-settings=\"{&quot;ekit_we_effect_on&quot;:&quot;none&quot;}\" data-widget_type=\"exhibz-speaker.default\">\n\t\t\t\t<div class=\"elementor-widget-container\">\n\t\t\t            \n\n                        <section class=\"ts-speakers-standard ts-speakers speaker-classic section-bg\">\n                <div class=\"ts-speaker\" style=\"--speaker-color: #25cd44\">\n                    <div class=\"speaker-img\">\n                                                    <img width=\"1000\" height=\"1000\" src=\"https:\/\/congressohvm.com\/2022\/wp-content\/uploads\/2022\/09\/Bruno-Lopes-e1664841531697.jpg\" class=\"img-fluid\" alt=\"\" loading=\"lazy\" srcset=\"https:\/\/congressohvm.com\/2022\/wp-content\/uploads\/2022\/09\/Bruno-Lopes-e1664841531697.jpg 1000w, https:\/\/congressohvm.com\/2022\/wp-content\/uploads\/2022\/09\/Bruno-Lopes-e1664841531697-300x300.jpg 300w, https:\/\/congressohvm.com\/2022\/wp-content\/uploads\/2022\/09\/Bruno-Lopes-e1664841531697-150x150.jpg 150w, https:\/\/congressohvm.com\/2022\/wp-content\/uploads\/2022\/09\/Bruno-Lopes-e1664841531697-768x768.jpg 768w, https:\/\/congressohvm.com\/2022\/wp-content\/uploads\/2022\/09\/Bruno-Lopes-e1664841531697-12x12.jpg 12w\" sizes=\"(max-width: 1000px) 100vw, 1000px\" \/>                                                <a href=\"#popup_095a8533135\"\n                           class=\"view-speaker ts-image-popup\" data-effect=\"mfp-zoom-in\">\n                            <i class=\"icon icon-plus\"><\/i>\n                        <\/a>\n                    <\/div>\n                    <div class=\"ts-speaker-info\">\n                        <h3 class=\"ts-title\"><a\n                                    href=\"https:\/\/congressohvm.com\/2022\/es\/blog\/speaker\/bruno-lopes\/\"> Bruno Lopes <\/a>\n                        <\/h3>\n                        <p>\n                            M\u00e9dico Veterin\u00e1rio                        <\/p>\n                    <\/div>\n                    <!--- speaker info end -->\n                    <!-- popup start-->\n                    <div id=\"popup_095a8533135\"\n                         class=\"container ts-speaker-popup mfp-hide\">\n                        <div class=\"row\">\n                            <div class=\"col-lg-6\">\n                                <div class=\"ts-speaker-popup-img\">\n                                                                            <img width=\"1000\" height=\"1000\" src=\"https:\/\/congressohvm.com\/2022\/wp-content\/uploads\/2022\/09\/Bruno-Lopes-e1664841531697.jpg\" class=\"attachment-full size-full\" alt=\"\" loading=\"lazy\" srcset=\"https:\/\/congressohvm.com\/2022\/wp-content\/uploads\/2022\/09\/Bruno-Lopes-e1664841531697.jpg 1000w, https:\/\/congressohvm.com\/2022\/wp-content\/uploads\/2022\/09\/Bruno-Lopes-e1664841531697-300x300.jpg 300w, https:\/\/congressohvm.com\/2022\/wp-content\/uploads\/2022\/09\/Bruno-Lopes-e1664841531697-150x150.jpg 150w, https:\/\/congressohvm.com\/2022\/wp-content\/uploads\/2022\/09\/Bruno-Lopes-e1664841531697-768x768.jpg 768w, https:\/\/congressohvm.com\/2022\/wp-content\/uploads\/2022\/09\/Bruno-Lopes-e1664841531697-12x12.jpg 12w\" sizes=\"(max-width: 1000px) 100vw, 1000px\" \/>                                                                    <\/div>\n                            <\/div>\n                            <!-- col end-->\n                            <div class=\"col-lg-6\">\n                                <div class=\"ts-speaker-popup-content\">\n                                    <h3 class=\"ts-title\"><a\n                                                href=\"https:\/\/congressohvm.com\/2022\/es\/blog\/speaker\/bruno-lopes\/\"> Bruno Lopes <\/a>\n                                    <\/h3>\n                                    <span class=\"speakder-designation\"> M\u00e9dico Veterin\u00e1rio<\/span>\n                                                                        <p>\n                                        <p><span style=\"font-weight: 400\">\"Licenciado pelo ICBAS - Universidade do Porto em 2013. Trabalhou na zona do grande Porto at\u00e9 Abril 2017, antes de se mudar para o Reino Unido e trabalhar enquanto veterin\u00e1rio de primeira opini\u00e3o. Completou o certificado em Neurologia Veterin\u00e1ria (GPCert Neuro). Come\u00e7ou a trabalhar em servi\u00e7o de refer\u00eancia enquanto interno especifico em Neurologia e Neurocirurgia, em Novembro 2018, seguido de residente do col\u00e9gio europeu de neurologia veterin\u00e1ria (ECVN) desde Novembro 2018, o qual termina em Novembro 2022.\"<\/span><\/p><p>&nbsp;<\/p>                                    <\/p>\n                                    <div class=\"ts-speakers-social\">\n                                                                                                                                                                <\/div>\n                                <\/div>\n                                <!-- ts-speaker-popup-content end-->\n                            <\/div>\n                            <!-- col end-->\n                        <\/div>\n                        <!-- row end-->\n                    <\/div>\n                    <!-- popup end-->\n                <\/div>\n            <\/section>\n            <!-- ts-speaker end  -->\n        \n            \n            \n\n        \t\t<\/div>\n\t\t\t\t<\/div>\n\t\t\t\t\t\t<\/div>\n\t\t\t\t\t<\/div>\n\t\t<\/div>\n\t\t\t\t\t\t\t\t<\/div>\n\t\t\t\t\t<\/div>\n\t\t<\/section>\n\t\t\t\t<section class=\"elementor-section elementor-inner-section elementor-element elementor-element-0556965 elementor-section-boxed elementor-section-height-default elementor-section-height-default\" data-id=\"0556965\" data-element_type=\"section\">\n\t\t\t\t\t\t<div class=\"elementor-container elementor-column-gap-default\">\n\t\t\t\t\t\t\t<div class=\"elementor-row\">\n\t\t\t\t\t<div class=\"elementor-column elementor-col-25 elementor-inner-column elementor-element elementor-element-ab5a06f\" data-id=\"ab5a06f\" data-element_type=\"column\">\n\t\t\t<div class=\"elementor-column-wrap elementor-element-populated\">\n\t\t\t\t\t\t\t<div class=\"elementor-widget-wrap\">\n\t\t\t\t\t\t<div class=\"elementor-element elementor-element-e81bba8 elementor-widget elementor-widget-exhibz-speaker\" data-id=\"e81bba8\" data-element_type=\"widget\" data-settings=\"{&quot;ekit_we_effect_on&quot;:&quot;none&quot;}\" data-widget_type=\"exhibz-speaker.default\">\n\t\t\t\t<div class=\"elementor-widget-container\">\n\t\t\t            \n\n                        <section class=\"ts-speakers-standard ts-speakers speaker-classic section-bg\">\n                <div class=\"ts-speaker\" style=\"--speaker-color: #25cd44\">\n                    <div class=\"speaker-img\">\n                                                    <img width=\"640\" height=\"640\" src=\"https:\/\/congressohvm.com\/2022\/wp-content\/uploads\/2022\/09\/Cristiano-Sa\u0301.jpeg\" class=\"img-fluid\" alt=\"\" loading=\"lazy\" srcset=\"https:\/\/congressohvm.com\/2022\/wp-content\/uploads\/2022\/09\/Cristiano-Sa\u0301.jpeg 640w, https:\/\/congressohvm.com\/2022\/wp-content\/uploads\/2022\/09\/Cristiano-Sa\u0301-300x300.jpeg 300w, https:\/\/congressohvm.com\/2022\/wp-content\/uploads\/2022\/09\/Cristiano-Sa\u0301-150x150.jpeg 150w, https:\/\/congressohvm.com\/2022\/wp-content\/uploads\/2022\/09\/Cristiano-Sa\u0301-12x12.jpeg 12w\" sizes=\"(max-width: 640px) 100vw, 640px\" \/>                                                <a href=\"#popup_e81bba83138\"\n                           class=\"view-speaker ts-image-popup\" data-effect=\"mfp-zoom-in\">\n                            <i class=\"icon icon-plus\"><\/i>\n                        <\/a>\n                    <\/div>\n                    <div class=\"ts-speaker-info\">\n                        <h3 class=\"ts-title\"><a\n                                    href=\"https:\/\/congressohvm.com\/2022\/es\/blog\/speaker\/cristiano-sa\/\"> Cristiano S\u00e1 <\/a>\n                        <\/h3>\n                        <p>\n                            Diretor de Marketing, Desenvolvimento de Produtos e Novos Neg\u00f3cios da Vetnil\u00a0                        <\/p>\n                    <\/div>\n                    <!--- speaker info end -->\n                    <!-- popup start-->\n                    <div id=\"popup_e81bba83138\"\n                         class=\"container ts-speaker-popup mfp-hide\">\n                        <div class=\"row\">\n                            <div class=\"col-lg-6\">\n                                <div class=\"ts-speaker-popup-img\">\n                                                                            <img width=\"640\" height=\"640\" src=\"https:\/\/congressohvm.com\/2022\/wp-content\/uploads\/2022\/09\/Cristiano-Sa\u0301.jpeg\" class=\"attachment-full size-full\" alt=\"\" loading=\"lazy\" srcset=\"https:\/\/congressohvm.com\/2022\/wp-content\/uploads\/2022\/09\/Cristiano-Sa\u0301.jpeg 640w, https:\/\/congressohvm.com\/2022\/wp-content\/uploads\/2022\/09\/Cristiano-Sa\u0301-300x300.jpeg 300w, https:\/\/congressohvm.com\/2022\/wp-content\/uploads\/2022\/09\/Cristiano-Sa\u0301-150x150.jpeg 150w, https:\/\/congressohvm.com\/2022\/wp-content\/uploads\/2022\/09\/Cristiano-Sa\u0301-12x12.jpeg 12w\" sizes=\"(max-width: 640px) 100vw, 640px\" \/>                                                                    <\/div>\n                            <\/div>\n                            <!-- col end-->\n                            <div class=\"col-lg-6\">\n                                <div class=\"ts-speaker-popup-content\">\n                                    <h3 class=\"ts-title\"><a\n                                                href=\"https:\/\/congressohvm.com\/2022\/es\/blog\/speaker\/cristiano-sa\/\"> Cristiano S\u00e1 <\/a>\n                                    <\/h3>\n                                    <span class=\"speakder-designation\"> Diretor de Marketing, Desenvolvimento de Produtos e Novos Neg\u00f3cios da Vetnil\u00a0<\/span>\n                                                                        <p>\n                                        <ul><li><span style=\"font-weight: 400\">Diretor de Marketing, Desenvolvimento de Produtos e Novos Neg\u00f3cios da Empresa Vetnil\u00a0<\/span><\/li><li><span style=\"font-weight: 400\">MBA em Gest\u00e3o de Empresas Exponenciais XPEED\/IBMEC<\/span><\/li><li><span style=\"font-weight: 400\">Membro do Conselho Consultivo do Sindan ( Sindicato das Ind\u00fastrias de Sa\u00fade Animal)\u00a0 - Gest\u00f5es 2017 a 2019, 2019 a 2022<\/span><\/li><li><span style=\"font-weight: 400\">Membro do Conselho Consultivo da Abinpet (Associa\u00e7\u00e3o Brasileira do Mercado Pet) - Gest\u00f5es de 2011 a 2017<\/span><\/li><li><span style=\"font-weight: 400\">Coordenador da COMAC (Comiss\u00e3o de Marketing de Animais de Companhia do SINDAN)<\/span><\/li><li><span style=\"font-weight: 400\">Diretor da SPMV\u2013\u00a0 Sociedade Paulista de Medicina Veterin\u00e1ria Gest\u00f5es de 2002 a 2014<\/span><\/li><li><span style=\"font-weight: 400\">Forma\u00e7\u00e3o em Gest\u00e3o Contempor\u00e2nea<\/span><\/li><li><span style=\"font-weight: 400\">Forma\u00e7\u00e3o em Lideran\u00e7a Corporativa<\/span><\/li><li><span style=\"font-weight: 400\">Especialista em sistemas de franquia<\/span><\/li><li><span style=\"font-weight: 400\">MBA Executivo em Marketing \u2013 ESPM (Escola Superior de Propaganda e Marketing)<\/span><\/li><li><span style=\"font-weight: 400\">MBA Intensivo em Vendas \u2013 ESPM (Escola Superior de Propaganda e Marketing)<\/span><\/li><li><span style=\"font-weight: 400\">M\u00e9dico Veterin\u00e1rio formado pela USP (Universidade de S\u00e3o Paulo)<\/span><\/li><\/ul>                                    <\/p>\n                                    <div class=\"ts-speakers-social\">\n                                                                                                                                                                <\/div>\n                                <\/div>\n                                <!-- ts-speaker-popup-content end-->\n                            <\/div>\n                            <!-- col end-->\n                        <\/div>\n                        <!-- row end-->\n                    <\/div>\n                    <!-- popup end-->\n                <\/div>\n            <\/section>\n            <!-- ts-speaker end  -->\n        \n            \n            \n\n        \t\t<\/div>\n\t\t\t\t<\/div>\n\t\t\t\t\t\t<\/div>\n\t\t\t\t\t<\/div>\n\t\t<\/div>\n\t\t\t\t<div class=\"elementor-column elementor-col-25 elementor-inner-column elementor-element elementor-element-ba2735f\" data-id=\"ba2735f\" data-element_type=\"column\">\n\t\t\t<div class=\"elementor-column-wrap elementor-element-populated\">\n\t\t\t\t\t\t\t<div class=\"elementor-widget-wrap\">\n\t\t\t\t\t\t<div class=\"elementor-element elementor-element-641c466 elementor-widget elementor-widget-exhibz-speaker\" data-id=\"641c466\" data-element_type=\"widget\" data-settings=\"{&quot;ekit_we_effect_on&quot;:&quot;none&quot;}\" data-widget_type=\"exhibz-speaker.default\">\n\t\t\t\t<div class=\"elementor-widget-container\">\n\t\t\t            \n\n                        <section class=\"ts-speakers-standard ts-speakers speaker-classic section-bg\">\n                <div class=\"ts-speaker\" style=\"--speaker-color: #25cd44\">\n                    <div class=\"speaker-img\">\n                                                    <img width=\"600\" height=\"600\" src=\"https:\/\/congressohvm.com\/2022\/wp-content\/uploads\/2022\/09\/Ana-Luisa-Amaral.png\" class=\"img-fluid\" alt=\"\" loading=\"lazy\" srcset=\"https:\/\/congressohvm.com\/2022\/wp-content\/uploads\/2022\/09\/Ana-Luisa-Amaral.png 600w, https:\/\/congressohvm.com\/2022\/wp-content\/uploads\/2022\/09\/Ana-Luisa-Amaral-300x300.png 300w, https:\/\/congressohvm.com\/2022\/wp-content\/uploads\/2022\/09\/Ana-Luisa-Amaral-150x150.png 150w, https:\/\/congressohvm.com\/2022\/wp-content\/uploads\/2022\/09\/Ana-Luisa-Amaral-12x12.png 12w\" sizes=\"(max-width: 600px) 100vw, 600px\" \/>                                                <a href=\"#popup_641c4663140\"\n                           class=\"view-speaker ts-image-popup\" data-effect=\"mfp-zoom-in\">\n                            <i class=\"icon icon-plus\"><\/i>\n                        <\/a>\n                    <\/div>\n                    <div class=\"ts-speaker-info\">\n                        <h3 class=\"ts-title\"><a\n                                    href=\"https:\/\/congressohvm.com\/2022\/es\/blog\/speaker\/ana-luisa\/\"> Ana Lu\u00edsa Amaral <\/a>\n                        <\/h3>\n                        <p>\n                            COO e Consultora de Gest\u00e3o e Neg\u00f3cios na\u00a0VetBizz Consulting                        <\/p>\n                    <\/div>\n                    <!--- speaker info end -->\n                    <!-- popup start-->\n                    <div id=\"popup_641c4663140\"\n                         class=\"container ts-speaker-popup mfp-hide\">\n                        <div class=\"row\">\n                            <div class=\"col-lg-6\">\n                                <div class=\"ts-speaker-popup-img\">\n                                                                            <img width=\"600\" height=\"600\" src=\"https:\/\/congressohvm.com\/2022\/wp-content\/uploads\/2022\/09\/Ana-Luisa-Amaral.png\" class=\"attachment-full size-full\" alt=\"\" loading=\"lazy\" srcset=\"https:\/\/congressohvm.com\/2022\/wp-content\/uploads\/2022\/09\/Ana-Luisa-Amaral.png 600w, https:\/\/congressohvm.com\/2022\/wp-content\/uploads\/2022\/09\/Ana-Luisa-Amaral-300x300.png 300w, https:\/\/congressohvm.com\/2022\/wp-content\/uploads\/2022\/09\/Ana-Luisa-Amaral-150x150.png 150w, https:\/\/congressohvm.com\/2022\/wp-content\/uploads\/2022\/09\/Ana-Luisa-Amaral-12x12.png 12w\" sizes=\"(max-width: 600px) 100vw, 600px\" \/>                                                                    <\/div>\n                            <\/div>\n                            <!-- col end-->\n                            <div class=\"col-lg-6\">\n                                <div class=\"ts-speaker-popup-content\">\n                                    <h3 class=\"ts-title\"><a\n                                                href=\"https:\/\/congressohvm.com\/2022\/es\/blog\/speaker\/ana-luisa\/\"> Ana Lu\u00edsa Amaral <\/a>\n                                    <\/h3>\n                                    <span class=\"speakder-designation\"> COO e Consultora de Gest\u00e3o e Neg\u00f3cios na\u00a0VetBizz Consulting<\/span>\n                                                                        <p>\n                                        <ul><li><span style=\"font-weight: 400\">COO e Consultora de Gest\u00e3o e Neg\u00f3cios na\u00a0<\/span><b>VetBizz Consulting<\/b><\/li><li><span style=\"font-weight: 400\">Mestre em Medicina Veterin\u00e1ria na\u00a0<\/span><b>UTAD<\/b><\/li><li><span style=\"font-weight: 400\">MBA Pr\u00e9-executivo em Gest\u00e3o, parceria entre<\/span><b>\u00a0ISCAP (Porto Executive Academy) e\u00a0 a Consultora PWC\u00a0<\/b><\/li><li><span style=\"font-weight: 400\">P\u00f3s-gradua\u00e7\u00e3o em Gest\u00e3o, na\u00a0<\/span><b>ANJE Porto<\/b><\/li><li><span style=\"font-weight: 400\">Experi\u00eancia em forma\u00e7\u00e3o em\u00a0<\/span><b>Gest\u00e3o Veterin\u00e1ria<\/b><\/li><li><span style=\"font-weight: 400\">Experi\u00eancia adquirida em hospitais veterin\u00e1rios na\u00a0<\/span><b>B\u00e9lgica<\/b><span style=\"font-weight: 400\">\u00a0e\u00a0<\/span><b>Kentucky (EUA)<\/b><\/li><li><span style=\"font-weight: 400\">Experi\u00eancia em gest\u00e3o de equipas durante 3 anos<\/span><\/li><li><span style=\"font-weight: 400\">Experi\u00eancia na \u00e1rea da\u00a0<\/span><b>gest\u00e3o de tesouraria<\/b><\/li><li><span style=\"font-weight: 400\">Experi\u00eancia em\u00a0<\/span><b>organiza\u00e7\u00e3o de congressos internacionais<\/b><span style=\"font-weight: 400\">\u00a0e\u00a0<\/span><b>workshops<\/b><span style=\"font-weight: 400\">\u00a0durante 4 anos<\/span><\/li><li><span style=\"font-weight: 400\">Vice-Presidente da\u00a0<\/span><b>Federa\u00e7\u00e3o Acad\u00e9mica de Medicina Veterin\u00e1ria \u2013 FAMVet<\/b><\/li><li><span style=\"font-weight: 400\">Presidente, Tesoureira e Colaboradora da\u00a0<\/span><b>Associa\u00e7\u00e3o de Estudantes de Medicina Veterin\u00e1ria da UTAD<\/b><\/li><li><span style=\"font-weight: 400\">Participa\u00e7\u00e3o em v\u00e1rios congressos e workshops de\u00a0<\/span><b>Medicina Veterin\u00e1ria<\/b><span style=\"font-weight: 400\">\u00a0e\u00a0<\/span><b>Gest\u00e3o de Equipas<\/b><\/li><\/ul>                                    <\/p>\n                                    <div class=\"ts-speakers-social\">\n                                                                                                                                                                <\/div>\n                                <\/div>\n                                <!-- ts-speaker-popup-content end-->\n                            <\/div>\n                            <!-- col end-->\n                        <\/div>\n                        <!-- row end-->\n                    <\/div>\n                    <!-- popup end-->\n                <\/div>\n            <\/section>\n            <!-- ts-speaker end  -->\n        \n            \n            \n\n        \t\t<\/div>\n\t\t\t\t<\/div>\n\t\t\t\t\t\t<\/div>\n\t\t\t\t\t<\/div>\n\t\t<\/div>\n\t\t\t\t<div class=\"elementor-column elementor-col-25 elementor-inner-column elementor-element elementor-element-addabae\" data-id=\"addabae\" data-element_type=\"column\">\n\t\t\t<div class=\"elementor-column-wrap elementor-element-populated\">\n\t\t\t\t\t\t\t<div class=\"elementor-widget-wrap\">\n\t\t\t\t\t\t<div class=\"elementor-element elementor-element-1eb9d9a elementor-widget elementor-widget-exhibz-speaker\" data-id=\"1eb9d9a\" data-element_type=\"widget\" data-settings=\"{&quot;ekit_we_effect_on&quot;:&quot;none&quot;}\" data-widget_type=\"exhibz-speaker.default\">\n\t\t\t\t<div class=\"elementor-widget-container\">\n\t\t\t            \n\n                        <section class=\"ts-speakers-standard ts-speakers speaker-classic section-bg\">\n                <div class=\"ts-speaker\" style=\"--speaker-color: #25cd44\">\n                    <div class=\"speaker-img\">\n                                                    <img width=\"1068\" height=\"1068\" src=\"https:\/\/congressohvm.com\/2022\/wp-content\/uploads\/2022\/09\/Filipa-Bernardino-e1664841479989.jpg\" class=\"img-fluid\" alt=\"\" loading=\"lazy\" srcset=\"https:\/\/congressohvm.com\/2022\/wp-content\/uploads\/2022\/09\/Filipa-Bernardino-e1664841479989.jpg 1068w, https:\/\/congressohvm.com\/2022\/wp-content\/uploads\/2022\/09\/Filipa-Bernardino-e1664841479989-300x300.jpg 300w, https:\/\/congressohvm.com\/2022\/wp-content\/uploads\/2022\/09\/Filipa-Bernardino-e1664841479989-1024x1024.jpg 1024w, https:\/\/congressohvm.com\/2022\/wp-content\/uploads\/2022\/09\/Filipa-Bernardino-e1664841479989-150x150.jpg 150w, https:\/\/congressohvm.com\/2022\/wp-content\/uploads\/2022\/09\/Filipa-Bernardino-e1664841479989-768x768.jpg 768w, https:\/\/congressohvm.com\/2022\/wp-content\/uploads\/2022\/09\/Filipa-Bernardino-e1664841479989-12x12.jpg 12w\" sizes=\"(max-width: 1068px) 100vw, 1068px\" \/>                                                <a href=\"#popup_1eb9d9a3143\"\n                           class=\"view-speaker ts-image-popup\" data-effect=\"mfp-zoom-in\">\n                            <i class=\"icon icon-plus\"><\/i>\n                        <\/a>\n                    <\/div>\n                    <div class=\"ts-speaker-info\">\n                        <h3 class=\"ts-title\"><a\n                                    href=\"https:\/\/congressohvm.com\/2022\/es\/blog\/speaker\/filipa-bernardino\/\"> Filipa Bernardino <\/a>\n                        <\/h3>\n                        <p>\n                            M\u00e9dica Veterin\u00e1ria                        <\/p>\n                    <\/div>\n                    <!--- speaker info end -->\n                    <!-- popup start-->\n                    <div id=\"popup_1eb9d9a3143\"\n                         class=\"container ts-speaker-popup mfp-hide\">\n                        <div class=\"row\">\n                            <div class=\"col-lg-6\">\n                                <div class=\"ts-speaker-popup-img\">\n                                                                            <img width=\"1068\" height=\"1068\" src=\"https:\/\/congressohvm.com\/2022\/wp-content\/uploads\/2022\/09\/Filipa-Bernardino-e1664841479989.jpg\" class=\"attachment-full size-full\" alt=\"\" loading=\"lazy\" srcset=\"https:\/\/congressohvm.com\/2022\/wp-content\/uploads\/2022\/09\/Filipa-Bernardino-e1664841479989.jpg 1068w, https:\/\/congressohvm.com\/2022\/wp-content\/uploads\/2022\/09\/Filipa-Bernardino-e1664841479989-300x300.jpg 300w, https:\/\/congressohvm.com\/2022\/wp-content\/uploads\/2022\/09\/Filipa-Bernardino-e1664841479989-1024x1024.jpg 1024w, https:\/\/congressohvm.com\/2022\/wp-content\/uploads\/2022\/09\/Filipa-Bernardino-e1664841479989-150x150.jpg 150w, https:\/\/congressohvm.com\/2022\/wp-content\/uploads\/2022\/09\/Filipa-Bernardino-e1664841479989-768x768.jpg 768w, https:\/\/congressohvm.com\/2022\/wp-content\/uploads\/2022\/09\/Filipa-Bernardino-e1664841479989-12x12.jpg 12w\" sizes=\"(max-width: 1068px) 100vw, 1068px\" \/>                                                                    <\/div>\n                            <\/div>\n                            <!-- col end-->\n                            <div class=\"col-lg-6\">\n                                <div class=\"ts-speaker-popup-content\">\n                                    <h3 class=\"ts-title\"><a\n                                                href=\"https:\/\/congressohvm.com\/2022\/es\/blog\/speaker\/filipa-bernardino\/\"> Filipa Bernardino <\/a>\n                                    <\/h3>\n                                    <span class=\"speakder-designation\"> M\u00e9dica Veterin\u00e1ria<\/span>\n                                                                        <p>\n                                        <p>Licenciada em Medicina Veterin\u00e1ria pelo Instituto de Ci\u00eancias Biom\u00e9dicas Abel Salazar<br \/>da Universidade do Porto em 2006. A sua \u00e1rea de interesse foi sempre a cirurgia.<br \/>Ap\u00f3s tr\u00eas anos a trabalhar num centro m\u00e9dico-veterin\u00e1rio de animais de companhia de<br \/>1a opini\u00e3o, conseguiu uma posi\u00e7\u00e3o para o \u201cInternship\u201d na \u201cClinic for Surgery and<\/p><p>Gynecology in Small Animals at the Faculty of Veterinary Medicine at Ludwig-<br \/>Maximilians-Universitaet LMU Munich\u201d. Ap\u00f3s o internato, foi convidada a ficar como<\/p><p>m\u00e9dica veterin\u00e1ria assistente durante o per\u00edodo de um ano. Findo este ano, iniciou em<br \/>2011 o seu Doutoramento na \u00e1rea de Neurologia na \u201cClinic of Small Animal Internal<br \/>Medicine at the Faculty of Veterinary Medicine at Ludwig-Maximilians-Universitaet LMU<br \/>Munich\u201d, que terminou em 2015.<br \/>Regressou em 2014 a Portugal, e deu in\u00edcio a um servi\u00e7o de consultoria na \u00e1rea da<br \/>ortopedia e neurologia. Foi respons\u00e1vel pela \u00e1rea de cirurgia no Centro de Imagiologia<br \/>de Gondomar at\u00e9 2015. Em 2015 iniciou a sua colabora\u00e7\u00e3o na \u00e1rea da cirurgia, ortopedia<br \/>e da neurologia com o Hospital de Refer\u00eancia Veterin\u00e1ria Montenegro que terminou em<br \/>2019.<br \/>De 2016 a 2020 foi Professora Adjunta convidada no curso de Licenciatura de<br \/>Enfermagem Veterin\u00e1ria na Escola Superior Agr\u00e1ria do Instituto Polit\u00e9cnico de Viana do<br \/>Castelo. Exerceu ainda, de 2016 a 2019, a fun\u00e7\u00e3o de coordenadora do curso de<br \/>licenciatura de Enfermagem Veterin\u00e1ria.<br \/>Exerce desde 2021 at\u00e9 ao momento fun\u00e7\u00f5es de Professora Auxiliar Convidada no<br \/>Instituto de Ci\u00eancias Biom\u00e9dicas Abel Salazar da Universidade do Porto.<br \/>\u00c9 a CEO e a fundadora da empresa Vetexpertise, empresa pioneira na \u00e1rea da<br \/>teleconsultoria e telemedicina veterin\u00e1ria, respons\u00e1vel pela cria\u00e7\u00e3o da plataforma<br \/>digital Vetexpertise e das aplica\u00e7\u00f5es Wisevet Live e Wisevet Pro.<\/p>                                    <\/p>\n                                    <div class=\"ts-speakers-social\">\n                                                                                                                                                                <\/div>\n                                <\/div>\n                                <!-- ts-speaker-popup-content end-->\n                            <\/div>\n                            <!-- col end-->\n                        <\/div>\n                        <!-- row end-->\n                    <\/div>\n                    <!-- popup end-->\n                <\/div>\n            <\/section>\n            <!-- ts-speaker end  -->\n        \n            \n            \n\n        \t\t<\/div>\n\t\t\t\t<\/div>\n\t\t\t\t\t\t<\/div>\n\t\t\t\t\t<\/div>\n\t\t<\/div>\n\t\t\t\t<div class=\"elementor-column elementor-col-25 elementor-inner-column elementor-element elementor-element-7f93599\" data-id=\"7f93599\" data-element_type=\"column\">\n\t\t\t<div class=\"elementor-column-wrap elementor-element-populated\">\n\t\t\t\t\t\t\t<div class=\"elementor-widget-wrap\">\n\t\t\t\t\t\t<div class=\"elementor-element elementor-element-57e8166 elementor-widget elementor-widget-exhibz-speaker\" data-id=\"57e8166\" data-element_type=\"widget\" data-settings=\"{&quot;ekit_we_effect_on&quot;:&quot;none&quot;}\" data-widget_type=\"exhibz-speaker.default\">\n\t\t\t\t<div class=\"elementor-widget-container\">\n\t\t\t            \n\n                        <section class=\"ts-speakers-standard ts-speakers speaker-classic section-bg\">\n                <div class=\"ts-speaker\" style=\"--speaker-color: #25cd44\">\n                    <div class=\"speaker-img\">\n                                                    <img width=\"348\" height=\"348\" src=\"https:\/\/congressohvm.com\/2022\/wp-content\/uploads\/2022\/09\/Gustavo-Gonc\u0327alves-e1664838897114.jpg\" class=\"img-fluid\" alt=\"\" loading=\"lazy\" srcset=\"https:\/\/congressohvm.com\/2022\/wp-content\/uploads\/2022\/09\/Gustavo-Gonc\u0327alves-e1664838897114.jpg 348w, https:\/\/congressohvm.com\/2022\/wp-content\/uploads\/2022\/09\/Gustavo-Gonc\u0327alves-e1664838897114-300x300.jpg 300w, https:\/\/congressohvm.com\/2022\/wp-content\/uploads\/2022\/09\/Gustavo-Gonc\u0327alves-e1664838897114-150x150.jpg 150w, https:\/\/congressohvm.com\/2022\/wp-content\/uploads\/2022\/09\/Gustavo-Gonc\u0327alves-e1664838897114-12x12.jpg 12w\" sizes=\"(max-width: 348px) 100vw, 348px\" \/>                                                <a href=\"#popup_57e81663146\"\n                           class=\"view-speaker ts-image-popup\" data-effect=\"mfp-zoom-in\">\n                            <i class=\"icon icon-plus\"><\/i>\n                        <\/a>\n                    <\/div>\n                    <div class=\"ts-speaker-info\">\n                        <h3 class=\"ts-title\"><a\n                                    href=\"https:\/\/congressohvm.com\/2022\/es\/blog\/speaker\/gustavo-goncalves\/\"> Gustavo Gon\u00e7alves <\/a>\n                        <\/h3>\n                        <p>\n                            M\u00e9dico Veterin\u00e1rio                        <\/p>\n                    <\/div>\n                    <!--- speaker info end -->\n                    <!-- popup start-->\n                    <div id=\"popup_57e81663146\"\n                         class=\"container ts-speaker-popup mfp-hide\">\n                        <div class=\"row\">\n                            <div class=\"col-lg-6\">\n                                <div class=\"ts-speaker-popup-img\">\n                                                                            <img width=\"348\" height=\"348\" src=\"https:\/\/congressohvm.com\/2022\/wp-content\/uploads\/2022\/09\/Gustavo-Gonc\u0327alves-e1664838897114.jpg\" class=\"attachment-full size-full\" alt=\"\" loading=\"lazy\" srcset=\"https:\/\/congressohvm.com\/2022\/wp-content\/uploads\/2022\/09\/Gustavo-Gonc\u0327alves-e1664838897114.jpg 348w, https:\/\/congressohvm.com\/2022\/wp-content\/uploads\/2022\/09\/Gustavo-Gonc\u0327alves-e1664838897114-300x300.jpg 300w, https:\/\/congressohvm.com\/2022\/wp-content\/uploads\/2022\/09\/Gustavo-Gonc\u0327alves-e1664838897114-150x150.jpg 150w, https:\/\/congressohvm.com\/2022\/wp-content\/uploads\/2022\/09\/Gustavo-Gonc\u0327alves-e1664838897114-12x12.jpg 12w\" sizes=\"(max-width: 348px) 100vw, 348px\" \/>                                                                    <\/div>\n                            <\/div>\n                            <!-- col end-->\n                            <div class=\"col-lg-6\">\n                                <div class=\"ts-speaker-popup-content\">\n                                    <h3 class=\"ts-title\"><a\n                                                href=\"https:\/\/congressohvm.com\/2022\/es\/blog\/speaker\/gustavo-goncalves\/\"> Gustavo Gon\u00e7alves <\/a>\n                                    <\/h3>\n                                    <span class=\"speakder-designation\"> M\u00e9dico Veterin\u00e1rio<\/span>\n                                                                        <p>\n                                        <ul><li><span style=\"font-weight: 400\">Graduado na UFF- RJ<\/span><\/li><li><span style=\"font-weight: 400\">Mestrado UFF-RJ<\/span><\/li><li><span style=\"font-weight: 400\">Doutorado UFF\/UFRJ\u00a0<\/span><\/li><li><span style=\"font-weight: 400\">Socio-proprietario do Vet Ypiranga Hospital e Especilab<\/span><\/li><li><span style=\"font-weight: 400\">S\u00f3cio fundador e Diretor Sudeste da ABHV\u00a0<\/span><\/li><li><span style=\"font-weight: 400\">Presidente do IPD - Instituto de Pesquisa e Desenvolvimento da ABHV\u00a0<\/span><\/li><li><span style=\"font-weight: 400\">Palestrante no VMX \/ USA 2019 e 2020\u00a0<\/span><\/li><li><span style=\"font-weight: 400\">Especializa\u00e7\u00e3o no PDG da Dom Cabral em 2021<\/span><\/li><\/ul>                                    <\/p>\n                                    <div class=\"ts-speakers-social\">\n                                                                                                                                                                <\/div>\n                                <\/div>\n                                <!-- ts-speaker-popup-content end-->\n                            <\/div>\n                            <!-- col end-->\n                        <\/div>\n                        <!-- row end-->\n                    <\/div>\n                    <!-- popup end-->\n                <\/div>\n            <\/section>\n            <!-- ts-speaker end  -->\n        \n            \n            \n\n        \t\t<\/div>\n\t\t\t\t<\/div>\n\t\t\t\t\t\t<\/div>\n\t\t\t\t\t<\/div>\n\t\t<\/div>\n\t\t\t\t\t\t\t\t<\/div>\n\t\t\t\t\t<\/div>\n\t\t<\/section>\n\t\t\t\t<section class=\"elementor-section elementor-inner-section elementor-element elementor-element-fecf7a8 elementor-section-boxed elementor-section-height-default elementor-section-height-default\" data-id=\"fecf7a8\" data-element_type=\"section\">\n\t\t\t\t\t\t<div class=\"elementor-container elementor-column-gap-default\">\n\t\t\t\t\t\t\t<div class=\"elementor-row\">\n\t\t\t\t\t<div class=\"elementor-column elementor-col-25 elementor-inner-column elementor-element elementor-element-6d8c8e9\" data-id=\"6d8c8e9\" data-element_type=\"column\">\n\t\t\t<div class=\"elementor-column-wrap elementor-element-populated\">\n\t\t\t\t\t\t\t<div class=\"elementor-widget-wrap\">\n\t\t\t\t\t\t<div class=\"elementor-element elementor-element-1e70331 elementor-widget elementor-widget-exhibz-speaker\" data-id=\"1e70331\" data-element_type=\"widget\" data-settings=\"{&quot;ekit_we_effect_on&quot;:&quot;none&quot;}\" data-widget_type=\"exhibz-speaker.default\">\n\t\t\t\t<div class=\"elementor-widget-container\">\n\t\t\t            \n\n                        <section class=\"ts-speakers-standard ts-speakers speaker-classic section-bg\">\n                <div class=\"ts-speaker\" style=\"--speaker-color: #25cd44\">\n                    <div class=\"speaker-img\">\n                                                    <img width=\"1920\" height=\"1920\" src=\"https:\/\/congressohvm.com\/2022\/wp-content\/uploads\/2022\/09\/Maria-Joa\u0303o-scaled-e1664838738338.jpg\" class=\"img-fluid\" alt=\"\" loading=\"lazy\" srcset=\"https:\/\/congressohvm.com\/2022\/wp-content\/uploads\/2022\/09\/Maria-Joa\u0303o-scaled-e1664838738338.jpg 1920w, https:\/\/congressohvm.com\/2022\/wp-content\/uploads\/2022\/09\/Maria-Joa\u0303o-scaled-e1664838738338-300x300.jpg 300w, https:\/\/congressohvm.com\/2022\/wp-content\/uploads\/2022\/09\/Maria-Joa\u0303o-scaled-e1664838738338-1024x1024.jpg 1024w, https:\/\/congressohvm.com\/2022\/wp-content\/uploads\/2022\/09\/Maria-Joa\u0303o-scaled-e1664838738338-150x150.jpg 150w, https:\/\/congressohvm.com\/2022\/wp-content\/uploads\/2022\/09\/Maria-Joa\u0303o-scaled-e1664838738338-768x768.jpg 768w, https:\/\/congressohvm.com\/2022\/wp-content\/uploads\/2022\/09\/Maria-Joa\u0303o-scaled-e1664838738338-1536x1536.jpg 1536w, https:\/\/congressohvm.com\/2022\/wp-content\/uploads\/2022\/09\/Maria-Joa\u0303o-scaled-e1664838738338-12x12.jpg 12w\" sizes=\"(max-width: 1920px) 100vw, 1920px\" \/>                                                <a href=\"#popup_1e703313148\"\n                           class=\"view-speaker ts-image-popup\" data-effect=\"mfp-zoom-in\">\n                            <i class=\"icon icon-plus\"><\/i>\n                        <\/a>\n                    <\/div>\n                    <div class=\"ts-speaker-info\">\n                        <h3 class=\"ts-title\"><a\n                                    href=\"https:\/\/congressohvm.com\/2022\/es\/blog\/speaker\/maria-joao-ferreira\/\"> Maria Jo\u00e3o Ferreira <\/a>\n                        <\/h3>\n                        <p>\n                            Contabilista                        <\/p>\n                    <\/div>\n                    <!--- speaker info end -->\n                    <!-- popup start-->\n                    <div id=\"popup_1e703313148\"\n                         class=\"container ts-speaker-popup mfp-hide\">\n                        <div class=\"row\">\n                            <div class=\"col-lg-6\">\n                                <div class=\"ts-speaker-popup-img\">\n                                                                            <img width=\"1920\" height=\"1920\" src=\"https:\/\/congressohvm.com\/2022\/wp-content\/uploads\/2022\/09\/Maria-Joa\u0303o-scaled-e1664838738338.jpg\" class=\"attachment-full size-full\" alt=\"\" loading=\"lazy\" srcset=\"https:\/\/congressohvm.com\/2022\/wp-content\/uploads\/2022\/09\/Maria-Joa\u0303o-scaled-e1664838738338.jpg 1920w, https:\/\/congressohvm.com\/2022\/wp-content\/uploads\/2022\/09\/Maria-Joa\u0303o-scaled-e1664838738338-300x300.jpg 300w, https:\/\/congressohvm.com\/2022\/wp-content\/uploads\/2022\/09\/Maria-Joa\u0303o-scaled-e1664838738338-1024x1024.jpg 1024w, https:\/\/congressohvm.com\/2022\/wp-content\/uploads\/2022\/09\/Maria-Joa\u0303o-scaled-e1664838738338-150x150.jpg 150w, https:\/\/congressohvm.com\/2022\/wp-content\/uploads\/2022\/09\/Maria-Joa\u0303o-scaled-e1664838738338-768x768.jpg 768w, https:\/\/congressohvm.com\/2022\/wp-content\/uploads\/2022\/09\/Maria-Joa\u0303o-scaled-e1664838738338-1536x1536.jpg 1536w, https:\/\/congressohvm.com\/2022\/wp-content\/uploads\/2022\/09\/Maria-Joa\u0303o-scaled-e1664838738338-12x12.jpg 12w\" sizes=\"(max-width: 1920px) 100vw, 1920px\" \/>                                                                    <\/div>\n                            <\/div>\n                            <!-- col end-->\n                            <div class=\"col-lg-6\">\n                                <div class=\"ts-speaker-popup-content\">\n                                    <h3 class=\"ts-title\"><a\n                                                href=\"https:\/\/congressohvm.com\/2022\/es\/blog\/speaker\/maria-joao-ferreira\/\"> Maria Jo\u00e3o Ferreira <\/a>\n                                    <\/h3>\n                                    <span class=\"speakder-designation\"> Contabilista<\/span>\n                                                                        <p>\n                                        <p><span style=\"font-weight: 400\">Licenciada pela FEP em Economia em 1995.\u00a0<\/span><\/p><p><span style=\"font-weight: 400\">Iniciou a actividade profissional como contabilista na empresa G2E, Lda.\u00a0<\/span><\/p><p><span style=\"font-weight: 400\">Respons\u00e1vel pela contabilidade do Hospital de Refer\u00eancia Veterin\u00e1ria Montenegro desde 2003.<\/span><\/p><p><span style=\"font-weight: 400\">Acompanha v\u00e1rios clientes na \u00e1rea da veterin\u00e1ria, desde prestadores de servi\u00e7os at\u00e9 cl\u00ednicas.<\/span><\/p><p><span style=\"font-weight: 400\">Especializou-se em apoios do IEFP e da Seguran\u00e7a Social.<\/span><\/p>                                    <\/p>\n                                    <div class=\"ts-speakers-social\">\n                                                                                                                                                                <\/div>\n                                <\/div>\n                                <!-- ts-speaker-popup-content end-->\n                            <\/div>\n                            <!-- col end-->\n                        <\/div>\n                        <!-- row end-->\n                    <\/div>\n                    <!-- popup end-->\n                <\/div>\n            <\/section>\n            <!-- ts-speaker end  -->\n        \n            \n            \n\n        \t\t<\/div>\n\t\t\t\t<\/div>\n\t\t\t\t\t\t<\/div>\n\t\t\t\t\t<\/div>\n\t\t<\/div>\n\t\t\t\t<div class=\"elementor-column elementor-col-25 elementor-inner-column elementor-element elementor-element-68bb2a3\" data-id=\"68bb2a3\" data-element_type=\"column\">\n\t\t\t<div class=\"elementor-column-wrap elementor-element-populated\">\n\t\t\t\t\t\t\t<div class=\"elementor-widget-wrap\">\n\t\t\t\t\t\t<div class=\"elementor-element elementor-element-de6e793 elementor-widget elementor-widget-exhibz-speaker\" data-id=\"de6e793\" data-element_type=\"widget\" data-settings=\"{&quot;ekit_we_effect_on&quot;:&quot;none&quot;}\" data-widget_type=\"exhibz-speaker.default\">\n\t\t\t\t<div class=\"elementor-widget-container\">\n\t\t\t            \n\n                        <section class=\"ts-speakers-standard ts-speakers speaker-classic section-bg\">\n                <div class=\"ts-speaker\" style=\"--speaker-color: #25cd44\">\n                    <div class=\"speaker-img\">\n                                                    <img width=\"1536\" height=\"1536\" src=\"https:\/\/congressohvm.com\/2022\/wp-content\/uploads\/2022\/10\/Andre\u0301-Santos-e1664843919115.jpeg\" class=\"img-fluid\" alt=\"\" loading=\"lazy\" srcset=\"https:\/\/congressohvm.com\/2022\/wp-content\/uploads\/2022\/10\/Andre\u0301-Santos-e1664843919115.jpeg 1536w, https:\/\/congressohvm.com\/2022\/wp-content\/uploads\/2022\/10\/Andre\u0301-Santos-e1664843919115-300x300.jpeg 300w, https:\/\/congressohvm.com\/2022\/wp-content\/uploads\/2022\/10\/Andre\u0301-Santos-e1664843919115-1024x1024.jpeg 1024w, https:\/\/congressohvm.com\/2022\/wp-content\/uploads\/2022\/10\/Andre\u0301-Santos-e1664843919115-150x150.jpeg 150w, https:\/\/congressohvm.com\/2022\/wp-content\/uploads\/2022\/10\/Andre\u0301-Santos-e1664843919115-768x768.jpeg 768w, https:\/\/congressohvm.com\/2022\/wp-content\/uploads\/2022\/10\/Andre\u0301-Santos-e1664843919115-12x12.jpeg 12w\" sizes=\"(max-width: 1536px) 100vw, 1536px\" \/>                                                <a href=\"#popup_de6e7933327\"\n                           class=\"view-speaker ts-image-popup\" data-effect=\"mfp-zoom-in\">\n                            <i class=\"icon icon-plus\"><\/i>\n                        <\/a>\n                    <\/div>\n                    <div class=\"ts-speaker-info\">\n                        <h3 class=\"ts-title\"><a\n                                    href=\"https:\/\/congressohvm.com\/2022\/es\/blog\/speaker\/andre-santos\/\"> Andr\u00e9 Santos <\/a>\n                        <\/h3>\n                        <p>\n                            M\u00e9dico Veterin\u00e1rio                        <\/p>\n                    <\/div>\n                    <!--- speaker info end -->\n                    <!-- popup start-->\n                    <div id=\"popup_de6e7933327\"\n                         class=\"container ts-speaker-popup mfp-hide\">\n                        <div class=\"row\">\n                            <div class=\"col-lg-6\">\n                                <div class=\"ts-speaker-popup-img\">\n                                                                            <img width=\"1536\" height=\"1536\" src=\"https:\/\/congressohvm.com\/2022\/wp-content\/uploads\/2022\/10\/Andre\u0301-Santos-e1664843919115.jpeg\" class=\"attachment-full size-full\" alt=\"\" loading=\"lazy\" srcset=\"https:\/\/congressohvm.com\/2022\/wp-content\/uploads\/2022\/10\/Andre\u0301-Santos-e1664843919115.jpeg 1536w, https:\/\/congressohvm.com\/2022\/wp-content\/uploads\/2022\/10\/Andre\u0301-Santos-e1664843919115-300x300.jpeg 300w, https:\/\/congressohvm.com\/2022\/wp-content\/uploads\/2022\/10\/Andre\u0301-Santos-e1664843919115-1024x1024.jpeg 1024w, https:\/\/congressohvm.com\/2022\/wp-content\/uploads\/2022\/10\/Andre\u0301-Santos-e1664843919115-150x150.jpeg 150w, https:\/\/congressohvm.com\/2022\/wp-content\/uploads\/2022\/10\/Andre\u0301-Santos-e1664843919115-768x768.jpeg 768w, https:\/\/congressohvm.com\/2022\/wp-content\/uploads\/2022\/10\/Andre\u0301-Santos-e1664843919115-12x12.jpeg 12w\" sizes=\"(max-width: 1536px) 100vw, 1536px\" \/>                                                                    <\/div>\n                            <\/div>\n                            <!-- col end-->\n                            <div class=\"col-lg-6\">\n                                <div class=\"ts-speaker-popup-content\">\n                                    <h3 class=\"ts-title\"><a\n                                                href=\"https:\/\/congressohvm.com\/2022\/es\/blog\/speaker\/andre-santos\/\"> Andr\u00e9 Santos <\/a>\n                                    <\/h3>\n                                    <span class=\"speakder-designation\"> M\u00e9dico Veterin\u00e1rio<\/span>\n                                                                        <p>\n                                        <p><span style=\"font-weight: 400\">Mestrado pela Universidade Lus\u00f3fona de Humanidades e Tecnologias no ano de 2009, logo desde o in\u00edcio assumiu o gosto pela Cardiologia e Medicina Interna de pequenos animais. Fez um est\u00e1gio curricular de um ano no Hospital Veterin\u00e1rio do Porto orientado \u00e0 cardiologia.<\/span><\/p><p><span style=\"font-weight: 400\">No ano de 2011 ingressou a equipa t\u00e9cnica do Hospital Veterin\u00e1rio das Laranjeiras, colaborando na mesma altura com o Hospital Veterin\u00e1rio da Universidade Lus\u00f3fona. Em 2012 passou a tempo inteiro para a Universidade que o formou, sendo M\u00e9dico Veterin\u00e1rio no Hospital nas \u00e1reas da Cardiologia e Medicina Interna e sendo professor assistente nas disciplinas de Proped\u00eautica Cl\u00ednica M\u00e9dica, Cardiologia, Atividades Pr\u00e1ticas Hospitalares e Parasitologia Veterin\u00e1ria.<\/span><\/p><p><span style=\"font-weight: 400\">Completou a P\u00f3s-Gradua\u00e7\u00e3o de Medicina Interna de Animais de Companhia no ano de 2013 pela ULHT e fez v\u00e1rias forma\u00e7\u00f5es na \u00e1rea da Cardiologia.<\/span><\/p><p><span style=\"font-weight: 400\">Em mar\u00e7o de 2015 ingressou o \"Anicura Restelo Hospital Veterin\u00e1rio\" nas \u00e1reas da Cardiologia e Medicina Interna de Pequenos Animais at\u00e9 ao presente dia. Para al\u00e9m da vertente m\u00e9dica cl\u00ednica tem tamb\u00e9m interesse nas \u00e1reas de Marketing Digital adaptado \u00e0 Medicina Veterin\u00e1ria e Estrutura\u00e7\u00e3o do m\u00e9dico veterin\u00e1rio na sua vertente emocional e emp\u00e1tica na pr\u00e1tica cl\u00ednica.<\/span><\/p>                                    <\/p>\n                                    <div class=\"ts-speakers-social\">\n                                                                                                                                                                <\/div>\n                                <\/div>\n                                <!-- ts-speaker-popup-content end-->\n                            <\/div>\n                            <!-- col end-->\n                        <\/div>\n                        <!-- row end-->\n                    <\/div>\n                    <!-- popup end-->\n                <\/div>\n            <\/section>\n            <!-- ts-speaker end  -->\n        \n            \n            \n\n        \t\t<\/div>\n\t\t\t\t<\/div>\n\t\t\t\t\t\t<\/div>\n\t\t\t\t\t<\/div>\n\t\t<\/div>\n\t\t\t\t<div class=\"elementor-column elementor-col-25 elementor-inner-column elementor-element elementor-element-abee765\" data-id=\"abee765\" data-element_type=\"column\">\n\t\t\t<div class=\"elementor-column-wrap elementor-element-populated\">\n\t\t\t\t\t\t\t<div class=\"elementor-widget-wrap\">\n\t\t\t\t\t\t<div class=\"elementor-element elementor-element-5070aea elementor-widget elementor-widget-exhibz-speaker\" data-id=\"5070aea\" data-element_type=\"widget\" data-settings=\"{&quot;ekit_we_effect_on&quot;:&quot;none&quot;}\" data-widget_type=\"exhibz-speaker.default\">\n\t\t\t\t<div class=\"elementor-widget-container\">\n\t\t\t            \n\n                        <section class=\"ts-speakers-standard ts-speakers speaker-classic section-bg\">\n                <div class=\"ts-speaker\" style=\"--speaker-color: #25cd44\">\n                    <div class=\"speaker-img\">\n                                                    <img width=\"1822\" height=\"1822\" src=\"https:\/\/congressohvm.com\/2022\/wp-content\/uploads\/2022\/10\/Jorge-Pereira-da-Silva.png\" class=\"img-fluid\" alt=\"\" loading=\"lazy\" srcset=\"https:\/\/congressohvm.com\/2022\/wp-content\/uploads\/2022\/10\/Jorge-Pereira-da-Silva.png 1822w, https:\/\/congressohvm.com\/2022\/wp-content\/uploads\/2022\/10\/Jorge-Pereira-da-Silva-300x300.png 300w, https:\/\/congressohvm.com\/2022\/wp-content\/uploads\/2022\/10\/Jorge-Pereira-da-Silva-1024x1024.png 1024w, https:\/\/congressohvm.com\/2022\/wp-content\/uploads\/2022\/10\/Jorge-Pereira-da-Silva-150x150.png 150w, https:\/\/congressohvm.com\/2022\/wp-content\/uploads\/2022\/10\/Jorge-Pereira-da-Silva-768x768.png 768w, https:\/\/congressohvm.com\/2022\/wp-content\/uploads\/2022\/10\/Jorge-Pereira-da-Silva-1536x1536.png 1536w, https:\/\/congressohvm.com\/2022\/wp-content\/uploads\/2022\/10\/Jorge-Pereira-da-Silva-12x12.png 12w\" sizes=\"(max-width: 1822px) 100vw, 1822px\" \/>                                                <a href=\"#popup_5070aea3331\"\n                           class=\"view-speaker ts-image-popup\" data-effect=\"mfp-zoom-in\">\n                            <i class=\"icon icon-plus\"><\/i>\n                        <\/a>\n                    <\/div>\n                    <div class=\"ts-speaker-info\">\n                        <h3 class=\"ts-title\"><a\n                                    href=\"https:\/\/congressohvm.com\/2022\/es\/blog\/speaker\/jorge-pereira-da-silva\/\"> Jorge Pereira da Silva <\/a>\n                        <\/h3>\n                        <p>\n                            Product Manager do Fidelidade Pets                        <\/p>\n                    <\/div>\n                    <!--- speaker info end -->\n                    <!-- popup start-->\n                    <div id=\"popup_5070aea3331\"\n                         class=\"container ts-speaker-popup mfp-hide\">\n                        <div class=\"row\">\n                            <div class=\"col-lg-6\">\n                                <div class=\"ts-speaker-popup-img\">\n                                                                            <img width=\"1822\" height=\"1822\" src=\"https:\/\/congressohvm.com\/2022\/wp-content\/uploads\/2022\/10\/Jorge-Pereira-da-Silva.png\" class=\"attachment-full size-full\" alt=\"\" loading=\"lazy\" srcset=\"https:\/\/congressohvm.com\/2022\/wp-content\/uploads\/2022\/10\/Jorge-Pereira-da-Silva.png 1822w, https:\/\/congressohvm.com\/2022\/wp-content\/uploads\/2022\/10\/Jorge-Pereira-da-Silva-300x300.png 300w, https:\/\/congressohvm.com\/2022\/wp-content\/uploads\/2022\/10\/Jorge-Pereira-da-Silva-1024x1024.png 1024w, https:\/\/congressohvm.com\/2022\/wp-content\/uploads\/2022\/10\/Jorge-Pereira-da-Silva-150x150.png 150w, https:\/\/congressohvm.com\/2022\/wp-content\/uploads\/2022\/10\/Jorge-Pereira-da-Silva-768x768.png 768w, https:\/\/congressohvm.com\/2022\/wp-content\/uploads\/2022\/10\/Jorge-Pereira-da-Silva-1536x1536.png 1536w, https:\/\/congressohvm.com\/2022\/wp-content\/uploads\/2022\/10\/Jorge-Pereira-da-Silva-12x12.png 12w\" sizes=\"(max-width: 1822px) 100vw, 1822px\" \/>                                                                    <\/div>\n                            <\/div>\n                            <!-- col end-->\n                            <div class=\"col-lg-6\">\n                                <div class=\"ts-speaker-popup-content\">\n                                    <h3 class=\"ts-title\"><a\n                                                href=\"https:\/\/congressohvm.com\/2022\/es\/blog\/speaker\/jorge-pereira-da-silva\/\"> Jorge Pereira da Silva <\/a>\n                                    <\/h3>\n                                    <span class=\"speakder-designation\"> Product Manager do Fidelidade Pets<\/span>\n                                                                        <p>\n                                        <p><span style=\"font-weight: 400\">Licenciado em Direito pela Universidade Aut\u00f3noma de Lisboa. P\u00f3s-Graduado em Prospetiva, Estrat\u00e9gia e Inova\u00e7\u00e3o pelo ISEG - Lisbon School of Economics &amp; Management. Forma\u00e7\u00e3o complementar em Gest\u00e3o de Sa\u00fade pela UCP - Cat\u00f3lica Lisbon School of Business and Economics. Forma\u00e7\u00e3o complementar em Gest\u00e3o de Projetos pela George Washington University School of Business.<\/span><\/p><p><span style=\"font-weight: 400\">Mais de 20 anos de\u00a0experi\u00eancia\u00a0no setor segurador, com exerc\u00edcio de fun\u00e7\u00f5es em \u00e1reas comerciais e t\u00e9cnicas, assim como de marketing e inova\u00e7\u00e3o. Dedicado desde 2017 ao projeto Fidelidade Pets, tendo participado ativamente na cria\u00e7\u00e3o, lan\u00e7amento e desenvolvimento dos planos de seguro, assim como da rede de Centros de Atendimento M\u00e9dico-Veterin\u00e1rio que \u00e9 j\u00e1 uma refer\u00eancia de qualidade na presta\u00e7\u00e3o de servi\u00e7os aos animais de companhia.<\/span><\/p>                                    <\/p>\n                                    <div class=\"ts-speakers-social\">\n                                                                                                                                                                <\/div>\n                                <\/div>\n                                <!-- ts-speaker-popup-content end-->\n                            <\/div>\n                            <!-- col end-->\n                        <\/div>\n                        <!-- row end-->\n                    <\/div>\n                    <!-- popup end-->\n                <\/div>\n            <\/section>\n            <!-- ts-speaker end  -->\n        \n            \n            \n\n        \t\t<\/div>\n\t\t\t\t<\/div>\n\t\t\t\t\t\t<\/div>\n\t\t\t\t\t<\/div>\n\t\t<\/div>\n\t\t\t\t<div class=\"elementor-column elementor-col-25 elementor-inner-column elementor-element elementor-element-9a1c6e1\" data-id=\"9a1c6e1\" data-element_type=\"column\">\n\t\t\t<div class=\"elementor-column-wrap elementor-element-populated\">\n\t\t\t\t\t\t\t<div class=\"elementor-widget-wrap\">\n\t\t\t\t\t\t<div class=\"elementor-element elementor-element-ff9d99d elementor-widget elementor-widget-exhibz-speaker\" data-id=\"ff9d99d\" data-element_type=\"widget\" data-settings=\"{&quot;ekit_we_effect_on&quot;:&quot;none&quot;}\" data-widget_type=\"exhibz-speaker.default\">\n\t\t\t\t<div class=\"elementor-widget-container\">\n\t\t\t            \n\n                        <section class=\"ts-speakers-standard ts-speakers speaker-classic section-bg\">\n                <div class=\"ts-speaker\" style=\"--speaker-color: #25cd44\">\n                    <div class=\"speaker-img\">\n                                                    <img width=\"834\" height=\"834\" src=\"https:\/\/congressohvm.com\/2022\/wp-content\/uploads\/2022\/10\/Ronaldo-Hertel-e1667306156713.jpg\" class=\"img-fluid\" alt=\"\" loading=\"lazy\" srcset=\"https:\/\/congressohvm.com\/2022\/wp-content\/uploads\/2022\/10\/Ronaldo-Hertel-e1667306156713.jpg 834w, https:\/\/congressohvm.com\/2022\/wp-content\/uploads\/2022\/10\/Ronaldo-Hertel-e1667306156713-300x300.jpg 300w, https:\/\/congressohvm.com\/2022\/wp-content\/uploads\/2022\/10\/Ronaldo-Hertel-e1667306156713-150x150.jpg 150w, https:\/\/congressohvm.com\/2022\/wp-content\/uploads\/2022\/10\/Ronaldo-Hertel-e1667306156713-768x768.jpg 768w, https:\/\/congressohvm.com\/2022\/wp-content\/uploads\/2022\/10\/Ronaldo-Hertel-e1667306156713-12x12.jpg 12w\" sizes=\"(max-width: 834px) 100vw, 834px\" \/>                                                <a href=\"#popup_ff9d99d3543\"\n                           class=\"view-speaker ts-image-popup\" data-effect=\"mfp-zoom-in\">\n                            <i class=\"icon icon-plus\"><\/i>\n                        <\/a>\n                    <\/div>\n                    <div class=\"ts-speaker-info\">\n                        <h3 class=\"ts-title\"><a\n                                    href=\"https:\/\/congressohvm.com\/2022\/es\/blog\/speaker\/ronaldo-hertel\/\"> Ronaldo Hertel <\/a>\n                        <\/h3>\n                        <p>\n                            Educador financeiro veterin\u00e1rio                        <\/p>\n                    <\/div>\n                    <!--- speaker info end -->\n                    <!-- popup start-->\n                    <div id=\"popup_ff9d99d3543\"\n                         class=\"container ts-speaker-popup mfp-hide\">\n                        <div class=\"row\">\n                            <div class=\"col-lg-6\">\n                                <div class=\"ts-speaker-popup-img\">\n                                                                            <img width=\"834\" height=\"834\" src=\"https:\/\/congressohvm.com\/2022\/wp-content\/uploads\/2022\/10\/Ronaldo-Hertel-e1667306156713.jpg\" class=\"attachment-full size-full\" alt=\"\" loading=\"lazy\" srcset=\"https:\/\/congressohvm.com\/2022\/wp-content\/uploads\/2022\/10\/Ronaldo-Hertel-e1667306156713.jpg 834w, https:\/\/congressohvm.com\/2022\/wp-content\/uploads\/2022\/10\/Ronaldo-Hertel-e1667306156713-300x300.jpg 300w, https:\/\/congressohvm.com\/2022\/wp-content\/uploads\/2022\/10\/Ronaldo-Hertel-e1667306156713-150x150.jpg 150w, https:\/\/congressohvm.com\/2022\/wp-content\/uploads\/2022\/10\/Ronaldo-Hertel-e1667306156713-768x768.jpg 768w, https:\/\/congressohvm.com\/2022\/wp-content\/uploads\/2022\/10\/Ronaldo-Hertel-e1667306156713-12x12.jpg 12w\" sizes=\"(max-width: 834px) 100vw, 834px\" \/>                                                                    <\/div>\n                            <\/div>\n                            <!-- col end-->\n                            <div class=\"col-lg-6\">\n                                <div class=\"ts-speaker-popup-content\">\n                                    <h3 class=\"ts-title\"><a\n                                                href=\"https:\/\/congressohvm.com\/2022\/es\/blog\/speaker\/ronaldo-hertel\/\"> Ronaldo Hertel <\/a>\n                                    <\/h3>\n                                    <span class=\"speakder-designation\"> Educador financeiro veterin\u00e1rio<\/span>\n                                                                        <p>\n                                        <p><span style=\"font-weight: 400\">Educador financeiro veterin\u00e1rio (cursos e treinamentos)<\/span><\/p><p><span style=\"font-weight: 400\">Certificado Profissional ANBIMA Se\u0301rie 20 (CPA-20).\u00a0<\/span><\/p><p><span style=\"font-weight: 400\">Autor do cap\u00edtulo sobre finan\u00e7as no livro Veterin\u00e1rio de Sorte.<\/span><\/p><p><span style=\"font-weight: 400\">Membro do mastermind internacional financeiro de veterin\u00e1rios Vet Financial Summit.<\/span><\/p><p><span style=\"font-weight: 400\">Membro do PAVE (Programa de Apoio ao Veterin\u00e1rio Empreendedor) da ABHV.<\/span><\/p><p><span style=\"font-weight: 400\">Graduado na UFRRJ.<\/span><\/p><p><span style=\"font-weight: 400\">Mestre e concursado em medicina veterin\u00e1ria pela UFF.<\/span><\/p><p><span style=\"font-weight: 400\">Mais de 130 palestras e 3 cursos exclusivos para m\u00e9dicos veterin\u00e1rios sobre finan\u00e7as pessoais<\/span><\/p><p><span style=\"font-weight: 400\">Fala 4 idiomas;\u00a0<\/span><\/p><p><span style=\"font-weight: 400\">Facilidade com networking e tecnologia<\/span><\/p>                                    <\/p>\n                                    <div class=\"ts-speakers-social\">\n                                                                                                                                                                <\/div>\n                                <\/div>\n                                <!-- ts-speaker-popup-content end-->\n                            <\/div>\n                            <!-- col end-->\n                        <\/div>\n                        <!-- row end-->\n                    <\/div>\n                    <!-- popup end-->\n                <\/div>\n            <\/section>\n            <!-- ts-speaker end  -->\n        \n            \n            \n\n        \t\t<\/div>\n\t\t\t\t<\/div>\n\t\t\t\t\t\t<\/div>\n\t\t\t\t\t<\/div>\n\t\t<\/div>\n\t\t\t\t\t\t\t\t<\/div>\n\t\t\t\t\t<\/div>\n\t\t<\/section>\n\t\t\t\t<section class=\"elementor-section elementor-inner-section elementor-element elementor-element-712121e elementor-section-boxed elementor-section-height-default elementor-section-height-default\" data-id=\"712121e\" data-element_type=\"section\">\n\t\t\t\t\t\t<div class=\"elementor-container elementor-column-gap-default\">\n\t\t\t\t\t\t\t<div class=\"elementor-row\">\n\t\t\t\t\t<div class=\"elementor-column elementor-col-25 elementor-inner-column elementor-element elementor-element-0c8b923\" data-id=\"0c8b923\" data-element_type=\"column\">\n\t\t\t<div class=\"elementor-column-wrap elementor-element-populated\">\n\t\t\t\t\t\t\t<div class=\"elementor-widget-wrap\">\n\t\t\t\t\t\t<div class=\"elementor-element elementor-element-249158b elementor-widget elementor-widget-exhibz-speaker\" data-id=\"249158b\" data-element_type=\"widget\" data-settings=\"{&quot;ekit_we_effect_on&quot;:&quot;none&quot;}\" data-widget_type=\"exhibz-speaker.default\">\n\t\t\t\t<div class=\"elementor-widget-container\">\n\t\t\t            \n\n                        <section class=\"ts-speakers-standard ts-speakers speaker-classic section-bg\">\n                <div class=\"ts-speaker\" style=\"--speaker-color: #25cd44\">\n                    <div class=\"speaker-img\">\n                                                    <img width=\"1440\" height=\"1440\" src=\"https:\/\/congressohvm.com\/2022\/wp-content\/uploads\/2022\/11\/Gonc\u0327alo--scaled-e1667306095801.jpg\" class=\"img-fluid\" alt=\"\" loading=\"lazy\" srcset=\"https:\/\/congressohvm.com\/2022\/wp-content\/uploads\/2022\/11\/Gonc\u0327alo--scaled-e1667306095801.jpg 1440w, https:\/\/congressohvm.com\/2022\/wp-content\/uploads\/2022\/11\/Gonc\u0327alo--scaled-e1667306095801-300x300.jpg 300w, https:\/\/congressohvm.com\/2022\/wp-content\/uploads\/2022\/11\/Gonc\u0327alo--scaled-e1667306095801-1024x1024.jpg 1024w, https:\/\/congressohvm.com\/2022\/wp-content\/uploads\/2022\/11\/Gonc\u0327alo--scaled-e1667306095801-150x150.jpg 150w, https:\/\/congressohvm.com\/2022\/wp-content\/uploads\/2022\/11\/Gonc\u0327alo--scaled-e1667306095801-768x768.jpg 768w, https:\/\/congressohvm.com\/2022\/wp-content\/uploads\/2022\/11\/Gonc\u0327alo--scaled-e1667306095801-12x12.jpg 12w\" sizes=\"(max-width: 1440px) 100vw, 1440px\" \/>                                                <a href=\"#popup_249158b3606\"\n                           class=\"view-speaker ts-image-popup\" data-effect=\"mfp-zoom-in\">\n                            <i class=\"icon icon-plus\"><\/i>\n                        <\/a>\n                    <\/div>\n                    <div class=\"ts-speaker-info\">\n                        <h3 class=\"ts-title\"><a\n                                    href=\"https:\/\/congressohvm.com\/2022\/es\/blog\/speaker\/goncalo-da-graca-pereira\/\"> Gon\u00e7alo da Gra\u00e7a Pereira <\/a>\n                        <\/h3>\n                        <p>\n                            DVM, MsC, PhD, Dip ECAWBM (BM), Dip ECAWBM (AWSEL)                         <\/p>\n                    <\/div>\n                    <!--- speaker info end -->\n                    <!-- popup start-->\n                    <div id=\"popup_249158b3606\"\n                         class=\"container ts-speaker-popup mfp-hide\">\n                        <div class=\"row\">\n                            <div class=\"col-lg-6\">\n                                <div class=\"ts-speaker-popup-img\">\n                                                                            <img width=\"1440\" height=\"1440\" src=\"https:\/\/congressohvm.com\/2022\/wp-content\/uploads\/2022\/11\/Gonc\u0327alo--scaled-e1667306095801.jpg\" class=\"attachment-full size-full\" alt=\"\" loading=\"lazy\" srcset=\"https:\/\/congressohvm.com\/2022\/wp-content\/uploads\/2022\/11\/Gonc\u0327alo--scaled-e1667306095801.jpg 1440w, https:\/\/congressohvm.com\/2022\/wp-content\/uploads\/2022\/11\/Gonc\u0327alo--scaled-e1667306095801-300x300.jpg 300w, https:\/\/congressohvm.com\/2022\/wp-content\/uploads\/2022\/11\/Gonc\u0327alo--scaled-e1667306095801-1024x1024.jpg 1024w, https:\/\/congressohvm.com\/2022\/wp-content\/uploads\/2022\/11\/Gonc\u0327alo--scaled-e1667306095801-150x150.jpg 150w, https:\/\/congressohvm.com\/2022\/wp-content\/uploads\/2022\/11\/Gonc\u0327alo--scaled-e1667306095801-768x768.jpg 768w, https:\/\/congressohvm.com\/2022\/wp-content\/uploads\/2022\/11\/Gonc\u0327alo--scaled-e1667306095801-12x12.jpg 12w\" sizes=\"(max-width: 1440px) 100vw, 1440px\" \/>                                                                    <\/div>\n                            <\/div>\n                            <!-- col end-->\n                            <div class=\"col-lg-6\">\n                                <div class=\"ts-speaker-popup-content\">\n                                    <h3 class=\"ts-title\"><a\n                                                href=\"https:\/\/congressohvm.com\/2022\/es\/blog\/speaker\/goncalo-da-graca-pereira\/\"> Gon\u00e7alo da Gra\u00e7a Pereira <\/a>\n                                    <\/h3>\n                                    <span class=\"speakder-designation\"> DVM, MsC, PhD, Dip ECAWBM (BM), Dip ECAWBM (AWSEL) <\/span>\n                                                                        <p>\n                                        <p><span style=\"font-weight: 400\">Veterinary Degree at the Faculty of Veterinary Medicine in Lisbon. Master in Clinical Ethology and Animal Welfare at the Faculty of Veterinary from the Universidad Complutense de Madrid. PhD in Veterinary Science at the Institute of Biomedical Science Abel Salazar in O\u2019Porto. EBVS specialist in Behavioural Medicine and Diplomate by the European College of Animal Welfare and Behavioural Medicine in Animal Welfare Science, Ethics and Legislation. Invited Professor of Animal Welfare, Ethics and Behaviour in the Veterinary Master and in the Veterinary Nurse Degree\u00a0of the University Egas Moniz. Lecturer in Seminars, Conferences and Congresses national and internationally.\u00a0Past-President of the European College of Animal Welfare and Behavioural Medicine (ECAWBM) and Vice-President of the European Society of Veterinary Clinical Ethology (ESVCE).\u00a0Founder and Past-President of PsiAnimal \u2013 Portuguese Association of Behavioural Therapy and Animal Welfare. Author, Co-author and Coordinator of several studies in animal behaviour and welfare science.<\/span><\/p><p>&nbsp;<\/p>                                    <\/p>\n                                    <div class=\"ts-speakers-social\">\n                                                                                                                                                                <\/div>\n                                <\/div>\n                                <!-- ts-speaker-popup-content end-->\n                            <\/div>\n                            <!-- col end-->\n                        <\/div>\n                        <!-- row end-->\n                    <\/div>\n                    <!-- popup end-->\n                <\/div>\n            <\/section>\n            <!-- ts-speaker end  -->\n        \n            \n            \n\n        \t\t<\/div>\n\t\t\t\t<\/div>\n\t\t\t\t\t\t<\/div>\n\t\t\t\t\t<\/div>\n\t\t<\/div>\n\t\t\t\t<div class=\"elementor-column elementor-col-25 elementor-inner-column elementor-element elementor-element-1515807\" data-id=\"1515807\" data-element_type=\"column\">\n\t\t\t<div class=\"elementor-column-wrap elementor-element-populated\">\n\t\t\t\t\t\t\t<div class=\"elementor-widget-wrap\">\n\t\t\t\t\t\t<div class=\"elementor-element elementor-element-7f26389 elementor-widget elementor-widget-exhibz-speaker\" data-id=\"7f26389\" data-element_type=\"widget\" data-settings=\"{&quot;ekit_we_effect_on&quot;:&quot;none&quot;}\" data-widget_type=\"exhibz-speaker.default\">\n\t\t\t\t<div class=\"elementor-widget-container\">\n\t\t\t            \n\n                        <section class=\"ts-speakers-standard ts-speakers speaker-classic section-bg\">\n                <div class=\"ts-speaker\" style=\"--speaker-color: #25cd44\">\n                    <div class=\"speaker-img\">\n                                                    <img width=\"767\" height=\"767\" src=\"https:\/\/congressohvm.com\/2022\/wp-content\/uploads\/2022\/11\/Augusto-Maci\u0301as-e1667306123591.jpg\" class=\"img-fluid\" alt=\"\" loading=\"lazy\" srcset=\"https:\/\/congressohvm.com\/2022\/wp-content\/uploads\/2022\/11\/Augusto-Maci\u0301as-e1667306123591.jpg 767w, https:\/\/congressohvm.com\/2022\/wp-content\/uploads\/2022\/11\/Augusto-Maci\u0301as-e1667306123591-300x300.jpg 300w, https:\/\/congressohvm.com\/2022\/wp-content\/uploads\/2022\/11\/Augusto-Maci\u0301as-e1667306123591-150x150.jpg 150w, https:\/\/congressohvm.com\/2022\/wp-content\/uploads\/2022\/11\/Augusto-Maci\u0301as-e1667306123591-12x12.jpg 12w\" sizes=\"(max-width: 767px) 100vw, 767px\" \/>                                                <a href=\"#popup_7f263893603\"\n                           class=\"view-speaker ts-image-popup\" data-effect=\"mfp-zoom-in\">\n                            <i class=\"icon icon-plus\"><\/i>\n                        <\/a>\n                    <\/div>\n                    <div class=\"ts-speaker-info\">\n                        <h3 class=\"ts-title\"><a\n                                    href=\"https:\/\/congressohvm.com\/2022\/es\/blog\/speaker\/augusto-macias\/\"> Augusto Mac\u00edas <\/a>\n                        <\/h3>\n                        <p>\n                             Diretor de Desenvolvimento da VetPartners em Espanha.                        <\/p>\n                    <\/div>\n                    <!--- speaker info end -->\n                    <!-- popup start-->\n                    <div id=\"popup_7f263893603\"\n                         class=\"container ts-speaker-popup mfp-hide\">\n                        <div class=\"row\">\n                            <div class=\"col-lg-6\">\n                                <div class=\"ts-speaker-popup-img\">\n                                                                            <img width=\"767\" height=\"767\" src=\"https:\/\/congressohvm.com\/2022\/wp-content\/uploads\/2022\/11\/Augusto-Maci\u0301as-e1667306123591.jpg\" class=\"attachment-full size-full\" alt=\"\" loading=\"lazy\" srcset=\"https:\/\/congressohvm.com\/2022\/wp-content\/uploads\/2022\/11\/Augusto-Maci\u0301as-e1667306123591.jpg 767w, https:\/\/congressohvm.com\/2022\/wp-content\/uploads\/2022\/11\/Augusto-Maci\u0301as-e1667306123591-300x300.jpg 300w, https:\/\/congressohvm.com\/2022\/wp-content\/uploads\/2022\/11\/Augusto-Maci\u0301as-e1667306123591-150x150.jpg 150w, https:\/\/congressohvm.com\/2022\/wp-content\/uploads\/2022\/11\/Augusto-Maci\u0301as-e1667306123591-12x12.jpg 12w\" sizes=\"(max-width: 767px) 100vw, 767px\" \/>                                                                    <\/div>\n                            <\/div>\n                            <!-- col end-->\n                            <div class=\"col-lg-6\">\n                                <div class=\"ts-speaker-popup-content\">\n                                    <h3 class=\"ts-title\"><a\n                                                href=\"https:\/\/congressohvm.com\/2022\/es\/blog\/speaker\/augusto-macias\/\"> Augusto Mac\u00edas <\/a>\n                                    <\/h3>\n                                    <span class=\"speakder-designation\">  Diretor de Desenvolvimento da VetPartners em Espanha.<\/span>\n                                                                        <p>\n                                        <p><span style=\"font-weight: 400\">Desde muito jovem que tenho uma paix\u00e3o pelo desenvolvimento de neg\u00f3cios, vendas e marketing. Terminei o curso de medicina veterin\u00e1ria na Universidade Complutense de Madrid em 1987, que acompanhei com forma\u00e7\u00e3o em vendas, marketing e gest\u00e3o de centros veterin\u00e1rios.<\/span><\/p><p>&nbsp;<\/p><p><span style=\"font-weight: 400\">A minha vida profissional foi desenvolvida num ambiente multinacional (nutri\u00e7\u00e3o animal) tendo desfrutado das diferentes \u00e1reas que uma empresa pode fornecer (gest\u00e3o, vendas, marketing) e ao mesmo tempo em diferentes ramos da medicina veterin\u00e1ria (bovinos, su\u00ednos, cavalos e animais de companhia).<\/span><\/p><p>&nbsp;<\/p><p><span style=\"font-weight: 400\">A minha experi\u00eancia com cl\u00ednicas veterin\u00e1rias come\u00e7ou em 2010, participando no desenvolvimento de v\u00e1rias associa\u00e7\u00f5es veterin\u00e1rias centradas na gest\u00e3o, consultoria de v\u00e1rios hospitais e centros veterin\u00e1rios de renome em Espanha em marketing, estrat\u00e9gia, talento e finan\u00e7as. Atualmente combino o meu trabalho profissional com a presid\u00eancia da AGESVET-GGA na AVEPA, sendo professor universit\u00e1rio e participando como docente e tutor em v\u00e1rias palestras e cursos sobre gest\u00e3o veterin\u00e1ria.<\/span><\/p><p>&nbsp;<\/p><p><span style=\"font-weight: 400\">Em 2017 liderei a maior rede de cl\u00ednicas veterin\u00e1rias em Espanha e Portugal, desenvolvendo a sua marca, criando o seu modelo de neg\u00f3cio e recrutando e desenvolvendo talento veterin\u00e1rio, fomentando uma cultura de calor e perten\u00e7a. A minha paix\u00e3o tem sido sempre apoiar os colegas nas cl\u00ednicas para que tenham o melhor plano de carreira, forma\u00e7\u00e3o e desenvolvimento para que todos possam alcan\u00e7ar o seu potencial.<\/span><\/p><p>&nbsp;<\/p><p><span style=\"font-weight: 400\">Fora do trabalho, adoro a leitura hist\u00f3rica, a imprensa, desfrutar de viagens e comida.<\/span><\/p><p>&nbsp;<\/p><p><span style=\"font-weight: 400\">Agora na VetPartners vamos trabalhar para proporcionar a melhor experi\u00eancia aos tutores de animais de companhia com a melhor rede de cl\u00ednicas e hospitais e para os nossos colegas veterin\u00e1rios, enfermeiros e auxiliares o melhor local para trabalhar, tanto para o seu desenvolvimento e forma\u00e7\u00e3o como para estar rodeados pelos melhores profissionais. Daremos credibilidade \u00e0 nossa forma de ser diferente: somos veterin\u00e1rios, cada cl\u00ednica e hospital \u00e9 diferente e realizamos a melhor medicina veterin\u00e1ria baseada em evid\u00eancias.<\/span><\/p>                                    <\/p>\n                                    <div class=\"ts-speakers-social\">\n                                                                                                                                                                <\/div>\n                                <\/div>\n                                <!-- ts-speaker-popup-content end-->\n                            <\/div>\n                            <!-- col end-->\n                        <\/div>\n                        <!-- row end-->\n                    <\/div>\n                    <!-- popup end-->\n                <\/div>\n            <\/section>\n            <!-- ts-speaker end  -->\n        \n            \n            \n\n        \t\t<\/div>\n\t\t\t\t<\/div>\n\t\t\t\t\t\t<\/div>\n\t\t\t\t\t<\/div>\n\t\t<\/div>\n\t\t\t\t<div class=\"elementor-column elementor-col-25 elementor-inner-column elementor-element elementor-element-0bc754c\" data-id=\"0bc754c\" data-element_type=\"column\">\n\t\t\t<div class=\"elementor-column-wrap elementor-element-populated\">\n\t\t\t\t\t\t\t<div class=\"elementor-widget-wrap\">\n\t\t\t\t\t\t<div class=\"elementor-element elementor-element-682e963 elementor-widget elementor-widget-exhibz-speaker\" data-id=\"682e963\" data-element_type=\"widget\" data-settings=\"{&quot;ekit_we_effect_on&quot;:&quot;none&quot;}\" data-widget_type=\"exhibz-speaker.default\">\n\t\t\t\t<div class=\"elementor-widget-container\">\n\t\t\t            \n\n                        <section class=\"ts-speakers-standard ts-speakers speaker-classic section-bg\">\n                <div class=\"ts-speaker\" style=\"--speaker-color: #25cd44\">\n                    <div class=\"speaker-img\">\n                                                    <img width=\"311\" height=\"311\" src=\"https:\/\/congressohvm.com\/2022\/wp-content\/uploads\/2022\/11\/Jo-Malone-e1667306043781.jpg\" class=\"img-fluid\" alt=\"\" loading=\"lazy\" srcset=\"https:\/\/congressohvm.com\/2022\/wp-content\/uploads\/2022\/11\/Jo-Malone-e1667306043781.jpg 311w, https:\/\/congressohvm.com\/2022\/wp-content\/uploads\/2022\/11\/Jo-Malone-e1667306043781-300x300.jpg 300w, https:\/\/congressohvm.com\/2022\/wp-content\/uploads\/2022\/11\/Jo-Malone-e1667306043781-150x150.jpg 150w, https:\/\/congressohvm.com\/2022\/wp-content\/uploads\/2022\/11\/Jo-Malone-e1667306043781-12x12.jpg 12w\" sizes=\"(max-width: 311px) 100vw, 311px\" \/>                                                <a href=\"#popup_682e9633609\"\n                           class=\"view-speaker ts-image-popup\" data-effect=\"mfp-zoom-in\">\n                            <i class=\"icon icon-plus\"><\/i>\n                        <\/a>\n                    <\/div>\n                    <div class=\"ts-speaker-info\">\n                        <h3 class=\"ts-title\"><a\n                                    href=\"https:\/\/congressohvm.com\/2022\/es\/blog\/speaker\/jo-malone\/\"> Jo Malone <\/a>\n                        <\/h3>\n                        <p>\n                            \u00a0CEO e fundadora da VetPartners                        <\/p>\n                    <\/div>\n                    <!--- speaker info end -->\n                    <!-- popup start-->\n                    <div id=\"popup_682e9633609\"\n                         class=\"container ts-speaker-popup mfp-hide\">\n                        <div class=\"row\">\n                            <div class=\"col-lg-6\">\n                                <div class=\"ts-speaker-popup-img\">\n                                                                            <img width=\"311\" height=\"311\" src=\"https:\/\/congressohvm.com\/2022\/wp-content\/uploads\/2022\/11\/Jo-Malone-e1667306043781.jpg\" class=\"attachment-full size-full\" alt=\"\" loading=\"lazy\" srcset=\"https:\/\/congressohvm.com\/2022\/wp-content\/uploads\/2022\/11\/Jo-Malone-e1667306043781.jpg 311w, https:\/\/congressohvm.com\/2022\/wp-content\/uploads\/2022\/11\/Jo-Malone-e1667306043781-300x300.jpg 300w, https:\/\/congressohvm.com\/2022\/wp-content\/uploads\/2022\/11\/Jo-Malone-e1667306043781-150x150.jpg 150w, https:\/\/congressohvm.com\/2022\/wp-content\/uploads\/2022\/11\/Jo-Malone-e1667306043781-12x12.jpg 12w\" sizes=\"(max-width: 311px) 100vw, 311px\" \/>                                                                    <\/div>\n                            <\/div>\n                            <!-- col end-->\n                            <div class=\"col-lg-6\">\n                                <div class=\"ts-speaker-popup-content\">\n                                    <h3 class=\"ts-title\"><a\n                                                href=\"https:\/\/congressohvm.com\/2022\/es\/blog\/speaker\/jo-malone\/\"> Jo Malone <\/a>\n                                    <\/h3>\n                                    <span class=\"speakder-designation\"> \u00a0CEO e fundadora da VetPartners<\/span>\n                                                                        <p>\n                                        <p><span style=\"font-weight: 400\">Desde jovem que quis ser veterin\u00e1ria e fiz cl\u00ednica durante 14 anos na Minster Vets na minha cidade natal de York. Estudei medicina veterin\u00e1ria na Universidade de Glasgow, qualificando-me em 1998, e mais tarde regressei a Minster Vets, onde me tornei s\u00f3cia em 2009.<\/span><\/p><p><span style=\"font-weight: 400\">Estabeleci a VetPartners em Outubro de 2015, porque queria formar uma fam\u00edlia de cl\u00ednicas que reflectisse os valores que tanto defendemos na Minster Vets, onde o respeito, a colabora\u00e7\u00e3o, o apoio rec\u00edproco, a dedica\u00e7\u00e3o e acessibilidade estavam no centro de tudo.<\/span><\/p><p><span style=\"font-weight: 400\">Fomentei uma cultura de cordialidade e de perten\u00e7a na VetPartners. A minha paix\u00e3o \u00e9 cuidar de animais de companhia e dos seus donos, ao mesmo tempo que apoio colegas de toda a nossa fam\u00edlia de cl\u00ednicas e equipa central.<\/span><\/p><p>&nbsp;<\/p><p><span style=\"font-weight: 400\">Fora do trabalho, adoro passar tempo com a minha fam\u00edlia, andar na montanha, correr e aprender novas compet\u00eancias. Tenho um c\u00e3o e um gato.<\/span><\/p><p><span style=\"font-weight: 400\">O meu papel \u00e9 apoiar todas as nossas equipas a alcan\u00e7ar o seu potencial e permitir-lhes alcan\u00e7ar o nosso objetivo de ser o grupo veterin\u00e1rio de elei\u00e7\u00e3o.<\/span><\/p><p>&nbsp;<\/p>                                    <\/p>\n                                    <div class=\"ts-speakers-social\">\n                                                                                                                                                                <\/div>\n                                <\/div>\n                                <!-- ts-speaker-popup-content end-->\n                            <\/div>\n                            <!-- col end-->\n                        <\/div>\n                        <!-- row end-->\n                    <\/div>\n                    <!-- popup end-->\n                <\/div>\n            <\/section>\n            <!-- ts-speaker end  -->\n        \n            \n            \n\n        \t\t<\/div>\n\t\t\t\t<\/div>\n\t\t\t\t\t\t<\/div>\n\t\t\t\t\t<\/div>\n\t\t<\/div>\n\t\t\t\t<div class=\"elementor-column elementor-col-25 elementor-inner-column elementor-element elementor-element-815bfdc\" data-id=\"815bfdc\" data-element_type=\"column\">\n\t\t\t<div class=\"elementor-column-wrap elementor-element-populated\">\n\t\t\t\t\t\t\t<div class=\"elementor-widget-wrap\">\n\t\t\t\t\t\t<div class=\"elementor-element elementor-element-202cb79 elementor-widget elementor-widget-exhibz-speaker\" data-id=\"202cb79\" data-element_type=\"widget\" data-settings=\"{&quot;ekit_we_effect_on&quot;:&quot;none&quot;}\" data-widget_type=\"exhibz-speaker.default\">\n\t\t\t\t<div class=\"elementor-widget-container\">\n\t\t\t            \n\n                        <section class=\"ts-speakers-standard ts-speakers speaker-classic section-bg\">\n                <div class=\"ts-speaker\" style=\"--speaker-color: #25cd44\">\n                    <div class=\"speaker-img\">\n                                                    <img width=\"581\" height=\"581\" src=\"https:\/\/congressohvm.com\/2022\/wp-content\/uploads\/2022\/11\/Margarida-Tome\u0301-e1667306013681.jpg\" class=\"img-fluid\" alt=\"\" loading=\"lazy\" srcset=\"https:\/\/congressohvm.com\/2022\/wp-content\/uploads\/2022\/11\/Margarida-Tome\u0301-e1667306013681.jpg 581w, https:\/\/congressohvm.com\/2022\/wp-content\/uploads\/2022\/11\/Margarida-Tome\u0301-e1667306013681-300x300.jpg 300w, https:\/\/congressohvm.com\/2022\/wp-content\/uploads\/2022\/11\/Margarida-Tome\u0301-e1667306013681-150x150.jpg 150w, https:\/\/congressohvm.com\/2022\/wp-content\/uploads\/2022\/11\/Margarida-Tome\u0301-e1667306013681-12x12.jpg 12w\" sizes=\"(max-width: 581px) 100vw, 581px\" \/>                                                <a href=\"#popup_202cb793612\"\n                           class=\"view-speaker ts-image-popup\" data-effect=\"mfp-zoom-in\">\n                            <i class=\"icon icon-plus\"><\/i>\n                        <\/a>\n                    <\/div>\n                    <div class=\"ts-speaker-info\">\n                        <h3 class=\"ts-title\"><a\n                                    href=\"https:\/\/congressohvm.com\/2022\/es\/blog\/speaker\/margarida-tome\/\"> Margarida Tom\u00e9 <\/a>\n                        <\/h3>\n                        <p>\n                            Veterin\u00e1ria                        <\/p>\n                    <\/div>\n                    <!--- speaker info end -->\n                    <!-- popup start-->\n                    <div id=\"popup_202cb793612\"\n                         class=\"container ts-speaker-popup mfp-hide\">\n                        <div class=\"row\">\n                            <div class=\"col-lg-6\">\n                                <div class=\"ts-speaker-popup-img\">\n                                                                            <img width=\"581\" height=\"581\" src=\"https:\/\/congressohvm.com\/2022\/wp-content\/uploads\/2022\/11\/Margarida-Tome\u0301-e1667306013681.jpg\" class=\"attachment-full size-full\" alt=\"\" loading=\"lazy\" srcset=\"https:\/\/congressohvm.com\/2022\/wp-content\/uploads\/2022\/11\/Margarida-Tome\u0301-e1667306013681.jpg 581w, https:\/\/congressohvm.com\/2022\/wp-content\/uploads\/2022\/11\/Margarida-Tome\u0301-e1667306013681-300x300.jpg 300w, https:\/\/congressohvm.com\/2022\/wp-content\/uploads\/2022\/11\/Margarida-Tome\u0301-e1667306013681-150x150.jpg 150w, https:\/\/congressohvm.com\/2022\/wp-content\/uploads\/2022\/11\/Margarida-Tome\u0301-e1667306013681-12x12.jpg 12w\" sizes=\"(max-width: 581px) 100vw, 581px\" \/>                                                                    <\/div>\n                            <\/div>\n                            <!-- col end-->\n                            <div class=\"col-lg-6\">\n                                <div class=\"ts-speaker-popup-content\">\n                                    <h3 class=\"ts-title\"><a\n                                                href=\"https:\/\/congressohvm.com\/2022\/es\/blog\/speaker\/margarida-tome\/\"> Margarida Tom\u00e9 <\/a>\n                                    <\/h3>\n                                    <span class=\"speakder-designation\"> Veterin\u00e1ria<\/span>\n                                                                        <p>\n                                        <p><span style=\"font-weight: 400\">Sou veterin\u00e1ria, licenciada pela Universidade de \u00c9vora em 2002 e 2016, complementei a minha forma\u00e7\u00e3o com a realiza\u00e7\u00e3o do Mestrado Executivo em Gest\u00e3o e Marketing Estrat\u00e9gico pela Catol<\/span><span style=\"font-weight: 400\">ica Lisbon School em Neg\u00f3cios &amp; Economia.<\/span><\/p><p><span style=\"font-weight: 400\">Sempre me interessei pelas m\u00faltiplas \u00e1reas da profiss\u00e3o veterin\u00e1ria e por isso fiz est\u00e1gios em cl\u00ednica de animais de companhia, controlo de qualidade e inspe\u00e7\u00e3o tendo optado por iniciar a minha vida profissional numa cl\u00ednica de animais de companhia em Lisboa.<\/span><\/p><p><span style=\"font-weight: 400\">Em 2005 abracei um novo desafio como Diretora T\u00e9cnica numa conceituada marca de alimentos para animais de companhia. Durante 16 anos desempenhei diversas responsabilidades liderando o Departamento T\u00e9cnico e de Professional Affairs, o Departamento de Marketing e por fim o Departamento Comercial. Desenvolvi um profundo conhecimento t\u00e9cnico na \u00e1rea nutricional, compet\u00eancias de marketing e de gest\u00e3o, mas acima de tudo a realidade das cl\u00ednicas veterin\u00e1rias em Portugal, das suas equipas e dos desafios constantes que enfrentam.<\/span><\/p><p><span style=\"font-weight: 400\">Alio a minha paix\u00e3o pela medicina veterin\u00e1ria \u00e0 gest\u00e3o de neg\u00f3cio e acredito que o futuro da veterin\u00e1ria passa por garantir um melhor equil\u00edbrio entre a sa\u00fade do neg\u00f3cio e a realiza\u00e7\u00e3o profissional. S\u00f3 assim seremos profissionais mais felizes e teremos a possibilidade de aumentar a qualidade dos cuidados de sa\u00fade prestados aos nossos animais.<\/span><\/p><p><span style=\"font-weight: 400\">\u00c9 com orgulho que me uno \u00e0 fam\u00edlia Vetpartners acreditando que os valores deste grupo de veterin\u00e1rios, e para veterin\u00e1rios ajudar\u00e3o a valorizar as cl\u00ednicas veterin\u00e1rias em Portugal e a garantir o bem-estar das suas equipas.<\/span><\/p>                                    <\/p>\n                                    <div class=\"ts-speakers-social\">\n                                                                                                                                                                <\/div>\n                                <\/div>\n                                <!-- ts-speaker-popup-content end-->\n                            <\/div>\n                            <!-- col end-->\n                        <\/div>\n                        <!-- row end-->\n                    <\/div>\n                    <!-- popup end-->\n                <\/div>\n            <\/section>\n            <!-- ts-speaker end  -->\n        \n            \n            \n\n        \t\t<\/div>\n\t\t\t\t<\/div>\n\t\t\t\t\t\t<\/div>\n\t\t\t\t\t<\/div>\n\t\t<\/div>\n\t\t\t\t\t\t\t\t<\/div>\n\t\t\t\t\t<\/div>\n\t\t<\/section>\n\t\t\t\t<section class=\"elementor-section elementor-inner-section elementor-element elementor-element-b0c5a46 elementor-section-boxed elementor-section-height-default elementor-section-height-default\" data-id=\"b0c5a46\" data-element_type=\"section\">\n\t\t\t\t\t\t<div class=\"elementor-container elementor-column-gap-default\">\n\t\t\t\t\t\t\t<div class=\"elementor-row\">\n\t\t\t\t\t<div class=\"elementor-column elementor-col-25 elementor-inner-column elementor-element elementor-element-55316d2\" data-id=\"55316d2\" data-element_type=\"column\">\n\t\t\t<div class=\"elementor-column-wrap elementor-element-populated\">\n\t\t\t\t\t\t\t<div class=\"elementor-widget-wrap\">\n\t\t\t\t\t\t<div class=\"elementor-element elementor-element-e392ba0 elementor-widget elementor-widget-exhibz-speaker\" data-id=\"e392ba0\" data-element_type=\"widget\" data-settings=\"{&quot;ekit_we_effect_on&quot;:&quot;none&quot;}\" data-widget_type=\"exhibz-speaker.default\">\n\t\t\t\t<div class=\"elementor-widget-container\">\n\t\t\t            \n\n                        <section class=\"ts-speakers-standard ts-speakers speaker-classic section-bg\">\n                <div class=\"ts-speaker\" style=\"--speaker-color: #25cd44\">\n                    <div class=\"speaker-img\">\n                                                    <img width=\"541\" height=\"541\" src=\"https:\/\/congressohvm.com\/2022\/wp-content\/uploads\/2022\/11\/Emir-Chaer-e1667308417297.jpeg\" class=\"img-fluid\" alt=\"\" loading=\"lazy\" srcset=\"https:\/\/congressohvm.com\/2022\/wp-content\/uploads\/2022\/11\/Emir-Chaer-e1667308417297.jpeg 541w, https:\/\/congressohvm.com\/2022\/wp-content\/uploads\/2022\/11\/Emir-Chaer-e1667308417297-300x300.jpeg 300w, https:\/\/congressohvm.com\/2022\/wp-content\/uploads\/2022\/11\/Emir-Chaer-e1667308417297-150x150.jpeg 150w, https:\/\/congressohvm.com\/2022\/wp-content\/uploads\/2022\/11\/Emir-Chaer-e1667308417297-12x12.jpeg 12w\" sizes=\"(max-width: 541px) 100vw, 541px\" \/>                                                <a href=\"#popup_e392ba03626\"\n                           class=\"view-speaker ts-image-popup\" data-effect=\"mfp-zoom-in\">\n                            <i class=\"icon icon-plus\"><\/i>\n                        <\/a>\n                    <\/div>\n                    <div class=\"ts-speaker-info\">\n                        <h3 class=\"ts-title\"><a\n                                    href=\"https:\/\/congressohvm.com\/2022\/es\/blog\/speaker\/emir-chaher\/\"> Emir Chaher <\/a>\n                        <\/h3>\n                        <p>\n                            Veterinary Surgeon                        <\/p>\n                    <\/div>\n                    <!--- speaker info end -->\n                    <!-- popup start-->\n                    <div id=\"popup_e392ba03626\"\n                         class=\"container ts-speaker-popup mfp-hide\">\n                        <div class=\"row\">\n                            <div class=\"col-lg-6\">\n                                <div class=\"ts-speaker-popup-img\">\n                                                                            <img width=\"541\" height=\"541\" src=\"https:\/\/congressohvm.com\/2022\/wp-content\/uploads\/2022\/11\/Emir-Chaer-e1667308417297.jpeg\" class=\"attachment-full size-full\" alt=\"\" loading=\"lazy\" srcset=\"https:\/\/congressohvm.com\/2022\/wp-content\/uploads\/2022\/11\/Emir-Chaer-e1667308417297.jpeg 541w, https:\/\/congressohvm.com\/2022\/wp-content\/uploads\/2022\/11\/Emir-Chaer-e1667308417297-300x300.jpeg 300w, https:\/\/congressohvm.com\/2022\/wp-content\/uploads\/2022\/11\/Emir-Chaer-e1667308417297-150x150.jpeg 150w, https:\/\/congressohvm.com\/2022\/wp-content\/uploads\/2022\/11\/Emir-Chaer-e1667308417297-12x12.jpeg 12w\" sizes=\"(max-width: 541px) 100vw, 541px\" \/>                                                                    <\/div>\n                            <\/div>\n                            <!-- col end-->\n                            <div class=\"col-lg-6\">\n                                <div class=\"ts-speaker-popup-content\">\n                                    <h3 class=\"ts-title\"><a\n                                                href=\"https:\/\/congressohvm.com\/2022\/es\/blog\/speaker\/emir-chaher\/\"> Emir Chaher <\/a>\n                                    <\/h3>\n                                    <span class=\"speakder-designation\"> Veterinary Surgeon<\/span>\n                                                                        <p>\n                                        <p class=\"p1\">Veterinary surgeon &amp; veterinary practice owner with more than twenty-five years experience in small animal &amp; equine practice in Portugal, Germany and Argentina.<\/p><p class=\"p1\">Network of extensive regional and international professional, government and industry contacts.<\/p><p class=\"p1\">Professional interests focus in development of continuing veterinary education and policies in Portugal, Europe and developing countries and promoting closer relationships between international veterinary associations.<span class=\"Apple-converted-space\">\u00a0<\/span><\/p><p class=\"p1\">Emir is a regular contributor at regional and international veterinary publications and events.<\/p><p class=\"p1\">Fields of expertise: surgery, diagnostic imaging, veterinary practice management, veterinary policies and business strategy.<\/p>                                    <\/p>\n                                    <div class=\"ts-speakers-social\">\n                                                                                                                                                                <\/div>\n                                <\/div>\n                                <!-- ts-speaker-popup-content end-->\n                            <\/div>\n                            <!-- col end-->\n                        <\/div>\n                        <!-- row end-->\n                    <\/div>\n                    <!-- popup end-->\n                <\/div>\n            <\/section>\n            <!-- ts-speaker end  -->\n        \n            \n            \n\n        \t\t<\/div>\n\t\t\t\t<\/div>\n\t\t\t\t\t\t<\/div>\n\t\t\t\t\t<\/div>\n\t\t<\/div>\n\t\t\t\t<div class=\"elementor-column elementor-col-25 elementor-inner-column elementor-element elementor-element-d2fb98c\" data-id=\"d2fb98c\" data-element_type=\"column\">\n\t\t\t<div class=\"elementor-column-wrap elementor-element-populated\">\n\t\t\t\t\t\t\t<div class=\"elementor-widget-wrap\">\n\t\t\t\t\t\t<div class=\"elementor-element elementor-element-85f5cd6 elementor-widget elementor-widget-exhibz-speaker\" data-id=\"85f5cd6\" data-element_type=\"widget\" data-settings=\"{&quot;ekit_we_effect_on&quot;:&quot;none&quot;}\" data-widget_type=\"exhibz-speaker.default\">\n\t\t\t\t<div class=\"elementor-widget-container\">\n\t\t\t            \n\n                        <section class=\"ts-speakers-standard ts-speakers speaker-classic section-bg\">\n                <div class=\"ts-speaker\" style=\"--speaker-color: #25cd44\">\n                    <div class=\"speaker-img\">\n                                                    <img width=\"680\" height=\"680\" src=\"https:\/\/congressohvm.com\/2022\/wp-content\/uploads\/2022\/11\/Rui-Mota-e1667428169795.jpeg\" class=\"img-fluid\" alt=\"\" loading=\"lazy\" srcset=\"https:\/\/congressohvm.com\/2022\/wp-content\/uploads\/2022\/11\/Rui-Mota-e1667428169795.jpeg 680w, https:\/\/congressohvm.com\/2022\/wp-content\/uploads\/2022\/11\/Rui-Mota-e1667428169795-300x300.jpeg 300w, https:\/\/congressohvm.com\/2022\/wp-content\/uploads\/2022\/11\/Rui-Mota-e1667428169795-150x150.jpeg 150w, https:\/\/congressohvm.com\/2022\/wp-content\/uploads\/2022\/11\/Rui-Mota-e1667428169795-12x12.jpeg 12w\" sizes=\"(max-width: 680px) 100vw, 680px\" \/>                                                <a href=\"#popup_85f5cd63630\"\n                           class=\"view-speaker ts-image-popup\" data-effect=\"mfp-zoom-in\">\n                            <i class=\"icon icon-plus\"><\/i>\n                        <\/a>\n                    <\/div>\n                    <div class=\"ts-speaker-info\">\n                        <h3 class=\"ts-title\"><a\n                                    href=\"https:\/\/congressohvm.com\/2022\/es\/blog\/speaker\/rui-mota\/\"> Rui Mota <\/a>\n                        <\/h3>\n                        <p>\n                            M\u00e9dico Veterin\u00e1rio                        <\/p>\n                    <\/div>\n                    <!--- speaker info end -->\n                    <!-- popup start-->\n                    <div id=\"popup_85f5cd63630\"\n                         class=\"container ts-speaker-popup mfp-hide\">\n                        <div class=\"row\">\n                            <div class=\"col-lg-6\">\n                                <div class=\"ts-speaker-popup-img\">\n                                                                            <img width=\"680\" height=\"680\" src=\"https:\/\/congressohvm.com\/2022\/wp-content\/uploads\/2022\/11\/Rui-Mota-e1667428169795.jpeg\" class=\"attachment-full size-full\" alt=\"\" loading=\"lazy\" srcset=\"https:\/\/congressohvm.com\/2022\/wp-content\/uploads\/2022\/11\/Rui-Mota-e1667428169795.jpeg 680w, https:\/\/congressohvm.com\/2022\/wp-content\/uploads\/2022\/11\/Rui-Mota-e1667428169795-300x300.jpeg 300w, https:\/\/congressohvm.com\/2022\/wp-content\/uploads\/2022\/11\/Rui-Mota-e1667428169795-150x150.jpeg 150w, https:\/\/congressohvm.com\/2022\/wp-content\/uploads\/2022\/11\/Rui-Mota-e1667428169795-12x12.jpeg 12w\" sizes=\"(max-width: 680px) 100vw, 680px\" \/>                                                                    <\/div>\n                            <\/div>\n                            <!-- col end-->\n                            <div class=\"col-lg-6\">\n                                <div class=\"ts-speaker-popup-content\">\n                                    <h3 class=\"ts-title\"><a\n                                                href=\"https:\/\/congressohvm.com\/2022\/es\/blog\/speaker\/rui-mota\/\"> Rui Mota <\/a>\n                                    <\/h3>\n                                    <span class=\"speakder-designation\"> M\u00e9dico Veterin\u00e1rio<\/span>\n                                                                        <p>\n                                        <p>Licenciado com Mestrado Integrado pela UTAD em 2009. Efectuou o seu est\u00e1gio curricular no Hospital Veterin\u00e1rio Montenegro, na Cl\u00ednica Veterin\u00e1ria da Lagoa e no Servi\u00e7o de Cardiologia do Small Animal Teaching Hospital, University of Liverpool.<br \/>Iniciou a sua actividade profissional em 2009 no Hospital Veterin\u00e1rio Montenegro.<br \/>Tem como principais \u00e1reas de interesse a Neurologia e a Imagiologia avan\u00e7ada. Frequentou as p\u00f3s-gradua\u00e7\u00f5es GPCert (Small Animal Practice) da ESVPS, Neurology I, II e III, e Small Animal Computed Imaging da ESAVS.<br \/>Fundador e respons\u00e1vel cl\u00ednico do Centro de Imagem Montenegro desde Setembro de 2011, e respons\u00e1vel cl\u00ednico dos centros de Imagem Montenegro Zona Centro, Alma Veterin\u00e1ria e do Baixo Alentejo.<br \/>Tem efectuado forma\u00e7\u00e3o de TAC, RM e Neurologia em v\u00e1rios centros de refer\u00eancia na Europa.<br \/>Co-autor dos livros \u201cC\u00e3o Sem Segredos\u201d e \u201cGato Sem Segredos\u201d.<\/p>                                    <\/p>\n                                    <div class=\"ts-speakers-social\">\n                                                                                                                                                                <\/div>\n                                <\/div>\n                                <!-- ts-speaker-popup-content end-->\n                            <\/div>\n                            <!-- col end-->\n                        <\/div>\n                        <!-- row end-->\n                    <\/div>\n                    <!-- popup end-->\n                <\/div>\n            <\/section>\n            <!-- ts-speaker end  -->\n        \n            \n            \n\n        \t\t<\/div>\n\t\t\t\t<\/div>\n\t\t\t\t\t\t<\/div>\n\t\t\t\t\t<\/div>\n\t\t<\/div>\n\t\t\t\t<div class=\"elementor-column elementor-col-25 elementor-inner-column elementor-element elementor-element-af08a5f\" data-id=\"af08a5f\" data-element_type=\"column\">\n\t\t\t<div class=\"elementor-column-wrap elementor-element-populated\">\n\t\t\t\t\t\t\t<div class=\"elementor-widget-wrap\">\n\t\t\t\t\t\t<div class=\"elementor-element elementor-element-779b36b elementor-widget elementor-widget-exhibz-speaker\" data-id=\"779b36b\" data-element_type=\"widget\" data-settings=\"{&quot;ekit_we_effect_on&quot;:&quot;none&quot;}\" data-widget_type=\"exhibz-speaker.default\">\n\t\t\t\t<div class=\"elementor-widget-container\">\n\t\t\t            \n\n                        <section class=\"ts-speakers-standard ts-speakers speaker-classic section-bg\">\n                <div class=\"ts-speaker\" style=\"--speaker-color: #25cd44\">\n                    <div class=\"speaker-img\">\n                                                    <img width=\"386\" height=\"386\" src=\"https:\/\/congressohvm.com\/2022\/wp-content\/uploads\/2022\/11\/So\u0301nia-Miranda-e1667428139351.jpeg\" class=\"img-fluid\" alt=\"\" loading=\"lazy\" srcset=\"https:\/\/congressohvm.com\/2022\/wp-content\/uploads\/2022\/11\/So\u0301nia-Miranda-e1667428139351.jpeg 386w, https:\/\/congressohvm.com\/2022\/wp-content\/uploads\/2022\/11\/So\u0301nia-Miranda-e1667428139351-300x300.jpeg 300w, https:\/\/congressohvm.com\/2022\/wp-content\/uploads\/2022\/11\/So\u0301nia-Miranda-e1667428139351-150x150.jpeg 150w, https:\/\/congressohvm.com\/2022\/wp-content\/uploads\/2022\/11\/So\u0301nia-Miranda-e1667428139351-12x12.jpeg 12w\" sizes=\"(max-width: 386px) 100vw, 386px\" \/>                                                <a href=\"#popup_779b36b3633\"\n                           class=\"view-speaker ts-image-popup\" data-effect=\"mfp-zoom-in\">\n                            <i class=\"icon icon-plus\"><\/i>\n                        <\/a>\n                    <\/div>\n                    <div class=\"ts-speaker-info\">\n                        <h3 class=\"ts-title\"><a\n                                    href=\"https:\/\/congressohvm.com\/2022\/es\/blog\/speaker\/sonia-miranda\/\"> S\u00f3nia Miranda <\/a>\n                        <\/h3>\n                        <p>\n                            M\u00e9dica Veterin\u00e1ria                        <\/p>\n                    <\/div>\n                    <!--- speaker info end -->\n                    <!-- popup start-->\n                    <div id=\"popup_779b36b3633\"\n                         class=\"container ts-speaker-popup mfp-hide\">\n                        <div class=\"row\">\n                            <div class=\"col-lg-6\">\n                                <div class=\"ts-speaker-popup-img\">\n                                                                            <img width=\"386\" height=\"386\" src=\"https:\/\/congressohvm.com\/2022\/wp-content\/uploads\/2022\/11\/So\u0301nia-Miranda-e1667428139351.jpeg\" class=\"attachment-full size-full\" alt=\"\" loading=\"lazy\" srcset=\"https:\/\/congressohvm.com\/2022\/wp-content\/uploads\/2022\/11\/So\u0301nia-Miranda-e1667428139351.jpeg 386w, https:\/\/congressohvm.com\/2022\/wp-content\/uploads\/2022\/11\/So\u0301nia-Miranda-e1667428139351-300x300.jpeg 300w, https:\/\/congressohvm.com\/2022\/wp-content\/uploads\/2022\/11\/So\u0301nia-Miranda-e1667428139351-150x150.jpeg 150w, https:\/\/congressohvm.com\/2022\/wp-content\/uploads\/2022\/11\/So\u0301nia-Miranda-e1667428139351-12x12.jpeg 12w\" sizes=\"(max-width: 386px) 100vw, 386px\" \/>                                                                    <\/div>\n                            <\/div>\n                            <!-- col end-->\n                            <div class=\"col-lg-6\">\n                                <div class=\"ts-speaker-popup-content\">\n                                    <h3 class=\"ts-title\"><a\n                                                href=\"https:\/\/congressohvm.com\/2022\/es\/blog\/speaker\/sonia-miranda\/\"> S\u00f3nia Miranda <\/a>\n                                    <\/h3>\n                                    <span class=\"speakder-designation\"> M\u00e9dica Veterin\u00e1ria<\/span>\n                                                                        <p>\n                                        <p>M\u00e9dica Veterin\u00e1ria desde 1998. Diretora Cl\u00ednica do Anicura Atl\u00e2ntico Hospital Veterin\u00e1rio (HVA) desde 2019. Foi Diretora Cl\u00ednica do Hospital Veterin\u00e1rio do Baixo Vouga (HVBV) desde 2001 at\u00e9 2019 e foi Diretora Regional da Onevetgroup e Secret\u00e1ria do conselho cient\u00edfico deste mesmo grupo. Desenvolve capacidades t\u00e9cnicas em ecografia, endoscopia, reprodu\u00e7\u00e3o e cirurgia de tecidos moles, que exerce no HVA. Atualmente, tem especial interesse pela gest\u00e3o hospitalar com foco na gest\u00e3o de recursos humanos. Foi docente convidada da Escola Universit\u00e1ria Vasco da Gama (EUVG) nas unidades curriculares de Reprodu\u00e7\u00e3o Animal e Biotecnologias Reprodutivas. Doutoranda em ci\u00eancias veterin\u00e1rias na Universidade de Tr\u00e1s os Montes e Alto Douro (UTAD), na \u00e1rea da reprodu\u00e7\u00e3o animal. Membro colaborador da CECAV. Doutoranda em Ci\u00eancias Veterin\u00e1rias. Membro do Conselho Diretivo da Ordem dos M\u00e9dicos Veterin\u00e1rios (OMV) desde 2016, sendo atualmente Vice-presidente da OMV.<br \/>Autora dos livros Coolcat e Cooldog. Foi colaboradora convidada da Sic Mulher e convidada para artigos de opini\u00e3o em v\u00e1rios canais da comunica\u00e7\u00e3o social.<br \/>Orientadora e v\u00e1rias vezes parte integrante do J\u00fari de provas de Mestrado.<\/p>                                    <\/p>\n                                    <div class=\"ts-speakers-social\">\n                                                                                                                                                                <\/div>\n                                <\/div>\n                                <!-- ts-speaker-popup-content end-->\n                            <\/div>\n                            <!-- col end-->\n                        <\/div>\n                        <!-- row end-->\n                    <\/div>\n                    <!-- popup end-->\n                <\/div>\n            <\/section>\n            <!-- ts-speaker end  -->\n        \n            \n            \n\n        \t\t<\/div>\n\t\t\t\t<\/div>\n\t\t\t\t\t\t<\/div>\n\t\t\t\t\t<\/div>\n\t\t<\/div>\n\t\t\t\t<div class=\"elementor-column elementor-col-25 elementor-inner-column elementor-element elementor-element-a7fe4ef\" data-id=\"a7fe4ef\" data-element_type=\"column\">\n\t\t\t<div class=\"elementor-column-wrap elementor-element-populated\">\n\t\t\t\t\t\t\t<div class=\"elementor-widget-wrap\">\n\t\t\t\t\t\t<div class=\"elementor-element elementor-element-a377f7a elementor-widget elementor-widget-exhibz-speaker\" data-id=\"a377f7a\" data-element_type=\"widget\" data-settings=\"{&quot;ekit_we_effect_on&quot;:&quot;none&quot;}\" data-widget_type=\"exhibz-speaker.default\">\n\t\t\t\t<div class=\"elementor-widget-container\">\n\t\t\t            \n\n                        <section class=\"ts-speakers-standard ts-speakers speaker-classic section-bg\">\n                <div class=\"ts-speaker\" style=\"--speaker-color: #25cd44\">\n                    <div class=\"speaker-img\">\n                                                    <img width=\"398\" height=\"395\" src=\"https:\/\/congressohvm.com\/2022\/wp-content\/uploads\/2022\/11\/Gustavo-Johnny-Roland-.png\" class=\"img-fluid\" alt=\"\" loading=\"lazy\" srcset=\"https:\/\/congressohvm.com\/2022\/wp-content\/uploads\/2022\/11\/Gustavo-Johnny-Roland-.png 398w, https:\/\/congressohvm.com\/2022\/wp-content\/uploads\/2022\/11\/Gustavo-Johnny-Roland--300x298.png 300w, https:\/\/congressohvm.com\/2022\/wp-content\/uploads\/2022\/11\/Gustavo-Johnny-Roland--150x150.png 150w, https:\/\/congressohvm.com\/2022\/wp-content\/uploads\/2022\/11\/Gustavo-Johnny-Roland--12x12.png 12w\" sizes=\"(max-width: 398px) 100vw, 398px\" \/>                                                <a href=\"#popup_a377f7a3671\"\n                           class=\"view-speaker ts-image-popup\" data-effect=\"mfp-zoom-in\">\n                            <i class=\"icon icon-plus\"><\/i>\n                        <\/a>\n                    <\/div>\n                    <div class=\"ts-speaker-info\">\n                        <h3 class=\"ts-title\"><a\n                                    href=\"https:\/\/congressohvm.com\/2022\/es\/blog\/speaker\/gustavo-johnny-roland\/\"> Gustavo Johnny Roland <\/a>\n                        <\/h3>\n                        <p>\n                            M\u00e9dico Veterin\u00e1rio                        <\/p>\n                    <\/div>\n                    <!--- speaker info end -->\n                    <!-- popup start-->\n                    <div id=\"popup_a377f7a3671\"\n                         class=\"container ts-speaker-popup mfp-hide\">\n                        <div class=\"row\">\n                            <div class=\"col-lg-6\">\n                                <div class=\"ts-speaker-popup-img\">\n                                                                            <img width=\"398\" height=\"395\" src=\"https:\/\/congressohvm.com\/2022\/wp-content\/uploads\/2022\/11\/Gustavo-Johnny-Roland-.png\" class=\"attachment-full size-full\" alt=\"\" loading=\"lazy\" srcset=\"https:\/\/congressohvm.com\/2022\/wp-content\/uploads\/2022\/11\/Gustavo-Johnny-Roland-.png 398w, https:\/\/congressohvm.com\/2022\/wp-content\/uploads\/2022\/11\/Gustavo-Johnny-Roland--300x298.png 300w, https:\/\/congressohvm.com\/2022\/wp-content\/uploads\/2022\/11\/Gustavo-Johnny-Roland--150x150.png 150w, https:\/\/congressohvm.com\/2022\/wp-content\/uploads\/2022\/11\/Gustavo-Johnny-Roland--12x12.png 12w\" sizes=\"(max-width: 398px) 100vw, 398px\" \/>                                                                    <\/div>\n                            <\/div>\n                            <!-- col end-->\n                            <div class=\"col-lg-6\">\n                                <div class=\"ts-speaker-popup-content\">\n                                    <h3 class=\"ts-title\"><a\n                                                href=\"https:\/\/congressohvm.com\/2022\/es\/blog\/speaker\/gustavo-johnny-roland\/\"> Gustavo Johnny Roland <\/a>\n                                    <\/h3>\n                                    <span class=\"speakder-designation\"> M\u00e9dico Veterin\u00e1rio<\/span>\n                                                                        <p>\n                                                                            <\/p>\n                                    <div class=\"ts-speakers-social\">\n                                                                                                                                                                <\/div>\n                                <\/div>\n                                <!-- ts-speaker-popup-content end-->\n                            <\/div>\n                            <!-- col end-->\n                        <\/div>\n                        <!-- row end-->\n                    <\/div>\n                    <!-- popup end-->\n                <\/div>\n            <\/section>\n            <!-- ts-speaker end  -->\n        \n            \n            \n\n        \t\t<\/div>\n\t\t\t\t<\/div>\n\t\t\t\t\t\t<\/div>\n\t\t\t\t\t<\/div>\n\t\t<\/div>\n\t\t\t\t\t\t\t\t<\/div>\n\t\t\t\t\t<\/div>\n\t\t<\/section>\n\t\t\t\t\t\t<\/div>\n\t\t\t\t\t<\/div>\n\t\t<\/div>\n\t\t\t\t\t\t\t\t<\/div>\n\t\t\t\t\t<\/div>\n\t\t<\/section>\n\t\t\t\t\t\t\t\t\t<\/div>\n\t\t\t<\/div>\n\t\t\t\t\t<\/div>","protected":false},"excerpt":{"rendered":"<p>Oradores &nbsp; Ana Rita Furtado M\u00e9dica Veterin\u00e1ria Ana Rita Furtado M\u00e9dica Veterin\u00e1ria Licenciei-me em 2010 pela Universidade de Lisboa e desde 2012 que trabalho no Reino Unido. Trabalhei 3 anos como veterin\u00e1ria de primeira opini\u00e3o e completei 2 internatos gerais em hospitais de refer\u00eancia antes de come\u00e7ar a trabalhar no Dick White Referrals, em 2017, [&hellip;]<\/p>","protected":false},"author":1,"featured_media":0,"parent":0,"menu_order":0,"comment_status":"closed","ping_status":"closed","template":"template\/full-width-template.php","meta":[],"yoast_head":"<!-- This site is optimized with the Yoast SEO plugin v19.7.1 - https:\/\/yoast.com\/wordpress\/plugins\/seo\/ -->\n<title>Oradores - XVIII CONGRESSO INTERNACIONAL VETERIN\u00c1RIO MONTENEGRO<\/title>\n<meta name=\"robots\" content=\"noindex, follow, max-snippet:-1, max-image-preview:large, max-video-preview:-1\" \/>\n<meta property=\"og:locale\" content=\"es_ES\" \/>\n<meta property=\"og:type\" content=\"article\" \/>\n<meta property=\"og:title\" content=\"Oradores - XVIII CONGRESSO INTERNACIONAL VETERIN\u00c1RIO MONTENEGRO\" \/>\n<meta property=\"og:description\" content=\"Oradores &nbsp; Ana Rita Furtado M\u00e9dica Veterin\u00e1ria Ana Rita Furtado M\u00e9dica Veterin\u00e1ria Licenciei-me em 2010 pela Universidade de Lisboa e desde 2012 que trabalho no Reino Unido. Trabalhei 3 anos como veterin\u00e1ria de primeira opini\u00e3o e completei 2 internatos gerais em hospitais de refer\u00eancia antes de come\u00e7ar a trabalhar no Dick White Referrals, em 2017, [&hellip;]\" \/>\n<meta property=\"og:url\" content=\"https:\/\/congressohvm.com\/2022\/es\/oradores\/\" \/>\n<meta property=\"og:site_name\" content=\"XVIII CONGRESSO INTERNACIONAL VETERIN\u00c1RIO MONTENEGRO\" \/>\n<meta property=\"article:modified_time\" content=\"2022-11-04T01:05:06+00:00\" \/>\n<meta property=\"og:image\" content=\"https:\/\/congressohvm.com\/2022\/wp-content\/uploads\/2022\/05\/Ana-Rita-Furtado-e1655935699700.jpeg\" \/>\n<meta name=\"twitter:card\" content=\"summary_large_image\" \/>\n<meta name=\"twitter:label1\" content=\"Tiempo de lectura\" \/>\n\t<meta name=\"twitter:data1\" content=\"56 minutos\" \/>\n<script type=\"application\/ld+json\" class=\"yoast-schema-graph\">{\"@context\":\"https:\/\/schema.org\",\"@graph\":[{\"@type\":\"WebPage\",\"@id\":\"https:\/\/congressohvm.com\/2022\/oradores\/\",\"url\":\"https:\/\/congressohvm.com\/2022\/oradores\/\",\"name\":\"Oradores - XVIII CONGRESSO INTERNACIONAL VETERIN\u00c1RIO MONTENEGRO\",\"isPartOf\":{\"@id\":\"https:\/\/congressohvm.com\/2022\/#website\"},\"datePublished\":\"2019-01-08T10:58:32+00:00\",\"dateModified\":\"2022-11-04T01:05:06+00:00\",\"breadcrumb\":{\"@id\":\"https:\/\/congressohvm.com\/2022\/oradores\/#breadcrumb\"},\"inLanguage\":\"es\",\"potentialAction\":[{\"@type\":\"ReadAction\",\"target\":[\"https:\/\/congressohvm.com\/2022\/oradores\/\"]}]},{\"@type\":\"BreadcrumbList\",\"@id\":\"https:\/\/congressohvm.com\/2022\/oradores\/#breadcrumb\",\"itemListElement\":[{\"@type\":\"ListItem\",\"position\":1,\"name\":\"In\u00edcio\",\"item\":\"https:\/\/congressohvm.com\/2022\/\"},{\"@type\":\"ListItem\",\"position\":2,\"name\":\"Oradores\"}]},{\"@type\":\"WebSite\",\"@id\":\"https:\/\/congressohvm.com\/2022\/#website\",\"url\":\"https:\/\/congressohvm.com\/2022\/\",\"name\":\"XVIII CONGRESSO INTERNACIONAL VETERIN\u00c1RIO MONTENEGRO\",\"description\":\"XVIII CONGRESSO INTERNACIONAL VETERIN\u00c1RIO MONTENEGRO\",\"potentialAction\":[{\"@type\":\"SearchAction\",\"target\":{\"@type\":\"EntryPoint\",\"urlTemplate\":\"https:\/\/congressohvm.com\/2022\/?s={search_term_string}\"},\"query-input\":\"required name=search_term_string\"}],\"inLanguage\":\"es\"}]}<\/script>\n<!-- \/ Yoast SEO plugin. -->","yoast_head_json":{"title":"Oradores - XVIII CONGRESSO INTERNACIONAL VETERIN\u00c1RIO MONTENEGRO","robots":{"index":"noindex","follow":"follow","max-snippet":"max-snippet:-1","max-image-preview":"max-image-preview:large","max-video-preview":"max-video-preview:-1"},"og_locale":"es_ES","og_type":"article","og_title":"Oradores - XVIII CONGRESSO INTERNACIONAL VETERIN\u00c1RIO MONTENEGRO","og_description":"Oradores &nbsp; Ana Rita Furtado M\u00e9dica Veterin\u00e1ria Ana Rita Furtado M\u00e9dica Veterin\u00e1ria Licenciei-me em 2010 pela Universidade de Lisboa e desde 2012 que trabalho no Reino Unido. Trabalhei 3 anos como veterin\u00e1ria de primeira opini\u00e3o e completei 2 internatos gerais em hospitais de refer\u00eancia antes de come\u00e7ar a trabalhar no Dick White Referrals, em 2017, [&hellip;]","og_url":"https:\/\/congressohvm.com\/2022\/es\/oradores\/","og_site_name":"XVIII CONGRESSO INTERNACIONAL VETERIN\u00c1RIO MONTENEGRO","article_modified_time":"2022-11-04T01:05:06+00:00","og_image":[{"url":"https:\/\/congressohvm.com\/2022\/wp-content\/uploads\/2022\/05\/Ana-Rita-Furtado-e1655935699700.jpeg"}],"twitter_card":"summary_large_image","twitter_misc":{"Tiempo de lectura":"56 minutos"},"schema":{"@context":"https:\/\/schema.org","@graph":[{"@type":"WebPage","@id":"https:\/\/congressohvm.com\/2022\/oradores\/","url":"https:\/\/congressohvm.com\/2022\/oradores\/","name":"Oradores - XVIII CONGRESSO INTERNACIONAL VETERIN\u00c1RIO MONTENEGRO","isPartOf":{"@id":"https:\/\/congressohvm.com\/2022\/#website"},"datePublished":"2019-01-08T10:58:32+00:00","dateModified":"2022-11-04T01:05:06+00:00","breadcrumb":{"@id":"https:\/\/congressohvm.com\/2022\/oradores\/#breadcrumb"},"inLanguage":"es","potentialAction":[{"@type":"ReadAction","target":["https:\/\/congressohvm.com\/2022\/oradores\/"]}]},{"@type":"BreadcrumbList","@id":"https:\/\/congressohvm.com\/2022\/oradores\/#breadcrumb","itemListElement":[{"@type":"ListItem","position":1,"name":"In\u00edcio","item":"https:\/\/congressohvm.com\/2022\/"},{"@type":"ListItem","position":2,"name":"Oradores"}]},{"@type":"WebSite","@id":"https:\/\/congressohvm.com\/2022\/#website","url":"https:\/\/congressohvm.com\/2022\/","name":"XVIII CONGRESSO INTERNACIONAL VETERIN\u00c1RIO MONTENEGRO","description":"XVIII CONGRESSO INTERNACIONAL VETERIN\u00c1RIO MONTENEGRO","potentialAction":[{"@type":"SearchAction","target":{"@type":"EntryPoint","urlTemplate":"https:\/\/congressohvm.com\/2022\/?s={search_term_string}"},"query-input":"required name=search_term_string"}],"inLanguage":"es"}]}},"_links":{"self":[{"href":"https:\/\/congressohvm.com\/2022\/es\/wp-json\/wp\/v2\/pages\/1289"}],"collection":[{"href":"https:\/\/congressohvm.com\/2022\/es\/wp-json\/wp\/v2\/pages"}],"about":[{"href":"https:\/\/congressohvm.com\/2022\/es\/wp-json\/wp\/v2\/types\/page"}],"author":[{"embeddable":true,"href":"https:\/\/congressohvm.com\/2022\/es\/wp-json\/wp\/v2\/users\/1"}],"replies":[{"embeddable":true,"href":"https:\/\/congressohvm.com\/2022\/es\/wp-json\/wp\/v2\/comments?post=1289"}],"version-history":[{"count":28,"href":"https:\/\/congressohvm.com\/2022\/es\/wp-json\/wp\/v2\/pages\/1289\/revisions"}],"predecessor-version":[{"id":3679,"href":"https:\/\/congressohvm.com\/2022\/es\/wp-json\/wp\/v2\/pages\/1289\/revisions\/3679"}],"wp:attachment":[{"href":"https:\/\/congressohvm.com\/2022\/es\/wp-json\/wp\/v2\/media?parent=1289"}],"curies":[{"name":"wp","href":"https:\/\/api.w.org\/{rel}","templated":true}]}}