{"id":2985,"date":"2021-09-15T16:38:56","date_gmt":"2021-09-15T16:38:56","guid":{"rendered":"https:\/\/congressohvm.com\/2021\/?page_id=2985"},"modified":"2021-09-15T16:40:36","modified_gmt":"2021-09-15T16:40:36","slug":"sala-enfermagem","status":"publish","type":"page","link":"https:\/\/congressohvm.com\/2021\/sala-enfermagem\/","title":{"rendered":"Sala Enfermagem"},"content":{"rendered":"\t\t<div data-elementor-type=\"wp-page\" data-elementor-id=\"2985\" class=\"elementor elementor-2985\" data-elementor-settings=\"[]\">\n\t\t\t\t\t\t<div class=\"elementor-inner\">\n\t\t\t\t\t\t\t<div class=\"elementor-section-wrap\">\n\t\t\t\t\t\t\t<section class=\"elementor-section elementor-top-section elementor-element elementor-element-35495c9 elementor-section-boxed elementor-section-height-default elementor-section-height-default\" data-id=\"35495c9\" data-element_type=\"section\">\n\t\t\t\t\t\t<div class=\"elementor-container elementor-column-gap-default\">\n\t\t\t\t\t\t\t<div class=\"elementor-row\">\n\t\t\t\t\t<div class=\"elementor-column elementor-col-100 elementor-top-column elementor-element elementor-element-0d47ab9\" data-id=\"0d47ab9\" data-element_type=\"column\">\n\t\t\t<div class=\"elementor-column-wrap elementor-element-populated\">\n\t\t\t\t\t\t\t<div class=\"elementor-widget-wrap\">\n\t\t\t\t\t\t<div class=\"elementor-element elementor-element-968c395 elementor-widget elementor-widget-exhibz-schedule\" data-id=\"968c395\" data-element_type=\"widget\" data-settings=\"{&quot;ekit_we_effect_on&quot;:&quot;none&quot;}\" data-widget_type=\"exhibz-schedule.default\">\n\t\t\t\t<div class=\"elementor-widget-container\">\n\t\t\t   <section class=\"ts-schedule\">\n      <div class=\"container\">\n         <div class=\"row\">\n            <div class=\"col-lg-12\" style=\"display:none\">\n               <h2 class=\"section-title\">\n                  Sala Enfermagem               <\/h2>\n            <\/div>\n            <!-- col end-->\n         <\/div>\n         <!-- row end-->\n         <div class=\"row\">\n            <div class=\"col-lg-12\">\n               <div class=\"tab-content schedule-tabs\">\n                  <div role=\"tabpanel\" class=\"tab-pane active\" id=\"date3\">\n                                             <div class=\"schedule-listing\">\n                           <div class=\"schedule-slot-time\">\n                              <span> 22 Out.  09:30 - 10:30 <\/span>\n                           <\/div>\n                           <div class=\"schedule-slot-info\">\n                                                               <a target=\"_blank\" href=\"https:\/\/congressohvm.com\/2021\/speaker\/rodolfo-leal\/\">\n                                    <img class=\"schedule-slot-speakers\" src=\"https:\/\/congressohvm.com\/2021\/wp-content\/uploads\/2021\/07\/Rodolfo-Leal-Congresso-2021-e1626815790688.jpeg\" alt=\"O Papel do Enfermeiro na Crise Addisoniana\">\n                                 <\/a>\n                                                            <div class=\"schedule-slot-info-content\">\n                                 <p class=\"schedule-speaker speaker-1\">\n                                                                           Rodolfo Leal                                                                     <\/p>\n                                 <h3 class=\"schedule-slot-title\">\n                                    O Papel do Enfermeiro na Crise Addisoniana                                 <\/h3>\n                                 <p>\n                                                                     <\/p>\n                              <\/div>\n                              <!--Info content end -->\n                           <\/div>\n                           <!-- Slot info end -->\n                        <\/div>\n                        <!--schedule-listing end -->\n                                             <div class=\"schedule-listing\">\n                           <div class=\"schedule-slot-time\">\n                              <span> 22 Out. 10:30-11:30 <\/span>\n                           <\/div>\n                           <div class=\"schedule-slot-info\">\n                                                               <a target=\"_blank\" href=\"https:\/\/congressohvm.com\/2021\/speaker\/maruska-suarez-rey\/\">\n                                    <img class=\"schedule-slot-speakers\" src=\"https:\/\/congressohvm.com\/2021\/wp-content\/uploads\/2021\/08\/Maruska-Saurez-e1632848590870.jpg\" alt=\"Interpreta\u00e7\u00e3o do hemograma em c\u00e3es e gatos\">\n                                 <\/a>\n                                                            <div class=\"schedule-slot-info-content\">\n                                 <p class=\"schedule-speaker speaker-1\">\n                                                                           Maruska  Su\u00e1rez Rey                                                                     <\/p>\n                                 <h3 class=\"schedule-slot-title\">\n                                    Interpreta\u00e7\u00e3o do hemograma em c\u00e3es e gatos                                 <\/h3>\n                                 <p>\n                                                                     <\/p>\n                              <\/div>\n                              <!--Info content end -->\n                           <\/div>\n                           <!-- Slot info end -->\n                        <\/div>\n                        <!--schedule-listing end -->\n                                             <div class=\"schedule-listing\">\n                           <div class=\"schedule-slot-time\">\n                              <span> 22 Out. 11:30 - 12:30 <\/span>\n                           <\/div>\n                           <div class=\"schedule-slot-info\">\n                                                               <a target=\"_blank\" href=\"https:\/\/congressohvm.com\/2021\/speaker\/fausto-brandrao\/\">\n                                    <img class=\"schedule-slot-speakers\" src=\"https:\/\/congressohvm.com\/2021\/wp-content\/uploads\/2021\/08\/Fausto-Branda\u0303o-e1630516307403.png\" alt=\"O papel fundamental do enfermeiro veterinario na laparoscopia e outras t\u00e9cnicas de m\u00ednima invas\u00e3o\">\n                                 <\/a>\n                                                            <div class=\"schedule-slot-info-content\">\n                                 <p class=\"schedule-speaker speaker-1\">\n                                                                           Fausto Brandr\u00e3o                                                                     <\/p>\n                                 <h3 class=\"schedule-slot-title\">\n                                    O papel fundamental do enfermeiro veterinario na laparoscopia e outras t\u00e9cnicas de m\u00ednima invas\u00e3o                                 <\/h3>\n                                 <p>\n                                                                     <\/p>\n                              <\/div>\n                              <!--Info content end -->\n                           <\/div>\n                           <!-- Slot info end -->\n                        <\/div>\n                        <!--schedule-listing end -->\n                                             <div class=\"schedule-listing\">\n                           <div class=\"schedule-slot-time\">\n                              <span> 22 Out. 12:00 - 13:00 <\/span>\n                           <\/div>\n                           <div class=\"schedule-slot-info\">\n                                                               <a target=\"_blank\" href=\"https:\/\/congressohvm.com\/2021\/speaker\/helio-morais-autran\/\">\n                                    <img class=\"schedule-slot-speakers\" src=\"https:\/\/congressohvm.com\/2021\/wp-content\/uploads\/2021\/08\/HELIO-MORAIS-AUTRAN1-e1630516592897.jpeg\" alt=\"De onde vem essa tosse?\">\n                                 <\/a>\n                                                            <div class=\"schedule-slot-info-content\">\n                                 <p class=\"schedule-speaker speaker-1\">\n                                                                           H\u00e9lio Autran de Morais                                                                     <\/p>\n                                 <h3 class=\"schedule-slot-title\">\n                                    De onde vem essa tosse?                                 <\/h3>\n                                 <p>\n                                                                     <\/p>\n                              <\/div>\n                              <!--Info content end -->\n                           <\/div>\n                           <!-- Slot info end -->\n                        <\/div>\n                        <!--schedule-listing end -->\n                                             <div class=\"schedule-listing\">\n                           <div class=\"schedule-slot-time\">\n                              <span> 22 Out. 13:30 - 14:30 <\/span>\n                           <\/div>\n                           <div class=\"schedule-slot-info\">\n                                                               <a target=\"_blank\" href=\"https:\/\/congressohvm.com\/2021\/speaker\/joao-abel-buck\/\">\n                                    <img class=\"schedule-slot-speakers\" src=\"https:\/\/congressohvm.com\/2021\/wp-content\/uploads\/2021\/09\/Joa\u0303o-Abel-Buck.png\" alt=\"A nova jornada do Paciente na Medicina Veterin\u00e1ria \">\n                                 <\/a>\n                                                            <div class=\"schedule-slot-info-content\">\n                                 <p class=\"schedule-speaker speaker-1\">\n                                                                           Jo\u00e3o Abel Buck                                                                     <\/p>\n                                 <h3 class=\"schedule-slot-title\">\n                                    A nova jornada do Paciente na Medicina Veterin\u00e1ria                                  <\/h3>\n                                 <p>\n                                                                     <\/p>\n                              <\/div>\n                              <!--Info content end -->\n                           <\/div>\n                           <!-- Slot info end -->\n                        <\/div>\n                        <!--schedule-listing end -->\n                                             <div class=\"schedule-listing\">\n                           <div class=\"schedule-slot-time\">\n                              <span> 22 Out. 14:30 - 15:30 <\/span>\n                           <\/div>\n                           <div class=\"schedule-slot-info\">\n                                                               <a target=\"_blank\" href=\"https:\/\/congressohvm.com\/2021\/speaker\/gustavo-vicente\/\">\n                                    <img class=\"schedule-slot-speakers\" src=\"https:\/\/congressohvm.com\/2021\/wp-content\/uploads\/2021\/09\/Gustavo-Vicente-e1632240629717.jpg\" alt=\"A import\u00e2ncia dos processos de reabilita\u00e7\u00e3o e fisioterapia de pacientes na rotina cl\u00ednica.\">\n                                 <\/a>\n                                                            <div class=\"schedule-slot-info-content\">\n                                 <p class=\"schedule-speaker speaker-1\">\n                                                                           Gustavo Vicente                                                                     <\/p>\n                                 <h3 class=\"schedule-slot-title\">\n                                    A import\u00e2ncia dos processos de reabilita\u00e7\u00e3o e fisioterapia de pacientes na rotina cl\u00ednica.                                 <\/h3>\n                                 <p>\n                                                                     <\/p>\n                              <\/div>\n                              <!--Info content end -->\n                           <\/div>\n                           <!-- Slot info end -->\n                        <\/div>\n                        <!--schedule-listing end -->\n                                             <div class=\"schedule-listing\">\n                           <div class=\"schedule-slot-time\">\n                              <span> 22 Out. 15:30 - 16:30 <\/span>\n                           <\/div>\n                           <div class=\"schedule-slot-info\">\n                                                               <a target=\"_blank\" href=\"https:\/\/congressohvm.com\/2021\/speaker\/joao-requicha\/\">\n                                    <img class=\"schedule-slot-speakers\" src=\"https:\/\/congressohvm.com\/2021\/wp-content\/uploads\/2021\/08\/Joa\u0303o-Requicha.jpg\" alt=\"Papel do enfermeiro na identifica\u00e7\u00e3o e maneio de doen\u00e7as estomatol\u00f3gico-dent\u00e1rias\">\n                                 <\/a>\n                                                            <div class=\"schedule-slot-info-content\">\n                                 <p class=\"schedule-speaker speaker-1\">\n                                                                           Jo\u00e3o Requicha                                                                     <\/p>\n                                 <h3 class=\"schedule-slot-title\">\n                                    Papel do enfermeiro na identifica\u00e7\u00e3o e maneio de doen\u00e7as estomatol\u00f3gico-dent\u00e1rias                                 <\/h3>\n                                 <p>\n                                                                     <\/p>\n                              <\/div>\n                              <!--Info content end -->\n                           <\/div>\n                           <!-- Slot info end -->\n                        <\/div>\n                        <!--schedule-listing end -->\n                                             <div class=\"schedule-listing\">\n                           <div class=\"schedule-slot-time\">\n                              <span> 22 Out. 16:30 - 17:30 <\/span>\n                           <\/div>\n                           <div class=\"schedule-slot-info\">\n                                                               <a target=\"_blank\" href=\"https:\/\/congressohvm.com\/2021\/speaker\/yordan-fernandez\/\">\n                                    <img class=\"schedule-slot-speakers\" src=\"https:\/\/congressohvm.com\/2021\/wp-content\/uploads\/2021\/07\/Yordan-Fernandez-Congresso-2021-e1626815850988.jpg\" alt=\"Transfusion medicine: when, what and how  ( Transfus\u00f5es Sanguineas: O qu\u00ea, quando e como)\">\n                                 <\/a>\n                                                            <div class=\"schedule-slot-info-content\">\n                                 <p class=\"schedule-speaker speaker-1\">\n                                                                           Yordan Fernandez                                                                     <\/p>\n                                 <h3 class=\"schedule-slot-title\">\n                                    Transfusion medicine: when, what and how  ( Transfus\u00f5es Sanguineas: O qu\u00ea, quando e como)                                 <\/h3>\n                                 <p>\n                                                                     <\/p>\n                              <\/div>\n                              <!--Info content end -->\n                           <\/div>\n                           <!-- Slot info end -->\n                        <\/div>\n                        <!--schedule-listing end -->\n                                             <div class=\"schedule-listing\">\n                           <div class=\"schedule-slot-time\">\n                              <span> 23 Out. 09:00 - 10:00 <\/span>\n                           <\/div>\n                           <div class=\"schedule-slot-info\">\n                                                               <a target=\"_blank\" href=\"https:\/\/congressohvm.com\/2021\/speaker\/xavier-roura\/\">\n                                    <img class=\"schedule-slot-speakers\" src=\"https:\/\/congressohvm.com\/2021\/wp-content\/uploads\/2021\/08\/Xavier-Roura-e1630516783350.jpg\" alt=\"Hipertensi\u00f3n arterial sist\u00e9mica en perros y gatos\">\n                                 <\/a>\n                                                            <div class=\"schedule-slot-info-content\">\n                                 <p class=\"schedule-speaker speaker-1\">\n                                                                           Xavier Roura                                                                     <\/p>\n                                 <h3 class=\"schedule-slot-title\">\n                                    Hipertensi\u00f3n arterial sist\u00e9mica en perros y gatos                                 <\/h3>\n                                 <p>\n                                                                     <\/p>\n                              <\/div>\n                              <!--Info content end -->\n                           <\/div>\n                           <!-- Slot info end -->\n                        <\/div>\n                        <!--schedule-listing end -->\n                                             <div class=\"schedule-listing\">\n                           <div class=\"schedule-slot-time\">\n                              <span> 23 Out. 10:00 - 11:00 <\/span>\n                           <\/div>\n                           <div class=\"schedule-slot-info\">\n                                                               <a target=\"_blank\" href=\"https:\/\/congressohvm.com\/2021\/speaker\/paulo-borges\/\">\n                                    <img class=\"schedule-slot-speakers\" src=\"https:\/\/congressohvm.com\/2021\/wp-content\/uploads\/2021\/09\/20210913_094445.jpg\" alt=\"Maneio m\u00e9dico-profil\u00e1tico da cadela gestante\">\n                                 <\/a>\n                                                            <div class=\"schedule-slot-info-content\">\n                                 <p class=\"schedule-speaker speaker-1\">\n                                                                           Paulo Borges                                                                     <\/p>\n                                 <h3 class=\"schedule-slot-title\">\n                                    Maneio m\u00e9dico-profil\u00e1tico da cadela gestante                                 <\/h3>\n                                 <p>\n                                                                     <\/p>\n                              <\/div>\n                              <!--Info content end -->\n                           <\/div>\n                           <!-- Slot info end -->\n                        <\/div>\n                        <!--schedule-listing end -->\n                                             <div class=\"schedule-listing\">\n                           <div class=\"schedule-slot-time\">\n                              <span> 23 Out. 11:00 - 12:00 <\/span>\n                           <\/div>\n                           <div class=\"schedule-slot-info\">\n                                                               <a target=\"_blank\" href=\"https:\/\/congressohvm.com\/2021\/speaker\/yordan-fernandez\/\">\n                                    <img class=\"schedule-slot-speakers\" src=\"https:\/\/congressohvm.com\/2021\/wp-content\/uploads\/2021\/07\/Yordan-Fernandez-Congresso-2021-e1626815850988.jpg\" alt=\"Coagulation tests in the bleeding patient: what does this all mean? ( Testes de Coagula\u00e7\u00e3o num paciente com Hemorragia: O que significa?)\">\n                                 <\/a>\n                                                            <div class=\"schedule-slot-info-content\">\n                                 <p class=\"schedule-speaker speaker-1\">\n                                                                           Yordan Fernandez                                                                     <\/p>\n                                 <h3 class=\"schedule-slot-title\">\n                                    Coagulation tests in the bleeding patient: what does this all mean? ( Testes de Coagula\u00e7\u00e3o num paciente com Hemorragia: O que significa?)                                 <\/h3>\n                                 <p>\n                                                                     <\/p>\n                              <\/div>\n                              <!--Info content end -->\n                           <\/div>\n                           <!-- Slot info end -->\n                        <\/div>\n                        <!--schedule-listing end -->\n                                             <div class=\"schedule-listing\">\n                           <div class=\"schedule-slot-time\">\n                              <span> 23 Out. 12:00 - 13:00 <\/span>\n                           <\/div>\n                           <div class=\"schedule-slot-info\">\n                                                               <a target=\"_blank\" href=\"https:\/\/congressohvm.com\/2021\/speaker\/helio-morais-autran\/\">\n                                    <img class=\"schedule-slot-speakers\" src=\"https:\/\/congressohvm.com\/2021\/wp-content\/uploads\/2021\/08\/HELIO-MORAIS-AUTRAN1-e1630516592897.jpeg\" alt=\"Abordagem do paciente com dispneia\">\n                                 <\/a>\n                                                            <div class=\"schedule-slot-info-content\">\n                                 <p class=\"schedule-speaker speaker-1\">\n                                                                           H\u00e9lio Autran de Morais                                                                     <\/p>\n                                 <h3 class=\"schedule-slot-title\">\n                                    Abordagem do paciente com dispneia                                 <\/h3>\n                                 <p>\n                                                                     <\/p>\n                              <\/div>\n                              <!--Info content end -->\n                           <\/div>\n                           <!-- Slot info end -->\n                        <\/div>\n                        <!--schedule-listing end -->\n                                             <div class=\"schedule-listing\">\n                           <div class=\"schedule-slot-time\">\n                              <span> 23 Out. 13:00 - 14:00 <\/span>\n                           <\/div>\n                           <div class=\"schedule-slot-info\">\n                                                               <a target=\"_blank\" href=\"https:\/\/congressohvm.com\/2021\/speaker\/maruska-suarez-rey\/\">\n                                    <img class=\"schedule-slot-speakers\" src=\"https:\/\/congressohvm.com\/2021\/wp-content\/uploads\/2021\/08\/Maruska-Saurez-e1632848590870.jpg\" alt=\"O papel do enfemeiro en pacientes con doen\u00e7a renal\">\n                                 <\/a>\n                                                            <div class=\"schedule-slot-info-content\">\n                                 <p class=\"schedule-speaker speaker-1\">\n                                                                           Maruska  Su\u00e1rez Rey                                                                     <\/p>\n                                 <h3 class=\"schedule-slot-title\">\n                                    O papel do enfemeiro en pacientes con doen\u00e7a renal                                 <\/h3>\n                                 <p>\n                                                                     <\/p>\n                              <\/div>\n                              <!--Info content end -->\n                           <\/div>\n                           <!-- Slot info end -->\n                        <\/div>\n                        <!--schedule-listing end -->\n                                             <div class=\"schedule-listing\">\n                           <div class=\"schedule-slot-time\">\n                              <span> 23 Out. 14:00 - 15:00 <\/span>\n                           <\/div>\n                           <div class=\"schedule-slot-info\">\n                                                               <a target=\"_blank\" href=\"https:\/\/congressohvm.com\/2021\/speaker\/xavier-roura\/\">\n                                    <img class=\"schedule-slot-speakers\" src=\"https:\/\/congressohvm.com\/2021\/wp-content\/uploads\/2021\/08\/Xavier-Roura-e1630516783350.jpg\" alt=\"Interpretaci\u00f3n del urian\u00e1lisis en perros y gato\">\n                                 <\/a>\n                                                            <div class=\"schedule-slot-info-content\">\n                                 <p class=\"schedule-speaker speaker-1\">\n                                                                           Xavier Roura                                                                     <\/p>\n                                 <h3 class=\"schedule-slot-title\">\n                                    Interpretaci\u00f3n del urian\u00e1lisis en perros y gato                                 <\/h3>\n                                 <p>\n                                                                     <\/p>\n                              <\/div>\n                              <!--Info content end -->\n                           <\/div>\n                           <!-- Slot info end -->\n                        <\/div>\n                        <!--schedule-listing end -->\n                                             <div class=\"schedule-listing\">\n                           <div class=\"schedule-slot-time\">\n                              <span> 23 Out. 15:00 - 16:00 <\/span>\n                           <\/div>\n                           <div class=\"schedule-slot-info\">\n                                                               <a target=\"_blank\" href=\"https:\/\/congressohvm.com\/2021\/speaker\/filipe-valente\/\">\n                                    <img class=\"schedule-slot-speakers\" src=\"https:\/\/congressohvm.com\/2021\/wp-content\/uploads\/2021\/08\/Filipe-Valente-e1630516436424.jpeg\" alt=\"Medicina Interna Integrada no Peri Operat\u00f3rio\">\n                                 <\/a>\n                                                            <div class=\"schedule-slot-info-content\">\n                                 <p class=\"schedule-speaker speaker-1\">\n                                                                           Filipe Valente                                                                     <\/p>\n                                 <h3 class=\"schedule-slot-title\">\n                                    Medicina Interna Integrada no Peri Operat\u00f3rio                                 <\/h3>\n                                 <p>\n                                                                     <\/p>\n                              <\/div>\n                              <!--Info content end -->\n                           <\/div>\n                           <!-- Slot info end -->\n                        <\/div>\n                        <!--schedule-listing end -->\n                                             <div class=\"schedule-listing\">\n                           <div class=\"schedule-slot-time\">\n                              <span> 23 Out. 16:00 - 17:00 <\/span>\n                           <\/div>\n                           <div class=\"schedule-slot-info\">\n                                                               <a target=\"_blank\" href=\"https:\/\/congressohvm.com\/2021\/speaker\/rodolfo-leal\/\">\n                                    <img class=\"schedule-slot-speakers\" src=\"https:\/\/congressohvm.com\/2021\/wp-content\/uploads\/2021\/07\/Rodolfo-Leal-Congresso-2021-e1626815790688.jpeg\" alt=\"Hipercortisolismo: o que o enfermeiro precisa de saber?\">\n                                 <\/a>\n                                                            <div class=\"schedule-slot-info-content\">\n                                 <p class=\"schedule-speaker speaker-1\">\n                                                                           Rodolfo Leal                                                                     <\/p>\n                                 <h3 class=\"schedule-slot-title\">\n                                    Hipercortisolismo: o que o enfermeiro precisa de saber?                                 <\/h3>\n                                 <p>\n                                                                     <\/p>\n                              <\/div>\n                              <!--Info content end -->\n                           <\/div>\n                           <!-- Slot info end -->\n                        <\/div>\n                        <!--schedule-listing end -->\n                                          <!--schedule-listing end -->\n                     <div class=\"schedule-listing-btn\">\n                     <\/div>\n                  <\/div>\n               <\/div>\n            <\/div>\n         <\/div>\n      <\/div>\n      <!-- container end-->\n   <\/section>\n\t\t<\/div>\n\t\t\t\t<\/div>\n\t\t\t\t\t\t<\/div>\n\t\t\t\t\t<\/div>\n\t\t<\/div>\n\t\t\t\t\t\t\t\t<\/div>\n\t\t\t\t\t<\/div>\n\t\t<\/section>\n\t\t\t\t<section class=\"elementor-section elementor-top-section elementor-element elementor-element-7cdd357f elementor-section-boxed elementor-section-height-default elementor-section-height-default\" data-id=\"7cdd357f\" data-element_type=\"section\" data-settings=\"{&quot;background_background&quot;:&quot;classic&quot;}\">\n\t\t\t\t\t\t\t<div class=\"elementor-background-overlay\"><\/div>\n\t\t\t\t\t\t\t<div class=\"elementor-container elementor-column-gap-default\">\n\t\t\t\t\t\t\t<div class=\"elementor-row\">\n\t\t\t\t\t<div class=\"elementor-column elementor-col-100 elementor-top-column elementor-element elementor-element-46438a3b\" data-id=\"46438a3b\" data-element_type=\"column\">\n\t\t\t<div class=\"elementor-column-wrap elementor-element-populated\">\n\t\t\t\t\t\t\t<div class=\"elementor-widget-wrap\">\n\t\t\t\t\t\t<div class=\"elementor-element elementor-element-122265c1 elementor-invisible elementor-widget elementor-widget-exhibz-title\" data-id=\"122265c1\" data-element_type=\"widget\" data-settings=\"{&quot;_animation&quot;:&quot;fadeInDown&quot;,&quot;_animation_delay&quot;:300,&quot;ekit_we_effect_on&quot;:&quot;none&quot;}\" data-widget_type=\"exhibz-title.default\">\n\t\t\t\t<div class=\"elementor-widget-container\">\n\t\t\t\n    <div class=\"title-section-area\">\n        <h2 class=\"section-title\">\n            <span class=\"sub-title\"><\/span>\n\t\t\tReserve o seu lugar        <\/h2>\n\t\t                    <span class=\"title-shape\">\n                  <svg xmlns='http:\/\/www.w3.org\/2000\/svg' xmlns:xlink='http:\/\/www.w3.org\/1999\/xlink' width='71px' height='11px'> <path fill-rule='evenodd' d='M59.669,10.710 L49.164,3.306 L39.428,10.681 L29.714,3.322 L20.006,10.682 L10.295,3.322 L1.185,10.228 L-0.010,8.578 L10.295,0.765 L20.006,8.125 L29.714,0.765 L39.428,8.125 L49.122,0.781 L59.680,8.223 L69.858,1.192 L70.982,2.895 L59.669,10.710 Z'\/><\/svg>\n            <\/span>\n                    <\/div><!-- Section title -->\n    \n    \n\n    \t\t<\/div>\n\t\t\t\t<\/div>\n\t\t\t\t<div class=\"elementor-element elementor-element-4a5d0d81 elementor-align-center elementor-invisible elementor-widget elementor-widget-button\" data-id=\"4a5d0d81\" data-element_type=\"widget\" data-settings=\"{&quot;_animation&quot;:&quot;fadeInUp&quot;,&quot;_animation_delay&quot;:400,&quot;ekit_we_effect_on&quot;:&quot;none&quot;}\" data-widget_type=\"button.default\">\n\t\t\t\t<div class=\"elementor-widget-container\">\n\t\t\t\t\t<div class=\"elementor-button-wrapper\">\n\t\t\t<a href=\"https:\/\/xviicongressohospitalveterinariomontenegro.admeus.pt\" class=\"elementor-button-link elementor-button elementor-size-md\" role=\"button\">\n\t\t\t\t\t\t<span class=\"elementor-button-content-wrapper\">\n\t\t\t\t\t\t<span class=\"elementor-button-text\">Comprar Bilhete<\/span>\n\t\t<\/span>\n\t\t\t\t\t<\/a>\n\t\t<\/div>\n\t\t\t\t<\/div>\n\t\t\t\t<\/div>\n\t\t\t\t\t\t<\/div>\n\t\t\t\t\t<\/div>\n\t\t<\/div>\n\t\t\t\t\t\t\t\t<\/div>\n\t\t\t\t\t<\/div>\n\t\t<\/section>\n\t\t\t\t\t\t<\/div>\n\t\t\t\t\t\t<\/div>\n\t\t\t\t\t<\/div>\n\t\t","protected":false},"excerpt":{"rendered":"<p>Sala Enfermagem 22 Out. 09:00 &#8211; 10:00 Rodolfo Leal O Papel do Enfermeiro na Crise Addisoniana 22 Out. 10:00-11:00 Maruska Su\u00e1rez Rey a anunciar&#8230; 22 Out. 11:00 &#8211; 12:00 Fausto Brandr\u00e3o O papel fundamental do enfermeiro veterinario na laparoscopia e outras t\u00e9cnicas de m\u00ednima invas\u00e3o 22 Out. 12:00 &#8211; 13:00 H\u00e9lio Morais Autran De onde [&hellip;]<\/p>\n","protected":false},"author":1,"featured_media":0,"parent":0,"menu_order":0,"comment_status":"closed","ping_status":"closed","template":"template\/full-width-template.php","meta":[],"yoast_head":"<!-- This site is optimized with the Yoast SEO plugin v17.0 - https:\/\/yoast.com\/wordpress\/plugins\/seo\/ -->\n<title>Sala Enfermagem - XVII CONGRESSO INTERNACIONAL VETERIN\u00c1RIO MONTENEGRO<\/title>\n<meta name=\"robots\" content=\"index, follow, max-snippet:-1, max-image-preview:large, max-video-preview:-1\" \/>\n<link rel=\"canonical\" href=\"https:\/\/congressohvm.com\/2021\/sala-enfermagem\/\" \/>\n<meta property=\"og:locale\" content=\"pt_PT\" \/>\n<meta property=\"og:type\" content=\"article\" \/>\n<meta property=\"og:title\" content=\"Sala Enfermagem - XVII CONGRESSO INTERNACIONAL VETERIN\u00c1RIO MONTENEGRO\" \/>\n<meta property=\"og:description\" content=\"Sala Enfermagem 22 Out. 09:00 &#8211; 10:00 Rodolfo Leal O Papel do Enfermeiro na Crise Addisoniana 22 Out. 10:00-11:00 Maruska Su\u00e1rez Rey a anunciar&#8230; 22 Out. 11:00 &#8211; 12:00 Fausto Brandr\u00e3o O papel fundamental do enfermeiro veterinario na laparoscopia e outras t\u00e9cnicas de m\u00ednima invas\u00e3o 22 Out. 12:00 &#8211; 13:00 H\u00e9lio Morais Autran De onde [&hellip;]\" \/>\n<meta property=\"og:url\" content=\"https:\/\/congressohvm.com\/2021\/sala-enfermagem\/\" \/>\n<meta property=\"og:site_name\" content=\"XVII CONGRESSO INTERNACIONAL VETERIN\u00c1RIO MONTENEGRO\" \/>\n<meta property=\"article:modified_time\" content=\"2021-09-15T16:40:36+00:00\" \/>\n<meta property=\"og:image\" content=\"https:\/\/congressohvm.com\/2021\/wp-content\/uploads\/2021\/07\/Rodolfo-Leal-Congresso-2021-e1626815790688.jpeg\" \/>\n<meta name=\"twitter:card\" content=\"summary_large_image\" \/>\n<meta name=\"twitter:label1\" content=\"Tempo estimado de leitura\" \/>\n\t<meta name=\"twitter:data1\" content=\"4 minutos\" \/>\n<script type=\"application\/ld+json\" class=\"yoast-schema-graph\">{\"@context\":\"https:\/\/schema.org\",\"@graph\":[{\"@type\":\"WebSite\",\"@id\":\"https:\/\/congressohvm.com\/2021\/#website\",\"url\":\"https:\/\/congressohvm.com\/2021\/\",\"name\":\"XVII CONGRESSO INTERNACIONAL VETERIN\\u00c1RIO MONTENEGRO\",\"description\":\"XVII CONGRESSO INTERNACIONAL VETERIN\\u00c1RIO MONTENEGRO\",\"potentialAction\":[{\"@type\":\"SearchAction\",\"target\":{\"@type\":\"EntryPoint\",\"urlTemplate\":\"https:\/\/congressohvm.com\/2021\/?s={search_term_string}\"},\"query-input\":\"required name=search_term_string\"}],\"inLanguage\":\"pt-PT\"},{\"@type\":\"ImageObject\",\"@id\":\"https:\/\/congressohvm.com\/2021\/sala-enfermagem\/#primaryimage\",\"inLanguage\":\"pt-PT\",\"url\":\"https:\/\/congressohvm.com\/2021\/wp-content\/uploads\/2021\/07\/Rodolfo-Leal-Congresso-2021-e1626815790688.jpeg\",\"contentUrl\":\"https:\/\/congressohvm.com\/2021\/wp-content\/uploads\/2021\/07\/Rodolfo-Leal-Congresso-2021-e1626815790688.jpeg\",\"width\":837,\"height\":837},{\"@type\":\"WebPage\",\"@id\":\"https:\/\/congressohvm.com\/2021\/sala-enfermagem\/#webpage\",\"url\":\"https:\/\/congressohvm.com\/2021\/sala-enfermagem\/\",\"name\":\"Sala Enfermagem - XVII CONGRESSO INTERNACIONAL VETERIN\\u00c1RIO MONTENEGRO\",\"isPartOf\":{\"@id\":\"https:\/\/congressohvm.com\/2021\/#website\"},\"primaryImageOfPage\":{\"@id\":\"https:\/\/congressohvm.com\/2021\/sala-enfermagem\/#primaryimage\"},\"datePublished\":\"2021-09-15T16:38:56+00:00\",\"dateModified\":\"2021-09-15T16:40:36+00:00\",\"breadcrumb\":{\"@id\":\"https:\/\/congressohvm.com\/2021\/sala-enfermagem\/#breadcrumb\"},\"inLanguage\":\"pt-PT\",\"potentialAction\":[{\"@type\":\"ReadAction\",\"target\":[\"https:\/\/congressohvm.com\/2021\/sala-enfermagem\/\"]}]},{\"@type\":\"BreadcrumbList\",\"@id\":\"https:\/\/congressohvm.com\/2021\/sala-enfermagem\/#breadcrumb\",\"itemListElement\":[{\"@type\":\"ListItem\",\"position\":1,\"name\":\"In\\u00edcio\",\"item\":\"https:\/\/congressohvm.com\/2021\/\"},{\"@type\":\"ListItem\",\"position\":2,\"name\":\"Sala Enfermagem\"}]}]}<\/script>\n<!-- \/ Yoast SEO plugin. -->","yoast_head_json":{"title":"Sala Enfermagem - XVII CONGRESSO INTERNACIONAL VETERIN\u00c1RIO MONTENEGRO","robots":{"index":"index","follow":"follow","max-snippet":"max-snippet:-1","max-image-preview":"max-image-preview:large","max-video-preview":"max-video-preview:-1"},"canonical":"https:\/\/congressohvm.com\/2021\/sala-enfermagem\/","og_locale":"pt_PT","og_type":"article","og_title":"Sala Enfermagem - XVII CONGRESSO INTERNACIONAL VETERIN\u00c1RIO MONTENEGRO","og_description":"Sala Enfermagem 22 Out. 09:00 &#8211; 10:00 Rodolfo Leal O Papel do Enfermeiro na Crise Addisoniana 22 Out. 10:00-11:00 Maruska Su\u00e1rez Rey a anunciar&#8230; 22 Out. 11:00 &#8211; 12:00 Fausto Brandr\u00e3o O papel fundamental do enfermeiro veterinario na laparoscopia e outras t\u00e9cnicas de m\u00ednima invas\u00e3o 22 Out. 12:00 &#8211; 13:00 H\u00e9lio Morais Autran De onde [&hellip;]","og_url":"https:\/\/congressohvm.com\/2021\/sala-enfermagem\/","og_site_name":"XVII CONGRESSO INTERNACIONAL VETERIN\u00c1RIO MONTENEGRO","article_modified_time":"2021-09-15T16:40:36+00:00","og_image":[{"url":"https:\/\/congressohvm.com\/2021\/wp-content\/uploads\/2021\/07\/Rodolfo-Leal-Congresso-2021-e1626815790688.jpeg"}],"twitter_card":"summary_large_image","twitter_misc":{"Tempo estimado de leitura":"4 minutos"},"schema":{"@context":"https:\/\/schema.org","@graph":[{"@type":"WebSite","@id":"https:\/\/congressohvm.com\/2021\/#website","url":"https:\/\/congressohvm.com\/2021\/","name":"XVII CONGRESSO INTERNACIONAL VETERIN\u00c1RIO MONTENEGRO","description":"XVII CONGRESSO INTERNACIONAL VETERIN\u00c1RIO MONTENEGRO","potentialAction":[{"@type":"SearchAction","target":{"@type":"EntryPoint","urlTemplate":"https:\/\/congressohvm.com\/2021\/?s={search_term_string}"},"query-input":"required name=search_term_string"}],"inLanguage":"pt-PT"},{"@type":"ImageObject","@id":"https:\/\/congressohvm.com\/2021\/sala-enfermagem\/#primaryimage","inLanguage":"pt-PT","url":"https:\/\/congressohvm.com\/2021\/wp-content\/uploads\/2021\/07\/Rodolfo-Leal-Congresso-2021-e1626815790688.jpeg","contentUrl":"https:\/\/congressohvm.com\/2021\/wp-content\/uploads\/2021\/07\/Rodolfo-Leal-Congresso-2021-e1626815790688.jpeg","width":837,"height":837},{"@type":"WebPage","@id":"https:\/\/congressohvm.com\/2021\/sala-enfermagem\/#webpage","url":"https:\/\/congressohvm.com\/2021\/sala-enfermagem\/","name":"Sala Enfermagem - XVII CONGRESSO INTERNACIONAL VETERIN\u00c1RIO MONTENEGRO","isPartOf":{"@id":"https:\/\/congressohvm.com\/2021\/#website"},"primaryImageOfPage":{"@id":"https:\/\/congressohvm.com\/2021\/sala-enfermagem\/#primaryimage"},"datePublished":"2021-09-15T16:38:56+00:00","dateModified":"2021-09-15T16:40:36+00:00","breadcrumb":{"@id":"https:\/\/congressohvm.com\/2021\/sala-enfermagem\/#breadcrumb"},"inLanguage":"pt-PT","potentialAction":[{"@type":"ReadAction","target":["https:\/\/congressohvm.com\/2021\/sala-enfermagem\/"]}]},{"@type":"BreadcrumbList","@id":"https:\/\/congressohvm.com\/2021\/sala-enfermagem\/#breadcrumb","itemListElement":[{"@type":"ListItem","position":1,"name":"In\u00edcio","item":"https:\/\/congressohvm.com\/2021\/"},{"@type":"ListItem","position":2,"name":"Sala Enfermagem"}]}]}},"_links":{"self":[{"href":"https:\/\/congressohvm.com\/2021\/wp-json\/wp\/v2\/pages\/2985"}],"collection":[{"href":"https:\/\/congressohvm.com\/2021\/wp-json\/wp\/v2\/pages"}],"about":[{"href":"https:\/\/congressohvm.com\/2021\/wp-json\/wp\/v2\/types\/page"}],"author":[{"embeddable":true,"href":"https:\/\/congressohvm.com\/2021\/wp-json\/wp\/v2\/users\/1"}],"replies":[{"embeddable":true,"href":"https:\/\/congressohvm.com\/2021\/wp-json\/wp\/v2\/comments?post=2985"}],"version-history":[{"count":8,"href":"https:\/\/congressohvm.com\/2021\/wp-json\/wp\/v2\/pages\/2985\/revisions"}],"predecessor-version":[{"id":2994,"href":"https:\/\/congressohvm.com\/2021\/wp-json\/wp\/v2\/pages\/2985\/revisions\/2994"}],"wp:attachment":[{"href":"https:\/\/congressohvm.com\/2021\/wp-json\/wp\/v2\/media?parent=2985"}],"curies":[{"name":"wp","href":"https:\/\/api.w.org\/{rel}","templated":true}]}}