{"id":2892,"date":"2021-09-07T17:09:14","date_gmt":"2021-09-07T17:09:14","guid":{"rendered":"https:\/\/congressohvm.com\/2021\/?page_id=2892"},"modified":"2021-09-15T16:50:41","modified_gmt":"2021-09-15T16:50:41","slug":"sala-one-health","status":"publish","type":"page","link":"https:\/\/congressohvm.com\/2021\/sala-one-health\/","title":{"rendered":"Sala One Health"},"content":{"rendered":"\t\t<div data-elementor-type=\"wp-page\" data-elementor-id=\"2892\" class=\"elementor elementor-2892\" data-elementor-settings=\"[]\">\n\t\t\t\t\t\t<div class=\"elementor-inner\">\n\t\t\t\t\t\t\t<div class=\"elementor-section-wrap\">\n\t\t\t\t\t\t\t<section class=\"elementor-section elementor-top-section elementor-element elementor-element-9bdea0c elementor-section-boxed elementor-section-height-default elementor-section-height-default\" data-id=\"9bdea0c\" data-element_type=\"section\">\n\t\t\t\t\t\t<div class=\"elementor-container elementor-column-gap-default\">\n\t\t\t\t\t\t\t<div class=\"elementor-row\">\n\t\t\t\t\t<div class=\"elementor-column elementor-col-100 elementor-top-column elementor-element elementor-element-141765e\" data-id=\"141765e\" data-element_type=\"column\">\n\t\t\t<div class=\"elementor-column-wrap elementor-element-populated\">\n\t\t\t\t\t\t\t<div class=\"elementor-widget-wrap\">\n\t\t\t\t\t\t<div class=\"elementor-element elementor-element-b54a527 elementor-widget elementor-widget-exhibz-schedule\" data-id=\"b54a527\" data-element_type=\"widget\" data-settings=\"{&quot;ekit_we_effect_on&quot;:&quot;none&quot;}\" data-widget_type=\"exhibz-schedule.default\">\n\t\t\t\t<div class=\"elementor-widget-container\">\n\t\t\t   <section class=\"ts-schedule\">\n      <div class=\"container\">\n         <div class=\"row\">\n            <div class=\"col-lg-12\" style=\"display:none\">\n               <h2 class=\"section-title\">\n                  Sala One Health               <\/h2>\n            <\/div>\n            <!-- col end-->\n         <\/div>\n         <!-- row end-->\n         <div class=\"row\">\n            <div class=\"col-lg-12\">\n               <div class=\"tab-content schedule-tabs\">\n                  <div role=\"tabpanel\" class=\"tab-pane active\" id=\"date3\">\n                                             <div class=\"schedule-listing\">\n                           <div class=\"schedule-slot-time\">\n                              <span> 22 Out. 9:00 - 10:00 <\/span>\n                           <\/div>\n                           <div class=\"schedule-slot-info\">\n                                                               <a target=\"_blank\" href=\"https:\/\/congressohvm.com\/2021\/speaker\/patricia-poeta\/\">\n                                    <img class=\"schedule-slot-speakers\" src=\"https:\/\/congressohvm.com\/2021\/wp-content\/uploads\/2021\/08\/Patricia-Poeta-scaled-e1630516708609.jpg\" alt=\"Conceito One Health Sem segredos\">\n                                 <\/a>\n                                                            <div class=\"schedule-slot-info-content\">\n                                 <p class=\"schedule-speaker speaker-1\">\n                                                                           Patr\u00edcia Poeta                                                                     <\/p>\n                                 <h3 class=\"schedule-slot-title\">\n                                    Conceito One Health Sem segredos                                 <\/h3>\n                                 <p>\n                                                                     <\/p>\n                              <\/div>\n                              <!--Info content end -->\n                           <\/div>\n                           <!-- Slot info end -->\n                        <\/div>\n                        <!--schedule-listing end -->\n                                             <div class=\"schedule-listing\">\n                           <div class=\"schedule-slot-time\">\n                              <span> 22 Out. 10:00-11:00 <\/span>\n                           <\/div>\n                           <div class=\"schedule-slot-info\">\n                                                               <a target=\"_blank\" href=\"https:\/\/congressohvm.com\/2021\/speaker\/patricia-poeta\/\">\n                                    <img class=\"schedule-slot-speakers\" src=\"https:\/\/congressohvm.com\/2021\/wp-content\/uploads\/2021\/08\/Patricia-Poeta-scaled-e1630516708609.jpg\" alt=\"Implica\u00e7\u00f5es da pandemia causada pelo SARS-CoV-2 na resist\u00eancia a antibi\u00f3ticos\">\n                                 <\/a>\n                                                            <div class=\"schedule-slot-info-content\">\n                                 <p class=\"schedule-speaker speaker-1\">\n                                                                           Patr\u00edcia Poeta                                                                     <\/p>\n                                 <h3 class=\"schedule-slot-title\">\n                                    Implica\u00e7\u00f5es da pandemia causada pelo SARS-CoV-2 na resist\u00eancia a antibi\u00f3ticos                                 <\/h3>\n                                 <p>\n                                                                     <\/p>\n                              <\/div>\n                              <!--Info content end -->\n                           <\/div>\n                           <!-- Slot info end -->\n                        <\/div>\n                        <!--schedule-listing end -->\n                                             <div class=\"schedule-listing\">\n                           <div class=\"schedule-slot-time\">\n                              <span> 22 Out. 11:00-12:00 <\/span>\n                           <\/div>\n                           <div class=\"schedule-slot-info\">\n                                                               <a target=\"_blank\" href=\"https:\/\/congressohvm.com\/2021\/speaker\/filipa-ceia\/\">\n                                    <img class=\"schedule-slot-speakers\" src=\"https:\/\/congressohvm.com\/2021\/wp-content\/uploads\/2021\/07\/Filipa-Ceia-photo-e1626815727354.jpg\" alt=\"One Health e educa\u00e7\u00e3o\">\n                                 <\/a>\n                                                            <div class=\"schedule-slot-info-content\">\n                                 <p class=\"schedule-speaker speaker-1\">\n                                                                           Filipa Ceia                                                                     <\/p>\n                                 <h3 class=\"schedule-slot-title\">\n                                    One Health e educa\u00e7\u00e3o                                 <\/h3>\n                                 <p>\n                                                                     <\/p>\n                              <\/div>\n                              <!--Info content end -->\n                           <\/div>\n                           <!-- Slot info end -->\n                        <\/div>\n                        <!--schedule-listing end -->\n                                             <div class=\"schedule-listing\">\n                           <div class=\"schedule-slot-time\">\n                              <span> 22 Out. 12:00-13:00 <\/span>\n                           <\/div>\n                           <div class=\"schedule-slot-info\">\n                                                               <a target=\"_blank\" href=\"https:\/\/congressohvm.com\/2021\/speaker\/bernardo-mateiro-gomes\/\">\n                                    <img class=\"schedule-slot-speakers\" src=\"https:\/\/congressohvm.com\/2021\/wp-content\/uploads\/2021\/08\/Bernardo-Luis-Mateiro-Gomes-scaled-e1630516538300.jpg\" alt=\"One Health e a reforma necess\u00e1ria da Sa\u00fade P\u00fablica\">\n                                 <\/a>\n                                                            <div class=\"schedule-slot-info-content\">\n                                 <p class=\"schedule-speaker speaker-1\">\n                                                                           Bernardo Mateiro Gomes                                                                     <\/p>\n                                 <h3 class=\"schedule-slot-title\">\n                                    One Health e a reforma necess\u00e1ria da Sa\u00fade P\u00fablica                                 <\/h3>\n                                 <p>\n                                                                     <\/p>\n                              <\/div>\n                              <!--Info content end -->\n                           <\/div>\n                           <!-- Slot info end -->\n                        <\/div>\n                        <!--schedule-listing end -->\n                                             <div class=\"schedule-listing\">\n                           <div class=\"schedule-slot-time\">\n                              <span> 22 Out. 13:00-14:00 <\/span>\n                           <\/div>\n                           <div class=\"schedule-slot-info\">\n                                                               <a target=\"_blank\" href=\"https:\/\/congressohvm.com\/2021\/speaker\/paulo-martins-costa\/\">\n                                    <img class=\"schedule-slot-speakers\" src=\"https:\/\/congressohvm.com\/2021\/wp-content\/uploads\/2021\/07\/Paulo-Martins-da-Costa-e1626815818692.jpg\" alt=\"One health: Ligar Profiss\u00f5es e Ligar ao Mundo\">\n                                 <\/a>\n                                                            <div class=\"schedule-slot-info-content\">\n                                 <p class=\"schedule-speaker speaker-1\">\n                                                                           Paulo Martins Costa                                                                     <\/p>\n                                 <h3 class=\"schedule-slot-title\">\n                                    One health: Ligar Profiss\u00f5es e Ligar ao Mundo                                 <\/h3>\n                                 <p>\n                                                                     <\/p>\n                              <\/div>\n                              <!--Info content end -->\n                           <\/div>\n                           <!-- Slot info end -->\n                        <\/div>\n                        <!--schedule-listing end -->\n                                             <div class=\"schedule-listing\">\n                           <div class=\"schedule-slot-time\">\n                              <span> 22 Out. 14:00-15:00 <\/span>\n                           <\/div>\n                           <div class=\"schedule-slot-info\">\n                                                               <a target=\"_blank\" href=\"https:\/\/congressohvm.com\/2021\/speaker\/liliana-sousa\/\">\n                                    <img class=\"schedule-slot-speakers\" src=\"https:\/\/congressohvm.com\/2021\/wp-content\/uploads\/2021\/08\/Liliana-Sousa-e1630516821360.jpg\" alt=\"S\u00edndrome de No\u00e9,numa perspetiva de sa\u00fade p\u00fablica\">\n                                 <\/a>\n                                                            <div class=\"schedule-slot-info-content\">\n                                 <p class=\"schedule-speaker speaker-1\">\n                                                                           Liliana Sousa                                                                     <\/p>\n                                 <h3 class=\"schedule-slot-title\">\n                                    S\u00edndrome de No\u00e9,numa perspetiva de sa\u00fade p\u00fablica                                 <\/h3>\n                                 <p>\n                                                                     <\/p>\n                              <\/div>\n                              <!--Info content end -->\n                           <\/div>\n                           <!-- Slot info end -->\n                        <\/div>\n                        <!--schedule-listing end -->\n                                             <div class=\"schedule-listing\">\n                           <div class=\"schedule-slot-time\">\n                              <span> 22 Out. 15:00-16:00 <\/span>\n                           <\/div>\n                           <div class=\"schedule-slot-info\">\n                                                               <a target=\"_blank\" href=\"https:\/\/congressohvm.com\/2021\/speaker\/susana-vargas\/\">\n                                    <img class=\"schedule-slot-speakers\" src=\"https:\/\/congressohvm.com\/2021\/wp-content\/uploads\/2021\/09\/Susana-Vargas-e1632240531208.jpg\" alt=\"Anestesia One Health: A nova vis\u00e3o de uma Anestesia sustent\u00e1vel\">\n                                 <\/a>\n                                                            <div class=\"schedule-slot-info-content\">\n                                 <p class=\"schedule-speaker speaker-1\">\n                                                                           Susana Vargas                                                                     <\/p>\n                                 <h3 class=\"schedule-slot-title\">\n                                    Anestesia One Health: A nova vis\u00e3o de uma Anestesia sustent\u00e1vel                                 <\/h3>\n                                 <p>\n                                                                     <\/p>\n                              <\/div>\n                              <!--Info content end -->\n                           <\/div>\n                           <!-- Slot info end -->\n                        <\/div>\n                        <!--schedule-listing end -->\n                                             <div class=\"schedule-listing\">\n                           <div class=\"schedule-slot-time\">\n                              <span> 22 Out. 15:00-16:00 <\/span>\n                           <\/div>\n                           <div class=\"schedule-slot-info\">\n                                                               <a target=\"_blank\" href=\"https:\/\/congressohvm.com\/2021\/speaker\/bruno-tavares\/\">\n                                    <img class=\"schedule-slot-speakers\" src=\"https:\/\/congressohvm.com\/2021\/wp-content\/uploads\/2021\/09\/Bruno-Tavares.jpg\" alt=\"Anestesia One Health: A nova vis\u00e3o de uma Anestesia sustent\u00e1vel\">\n                                 <\/a>\n                                                            <div class=\"schedule-slot-info-content\">\n                                 <p class=\"schedule-speaker speaker-1\">\n                                                                           Bruno Tavares                                                                     <\/p>\n                                 <h3 class=\"schedule-slot-title\">\n                                    Anestesia One Health: A nova vis\u00e3o de uma Anestesia sustent\u00e1vel                                 <\/h3>\n                                 <p>\n                                                                     <\/p>\n                              <\/div>\n                              <!--Info content end -->\n                           <\/div>\n                           <!-- Slot info end -->\n                        <\/div>\n                        <!--schedule-listing end -->\n                                             <div class=\"schedule-listing\">\n                           <div class=\"schedule-slot-time\">\n                              <span> 22 Out. 16:00-17:00 <\/span>\n                           <\/div>\n                           <div class=\"schedule-slot-info\">\n                                                               <a target=\"_blank\" href=\"https:\/\/congressohvm.com\/2021\/speaker\/yolanda-vaz\/\">\n                                    <img class=\"schedule-slot-speakers\" src=\"https:\/\/congressohvm.com\/2021\/wp-content\/uploads\/2021\/09\/YOLANDA-VAZ-scaled.jpg\" alt=\"Sa\u00fade P\u00fablica\">\n                                 <\/a>\n                                                            <div class=\"schedule-slot-info-content\">\n                                 <p class=\"schedule-speaker speaker-1\">\n                                                                           Yolanda Vaz                                                                     <\/p>\n                                 <h3 class=\"schedule-slot-title\">\n                                    Sa\u00fade P\u00fablica                                 <\/h3>\n                                 <p>\n                                                                     <\/p>\n                              <\/div>\n                              <!--Info content end -->\n                           <\/div>\n                           <!-- Slot info end -->\n                        <\/div>\n                        <!--schedule-listing end -->\n                                             <div class=\"schedule-listing\">\n                           <div class=\"schedule-slot-time\">\n                              <span> 22 Out. 17:00-18:00 <\/span>\n                           <\/div>\n                           <div class=\"schedule-slot-info\">\n                                                               <a target=\"_blank\" href=\"https:\/\/congressohvm.com\/2021\/speaker\/pedro-simas\/\">\n                                    <img class=\"schedule-slot-speakers\" src=\"https:\/\/congressohvm.com\/2021\/wp-content\/uploads\/2021\/08\/Pedro-Simas.png\" alt=\"V\u00edrus: a evolu\u00e7\u00e3o interesp\u00e9cies\">\n                                 <\/a>\n                                                            <div class=\"schedule-slot-info-content\">\n                                 <p class=\"schedule-speaker speaker-1\">\n                                                                           Pedro Simas                                                                     <\/p>\n                                 <h3 class=\"schedule-slot-title\">\n                                    V\u00edrus: a evolu\u00e7\u00e3o interesp\u00e9cies                                 <\/h3>\n                                 <p>\n                                    <p>Entrevista de Paula Rebelo, jornalista da RTP a Pedro Simas.<\/p>                                 <\/p>\n                              <\/div>\n                              <!--Info content end -->\n                           <\/div>\n                           <!-- Slot info end -->\n                        <\/div>\n                        <!--schedule-listing end -->\n                                             <div class=\"schedule-listing\">\n                           <div class=\"schedule-slot-time\">\n                              <span> 23 Out. 10:00-11:00 <\/span>\n                           <\/div>\n                           <div class=\"schedule-slot-info\">\n                                                               <a target=\"_blank\" href=\"https:\/\/congressohvm.com\/2021\/speaker\/paula-castro\/\">\n                                    <img class=\"schedule-slot-speakers\" src=\"https:\/\/congressohvm.com\/2021\/wp-content\/uploads\/2021\/10\/Paula-Castro.png\" alt=\"Ambiente - a rela\u00e7\u00e3o necess\u00e1ria perante a sociedade e o futuro\">\n                                 <\/a>\n                                                            <div class=\"schedule-slot-info-content\">\n                                 <p class=\"schedule-speaker speaker-1\">\n                                                                           Paula Castro                                                                     <\/p>\n                                 <h3 class=\"schedule-slot-title\">\n                                    Ambiente - a rela\u00e7\u00e3o necess\u00e1ria perante a sociedade e o futuro                                 <\/h3>\n                                 <p>\n                                                                     <\/p>\n                              <\/div>\n                              <!--Info content end -->\n                           <\/div>\n                           <!-- Slot info end -->\n                        <\/div>\n                        <!--schedule-listing end -->\n                                             <div class=\"schedule-listing\">\n                           <div class=\"schedule-slot-time\">\n                              <span> 23 Out. 11:00-12:00 <\/span>\n                           <\/div>\n                           <div class=\"schedule-slot-info\">\n                                                               <a target=\"_blank\" href=\"https:\/\/congressohvm.com\/2021\/speaker\/jose-artur-paiva\/\">\n                                    <img class=\"schedule-slot-speakers\" src=\"https:\/\/congressohvm.com\/2021\/wp-content\/uploads\/2021\/07\/Jose-Artur-Paiva_-One-Health-e1626815763835.jpg\" alt=\"Plano Nacional de Combate \u00e0s Resist\u00eancias Antimicrobianas (PNCRAM): a vis\u00e3o PPCIRA\/DGS\">\n                                 <\/a>\n                                                            <div class=\"schedule-slot-info-content\">\n                                 <p class=\"schedule-speaker speaker-1\">\n                                                                           Jose Artur Paiva                                                                     <\/p>\n                                 <h3 class=\"schedule-slot-title\">\n                                    Plano Nacional de Combate \u00e0s Resist\u00eancias Antimicrobianas (PNCRAM): a vis\u00e3o PPCIRA\/DGS                                 <\/h3>\n                                 <p>\n                                                                     <\/p>\n                              <\/div>\n                              <!--Info content end -->\n                           <\/div>\n                           <!-- Slot info end -->\n                        <\/div>\n                        <!--schedule-listing end -->\n                                             <div class=\"schedule-listing\">\n                           <div class=\"schedule-slot-time\">\n                              <span> 23 Out. 12:00 - 13:00 <\/span>\n                           <\/div>\n                           <div class=\"schedule-slot-info\">\n                                                               <a target=\"_blank\" href=\"https:\/\/congressohvm.com\/2021\/speaker\/javier-guitian\/\">\n                                    <img class=\"schedule-slot-speakers\" src=\"https:\/\/congressohvm.com\/2021\/wp-content\/uploads\/2021\/08\/JAVIER-GUITIAN.jpg\" alt=\"Brucella infection as an example of evolving zoonotic infection risk\">\n                                 <\/a>\n                                                            <div class=\"schedule-slot-info-content\">\n                                 <p class=\"schedule-speaker speaker-1\">\n                                                                           Javier Guitian                                                                     <\/p>\n                                 <h3 class=\"schedule-slot-title\">\n                                    Brucella infection as an example of evolving zoonotic infection risk                                 <\/h3>\n                                 <p>\n                                                                     <\/p>\n                              <\/div>\n                              <!--Info content end -->\n                           <\/div>\n                           <!-- Slot info end -->\n                        <\/div>\n                        <!--schedule-listing end -->\n                                             <div class=\"schedule-listing\">\n                           <div class=\"schedule-slot-time\">\n                              <span> 23 Out. 13:00-14:00 <\/span>\n                           <\/div>\n                           <div class=\"schedule-slot-info\">\n                                                               <a target=\"_blank\" href=\"https:\/\/congressohvm.com\/2021\/speaker\/luis-alberto-calvo-saez\/\">\n                                    <img class=\"schedule-slot-speakers\" src=\"https:\/\/congressohvm.com\/2021\/wp-content\/uploads\/2021\/09\/LUIS-ALBERTO-CALVO-e1632848525539.jpg\" alt=\"Medicina Veterin\u00e1ria e um novo modelo de Sa\u00fade P\u00fablica \">\n                                 <\/a>\n                                                            <div class=\"schedule-slot-info-content\">\n                                 <p class=\"schedule-speaker speaker-1\">\n                                                                           Luis Alberto Calvo Sa\u00e9z                                                                     <\/p>\n                                 <h3 class=\"schedule-slot-title\">\n                                    Medicina Veterin\u00e1ria e um novo modelo de Sa\u00fade P\u00fablica                                  <\/h3>\n                                 <p>\n                                                                     <\/p>\n                              <\/div>\n                              <!--Info content end -->\n                           <\/div>\n                           <!-- Slot info end -->\n                        <\/div>\n                        <!--schedule-listing end -->\n                                             <div class=\"schedule-listing\">\n                           <div class=\"schedule-slot-time\">\n                              <span> 23 Out. 14:00 - 15:00 <\/span>\n                           <\/div>\n                           <div class=\"schedule-slot-info\">\n                                                               <a target=\"_blank\" href=\"https:\/\/congressohvm.com\/2021\/speaker\/laurentina-rilhas-pedroso\/\">\n                                    <img class=\"schedule-slot-speakers\" src=\"https:\/\/congressohvm.com\/2021\/wp-content\/uploads\/2021\/09\/Laurentina-Pedroso-e1632240570650.jpg\" alt=\"Os passos da Onehealth na \u00faltima d\u00e9cada, onde nos levam para o futuro\">\n                                 <\/a>\n                                                            <div class=\"schedule-slot-info-content\">\n                                 <p class=\"schedule-speaker speaker-1\">\n                                                                           Laurentina Rilhas Pedroso                                                                     <\/p>\n                                 <h3 class=\"schedule-slot-title\">\n                                    Os passos da Onehealth na \u00faltima d\u00e9cada, onde nos levam para o futuro                                 <\/h3>\n                                 <p>\n                                                                     <\/p>\n                              <\/div>\n                              <!--Info content end -->\n                           <\/div>\n                           <!-- Slot info end -->\n                        <\/div>\n                        <!--schedule-listing end -->\n                                             <div class=\"schedule-listing\">\n                           <div class=\"schedule-slot-time\">\n                              <span> 23 Out. 15:00-16:00 <\/span>\n                           <\/div>\n                           <div class=\"schedule-slot-info\">\n                                                               <a target=\"_blank\" href=\"https:\/\/congressohvm.com\/2021\/speaker\/pedro-carreira\/\">\n                                    <img class=\"schedule-slot-speakers\" src=\"https:\/\/congressohvm.com\/2021\/wp-content\/uploads\/2021\/09\/Pedro-Carreira.jpg\" alt=\"One Health-To Feed ou not to feed\">\n                                 <\/a>\n                                                            <div class=\"schedule-slot-info-content\">\n                                 <p class=\"schedule-speaker speaker-1\">\n                                                                           Pedro Carreira                                                                     <\/p>\n                                 <h3 class=\"schedule-slot-title\">\n                                    One Health-To Feed ou not to feed                                 <\/h3>\n                                 <p>\n                                                                     <\/p>\n                              <\/div>\n                              <!--Info content end -->\n                           <\/div>\n                           <!-- Slot info end -->\n                        <\/div>\n                        <!--schedule-listing end -->\n                                             <div class=\"schedule-listing\">\n                           <div class=\"schedule-slot-time\">\n                              <span> 23 Out. 16:00  <\/span>\n                           <\/div>\n                           <div class=\"schedule-slot-info\">\n                                                               <a target=\"_blank\" href=\"https:\/\/congressohvm.com\/2021\/speaker\/isabel-ferreira\/\">\n                                    <img class=\"schedule-slot-speakers\" src=\"https:\/\/congressohvm.com\/2021\/wp-content\/uploads\/2021\/10\/Isabel-Ferreira-.jpeg\" alt=\" A Import\u00e2ncia da Ci\u00eancia e do Conhecimento na Coes\u00e3o Territorial\">\n                                 <\/a>\n                                                            <div class=\"schedule-slot-info-content\">\n                                 <p class=\"schedule-speaker speaker-1\">\n                                                                           Isabel Ferreira                                                                     <\/p>\n                                 <h3 class=\"schedule-slot-title\">\n                                     A Import\u00e2ncia da Ci\u00eancia e do Conhecimento na Coes\u00e3o Territorial                                 <\/h3>\n                                 <p>\n                                                                     <\/p>\n                              <\/div>\n                              <!--Info content end -->\n                           <\/div>\n                           <!-- Slot info end -->\n                        <\/div>\n                        <!--schedule-listing end -->\n                                             <div class=\"schedule-listing\">\n                           <div class=\"schedule-slot-time\">\n                              <span> 23 Out.  <\/span>\n                           <\/div>\n                           <div class=\"schedule-slot-info\">\n                                                            <div class=\"schedule-slot-info-content\">\n                                 <p class=\"schedule-speaker speaker-1\">\n                                                                     <\/p>\n                                 <h3 class=\"schedule-slot-title\">\n                                    Conclus\u00f5es\/ Encerramento                                 <\/h3>\n                                 <p>\n                                                                     <\/p>\n                              <\/div>\n                              <!--Info content end -->\n                           <\/div>\n                           <!-- Slot info end -->\n                        <\/div>\n                        <!--schedule-listing end -->\n                                          <!--schedule-listing end -->\n                     <div class=\"schedule-listing-btn\">\n                     <\/div>\n                  <\/div>\n               <\/div>\n            <\/div>\n         <\/div>\n      <\/div>\n      <!-- container end-->\n   <\/section>\n\t\t<\/div>\n\t\t\t\t<\/div>\n\t\t\t\t\t\t<\/div>\n\t\t\t\t\t<\/div>\n\t\t<\/div>\n\t\t\t\t\t\t\t\t<\/div>\n\t\t\t\t\t<\/div>\n\t\t<\/section>\n\t\t\t\t<section class=\"elementor-section elementor-top-section elementor-element elementor-element-2701a95c elementor-section-boxed elementor-section-height-default elementor-section-height-default\" data-id=\"2701a95c\" data-element_type=\"section\" data-settings=\"{&quot;background_background&quot;:&quot;classic&quot;}\">\n\t\t\t\t\t\t\t<div class=\"elementor-background-overlay\"><\/div>\n\t\t\t\t\t\t\t<div class=\"elementor-container elementor-column-gap-default\">\n\t\t\t\t\t\t\t<div class=\"elementor-row\">\n\t\t\t\t\t<div class=\"elementor-column elementor-col-100 elementor-top-column elementor-element elementor-element-60adda66\" data-id=\"60adda66\" data-element_type=\"column\">\n\t\t\t<div class=\"elementor-column-wrap elementor-element-populated\">\n\t\t\t\t\t\t\t<div class=\"elementor-widget-wrap\">\n\t\t\t\t\t\t<div class=\"elementor-element elementor-element-42e36fff elementor-invisible elementor-widget elementor-widget-exhibz-title\" data-id=\"42e36fff\" data-element_type=\"widget\" data-settings=\"{&quot;_animation&quot;:&quot;fadeInDown&quot;,&quot;_animation_delay&quot;:300,&quot;ekit_we_effect_on&quot;:&quot;none&quot;}\" data-widget_type=\"exhibz-title.default\">\n\t\t\t\t<div class=\"elementor-widget-container\">\n\t\t\t\n    <div class=\"title-section-area\">\n        <h2 class=\"section-title\">\n            <span class=\"sub-title\"><\/span>\n\t\t\tReserve o seu lugar        <\/h2>\n\t\t                    <span class=\"title-shape\">\n                  <svg xmlns='http:\/\/www.w3.org\/2000\/svg' xmlns:xlink='http:\/\/www.w3.org\/1999\/xlink' width='71px' height='11px'> <path fill-rule='evenodd' d='M59.669,10.710 L49.164,3.306 L39.428,10.681 L29.714,3.322 L20.006,10.682 L10.295,3.322 L1.185,10.228 L-0.010,8.578 L10.295,0.765 L20.006,8.125 L29.714,0.765 L39.428,8.125 L49.122,0.781 L59.680,8.223 L69.858,1.192 L70.982,2.895 L59.669,10.710 Z'\/><\/svg>\n            <\/span>\n                    <\/div><!-- Section title -->\n    \n    \n\n    \t\t<\/div>\n\t\t\t\t<\/div>\n\t\t\t\t<div class=\"elementor-element elementor-element-689185d8 elementor-align-center elementor-invisible elementor-widget elementor-widget-button\" data-id=\"689185d8\" data-element_type=\"widget\" data-settings=\"{&quot;_animation&quot;:&quot;fadeInUp&quot;,&quot;_animation_delay&quot;:400,&quot;ekit_we_effect_on&quot;:&quot;none&quot;}\" data-widget_type=\"button.default\">\n\t\t\t\t<div class=\"elementor-widget-container\">\n\t\t\t\t\t<div class=\"elementor-button-wrapper\">\n\t\t\t<a href=\"https:\/\/xviicongressohospitalveterinariomontenegro.admeus.pt\" class=\"elementor-button-link elementor-button elementor-size-md\" role=\"button\">\n\t\t\t\t\t\t<span class=\"elementor-button-content-wrapper\">\n\t\t\t\t\t\t<span class=\"elementor-button-text\">Comprar Bilhete<\/span>\n\t\t<\/span>\n\t\t\t\t\t<\/a>\n\t\t<\/div>\n\t\t\t\t<\/div>\n\t\t\t\t<\/div>\n\t\t\t\t\t\t<\/div>\n\t\t\t\t\t<\/div>\n\t\t<\/div>\n\t\t\t\t\t\t\t\t<\/div>\n\t\t\t\t\t<\/div>\n\t\t<\/section>\n\t\t\t\t\t\t<\/div>\n\t\t\t\t\t\t<\/div>\n\t\t\t\t\t<\/div>\n\t\t","protected":false},"excerpt":{"rendered":"<p>Sala One Health 22 Out. 9:30 &#8211; 10:30 Patr\u00edcia Poeta Conceito One Health Sem segredos 22 Out. 10:30-11:30 Patr\u00edcia Poeta Implica\u00e7\u00f5es da pandemia causada pelo SARS-CoV-2 na resist\u00eancia a antibi\u00f3ticos. 22 Out. 11:30-12:30 Filipa Ceia One Health e educa\u00e7\u00e3o 22 Out. 12:30-13:30 Bernardo Mateiro Gomes One Health e a reforma necess\u00e1ria da Sa\u00fade P\u00fablica 22 [&hellip;]<\/p>\n","protected":false},"author":1,"featured_media":0,"parent":0,"menu_order":0,"comment_status":"closed","ping_status":"closed","template":"template\/full-width-template.php","meta":[],"yoast_head":"<!-- This site is optimized with the Yoast SEO plugin v17.0 - https:\/\/yoast.com\/wordpress\/plugins\/seo\/ -->\n<title>Sala One Health - XVII CONGRESSO INTERNACIONAL VETERIN\u00c1RIO MONTENEGRO<\/title>\n<meta name=\"robots\" content=\"index, follow, max-snippet:-1, max-image-preview:large, max-video-preview:-1\" \/>\n<link rel=\"canonical\" href=\"https:\/\/congressohvm.com\/2021\/sala-one-health\/\" \/>\n<meta property=\"og:locale\" content=\"pt_PT\" \/>\n<meta property=\"og:type\" content=\"article\" \/>\n<meta property=\"og:title\" content=\"Sala One Health - XVII CONGRESSO INTERNACIONAL VETERIN\u00c1RIO MONTENEGRO\" \/>\n<meta property=\"og:description\" content=\"Sala One Health 22 Out. 9:30 &#8211; 10:30 Patr\u00edcia Poeta Conceito One Health Sem segredos 22 Out. 10:30-11:30 Patr\u00edcia Poeta Implica\u00e7\u00f5es da pandemia causada pelo SARS-CoV-2 na resist\u00eancia a antibi\u00f3ticos. 22 Out. 11:30-12:30 Filipa Ceia One Health e educa\u00e7\u00e3o 22 Out. 12:30-13:30 Bernardo Mateiro Gomes One Health e a reforma necess\u00e1ria da Sa\u00fade P\u00fablica 22 [&hellip;]\" \/>\n<meta property=\"og:url\" content=\"https:\/\/congressohvm.com\/2021\/sala-one-health\/\" \/>\n<meta property=\"og:site_name\" content=\"XVII CONGRESSO INTERNACIONAL VETERIN\u00c1RIO MONTENEGRO\" \/>\n<meta property=\"article:modified_time\" content=\"2021-09-15T16:50:41+00:00\" \/>\n<meta property=\"og:image\" content=\"https:\/\/congressohvm.com\/2021\/wp-content\/uploads\/2021\/08\/Patricia-Poeta-scaled-e1630516708609.jpg\" \/>\n<meta name=\"twitter:card\" content=\"summary_large_image\" \/>\n<meta name=\"twitter:label1\" content=\"Tempo estimado de leitura\" \/>\n\t<meta name=\"twitter:data1\" content=\"4 minutos\" \/>\n<script type=\"application\/ld+json\" class=\"yoast-schema-graph\">{\"@context\":\"https:\/\/schema.org\",\"@graph\":[{\"@type\":\"WebSite\",\"@id\":\"https:\/\/congressohvm.com\/2021\/#website\",\"url\":\"https:\/\/congressohvm.com\/2021\/\",\"name\":\"XVII CONGRESSO INTERNACIONAL VETERIN\\u00c1RIO MONTENEGRO\",\"description\":\"XVII CONGRESSO INTERNACIONAL VETERIN\\u00c1RIO MONTENEGRO\",\"potentialAction\":[{\"@type\":\"SearchAction\",\"target\":{\"@type\":\"EntryPoint\",\"urlTemplate\":\"https:\/\/congressohvm.com\/2021\/?s={search_term_string}\"},\"query-input\":\"required name=search_term_string\"}],\"inLanguage\":\"pt-PT\"},{\"@type\":\"ImageObject\",\"@id\":\"https:\/\/congressohvm.com\/2021\/sala-one-health\/#primaryimage\",\"inLanguage\":\"pt-PT\",\"url\":\"https:\/\/congressohvm.com\/2021\/wp-content\/uploads\/2021\/08\/Patricia-Poeta-scaled-e1630516708609.jpg\",\"contentUrl\":\"https:\/\/congressohvm.com\/2021\/wp-content\/uploads\/2021\/08\/Patricia-Poeta-scaled-e1630516708609.jpg\",\"width\":1600,\"height\":1600},{\"@type\":\"WebPage\",\"@id\":\"https:\/\/congressohvm.com\/2021\/sala-one-health\/#webpage\",\"url\":\"https:\/\/congressohvm.com\/2021\/sala-one-health\/\",\"name\":\"Sala One Health - XVII CONGRESSO INTERNACIONAL VETERIN\\u00c1RIO MONTENEGRO\",\"isPartOf\":{\"@id\":\"https:\/\/congressohvm.com\/2021\/#website\"},\"primaryImageOfPage\":{\"@id\":\"https:\/\/congressohvm.com\/2021\/sala-one-health\/#primaryimage\"},\"datePublished\":\"2021-09-07T17:09:14+00:00\",\"dateModified\":\"2021-09-15T16:50:41+00:00\",\"breadcrumb\":{\"@id\":\"https:\/\/congressohvm.com\/2021\/sala-one-health\/#breadcrumb\"},\"inLanguage\":\"pt-PT\",\"potentialAction\":[{\"@type\":\"ReadAction\",\"target\":[\"https:\/\/congressohvm.com\/2021\/sala-one-health\/\"]}]},{\"@type\":\"BreadcrumbList\",\"@id\":\"https:\/\/congressohvm.com\/2021\/sala-one-health\/#breadcrumb\",\"itemListElement\":[{\"@type\":\"ListItem\",\"position\":1,\"name\":\"In\\u00edcio\",\"item\":\"https:\/\/congressohvm.com\/2021\/\"},{\"@type\":\"ListItem\",\"position\":2,\"name\":\"Sala One Health\"}]}]}<\/script>\n<!-- \/ Yoast SEO plugin. -->","yoast_head_json":{"title":"Sala One Health - XVII CONGRESSO INTERNACIONAL VETERIN\u00c1RIO MONTENEGRO","robots":{"index":"index","follow":"follow","max-snippet":"max-snippet:-1","max-image-preview":"max-image-preview:large","max-video-preview":"max-video-preview:-1"},"canonical":"https:\/\/congressohvm.com\/2021\/sala-one-health\/","og_locale":"pt_PT","og_type":"article","og_title":"Sala One Health - XVII CONGRESSO INTERNACIONAL VETERIN\u00c1RIO MONTENEGRO","og_description":"Sala One Health 22 Out. 9:30 &#8211; 10:30 Patr\u00edcia Poeta Conceito One Health Sem segredos 22 Out. 10:30-11:30 Patr\u00edcia Poeta Implica\u00e7\u00f5es da pandemia causada pelo SARS-CoV-2 na resist\u00eancia a antibi\u00f3ticos. 22 Out. 11:30-12:30 Filipa Ceia One Health e educa\u00e7\u00e3o 22 Out. 12:30-13:30 Bernardo Mateiro Gomes One Health e a reforma necess\u00e1ria da Sa\u00fade P\u00fablica 22 [&hellip;]","og_url":"https:\/\/congressohvm.com\/2021\/sala-one-health\/","og_site_name":"XVII CONGRESSO INTERNACIONAL VETERIN\u00c1RIO MONTENEGRO","article_modified_time":"2021-09-15T16:50:41+00:00","og_image":[{"url":"https:\/\/congressohvm.com\/2021\/wp-content\/uploads\/2021\/08\/Patricia-Poeta-scaled-e1630516708609.jpg"}],"twitter_card":"summary_large_image","twitter_misc":{"Tempo estimado de leitura":"4 minutos"},"schema":{"@context":"https:\/\/schema.org","@graph":[{"@type":"WebSite","@id":"https:\/\/congressohvm.com\/2021\/#website","url":"https:\/\/congressohvm.com\/2021\/","name":"XVII CONGRESSO INTERNACIONAL VETERIN\u00c1RIO MONTENEGRO","description":"XVII CONGRESSO INTERNACIONAL VETERIN\u00c1RIO MONTENEGRO","potentialAction":[{"@type":"SearchAction","target":{"@type":"EntryPoint","urlTemplate":"https:\/\/congressohvm.com\/2021\/?s={search_term_string}"},"query-input":"required name=search_term_string"}],"inLanguage":"pt-PT"},{"@type":"ImageObject","@id":"https:\/\/congressohvm.com\/2021\/sala-one-health\/#primaryimage","inLanguage":"pt-PT","url":"https:\/\/congressohvm.com\/2021\/wp-content\/uploads\/2021\/08\/Patricia-Poeta-scaled-e1630516708609.jpg","contentUrl":"https:\/\/congressohvm.com\/2021\/wp-content\/uploads\/2021\/08\/Patricia-Poeta-scaled-e1630516708609.jpg","width":1600,"height":1600},{"@type":"WebPage","@id":"https:\/\/congressohvm.com\/2021\/sala-one-health\/#webpage","url":"https:\/\/congressohvm.com\/2021\/sala-one-health\/","name":"Sala One Health - XVII CONGRESSO INTERNACIONAL VETERIN\u00c1RIO MONTENEGRO","isPartOf":{"@id":"https:\/\/congressohvm.com\/2021\/#website"},"primaryImageOfPage":{"@id":"https:\/\/congressohvm.com\/2021\/sala-one-health\/#primaryimage"},"datePublished":"2021-09-07T17:09:14+00:00","dateModified":"2021-09-15T16:50:41+00:00","breadcrumb":{"@id":"https:\/\/congressohvm.com\/2021\/sala-one-health\/#breadcrumb"},"inLanguage":"pt-PT","potentialAction":[{"@type":"ReadAction","target":["https:\/\/congressohvm.com\/2021\/sala-one-health\/"]}]},{"@type":"BreadcrumbList","@id":"https:\/\/congressohvm.com\/2021\/sala-one-health\/#breadcrumb","itemListElement":[{"@type":"ListItem","position":1,"name":"In\u00edcio","item":"https:\/\/congressohvm.com\/2021\/"},{"@type":"ListItem","position":2,"name":"Sala One Health"}]}]}},"_links":{"self":[{"href":"https:\/\/congressohvm.com\/2021\/wp-json\/wp\/v2\/pages\/2892"}],"collection":[{"href":"https:\/\/congressohvm.com\/2021\/wp-json\/wp\/v2\/pages"}],"about":[{"href":"https:\/\/congressohvm.com\/2021\/wp-json\/wp\/v2\/types\/page"}],"author":[{"embeddable":true,"href":"https:\/\/congressohvm.com\/2021\/wp-json\/wp\/v2\/users\/1"}],"replies":[{"embeddable":true,"href":"https:\/\/congressohvm.com\/2021\/wp-json\/wp\/v2\/comments?post=2892"}],"version-history":[{"count":8,"href":"https:\/\/congressohvm.com\/2021\/wp-json\/wp\/v2\/pages\/2892\/revisions"}],"predecessor-version":[{"id":2973,"href":"https:\/\/congressohvm.com\/2021\/wp-json\/wp\/v2\/pages\/2892\/revisions\/2973"}],"wp:attachment":[{"href":"https:\/\/congressohvm.com\/2021\/wp-json\/wp\/v2\/media?parent=2892"}],"curies":[{"name":"wp","href":"https:\/\/api.w.org\/{rel}","templated":true}]}}