{"id":2381,"date":"2021-08-19T14:14:35","date_gmt":"2021-08-19T14:14:35","guid":{"rendered":"https:\/\/congressohvm.com\/2021\/?page_id=2381"},"modified":"2021-09-22T21:06:17","modified_gmt":"2021-09-22T21:06:17","slug":"comissao-cientifica-enfermagem","status":"publish","type":"page","link":"https:\/\/congressohvm.com\/2021\/comissao-cientifica-enfermagem\/","title":{"rendered":"Comiss\u00e3o Cient\u00edfica Enfermagem"},"content":{"rendered":"\t\t<div data-elementor-type=\"wp-page\" data-elementor-id=\"2381\" class=\"elementor elementor-2381\" data-elementor-settings=\"[]\">\n\t\t\t\t\t\t<div class=\"elementor-inner\">\n\t\t\t\t\t\t\t<div class=\"elementor-section-wrap\">\n\t\t\t\t\t\t\t<section class=\"elementor-section elementor-top-section elementor-element elementor-element-a96d0f5 elementor-section-boxed elementor-section-height-default elementor-section-height-default\" data-id=\"a96d0f5\" data-element_type=\"section\">\n\t\t\t\t\t\t<div class=\"elementor-container elementor-column-gap-default\">\n\t\t\t\t\t\t\t<div class=\"elementor-row\">\n\t\t\t\t\t<div class=\"elementor-column elementor-col-100 elementor-top-column elementor-element elementor-element-f50c478\" data-id=\"f50c478\" data-element_type=\"column\">\n\t\t\t<div class=\"elementor-column-wrap elementor-element-populated\">\n\t\t\t\t\t\t\t<div class=\"elementor-widget-wrap\">\n\t\t\t\t\t\t<div class=\"elementor-element elementor-element-5aba8c8 elementor-widget elementor-widget-text-editor\" data-id=\"5aba8c8\" data-element_type=\"widget\" data-settings=\"{&quot;ekit_we_effect_on&quot;:&quot;none&quot;}\" data-widget_type=\"text-editor.default\">\n\t\t\t\t<div class=\"elementor-widget-container\">\n\t\t\t\t\t\t\t\t<div class=\"elementor-text-editor elementor-clearfix\">\n\t\t\t\t\t<div style=\"box-sizing: inherit; margin-left: -15px; margin-right: -15px; color: #3d4461; font-family: Montserrat, sans-serif; font-size: 15px;\">\n<div style=\"width: 292.5px; position: relative; min-height: 1px; padding-left: 0px; padding-right: 0px; float: left;\">\n<div style=\"padding-left: 15px; padding-right: 15px; width: 292.5px;\">\n<div style=\"box-sizing: inherit;\">\n<div style=\"box-sizing: inherit; margin-bottom: 35px; text-align: center;\">\n<figure style=\"box-sizing: inherit; display: inline-block; vertical-align: top;\">\n<div style=\"box-sizing: inherit; display: inline-block; vertical-align: top; max-width: 100%;\"><img loading=\"lazy\" style=\"box-sizing: inherit; border-width: 0px; border-style: initial; vertical-align: top;\" title=\"helena_vala\" src=\"https:\/\/congressohvm.com\/1\/wp-content\/uploads\/2019\/10\/helena_vala.jpg\" alt=\"helena_vala\" width=\"300\" height=\"220\"><\/div>\n<\/figure>\n<\/div>\n<\/div>\n<\/div>\n<\/div>\n<div style=\"width: 877.5px; position: relative; min-height: 1px; padding-left: 0px; padding-right: 0px; float: left;\">\n<div style=\"padding-left: 15px; padding-right: 15px; width: 877.5px;\">\n<div style=\"box-sizing: inherit;\">\n<div style=\"box-sizing: inherit; margin-bottom: 35px;\">\n<div style=\"box-sizing: inherit; margin-bottom: 0px;\">\n<p style=\"box-sizing: inherit; margin-bottom: 30px; color: #606060; line-height: 24px;\"><span style=\"box-sizing: inherit; font-weight: bold; margin-bottom: 0px;\">Helena Vala (Presidente)<\/span><\/p>\n<p style=\"box-sizing: inherit; margin-bottom: 30px; color: #606060; line-height: 24px;\">Helena Vala, Licenciada em Medicina Veterin\u00e1ria, com o grau de Doutor em Ci\u00eancias Veterin\u00e1rias, concedido pela Universidade de Tr\u00e1s-os-Montes e Alto Douro, em 2002, e a agrega\u00e7\u00e3o em 2019, em Ci\u00eancias Veterin\u00e1rias, Ramo Sanidade exerce fun\u00e7\u00f5es de Professora Coordenadora da Escola Superior Agr\u00e1ria do Instituto Polit\u00e9cnico de Viseu (ESAV) e de anatomopatologista no Laborat\u00f3rio de Anatomia Patol\u00f3gica Veterin\u00e1ria da mesma Escola.<\/p>\n<p style=\"box-sizing: inherit; margin-bottom: 30px; color: #606060; line-height: 24px;\">As \u00e1reas em que exerce as suas actividades de doc\u00eancia prendem-se com a histologia, patologia, doen\u00e7as infecciosas, imunologia e parasitologia em animais dom\u00e9sticos.<\/p>\n<p style=\"box-sizing: inherit; margin-bottom: 30px; color: #606060; line-height: 24px;\">A sua \u00e1rea de interesse de investiga\u00e7\u00e3o prende-se com o estudo de doen\u00e7as animais com impacto na sa\u00fade animal e humana, o estudo de neoplasias em animais de companhia e em animais de interesse pecu\u00e1rio e o estudo de tecidos animais. Nesse \u00e2mbito tem participado em v\u00e1rios projetos de investiga\u00e7\u00e3o, participado na divulga\u00e7\u00e3o de resultados atrav\u00e9s de publica\u00e7\u00f5es em diversos formatos que incluem cap\u00edtulos de livro e artigos cient\u00edficos publicados em revistas internacionais do ISI, bem como comunica\u00e7\u00f5es em eventos cient\u00edficos nacionais e internacionais.<\/p>\n<p style=\"box-sizing: inherit; margin-bottom: 30px; color: #606060; line-height: 24px;\">No exerc\u00edcio da sua atividade desempenhou v\u00e1rios cargos de gest\u00e3o que inclu\u00edram a Dire\u00e7\u00e3o de Departamento, a Vice-Presid\u00eancia do Conselho Diretivo, a Presid\u00eancia do Conselho Cient\u00edfico, a Presid\u00eancia da Assembleia de Representantes e Presid\u00eancia da Comiss\u00e3o de Avalia\u00e7\u00e3o e Qualidade da ESAV, tendo ainda sido membro do Conselho Pedag\u00f3gico da ESAV, do Conselho Acad\u00e9mico e do Conselho Geral do IPV.<\/p>\n<p style=\"box-sizing: inherit; margin-bottom: 30px; color: #606060; line-height: 24px;\">Pertenceu tamb\u00e9m \u00e0 dire\u00e7\u00e3o de uma sociedade cient\u00edfica, a Sociedade Portuguesa de Patologia Animal, como Vice-Presidente, durante dois mandatos e depois como Presidente durante outros dois mandatos (2011 a 2015).<\/p>\n<p style=\"box-sizing: inherit; margin-bottom: 0px; color: #606060; line-height: 24px;\">Tem participado na orienta\u00e7\u00e3o de teses de doutoramento, mestrado e licenciatura, em j\u00faris acad\u00e9micos, j\u00faris de recrutamento de pessoal docente, comiss\u00f5es cient\u00edficas de eventos cient\u00edficos, sendo membro do conselho editorial e revisora regular de revistas cient\u00edficas do ISI.<\/p>\n<\/div>\n<\/div>\n<\/div>\n<\/div>\n<\/div>\n<\/div>\n<div style=\"box-sizing: inherit; margin-left: -15px; margin-right: -15px; color: #3d4461; font-family: Montserrat, sans-serif; font-size: 15px;\">\n<div style=\"width: 292.5px; position: relative; min-height: 1px; padding-left: 0px; padding-right: 0px; float: left;\">\n<div style=\"padding-left: 15px; padding-right: 15px; width: 292.5px;\">\n<div style=\"box-sizing: inherit;\">\n<div style=\"box-sizing: inherit; margin-bottom: 35px; text-align: center;\">\n<figure style=\"box-sizing: inherit; display: inline-block; vertical-align: top;\">\n<div style=\"box-sizing: inherit; display: inline-block; vertical-align: top; max-width: 100%;\"><img loading=\"lazy\" style=\"box-sizing: inherit; border-width: 0px; border-style: initial; vertical-align: top;\" title=\"mega\" src=\"https:\/\/congressohvm.com\/1\/wp-content\/uploads\/2020\/02\/mega.jpg\" alt=\"mega\" width=\"300\" height=\"220\"><\/div>\n<\/figure>\n<\/div>\n<\/div>\n<\/div>\n<\/div>\n<div style=\"width: 877.5px; position: relative; min-height: 1px; padding-left: 0px; padding-right: 0px; float: left;\">\n<div style=\"padding-left: 15px; padding-right: 15px; width: 877.5px;\">\n<div style=\"box-sizing: inherit;\">\n<div style=\"box-sizing: inherit; margin-bottom: 35px;\">\n<div style=\"box-sizing: inherit; margin-bottom: 0px;\">\n<p style=\"box-sizing: inherit; margin-bottom: 30px; color: #606060; line-height: 24px;\"><span style=\"box-sizing: inherit; font-weight: bold; margin-bottom: 0px;\">Cristina Mega<\/span><\/p>\n<p style=\"box-sizing: inherit; margin-bottom: 0px; color: #606060; line-height: 24px;\">Licenciada em Medicina Veterin\u00e1ria pela Faculdade de Medicina Veterin\u00e1ria da<br style=\"box-sizing: inherit;\">Universidade de Lisboa (1992), Mestre em Ci\u00eancias da Vis\u00e3o (2007) e Doutorada em<br style=\"box-sizing: inherit; margin-bottom: 0px;\">Ci\u00eancias Biom\u00e9dicas, ambos, pela Faculdade de Medicina da Universidade de Coimbra (2017). Exerceu actividade cl\u00ednica na \u00e1rea dos Animais de Companhia de 1992 a 2004 e foi Directora Cl\u00ednica da Cl\u00ednica Veterin\u00e1ria da Barra (1998 \u2013 2004). Neste momento, \u00e9 Professora Adjunta da Escola Superior Agr\u00e1ria de Viseu, Instituto Superior Polit\u00e9cnico de Viseu, onde \u00e9 Directora do Curso de Enfermagem Veterin\u00e1ria (2017) e lecciona nas \u00e1reas m\u00e9dico-cir\u00fargicas e de urg\u00eancias e cuidados intensivos, desde 2005. \u00c9 autora e co \u2013 autora de diversas publica\u00e7\u00f5es cient\u00edficas e de comunica\u00e7\u00f5es, nacionais e internacionais, nas \u00e1reas das Ci\u00eancias Veterin\u00e1rias e Biom\u00e9dicas.<\/p>\n<\/div>\n<\/div>\n<\/div>\n<\/div>\n<\/div>\n<\/div>\n<div style=\"box-sizing: inherit; margin-left: -15px; margin-right: -15px; color: #3d4461; font-family: Montserrat, sans-serif; font-size: 15px;\">\n<div style=\"width: 292.5px; position: relative; min-height: 1px; padding-left: 0px; padding-right: 0px; float: left;\">\n<div style=\"padding-left: 15px; padding-right: 15px; width: 292.5px;\">\n<div style=\"box-sizing: inherit;\">\n<div style=\"box-sizing: inherit; margin-bottom: 35px; text-align: center;\">\n<figure style=\"box-sizing: inherit; display: inline-block; vertical-align: top;\">\n<div style=\"box-sizing: inherit; display: inline-block; vertical-align: top; max-width: 100%;\"><img loading=\"lazy\" style=\"box-sizing: inherit; border-width: 0px; border-style: initial; vertical-align: top;\" title=\"ana_cristina1\" src=\"https:\/\/congressohvm.com\/1\/wp-content\/uploads\/2019\/10\/ana_cristina1.jpg\" alt=\"ana_cristina1\" width=\"300\" height=\"220\"><\/div>\n<\/figure>\n<\/div>\n<\/div>\n<\/div>\n<\/div>\n<div style=\"width: 877.5px; position: relative; min-height: 1px; padding-left: 0px; padding-right: 0px; float: left;\">\n<div style=\"padding-left: 15px; padding-right: 15px; width: 877.5px;\">\n<div style=\"box-sizing: inherit;\">\n<div style=\"box-sizing: inherit; margin-bottom: 35px;\">\n<div style=\"box-sizing: inherit; margin-bottom: 0px;\">\n<p style=\"box-sizing: inherit; margin-bottom: 30px; color: #606060; line-height: 24px;\"><span style=\"box-sizing: inherit; font-weight: bold; margin-bottom: 0px;\">Ana Cristina Matos<\/span><\/p>\n<p style=\"box-sizing: inherit; margin-bottom: 0px; color: #606060; line-height: 24px;\">Licenciada em Medicina Veterin\u00e1ria pela UTAD (1996). Mestre em Ci\u00eancias Agr\u00e1rias-Produ\u00e7\u00e3o Animal (2005) e Doutorada em Ci\u00eancias Veterin\u00e1rias (2016) pela mesma Institui\u00e7\u00e3o, Master Business Administration-Vet, (2016) pela OMV e IFE. Professora Adjunta no IPCB-ESA desde 1999, lecionando v\u00e1rias Unidades Curriculares da Licenciatura em Enfermagem Veterin\u00e1ria e do CTeSP em Cuidados Veterin\u00e1rios, sendo atualmente Coordenadora da Licenciatura de Enfermagem Veterin\u00e1ria. Desde 2009 faz Investiga\u00e7\u00e3o na \u00e1rea da Patologia dos Animais Selvagens e \u00e9 Autora de v\u00e1rias publica\u00e7\u00f5es nesta \u00e1rea.<\/p>\n<\/div>\n<\/div>\n<\/div>\n<\/div>\n<\/div>\n<\/div>\n<div style=\"box-sizing: inherit; margin-left: -15px; margin-right: -15px; color: #3d4461; font-family: Montserrat, sans-serif; font-size: 15px;\">\n<div style=\"width: 292.5px; position: relative; min-height: 1px; padding-left: 0px; padding-right: 0px; float: left;\">\n<div style=\"padding-left: 15px; padding-right: 15px; width: 292.5px;\">\n<div style=\"box-sizing: inherit;\">\n<div style=\"box-sizing: inherit; margin-bottom: 35px; text-align: center;\">\n<figure style=\"box-sizing: inherit; display: inline-block; vertical-align: top;\">\n<div style=\"box-sizing: inherit; display: inline-block; vertical-align: top; max-width: 100%;\"><img loading=\"lazy\" style=\"box-sizing: inherit; border-width: 0px; border-style: initial; vertical-align: top;\" title=\"helder_quintas\" src=\"https:\/\/congressohvm.com\/1\/wp-content\/uploads\/2019\/10\/helder_quintas.jpg\" alt=\"helder_quintas\" width=\"300\" height=\"220\"><\/div>\n<\/figure>\n<\/div>\n<\/div>\n<\/div>\n<\/div>\n<div style=\"width: 877.5px; position: relative; min-height: 1px; padding-left: 0px; padding-right: 0px; float: left;\">\n<div style=\"padding-left: 15px; padding-right: 15px; width: 877.5px;\">\n<div style=\"box-sizing: inherit;\">\n<div style=\"box-sizing: inherit; margin-bottom: 35px;\">\n<div style=\"box-sizing: inherit; margin-bottom: 0px;\">\n<p style=\"box-sizing: inherit; margin-bottom: 30px; color: #606060; line-height: 24px;\"><span style=\"box-sizing: inherit; font-weight: bold; margin-bottom: 0px;\">Helder Quintas<\/span><\/p>\n<p style=\"box-sizing: inherit; margin-bottom: 0px; color: #606060; line-height: 24px;\">Professor Adjunto da Escola Superior Agraria \u2013 Instituto Polit\u00e9cnico de Bragan\u00e7a. Investigador do CIMO. M\u00e9dico Veterin\u00e1rio, Licenciado pela Universidade de Tr\u00e1s os Montes e Alto Douro. Doutoramento em Ci\u00eancias Veterin\u00e1rias em 2015 (UTAD). Exerce actividade cl\u00ednica desde 2003 sobretudo em animais de produ\u00e7\u00e3o, com especial interesse na \u00e1rea dos pequenos ruminantes.<\/p>\n<\/div>\n<\/div>\n<\/div>\n<\/div>\n<\/div>\n<\/div>\n<div style=\"box-sizing: inherit; margin-left: -15px; margin-right: -15px; color: #3d4461; font-family: Montserrat, sans-serif; font-size: 15px;\"><br>\n<\/div>\n<div style=\"box-sizing: inherit; margin-left: -15px; margin-right: -15px;\">\n<div style=\"color: rgb(61, 68, 97); font-family: Montserrat, sans-serif; font-size: 15px; width: 292.5px; position: relative; min-height: 1px; padding-left: 0px; padding-right: 0px; float: left;\">\n<div style=\"padding-left: 15px; padding-right: 15px; width: 292.5px;\">\n<div style=\"box-sizing: inherit;\">\n<div style=\"box-sizing: inherit; margin-bottom: 35px; text-align: center;\">\n<figure style=\"box-sizing: inherit; display: inline-block; vertical-align: top;\">\n<div style=\"box-sizing: inherit; display: inline-block; vertical-align: top; max-width: 100%;\"><img loading=\"lazy\" style=\"box-sizing: inherit; border-width: 0px; border-style: initial; vertical-align: top;\" title=\"teresa_mateus\" src=\"https:\/\/congressohvm.com\/1\/wp-content\/uploads\/2019\/10\/teresa_mateus.jpg\" alt=\"teresa_mateus\" width=\"300\" height=\"220\"><\/div>\n<\/figure>\n<\/div>\n<\/div>\n<\/div>\n<\/div>\n<div style=\"width: 877.5px; position: relative; min-height: 1px; padding-left: 0px; padding-right: 0px; float: left;\">\n<div style=\"padding-left: 15px; padding-right: 15px; width: 877.5px;\">\n<div style=\"box-sizing: inherit;\">\n<div style=\"box-sizing: inherit; margin-bottom: 35px;\">\n<div style=\"box-sizing: inherit; margin-bottom: 0px;\">\n<p style=\"color: rgb(96, 96, 96); font-family: Montserrat, sans-serif; font-size: 15px; box-sizing: inherit; margin-bottom: 30px; line-height: 24px;\"><span style=\"box-sizing: inherit; font-weight: bold; margin-bottom: 0px;\">Teresa Letra Mateus<br style=\"box-sizing: inherit; margin-bottom: 0px;\"><\/span><\/p>\n<p style=\"color: rgb(96, 96, 96); font-family: Montserrat, sans-serif; font-size: 15px; box-sizing: inherit; margin-bottom: 0px; line-height: 24px;\">Licenciada em Medicina Veterin\u00e1ria (UTAD), Mestre em Ci\u00eancia e Tecnologia Alimentar (ESB-UCP) e Doutora em Ci\u00eancias Veterin\u00e1rias (ICBAS-UP). P\u00f3s-graduada em Seguran\u00e7a Alimentar (ESB-UCP), Promo\u00e7\u00e3o e Educa\u00e7\u00e3o para a Sa\u00fade (ESE-IPVC) e Comunica\u00e7\u00e3o em Sa\u00fade (ESS-IPVC). Entre&nbsp; 2001 a 2018 trabalhou em sanidade animal, consultoria e forma\u00e7\u00e3o em higiene e seguran\u00e7a alimentar e leccionou no ensino superior (UTAD, EUVG e IPVC). Actualmente \u00e9 Professora Adjunta na Escola Superior Agr\u00e1ria do IPVC, pertence ao Departamento de Sa\u00fade P\u00fablica Veterin\u00e1ria do Instituto de Sa\u00fade P\u00fablica da Universidade do Porto (ISPUP) e \u00e9 membro integrado da EpiUnit \u2013 ISPUP. Os seus interesses s\u00e3o a Uma S\u00f3 Sa\u00fade e a Comunica\u00e7\u00e3o.<\/p>\n<p style=\"color: rgb(96, 96, 96); font-family: Montserrat, sans-serif; font-size: 15px; box-sizing: inherit; margin-bottom: 0px; line-height: 24px;\"><br><\/p>\n<p style=\"box-sizing: inherit; margin-bottom: 0px; line-height: 24px;\"><font color=\"#606060\" face=\"Montserrat, sans-serif\"><span style=\"font-size: 15px;\"><br><\/span><\/font><\/p>\n<p style=\"box-sizing: inherit; margin-bottom: 0px; line-height: 24px;\"><span><span style=\"font-size: 11pt; font-family: Calibri, sans-serif; color: rgb(0, 0, 0); background-color: transparent; font-variant-numeric: normal; font-variant-east-asian: normal; vertical-align: baseline; white-space: pre-wrap;\"><span style=\"border:none;display:inline-block;overflow:hidden;width:181px;height:195px;\"><img loading=\"lazy\" src=\"https:\/\/lh5.googleusercontent.com\/idR489uGU3qmyqozddAEpzLkRdFmfmXm5_tO851ijJHV-WlRqZnKjK21atcoOXi1dKoBDf5fHYVEVwwI0DbGbqR2Yhd4t8DoQQ1ZArKBPME5UXiZDIsny1H0oR3gig=s0\" width=\"181\" height=\"195\" style=\"margin-left:0px;margin-top:0px;\"><\/span><\/span><\/span><font color=\"#606060\" face=\"Montserrat, sans-serif\"><span style=\"font-size: 15px;\"><br><\/span><\/font><\/p>\n<p style=\"box-sizing: inherit; margin-bottom: 0px; line-height: 24px;\"><font color=\"#606060\" face=\"Montserrat, sans-serif\"><span style=\"font-size: 15px;\"><br><\/span><\/font><\/p>\n<p style=\"box-sizing: inherit; margin-bottom: 0px; line-height: 24px;\"><font color=\"#606060\" face=\"Montserrat, sans-serif\"><span style=\"font-size: 15px;\"><b>Carolina Maria Bal\u00e3o da Silva&nbsp;<\/b><\/span><\/font><\/p>\n<p style=\"box-sizing: inherit; margin-bottom: 0px; line-height: 24px;\"><font color=\"#606060\" face=\"Montserrat, sans-serif\"><span style=\"font-size: 15px;\"><br><\/span><\/font><\/p>\n<p style=\"box-sizing: inherit; margin-bottom: 0px; line-height: 24px;\"><font color=\"#606060\" face=\"Montserrat, sans-serif\"><span style=\"font-size: 15px;\">Concluiu o Mestrado Integrado em Medicina Veterin\u00e1ria em 2010, pela Faculdade de Medicina Veterin\u00e1ria da Universidade T\u00e9cnica de Lisboa, o Mestrado Universit\u00e1rio em Investiga\u00e7\u00e3o em 2011 e o Doutoramento em Ci\u00eancias Veterin\u00e1rias (2014), ambos pela Universidade da Extremadura, Espanha. No mesmo ano, concluiu tamb\u00e9m pela Universidade de Extremadura, o Curso de Especialista Universit\u00e1rio em Reprodu\u00e7\u00e3o Assistida. Iniciou a sua atividade profissional como docente na Universidade Agr\u00e1ria do Equador (2014), como docente de Reprodu\u00e7\u00e3o Animal. Em 2015, iniciou as suas fun\u00e7\u00f5es como docente Coordenadora da licenciatura em Enfermagem Veterin\u00e1ria na Escola Agr\u00e1ria de Elvas (Instituto Polit\u00e9cnico de Portalegre). Colabora na leciona\u00e7\u00e3o da Unidade Curricular de Tecnologias em Reprodu\u00e7\u00e3o Animal, pertencente ao Mestrado em Enfermagem Veterin\u00e1ria em Animais de Companhia. A sua experi\u00eancia como investigadora centra-se na \u00e1rea da andrologia, e em t\u00e9cnicas avan\u00e7adas de an\u00e1lise seminal como a citometria de fluxo, a sexagem de espermatoz\u00f3ides e a an\u00e1lise esperm\u00e1tica assistida por computador (CASA). \u00c9 coautora de 20 artigos cient\u00edficos publicados a n\u00edvel internacional, revistos por pares e \u00e9 revisora em revistas cient\u00edficas internacionais<\/span><\/font><\/p>\n<div style=\"color: rgb(61, 68, 97); font-family: Montserrat, sans-serif; font-size: 15px;\"><br><\/div>\n<\/div>\n<\/div>\n<\/div>\n<\/div>\n<\/div>\n<\/div>\t\t\t\t\t<\/div>\n\t\t\t\t\t\t<\/div>\n\t\t\t\t<\/div>\n\t\t\t\t\t\t<\/div>\n\t\t\t\t\t<\/div>\n\t\t<\/div>\n\t\t\t\t\t\t\t\t<\/div>\n\t\t\t\t\t<\/div>\n\t\t<\/section>\n\t\t\t\t<section class=\"elementor-section elementor-top-section elementor-element elementor-element-4cf576e7 elementor-section-boxed elementor-section-height-default elementor-section-height-default\" data-id=\"4cf576e7\" data-element_type=\"section\" data-settings=\"{&quot;background_background&quot;:&quot;classic&quot;}\">\n\t\t\t\t\t\t\t<div class=\"elementor-background-overlay\"><\/div>\n\t\t\t\t\t\t\t<div class=\"elementor-container elementor-column-gap-default\">\n\t\t\t\t\t\t\t<div class=\"elementor-row\">\n\t\t\t\t\t<div class=\"elementor-column elementor-col-100 elementor-top-column elementor-element elementor-element-286ed953\" data-id=\"286ed953\" data-element_type=\"column\">\n\t\t\t<div class=\"elementor-column-wrap elementor-element-populated\">\n\t\t\t\t\t\t\t<div class=\"elementor-widget-wrap\">\n\t\t\t\t\t\t<div class=\"elementor-element elementor-element-3bb2e2b9 elementor-invisible elementor-widget elementor-widget-exhibz-title\" data-id=\"3bb2e2b9\" data-element_type=\"widget\" data-settings=\"{&quot;_animation&quot;:&quot;fadeInDown&quot;,&quot;_animation_delay&quot;:300,&quot;ekit_we_effect_on&quot;:&quot;none&quot;}\" data-widget_type=\"exhibz-title.default\">\n\t\t\t\t<div class=\"elementor-widget-container\">\n\t\t\t\n    <div class=\"title-section-area\">\n        <h2 class=\"section-title\">\n            <span class=\"sub-title\"><\/span>\n\t\t\tReserve o seu lugar        <\/h2>\n\t\t                    <span class=\"title-shape\">\n                  <svg xmlns='http:\/\/www.w3.org\/2000\/svg' xmlns:xlink='http:\/\/www.w3.org\/1999\/xlink' width='71px' height='11px'> <path fill-rule='evenodd' d='M59.669,10.710 L49.164,3.306 L39.428,10.681 L29.714,3.322 L20.006,10.682 L10.295,3.322 L1.185,10.228 L-0.010,8.578 L10.295,0.765 L20.006,8.125 L29.714,0.765 L39.428,8.125 L49.122,0.781 L59.680,8.223 L69.858,1.192 L70.982,2.895 L59.669,10.710 Z'\/><\/svg>\n            <\/span>\n                    <\/div><!-- Section title -->\n    \n    \n\n    \t\t<\/div>\n\t\t\t\t<\/div>\n\t\t\t\t<div class=\"elementor-element elementor-element-1b70679b elementor-align-center elementor-invisible elementor-widget elementor-widget-button\" data-id=\"1b70679b\" data-element_type=\"widget\" data-settings=\"{&quot;_animation&quot;:&quot;fadeInUp&quot;,&quot;_animation_delay&quot;:400,&quot;ekit_we_effect_on&quot;:&quot;none&quot;}\" data-widget_type=\"button.default\">\n\t\t\t\t<div class=\"elementor-widget-container\">\n\t\t\t\t\t<div class=\"elementor-button-wrapper\">\n\t\t\t<a href=\"https:\/\/xviicongressohospitalveterinariomontenegro.admeus.pt\" class=\"elementor-button-link elementor-button elementor-size-md\" role=\"button\">\n\t\t\t\t\t\t<span class=\"elementor-button-content-wrapper\">\n\t\t\t\t\t\t<span class=\"elementor-button-text\">Comprar Bilhete<\/span>\n\t\t<\/span>\n\t\t\t\t\t<\/a>\n\t\t<\/div>\n\t\t\t\t<\/div>\n\t\t\t\t<\/div>\n\t\t\t\t\t\t<\/div>\n\t\t\t\t\t<\/div>\n\t\t<\/div>\n\t\t\t\t\t\t\t\t<\/div>\n\t\t\t\t\t<\/div>\n\t\t<\/section>\n\t\t\t\t<section class=\"elementor-section elementor-top-section elementor-element elementor-element-4ba22a37 ts-newsletter elementor-section-boxed elementor-section-height-default elementor-section-height-default\" data-id=\"4ba22a37\" data-element_type=\"section\">\n\t\t\t\t\t\t<div class=\"elementor-container elementor-column-gap-default\">\n\t\t\t\t\t\t\t<div class=\"elementor-row\">\n\t\t\t\t\t<div class=\"elementor-column elementor-col-100 elementor-top-column elementor-element elementor-element-7d7c15ab\" data-id=\"7d7c15ab\" data-element_type=\"column\" data-settings=\"{&quot;background_background&quot;:&quot;classic&quot;}\">\n\t\t\t<div class=\"elementor-column-wrap elementor-element-populated\">\n\t\t\t\t\t<div class=\"elementor-background-overlay\"><\/div>\n\t\t\t\t\t\t\t<div class=\"elementor-widget-wrap\">\n\t\t\t\t\t\t<div class=\"elementor-element elementor-element-53c283f1 elementor-widget elementor-widget-heading\" data-id=\"53c283f1\" data-element_type=\"widget\" data-settings=\"{&quot;ekit_we_effect_on&quot;:&quot;none&quot;}\" data-widget_type=\"heading.default\">\n\t\t\t\t<div class=\"elementor-widget-container\">\n\t\t\t<h2 class=\"elementor-heading-title elementor-size-default\">SUBSCREVA A NEWSLETTER<\/h2>\t\t<\/div>\n\t\t\t\t<\/div>\n\t\t\t\t<div class=\"elementor-element elementor-element-35b69904 elementor-widget elementor-widget-heading\" data-id=\"35b69904\" data-element_type=\"widget\" data-settings=\"{&quot;ekit_we_effect_on&quot;:&quot;none&quot;}\" data-widget_type=\"heading.default\">\n\t\t\t\t<div class=\"elementor-widget-container\">\n\t\t\t<h2 class=\"elementor-heading-title elementor-size-default\">Quer saber mais?<\/h2>\t\t<\/div>\n\t\t\t\t<\/div>\n\t\t\t\t\t\t<\/div>\n\t\t\t\t\t<\/div>\n\t\t<\/div>\n\t\t\t\t\t\t\t\t<\/div>\n\t\t\t\t\t<\/div>\n\t\t<\/section>\n\t\t\t\t\t\t<\/div>\n\t\t\t\t\t\t<\/div>\n\t\t\t\t\t<\/div>\n\t\t","protected":false},"excerpt":{"rendered":"<p>Helena Vala (Presidente) Helena Vala, Licenciada em Medicina Veterin\u00e1ria, com o grau de Doutor em Ci\u00eancias Veterin\u00e1rias, concedido pela Universidade de Tr\u00e1s-os-Montes e Alto Douro, em 2002, e a agrega\u00e7\u00e3o em 2019, em Ci\u00eancias Veterin\u00e1rias, Ramo Sanidade exerce fun\u00e7\u00f5es de Professora Coordenadora da Escola Superior Agr\u00e1ria do Instituto Polit\u00e9cnico de Viseu (ESAV) e de anatomopatologista [&hellip;]<\/p>\n","protected":false},"author":1,"featured_media":0,"parent":0,"menu_order":0,"comment_status":"closed","ping_status":"closed","template":"template\/full-width-template.php","meta":[],"yoast_head":"<!-- This site is optimized with the Yoast SEO plugin v17.0 - https:\/\/yoast.com\/wordpress\/plugins\/seo\/ -->\n<title>Comiss\u00e3o Cient\u00edfica Enfermagem - XVII CONGRESSO INTERNACIONAL VETERIN\u00c1RIO MONTENEGRO<\/title>\n<meta name=\"robots\" content=\"index, follow, max-snippet:-1, max-image-preview:large, max-video-preview:-1\" \/>\n<link rel=\"canonical\" href=\"https:\/\/congressohvm.com\/2021\/comissao-cientifica-enfermagem\/\" \/>\n<meta property=\"og:locale\" content=\"pt_PT\" \/>\n<meta property=\"og:type\" content=\"article\" \/>\n<meta property=\"og:title\" content=\"Comiss\u00e3o Cient\u00edfica Enfermagem - XVII CONGRESSO INTERNACIONAL VETERIN\u00c1RIO MONTENEGRO\" \/>\n<meta property=\"og:description\" content=\"Helena Vala (Presidente) Helena Vala, Licenciada em Medicina Veterin\u00e1ria, com o grau de Doutor em Ci\u00eancias Veterin\u00e1rias, concedido pela Universidade de Tr\u00e1s-os-Montes e Alto Douro, em 2002, e a agrega\u00e7\u00e3o em 2019, em Ci\u00eancias Veterin\u00e1rias, Ramo Sanidade exerce fun\u00e7\u00f5es de Professora Coordenadora da Escola Superior Agr\u00e1ria do Instituto Polit\u00e9cnico de Viseu (ESAV) e de anatomopatologista [&hellip;]\" \/>\n<meta property=\"og:url\" content=\"https:\/\/congressohvm.com\/2021\/comissao-cientifica-enfermagem\/\" \/>\n<meta property=\"og:site_name\" content=\"XVII CONGRESSO INTERNACIONAL VETERIN\u00c1RIO MONTENEGRO\" \/>\n<meta property=\"article:modified_time\" content=\"2021-09-22T21:06:17+00:00\" \/>\n<meta property=\"og:image\" content=\"https:\/\/congressohvm.com\/1\/wp-content\/uploads\/2019\/10\/helena_vala.jpg\" \/>\n<meta name=\"twitter:card\" content=\"summary_large_image\" \/>\n<meta name=\"twitter:label1\" content=\"Tempo estimado de leitura\" \/>\n\t<meta name=\"twitter:data1\" content=\"5 minutos\" \/>\n<script type=\"application\/ld+json\" class=\"yoast-schema-graph\">{\"@context\":\"https:\/\/schema.org\",\"@graph\":[{\"@type\":\"WebSite\",\"@id\":\"https:\/\/congressohvm.com\/2021\/#website\",\"url\":\"https:\/\/congressohvm.com\/2021\/\",\"name\":\"XVII CONGRESSO INTERNACIONAL VETERIN\\u00c1RIO MONTENEGRO\",\"description\":\"XVII CONGRESSO INTERNACIONAL VETERIN\\u00c1RIO MONTENEGRO\",\"potentialAction\":[{\"@type\":\"SearchAction\",\"target\":{\"@type\":\"EntryPoint\",\"urlTemplate\":\"https:\/\/congressohvm.com\/2021\/?s={search_term_string}\"},\"query-input\":\"required name=search_term_string\"}],\"inLanguage\":\"pt-PT\"},{\"@type\":\"ImageObject\",\"@id\":\"https:\/\/congressohvm.com\/2021\/comissao-cientifica-enfermagem\/#primaryimage\",\"inLanguage\":\"pt-PT\",\"url\":\"https:\/\/congressohvm.com\/1\/wp-content\/uploads\/2019\/10\/helena_vala.jpg\",\"contentUrl\":\"https:\/\/congressohvm.com\/1\/wp-content\/uploads\/2019\/10\/helena_vala.jpg\"},{\"@type\":\"WebPage\",\"@id\":\"https:\/\/congressohvm.com\/2021\/comissao-cientifica-enfermagem\/#webpage\",\"url\":\"https:\/\/congressohvm.com\/2021\/comissao-cientifica-enfermagem\/\",\"name\":\"Comiss\\u00e3o Cient\\u00edfica Enfermagem - XVII CONGRESSO INTERNACIONAL VETERIN\\u00c1RIO MONTENEGRO\",\"isPartOf\":{\"@id\":\"https:\/\/congressohvm.com\/2021\/#website\"},\"primaryImageOfPage\":{\"@id\":\"https:\/\/congressohvm.com\/2021\/comissao-cientifica-enfermagem\/#primaryimage\"},\"datePublished\":\"2021-08-19T14:14:35+00:00\",\"dateModified\":\"2021-09-22T21:06:17+00:00\",\"breadcrumb\":{\"@id\":\"https:\/\/congressohvm.com\/2021\/comissao-cientifica-enfermagem\/#breadcrumb\"},\"inLanguage\":\"pt-PT\",\"potentialAction\":[{\"@type\":\"ReadAction\",\"target\":[\"https:\/\/congressohvm.com\/2021\/comissao-cientifica-enfermagem\/\"]}]},{\"@type\":\"BreadcrumbList\",\"@id\":\"https:\/\/congressohvm.com\/2021\/comissao-cientifica-enfermagem\/#breadcrumb\",\"itemListElement\":[{\"@type\":\"ListItem\",\"position\":1,\"name\":\"In\\u00edcio\",\"item\":\"https:\/\/congressohvm.com\/2021\/\"},{\"@type\":\"ListItem\",\"position\":2,\"name\":\"Comiss\\u00e3o Cient\\u00edfica Enfermagem\"}]}]}<\/script>\n<!-- \/ Yoast SEO plugin. -->","yoast_head_json":{"title":"Comiss\u00e3o Cient\u00edfica Enfermagem - XVII CONGRESSO INTERNACIONAL VETERIN\u00c1RIO MONTENEGRO","robots":{"index":"index","follow":"follow","max-snippet":"max-snippet:-1","max-image-preview":"max-image-preview:large","max-video-preview":"max-video-preview:-1"},"canonical":"https:\/\/congressohvm.com\/2021\/comissao-cientifica-enfermagem\/","og_locale":"pt_PT","og_type":"article","og_title":"Comiss\u00e3o Cient\u00edfica Enfermagem - XVII CONGRESSO INTERNACIONAL VETERIN\u00c1RIO MONTENEGRO","og_description":"Helena Vala (Presidente) Helena Vala, Licenciada em Medicina Veterin\u00e1ria, com o grau de Doutor em Ci\u00eancias Veterin\u00e1rias, concedido pela Universidade de Tr\u00e1s-os-Montes e Alto Douro, em 2002, e a agrega\u00e7\u00e3o em 2019, em Ci\u00eancias Veterin\u00e1rias, Ramo Sanidade exerce fun\u00e7\u00f5es de Professora Coordenadora da Escola Superior Agr\u00e1ria do Instituto Polit\u00e9cnico de Viseu (ESAV) e de anatomopatologista [&hellip;]","og_url":"https:\/\/congressohvm.com\/2021\/comissao-cientifica-enfermagem\/","og_site_name":"XVII CONGRESSO INTERNACIONAL VETERIN\u00c1RIO MONTENEGRO","article_modified_time":"2021-09-22T21:06:17+00:00","og_image":[{"url":"https:\/\/congressohvm.com\/1\/wp-content\/uploads\/2019\/10\/helena_vala.jpg"}],"twitter_card":"summary_large_image","twitter_misc":{"Tempo estimado de leitura":"5 minutos"},"schema":{"@context":"https:\/\/schema.org","@graph":[{"@type":"WebSite","@id":"https:\/\/congressohvm.com\/2021\/#website","url":"https:\/\/congressohvm.com\/2021\/","name":"XVII CONGRESSO INTERNACIONAL VETERIN\u00c1RIO MONTENEGRO","description":"XVII CONGRESSO INTERNACIONAL VETERIN\u00c1RIO MONTENEGRO","potentialAction":[{"@type":"SearchAction","target":{"@type":"EntryPoint","urlTemplate":"https:\/\/congressohvm.com\/2021\/?s={search_term_string}"},"query-input":"required name=search_term_string"}],"inLanguage":"pt-PT"},{"@type":"ImageObject","@id":"https:\/\/congressohvm.com\/2021\/comissao-cientifica-enfermagem\/#primaryimage","inLanguage":"pt-PT","url":"https:\/\/congressohvm.com\/1\/wp-content\/uploads\/2019\/10\/helena_vala.jpg","contentUrl":"https:\/\/congressohvm.com\/1\/wp-content\/uploads\/2019\/10\/helena_vala.jpg"},{"@type":"WebPage","@id":"https:\/\/congressohvm.com\/2021\/comissao-cientifica-enfermagem\/#webpage","url":"https:\/\/congressohvm.com\/2021\/comissao-cientifica-enfermagem\/","name":"Comiss\u00e3o Cient\u00edfica Enfermagem - XVII CONGRESSO INTERNACIONAL VETERIN\u00c1RIO MONTENEGRO","isPartOf":{"@id":"https:\/\/congressohvm.com\/2021\/#website"},"primaryImageOfPage":{"@id":"https:\/\/congressohvm.com\/2021\/comissao-cientifica-enfermagem\/#primaryimage"},"datePublished":"2021-08-19T14:14:35+00:00","dateModified":"2021-09-22T21:06:17+00:00","breadcrumb":{"@id":"https:\/\/congressohvm.com\/2021\/comissao-cientifica-enfermagem\/#breadcrumb"},"inLanguage":"pt-PT","potentialAction":[{"@type":"ReadAction","target":["https:\/\/congressohvm.com\/2021\/comissao-cientifica-enfermagem\/"]}]},{"@type":"BreadcrumbList","@id":"https:\/\/congressohvm.com\/2021\/comissao-cientifica-enfermagem\/#breadcrumb","itemListElement":[{"@type":"ListItem","position":1,"name":"In\u00edcio","item":"https:\/\/congressohvm.com\/2021\/"},{"@type":"ListItem","position":2,"name":"Comiss\u00e3o Cient\u00edfica Enfermagem"}]}]}},"_links":{"self":[{"href":"https:\/\/congressohvm.com\/2021\/wp-json\/wp\/v2\/pages\/2381"}],"collection":[{"href":"https:\/\/congressohvm.com\/2021\/wp-json\/wp\/v2\/pages"}],"about":[{"href":"https:\/\/congressohvm.com\/2021\/wp-json\/wp\/v2\/types\/page"}],"author":[{"embeddable":true,"href":"https:\/\/congressohvm.com\/2021\/wp-json\/wp\/v2\/users\/1"}],"replies":[{"embeddable":true,"href":"https:\/\/congressohvm.com\/2021\/wp-json\/wp\/v2\/comments?post=2381"}],"version-history":[{"count":26,"href":"https:\/\/congressohvm.com\/2021\/wp-json\/wp\/v2\/pages\/2381\/revisions"}],"predecessor-version":[{"id":3072,"href":"https:\/\/congressohvm.com\/2021\/wp-json\/wp\/v2\/pages\/2381\/revisions\/3072"}],"wp:attachment":[{"href":"https:\/\/congressohvm.com\/2021\/wp-json\/wp\/v2\/media?parent=2381"}],"curies":[{"name":"wp","href":"https:\/\/api.w.org\/{rel}","templated":true}]}}