{"id":1954,"date":"2019-12-23T09:00:47","date_gmt":"2019-12-23T09:00:47","guid":{"rendered":"https:\/\/congressohvm.com\/2021\/?page_id=1954"},"modified":"2021-09-22T21:07:26","modified_gmt":"2021-09-22T21:07:26","slug":"comissao-cientifica-veterinaria","status":"publish","type":"page","link":"https:\/\/congressohvm.com\/2021\/comissao-cientifica-veterinaria\/","title":{"rendered":"Comiss\u00e3o Cientif\u00edca Veterin\u00e1ria"},"content":{"rendered":"\t\t<div data-elementor-type=\"wp-page\" data-elementor-id=\"1954\" class=\"elementor elementor-1954\" data-elementor-settings=\"[]\">\n\t\t\t\t\t\t<div class=\"elementor-inner\">\n\t\t\t\t\t\t\t<div class=\"elementor-section-wrap\">\n\t\t\t\t\t\t\t<section class=\"elementor-section elementor-top-section elementor-element elementor-element-139ec09 elementor-section-boxed elementor-section-height-default elementor-section-height-default\" data-id=\"139ec09\" data-element_type=\"section\" data-settings=\"{&quot;background_background&quot;:&quot;classic&quot;}\">\n\t\t\t\t\t\t\t<div class=\"elementor-background-overlay\"><\/div>\n\t\t\t\t\t\t\t<div class=\"elementor-container elementor-column-gap-default\">\n\t\t\t\t\t\t\t<div class=\"elementor-row\">\n\t\t\t\t\t<div class=\"elementor-column elementor-col-100 elementor-top-column elementor-element elementor-element-b28cb34\" data-id=\"b28cb34\" data-element_type=\"column\">\n\t\t\t<div class=\"elementor-column-wrap elementor-element-populated\">\n\t\t\t\t\t\t\t<div class=\"elementor-widget-wrap\">\n\t\t\t\t\t\t<div class=\"elementor-element elementor-element-5517f76 elementor-widget elementor-widget-text-editor\" data-id=\"5517f76\" data-element_type=\"widget\" data-settings=\"{&quot;ekit_we_effect_on&quot;:&quot;none&quot;}\" data-widget_type=\"text-editor.default\">\n\t\t\t\t<div class=\"elementor-widget-container\">\n\t\t\t\t\t\t\t\t<div class=\"elementor-text-editor elementor-clearfix\">\n\t\t\t\t\t<div style=\"box-sizing: inherit; margin-left: -15px; margin-right: -15px; color: #3d4461; font-family: Montserrat, sans-serif; font-size: 15px; background-color: #ffffff;\">\n<div style=\"width: 292.5px; position: relative; min-height: 1px; padding-left: 0px; padding-right: 0px; float: left;\">\n<div style=\"padding-left: 15px; padding-right: 15px; width: 292.5px;\">\n<div style=\"box-sizing: inherit;\">\n<div style=\"box-sizing: inherit; margin-bottom: 35px; text-align: center;\">\n<figure style=\"box-sizing: inherit; display: inline-block; vertical-align: top;\">\n<div style=\"box-sizing: inherit; display: inline-block; vertical-align: top; max-width: 100%;\"><img loading=\"lazy\" style=\"box-sizing: inherit; border-width: 0px; border-style: initial; vertical-align: top;\" title=\"Luis_Maltez1\" src=\"https:\/\/congressohvm.com\/1\/wp-content\/uploads\/2019\/11\/Luis_Maltez1.jpg\" alt=\"Luis_Maltez1\" width=\"300\" height=\"220\"><\/div>\n<\/figure>\n<\/div>\n<\/div>\n<\/div>\n<\/div>\n<div style=\"width: 877.5px; position: relative; min-height: 1px; padding-left: 0px; padding-right: 0px; float: left;\">\n<div style=\"padding-left: 15px; padding-right: 15px; width: 877.5px;\">\n<div style=\"box-sizing: inherit;\">\n<div style=\"box-sizing: inherit; margin-bottom: 35px;\">\n<div style=\"box-sizing: inherit; margin-bottom: 0px;\">\n<p style=\"box-sizing: inherit; margin-bottom: 0px; color: #606060; line-height: 24px;\"><span style=\"box-sizing: inherit; font-weight: bold;\">Lu\u00eds Maltez (Presidente)<\/span><br style=\"box-sizing: inherit;\">Licenciado pela UTAD em 1997, terminou o seu doutoramento pela mesma universidade em janeiro de 2013. \u00c9 Professor Auxiliar das disciplinas de Cirurgia de Animais de<br style=\"box-sizing: inherit; margin-bottom: 0px;\">Companhia do MIMV da UTAD e membro do corpo cl\u00ednico do Hospital Veterin\u00e1rio da UTAD. Tem participado como orador em diversos congressos e ac\u00e7\u00f5es de forma\u00e7\u00e3o nacionais e internacionais.<\/p>\n<\/div>\n<\/div>\n<\/div>\n<\/div>\n<\/div>\n<\/div>\n<div style=\"box-sizing: inherit; margin-left: -15px; margin-right: -15px; color: #3d4461; font-family: Montserrat, sans-serif; font-size: 15px; background-color: #ffffff;\">\n<div style=\"width: 292.5px; position: relative; min-height: 1px; padding-left: 0px; padding-right: 0px; float: left;\">\n<div style=\"padding-left: 15px; padding-right: 15px; width: 292.5px;\">\n<div style=\"box-sizing: inherit;\">\n<div style=\"box-sizing: inherit; margin-bottom: 35px; text-align: center;\">\n<figure style=\"box-sizing: inherit; display: inline-block; vertical-align: top;\">\n<div style=\"box-sizing: inherit; display: inline-block; vertical-align: top; max-width: 100%;\"><img loading=\"lazy\" style=\"box-sizing: inherit; border-width: 0px; border-style: initial; vertical-align: top;\" title=\"arturvarejao-120x120\" src=\"https:\/\/congressohvm.com\/1\/wp-content\/uploads\/2019\/10\/arturvarejao-120x120.jpg\" alt=\"arturvarejao-120x120\" width=\"120\" height=\"120\"><\/div>\n<\/figure>\n<\/div>\n<\/div>\n<\/div>\n<\/div>\n<div style=\"width: 877.5px; position: relative; min-height: 1px; padding-left: 0px; padding-right: 0px; float: left;\">\n<div style=\"padding-left: 15px; padding-right: 15px; width: 877.5px;\">\n<div style=\"box-sizing: inherit;\">\n<div style=\"box-sizing: inherit; margin-bottom: 35px;\">\n<div style=\"box-sizing: inherit; margin-bottom: 0px;\">\n<p style=\"box-sizing: inherit; margin-bottom: 0px; color: #606060; line-height: 24px;\"><span style=\"box-sizing: inherit; font-weight: bold;\">Artur Varej\u00e3o<\/span><br style=\"box-sizing: inherit;\">1991: Licenciado pela Faculdade de Medicina Veterin\u00e1ria da Universidade T\u00e9cnica de Lisboa, Portugal.<br style=\"box-sizing: inherit;\">Desde 1994: Docente de Medicina Interna-Animais de Companhia (Neurologia), Universidade de Tr\u00e1s-os-Montes e Alto Douro, Vila Real, Portugal.<br style=\"box-sizing: inherit;\">1997-98: Curso de Neurologia Veterin\u00e1ria (ESAVS), Universidade de Berna, Sui\u00e7a.<br style=\"box-sizing: inherit;\">1998-00: Cursos de Grau Avan\u00e7ado em Neurologia\/Neurocirurgia Veterin\u00e1ria, The Royal Veterinary College, Universidade de Londres, Inglaterra.<br style=\"box-sizing: inherit;\">2000-01: Cursos de Grau Avan\u00e7ado em Neurocirurgia Veterin\u00e1ria, N\u00e1poles, It\u00e1lia.<br style=\"box-sizing: inherit;\">2000-03: Investiga\u00e7\u00e3o na \u00e1rea da regenera\u00e7\u00e3o do nervo perif\u00e9rico.<br style=\"box-sizing: inherit;\">2008: Resid\u00eancia em Neurologia Veterin\u00e1ria reconhecida pelo European College of Veterinary Neurology.<br style=\"box-sizing: inherit;\">2004-14: Investiga\u00e7\u00e3o na \u00e1rea da regenera\u00e7\u00e3o da medula espinhal.<br style=\"box-sizing: inherit;\">Respons\u00e1vel pelo Servi\u00e7o de Neurologia do Hospital Veterin\u00e1rio da UTAD.<br style=\"box-sizing: inherit;\">\u00c1reas de Interesse Especial: Avalia\u00e7\u00e3o funcional em les\u00f5es da medula espinhal.<br style=\"box-sizing: inherit;\">Membro: APMVEAC, European Society of Veterinary Neurology (ESVN), Sociedade Portuguesa de Neuroci\u00eancias (SPN), Federation of European Neuroscience Societies (FENS), International Brain Research Organization (IBRO).<br style=\"box-sizing: inherit; margin-bottom: 0px;\">Autor de v\u00e1rias publica\u00e7\u00f5es nacionais e internacionais na \u00e1rea da neurologia cl\u00ednica, da regenera\u00e7\u00e3o do sistema nervoso e da neuromec\u00e2nica.<\/p>\n<\/div>\n<\/div>\n<\/div>\n<\/div>\n<\/div>\n<\/div>\n<div style=\"box-sizing: inherit; margin-left: -15px; margin-right: -15px; color: #3d4461; font-family: Montserrat, sans-serif; font-size: 15px; background-color: #ffffff;\">\n<div style=\"width: 292.5px; position: relative; min-height: 1px; padding-left: 0px; padding-right: 0px; float: left;\">\n<div style=\"padding-left: 15px; padding-right: 15px; width: 292.5px;\">\n<div style=\"box-sizing: inherit;\">\n<div style=\"box-sizing: inherit; margin-bottom: 35px; text-align: center;\">\n<figure style=\"box-sizing: inherit; display: inline-block; vertical-align: top;\">\n<div style=\"box-sizing: inherit; display: inline-block; vertical-align: top; max-width: 100%;\"><img loading=\"lazy\" style=\"box-sizing: inherit; border-width: 0px; border-style: initial; vertical-align: top;\" title=\"Ana_Sousa\" src=\"https:\/\/congressohvm.com\/1\/wp-content\/uploads\/2019\/10\/Ana_Sousa.jpg\" alt=\"Ana_Sousa\" width=\"120\" height=\"120\"><\/div>\n<\/figure>\n<\/div>\n<\/div>\n<\/div>\n<\/div>\n<div style=\"width: 877.5px; position: relative; min-height: 1px; padding-left: 0px; padding-right: 0px; float: left;\">\n<div style=\"padding-left: 15px; padding-right: 15px; width: 877.5px;\">\n<div style=\"box-sizing: inherit;\">\n<div style=\"box-sizing: inherit; margin-bottom: 35px;\">\n<div style=\"box-sizing: inherit; margin-bottom: 0px;\">\n<p style=\"box-sizing: inherit; margin-bottom: 0px; color: #606060; line-height: 24px;\"><span style=\"box-sizing: inherit; font-weight: bold;\">Ana Patr\u00edcia Sousa<\/span><br style=\"box-sizing: inherit; margin-bottom: 0px;\">Licenciada em Medicina Veterin\u00e1ria pela UTAD (1997). Provas de Aptid\u00e3o Pedag\u00f3gica e Capacidade Cient\u00edfica (2002) e Doutoramento (2008) pela UTAD, ambos na \u00e1rea da Cardiologia. Curso de Cardiologia Veterin\u00e1ria pela ESAVS (2001). Est\u00e1gios em Cardiologia de Animais de Companhia nos Hospitais Veterin\u00e1rios da Universidade Complutense de Madrid (1999) e da Universidade de Liverpool (2008). Entre 1998-2008 foi docente na UTAD de Cl\u00ednica de Animais de Companhia. Atualmente \u00e9 Professora Auxiliar no ICBAS-UP e leciona Farmacologia e Terap\u00eautica dos cursos de Medicina Veterin\u00e1ria e Medicina. Desde 2005 faz Investiga\u00e7\u00e3o na \u00e1rea dos Mecanismos Neuro-humorais na Insufici\u00eancia Card\u00edaca. Presidente (2011-2013) e Vice-Presidente (2013-2015) da Sociedade Portuguesa de Cardiologia Veterin\u00e1ria (SPCAV). Autora de v\u00e1rias publica\u00e7\u00f5es nacionais e internacionais na \u00e1rea da cardiologia e farmacologia.<\/p>\n<\/div>\n<\/div>\n<\/div>\n<\/div>\n<\/div>\n<\/div>\n<div style=\"box-sizing: inherit; margin-left: -15px; margin-right: -15px; color: #3d4461; font-family: Montserrat, sans-serif; font-size: 15px; background-color: #ffffff;\">\n<div style=\"width: 292.5px; position: relative; min-height: 1px; padding-left: 0px; padding-right: 0px; float: left;\">\n<div style=\"padding-left: 15px; padding-right: 15px; width: 292.5px;\">\n<div style=\"box-sizing: inherit;\">\n<div style=\"box-sizing: inherit; margin-bottom: 35px; text-align: center;\">\n<figure style=\"box-sizing: inherit; display: inline-block; vertical-align: top;\">\n<div style=\"box-sizing: inherit; display: inline-block; vertical-align: top; max-width: 100%;\"><img loading=\"lazy\" style=\"box-sizing: inherit; border-width: 0px; border-style: initial; vertical-align: top;\" title=\"MARIAJOAO\" src=\"https:\/\/congressohvm.com\/1\/wp-content\/uploads\/2019\/10\/MARIAJOAO.jpg\" alt=\"MARIAJOAO\" width=\"120\" height=\"120\"><\/div>\n<\/figure>\n<\/div>\n<\/div>\n<\/div>\n<\/div>\n<div style=\"width: 877.5px; position: relative; min-height: 1px; padding-left: 0px; padding-right: 0px; float: left;\">\n<div style=\"padding-left: 15px; padding-right: 15px; width: 877.5px;\">\n<div style=\"box-sizing: inherit;\">\n<div style=\"box-sizing: inherit; margin-bottom: 35px;\">\n<div style=\"box-sizing: inherit; margin-bottom: 0px;\">\n<p style=\"box-sizing: inherit; margin-bottom: 0px; color: #606060; line-height: 24px;\"><span style=\"box-sizing: inherit; font-weight: bold;\">Maria Jo\u00e3o Vieira<\/span><br style=\"box-sizing: inherit;\">Licenciada em Medicina Veterin\u00e1ria pelo Instituto de Ci\u00eancias Biom\u00e9dicas Abel Salazar, Universidade do Porto em 2001 e Doutorada em Ci\u00eancias Veterin\u00e1rias pela mesma institui\u00e7\u00e3o em 2011. Realizou o mestrado integrado em Medicina pela Universidade de Coimbra, tendo finalizado em 2013.<br style=\"box-sizing: inherit;\">Professora Auxiliar na Escola Universit\u00e1ria Vasco da Gama desde 2005, sendo actualmente regente da unidade curricular de Cl\u00ednica de Animais de Companhia.<br style=\"box-sizing: inherit;\">Exerce Cl\u00ednica e Cirurgia de Animais de Companhia desde 2001, tendo fundado o Hospital Veterin\u00e1rio Clinic\u00e3o na Figueira da Foz em 2003.<br style=\"box-sizing: inherit; margin-bottom: 0px;\">Tem v\u00e1rias participa\u00e7\u00f5es em congressos e \u00e9 autora e co-autora de v\u00e1rios artigos publicados em revistas cient\u00edficas indexadas. Tem como principais \u00e1reas de interesse a Cirurgia e a Cardiologia, sendo s\u00f3cia fundadora da Sociedade Portuguesa de Cardiologia Veterin\u00e1ria (SPCAV).<\/p>\n<\/div>\n<\/div>\n<\/div>\n<\/div>\n<\/div>\n<\/div>\n<div style=\"box-sizing: inherit; margin-left: -15px; margin-right: -15px; color: #3d4461; font-family: Montserrat, sans-serif; font-size: 15px; background-color: #ffffff;\">\n<div style=\"width: 292.5px; position: relative; min-height: 1px; padding-left: 0px; padding-right: 0px; float: left;\">\n<div style=\"padding-left: 15px; padding-right: 15px; width: 292.5px;\">\n<div style=\"box-sizing: inherit;\">\n<div style=\"box-sizing: inherit; margin-bottom: 35px; text-align: center;\">\n<figure style=\"box-sizing: inherit; display: inline-block; vertical-align: top;\">\n<div style=\"box-sizing: inherit; display: inline-block; vertical-align: top; max-width: 100%;\"><img loading=\"lazy\" style=\"box-sizing: inherit; border-width: 0px; border-style: initial; vertical-align: top;\" title=\"Luis_Martins\" src=\"https:\/\/congressohvm.com\/1\/wp-content\/uploads\/2019\/10\/Luis_Martins.jpg\" alt=\"Luis_Martins\" width=\"120\" height=\"120\"><\/div>\n<\/figure>\n<\/div>\n<\/div>\n<\/div>\n<\/div>\n<div style=\"width: 877.5px; position: relative; min-height: 1px; padding-left: 0px; padding-right: 0px; float: left;\">\n<div style=\"padding-left: 15px; padding-right: 15px; width: 877.5px;\">\n<div style=\"box-sizing: inherit;\">\n<div style=\"box-sizing: inherit; margin-bottom: 35px;\">\n<div style=\"box-sizing: inherit; margin-bottom: 0px;\">\n<p style=\"box-sizing: inherit; margin-bottom: 0px; color: #606060; line-height: 24px;\"><span style=\"box-sizing: inherit; font-weight: bold; margin-bottom: 0px;\">Lu\u00eds Martins<br style=\"box-sizing: inherit; margin-bottom: 0px;\"><\/span>Licenciado em Medicina Veterin\u00e1ria pela Escola Superior de Medicina Veterin\u00e1ria da UTL, desenvolve atividade cl\u00ednica desde 1987. Doutorado em Bioqu\u00edmica pela U. Coimbra, \u00e9 Professor Auxiliar da Universidade de \u00c9vora, onde integra a Comiss\u00e3o do Curso de Doutoramento em Bioqu\u00edmica, sendo tamb\u00e9m respons\u00e1vel pelo Laborat\u00f3rio de An\u00e1lises Cl\u00ednicas do respetivo Hospital Veterin\u00e1rio. Investiga maioritariamente em imunoalergologia, \u00e1rea principal de publica\u00e7\u00e3o. Integra o Grupo de Trabalho em Alergologia Comparada e Veterin\u00e1ria da Academia Europeia de Alergologia e Imunologia Cl\u00ednica, e \u00e9 revisor de diferentes publica\u00e7\u00f5es cient\u00edficas na sua \u00e1rea de especializa\u00e7\u00e3o.<\/p>\n<\/div>\n<\/div>\n<\/div>\n<\/div>\n<\/div>\n<\/div>\n<div style=\"box-sizing: inherit; margin-left: -15px; margin-right: -15px; color: #3d4461; font-family: Montserrat, sans-serif; font-size: 15px; background-color: #ffffff;\">\n<div style=\"width: 292.5px; position: relative; min-height: 1px; padding-left: 0px; padding-right: 0px; float: left;\">\n<div style=\"padding-left: 15px; padding-right: 15px; width: 292.5px;\">\n<div style=\"box-sizing: inherit;\">\n<div style=\"box-sizing: inherit; margin-bottom: 35px; text-align: center;\">\n<figure style=\"box-sizing: inherit; display: inline-block; vertical-align: top;\">\n<div style=\"box-sizing: inherit; display: inline-block; vertical-align: top; max-width: 100%;\"><img loading=\"lazy\" style=\"box-sizing: inherit; border-width: 0px; border-style: initial; vertical-align: top;\" title=\"Conceicao_Peleteiro\" src=\"https:\/\/congressohvm.com\/1\/wp-content\/uploads\/2019\/10\/Conceicao_Peleteiro.jpg\" alt=\"Conceicao_Peleteiro\" width=\"120\" height=\"120\"><\/div>\n<\/figure>\n<\/div>\n<\/div>\n<\/div>\n<\/div>\n<div style=\"width: 877.5px; position: relative; min-height: 1px; padding-left: 0px; padding-right: 0px; float: left;\">\n<div style=\"padding-left: 15px; padding-right: 15px; width: 877.5px;\">\n<div style=\"box-sizing: inherit;\">\n<div style=\"box-sizing: inherit; margin-bottom: 35px;\">\n<div style=\"box-sizing: inherit; margin-bottom: 0px;\">\n<p style=\"box-sizing: inherit; margin-bottom: 0px; color: #606060; line-height: 24px;\"><span style=\"box-sizing: inherit; font-weight: bold;\">Concei\u00e7\u00e3o Peleteiro<\/span><br style=\"box-sizing: inherit; margin-bottom: 0px;\">Nasceu em Lisboa em 1954. Obteve o grau de licenciada em Medicina Veterin\u00e1ria em 1976, na ent\u00e3o Escola Superior de Medicina Veterin\u00e1ria, hoje Faculdade de Medicina Veterin\u00e1ria, da Universidade T\u00e9cnica de Lisboa. Desde essa data que exerce fun\u00e7\u00f5es docentes sendo atualmente Professora Catedr\u00e1tica de Anatomia Patol\u00f3gica do Departamento de Sanidade Animal da Faculdade de Medicina Veterin\u00e1ria. Obteve o grau de MsC e PhD na Universidade de Stirling, Reino Unido, em 1981 e 1987, respetivamente. Foi Vice-Reitora da Universidade T\u00e9cnica de Lisboa entre 1996-1999 e no decurso do ano de 2011. Foi Vice-Presidente da FCT entre 203 e 2004. \u00c9 membro do Col\u00e9gio Europeu de Patologia Veterin\u00e1ria desde 1996.<\/p>\n<\/div>\n<\/div>\n<\/div>\n<\/div>\n<\/div>\n<\/div>\n<div style=\"box-sizing: inherit; margin-left: -15px; margin-right: -15px; background-color: rgb(255, 255, 255);\">\n<div style=\"color: rgb(61, 68, 97); font-family: Montserrat, sans-serif; font-size: 15px; width: 292.5px; position: relative; min-height: 1px; padding-left: 0px; padding-right: 0px; float: left;\">\n<div style=\"padding-left: 15px; padding-right: 15px; width: 292.5px;\">\n<div style=\"box-sizing: inherit;\">\n<div style=\"box-sizing: inherit; margin-bottom: 35px; text-align: center;\">\n<figure style=\"box-sizing: inherit; display: inline-block; vertical-align: top;\">\n<div style=\"box-sizing: inherit; display: inline-block; vertical-align: top; max-width: 100%;\"><img loading=\"lazy\" style=\"box-sizing: inherit; border-width: 0px; border-style: initial; vertical-align: top;\" title=\"Lara_Alves\" src=\"https:\/\/congressohvm.com\/1\/wp-content\/uploads\/2019\/10\/Lara_Alves.jpg\" alt=\"Lara_Alves\" width=\"120\" height=\"120\"><\/div>\n<\/figure>\n<\/div>\n<\/div>\n<\/div>\n<\/div>\n<div style=\"width: 877.5px; position: relative; min-height: 1px; padding-left: 0px; padding-right: 0px; float: left;\">\n<div style=\"padding-left: 15px; padding-right: 15px; width: 877.5px;\">\n<div style=\"box-sizing: inherit;\">\n<div style=\"box-sizing: inherit; margin-bottom: 35px;\">\n<div style=\"box-sizing: inherit; margin-bottom: 0px;\">\n<p style=\"color: rgb(96, 96, 96); font-family: Montserrat, sans-serif; font-size: 15px; box-sizing: inherit; margin-bottom: 0px; line-height: 24px;\"><span style=\"box-sizing: inherit; font-weight: bold;\">Lara Alves<\/span><br style=\"box-sizing: inherit;\"><\/p><p style=\"box-sizing: inherit; margin-bottom: 0px; line-height: 24px;\"><font color=\"#606060\" face=\"Montserrat, sans-serif\"><span style=\"font-size: 15px;\">Licenciada em Medicina Veterin\u00e1ria pela Universidade de Tr\u00e1s-os-Montes e Alto Douro desde 2003.<\/span><\/font><\/p><p style=\"box-sizing: inherit; margin-bottom: 0px; line-height: 24px;\"><font color=\"#606060\" face=\"Montserrat, sans-serif\"><span style=\"font-size: 15px;\">Mestre em Medicina Legal e Ci\u00eancias Forenses desde 2011 pela Faculdade de Medicina da Universidade de Lisboa<\/span><\/font><\/p><p style=\"box-sizing: inherit; margin-bottom: 0px; line-height: 24px;\"><font color=\"#606060\" face=\"Montserrat, sans-serif\"><span style=\"font-size: 15px;\">Doutoranda em Ci\u00eancias Veterin\u00e1rias na Universidade de Tr\u00e1s-os-Montes e Alto Douro desde 2012<\/span><\/font><\/p><p style=\"box-sizing: inherit; margin-bottom: 0px; line-height: 24px;\"><font color=\"#606060\" face=\"Montserrat, sans-serif\"><span style=\"font-size: 15px;\">Professora Auxiliar Convidada da Faculdade de Medicina Veterin\u00e1ria da Universidade Lus\u00f3fona de Humanidades e Tecnologias entre 2007 e 2017.<\/span><\/font><\/p><p style=\"box-sizing: inherit; margin-bottom: 0px; line-height: 24px;\"><font color=\"#606060\" face=\"Montserrat, sans-serif\"><span style=\"font-size: 15px;\">Assistente nas disciplinas de Anatomia do Mestrado Integrado em Medicina Veterin\u00e1ria da CESPU em 2020-2021.<\/span><\/font><\/p><p style=\"box-sizing: inherit; margin-bottom: 0px; line-height: 24px;\"><font color=\"#606060\" face=\"Montserrat, sans-serif\"><span style=\"font-size: 15px;\">Actualmente est\u00e1 envolvida no arranque e implementa\u00e7\u00e3o do Mestrado Integrado em Medicina Veterin\u00e1ria da Cooperativa de Ensino Superior Egas Moniz.<\/span><\/font><\/p><p style=\"box-sizing: inherit; margin-bottom: 0px; line-height: 24px;\"><font color=\"#606060\" face=\"Montserrat, sans-serif\"><span style=\"font-size: 15px;\">Participa\u00e7\u00e3o pontual em projectos de investiga\u00e7\u00e3o na \u00e1rea da zooarqueologia, na realiza\u00e7\u00e3o da an\u00e1lise biol\u00f3gica e patol\u00f3gica de achados \u00f3sseos.<\/span><\/font><\/p><div style=\"color: rgb(61, 68, 97); font-family: Montserrat, sans-serif; font-size: 15px;\"><br><\/div>\n<\/div>\n<\/div>\n<\/div>\n<\/div>\n<\/div>\n<\/div>\n<div style=\"box-sizing: inherit; margin-left: -15px; margin-right: -15px; color: #3d4461; font-family: Montserrat, sans-serif; font-size: 15px; background-color: #ffffff;\">\n<div style=\"width: 292.5px; position: relative; min-height: 1px; padding-left: 0px; padding-right: 0px; float: left;\">\n<div style=\"padding-left: 15px; padding-right: 15px; width: 292.5px;\">\n<div style=\"box-sizing: inherit;\">\n<div style=\"box-sizing: inherit; margin-bottom: 35px; text-align: center;\">\n<figure style=\"box-sizing: inherit; display: inline-block; vertical-align: top;\">\n<div style=\"box-sizing: inherit; display: inline-block; vertical-align: top; max-width: 100%;\"><img loading=\"lazy\" style=\"box-sizing: inherit; border-width: 0px; border-style: initial; vertical-align: top;\" title=\"German\" src=\"https:\/\/congressohvm.com\/1\/wp-content\/uploads\/2019\/10\/German.jpg\" alt=\"German\" width=\"120\" height=\"120\"><\/div>\n<\/figure>\n<\/div>\n<\/div>\n<\/div>\n<\/div>\n<div style=\"width: 877.5px; position: relative; min-height: 1px; padding-left: 0px; padding-right: 0px; float: left;\">\n<div style=\"padding-left: 15px; padding-right: 15px; width: 877.5px;\">\n<div style=\"box-sizing: inherit;\">\n<div style=\"box-sizing: inherit; margin-bottom: 35px;\">\n<div style=\"box-sizing: inherit; margin-bottom: 0px;\">\n<p style=\"box-sizing: inherit; margin-bottom: 0px; color: #606060; line-height: 24px;\"><span style=\"box-sizing: inherit; font-weight: bold;\">German Santamarina<\/span><br style=\"box-sizing: inherit; margin-bottom: 0px;\">Graduou-se na Faculdade de Veterin\u00e1ria Lugo, Universidade de Santiago de Compostela em 1989 e obteve o t\u00edtulo de Doutor em Medicina Veterin\u00e1ria na mesma universidade em 1993. Realizou forma\u00e7\u00e3o na \u00e1rea de Cardiologia e Medicina Interna nas faculdades de Davis (EUA), Bolonha (It\u00e1lia), Alfort (Fran\u00e7a) e Lyon (Fran\u00e7a). Atualmente \u00e9 professor de Patologia M\u00e9dica do Departamento de Ci\u00eancias Veterin\u00e1rias Cl\u00ednicas na Faculdade de Veterin\u00e1ria de Lugo com a atividade de cl\u00ednica no Departamento de Medicina Interna do Hospital Veterin\u00e1ria da Universidade Rof Codina. Reitor da Universidade de Santiago de Compostela desde junho de 2012.<\/p>\n<\/div>\n<\/div>\n<\/div>\n<\/div>\n<\/div>\n<\/div>\n<div style=\"box-sizing: inherit; margin-left: -15px; margin-right: -15px; color: #3d4461; font-family: Montserrat, sans-serif; font-size: 15px; background-color: #ffffff;\">\n<div style=\"width: 292.5px; position: relative; min-height: 1px; padding-left: 0px; padding-right: 0px; float: left;\">\n<div style=\"padding-left: 15px; padding-right: 15px; width: 292.5px;\">\n<div style=\"box-sizing: inherit;\">\n<div style=\"box-sizing: inherit; margin-bottom: 35px; text-align: center;\">\n<figure style=\"box-sizing: inherit; display: inline-block; vertical-align: top;\">\n<div style=\"box-sizing: inherit; display: inline-block; vertical-align: top; max-width: 100%;\"><img loading=\"lazy\" style=\"box-sizing: inherit; border-width: 0px; border-style: initial; vertical-align: top;\" title=\"Maria_Luisa_Suarez\" src=\"https:\/\/congressohvm.com\/1\/wp-content\/uploads\/2019\/10\/Maria_Luisa_Suarez.jpg\" alt=\"Maria_Luisa_Suarez\" width=\"120\" height=\"120\"><\/div>\n<\/figure>\n<\/div>\n<\/div>\n<\/div>\n<\/div>\n<div style=\"width: 877.5px; position: relative; min-height: 1px; padding-left: 0px; padding-right: 0px; float: left;\">\n<div style=\"padding-left: 15px; padding-right: 15px; width: 877.5px;\">\n<div style=\"box-sizing: inherit;\">\n<div style=\"box-sizing: inherit; margin-bottom: 35px;\">\n<div style=\"box-sizing: inherit; margin-bottom: 0px;\">\n<p style=\"box-sizing: inherit; margin-bottom: 0px; color: #606060; line-height: 24px;\"><span style=\"box-sizing: inherit; font-weight: bold;\">Maria Luisa Suarez<\/span><br style=\"box-sizing: inherit; margin-bottom: 0px;\">Licenciada em Veterin\u00e1ria pela Faculdade de Veterin\u00e1ria de Lugo, Universidade de Santiago de Compostela em 1991, obteve o Doutoramento em Medicina Veterin\u00e1ria em 1997 na mesma universidade. Come\u00e7ou sua carreira docente como professora associada em 1997 e \u00e9 atualmente professora de Patologia M\u00e9dica do Departamento de Ci\u00eancias Veterin\u00e1rias Cl\u00ednicas, Faculdade de Veterin\u00e1ria de Lugo com a atividade como internista no Hospital Veterin\u00e1rio da Universidade Rof Codina.<\/p>\n<\/div>\n<\/div>\n<\/div>\n<\/div>\n<\/div>\n<\/div>\n<div style=\"box-sizing: inherit; margin-left: -15px; margin-right: -15px; color: #3d4461; font-family: Montserrat, sans-serif; font-size: 15px; background-color: #ffffff;\">\n<div style=\"width: 292.5px; position: relative; min-height: 1px; padding-left: 0px; padding-right: 0px; float: left;\">\n<div style=\"padding-left: 15px; padding-right: 15px; width: 292.5px;\">\n<div style=\"box-sizing: inherit;\">\n<div style=\"box-sizing: inherit; margin-bottom: 35px; text-align: center;\">\n<figure style=\"box-sizing: inherit; display: inline-block; vertical-align: top;\">\n<div style=\"box-sizing: inherit; display: inline-block; vertical-align: top; max-width: 100%;\"><img loading=\"lazy\" style=\"box-sizing: inherit; border-width: 0px; border-style: initial; vertical-align: top;\" title=\"XAVIERROURA\" src=\"https:\/\/congressohvm.com\/1\/wp-content\/uploads\/2019\/10\/XAVIERROURA.jpg\" alt=\"XAVIERROURA\" width=\"300\" height=\"220\"><\/div>\n<\/figure>\n<\/div>\n<\/div>\n<\/div>\n<\/div>\n<div style=\"width: 877.5px; position: relative; min-height: 1px; padding-left: 0px; padding-right: 0px; float: left;\">\n<div style=\"padding-left: 15px; padding-right: 15px; width: 877.5px;\">\n<div style=\"box-sizing: inherit;\">\n<div style=\"box-sizing: inherit; margin-bottom: 35px;\">\n<div style=\"box-sizing: inherit; margin-bottom: 0px;\">\n<p style=\"box-sizing: inherit; margin-bottom: 0px; color: #606060; line-height: 24px;\"><span style=\"box-sizing: inherit; font-weight: bold;\">Xavier Roura<\/span><br style=\"box-sizing: inherit; margin-bottom: 0px;\">\u00c9 m\u00e9dico veterin\u00e1rio do Hospital Cl\u00ednic Veterinari na Universitat Aut\u00f2noma de Barcelona (Espanha). Licenciou-se na UAB (Espanha) em 1989. De 1990 a 1991 fez um internato no HCV da UAB (Espanha). Douturou-se em 1999 com o trabalho \u201cDiagnosis of Canine Leishmaniasis with Polymerase Chain Reaction\u201d. Tornou-se um Diplomate of the European College of Veterinary Internal Medicine em 2004. De 1992 at\u00e9 hoje tem trabalhado como clinic no HCV da UAB. O Dr Roura frequentou v\u00e1rias institui\u00e7\u00f5es como visitante tais como: Veterinary College of Ohio State (1993), North Carolina State (1997, 2001 e 2004) e Animal Medical Center of New York (2007). Tem bastantes confer\u00eancias, publica\u00e7\u00f5es cient\u00edficas e cap\u00edtulos de livros nas \u00e1reas de doen\u00e7as inoficiosas (especialmente em doen\u00e7as disseminadas por vetores) e medicina interna de c\u00e3es e gatos.<\/p>\n<\/div>\n<\/div>\n<\/div>\n<\/div>\n<\/div>\n<\/div>\t\t\t\t\t<\/div>\n\t\t\t\t\t\t<\/div>\n\t\t\t\t<\/div>\n\t\t\t\t\t\t<\/div>\n\t\t\t\t\t<\/div>\n\t\t<\/div>\n\t\t\t\t\t\t\t\t<\/div>\n\t\t\t\t\t<\/div>\n\t\t<\/section>\n\t\t\t\t<section class=\"elementor-section elementor-top-section elementor-element elementor-element-303714d5 elementor-section-boxed elementor-section-height-default elementor-section-height-default\" data-id=\"303714d5\" data-element_type=\"section\" data-settings=\"{&quot;background_background&quot;:&quot;classic&quot;}\">\n\t\t\t\t\t\t\t<div class=\"elementor-background-overlay\"><\/div>\n\t\t\t\t\t\t\t<div class=\"elementor-container elementor-column-gap-default\">\n\t\t\t\t\t\t\t<div class=\"elementor-row\">\n\t\t\t\t\t<div class=\"elementor-column elementor-col-100 elementor-top-column elementor-element elementor-element-7ae26dfb\" data-id=\"7ae26dfb\" data-element_type=\"column\">\n\t\t\t<div class=\"elementor-column-wrap elementor-element-populated\">\n\t\t\t\t\t\t\t<div class=\"elementor-widget-wrap\">\n\t\t\t\t\t\t<div class=\"elementor-element elementor-element-1125df63 elementor-invisible elementor-widget elementor-widget-exhibz-title\" data-id=\"1125df63\" data-element_type=\"widget\" data-settings=\"{&quot;_animation&quot;:&quot;fadeInDown&quot;,&quot;_animation_delay&quot;:300,&quot;ekit_we_effect_on&quot;:&quot;none&quot;}\" data-widget_type=\"exhibz-title.default\">\n\t\t\t\t<div class=\"elementor-widget-container\">\n\t\t\t\n    <div class=\"title-section-area\">\n        <h2 class=\"section-title\">\n            <span class=\"sub-title\"><\/span>\n\t\t\tReserve o seu lugar        <\/h2>\n\t\t                    <span class=\"title-shape\">\n                  <svg xmlns='http:\/\/www.w3.org\/2000\/svg' xmlns:xlink='http:\/\/www.w3.org\/1999\/xlink' width='71px' height='11px'> <path fill-rule='evenodd' d='M59.669,10.710 L49.164,3.306 L39.428,10.681 L29.714,3.322 L20.006,10.682 L10.295,3.322 L1.185,10.228 L-0.010,8.578 L10.295,0.765 L20.006,8.125 L29.714,0.765 L39.428,8.125 L49.122,0.781 L59.680,8.223 L69.858,1.192 L70.982,2.895 L59.669,10.710 Z'\/><\/svg>\n            <\/span>\n                    <\/div><!-- Section title -->\n    \n    \n\n    \t\t<\/div>\n\t\t\t\t<\/div>\n\t\t\t\t<div class=\"elementor-element elementor-element-332a2e0b elementor-align-center elementor-invisible elementor-widget elementor-widget-button\" data-id=\"332a2e0b\" data-element_type=\"widget\" data-settings=\"{&quot;_animation&quot;:&quot;fadeInUp&quot;,&quot;_animation_delay&quot;:400,&quot;ekit_we_effect_on&quot;:&quot;none&quot;}\" data-widget_type=\"button.default\">\n\t\t\t\t<div class=\"elementor-widget-container\">\n\t\t\t\t\t<div class=\"elementor-button-wrapper\">\n\t\t\t<a href=\"https:\/\/xviicongressohospitalveterinariomontenegro.admeus.pt\" class=\"elementor-button-link elementor-button elementor-size-md\" role=\"button\">\n\t\t\t\t\t\t<span class=\"elementor-button-content-wrapper\">\n\t\t\t\t\t\t<span class=\"elementor-button-text\">Comprar Bilhete<\/span>\n\t\t<\/span>\n\t\t\t\t\t<\/a>\n\t\t<\/div>\n\t\t\t\t<\/div>\n\t\t\t\t<\/div>\n\t\t\t\t\t\t<\/div>\n\t\t\t\t\t<\/div>\n\t\t<\/div>\n\t\t\t\t\t\t\t\t<\/div>\n\t\t\t\t\t<\/div>\n\t\t<\/section>\n\t\t\t\t<section class=\"elementor-section elementor-top-section elementor-element elementor-element-4ac8eb8f ts-newsletter elementor-section-boxed elementor-section-height-default elementor-section-height-default\" data-id=\"4ac8eb8f\" data-element_type=\"section\">\n\t\t\t\t\t\t<div class=\"elementor-container elementor-column-gap-default\">\n\t\t\t\t\t\t\t<div class=\"elementor-row\">\n\t\t\t\t\t<div class=\"elementor-column elementor-col-100 elementor-top-column elementor-element elementor-element-19f59199\" data-id=\"19f59199\" data-element_type=\"column\" data-settings=\"{&quot;background_background&quot;:&quot;classic&quot;}\">\n\t\t\t<div class=\"elementor-column-wrap elementor-element-populated\">\n\t\t\t\t\t<div class=\"elementor-background-overlay\"><\/div>\n\t\t\t\t\t\t\t<div class=\"elementor-widget-wrap\">\n\t\t\t\t\t\t<div class=\"elementor-element elementor-element-3d6256f5 elementor-widget elementor-widget-heading\" data-id=\"3d6256f5\" data-element_type=\"widget\" data-settings=\"{&quot;ekit_we_effect_on&quot;:&quot;none&quot;}\" data-widget_type=\"heading.default\">\n\t\t\t\t<div class=\"elementor-widget-container\">\n\t\t\t<h2 class=\"elementor-heading-title elementor-size-default\">SUBSCREVA A NEWSLETTER<\/h2>\t\t<\/div>\n\t\t\t\t<\/div>\n\t\t\t\t<div class=\"elementor-element elementor-element-7e1dfb6e elementor-widget elementor-widget-heading\" data-id=\"7e1dfb6e\" data-element_type=\"widget\" data-settings=\"{&quot;ekit_we_effect_on&quot;:&quot;none&quot;}\" data-widget_type=\"heading.default\">\n\t\t\t\t<div class=\"elementor-widget-container\">\n\t\t\t<h2 class=\"elementor-heading-title elementor-size-default\">Quer saber mais?<\/h2>\t\t<\/div>\n\t\t\t\t<\/div>\n\t\t\t\t\t\t<\/div>\n\t\t\t\t\t<\/div>\n\t\t<\/div>\n\t\t\t\t\t\t\t\t<\/div>\n\t\t\t\t\t<\/div>\n\t\t<\/section>\n\t\t\t\t\t\t<\/div>\n\t\t\t\t\t\t<\/div>\n\t\t\t\t\t<\/div>\n\t\t","protected":false},"excerpt":{"rendered":"<p>Lu\u00eds Maltez (Presidente)Licenciado pela UTAD em 1997, terminou o seu doutoramento pela mesma universidade em janeiro de 2013. \u00c9 Professor Auxiliar das disciplinas de Cirurgia de Animais deCompanhia do MIMV da UTAD e membro do corpo cl\u00ednico do Hospital Veterin\u00e1rio da UTAD. Tem participado como orador em diversos congressos e ac\u00e7\u00f5es de forma\u00e7\u00e3o nacionais e [&hellip;]<\/p>\n","protected":false},"author":1,"featured_media":0,"parent":0,"menu_order":0,"comment_status":"closed","ping_status":"closed","template":"template\/full-width-template.php","meta":[],"yoast_head":"<!-- This site is optimized with the Yoast SEO plugin v17.0 - https:\/\/yoast.com\/wordpress\/plugins\/seo\/ -->\n<title>Comiss\u00e3o Cientif\u00edca Veterin\u00e1ria - XVII CONGRESSO INTERNACIONAL VETERIN\u00c1RIO MONTENEGRO<\/title>\n<meta name=\"robots\" content=\"index, follow, max-snippet:-1, max-image-preview:large, max-video-preview:-1\" \/>\n<link rel=\"canonical\" href=\"https:\/\/congressohvm.com\/2021\/comissao-cientifica-veterinaria\/\" \/>\n<meta property=\"og:locale\" content=\"pt_PT\" \/>\n<meta property=\"og:type\" content=\"article\" \/>\n<meta property=\"og:title\" content=\"Comiss\u00e3o Cientif\u00edca Veterin\u00e1ria - XVII CONGRESSO INTERNACIONAL VETERIN\u00c1RIO MONTENEGRO\" \/>\n<meta property=\"og:description\" content=\"Lu\u00eds Maltez (Presidente)Licenciado pela UTAD em 1997, terminou o seu doutoramento pela mesma universidade em janeiro de 2013. \u00c9 Professor Auxiliar das disciplinas de Cirurgia de Animais deCompanhia do MIMV da UTAD e membro do corpo cl\u00ednico do Hospital Veterin\u00e1rio da UTAD. Tem participado como orador em diversos congressos e ac\u00e7\u00f5es de forma\u00e7\u00e3o nacionais e [&hellip;]\" \/>\n<meta property=\"og:url\" content=\"https:\/\/congressohvm.com\/2021\/comissao-cientifica-veterinaria\/\" \/>\n<meta property=\"og:site_name\" content=\"XVII CONGRESSO INTERNACIONAL VETERIN\u00c1RIO MONTENEGRO\" \/>\n<meta property=\"article:modified_time\" content=\"2021-09-22T21:07:26+00:00\" \/>\n<meta property=\"og:image\" content=\"https:\/\/congressohvm.com\/1\/wp-content\/uploads\/2019\/11\/Luis_Maltez1.jpg\" \/>\n<meta name=\"twitter:card\" content=\"summary_large_image\" \/>\n<meta name=\"twitter:label1\" content=\"Tempo estimado de leitura\" \/>\n\t<meta name=\"twitter:data1\" content=\"7 minutos\" \/>\n<script type=\"application\/ld+json\" class=\"yoast-schema-graph\">{\"@context\":\"https:\/\/schema.org\",\"@graph\":[{\"@type\":\"WebSite\",\"@id\":\"https:\/\/congressohvm.com\/2021\/#website\",\"url\":\"https:\/\/congressohvm.com\/2021\/\",\"name\":\"XVII CONGRESSO INTERNACIONAL VETERIN\\u00c1RIO MONTENEGRO\",\"description\":\"XVII CONGRESSO INTERNACIONAL VETERIN\\u00c1RIO MONTENEGRO\",\"potentialAction\":[{\"@type\":\"SearchAction\",\"target\":{\"@type\":\"EntryPoint\",\"urlTemplate\":\"https:\/\/congressohvm.com\/2021\/?s={search_term_string}\"},\"query-input\":\"required name=search_term_string\"}],\"inLanguage\":\"pt-PT\"},{\"@type\":\"ImageObject\",\"@id\":\"https:\/\/congressohvm.com\/2021\/comissao-cientifica-veterinaria\/#primaryimage\",\"inLanguage\":\"pt-PT\",\"url\":\"https:\/\/congressohvm.com\/1\/wp-content\/uploads\/2019\/11\/Luis_Maltez1.jpg\",\"contentUrl\":\"https:\/\/congressohvm.com\/1\/wp-content\/uploads\/2019\/11\/Luis_Maltez1.jpg\"},{\"@type\":\"WebPage\",\"@id\":\"https:\/\/congressohvm.com\/2021\/comissao-cientifica-veterinaria\/#webpage\",\"url\":\"https:\/\/congressohvm.com\/2021\/comissao-cientifica-veterinaria\/\",\"name\":\"Comiss\\u00e3o Cientif\\u00edca Veterin\\u00e1ria - XVII CONGRESSO INTERNACIONAL VETERIN\\u00c1RIO MONTENEGRO\",\"isPartOf\":{\"@id\":\"https:\/\/congressohvm.com\/2021\/#website\"},\"primaryImageOfPage\":{\"@id\":\"https:\/\/congressohvm.com\/2021\/comissao-cientifica-veterinaria\/#primaryimage\"},\"datePublished\":\"2019-12-23T09:00:47+00:00\",\"dateModified\":\"2021-09-22T21:07:26+00:00\",\"breadcrumb\":{\"@id\":\"https:\/\/congressohvm.com\/2021\/comissao-cientifica-veterinaria\/#breadcrumb\"},\"inLanguage\":\"pt-PT\",\"potentialAction\":[{\"@type\":\"ReadAction\",\"target\":[\"https:\/\/congressohvm.com\/2021\/comissao-cientifica-veterinaria\/\"]}]},{\"@type\":\"BreadcrumbList\",\"@id\":\"https:\/\/congressohvm.com\/2021\/comissao-cientifica-veterinaria\/#breadcrumb\",\"itemListElement\":[{\"@type\":\"ListItem\",\"position\":1,\"name\":\"In\\u00edcio\",\"item\":\"https:\/\/congressohvm.com\/2021\/\"},{\"@type\":\"ListItem\",\"position\":2,\"name\":\"Comiss\\u00e3o Cientif\\u00edca Veterin\\u00e1ria\"}]}]}<\/script>\n<!-- \/ Yoast SEO plugin. -->","yoast_head_json":{"title":"Comiss\u00e3o Cientif\u00edca Veterin\u00e1ria - XVII CONGRESSO INTERNACIONAL VETERIN\u00c1RIO MONTENEGRO","robots":{"index":"index","follow":"follow","max-snippet":"max-snippet:-1","max-image-preview":"max-image-preview:large","max-video-preview":"max-video-preview:-1"},"canonical":"https:\/\/congressohvm.com\/2021\/comissao-cientifica-veterinaria\/","og_locale":"pt_PT","og_type":"article","og_title":"Comiss\u00e3o Cientif\u00edca Veterin\u00e1ria - XVII CONGRESSO INTERNACIONAL VETERIN\u00c1RIO MONTENEGRO","og_description":"Lu\u00eds Maltez (Presidente)Licenciado pela UTAD em 1997, terminou o seu doutoramento pela mesma universidade em janeiro de 2013. \u00c9 Professor Auxiliar das disciplinas de Cirurgia de Animais deCompanhia do MIMV da UTAD e membro do corpo cl\u00ednico do Hospital Veterin\u00e1rio da UTAD. Tem participado como orador em diversos congressos e ac\u00e7\u00f5es de forma\u00e7\u00e3o nacionais e [&hellip;]","og_url":"https:\/\/congressohvm.com\/2021\/comissao-cientifica-veterinaria\/","og_site_name":"XVII CONGRESSO INTERNACIONAL VETERIN\u00c1RIO MONTENEGRO","article_modified_time":"2021-09-22T21:07:26+00:00","og_image":[{"url":"https:\/\/congressohvm.com\/1\/wp-content\/uploads\/2019\/11\/Luis_Maltez1.jpg"}],"twitter_card":"summary_large_image","twitter_misc":{"Tempo estimado de leitura":"7 minutos"},"schema":{"@context":"https:\/\/schema.org","@graph":[{"@type":"WebSite","@id":"https:\/\/congressohvm.com\/2021\/#website","url":"https:\/\/congressohvm.com\/2021\/","name":"XVII CONGRESSO INTERNACIONAL VETERIN\u00c1RIO MONTENEGRO","description":"XVII CONGRESSO INTERNACIONAL VETERIN\u00c1RIO MONTENEGRO","potentialAction":[{"@type":"SearchAction","target":{"@type":"EntryPoint","urlTemplate":"https:\/\/congressohvm.com\/2021\/?s={search_term_string}"},"query-input":"required name=search_term_string"}],"inLanguage":"pt-PT"},{"@type":"ImageObject","@id":"https:\/\/congressohvm.com\/2021\/comissao-cientifica-veterinaria\/#primaryimage","inLanguage":"pt-PT","url":"https:\/\/congressohvm.com\/1\/wp-content\/uploads\/2019\/11\/Luis_Maltez1.jpg","contentUrl":"https:\/\/congressohvm.com\/1\/wp-content\/uploads\/2019\/11\/Luis_Maltez1.jpg"},{"@type":"WebPage","@id":"https:\/\/congressohvm.com\/2021\/comissao-cientifica-veterinaria\/#webpage","url":"https:\/\/congressohvm.com\/2021\/comissao-cientifica-veterinaria\/","name":"Comiss\u00e3o Cientif\u00edca Veterin\u00e1ria - XVII CONGRESSO INTERNACIONAL VETERIN\u00c1RIO MONTENEGRO","isPartOf":{"@id":"https:\/\/congressohvm.com\/2021\/#website"},"primaryImageOfPage":{"@id":"https:\/\/congressohvm.com\/2021\/comissao-cientifica-veterinaria\/#primaryimage"},"datePublished":"2019-12-23T09:00:47+00:00","dateModified":"2021-09-22T21:07:26+00:00","breadcrumb":{"@id":"https:\/\/congressohvm.com\/2021\/comissao-cientifica-veterinaria\/#breadcrumb"},"inLanguage":"pt-PT","potentialAction":[{"@type":"ReadAction","target":["https:\/\/congressohvm.com\/2021\/comissao-cientifica-veterinaria\/"]}]},{"@type":"BreadcrumbList","@id":"https:\/\/congressohvm.com\/2021\/comissao-cientifica-veterinaria\/#breadcrumb","itemListElement":[{"@type":"ListItem","position":1,"name":"In\u00edcio","item":"https:\/\/congressohvm.com\/2021\/"},{"@type":"ListItem","position":2,"name":"Comiss\u00e3o Cientif\u00edca Veterin\u00e1ria"}]}]}},"_links":{"self":[{"href":"https:\/\/congressohvm.com\/2021\/wp-json\/wp\/v2\/pages\/1954"}],"collection":[{"href":"https:\/\/congressohvm.com\/2021\/wp-json\/wp\/v2\/pages"}],"about":[{"href":"https:\/\/congressohvm.com\/2021\/wp-json\/wp\/v2\/types\/page"}],"author":[{"embeddable":true,"href":"https:\/\/congressohvm.com\/2021\/wp-json\/wp\/v2\/users\/1"}],"replies":[{"embeddable":true,"href":"https:\/\/congressohvm.com\/2021\/wp-json\/wp\/v2\/comments?post=1954"}],"version-history":[{"count":23,"href":"https:\/\/congressohvm.com\/2021\/wp-json\/wp\/v2\/pages\/1954\/revisions"}],"predecessor-version":[{"id":3075,"href":"https:\/\/congressohvm.com\/2021\/wp-json\/wp\/v2\/pages\/1954\/revisions\/3075"}],"wp:attachment":[{"href":"https:\/\/congressohvm.com\/2021\/wp-json\/wp\/v2\/media?parent=1954"}],"curies":[{"name":"wp","href":"https:\/\/api.w.org\/{rel}","templated":true}]}}